{"id":4390,"date":"2019-07-22T21:41:10","date_gmt":"2019-07-23T00:41:10","guid":{"rendered":"https:\/\/www.editorasolucao.com.br\/blog\/?post_type=concurso&#038;p=4390"},"modified":"2019-07-22T21:41:12","modified_gmt":"2019-07-23T00:41:12","slug":"prefeitura-de-sonora-ms","status":"publish","type":"concurso","link":"https:\/\/www.editorasolucao.com.br\/blog\/concurso\/prefeitura-de-sonora-ms","title":{"rendered":"Concurso Prefeitura de Sonora &#8211; MS 2019: 91 vagas para todos os n\u00edveis!"},"content":{"rendered":"\n<p>Ol\u00e1 concurseiros! Saiu o <a rel=\"noreferrer noopener\" aria-label=\"edital  (abre em uma nova aba)\" href=\"http:\/\/www.editorasolucao.com.br\" target=\"_blank\">edital<\/a> do <strong>concurso Prefeitura\u00a0de Sonora\u00a0<\/strong>no <a rel=\"noreferrer noopener\" aria-label=\" (abre em uma nova aba)\" href=\"https:\/\/www.editorasolucao.com.br\/blog\/concursos-abertos-ms\" target=\"_blank\">Mato Grosso do Sul\u00a0<\/a>com a oferta de <strong>91 vagas<\/strong> imediatas, mais cadastro reserva, para cargos de n\u00edveis <strong>fundamental, m\u00e9dio, t\u00e9cnico e superior<\/strong>; com sal\u00e1rios de at\u00e9 <strong>R$ 9,8 mil<\/strong>!<\/p>\n\n\n\n<div id=\"ez-toc-container\" class=\"ez-toc-v2_0_69_1 counter-hierarchy ez-toc-counter ez-toc-grey ez-toc-container-direction\">\n<div class=\"ez-toc-title-container\">\n<p class=\"ez-toc-title \" >Menu de navega&ccedil;&atilde;o<\/p>\n<span class=\"ez-toc-title-toggle\"><a href=\"#\" class=\"ez-toc-pull-right ez-toc-btn ez-toc-btn-xs ez-toc-btn-default ez-toc-toggle\" aria-label=\"Toggle Table of Content\"><span class=\"ez-toc-js-icon-con\"><span class=\"\"><span class=\"eztoc-hide\" style=\"display:none;\">Toggle<\/span><span class=\"ez-toc-icon-toggle-span\"><svg style=\"fill: #999;color:#999\" xmlns=\"http:\/\/www.w3.org\/2000\/svg\" class=\"list-377408\" width=\"20px\" height=\"20px\" viewBox=\"0 0 24 24\" fill=\"none\"><path d=\"M6 6H4v2h2V6zm14 0H8v2h12V6zM4 11h2v2H4v-2zm16 0H8v2h12v-2zM4 16h2v2H4v-2zm16 0H8v2h12v-2z\" fill=\"currentColor\"><\/path><\/svg><svg style=\"fill: #999;color:#999\" class=\"arrow-unsorted-368013\" xmlns=\"http:\/\/www.w3.org\/2000\/svg\" width=\"10px\" height=\"10px\" viewBox=\"0 0 24 24\" version=\"1.2\" baseProfile=\"tiny\"><path d=\"M18.2 9.3l-6.2-6.3-6.2 6.3c-.2.2-.3.4-.3.7s.1.5.3.7c.2.2.4.3.7.3h11c.3 0 .5-.1.7-.3.2-.2.3-.5.3-.7s-.1-.5-.3-.7zM5.8 14.7l6.2 6.3 6.2-6.3c.2-.2.3-.5.3-.7s-.1-.5-.3-.7c-.2-.2-.4-.3-.7-.3h-11c-.3 0-.5.1-.7.3-.2.2-.3.5-.3.7s.1.5.3.7z\"\/><\/svg><\/span><\/span><\/span><\/a><\/span><\/div>\n<nav><ul class='ez-toc-list ez-toc-list-level-1 ' ><li class='ez-toc-page-1 ez-toc-heading-level-2'><a class=\"ez-toc-link ez-toc-heading-1\" href=\"https:\/\/www.editorasolucao.com.br\/blog\/concurso\/prefeitura-de-sonora-ms\/#Inscricoes_do_concurso_Prefeitura_de_Sonora\" title=\"Inscri\u00e7\u00f5es do concurso Prefeitura de\u00a0Sonora\">Inscri\u00e7\u00f5es do concurso Prefeitura de\u00a0Sonora<\/a><\/li><li class='ez-toc-page-1 ez-toc-heading-level-2'><a class=\"ez-toc-link ez-toc-heading-2\" href=\"https:\/\/www.editorasolucao.com.br\/blog\/concurso\/prefeitura-de-sonora-ms\/#Cargos_e_salarios_do_concurso\" title=\"Cargos e sal\u00e1rios do concurso\">Cargos e sal\u00e1rios do concurso<\/a><\/li><li class='ez-toc-page-1 ez-toc-heading-level-2'><a class=\"ez-toc-link ez-toc-heading-3\" href=\"https:\/\/www.editorasolucao.com.br\/blog\/concurso\/prefeitura-de-sonora-ms\/#Como_serao_as_provas_do_concurso\" title=\"Como ser\u00e3o as provas do concurso?\">Como ser\u00e3o as provas do concurso?<\/a><\/li><\/ul><\/nav><\/div>\n<h2 class=\"wp-block-heading\"><span class=\"ez-toc-section\" id=\"Inscricoes_do_concurso_Prefeitura_de_Sonora\"><\/span><strong>Inscri\u00e7\u00f5es do concurso Prefeitura de\u00a0Sonora<\/strong><span class=\"ez-toc-section-end\"><\/span><\/h2>\n\n\n\n<p>Para participar, acesse o site da banca organizadora, <a rel=\"noreferrer noopener\" aria-label=\"MS Concursos (abre em uma nova aba)\" href=\"https:\/\/www.msconcursos.com.br\" target=\"_blank\">MS Concursos<\/a>, <strong>at\u00e9 o dia 14 de agosto de 2019<\/strong>. As taxas de participa\u00e7\u00e3o, dependendo do cargo escolhido, variam de <strong>R$ 34,00 a R$ 37,00<\/strong>.<\/p>\n\n\n\n<p>Confira todos os detalhes sobre o concurso para que voc\u00ea possa iniciar sua prepara\u00e7\u00e3o.<br><\/p>\n\n\n\n<h2 class=\"wp-block-heading\"><span class=\"ez-toc-section\" id=\"Cargos_e_salarios_do_concurso\"><\/span><strong>Cargos e sal\u00e1rios do concurso<\/strong><br><span class=\"ez-toc-section-end\"><\/span><\/h2>\n\n\n\n<p>As <strong>91 vagas<\/strong> est\u00e3o distribu\u00eddas entre os seguintes cargos:<\/p>\n\n\n\n<p><strong>N\u00edvel fundamental:<\/strong> Motorista (ve\u00edculos leves, \u00f4nibus, ambul\u00e2ncia e caminh\u00f5es), Operador de M\u00e1quinas, Auxiliar de Administra\u00e7\u00e3o, Cuidador para Abrigo Institucional, Oficial de Manuten\u00e7\u00e3o de Maquin\u00e1rios e Ve\u00edculos, Guarda de Bens P\u00fablicos e Auxiliar de Servi\u00e7os Gerais.<\/p>\n\n\n\n<p><strong>N\u00edvel m\u00e9dio e t\u00e9cnico: <\/strong>Agente de Combate de Endemias, Agente de Fiscaliza\u00e7\u00e3o Municipal, Auxiliar de Farm\u00e1cia, Auxiliar de Servi\u00e7o Odontol\u00f3gico, T\u00e9cnico de Enfermagem, Salva Vidas, Assistente de Administra\u00e7\u00e3o, Assistente Educacional,  Inspetor Escolar, Motorista Transporte Escolar e Agente Comunit\u00e1rio de Sa\u00fade.<\/p>\n\n\n\n<p><strong>N\u00edvel superior: <\/strong>Professor de Artes, Professor de Ci\u00eancias, Professor de Educa\u00e7\u00e3o F\u00edsica, Professor de 1\u00ba a 5\u00ba Anos do Ensino Fundamental, Psic\u00f3logo, Professor de Hist\u00f3ria, Professor de Matem\u00e1tica, Assistente Social, Enfermeiro, Engenheiro Civil, Fisioterapeuta, Fonoaudi\u00f3logo, Nutricionista, M\u00e9dico,   Professor de Portugu\u00eas e Professor Educa\u00e7\u00e3o Infantil.<\/p>\n\n\n\n<p>A remunera\u00e7\u00e3o inicial, varia de acordo com o cargo pretendido, sendo no valor de <strong>R$ 1.124,61\u00a0a\u00a0R$\u00a09.850,64<\/strong>. <\/p>\n\n\n\n<h2 class=\"wp-block-heading\"><span class=\"ez-toc-section\" id=\"Como_serao_as_provas_do_concurso\"><\/span><strong>Como ser\u00e3o as provas do concurso?<\/strong><br><span class=\"ez-toc-section-end\"><\/span><\/h2>\n\n\n\n<p>O processo de avalia\u00e7\u00e3o dos candidatos se dar\u00e1 por meio de prova objetiva a ser aplicada no dia<strong> 01 de setembro de 2019<\/strong>. Os locais e hor\u00e1rios de prova ser\u00e3o divulgados a partir do dia 27 de agosto.<\/p>\n\n\n\n<p>Haver\u00e1 ainda prova pr\u00e1tica, teste de aptid\u00e3o f\u00edsica, curso de forma\u00e7\u00e3o inicial e prova de t\u00edtulos para alguns cargos.<\/p>\n","protected":false},"excerpt":{"rendered":"<p>Ol\u00e1 concurseiros! Saiu o edital do concurso Prefeitura\u00a0de Sonora\u00a0no Mato Grosso do Sul\u00a0com a oferta de 91 vagas imediatas, mais cadastro reserva, para cargos de n\u00edveis fundamental, m\u00e9dio, t\u00e9cnico e superior; com sal\u00e1rios de at\u00e9 R$ 9,8 mil! Inscri\u00e7\u00f5es do concurso Prefeitura de\u00a0Sonora Para participar, acesse o site da banca organizadora, MS Concursos, at\u00e9 o dia 14 de agosto de 2019. As taxas de participa\u00e7\u00e3o, dependendo do cargo escolhido, variam de R$ 34,00 a R$ 37,00. Confira todos os detalhes sobre o concurso para que voc\u00ea possa iniciar sua prepara\u00e7\u00e3o. Cargos e sal\u00e1rios do concurso As 91 vagas est\u00e3o distribu\u00eddas&#8230;<\/p>\n","protected":false},"author":3,"featured_media":3369,"template":"","meta":{"_acf_changed":false,"rank_math_lock_modified_date":false},"categories":[],"tags":[],"acf":[],"_links":{"self":[{"href":"https:\/\/www.editorasolucao.com.br\/blog\/wp-json\/wp\/v2\/concurso\/4390"}],"collection":[{"href":"https:\/\/www.editorasolucao.com.br\/blog\/wp-json\/wp\/v2\/concurso"}],"about":[{"href":"https:\/\/www.editorasolucao.com.br\/blog\/wp-json\/wp\/v2\/types\/concurso"}],"author":[{"embeddable":true,"href":"https:\/\/www.editorasolucao.com.br\/blog\/wp-json\/wp\/v2\/users\/3"}],"wp:featuredmedia":[{"embeddable":true,"href":"https:\/\/www.editorasolucao.com.br\/blog\/wp-json\/wp\/v2\/media\/3369"}],"wp:attachment":[{"href":"https:\/\/www.editorasolucao.com.br\/blog\/wp-json\/wp\/v2\/media?parent=4390"}],"wp:term":[{"taxonomy":"category","embeddable":true,"href":"https:\/\/www.editorasolucao.com.br\/blog\/wp-json\/wp\/v2\/categories?post=4390"},{"taxonomy":"post_tag","embeddable":true,"href":"https:\/\/www.editorasolucao.com.br\/blog\/wp-json\/wp\/v2\/tags?post=4390"}],"curies":[{"name":"wp","href":"https:\/\/api.w.org\/{rel}","templated":true}]}}