{"id":44004,"date":"2024-08-14T12:35:13","date_gmt":"2024-08-14T15:35:13","guid":{"rendered":"https:\/\/www.editorasolucao.com.br\/blog\/?post_type=concurso&#038;p=44004"},"modified":"2024-08-14T12:35:15","modified_gmt":"2024-08-14T15:35:15","slug":"camara-de-esmeraldas-mg","status":"publish","type":"concurso","link":"https:\/\/www.editorasolucao.com.br\/blog\/concurso\/camara-de-esmeraldas-mg","title":{"rendered":"Concurso C\u00e2mara de Esmeraldas: Saiu edital com 20 vagas. At\u00e9 R$6 mil!"},"content":{"rendered":"\n<p>Ol\u00e1, concurseiros! Saiu o edital do concurso da C\u00e2mara de Esmeraldas, localizada no estado de Minas Gerias, com oferta de <strong>20 vagas imediatas <\/strong>para cargos de n\u00edveis m\u00e9dio e superior. As remunera\u00e7\u00f5es iniciais chamam bastante aten\u00e7\u00e3o, j\u00e1 que podem chegar at\u00e9 <strong>R$ 6.318,00<\/strong>! Confira detalhes. <\/p>\n\n\n\n<div id=\"ez-toc-container\" class=\"ez-toc-v2_0_69_1 counter-hierarchy ez-toc-counter ez-toc-grey ez-toc-container-direction\">\n<div class=\"ez-toc-title-container\">\n<p class=\"ez-toc-title \" >Menu de navega&ccedil;&atilde;o<\/p>\n<span class=\"ez-toc-title-toggle\"><a href=\"#\" class=\"ez-toc-pull-right ez-toc-btn ez-toc-btn-xs ez-toc-btn-default ez-toc-toggle\" aria-label=\"Toggle Table of Content\"><span class=\"ez-toc-js-icon-con\"><span class=\"\"><span class=\"eztoc-hide\" style=\"display:none;\">Toggle<\/span><span class=\"ez-toc-icon-toggle-span\"><svg style=\"fill: #999;color:#999\" xmlns=\"http:\/\/www.w3.org\/2000\/svg\" class=\"list-377408\" width=\"20px\" height=\"20px\" viewBox=\"0 0 24 24\" fill=\"none\"><path d=\"M6 6H4v2h2V6zm14 0H8v2h12V6zM4 11h2v2H4v-2zm16 0H8v2h12v-2zM4 16h2v2H4v-2zm16 0H8v2h12v-2z\" fill=\"currentColor\"><\/path><\/svg><svg style=\"fill: #999;color:#999\" class=\"arrow-unsorted-368013\" xmlns=\"http:\/\/www.w3.org\/2000\/svg\" width=\"10px\" height=\"10px\" viewBox=\"0 0 24 24\" version=\"1.2\" baseProfile=\"tiny\"><path d=\"M18.2 9.3l-6.2-6.3-6.2 6.3c-.2.2-.3.4-.3.7s.1.5.3.7c.2.2.4.3.7.3h11c.3 0 .5-.1.7-.3.2-.2.3-.5.3-.7s-.1-.5-.3-.7zM5.8 14.7l6.2 6.3 6.2-6.3c.2-.2.3-.5.3-.7s-.1-.5-.3-.7c-.2-.2-.4-.3-.7-.3h-11c-.3 0-.5.1-.7.3-.2.2-.3.5-.3.7s.1.5.3.7z\"\/><\/svg><\/span><\/span><\/span><\/a><\/span><\/div>\n<nav><ul class='ez-toc-list ez-toc-list-level-1 ' ><li class='ez-toc-page-1 ez-toc-heading-level-2'><a class=\"ez-toc-link ez-toc-heading-1\" href=\"https:\/\/www.editorasolucao.com.br\/blog\/concurso\/camara-de-esmeraldas-mg\/#Como_posso_me_inscrever_no_concurso_da_Camara_de_Esmeraldas\" title=\"Como posso me inscrever no concurso da C\u00e2mara de Esmeraldas?\">Como posso me inscrever no concurso da C\u00e2mara de Esmeraldas?<\/a><\/li><li class='ez-toc-page-1 ez-toc-heading-level-2'><a class=\"ez-toc-link ez-toc-heading-2\" href=\"https:\/\/www.editorasolucao.com.br\/blog\/concurso\/camara-de-esmeraldas-mg\/#Quais_cargos_vagas_e_salarios_estao_sendo_ofertados\" title=\"Quais cargos, vagas e sal\u00e1rios est\u00e3o sendo ofertados?\">Quais cargos, vagas e sal\u00e1rios est\u00e3o sendo ofertados?<\/a><\/li><li class='ez-toc-page-1 ez-toc-heading-level-2'><a class=\"ez-toc-link ez-toc-heading-3\" href=\"https:\/\/www.editorasolucao.com.br\/blog\/concurso\/camara-de-esmeraldas-mg\/#Quais_sao_os_requisitos_para_a_investidura_dos_cargos\" title=\"Quais s\u00e3o os requisitos para a investidura dos cargos?\">Quais s\u00e3o os requisitos para a investidura dos cargos?<\/a><\/li><li class='ez-toc-page-1 ez-toc-heading-level-2'><a class=\"ez-toc-link ez-toc-heading-4\" href=\"https:\/\/www.editorasolucao.com.br\/blog\/concurso\/camara-de-esmeraldas-mg\/#Como_os_candidatos_do_concurso_da_Camara_de_Esmeraldas_serao_avaliados\" title=\"Como os candidatos do concurso da C\u00e2mara de Esmeraldas ser\u00e3o avaliados?\">Como os candidatos do concurso da C\u00e2mara de Esmeraldas ser\u00e3o avaliados?<\/a><\/li><\/ul><\/nav><\/div>\n<h2 class=\"wp-block-heading\"><span class=\"ez-toc-section\" id=\"Como_posso_me_inscrever_no_concurso_da_Camara_de_Esmeraldas\"><\/span>Como posso me inscrever no concurso da C\u00e2mara de Esmeraldas? <span class=\"ez-toc-section-end\"><\/span><\/h2>\n\n\n\n<p>Os interessados pelo concurso da C\u00e2mara de Esmeraldas poder\u00e3o se inscrever entre os dias <strong>30 de setembro a 29 de outubro de 2024<\/strong>, atrav\u00e9s do site da banca organizadora do certame, o <a href=\"https:\/\/www.consulpam.com.br\/index.php?menu=concursos&amp;acao=ver&amp;id=587\" target=\"_blank\" rel=\"noreferrer noopener\">Instituto Consulpam.<\/a> <\/p>\n\n\n\n<p>Os valores das taxas de inscri\u00e7\u00e3o variam de acordo com o n\u00edvel de escolaridade do cargo pretendido, sendo <strong>R$ 100,00<\/strong> para cargos de n\u00edvel m\u00e9dio e <strong>R$ 150,00 <\/strong>para cargos de n\u00edvel superior. <\/p>\n\n\n\n<p>Para homologar sua inscri\u00e7\u00e3o, o candidato deve efetuar o pagamento do boleto banc\u00e1rio <strong>at\u00e9 a data limite das inscri\u00e7\u00f5es. <\/strong><\/p>\n\n\n\n<p>O candidato doador de medula \u00f3ssea, o candidato doador de sangue ou o candidato inscrito no Cad\u00danico, que perten\u00e7a a fam\u00edlia baixa renda, poder\u00e3o solicitar a isen\u00e7\u00e3o dessas entre os dias <strong>30 de setembro e 1\u00b0 de outubro de 2024. <\/strong><\/p>\n\n\n\n<h2 class=\"wp-block-heading\"><span class=\"ez-toc-section\" id=\"Quais_cargos_vagas_e_salarios_estao_sendo_ofertados\"><\/span>Quais cargos, vagas e sal\u00e1rios est\u00e3o sendo ofertados?<span class=\"ez-toc-section-end\"><\/span><\/h2>\n\n\n\n<p>O concurso da C\u00e2mara de Esmeraldas est\u00e1 ofertando<strong> 20 vagas imediatas <\/strong>para cargos de n\u00edveis m\u00e9dio e superior. Confira como essas oportunidades est\u00e3o sendo distribu\u00eddas e suas remunera\u00e7\u00f5es: <\/p>\n\n\n\n<h4 class=\"wp-block-heading\">M\u00e9dio<\/h4>\n\n\n\n<ul>\n<li>Auxiliar de Manuten\u00e7\u00e3o (1 + 2 CR)\n<ul>\n<li>R$ 1.850,00<\/li>\n<\/ul>\n<\/li>\n\n\n\n<li><a href=\"https:\/\/www.editorasolucao.com.br\/apostila-solucao\/camara-esmeralda-mg-assistente-administrativo\" target=\"_blank\" rel=\"noreferrer noopener\">Assistente Administrativo (6 + 12 CR)<\/a>\n<ul>\n<li>R$ 1.850,00<\/li>\n<\/ul>\n<\/li>\n\n\n\n<li><a href=\"https:\/\/www.editorasolucao.com.br\/apostila-solucao\/camara-esmeralda-mg-tecnico-administrativo\" target=\"_blank\" rel=\"noreferrer noopener\">T\u00e9cnico Administrativo (6 + 12 CR)<\/a>\n<ul>\n<li>R$2.500,00<\/li>\n<\/ul>\n<\/li>\n<\/ul>\n\n\n\n<h4 class=\"wp-block-heading\">Superior<\/h4>\n\n\n\n<ul>\n<li>Analista de Tecnologia da Informa\u00e7\u00e3o (1 + 2 CR)\n<ul>\n<li>R$4.741,00<\/li>\n<\/ul>\n<\/li>\n\n\n\n<li>Analista de Comunica\u00e7\u00e3o (1 + 2 CR)\n<ul>\n<li>R$4.741,00<\/li>\n<\/ul>\n<\/li>\n\n\n\n<li>Jornalista (1 + 2 CR)\n<ul>\n<li>R$4.741,00<\/li>\n<\/ul>\n<\/li>\n\n\n\n<li>Controlador (1 + 2 CR)\n<ul>\n<li>R$4.741,00<\/li>\n<\/ul>\n<\/li>\n\n\n\n<li>Contador (1 + 2 CR)\n<ul>\n<li>R$4.741,00<\/li>\n<\/ul>\n<\/li>\n\n\n\n<li>Procurador (1 + 2 CR)\n<ul>\n<li>R$6.318,00<\/li>\n<\/ul>\n<\/li>\n\n\n\n<li>Advogado (1 + 2 CR)\n<ul>\n<li>R$4.741,00<\/li>\n<\/ul>\n<\/li>\n<\/ul>\n\n\n\n<p><\/p>\n\n\n\n<p>Os candidatos aprovados e admitidos no concurso dever\u00e3o cumprir uma jornada de trabalho de 40 horas semanais, ou seja, 8 horas di\u00e1rias. <\/p>\n\n\n\n<h2 class=\"wp-block-heading\"><span class=\"ez-toc-section\" id=\"Quais_sao_os_requisitos_para_a_investidura_dos_cargos\"><\/span>Quais s\u00e3o os requisitos para a investidura dos cargos?<span class=\"ez-toc-section-end\"><\/span><\/h2>\n\n\n\n<p>De acordo com o edital, esses s\u00e3o os requisitos b\u00e1sicos exigidos para a nomea\u00e7\u00e3o e posse dos cargos ofertados: <\/p>\n\n\n\n<ul>\n<li>Ser brasileiro, nato ou naturalizado, ou cidad\u00e3o portugu\u00eas que tenha adquirido a igualdade de direitos e obriga\u00e7\u00f5es civis, bem como o gozo dos direitos pol\u00edticos (Decreto n.\u00ba 70.436, de 18\/04\/72, e artigo 12, \u00a71\u00ba, da Constitui\u00e7\u00e3o Federal \u2013 artigo 3\u00ba da Emenda Constitucional n.\u00ba 19, de 04\/06\/98);<\/li>\n\n\n\n<li>Ter idade igual ou superior a 18 (dezoito) anos no ato da nomea\u00e7\u00e3o;<\/li>\n\n\n\n<li>Ter a situa\u00e7\u00e3o regularizada com as obriga\u00e7\u00f5es perante o servi\u00e7o militar, se do sexo masculino;<\/li>\n\n\n\n<li>Ter a situa\u00e7\u00e3o regularizada perante a Justi\u00e7a Eleitoral;<\/li>\n\n\n\n<li>Possuir, at\u00e9 a data da posse, todos os requisitos de habilita\u00e7\u00e3o exigidos para o cargo pretendido, conforme Anexo I;<\/li>\n\n\n\n<li>Conhecer, atender e aceitar as condi\u00e7\u00f5es estabelecidas neste edital;<\/li>\n\n\n\n<li>Estar em pleno gozo dos seus direitos pol\u00edticos e civis;<\/li>\n\n\n\n<li>Ter aptid\u00e3o f\u00edsica e mental e n\u00e3o ser pessoa com defici\u00eancia incompat\u00edvel com o exerc\u00edcio do cargo, mediante confirma\u00e7\u00e3o de exame m\u00e9dico admissional;<\/li>\n\n\n\n<li>N\u00e3o ter sofrido, no exerc\u00edcio da fun\u00e7\u00e3o p\u00fablica, penalidade incompat\u00edvel com a investidura em cargo p\u00fablico, prevista na Lei Federal n.\u00ba 8.429, de 02 de junho de 1992;<\/li>\n\n\n\n<li>N\u00e3o possuir v\u00ednculo com qualquer \u00f3rg\u00e3o ou entidade da Administra\u00e7\u00e3o P\u00fablica que impossibilite acumula\u00e7\u00e3o de cargos, empregos e fun\u00e7\u00f5es, ressalvados os casos contidos nas al\u00edneas \u201ca\u201d, \u201cb\u201d e \u201cc\u201d, inc. XVI, do art. 37, da Constitui\u00e7\u00e3o Federal, inclusive no que concerne \u00e0 compatibilidade de hor\u00e1rios;<\/li>\n\n\n\n<li>N\u00e3o ser aposentado por invalidez ou ter aposentadoria especial para o mesmo cargo, e nem estar em idade de aposentadoria compuls\u00f3ria;<\/li>\n\n\n\n<li>Possuir idoneidade moral comprovada por investiga\u00e7\u00e3o social e certid\u00f5es expedidas perante o Poder Judici\u00e1rio estadual, federal e distrital.<\/li>\n\n\n\n<li>Apresentar boa sa\u00fade f\u00edsica e mental, e n\u00e3o ter defici\u00eancia f\u00edsica incompat\u00edvel com o exerc\u00edcio do cargo.<\/li>\n<\/ul>\n\n\n\n<h2 class=\"wp-block-heading\"><span class=\"ez-toc-section\" id=\"Como_os_candidatos_do_concurso_da_Camara_de_Esmeraldas_serao_avaliados\"><\/span>Como os candidatos do concurso da C\u00e2mara de Esmeraldas ser\u00e3o avaliados? <span class=\"ez-toc-section-end\"><\/span><\/h2>\n\n\n\n<p>Os candidatos do concurso da C\u00e2mara de Esmeraldas ser\u00e3o avaliados por meio das seguintes etapas de sele\u00e7\u00e3o: <strong>prova objetiva<\/strong> (para todos os cargos), <strong>prova discursiva<\/strong> (para todos os cargos) e <strong>avalia\u00e7\u00e3o de t\u00edtulos<\/strong> (para os cargos de n\u00edvel superior). <\/p>\n\n\n\n<p>Vamos conferir com mais detalhes?<\/p>\n\n\n\n<h3 class=\"wp-block-heading\">Prova Objetiva<\/h3>\n\n\n\n<p>A prova objetiva, de car\u00e1ter eliminat\u00f3rio e classificat\u00f3rio, ser\u00e1 aplicada na data prevista de<strong> 1\u00b0 de dezembro de 2024,<\/strong> nos turnos da manh\u00e3 e da tarde. <\/p>\n\n\n\n<p>A avalia\u00e7\u00e3o ser\u00e1 composta de <strong>quest\u00f5es de m\u00faltipla escolha<\/strong> que ser\u00e3o versadas sobre as seguintes disciplinas: <\/p>\n\n\n\n<ul>\n<li><strong>M\u00e9dio &#8211; auxiliar de manuten\u00e7\u00e3o<\/strong>\n<ul>\n<li>L\u00edngua Portuguesa: 10 quest\u00f5es<\/li>\n\n\n\n<li>No\u00e7\u00f5es de inform\u00e1tica, No\u00e7\u00f5es de Direito Administrativo e Constitucional, Matem\u00e1tica: 10 quest\u00f5es<\/li>\n\n\n\n<li>Conhecimentos Espec\u00edficos: 20 quest\u00f5es<\/li>\n<\/ul>\n<\/li>\n\n\n\n<li><strong>M\u00e9dio &#8211; demais cargos<\/strong>\n<ul>\n<li>L\u00edngua Portuguesa: 6 quest\u00f5es<\/li>\n\n\n\n<li>No\u00e7\u00f5es de inform\u00e1tica, No\u00e7\u00f5es de Direito Administrativo e Constitucional, Matem\u00e1tica: 6 quest\u00f5es<\/li>\n\n\n\n<li>Legisla\u00e7\u00e3o Municipal e Legisla\u00e7\u00e3o Federal: 6 quest\u00f5es<\/li>\n\n\n\n<li>Conhecimentos Espec\u00edficos: 20 quest\u00f5es<\/li>\n<\/ul>\n<\/li>\n<\/ul>\n\n\n\n<ul>\n<li><strong>Superior<\/strong>\n<ul>\n<li>L\u00edngua Portuguesa: 6 quest\u00f5es<\/li>\n\n\n\n<li>No\u00e7\u00f5es de inform\u00e1tica, No\u00e7\u00f5es de Direito Administrativo e Constitucional, Matem\u00e1tica: 6 quest\u00f5es<\/li>\n\n\n\n<li>Legisla\u00e7\u00e3o Municipal e Legisla\u00e7\u00e3o Federal: 6 quest\u00f5es<\/li>\n\n\n\n<li>Conhecimentos Espec\u00edficos: 20 quest\u00f5es<\/li>\n<\/ul>\n<\/li>\n<\/ul>\n\n\n\n<p><\/p>\n\n\n\n<p>A prova objetiva ter\u00e1 valor total de 100 pontos, sendo <strong>aprovado<\/strong> o candidato que obtiver nota igual ou superior a 50 pontos. <\/p>\n\n\n\n<h3 class=\"wp-block-heading\">Prova Discursiva<\/h3>\n\n\n\n<p>A prova discursiva, de car\u00e1ter eliminat\u00f3rio e classificat\u00f3rio, ser\u00e1 aplicada no<strong> mesmo dia e hor\u00e1rio <\/strong>da prova objetiva. <\/p>\n\n\n\n<p>Para os cargos de n\u00edvel m\u00e9dio e superior, a prova consistir\u00e1 de uma<strong> reda\u00e7\u00e3o de texto dissertativo <\/strong>de, no m\u00ednimo, 20 linhas, e no m\u00e1ximo 30 linhas, a respeito de temas ligados a conhecimentos gerais (atualidades).<\/p>\n\n\n\n<p>J\u00e1 para os cargos de Advogado e Procurador, a prova ser\u00e1 composta de duas partes. Confira: <\/p>\n\n\n\n<ul>\n<li><strong>1\u00aa parte:<\/strong> Reda\u00e7\u00e3o de pe\u00e7a profissional, valendo 20 pontos, acerca de tema da \u00e1rea jur\u00eddica do seu correspondente direito processual, observando, sempre que poss\u00edvel, a interdisciplinaridade, com o mesmo conte\u00fado program\u00e1tico da prova objetiva.<\/li>\n\n\n\n<li><strong>2\u00aa parte:<\/strong> Respostas a 2 quest\u00f5es discursivas, sob a forma de situa\u00e7\u00f5es-problema, observando, sempre que poss\u00edvel, a interdisciplinaridade, valendo, no m\u00e1ximo, 5 pontos cada, relativas \u00e0 \u00e1rea do correspondente direito processual.<\/li>\n<\/ul>\n\n\n\n<p><\/p>\n\n\n\n<p>Ser\u00e1 <strong>aprovado<\/strong> o candidato que obtiver, no m\u00ednimo, 50% de aproveitamento do total de pontos da prova. <\/p>\n\n\n\n<h3 class=\"wp-block-heading\">Avalia\u00e7\u00e3o de T\u00edtulos<\/h3>\n\n\n\n<p>A avalia\u00e7\u00e3o de t\u00edtulos, de car\u00e1ter classificat\u00f3rio, \u00e9 exclusiva para os cargos de n\u00edvel superior. <\/p>\n\n\n\n<p>O envio dos t\u00edtulos ser\u00e1 feito atrav\u00e9s do site da banca organizadora do certame, <strong>em 3 dias \u00fateis<\/strong> a contar do resultado final da prova discursiva. <\/p>\n\n\n\n<p>Confira quais certificados ser\u00e3o avaliados: <\/p>\n\n\n\n<ul>\n<li>Especializa\u00e7\u00e3o: 1,0 ponto<\/li>\n\n\n\n<li>Mestrado: 2,0 pontos<\/li>\n\n\n\n<li>Doutorado: 4,0 pontos<\/li>\n<\/ul>\n\n\n\n<p><\/p>\n\n\n\n<p>Se voc\u00ea busca ser aprovado neste <strong>concurso<\/strong>, n\u00f3s temos <strong>material<\/strong> certo para voc\u00ea! <a href=\"https:\/\/www.editorasolucao.com.br\/concurso\/camara-de-esmeralda-mg\" target=\"_blank\" rel=\"noreferrer noopener\">Confira aqui.<\/a>\u00a0<\/p>\n","protected":false},"excerpt":{"rendered":"<p>Ol\u00e1, concurseiros! Saiu o edital do concurso da C\u00e2mara de Esmeraldas, localizada no estado de Minas Gerias, com oferta de 20 vagas imediatas para cargos de n\u00edveis m\u00e9dio e superior. As remunera\u00e7\u00f5es iniciais chamam bastante aten\u00e7\u00e3o, j\u00e1 que podem chegar at\u00e9 R$ 6.318,00! Confira detalhes. Como posso me inscrever no concurso da C\u00e2mara de Esmeraldas? Os interessados pelo concurso da C\u00e2mara de Esmeraldas poder\u00e3o se inscrever entre os dias 30 de setembro a 29 de outubro de 2024, atrav\u00e9s do site da banca organizadora do certame, o Instituto Consulpam. Os valores das taxas de inscri\u00e7\u00e3o variam de acordo com o&#8230;<\/p>\n","protected":false},"author":21,"featured_media":44006,"template":"","meta":{"_acf_changed":true,"rank_math_lock_modified_date":false},"categories":[],"tags":[],"acf":[],"_links":{"self":[{"href":"https:\/\/www.editorasolucao.com.br\/blog\/wp-json\/wp\/v2\/concurso\/44004"}],"collection":[{"href":"https:\/\/www.editorasolucao.com.br\/blog\/wp-json\/wp\/v2\/concurso"}],"about":[{"href":"https:\/\/www.editorasolucao.com.br\/blog\/wp-json\/wp\/v2\/types\/concurso"}],"author":[{"embeddable":true,"href":"https:\/\/www.editorasolucao.com.br\/blog\/wp-json\/wp\/v2\/users\/21"}],"wp:featuredmedia":[{"embeddable":true,"href":"https:\/\/www.editorasolucao.com.br\/blog\/wp-json\/wp\/v2\/media\/44006"}],"wp:attachment":[{"href":"https:\/\/www.editorasolucao.com.br\/blog\/wp-json\/wp\/v2\/media?parent=44004"}],"wp:term":[{"taxonomy":"category","embeddable":true,"href":"https:\/\/www.editorasolucao.com.br\/blog\/wp-json\/wp\/v2\/categories?post=44004"},{"taxonomy":"post_tag","embeddable":true,"href":"https:\/\/www.editorasolucao.com.br\/blog\/wp-json\/wp\/v2\/tags?post=44004"}],"curies":[{"name":"wp","href":"https:\/\/api.w.org\/{rel}","templated":true}]}}