{"id":44025,"date":"2024-08-16T12:10:49","date_gmt":"2024-08-16T15:10:49","guid":{"rendered":"https:\/\/www.editorasolucao.com.br\/blog\/?post_type=concurso&#038;p=44025"},"modified":"2024-08-16T12:12:23","modified_gmt":"2024-08-16T15:12:23","slug":"prefeitura-de-carmopolis-de-minas-mg-2","status":"publish","type":"concurso","link":"https:\/\/www.editorasolucao.com.br\/blog\/concurso\/prefeitura-de-carmopolis-de-minas-mg-2","title":{"rendered":"Concurso Prefeitura de Carm\u00f3polis de Minas: Edital publicado. 35 vagas de n\u00edvel m\u00e9dio!"},"content":{"rendered":"\n<p>Ol\u00e1, concurseiros! O edital do concurso da Prefeitura de Carm\u00f3polis de Minas, localizada no estado de Minas Gerais, foi publicado. O documento oferta <strong>35 vagas imediatas<\/strong> para cargos de n\u00edvel m\u00e9dio de escolaridade, na \u00e1rea da sa\u00fade! Confira detalhes. <\/p>\n\n\n\n<div id=\"ez-toc-container\" class=\"ez-toc-v2_0_69_1 counter-hierarchy ez-toc-counter ez-toc-grey ez-toc-container-direction\">\n<div class=\"ez-toc-title-container\">\n<p class=\"ez-toc-title \" >Menu de navega&ccedil;&atilde;o<\/p>\n<span class=\"ez-toc-title-toggle\"><a href=\"#\" class=\"ez-toc-pull-right ez-toc-btn ez-toc-btn-xs ez-toc-btn-default ez-toc-toggle\" aria-label=\"Toggle Table of Content\"><span class=\"ez-toc-js-icon-con\"><span class=\"\"><span class=\"eztoc-hide\" style=\"display:none;\">Toggle<\/span><span class=\"ez-toc-icon-toggle-span\"><svg style=\"fill: #999;color:#999\" xmlns=\"http:\/\/www.w3.org\/2000\/svg\" class=\"list-377408\" width=\"20px\" height=\"20px\" viewBox=\"0 0 24 24\" fill=\"none\"><path d=\"M6 6H4v2h2V6zm14 0H8v2h12V6zM4 11h2v2H4v-2zm16 0H8v2h12v-2zM4 16h2v2H4v-2zm16 0H8v2h12v-2z\" fill=\"currentColor\"><\/path><\/svg><svg style=\"fill: #999;color:#999\" class=\"arrow-unsorted-368013\" xmlns=\"http:\/\/www.w3.org\/2000\/svg\" width=\"10px\" height=\"10px\" viewBox=\"0 0 24 24\" version=\"1.2\" baseProfile=\"tiny\"><path d=\"M18.2 9.3l-6.2-6.3-6.2 6.3c-.2.2-.3.4-.3.7s.1.5.3.7c.2.2.4.3.7.3h11c.3 0 .5-.1.7-.3.2-.2.3-.5.3-.7s-.1-.5-.3-.7zM5.8 14.7l6.2 6.3 6.2-6.3c.2-.2.3-.5.3-.7s-.1-.5-.3-.7c-.2-.2-.4-.3-.7-.3h-11c-.3 0-.5.1-.7.3-.2.2-.3.5-.3.7s.1.5.3.7z\"\/><\/svg><\/span><\/span><\/span><\/a><\/span><\/div>\n<nav><ul class='ez-toc-list ez-toc-list-level-1 ' ><li class='ez-toc-page-1 ez-toc-heading-level-2'><a class=\"ez-toc-link ez-toc-heading-1\" href=\"https:\/\/www.editorasolucao.com.br\/blog\/concurso\/prefeitura-de-carmopolis-de-minas-mg-2\/#Inscricoes_para_o_concurso_da_Prefeitura_de_Carmopolis_de_Minas\" title=\"Inscri\u00e7\u00f5es para o concurso da Prefeitura de Carm\u00f3polis de Minas\">Inscri\u00e7\u00f5es para o concurso da Prefeitura de Carm\u00f3polis de Minas<\/a><\/li><li class='ez-toc-page-1 ez-toc-heading-level-2'><a class=\"ez-toc-link ez-toc-heading-2\" href=\"https:\/\/www.editorasolucao.com.br\/blog\/concurso\/prefeitura-de-carmopolis-de-minas-mg-2\/#Quais_oportunidades_estao_sendo_ofertadas\" title=\"Quais oportunidades est\u00e3o sendo ofertadas?\">Quais oportunidades est\u00e3o sendo ofertadas?<\/a><\/li><li class='ez-toc-page-1 ez-toc-heading-level-2'><a class=\"ez-toc-link ez-toc-heading-3\" href=\"https:\/\/www.editorasolucao.com.br\/blog\/concurso\/prefeitura-de-carmopolis-de-minas-mg-2\/#Requisitos_para_trabalhar_na_Prefeitura_de_Carmopolis_de_Minas\" title=\"Requisitos para trabalhar na Prefeitura de Carm\u00f3polis de Minas\">Requisitos para trabalhar na Prefeitura de Carm\u00f3polis de Minas<\/a><\/li><li class='ez-toc-page-1 ez-toc-heading-level-2'><a class=\"ez-toc-link ez-toc-heading-4\" href=\"https:\/\/www.editorasolucao.com.br\/blog\/concurso\/prefeitura-de-carmopolis-de-minas-mg-2\/#Como_os_candidatos_do_certame_serao_avaliados\" title=\"Como os candidatos do certame ser\u00e3o avaliados?\">Como os candidatos do certame ser\u00e3o avaliados?<\/a><\/li><\/ul><\/nav><\/div>\n<h2 class=\"wp-block-heading\"><span class=\"ez-toc-section\" id=\"Inscricoes_para_o_concurso_da_Prefeitura_de_Carmopolis_de_Minas\"><\/span>Inscri\u00e7\u00f5es para o concurso da Prefeitura de Carm\u00f3polis de Minas<span class=\"ez-toc-section-end\"><\/span><\/h2>\n\n\n\n<p>Os interessados pelo concurso da Prefeitura de Carm\u00f3polis de Minas poder\u00e3o se inscrever a partir das 9h do dia<strong> 30 de setembro de 2024 at\u00e9 \u00e0s 16h do dia 29 de outubro de 2024<\/strong>, atrav\u00e9s do site da banca organizadora do certame, o <a href=\"https:\/\/novo.ibgpconcursos.com.br\/concurso.jsp?cod=469\" target=\"_blank\" rel=\"noreferrer noopener\">IBGP Concursos.<\/a> <\/p>\n\n\n\n<p>Para homologar sua inscri\u00e7\u00e3o, o candidato deve efetuar o pagamento das taxas de inscri\u00e7\u00e3o, no valor fixo de<strong> R$ 80,00, <\/strong>at\u00e9 a data limite de 30 de outubro de 2024. <\/p>\n\n\n\n<p>O candidato desempregado ou o candidato em condi\u00e7\u00e3o de insufici\u00eancia econ\u00f4mico-financeira, poder\u00e3o solicitar a isen\u00e7\u00e3o dessas taxas no per\u00edodo das<strong> 9h do dia 30 de setembro at\u00e9 \u00e0s 16h do dia 2 de outubro de 2024. <\/strong><\/p>\n\n\n\n<h2 class=\"wp-block-heading\"><span class=\"ez-toc-section\" id=\"Quais_oportunidades_estao_sendo_ofertadas\"><\/span>Quais oportunidades est\u00e3o sendo ofertadas? <span class=\"ez-toc-section-end\"><\/span><\/h2>\n\n\n\n<p>A Prefeitura de Carm\u00f3polis de Minas est\u00e1 ofertando <strong>35 vagas imediatas<\/strong> para cargos de n\u00edvel m\u00e9dio de escolaridade. Confira como essas oportunidades est\u00e3o sendo distribu\u00eddas:<\/p>\n\n\n\n<ul>\n<li><a href=\"https:\/\/www.editorasolucao.com.br\/apostila-solucao\/prefeitura-carmopolis-minas-mg-agente-comunitario-saude?q=Carm%C3%B3polis%20de%20Minas\" target=\"_blank\" rel=\"noreferrer noopener\">Agente Comunit\u00e1rio de Sa\u00fade (23)<\/a>\n<ul>\n<li>R$ 2.824,00<\/li>\n<\/ul>\n<\/li>\n\n\n\n<li><a href=\"https:\/\/www.editorasolucao.com.br\/apostila-solucao\/prefeitura-carmopolis-minas-mg-agente-combate-endemias-chagas-zoonoses?q=Carm%C3%B3polis%20de%20Minas\" target=\"_blank\" rel=\"noreferrer noopener\">Agente de Combate \u00e0s Endemias\/Chagas\/Zoonoses (12)<\/a>\n<ul>\n<li>R$ 2.824,00<\/li>\n<\/ul>\n<\/li>\n<\/ul>\n\n\n\n<p><\/p>\n\n\n\n<p>Por se tratar de um processo seletivo, as oportunidades n\u00e3o s\u00e3o efetivas, ou seja, possuem contrato e data estipulada para t\u00e9rmino. <\/p>\n\n\n\n<h3 class=\"wp-block-heading\">Quais s\u00e3o as atribui\u00e7\u00f5es dadas a esses cargos?<\/h3>\n\n\n\n<p>Confira quais s\u00e3o as atribui\u00e7\u00f5es dadas aos cargos ofertados pelo certame: <\/p>\n\n\n\n<ul>\n<li><strong>Agente Comunit\u00e1rio de Sa\u00fade<\/strong>\n<ul>\n<li>Trabalhar com discri\u00e7\u00e3o de indiv\u00edduos e fam\u00edlias em base geogr\u00e1fica definida e cadastrar todas as pessoas de sua \u00e1rea, mantendo os dados atualizados no sistema de informa\u00e7\u00e3o da Aten\u00e7\u00e3o B\u00e1sica vigente, utilizando-os de forma sistem\u00e1tica, com apoio da equipe, para a an\u00e1lise da situa\u00e7\u00e3o de sa\u00fade, considerando as caracter\u00edsticas sociais, econ\u00f4micas, culturais, demogr\u00e1ficas e epidemiol\u00f3gicas do territ\u00f3rio, e priorizando as situa\u00e7\u00f5es a serem acompanhadas no planejamento local; <\/li>\n\n\n\n<li>Utilizar instrumentos para a coleta de informa\u00e7\u00f5es que apoiem no diagn\u00f3stico demogr\u00e1fico e sociocultural da comunidade; <\/li>\n\n\n\n<li>Registrar, para fins de planejamento e acompanhamento das a\u00e7\u00f5es de sa\u00fade, os dados de nascimentos, \u00f3bitos, doen\u00e7as e outros agravos \u00e0 sa\u00fade, garantido o sigilo \u00e9tico; e outros. <\/li>\n<\/ul>\n<\/li>\n\n\n\n<li><strong>Agente de Combate \u00e0s Endemias\/Zoonoses\/Chagas <\/strong>\n<ul>\n<li>Realizar a pesquisa larv\u00e1ria em im\u00f3veis para levantamento de \u00edndice; <\/li>\n\n\n\n<li>Realizar a elimina\u00e7\u00e3o de criadouros; <\/li>\n\n\n\n<li>Executar o tratamento focal e perifocal como medida complementar ao controle mec\u00e2nico; Orientar a popula\u00e7\u00e3o com rela\u00e7\u00e3o aos meios de evitar a prolifera\u00e7\u00e3o dos vetores; <\/li>\n\n\n\n<li>Utilizar corretamente os equipamentos de prote\u00e7\u00e3o individual indicados para cada situa\u00e7\u00e3o; <\/li>\n\n\n\n<li>Repassar ao supervisor da \u00e1rea os problemas de maior grau de complexidade n\u00e3o solucionados; <\/li>\n\n\n\n<li>Manter atualizado o cadastro de im\u00f3veis e pontos estrat\u00e9gicos da sua zona; <\/li>\n\n\n\n<li>Registrar as informa\u00e7\u00f5es referentes \u00e0s atividades executadas nos formul\u00e1rios espec\u00edficos;<\/li>\n\n\n\n<li>Deixar seu itiner\u00e1rio di\u00e1rio de trabalho; <\/li>\n\n\n\n<li>Encaminhar aos servi\u00e7os de sa\u00fade os casos suspeitos de dengue; <\/li>\n\n\n\n<li>Realizar visita domiciliar para inspe\u00e7\u00e3o de dep\u00f3sitos; e outros. <\/li>\n<\/ul>\n<\/li>\n<\/ul>\n\n\n\n<h2 class=\"wp-block-heading\"><span class=\"ez-toc-section\" id=\"Requisitos_para_trabalhar_na_Prefeitura_de_Carmopolis_de_Minas\"><\/span>Requisitos para trabalhar na Prefeitura de Carm\u00f3polis de Minas<span class=\"ez-toc-section-end\"><\/span><\/h2>\n\n\n\n<p>De acordo com o edital, esses s\u00e3o os requisitos b\u00e1sicos exigidos para a nomea\u00e7\u00e3o e posse dos cargos ofertados: <\/p>\n\n\n\n<ul>\n<li>Ter sido classificado no Processo Seletivo P\u00fablico, na forma prevista neste Edital, anexos e eventuais retifica\u00e7\u00f5es; <\/li>\n\n\n\n<li>Ser brasileiro nato ou naturalizado, OU, no caso de nacionalidade portuguesa, estar amparado pelo Estatuto de Igualdade entre Brasileiros e Portugueses, com reconhecimento do gozo dos direitos pol\u00edticos, na forma do disposto do \u00a7 1\u00ba art. 12 da Constitui\u00e7\u00e3o Federal\/88, combinado com o Decreto Federal n\u00ba 70.436, 18 de abril de 1972; <\/li>\n\n\n\n<li>Estar em gozo dos direitos pol\u00edticos;<\/li>\n\n\n\n<li>Estar quite com as obriga\u00e7\u00f5es eleitorais; <\/li>\n\n\n\n<li>Estar em dia com as obriga\u00e7\u00f5es militares, para os candidatos do sexo masculino;<\/li>\n\n\n\n<li>Ter idade m\u00ednima de 18(dezoito) anos completos, no ato da contrata\u00e7\u00e3o; <\/li>\n\n\n\n<li>For julgado apto f\u00edsica e mentalmente para o exerc\u00edcio do cargo, por pr\u00e9via inspe\u00e7\u00e3o m\u00e9dica oficial e \u00e0 equipe multiprofissional em caso de Pessoas com Defici\u00eancia (PcD); <\/li>\n\n\n\n<li>Ter os documentos comprobat\u00f3rios de escolaridade m\u00ednima e requisitos constantes Anexo I deste Edital;<\/li>\n\n\n\n<li>N\u00e3o ser aposentado por invalidez e nem estar com idade de aposentadoria compuls\u00f3ria, ou seja, 75(setenta e cinco) anos;<\/li>\n\n\n\n<li>N\u00e3o receber proventos de aposentadoria decorrentes do art. 40 ou dos arts. 42 e 142 da Constitui\u00e7\u00e3o Federal de 1988, com a remunera\u00e7\u00e3o de cargo, emprego ou fun\u00e7\u00e3o p\u00fablica, ressalvados os cargos acumul\u00e1veis na forma da respectiva Constitui\u00e7\u00e3o, os cargos eletivos e os cargos em comiss\u00e3o declarados em lei de livre nomea\u00e7\u00e3o e exonera\u00e7\u00e3o; <\/li>\n\n\n\n<li>N\u00e3o acumular remunera\u00e7\u00e3o de cargos p\u00fablicos, ressalvados os cargos acumul\u00e1veis na forma da Constitui\u00e7\u00e3o Federal de 1988; <\/li>\n\n\n\n<li>Ter conclu\u00eddo, com aproveitamento, o Curso de Forma\u00e7\u00e3o Introdut\u00f3ria B\u00e1sica, de acordo com o(a) cargo\/fun\u00e7\u00e3o no(a) qual o candidato foi aprovado, com carga hor\u00e1ria m\u00ednima de 40(quarenta) horas, disponibilizado no endere\u00e7o eletr\u00f4nico do Minist\u00e9rio da Sa\u00fade em: Agente Comunit\u00e1rio de Sa\u00fade &#8211; ACS ou Agente de Combate \u00e0s Endemias &#8211; ACE, conforme artigo 6\u00ba, I, II e III da Lei 11.350\/2006.<\/li>\n<\/ul>\n\n\n\n<h2 class=\"wp-block-heading\"><span class=\"ez-toc-section\" id=\"Como_os_candidatos_do_certame_serao_avaliados\"><\/span>Como os candidatos do certame ser\u00e3o avaliados? <span class=\"ez-toc-section-end\"><\/span><\/h2>\n\n\n\n<p>O processo seletivo incluir\u00e1 apenas uma etapa de sele\u00e7\u00e3o, a prova objetiva, que ser\u00e1 aplicada na data prevista de <strong>15 de dezembro de 2024,<\/strong> com hor\u00e1rio de in\u00edcio previsto para as 9h15min. <\/p>\n\n\n\n<p>A avalia\u00e7\u00e3o ser\u00e1 constitu\u00edda de quest\u00f5es de m\u00faltipla escolha que ser\u00e3o versadas sobre as seguintes disciplinas: <\/p>\n\n\n\n<ul>\n<li>Portugu\u00eas: 10 quest\u00f5es<\/li>\n\n\n\n<li>Racioc\u00ednio L\u00f3gico: 5 quest\u00f5es<\/li>\n\n\n\n<li>No\u00e7\u00f5es de Inform\u00e1tica: 5 quest\u00f5es<\/li>\n\n\n\n<li>Conhecimentos Gerais: 5 quest\u00f5es<\/li>\n\n\n\n<li>Conhecimentos Espec\u00edficos: 5 quest\u00f5es<\/li>\n<\/ul>\n\n\n\n<p><\/p>\n\n\n\n<p><strong>Boa prova e bons estudos!<\/strong><\/p>\n","protected":false},"excerpt":{"rendered":"<p>Ol\u00e1, concurseiros! O edital do concurso da Prefeitura de Carm\u00f3polis de Minas, localizada no estado de Minas Gerais, foi publicado. O documento oferta 35 vagas imediatas para cargos de n\u00edvel m\u00e9dio de escolaridade, na \u00e1rea da sa\u00fade! Confira detalhes. Inscri\u00e7\u00f5es para o concurso da Prefeitura de Carm\u00f3polis de Minas Os interessados pelo concurso da Prefeitura de Carm\u00f3polis de Minas poder\u00e3o se inscrever a partir das 9h do dia 30 de setembro de 2024 at\u00e9 \u00e0s 16h do dia 29 de outubro de 2024, atrav\u00e9s do site da banca organizadora do certame, o IBGP Concursos. Para homologar sua inscri\u00e7\u00e3o, o candidato&#8230;<\/p>\n","protected":false},"author":21,"featured_media":44027,"template":"","meta":{"_acf_changed":true,"rank_math_lock_modified_date":false},"categories":[],"tags":[],"acf":[],"_links":{"self":[{"href":"https:\/\/www.editorasolucao.com.br\/blog\/wp-json\/wp\/v2\/concurso\/44025"}],"collection":[{"href":"https:\/\/www.editorasolucao.com.br\/blog\/wp-json\/wp\/v2\/concurso"}],"about":[{"href":"https:\/\/www.editorasolucao.com.br\/blog\/wp-json\/wp\/v2\/types\/concurso"}],"author":[{"embeddable":true,"href":"https:\/\/www.editorasolucao.com.br\/blog\/wp-json\/wp\/v2\/users\/21"}],"wp:featuredmedia":[{"embeddable":true,"href":"https:\/\/www.editorasolucao.com.br\/blog\/wp-json\/wp\/v2\/media\/44027"}],"wp:attachment":[{"href":"https:\/\/www.editorasolucao.com.br\/blog\/wp-json\/wp\/v2\/media?parent=44025"}],"wp:term":[{"taxonomy":"category","embeddable":true,"href":"https:\/\/www.editorasolucao.com.br\/blog\/wp-json\/wp\/v2\/categories?post=44025"},{"taxonomy":"post_tag","embeddable":true,"href":"https:\/\/www.editorasolucao.com.br\/blog\/wp-json\/wp\/v2\/tags?post=44025"}],"curies":[{"name":"wp","href":"https:\/\/api.w.org\/{rel}","templated":true}]}}