{"id":44039,"date":"2024-08-19T11:13:45","date_gmt":"2024-08-19T14:13:45","guid":{"rendered":"https:\/\/www.editorasolucao.com.br\/blog\/?post_type=concurso&#038;p=44039"},"modified":"2024-08-19T11:13:47","modified_gmt":"2024-08-19T14:13:47","slug":"camara-de-cotia-sp","status":"publish","type":"concurso","link":"https:\/\/www.editorasolucao.com.br\/blog\/concurso\/camara-de-cotia-sp","title":{"rendered":"Concurso C\u00e2mara de Cotia: Saiu edital com 15 vagas. At\u00e9 R$12 mil!"},"content":{"rendered":"\n<p>O edital do concurso da C\u00e2mara de Cotia, munic\u00edpio da regi\u00e3o metropolitana de S\u00e3o Paulo, foi publicado e oferta <strong>15 vagas imediatas <\/strong>para cargos de n\u00edveis fundamental, m\u00e9dio e superior. As remunera\u00e7\u00f5es iniciais do certame chamam bastante aten\u00e7\u00e3o, j\u00e1 que podem chegar at\u00e9 <strong>R$ 12 mil!<\/strong> Ficou interessado(a)? Venha saber mais! <\/p>\n\n\n\n<div id=\"ez-toc-container\" class=\"ez-toc-v2_0_69_1 counter-hierarchy ez-toc-counter ez-toc-grey ez-toc-container-direction\">\n<div class=\"ez-toc-title-container\">\n<p class=\"ez-toc-title \" >Menu de navega&ccedil;&atilde;o<\/p>\n<span class=\"ez-toc-title-toggle\"><a href=\"#\" class=\"ez-toc-pull-right ez-toc-btn ez-toc-btn-xs ez-toc-btn-default ez-toc-toggle\" aria-label=\"Toggle Table of Content\"><span class=\"ez-toc-js-icon-con\"><span class=\"\"><span class=\"eztoc-hide\" style=\"display:none;\">Toggle<\/span><span class=\"ez-toc-icon-toggle-span\"><svg style=\"fill: #999;color:#999\" xmlns=\"http:\/\/www.w3.org\/2000\/svg\" class=\"list-377408\" width=\"20px\" height=\"20px\" viewBox=\"0 0 24 24\" fill=\"none\"><path d=\"M6 6H4v2h2V6zm14 0H8v2h12V6zM4 11h2v2H4v-2zm16 0H8v2h12v-2zM4 16h2v2H4v-2zm16 0H8v2h12v-2z\" fill=\"currentColor\"><\/path><\/svg><svg style=\"fill: #999;color:#999\" class=\"arrow-unsorted-368013\" xmlns=\"http:\/\/www.w3.org\/2000\/svg\" width=\"10px\" height=\"10px\" viewBox=\"0 0 24 24\" version=\"1.2\" baseProfile=\"tiny\"><path d=\"M18.2 9.3l-6.2-6.3-6.2 6.3c-.2.2-.3.4-.3.7s.1.5.3.7c.2.2.4.3.7.3h11c.3 0 .5-.1.7-.3.2-.2.3-.5.3-.7s-.1-.5-.3-.7zM5.8 14.7l6.2 6.3 6.2-6.3c.2-.2.3-.5.3-.7s-.1-.5-.3-.7c-.2-.2-.4-.3-.7-.3h-11c-.3 0-.5.1-.7.3-.2.2-.3.5-.3.7s.1.5.3.7z\"\/><\/svg><\/span><\/span><\/span><\/a><\/span><\/div>\n<nav><ul class='ez-toc-list ez-toc-list-level-1 ' ><li class='ez-toc-page-1 ez-toc-heading-level-2'><a class=\"ez-toc-link ez-toc-heading-1\" href=\"https:\/\/www.editorasolucao.com.br\/blog\/concurso\/camara-de-cotia-sp\/#Como_fazer_a_inscricao_para_o_concurso_da_Camara_de_Cotia\" title=\"Como fazer a inscri\u00e7\u00e3o para o concurso da C\u00e2mara de Cotia?\">Como fazer a inscri\u00e7\u00e3o para o concurso da C\u00e2mara de Cotia?<\/a><\/li><li class='ez-toc-page-1 ez-toc-heading-level-2'><a class=\"ez-toc-link ez-toc-heading-2\" href=\"https:\/\/www.editorasolucao.com.br\/blog\/concurso\/camara-de-cotia-sp\/#Veja_quais_vagas_estao_sendo_ofertadas\" title=\"Veja quais vagas est\u00e3o sendo ofertadas\">Veja quais vagas est\u00e3o sendo ofertadas<\/a><\/li><li class='ez-toc-page-1 ez-toc-heading-level-2'><a class=\"ez-toc-link ez-toc-heading-3\" href=\"https:\/\/www.editorasolucao.com.br\/blog\/concurso\/camara-de-cotia-sp\/#Quais_os_requisitos_para_ingressar_na_Camara_Municipal_de_Cotia\" title=\"Quais os requisitos para ingressar na C\u00e2mara Municipal de Cotia?\">Quais os requisitos para ingressar na C\u00e2mara Municipal de Cotia?<\/a><\/li><li class='ez-toc-page-1 ez-toc-heading-level-2'><a class=\"ez-toc-link ez-toc-heading-4\" href=\"https:\/\/www.editorasolucao.com.br\/blog\/concurso\/camara-de-cotia-sp\/#Quais_sao_as_etapas_de_selecao_do_concurso_da_Camara_de_Cotia\" title=\"Quais s\u00e3o as etapas de sele\u00e7\u00e3o do concurso da C\u00e2mara de Cotia?\">Quais s\u00e3o as etapas de sele\u00e7\u00e3o do concurso da C\u00e2mara de Cotia?<\/a><\/li><\/ul><\/nav><\/div>\n<h2 class=\"wp-block-heading\"><span class=\"ez-toc-section\" id=\"Como_fazer_a_inscricao_para_o_concurso_da_Camara_de_Cotia\"><\/span>Como fazer a inscri\u00e7\u00e3o para o concurso da C\u00e2mara de Cotia? <span class=\"ez-toc-section-end\"><\/span><\/h2>\n\n\n\n<p>Os interessados pelo concurso da C\u00e2mara de Cotia poder\u00e3o se inscrever a partir das <strong>16h do dia 26 de agosto de 2024 at\u00e9 \u00e0s 16h do dia 7 de outubro de 2024<\/strong>, atrav\u00e9s do site da banca organizadora do certame, o <a href=\"https:\/\/institutoconsulplan.org.br\/getConc.aspx?key=OvZqXsGUepw=\" target=\"_blank\" rel=\"noreferrer noopener\">Instituto Consulplan.<\/a> <\/p>\n\n\n\n<p>Como de praxe, para homologar sua inscri\u00e7\u00e3o, o candidato deve efetuar o pagamento das taxas de inscri\u00e7\u00e3o at\u00e9 <strong>\u00e0s 20h do dia 8 de outubro de 2024. <\/strong><\/p>\n\n\n\n<p>Os valores das taxas variam de acordo com o n\u00edvel de escolaridade do cargo pretendido, sendo <strong>R$ 60,00 <\/strong>para os cargos de n\u00edvel fundamental,<strong> R$ 85,00 <\/strong>para os cargos de n\u00edvel m\u00e9dio\/t\u00e9cnico e <strong>R$ 100,00<\/strong> para os cargos de n\u00edvel superior. <\/p>\n\n\n\n<p>O candidato que comprovar ter doado sangue voluntariamente ao menos 2 vezes, no per\u00edodo de 12 meses, anteriores ao in\u00edcio das inscri\u00e7\u00f5es, poder\u00e1 solicitar a isen\u00e7\u00e3o dessas taxas entre os dias <strong>26 e 28 de agosto de 2024. <\/strong><\/p>\n\n\n\n<h2 class=\"wp-block-heading\"><span class=\"ez-toc-section\" id=\"Veja_quais_vagas_estao_sendo_ofertadas\"><\/span>Veja quais vagas est\u00e3o sendo ofertadas<span class=\"ez-toc-section-end\"><\/span><\/h2>\n\n\n\n<p>O edital da C\u00e2mara de Cotia est\u00e1 ofertando <strong>15 vagas imediatas<\/strong>, al\u00e9m da forma\u00e7\u00e3o de cadastro reserva, para cargos de n\u00edveis fundamental, m\u00e9dio e superior. Confira como essas oportunidades est\u00e3o sendo distribu\u00eddas e suas remunera\u00e7\u00f5es: <\/p>\n\n\n\n<h3 class=\"wp-block-heading\">Cargos de n\u00edvel fundamental<\/h3>\n\n\n\n<ul>\n<li>Agente de Vigil\u00e2ncia Patrimonial (2 + CR)\n<ul>\n<li>R$ 3.167,69<\/li>\n<\/ul>\n<\/li>\n\n\n\n<li>Auxiliar de Servi\u00e7os Gerais (4 + CR)\n<ul>\n<li>R$ 1.619,91<\/li>\n<\/ul>\n<\/li>\n<\/ul>\n\n\n\n<h3 class=\"wp-block-heading\">Cargos de n\u00edvel m\u00e9dio<\/h3>\n\n\n\n<ul>\n<li>Assistente de Licita\u00e7\u00f5es, Compras e Contratos (1 + CR)\n<ul>\n<li>R$ 4.762,30<\/li>\n<\/ul>\n<\/li>\n\n\n\n<li>Assistente de Servi\u00e7o de Pessoal (1)\n<ul>\n<li>R$ 3.921,90<\/li>\n<\/ul>\n<\/li>\n\n\n\n<li><a href=\"https:\/\/www.editorasolucao.com.br\/apostila-solucao\/camara-cotia-sp-auxiliar-administrativo\" target=\"_blank\" rel=\"noreferrer noopener\">Auxiliar Administrativo (4 + CR)<\/a>\n<ul>\n<li>R$ 2.393,34<\/li>\n<\/ul>\n<\/li>\n<\/ul>\n\n\n\n<h3 class=\"wp-block-heading\">Cargos de n\u00edvel superior<\/h3>\n\n\n\n<ul>\n<li>Agente Cont\u00e1bil (1)\n<ul>\n<li>R$ 4.762,30<\/li>\n<\/ul>\n<\/li>\n\n\n\n<li>Agente de Licita\u00e7\u00f5es, Compras e Contratos (CR)\n<ul>\n<li>R$ 7.924,92<\/li>\n<\/ul>\n<\/li>\n\n\n\n<li>Analista de Redes (1)\n<ul>\n<li>R$ 8.746,31<\/li>\n<\/ul>\n<\/li>\n\n\n\n<li>Contador (CR)\n<ul>\n<li>R$ 8.746,31<\/li>\n<\/ul>\n<\/li>\n\n\n\n<li>Procurador Legislativo (CR)\n<ul>\n<li>R$ 12.235,46<\/li>\n<\/ul>\n<\/li>\n<\/ul>\n\n\n\n<p><\/p>\n\n\n\n<p>Al\u00e9m do vencimento base, os candidatos aprovados e admitidos pelo concurso far\u00e3o jus aos seguintes benef\u00edcios: <\/p>\n\n\n\n<ul>\n<li>Aux\u00edlio-alimento no valor de R$ 1.300;<\/li>\n\n\n\n<li>Aux\u00edlio-refei\u00e7\u00e3o de R$ 1.300;<\/li>\n\n\n\n<li>Vale-transporte; e<\/li>\n\n\n\n<li>Aux\u00edlio-sa\u00fade.<\/li>\n<\/ul>\n\n\n\n<h2 class=\"wp-block-heading\"><span class=\"ez-toc-section\" id=\"Quais_os_requisitos_para_ingressar_na_Camara_Municipal_de_Cotia\"><\/span>Quais os requisitos para ingressar na C\u00e2mara Municipal de Cotia?<span class=\"ez-toc-section-end\"><\/span><\/h2>\n\n\n\n<p>Confira quais s\u00e3o os requisitos b\u00e1sicos exigidos para a nomea\u00e7\u00e3o e posse dos cargos ofertados: <\/p>\n\n\n\n<ul>\n<li>Ser brasileiro nato ou naturalizado ou cidad\u00e3o portugu\u00eas que tenha adquirido a igualdade de direitos e obriga\u00e7\u00f5es civis e gozo dos direitos pol\u00edticos (Decreto n\u00ba 70.436, de 18\/04\/1972, Constitui\u00e7\u00e3o Federal &#8211; \u00a7 1\u00ba do art. 12 de 05\/10\/1988 e Emenda Constitucional n\u00ba 19, de 04\/06\/1998 \u2013 art. 3\u00ba).<\/li>\n\n\n\n<li>Ter na data da nomea\u00e7\u00e3o 18 (dezoito) anos completos.<\/li>\n\n\n\n<li>Estar em dia com as obriga\u00e7\u00f5es resultantes da legisla\u00e7\u00e3o eleitoral e, se do sexo masculino, do Servi\u00e7o Militar.<\/li>\n\n\n\n<li>Estar em pleno gozo de seus direitos civis e pol\u00edticos e n\u00e3o registrar antecedentes criminais.<\/li>\n\n\n\n<li>Possuir aptid\u00e3o f\u00edsica e mental.<\/li>\n\n\n\n<li>Possuir e comprovar o pr\u00e9-requisito para o cargo, \u00e0 \u00e9poca da posse.<\/li>\n\n\n\n<li>Conhecer e estar de acordo com as exig\u00eancias contidas neste Edital.<\/li>\n\n\n\n<li>A comprova\u00e7\u00e3o da escolaridade m\u00ednima exigida ser\u00e1 feita por meio de diploma registrado e legalmente reconhecido, expedido por institui\u00e7\u00e3o de ensino credenciada no Conselho Estadual de Educa\u00e7\u00e3o ou no Minist\u00e9rio da Educa\u00e7\u00e3o.<\/li>\n\n\n\n<li>Caso o candidato ainda n\u00e3o esteja de posse do diploma correspondente \u00e0 sua forma\u00e7\u00e3o ou gradua\u00e7\u00e3o\/habilita\u00e7\u00e3o, este documento poder\u00e1 ser substitu\u00eddo provisoriamente por certid\u00e3o de conclus\u00e3o de curso, expedida, no m\u00e1ximo 90 (noventa) dias, acompanhada de hist\u00f3rico escolar emitida por institui\u00e7\u00e3o de ensino credenciada.<\/li>\n\n\n\n<li>O candidato que, na data da posse, n\u00e3o reunir os requisitos enumerados no item 2.1 deste Edital, ou que por qualquer raz\u00e3o n\u00e3o puder comprov\u00e1-los, perder\u00e1 o direito \u00e0 investidura no cargo para o qual concorre, para o qual foi nomeado.<\/li>\n\n\n\n<li>\u00c9 vedada a acumula\u00e7\u00e3o de cargos p\u00fablicos, exceto quando houver compatibilidade de hor\u00e1rios, observado em qualquer caso, o inciso XVI do art. 37 da Constitui\u00e7\u00e3o Federal.<\/li>\n<\/ul>\n\n\n\n<h2 class=\"wp-block-heading\"><span class=\"ez-toc-section\" id=\"Quais_sao_as_etapas_de_selecao_do_concurso_da_Camara_de_Cotia\"><\/span>Quais s\u00e3o as etapas de sele\u00e7\u00e3o do concurso da C\u00e2mara de Cotia?<span class=\"ez-toc-section-end\"><\/span><\/h2>\n\n\n\n<p>Os candidatos do concurso Cotia SP ser\u00e3o avaliados por meio de uma <strong>prova objetiva<\/strong>, para todos os cargos. Os candidatos ao cargo de Procurador Legislativo ainda ser\u00e3o submetidos \u00e0 uma <strong>prova discursiva.<\/strong>  Confira os detalhes: <\/p>\n\n\n\n<h3 class=\"wp-block-heading\">Prova Objetiva<\/h3>\n\n\n\n<p>A prova objetiva, que possui car\u00e1ter eliminat\u00f3rio e classificat\u00f3rio, ser\u00e1 realizada no dia <strong>17 de novembro de 2024,<\/strong> em dois turnos. <\/p>\n\n\n\n<p>O <strong>turno da manh\u00e3<\/strong>, com in\u00edcio previsto para \u00e0s 8h, \u00e9 reservado aos cargos de Agente Cont\u00e1bil, Agente de Licita\u00e7\u00f5es Compras e Contratos, Analista de Redes, Assistente de Servi\u00e7o de Pessoal e Auxiliar de Servi\u00e7os Gerais. <\/p>\n\n\n\n<p>J\u00e1 o<strong> turno da tarde<\/strong>, previsto para ter in\u00edcio \u00e0s 14h, \u00e9 reservado para os cargos de Agente de Vigil\u00e2ncia Patrimonial, Assistente de Licita\u00e7\u00f5es, Compras e Contratos, Auxiliar Administrativo, Contador e Procurador Legislativo. <\/p>\n\n\n\n<p>A avalia\u00e7\u00e3o ser\u00e1 composta de <strong>50 quest\u00f5es de m\u00faltipla escolha<\/strong> que ser\u00e3o versadas sobre as seguintes disciplinas: <\/p>\n\n\n\n<ul>\n<li><strong>Superior &#8211; exceto procurador legislativo<\/strong>\n<ul>\n<li>L\u00edngua Portuguesa: 10 quest\u00f5es <\/li>\n\n\n\n<li>Racioc\u00ednio L\u00f3gico-matem\u00e1tico: 10 quest\u00f5es <\/li>\n\n\n\n<li>Legisla\u00e7\u00e3o Municipal: 10 quest\u00f5es <\/li>\n\n\n\n<li>Conhecimentos do Cargo: 20 quest\u00f5es<\/li>\n<\/ul>\n<\/li>\n\n\n\n<li><strong>Procurador Legislativo <\/strong>\n<ul>\n<li>L\u00edngua Portuguesa: 6 quest\u00f5es<\/li>\n\n\n\n<li>Racioc\u00ednio L\u00f3gico-matem\u00e1tico: 6 quest\u00f5es <\/li>\n\n\n\n<li>Legisla\u00e7\u00e3o Municipal: 3 quest\u00f5es <\/li>\n\n\n\n<li>Direto Constitucional: 7 quest\u00f5es<\/li>\n\n\n\n<li>Direito Administrativo: 7 quest\u00f5es<\/li>\n\n\n\n<li>Direito Processual Civil: 6 quest\u00f5es<\/li>\n\n\n\n<li>Direito Tribut\u00e1rio: 5 quest\u00f5es<\/li>\n\n\n\n<li>Direito Civil: 5 quest\u00f5es<\/li>\n\n\n\n<li>Direito Financeiro e Or\u00e7ament\u00e1rio: 5 quest\u00f5es<\/li>\n<\/ul>\n<\/li>\n<\/ul>\n\n\n\n<ul>\n<li><strong>M\u00e9dio<\/strong>\n<ul>\n<li>L\u00edngua Portuguesa: 10 quest\u00f5es <\/li>\n\n\n\n<li>Racioc\u00ednio L\u00f3gico-matem\u00e1tico: 10 quest\u00f5es <\/li>\n\n\n\n<li>Legisla\u00e7\u00e3o Municipal: 10 quest\u00f5es <\/li>\n\n\n\n<li>Conhecimentos do Cargo: 20 quest\u00f5es<\/li>\n<\/ul>\n<\/li>\n<\/ul>\n\n\n\n<ul>\n<li><strong>Fundamental<\/strong>\n<ul>\n<li>L\u00edngua Portuguesa: 15 quest\u00f5es <\/li>\n\n\n\n<li>Racioc\u00ednio L\u00f3gico-matem\u00e1tico: 15 quest\u00f5es <\/li>\n\n\n\n<li>Conhecimentos Gerais: 10 quest\u00f5es <\/li>\n\n\n\n<li>Conhecimentos do Cargo: 10 quest\u00f5es<\/li>\n<\/ul>\n<\/li>\n<\/ul>\n\n\n\n<p><\/p>\n\n\n\n<p>A prova objetiva ter\u00e1 valor total de 50 pontos, sendo <strong>aprovado<\/strong> o candidato que obtiver nota igual ou superior a 25 pontos. <\/p>\n\n\n\n<h3 class=\"wp-block-heading\">Prova Discursiva<\/h3>\n\n\n\n<p>A prova discursiva, exclusiva para o cargo de Procurador Legislativo, ser\u00e1 aplicada na <strong>mesma data e hor\u00e1rio<\/strong> da prova objetiva. <\/p>\n\n\n\n<p>A avalia\u00e7\u00e3o consistir\u00e1 em <strong>um parecer jur\u00eddico<\/strong>, versando sobre temas relacionados aos conhecimentos espec\u00edficos do respectivo cargo. O texto dever\u00e1 ser produzido em, no m\u00ednimo 30 linhas e, no m\u00e1ximo, 60 linhas. <\/p>\n\n\n\n<p>A prova discursiva ter\u00e1 valor total de 30 pontos. <\/p>\n\n\n\n<p><\/p>\n\n\n\n<p>Se voc\u00ea busca ser aprovado neste <strong>concurso<\/strong>, n\u00f3s temos <strong><a href=\"https:\/\/www.editorasolucao.com.br\/concurso\/camara-de-cotia-sp\" target=\"_blank\" rel=\"noreferrer noopener\">material<\/a><\/strong> certo para voc\u00ea! <\/p>\n","protected":false},"excerpt":{"rendered":"<p>O edital do concurso da C\u00e2mara de Cotia, munic\u00edpio da regi\u00e3o metropolitana de S\u00e3o Paulo, foi publicado e oferta 15 vagas imediatas para cargos de n\u00edveis fundamental, m\u00e9dio e superior. As remunera\u00e7\u00f5es iniciais do certame chamam bastante aten\u00e7\u00e3o, j\u00e1 que podem chegar at\u00e9 R$ 12 mil! Ficou interessado(a)? Venha saber mais! Como fazer a inscri\u00e7\u00e3o para o concurso da C\u00e2mara de Cotia? Os interessados pelo concurso da C\u00e2mara de Cotia poder\u00e3o se inscrever a partir das 16h do dia 26 de agosto de 2024 at\u00e9 \u00e0s 16h do dia 7 de outubro de 2024, atrav\u00e9s do site da banca organizadora&#8230;<\/p>\n","protected":false},"author":21,"featured_media":44041,"template":"","meta":{"_acf_changed":true,"rank_math_lock_modified_date":false},"categories":[],"tags":[],"acf":[],"_links":{"self":[{"href":"https:\/\/www.editorasolucao.com.br\/blog\/wp-json\/wp\/v2\/concurso\/44039"}],"collection":[{"href":"https:\/\/www.editorasolucao.com.br\/blog\/wp-json\/wp\/v2\/concurso"}],"about":[{"href":"https:\/\/www.editorasolucao.com.br\/blog\/wp-json\/wp\/v2\/types\/concurso"}],"author":[{"embeddable":true,"href":"https:\/\/www.editorasolucao.com.br\/blog\/wp-json\/wp\/v2\/users\/21"}],"wp:featuredmedia":[{"embeddable":true,"href":"https:\/\/www.editorasolucao.com.br\/blog\/wp-json\/wp\/v2\/media\/44041"}],"wp:attachment":[{"href":"https:\/\/www.editorasolucao.com.br\/blog\/wp-json\/wp\/v2\/media?parent=44039"}],"wp:term":[{"taxonomy":"category","embeddable":true,"href":"https:\/\/www.editorasolucao.com.br\/blog\/wp-json\/wp\/v2\/categories?post=44039"},{"taxonomy":"post_tag","embeddable":true,"href":"https:\/\/www.editorasolucao.com.br\/blog\/wp-json\/wp\/v2\/tags?post=44039"}],"curies":[{"name":"wp","href":"https:\/\/api.w.org\/{rel}","templated":true}]}}