{"id":44214,"date":"2024-09-09T14:54:44","date_gmt":"2024-09-09T17:54:44","guid":{"rendered":"https:\/\/www.editorasolucao.com.br\/blog\/?post_type=concurso&#038;p=44214"},"modified":"2024-09-09T14:54:46","modified_gmt":"2024-09-09T17:54:46","slug":"iftm","status":"publish","type":"concurso","link":"https:\/\/www.editorasolucao.com.br\/blog\/concurso\/iftm","title":{"rendered":"Concurso IFTM: Saiu edital com 51 vagas. Sal\u00e1rio de R$4,8 mil!"},"content":{"rendered":"\n<p>Ol\u00e1, concurseiros! Foram divulgados os editais do concurso IFTM (Instituto Federal do Tri\u00e2ngulo Mineiro) que ofertam <strong>51 vagas para cargos de n\u00edveis m\u00e9dio e superior<\/strong>, com remunera\u00e7\u00f5es iniciais que podem chegar at\u00e9 <strong>R$ 4.875,18<\/strong>! Ficou interessado(a)? Venha saber mais!<\/p>\n\n\n\n<div id=\"ez-toc-container\" class=\"ez-toc-v2_0_69_1 counter-hierarchy ez-toc-counter ez-toc-grey ez-toc-container-direction\">\n<div class=\"ez-toc-title-container\">\n<p class=\"ez-toc-title \" >Menu de navega&ccedil;&atilde;o<\/p>\n<span class=\"ez-toc-title-toggle\"><a href=\"#\" class=\"ez-toc-pull-right ez-toc-btn ez-toc-btn-xs ez-toc-btn-default ez-toc-toggle\" aria-label=\"Toggle Table of Content\"><span class=\"ez-toc-js-icon-con\"><span class=\"\"><span class=\"eztoc-hide\" style=\"display:none;\">Toggle<\/span><span class=\"ez-toc-icon-toggle-span\"><svg style=\"fill: #999;color:#999\" xmlns=\"http:\/\/www.w3.org\/2000\/svg\" class=\"list-377408\" width=\"20px\" height=\"20px\" viewBox=\"0 0 24 24\" fill=\"none\"><path d=\"M6 6H4v2h2V6zm14 0H8v2h12V6zM4 11h2v2H4v-2zm16 0H8v2h12v-2zM4 16h2v2H4v-2zm16 0H8v2h12v-2z\" fill=\"currentColor\"><\/path><\/svg><svg style=\"fill: #999;color:#999\" class=\"arrow-unsorted-368013\" xmlns=\"http:\/\/www.w3.org\/2000\/svg\" width=\"10px\" height=\"10px\" viewBox=\"0 0 24 24\" version=\"1.2\" baseProfile=\"tiny\"><path d=\"M18.2 9.3l-6.2-6.3-6.2 6.3c-.2.2-.3.4-.3.7s.1.5.3.7c.2.2.4.3.7.3h11c.3 0 .5-.1.7-.3.2-.2.3-.5.3-.7s-.1-.5-.3-.7zM5.8 14.7l6.2 6.3 6.2-6.3c.2-.2.3-.5.3-.7s-.1-.5-.3-.7c-.2-.2-.4-.3-.7-.3h-11c-.3 0-.5.1-.7.3-.2.2-.3.5-.3.7s.1.5.3.7z\"\/><\/svg><\/span><\/span><\/span><\/a><\/span><\/div>\n<nav><ul class='ez-toc-list ez-toc-list-level-1 ' ><li class='ez-toc-page-1 ez-toc-heading-level-2'><a class=\"ez-toc-link ez-toc-heading-1\" href=\"https:\/\/www.editorasolucao.com.br\/blog\/concurso\/iftm\/#Inscricoes_para_o_concurso_IFTM\" title=\"Inscri\u00e7\u00f5es para o concurso IFTM\">Inscri\u00e7\u00f5es para o concurso IFTM<\/a><\/li><li class='ez-toc-page-1 ez-toc-heading-level-2'><a class=\"ez-toc-link ez-toc-heading-2\" href=\"https:\/\/www.editorasolucao.com.br\/blog\/concurso\/iftm\/#Quais_cargos_vagas_e_salarios_estao_sendo_ofertados\" title=\"Quais cargos, vagas e sal\u00e1rios est\u00e3o sendo ofertados?\">Quais cargos, vagas e sal\u00e1rios est\u00e3o sendo ofertados?<\/a><\/li><li class='ez-toc-page-1 ez-toc-heading-level-2'><a class=\"ez-toc-link ez-toc-heading-3\" href=\"https:\/\/www.editorasolucao.com.br\/blog\/concurso\/iftm\/#Requisitos_exigidos_para_a_investidura_dos_cargos\" title=\"Requisitos exigidos para a investidura dos cargos\">Requisitos exigidos para a investidura dos cargos<\/a><\/li><li class='ez-toc-page-1 ez-toc-heading-level-2'><a class=\"ez-toc-link ez-toc-heading-4\" href=\"https:\/\/www.editorasolucao.com.br\/blog\/concurso\/iftm\/#Como_os_candidatos_do_concurso_IFTM_serao_avaliados\" title=\"Como os candidatos do concurso IFTM ser\u00e3o avaliados?\">Como os candidatos do concurso IFTM ser\u00e3o avaliados?<\/a><\/li><\/ul><\/nav><\/div>\n<h2 class=\"wp-block-heading\"><span class=\"ez-toc-section\" id=\"Inscricoes_para_o_concurso_IFTM\"><\/span>Inscri\u00e7\u00f5es para o concurso IFTM<span class=\"ez-toc-section-end\"><\/span><\/h2>\n\n\n\n<p>As inscri\u00e7\u00f5es para o concurso IFTM j\u00e1 est\u00e3o abertas! Os interessados devem se inscrever at\u00e9 <strong>\u00e0s 23h59min do dia 7 de outubro de 2024<\/strong>, atrav\u00e9s do site da banca organizadora do certame, o <a href=\"https:\/\/www.nossorumo.org.br\/\" target=\"_blank\" rel=\"noreferrer noopener\">Nosso Rumo.<\/a> <\/p>\n\n\n\n<p>Os valores das taxas de inscri\u00e7\u00e3o variam de acordo com o n\u00edvel de escolaridade e do cargo pretendido, sendo<strong> R$ 75,00 <\/strong>para os cargos de n\u00edvel fundamental, <strong>R$ 130,00<\/strong> para os cargos de n\u00edvel superior e <strong>R$ 140,00<\/strong> para os cargos de Professores. <\/p>\n\n\n\n<p>Para homologar sua inscri\u00e7\u00e3o, o candidato deve efetuar o pagamento do boleto banc\u00e1rio at\u00e9 a data limite de <strong>8 de outubro de 2024. <\/strong><\/p>\n\n\n\n<p>O candidato doador de medula \u00f3ssea ou o candidato inscrito no Cad\u00danico, que perten\u00e7a a fam\u00edlia baixa renda, poder\u00e3o solicitar a isen\u00e7\u00e3o dessas taxas at\u00e9 <strong>\u00e0s 23h59min do dia de hoje, 9 de setembro. <\/strong><\/p>\n\n\n\n<h2 class=\"wp-block-heading\"><span class=\"ez-toc-section\" id=\"Quais_cargos_vagas_e_salarios_estao_sendo_ofertados\"><\/span>Quais cargos, vagas e sal\u00e1rios est\u00e3o sendo ofertados? <span class=\"ez-toc-section-end\"><\/span><\/h2>\n\n\n\n<p>O concurso do Instituto Federal do Tri\u00e2ngulo Mineiro est\u00e1 ofertando <strong>51 vagas imediatas<\/strong> para cargos de n\u00edveis m\u00e9dio e superior. Confira como essas oportunidades est\u00e3o sendo distribu\u00eddas e suas remunera\u00e7\u00f5es: <\/p>\n\n\n\n<h3 class=\"wp-block-heading\">Cargos do edital 31\/2024<\/h3>\n\n\n\n<p><strong>M\u00e9dio<\/strong><\/p>\n\n\n\n<ul>\n<li><a href=\"https:\/\/www.editorasolucao.com.br\/apostila\/iftm-assistente-administracao\" target=\"_blank\" rel=\"noreferrer noopener\">Assistente em Administra\u00e7\u00e3o (10)<\/a>\n<ul>\n<li>R$ 2.667,19<\/li>\n<\/ul>\n<\/li>\n\n\n\n<li>T\u00e9cnico de Laborat\u00f3rio &#8211; eletrot\u00e9cnica (1)\n<ul>\n<li>R$ 2.667,19<\/li>\n<\/ul>\n<\/li>\n\n\n\n<li>T\u00e9cnico de Laborat\u00f3rio &#8211; qu\u00edmica (2)\n<ul>\n<li>R$ 2.667,19<\/li>\n<\/ul>\n<\/li>\n\n\n\n<li>T\u00e9cnico em Agropecu\u00e1ria (2)\n<ul>\n<li>R$ 2.667,19<\/li>\n<\/ul>\n<\/li>\n\n\n\n<li>T\u00e9cnico em Tecnologia da Informa\u00e7\u00e3o (6)\n<ul>\n<li>R$ 2.667,19<\/li>\n<\/ul>\n<\/li>\n<\/ul>\n\n\n\n<p><strong>Superior <\/strong><\/p>\n\n\n\n<ul>\n<li>Analista de TI (2)\n<ul>\n<li>R$ 4.556, 92<\/li>\n<\/ul>\n<\/li>\n\n\n\n<li>Contador (2)\n<ul>\n<li>R$ 4.556, 92<\/li>\n<\/ul>\n<\/li>\n\n\n\n<li>Engenheiro Agr\u00f4nomo (1)\n<ul>\n<li>R$ 4.556, 92<\/li>\n<\/ul>\n<\/li>\n\n\n\n<li>Engenheiro Ambiental (1)\n<ul>\n<li>R$ 4.556, 92<\/li>\n<\/ul>\n<\/li>\n\n\n\n<li>T\u00e9cnico em Assuntos Educacionais (2)\n<ul>\n<li>R$ 4.556, 92<\/li>\n<\/ul>\n<\/li>\n\n\n\n<li>Tecn\u00f3logo-Forma\u00e7\u00e3o (2)\n<ul>\n<li>R$ 4.556, 92<\/li>\n<\/ul>\n<\/li>\n<\/ul>\n\n\n\n<h3 class=\"wp-block-heading\">Cargos do edital 32\/2024<\/h3>\n\n\n\n<p><strong>Superior <\/strong><\/p>\n\n\n\n<ul>\n<li>Professor do Ensino B\u00e1sico, T\u00e9cnico e Tecn\u00f3logo \n<ul>\n<li>Administra\u00e7\u00e3o (1)<\/li>\n\n\n\n<li>Administra\u00e7\u00e3o\/Contabilidade (1)<\/li>\n\n\n\n<li>Biologia (1)<\/li>\n\n\n\n<li>Desenho T\u00e9cnico\/cartografia\/topografia constru\u00e7\u00f5es rurais (1)<\/li>\n\n\n\n<li>Educa\u00e7\u00e3o F\u00edsica (1)<\/li>\n\n\n\n<li>Eletr\u00f4nica (1)<\/li>\n\n\n\n<li>Filosofia (1)<\/li>\n\n\n\n<li>Filosofia\/Sociologia (1)<\/li>\n\n\n\n<li>F\u00edsica (2)<\/li>\n\n\n\n<li>Inform\u00e1tica (1)<\/li>\n\n\n\n<li>Letras &#8211; Portugu\u00eas\/ingl\u00eas (1)<\/li>\n\n\n\n<li>Letras &#8211; Reda\u00e7\u00e3o (1)<\/li>\n\n\n\n<li>Matem\u00e1tica (4)<\/li>\n\n\n\n<li>Qu\u00edmica (2)<\/li>\n\n\n\n<li>Turismo (1)<\/li>\n<\/ul>\n<\/li>\n<\/ul>\n\n\n\n<p><\/p>\n\n\n\n<p>O sal\u00e1rio base de um Professor do IFTM \u00e9 de <strong>R$ 4.875,18<\/strong>, mas esse valor pode ser acrescido de alguns benef\u00edcios dependendo do n\u00edvel de escolaridade do servidor. Confira: <\/p>\n\n\n\n<ul>\n<li>Aperfei\u00e7oamento \n<ul>\n<li>R$ 487,51<\/li>\n<\/ul>\n<\/li>\n\n\n\n<li>Especializa\u00e7\u00e3o\n<ul>\n<li>R$ 975,04<\/li>\n<\/ul>\n<\/li>\n\n\n\n<li>Mestrado\n<ul>\n<li>R$ 2.437,59<\/li>\n<\/ul>\n<\/li>\n\n\n\n<li>Doutorado\n<ul>\n<li>R$ 5.606,46<\/li>\n<\/ul>\n<\/li>\n<\/ul>\n\n\n\n<h2 class=\"wp-block-heading\"><span class=\"ez-toc-section\" id=\"Requisitos_exigidos_para_a_investidura_dos_cargos\"><\/span>Requisitos exigidos para a investidura dos cargos<span class=\"ez-toc-section-end\"><\/span><\/h2>\n\n\n\n<p>De acordo com o edital, esses s\u00e3o os requisitos b\u00e1sicos exigidos para a nomea\u00e7\u00e3o e posse dos cargos ofertados: <\/p>\n\n\n\n<ul>\n<li>Ser brasileiro nato ou naturalizado e em caso de nacionalidade portuguesa, estar amparado pelo Estatuto da Igualdade entre Brasileiros e Portugueses, com reconhecimento de gozo de direitos pol\u00edticos, nos termos do Par\u00e1grafo 1\u00ba, inciso II do Art. 12 da Constitui\u00e7\u00e3o Federal\/1988 e do Decreto Federal n\u00ba 70.436\/1972;<\/li>\n\n\n\n<li>Ter completado 18 (dezoito) anos at\u00e9 a data da posse;<\/li>\n\n\n\n<li>Estar em pleno exerc\u00edcio dos direitos pol\u00edticos;<\/li>\n\n\n\n<li>Possuir a escolaridade exigida e demais requisitos para o exerc\u00edcio do cargo\/\u00e1rea (a comprova\u00e7\u00e3o da escolaridade dar-se-\u00e1 atrav\u00e9s de certificado e\/ou diploma\/t\u00edtulo, devidamente registrado, acompanhado do Hist\u00f3rico Escolar fornecido por institui\u00e7\u00e3o de ensino reconhecida pelo Minist\u00e9rio da Educa\u00e7\u00e3o \u2013 MEC, conforme disposto no Of\u00edcio-Circular n\u00ba 3\/2017\/GAB\/SAA\/SAAMEC, de 7\/4\/2017);<\/li>\n\n\n\n<li>Declarar expressamente o exerc\u00edcio ou n\u00e3o de cargo\/\u00e1rea, emprego ou fun\u00e7\u00e3o p\u00fablica nos \u00f3rg\u00e3os e entidades da Administra\u00e7\u00e3o P\u00fablica Estadual, Federal ou Municipal, para fins de verifica\u00e7\u00e3o do ac\u00famulo de cargos\/\u00e1reas;<\/li>\n\n\n\n<li>A quita\u00e7\u00e3o com as obriga\u00e7\u00f5es eleitorais;<\/li>\n\n\n\n<li>A quita\u00e7\u00e3o com as obriga\u00e7\u00f5es militares (para candidatos do sexo masculino);<\/li>\n\n\n\n<li>Ter aptid\u00e3o f\u00edsica e mental para o exerc\u00edcio das atribui\u00e7\u00f5es do cargo\/\u00e1rea, comprovada atrav\u00e9s de Atestado de Sa\u00fade para Investidura em Cargo P\u00fablico;<\/li>\n\n\n\n<li>N\u00e3o receber proventos de aposentadoria que caracterizem acumula\u00e7\u00e3o il\u00edcita de cargos\/\u00e1reas, na forma do Art. 37, inciso XVI, da Constitui\u00e7\u00e3o Federal\/1988\u037e<\/li>\n\n\n\n<li>N\u00e3o ter sofrido, no exerc\u00edcio de fun\u00e7\u00e3o p\u00fablica, penalidade incompat\u00edvel com a investidura em cargo\/\u00e1rea p\u00fablico federal, prevista no Art. 137 da Lei n\u00ba 8.112\/1990;<\/li>\n\n\n\n<li>Para o ocupante de cargo\/\u00e1rea com regime de trabalho de Dedica\u00e7\u00e3o Exclusiva n\u00e3o exercer outra atividade p\u00fablica ou privada;<\/li>\n\n\n\n<li>Ter sido aprovado e classificado no Concurso P\u00fablico;<\/li>\n\n\n\n<li>Atender \u00e0s demais exig\u00eancias contidas neste Edital.<\/li>\n<\/ul>\n\n\n\n<h2 class=\"wp-block-heading\"><span class=\"ez-toc-section\" id=\"Como_os_candidatos_do_concurso_IFTM_serao_avaliados\"><\/span>Como os candidatos do concurso IFTM ser\u00e3o avaliados? <span class=\"ez-toc-section-end\"><\/span><\/h2>\n\n\n\n<p>Os candidatos do concurso IFTM ser\u00e3o avaliados por meio das seguintes etapas de sele\u00e7\u00e3o: prova objetiva (para todos os cargos), prova de desempenho did\u00e1tico (para os cargos de Professores) e avalia\u00e7\u00e3o de t\u00edtulos (para os cargos de Professores). <\/p>\n\n\n\n<p>Vamos conferir com mais detalhes? <\/p>\n\n\n\n<h3 class=\"wp-block-heading\">Prova Objetiva<\/h3>\n\n\n\n<p>A prova objetiva, de car\u00e1ter eliminat\u00f3rio e classificat\u00f3rio, ser\u00e1 aplicada na data prevista de <strong>20 de outubro de 2024<\/strong>, em hor\u00e1rios e locais que ainda ser\u00e3o divulgados. <\/p>\n\n\n\n<p>A avalia\u00e7\u00e3o ser\u00e1 composta de <strong>40 quest\u00f5es de m\u00faltipla escolha<\/strong> que ser\u00e3o versadas sobre as seguintes disciplinas: <\/p>\n\n\n\n<ul>\n<li>L\u00edngua Portuguesa: 10 quest\u00f5es<\/li>\n\n\n\n<li>Legisla\u00e7\u00e3o: 10 quest\u00f5es<\/li>\n\n\n\n<li>Conhecimentos Espec\u00edficos: 20 quest\u00f5es<\/li>\n<\/ul>\n\n\n\n<p><\/p>\n\n\n\n<p>A prova objetiva ser\u00e1 avaliada em uma escala de 0 a 100 pontos, sendo aprovado o candidato que obtiver nota igual ou superior a 60 pontos. <\/p>\n\n\n\n<h3 class=\"wp-block-heading\">Prova de Desempenho Did\u00e1tico <\/h3>\n\n\n\n<p>A prova de desempenho did\u00e1tico tem como objetivo apurar a capacidade de planejamento de aula, de comunica\u00e7\u00e3o e de s\u00edntese do candidato, bem como seu conhecimento da mat\u00e9ria de aula a ser proferida.<\/p>\n\n\n\n<p>Essa etapa consistir\u00e1 em<strong> uma aula, <\/strong>ministrada em n\u00edvel de gradua\u00e7\u00e3o, desenvolvida sobre um tema previamente sorteado, indicado para cada \u00e1rea objeto da sele\u00e7\u00e3o, e dever\u00e1 ter dura\u00e7\u00e3o m\u00e1xima de 40 minutos, acrescidos de, at\u00e9, 15 minutos reservados para argui\u00e7\u00e3o da Banca Examinadora.<\/p>\n\n\n\n<p>A avalia\u00e7\u00e3o ter\u00e1 valor total de 100 pontos e, para ser aprovado, o candidato deve obter nota igual ou superior a 60 pontos. <\/p>\n\n\n\n<h3 class=\"wp-block-heading\">Prova de T\u00edtulos<\/h3>\n\n\n\n<p>A prova de t\u00edtulos, de car\u00e1ter classificat\u00f3rio, no valor de 100 pontos, ser\u00e1 realizada para o cargo\/\u00e1rea de Professor Ensino B\u00e1sico, T\u00e9cnico e Tecnol\u00f3gico (todas as \u00e1reas). <\/p>\n\n\n\n<p>O envio dos t\u00edtulos deve ser feito atrav\u00e9s do site da banca organizadora do certame, at\u00e9 o \u00faltimo dia reservado para as inscri\u00e7\u00f5es. <\/p>\n\n\n\n<p>Essa etapa visar\u00e1 avaliar t\u00edtulos como acad\u00eamicos, atividades de ensino, extens\u00e3o, est\u00e1gios, experi\u00eancia profissional e produ\u00e7\u00e3o cient\u00edfica, t\u00e9cnica e cultural. <\/p>\n\n\n\n<p><\/p>\n\n\n\n<p><strong>Boa prova e bons estudos!<\/strong><\/p>\n","protected":false},"excerpt":{"rendered":"<p>Ol\u00e1, concurseiros! Foram divulgados os editais do concurso IFTM (Instituto Federal do Tri\u00e2ngulo Mineiro) que ofertam 51 vagas para cargos de n\u00edveis m\u00e9dio e superior, com remunera\u00e7\u00f5es iniciais que podem chegar at\u00e9 R$ 4.875,18! Ficou interessado(a)? Venha saber mais! Inscri\u00e7\u00f5es para o concurso IFTM As inscri\u00e7\u00f5es para o concurso IFTM j\u00e1 est\u00e3o abertas! Os interessados devem se inscrever at\u00e9 \u00e0s 23h59min do dia 7 de outubro de 2024, atrav\u00e9s do site da banca organizadora do certame, o Nosso Rumo. Os valores das taxas de inscri\u00e7\u00e3o variam de acordo com o n\u00edvel de escolaridade e do cargo pretendido, sendo R$ 75,00&#8230;<\/p>\n","protected":false},"author":21,"featured_media":44216,"template":"","meta":{"_acf_changed":true,"rank_math_lock_modified_date":false},"categories":[],"tags":[],"acf":[],"_links":{"self":[{"href":"https:\/\/www.editorasolucao.com.br\/blog\/wp-json\/wp\/v2\/concurso\/44214"}],"collection":[{"href":"https:\/\/www.editorasolucao.com.br\/blog\/wp-json\/wp\/v2\/concurso"}],"about":[{"href":"https:\/\/www.editorasolucao.com.br\/blog\/wp-json\/wp\/v2\/types\/concurso"}],"author":[{"embeddable":true,"href":"https:\/\/www.editorasolucao.com.br\/blog\/wp-json\/wp\/v2\/users\/21"}],"wp:featuredmedia":[{"embeddable":true,"href":"https:\/\/www.editorasolucao.com.br\/blog\/wp-json\/wp\/v2\/media\/44216"}],"wp:attachment":[{"href":"https:\/\/www.editorasolucao.com.br\/blog\/wp-json\/wp\/v2\/media?parent=44214"}],"wp:term":[{"taxonomy":"category","embeddable":true,"href":"https:\/\/www.editorasolucao.com.br\/blog\/wp-json\/wp\/v2\/categories?post=44214"},{"taxonomy":"post_tag","embeddable":true,"href":"https:\/\/www.editorasolucao.com.br\/blog\/wp-json\/wp\/v2\/tags?post=44214"}],"curies":[{"name":"wp","href":"https:\/\/api.w.org\/{rel}","templated":true}]}}