{"id":44318,"date":"2024-09-17T14:56:25","date_gmt":"2024-09-17T17:56:25","guid":{"rendered":"https:\/\/www.editorasolucao.com.br\/blog\/?post_type=concurso&#038;p=44318"},"modified":"2024-09-17T14:56:28","modified_gmt":"2024-09-17T17:56:28","slug":"ifap","status":"publish","type":"concurso","link":"https:\/\/www.editorasolucao.com.br\/blog\/concurso\/ifap","title":{"rendered":"Concurso IFAP: Saiu edital com 37 vagas para TAE!"},"content":{"rendered":"\n<p>O concurso IFAP (Instituto Federal de Educa\u00e7\u00e3o, Ci\u00eancia e Tecnologia do Amap\u00e1) foi publicado com 37 vagas para o cargo de T\u00e9cnico Administrativo em Educa\u00e7\u00e3o, de n\u00edveis m\u00e9dio e superior. Confira os detalhes! <\/p>\n\n\n\n<div id=\"ez-toc-container\" class=\"ez-toc-v2_0_69_1 counter-hierarchy ez-toc-counter ez-toc-grey ez-toc-container-direction\">\n<div class=\"ez-toc-title-container\">\n<p class=\"ez-toc-title \" >Menu de navega&ccedil;&atilde;o<\/p>\n<span class=\"ez-toc-title-toggle\"><a href=\"#\" class=\"ez-toc-pull-right ez-toc-btn ez-toc-btn-xs ez-toc-btn-default ez-toc-toggle\" aria-label=\"Toggle Table of Content\"><span class=\"ez-toc-js-icon-con\"><span class=\"\"><span class=\"eztoc-hide\" style=\"display:none;\">Toggle<\/span><span class=\"ez-toc-icon-toggle-span\"><svg style=\"fill: #999;color:#999\" xmlns=\"http:\/\/www.w3.org\/2000\/svg\" class=\"list-377408\" width=\"20px\" height=\"20px\" viewBox=\"0 0 24 24\" fill=\"none\"><path d=\"M6 6H4v2h2V6zm14 0H8v2h12V6zM4 11h2v2H4v-2zm16 0H8v2h12v-2zM4 16h2v2H4v-2zm16 0H8v2h12v-2z\" fill=\"currentColor\"><\/path><\/svg><svg style=\"fill: #999;color:#999\" class=\"arrow-unsorted-368013\" xmlns=\"http:\/\/www.w3.org\/2000\/svg\" width=\"10px\" height=\"10px\" viewBox=\"0 0 24 24\" version=\"1.2\" baseProfile=\"tiny\"><path d=\"M18.2 9.3l-6.2-6.3-6.2 6.3c-.2.2-.3.4-.3.7s.1.5.3.7c.2.2.4.3.7.3h11c.3 0 .5-.1.7-.3.2-.2.3-.5.3-.7s-.1-.5-.3-.7zM5.8 14.7l6.2 6.3 6.2-6.3c.2-.2.3-.5.3-.7s-.1-.5-.3-.7c-.2-.2-.4-.3-.7-.3h-11c-.3 0-.5.1-.7.3-.2.2-.3.5-.3.7s.1.5.3.7z\"\/><\/svg><\/span><\/span><\/span><\/a><\/span><\/div>\n<nav><ul class='ez-toc-list ez-toc-list-level-1 ' ><li class='ez-toc-page-1 ez-toc-heading-level-2'><a class=\"ez-toc-link ez-toc-heading-1\" href=\"https:\/\/www.editorasolucao.com.br\/blog\/concurso\/ifap\/#Como_fazer_a_inscricao_no_concurso_IFAP\" title=\"Como fazer a inscri\u00e7\u00e3o no concurso IFAP?\">Como fazer a inscri\u00e7\u00e3o no concurso IFAP?<\/a><\/li><li class='ez-toc-page-1 ez-toc-heading-level-2'><a class=\"ez-toc-link ez-toc-heading-2\" href=\"https:\/\/www.editorasolucao.com.br\/blog\/concurso\/ifap\/#Quais_cargos_e_salarios_estao_sendo_ofertados_no_concurso_IFAP\" title=\"Quais cargos e sal\u00e1rios est\u00e3o sendo ofertados no concurso IFAP?\">Quais cargos e sal\u00e1rios est\u00e3o sendo ofertados no concurso IFAP?<\/a><\/li><li class='ez-toc-page-1 ez-toc-heading-level-2'><a class=\"ez-toc-link ez-toc-heading-3\" href=\"https:\/\/www.editorasolucao.com.br\/blog\/concurso\/ifap\/#Quais_os_requisitos_para_participar_do_concurso_IFAP\" title=\"Quais os requisitos para participar do concurso IFAP?\">Quais os requisitos para participar do concurso IFAP?<\/a><\/li><li class='ez-toc-page-1 ez-toc-heading-level-2'><a class=\"ez-toc-link ez-toc-heading-4\" href=\"https:\/\/www.editorasolucao.com.br\/blog\/concurso\/ifap\/#Como_serao_as_provas_e_etapas_de_selecao\" title=\"Como ser\u00e3o as provas e etapas de sele\u00e7\u00e3o?\">Como ser\u00e3o as provas e etapas de sele\u00e7\u00e3o?<\/a><\/li><\/ul><\/nav><\/div>\n<h2 class=\"wp-block-heading\"><span class=\"ez-toc-section\" id=\"Como_fazer_a_inscricao_no_concurso_IFAP\"><\/span>Como fazer a inscri\u00e7\u00e3o no concurso IFAP? <span class=\"ez-toc-section-end\"><\/span><\/h2>\n\n\n\n<p>Os interessados no concurso IFAP dever\u00e3o efetuar a inscri\u00e7\u00e3o no site da banca, a <a href=\"https:\/\/www.fundatec.org.br\/portal\/concursos\/index_concursos.php?concurso=936\" target=\"_blank\" rel=\"noreferrer noopener\">Fundatec,<\/a> entre os dias <strong>18 de setembro e 17 de outubro de 2024<\/strong>.<\/p>\n\n\n\n<p>O valor da taxa de inscri\u00e7\u00e3o varia de acordo com o n\u00edvel do cargo, sendo R$110,00 para n\u00edvel E, R$90,00 para n\u00edvel D e R$70,00 para n\u00edvel C.<\/p>\n\n\n\n<p>Candidatos inscritos no Cadastro \u00danico para Programas Sociais do Governo Federal (Cad\u00danico), cuja renda familiar mensal per capita seja inferior ou igual a meio sal\u00e1rio-m\u00ednimo nacional e doadores de medula \u00f3ssea em entidades reconhecidas pelo Minist\u00e9rio da Sa\u00fade.<\/p>\n\n\n\n<p>O pedido de isen\u00e7\u00e3o dever\u00e1 ser realizado entre os dias 23 e 24 de setembro no site da banca, mediante documenta\u00e7\u00e3o comprobat\u00f3ria.<\/p>\n\n\n\n<h2 class=\"wp-block-heading\"><span class=\"ez-toc-section\" id=\"Quais_cargos_e_salarios_estao_sendo_ofertados_no_concurso_IFAP\"><\/span>Quais cargos e sal\u00e1rios est\u00e3o sendo ofertados no concurso IFAP? <span class=\"ez-toc-section-end\"><\/span><\/h2>\n\n\n\n<p>O concurso <a href=\"https:\/\/www.ifap.edu.br\/\" target=\"_blank\" rel=\"noreferrer noopener\">IFAP<\/a> oferta 37 vagas imediatas, al\u00e9m de oportunidades para forma\u00e7\u00e3o de cadastro reserva que ser\u00e1 utilizado durante todo o prazo de validade da sele\u00e7\u00e3o.<\/p>\n\n\n\n<p>S\u00e3o ofertadas oportunidades para a carreira de T\u00e9cnico Administrativo em Educa\u00e7\u00e3o (TAE) de n\u00edveis m\u00e9dio e superior. Confira a seguir a distribui\u00e7\u00e3o:<\/p>\n\n\n\n<ul>\n<li><a href=\"https:\/\/www.editorasolucao.com.br\/apostila-solucao\/ifap-assistente-aluno-tecnico-administrativo-educacao\">Assistente de Aluno:<\/a> 3 vagas<\/li>\n\n\n\n<li><a href=\"https:\/\/www.editorasolucao.com.br\/apostila-solucao\/ifap-assistente-administracao-tecnico-administrativo-educacao\">Assistente em Administra\u00e7\u00e3o:<\/a> 4 vagas<\/li>\n\n\n\n<li>T\u00e9cnico em Contabilidade: 1 vaga<\/li>\n\n\n\n<li>T\u00e9cnico em Tecnologia da Informa\u00e7\u00e3o: 2 vagas<\/li>\n\n\n\n<li>T\u00e9cnico em Laborat\u00f3rio \n<ul>\n<li>Qu\u00edmica: 1 vaga<\/li>\n\n\n\n<li>Ci\u00eancias: 1 vaga<\/li>\n\n\n\n<li>Inform\u00e1tica: 2 vagas<\/li>\n<\/ul>\n<\/li>\n\n\n\n<li>Administrador: 3 vagas<\/li>\n\n\n\n<li>Assistente Social: 1 vaga<\/li>\n\n\n\n<li>Bibliotec\u00e1rio-Documentalista: 1 vaga<\/li>\n\n\n\n<li>Contador: 2 vagas<\/li>\n\n\n\n<li>Engenheiro Civil: 3 vagas<\/li>\n\n\n\n<li>M\u00e9dico \n<ul>\n<li>Medicina do Trabalho: 2 vagas<\/li>\n<\/ul>\n<\/li>\n\n\n\n<li>Nutricionista: 1 vaga<\/li>\n\n\n\n<li>Pedagogo: 5 vagas<\/li>\n\n\n\n<li>Psic\u00f3logo: 1 vaga<\/li>\n\n\n\n<li>T\u00e9cnico em Assuntos Educacionais: 2 vagas<\/li>\n\n\n\n<li>Tecn\u00f3logo\/Produ\u00e7\u00e3o Audiovisual: 1 vaga<\/li>\n\n\n\n<li>Engenheiro Agr\u00f4nomo: 1 vaga<\/li>\n<\/ul>\n\n\n\n<p>A remunera\u00e7\u00e3o varia de acordo com o n\u00edvel de classifica\u00e7\u00e3o dos servidores, sendo:<\/p>\n\n\n\n<ul>\n<li>n\u00edvel C: R$2.120,13<\/li>\n\n\n\n<li>n\u00edvel D: R$2.667,19<\/li>\n\n\n\n<li>n\u00edvel E: R$4.556,92<\/li>\n<\/ul>\n\n\n\n<p>Al\u00e9m do sal\u00e1rio, os profissionais receber\u00e3o aux\u00edlio-alimenta\u00e7\u00e3o no valor de R$1.000,00, aux\u00edlio-transporte, aux\u00edlio-sa\u00fade, progress\u00e3o por m\u00e9rito e por capacita\u00e7\u00e3o e incentivo a qualifica\u00e7\u00e3o.<\/p>\n\n\n\n<h2 class=\"wp-block-heading\"><span class=\"ez-toc-section\" id=\"Quais_os_requisitos_para_participar_do_concurso_IFAP\"><\/span>Quais os requisitos para participar do concurso IFAP? <span class=\"ez-toc-section-end\"><\/span><\/h2>\n\n\n\n<p>S\u00e3o condi\u00e7\u00f5es m\u00ednimas para investidura no cargo: <\/p>\n\n\n\n<ul>\n<li>ser brasileiro nato ou naturalizado ou de nacionalidade portuguesa, amparado pelo Estatuto de Igualdade entre Brasileiros e Portugueses, com reconhecimento do gozo de direitos pol\u00edticos, nos termos do Art. 12, \u00a7 1\u00ba, da Constitui\u00e7\u00e3o da Rep\u00fablica Federativa do Brasil e na forma do disposto no Art. 13 do Decreto n\u00ba 70.436\/1972;<\/li>\n\n\n\n<li>ter idade m\u00ednima de 18 anos completos;<\/li>\n\n\n\n<li>encontrar-se no pleno gozo de seus direitos civis e pol\u00edticos;<\/li>\n\n\n\n<li>estar quite com as obriga\u00e7\u00f5es militares e eleitorais;<\/li>\n\n\n\n<li>conhecer e estar de acordo com as exig\u00eancias do presente Edital;<\/li>\n\n\n\n<li>ter aptid\u00e3o f\u00edsica e mental, conforme art. 5\u00ba, inc. VI, da Lei n\u00ba 8.112\/90, Decreto n\u00ba 9.739\/2019 e suas altera\u00e7\u00f5es;<\/li>\n\n\n\n<li>no caso de estrangeiro, estar com situa\u00e7\u00e3o regular no pa\u00eds, por interm\u00e9dio de visto permanente que o habilite, inclusive, a trabalhar no territ\u00f3rio nacional;<\/li>\n\n\n\n<li>possuir a escolaridade exigida para o cargo at\u00e9 a data da posse;<\/li>\n\n\n\n<li>apresentar outros documentos que vierem a ser exigidos;<\/li>\n\n\n\n<li>ser considerado APTO em todos os exames m\u00e9dicos pr\u00e9-admissionais, apresentando todos os exames cl\u00ednicos e laboratoriais solicitados, os quais correr\u00e3o \u00e0s expensas do candidato;<\/li>\n\n\n\n<li>n\u00e3o ter sofrido, no exerc\u00edcio de fun\u00e7\u00e3o p\u00fablica, penalidade incompat\u00edvel com a investidura em cargo p\u00fablico federal, prevista no Art. 137, Par\u00e1grafo \u00fanico, da Lei n\u00ba 8.112\/1990;<\/li>\n\n\n\n<li>n\u00e3o acumular cargos, empregos e fun\u00e7\u00f5es p\u00fablicas, exceto aqueles permitidos pela Constitui\u00e7\u00e3o Federal, assegurada a hip\u00f3tese de op\u00e7\u00e3o dentro do prazo para posse, previsto no \u00a71.\u00ba do art.13 da Lei n\u00ba. 8.112\/90.<\/li>\n\n\n\n<li>n\u00e3o receber proventos de aposentadoria que caracterizem acumula\u00e7\u00e3o il\u00edcita de cargos, na forma do art. 37, inc. XVI, da Constitui\u00e7\u00e3o Federal.<\/li>\n\n\n\n<li>autorizar o acesso \u00e0s Declara\u00e7\u00f5es de Ajuste Anual do Imposto de Renda de Pessoa F\u00edsica, de acordo com a Instru\u00e7\u00e3o Normativa do Tribunal de Contas da Uni\u00e3o (TCU) n\u00ba 65\/2011.<\/li>\n<\/ul>\n\n\n\n<h2 class=\"wp-block-heading\"><span class=\"ez-toc-section\" id=\"Como_serao_as_provas_e_etapas_de_selecao\"><\/span>Como ser\u00e3o as provas e etapas de sele\u00e7\u00e3o? <span class=\"ez-toc-section-end\"><\/span><\/h2>\n\n\n\n<p>Os candidatos ser\u00e3o avaliados por meio de uma \u00fanica etapa: prova te\u00f3rico-objetiva, de car\u00e1ter eliminat\u00f3rio e classificat\u00f3rio.<\/p>\n\n\n\n<p>A prova ser\u00e1 aplicada no dia 1\u00b0 de dezembro de 2024, na cidade de Macap\u00e1, e ser\u00e1 composta por 60\u00a0quest\u00f5es\u00a0de m\u00faltipla escolha, com cinco alternativas cada, sendo apenas uma resposta correta, sobre as seguintes disciplinas:<\/p>\n\n\n\n<ul>\n<li>l\u00edngua portuguesa: 6 quest\u00f5es<\/li>\n\n\n\n<li>no\u00e7\u00f5es de inform\u00e1tica: 6 quest\u00f5es<\/li>\n\n\n\n<li>racioc\u00ednio l\u00f3gico: 6 quest\u00f5es<\/li>\n\n\n\n<li>legisla\u00e7\u00e3o: 6 quest\u00f5es<\/li>\n\n\n\n<li>hist\u00f3ria e geografia do Amap\u00e1: 6 quest\u00f5es<\/li>\n\n\n\n<li>conhecimentos espec\u00edficos: 30 quest\u00f5es <\/li>\n<\/ul>\n\n\n\n<p><\/p>\n\n\n\n<p>A prova ser\u00e1 avaliada em escala de 0 a 90 pontos e ser\u00e3o considerados aprovados os candidatos que obtiverem, no m\u00ednimo, 45 pontos.<\/p>\n\n\n\n<p>O concurso IFAP ter\u00e1 validade de dois anos, contados da data de emiss\u00e3o do edital de homologa\u00e7\u00e3o dos resultados finais e poder\u00e1 ser prorrogado, por igual per\u00edodo, uma \u00fanica vez, a crit\u00e9rio e responsabilidade do Reitor do Instituto.<\/p>\n\n\n\n<p><\/p>\n","protected":false},"excerpt":{"rendered":"<p>O concurso IFAP (Instituto Federal de Educa\u00e7\u00e3o, Ci\u00eancia e Tecnologia do Amap\u00e1) foi publicado com 37 vagas para o cargo de T\u00e9cnico Administrativo em Educa\u00e7\u00e3o, de n\u00edveis m\u00e9dio e superior. Confira os detalhes! Como fazer a inscri\u00e7\u00e3o no concurso IFAP? Os interessados no concurso IFAP dever\u00e3o efetuar a inscri\u00e7\u00e3o no site da banca, a Fundatec, entre os dias 18 de setembro e 17 de outubro de 2024. O valor da taxa de inscri\u00e7\u00e3o varia de acordo com o n\u00edvel do cargo, sendo R$110,00 para n\u00edvel E, R$90,00 para n\u00edvel D e R$70,00 para n\u00edvel C. Candidatos inscritos no Cadastro \u00danico&#8230;<\/p>\n","protected":false},"author":22,"featured_media":44320,"template":"","meta":{"_acf_changed":true,"rank_math_lock_modified_date":false},"categories":[],"tags":[],"acf":[],"_links":{"self":[{"href":"https:\/\/www.editorasolucao.com.br\/blog\/wp-json\/wp\/v2\/concurso\/44318"}],"collection":[{"href":"https:\/\/www.editorasolucao.com.br\/blog\/wp-json\/wp\/v2\/concurso"}],"about":[{"href":"https:\/\/www.editorasolucao.com.br\/blog\/wp-json\/wp\/v2\/types\/concurso"}],"author":[{"embeddable":true,"href":"https:\/\/www.editorasolucao.com.br\/blog\/wp-json\/wp\/v2\/users\/22"}],"wp:featuredmedia":[{"embeddable":true,"href":"https:\/\/www.editorasolucao.com.br\/blog\/wp-json\/wp\/v2\/media\/44320"}],"wp:attachment":[{"href":"https:\/\/www.editorasolucao.com.br\/blog\/wp-json\/wp\/v2\/media?parent=44318"}],"wp:term":[{"taxonomy":"category","embeddable":true,"href":"https:\/\/www.editorasolucao.com.br\/blog\/wp-json\/wp\/v2\/categories?post=44318"},{"taxonomy":"post_tag","embeddable":true,"href":"https:\/\/www.editorasolucao.com.br\/blog\/wp-json\/wp\/v2\/tags?post=44318"}],"curies":[{"name":"wp","href":"https:\/\/api.w.org\/{rel}","templated":true}]}}