{"id":44615,"date":"2024-10-11T11:59:18","date_gmt":"2024-10-11T14:59:18","guid":{"rendered":"https:\/\/www.editorasolucao.com.br\/blog\/?post_type=concurso&#038;p=44615"},"modified":"2024-10-11T11:59:20","modified_gmt":"2024-10-11T14:59:20","slug":"prefeitura-de-morada-nova-ce","status":"publish","type":"concurso","link":"https:\/\/www.editorasolucao.com.br\/blog\/concurso\/prefeitura-de-morada-nova-ce","title":{"rendered":"Concurso Prefeitura de Morada Nova: Saiu edital com 320 vagas!"},"content":{"rendered":"\n<p>Ol\u00e1, concurseiros! Foi divulgado o edital do concurso Prefeitura de Morada Nova, munic\u00edpio do estado do Cear\u00e1, onde est\u00e3o sendo ofertadas <strong>320 vagas<\/strong>, imediatas e de cadastro reserva, para cargos de n\u00edveis m\u00e9dio e superior. As remunera\u00e7\u00f5es iniciais podem chegar at\u00e9 <strong>R$ 3,5 mil!<\/strong> Ficou interessado(a)? Venha saber mais! <\/p>\n\n\n\n<div id=\"ez-toc-container\" class=\"ez-toc-v2_0_69_1 counter-hierarchy ez-toc-counter ez-toc-grey ez-toc-container-direction\">\n<div class=\"ez-toc-title-container\">\n<p class=\"ez-toc-title \" >Menu de navega&ccedil;&atilde;o<\/p>\n<span class=\"ez-toc-title-toggle\"><a href=\"#\" class=\"ez-toc-pull-right ez-toc-btn ez-toc-btn-xs ez-toc-btn-default ez-toc-toggle\" aria-label=\"Toggle Table of Content\"><span class=\"ez-toc-js-icon-con\"><span class=\"\"><span class=\"eztoc-hide\" style=\"display:none;\">Toggle<\/span><span class=\"ez-toc-icon-toggle-span\"><svg style=\"fill: #999;color:#999\" xmlns=\"http:\/\/www.w3.org\/2000\/svg\" class=\"list-377408\" width=\"20px\" height=\"20px\" viewBox=\"0 0 24 24\" fill=\"none\"><path d=\"M6 6H4v2h2V6zm14 0H8v2h12V6zM4 11h2v2H4v-2zm16 0H8v2h12v-2zM4 16h2v2H4v-2zm16 0H8v2h12v-2z\" fill=\"currentColor\"><\/path><\/svg><svg style=\"fill: #999;color:#999\" class=\"arrow-unsorted-368013\" xmlns=\"http:\/\/www.w3.org\/2000\/svg\" width=\"10px\" height=\"10px\" viewBox=\"0 0 24 24\" version=\"1.2\" baseProfile=\"tiny\"><path d=\"M18.2 9.3l-6.2-6.3-6.2 6.3c-.2.2-.3.4-.3.7s.1.5.3.7c.2.2.4.3.7.3h11c.3 0 .5-.1.7-.3.2-.2.3-.5.3-.7s-.1-.5-.3-.7zM5.8 14.7l6.2 6.3 6.2-6.3c.2-.2.3-.5.3-.7s-.1-.5-.3-.7c-.2-.2-.4-.3-.7-.3h-11c-.3 0-.5.1-.7.3-.2.2-.3.5-.3.7s.1.5.3.7z\"\/><\/svg><\/span><\/span><\/span><\/a><\/span><\/div>\n<nav><ul class='ez-toc-list ez-toc-list-level-1 ' ><li class='ez-toc-page-1 ez-toc-heading-level-2'><a class=\"ez-toc-link ez-toc-heading-1\" href=\"https:\/\/www.editorasolucao.com.br\/blog\/concurso\/prefeitura-de-morada-nova-ce\/#Como_participar_do_concurso_Prefeitura_de_Morada_Nova\" title=\"Como participar do concurso Prefeitura de Morada Nova?\">Como participar do concurso Prefeitura de Morada Nova?<\/a><\/li><li class='ez-toc-page-1 ez-toc-heading-level-2'><a class=\"ez-toc-link ez-toc-heading-2\" href=\"https:\/\/www.editorasolucao.com.br\/blog\/concurso\/prefeitura-de-morada-nova-ce\/#Quais_cargos_vagas_e_salarios_estao_sendo_ofertados\" title=\"Quais cargos, vagas e sal\u00e1rios est\u00e3o sendo ofertados?\">Quais cargos, vagas e sal\u00e1rios est\u00e3o sendo ofertados?<\/a><\/li><li class='ez-toc-page-1 ez-toc-heading-level-2'><a class=\"ez-toc-link ez-toc-heading-3\" href=\"https:\/\/www.editorasolucao.com.br\/blog\/concurso\/prefeitura-de-morada-nova-ce\/#Requisitos_para_a_investidura_dos_cargos_ofertados\" title=\"Requisitos para a investidura dos cargos ofertados\">Requisitos para a investidura dos cargos ofertados<\/a><\/li><li class='ez-toc-page-1 ez-toc-heading-level-2'><a class=\"ez-toc-link ez-toc-heading-4\" href=\"https:\/\/www.editorasolucao.com.br\/blog\/concurso\/prefeitura-de-morada-nova-ce\/#Como_os_candidatos_do_concurso_Prefeitura_de_Morada_Nova_serao_avaliados\" title=\"Como os candidatos do concurso Prefeitura de Morada Nova ser\u00e3o avaliados?\">Como os candidatos do concurso Prefeitura de Morada Nova ser\u00e3o avaliados?<\/a><\/li><\/ul><\/nav><\/div>\n<h2 class=\"wp-block-heading\"><span class=\"ez-toc-section\" id=\"Como_participar_do_concurso_Prefeitura_de_Morada_Nova\"><\/span>Como participar do concurso Prefeitura de Morada Nova? <span class=\"ez-toc-section-end\"><\/span><\/h2>\n\n\n\n<p>J\u00e1 \u00e9 poss\u00edvel realizar as inscri\u00e7\u00f5es para o concurso Prefeitura de Morada Nova! Os candidatos t\u00eam at\u00e9 o dia <strong>30 de outubro de 2024 <\/strong>para se inscreverem por meio do site do <a href=\"https:\/\/www.consulpam.com.br\/index.php?menu=concursos&amp;acao=ver&amp;id=628\" target=\"_blank\" rel=\"noreferrer noopener\">Instituto Consulpam<\/a>, respons\u00e1vel pela organiza\u00e7\u00e3o do certame.<\/p>\n\n\n\n<p>As taxas de inscri\u00e7\u00e3o possuem valores distintos conforme o n\u00edvel de escolaridade do cargo almejado, sendo de <strong>R$ 100,00<\/strong> para cargos de n\u00edvel m\u00e9dio e <strong>R$ 140,00<\/strong> para cargos de n\u00edvel superior.<\/p>\n\n\n\n<p>A fim de garantir a homologa\u00e7\u00e3o da inscri\u00e7\u00e3o, \u00e9 necess\u00e1rio que o candidato efetue o pagamento do boleto banc\u00e1rio dentro do prazo estabelecido para as inscri\u00e7\u00f5es.<\/p>\n\n\n\n<p>Houve a oportunidade de solicitar a isen\u00e7\u00e3o dessas taxas de inscri\u00e7\u00e3o, mas esse per\u00edodo j\u00e1 foi encerrado!<\/p>\n\n\n\n<h2 class=\"wp-block-heading\"><span class=\"ez-toc-section\" id=\"Quais_cargos_vagas_e_salarios_estao_sendo_ofertados\"><\/span>Quais cargos, vagas e sal\u00e1rios est\u00e3o sendo ofertados? <span class=\"ez-toc-section-end\"><\/span><\/h2>\n\n\n\n<p>O concurso <a href=\"https:\/\/www.editorasolucao.com.br\/blog\/concursos-abertos-ce\" target=\"_blank\" rel=\"noreferrer noopener\">Prefeitura de Morada Nova<\/a> tem um total de <strong>320 vagas dispon\u00edveis<\/strong>, tanto para contrata\u00e7\u00e3o imediata como para forma\u00e7\u00e3o de cadastro reserva. As oportunidades s\u00e3o para candidatos com forma\u00e7\u00e3o de n\u00edvel m\u00e9dio e superior. Veja como essas vagas est\u00e3o sendo distribu\u00eddas e os respectivos sal\u00e1rios oferecidos: <\/p>\n\n\n\n<h3 class=\"wp-block-heading\">Cargos de n\u00edvel m\u00e9dio<\/h3>\n\n\n\n<ul>\n<li>Merendeira (21 + 63 CR)\n<ul>\n<li>R$ 1.412,00<\/li>\n<\/ul>\n<\/li>\n\n\n\n<li>Auxiliar de Servi\u00e7os Gerais (65 + 193 CR)\n<ul>\n<li>R$ 1.412,00<\/li>\n<\/ul>\n<\/li>\n<\/ul>\n\n\n\n<h3 class=\"wp-block-heading\">Cargos de n\u00edvel superior<\/h3>\n\n\n\n<ul>\n<li>Professor de Educa\u00e7\u00e3o Infantil (25 + 75 CR)\n<ul>\n<li>R$ 2.290,28<\/li>\n<\/ul>\n<\/li>\n\n\n\n<li>Professor Fundamental I (53 + 159 CR)\n<ul>\n<li>R$ 2.290,28<\/li>\n<\/ul>\n<\/li>\n\n\n\n<li>Professor de Portugu\u00eas (27 + 81 CR)\n<ul>\n<li>R$ 2.290,28<\/li>\n<\/ul>\n<\/li>\n\n\n\n<li>Professor de Matem\u00e1tica (29 + 87 CR)\n<ul>\n<li>R$ 2.290,28<\/li>\n<\/ul>\n<\/li>\n\n\n\n<li>Professor de Empreendedorismo (7 + 21 CR)\n<ul>\n<li>R$ 2.290,28<\/li>\n<\/ul>\n<\/li>\n\n\n\n<li>Professor de Ci\u00eancias (18 + 54 CR)\n<ul>\n<li>R$ 2.290,28<\/li>\n<\/ul>\n<\/li>\n\n\n\n<li>Professor de Educa\u00e7\u00e3o Ambiental (7 + 21 CR)\n<ul>\n<li>R$ 2.290,28<\/li>\n<\/ul>\n<\/li>\n\n\n\n<li>Professor de Geografia (5 + 15 CR)\n<ul>\n<li>R$ 2.290,28<\/li>\n<\/ul>\n<\/li>\n\n\n\n<li>Professor de Hist\u00f3ria (7 + 21 CR)\n<ul>\n<li>R$ 2.290,28<\/li>\n<\/ul>\n<\/li>\n\n\n\n<li>Professor de Filosofia (7 + 21 CR)\n<ul>\n<li>R$ 2.290,28<\/li>\n<\/ul>\n<\/li>\n\n\n\n<li>Professor de Ci\u00eancias da Computa\u00e7\u00e3o (7 + 21 CR)\n<ul>\n<li>R$ 2.290,28<\/li>\n<\/ul>\n<\/li>\n\n\n\n<li>Professor de Artes (7 + 21 CR)\n<ul>\n<li>R$ 2.290,28<\/li>\n<\/ul>\n<\/li>\n\n\n\n<li>Professor de M\u00fasica (7 + 21 CR)\n<ul>\n<li>R$ 2.290,28<\/li>\n<\/ul>\n<\/li>\n\n\n\n<li>Professor Socioemocional (15 + 45 CR)\n<ul>\n<li>R$ 2.290,28<\/li>\n<\/ul>\n<\/li>\n\n\n\n<li>Psic\u00f3logo (4 + 12 CR)\n<ul>\n<li>R$ 3.044,14<\/li>\n<\/ul>\n<\/li>\n\n\n\n<li>Assistente Social (4 + 12 CR)\n<ul>\n<li>R$ 3.500,78<\/li>\n<\/ul>\n<\/li>\n\n\n\n<li>Int\u00e9prete de Libras (5 + 15 CR)\n<ul>\n<li>R$ 2.290,28<\/li>\n<\/ul>\n<\/li>\n<\/ul>\n\n\n\n<p><\/p>\n\n\n\n<p>Aqueles que forem aprovados e contratados no concurso Prefeitura de Morada Nova precisar\u00e3o cumprir uma carga hor\u00e1ria semanal que pode variar de 20 a 40 horas, dependendo do cargo.<\/p>\n\n\n\n<h2 class=\"wp-block-heading\"><span class=\"ez-toc-section\" id=\"Requisitos_para_a_investidura_dos_cargos_ofertados\"><\/span>Requisitos para a investidura dos cargos ofertados<span class=\"ez-toc-section-end\"><\/span><\/h2>\n\n\n\n<p>Conforme estabelecido no edital, \u00e9 necess\u00e1rio atender aos seguintes crit\u00e9rios essenciais para ser nomeado e tomar posse dos cargos ofertados:<\/p>\n\n\n\n<ul>\n<li>Ser brasileiro, nato ou naturalizado, ou cidad\u00e3o portugu\u00eas que tenha adquirido a igualdade de direitos e obriga\u00e7\u00f5es civis, bem como o gozo dos direitos pol\u00edticos (Decreto n.\u00ba 70.436, de 18\/04\/72, e artigo 12, \u00a71\u00ba, da Constitui\u00e7\u00e3o Federal \u2013 artigo 3\u00ba da Emenda Constitucional n.\u00ba 19, de 04\/06\/98);<\/li>\n\n\n\n<li>Ter idade igual ou superior a 18 (dezoito) anos no ato da nomea\u00e7\u00e3o;<\/li>\n\n\n\n<li>Ter a situa\u00e7\u00e3o regularizada com as obriga\u00e7\u00f5es perante o servi\u00e7o militar, se do sexo masculino;<\/li>\n\n\n\n<li>Ter a situa\u00e7\u00e3o regularizada perante a Justi\u00e7a Eleitoral;<\/li>\n\n\n\n<li>Possuir, at\u00e9 a data da posse, todos os requisitos de habilita\u00e7\u00e3o exigidos para o cargo pretendido, conforme Anexo I;<\/li>\n\n\n\n<li>Conhecer, atender e aceitar as condi\u00e7\u00f5es estabelecidas neste edital;<\/li>\n\n\n\n<li>Estar em pleno gozo dos seus direitos pol\u00edticos e civis;<\/li>\n\n\n\n<li>Ter aptid\u00e3o f\u00edsica e mental e n\u00e3o ser pessoa com defici\u00eancia incompat\u00edvel com o exerc\u00edcio do cargo, mediante confirma\u00e7\u00e3o de exame m\u00e9dico admissional;<\/li>\n\n\n\n<li>N\u00e3o ter sofrido, no exerc\u00edcio da fun\u00e7\u00e3o p\u00fablica, penalidade incompat\u00edvel com a investidura em cargo p\u00fablico, prevista na Lei Federal n.\u00ba 8.429, de 02 de junho de 1992;<\/li>\n\n\n\n<li>N\u00e3o possuir v\u00ednculo com qualquer \u00f3rg\u00e3o ou entidade da Administra\u00e7\u00e3o P\u00fablica que impossibilite acumula\u00e7\u00e3o de cargos, empregos e fun\u00e7\u00f5es, ressalvados os casos contidos nas al\u00edneas \u201ca\u201d, \u201cb\u201d e \u201cc\u201d, inc. XVI, do art. 37, da Constitui\u00e7\u00e3o Federal, inclusive no que concerne \u00e0 compatibilidade de hor\u00e1rios;<\/li>\n\n\n\n<li>N\u00e3o ser aposentado por invalidez ou ter aposentadoria especial para o mesmo cargo, e nem estar em idade de aposentadoria compuls\u00f3ria;<\/li>\n\n\n\n<li>Possuir idoneidade moral comprovada por investiga\u00e7\u00e3o social e certid\u00f5es expedidas perante o Poder Judici\u00e1rio estadual, federal e distrital.<\/li>\n<\/ul>\n\n\n\n<figure class=\"wp-block-image size-large\"><img loading=\"lazy\" decoding=\"async\" width=\"1170\" height=\"480\" src=\"https:\/\/www.editorasolucao.com.br\/blog\/wp-content\/uploads\/2024\/10\/Concurso-Prefeitura-de-Morada-Nova-1-1170x480.webp\" alt=\"Concurso Prefeitura de Morada Nova est\u00e1 ofertando 320 vagas para n\u00edveis m\u00e9dio e superior!\" class=\"wp-image-44618\"\/><figcaption class=\"wp-element-caption\"><em>Concurso Prefeitura de Morada Nova est\u00e1 ofertando 320 vagas para n\u00edveis m\u00e9dio e superior!<\/em><\/figcaption><\/figure>\n\n\n\n<h2 class=\"wp-block-heading\"><span class=\"ez-toc-section\" id=\"Como_os_candidatos_do_concurso_Prefeitura_de_Morada_Nova_serao_avaliados\"><\/span>Como os candidatos do concurso Prefeitura de Morada Nova ser\u00e3o avaliados? <span class=\"ez-toc-section-end\"><\/span><\/h2>\n\n\n\n<p>A sele\u00e7\u00e3o dos candidatos do concurso Prefeitura de Morada Nova consistir\u00e1 em duas etapas de avalia\u00e7\u00e3o: <strong>prova objetiva<\/strong>, aplicada para todos os cargos, e <strong>prova de t\u00edtulos<\/strong>, reservada aos cargos de n\u00edvel superior.<\/p>\n\n\n\n<h3 class=\"wp-block-heading\">Prova Objetiva<\/h3>\n\n\n\n<p>A prova objetiva, que \u00e9 decisiva para a elimina\u00e7\u00e3o e classifica\u00e7\u00e3o dos candidatos, ser\u00e1 realizada no dia estipulado de <strong>15 de dezembro de 2024,<\/strong> tanto na parte da manh\u00e3 quanto na parte da tarde.<\/p>\n\n\n\n<p>A avalia\u00e7\u00e3o incluir\u00e1 40 quest\u00f5es de m\u00faltipla escolha que abordar\u00e3o as seguintes disciplinas:<\/p>\n\n\n\n<ul>\n<li><strong>M\u00e9dio<\/strong>\n<ul>\n<li>L\u00edngua Portuguesa: 10 quest\u00f5es<\/li>\n\n\n\n<li>No\u00e7\u00f5es de inform\u00e1tica, matem\u00e1tica e conhecimentos sobre o munic\u00edpio: 10 quest\u00f5es<\/li>\n\n\n\n<li>Conhecimentos espec\u00edficos: 20 quest\u00f5es <\/li>\n<\/ul>\n<\/li>\n<\/ul>\n\n\n\n<ul>\n<li><strong>Superior &#8211; professores <\/strong>\n<ul>\n<li>L\u00edngua Portuguesa: 10 quest\u00f5es<\/li>\n\n\n\n<li>No\u00e7\u00f5es de inform\u00e1tica, matem\u00e1tica e conhecimentos sobre o munic\u00edpio: 10 quest\u00f5es<\/li>\n\n\n\n<li>Conhecimentos espec\u00edficos, did\u00e1tica e legisla\u00e7\u00e3o: 20 quest\u00f5es <\/li>\n<\/ul>\n<\/li>\n<\/ul>\n\n\n\n<ul>\n<li><strong>Superior &#8211; demais cargos<\/strong>\n<ul>\n<li>L\u00edngua Portuguesa: 10 quest\u00f5es<\/li>\n\n\n\n<li>No\u00e7\u00f5es de inform\u00e1tica, matem\u00e1tica e conhecimentos sobre o munic\u00edpio: 10 quest\u00f5es<\/li>\n\n\n\n<li>Conhecimentos espec\u00edficos: 20 quest\u00f5es <\/li>\n<\/ul>\n<\/li>\n<\/ul>\n\n\n\n<p><\/p>\n\n\n\n<p>A pontua\u00e7\u00e3o m\u00e1xima da prova objetiva \u00e9 de 100 pontos, sendo considerado aprovado o candidato que alcan\u00e7ar ou ultrapassar a marca de 50 pontos.<\/p>\n\n\n\n<h3 class=\"wp-block-heading\">Prova de T\u00edtulos<\/h3>\n\n\n\n<p>A prova de t\u00edtulos, de car\u00e1ter classificat\u00f3rio, \u00e9 exclusiva para os cargos de n\u00edvel superior. <\/p>\n\n\n\n<p>Os t\u00edtulos devem ser enviados atrav\u00e9s do site da banca organizadora, no per\u00edodo de<strong> 29 a 31 de janeiro de 2025.<\/strong><\/p>\n\n\n\n<p>Confira quais certificados ser\u00e3o avaliados: <\/p>\n\n\n\n<figure class=\"wp-block-image size-large\"><img loading=\"lazy\" decoding=\"async\" width=\"604\" height=\"480\" src=\"https:\/\/www.editorasolucao.com.br\/blog\/wp-content\/uploads\/2024\/10\/Titulos-Morada-Nova-604x480.webp\" alt=\"Tabela de t\u00edtulos do concurso Prefeitura de Morada Nova!\" class=\"wp-image-44619\"\/><figcaption class=\"wp-element-caption\"><em>Tabela de t\u00edtulos do concurso Prefeitura de Morada Nova!<\/em><\/figcaption><\/figure>\n\n\n\n<p><\/p>\n\n\n\n<p><strong>Boa prova e bons estudos!<\/strong><\/p>\n","protected":false},"excerpt":{"rendered":"<p>Foi divulgado o edital do concurso Prefeitura de Morada Nova onde est\u00e3o sendo ofertadas 320 vagas para cargos de n\u00edveis m\u00e9dio e superior!<\/p>\n","protected":false},"author":21,"featured_media":44617,"template":"","meta":{"_acf_changed":true,"rank_math_lock_modified_date":false},"categories":[52],"tags":[4331],"acf":[],"_links":{"self":[{"href":"https:\/\/www.editorasolucao.com.br\/blog\/wp-json\/wp\/v2\/concurso\/44615"}],"collection":[{"href":"https:\/\/www.editorasolucao.com.br\/blog\/wp-json\/wp\/v2\/concurso"}],"about":[{"href":"https:\/\/www.editorasolucao.com.br\/blog\/wp-json\/wp\/v2\/types\/concurso"}],"author":[{"embeddable":true,"href":"https:\/\/www.editorasolucao.com.br\/blog\/wp-json\/wp\/v2\/users\/21"}],"wp:featuredmedia":[{"embeddable":true,"href":"https:\/\/www.editorasolucao.com.br\/blog\/wp-json\/wp\/v2\/media\/44617"}],"wp:attachment":[{"href":"https:\/\/www.editorasolucao.com.br\/blog\/wp-json\/wp\/v2\/media?parent=44615"}],"wp:term":[{"taxonomy":"category","embeddable":true,"href":"https:\/\/www.editorasolucao.com.br\/blog\/wp-json\/wp\/v2\/categories?post=44615"},{"taxonomy":"post_tag","embeddable":true,"href":"https:\/\/www.editorasolucao.com.br\/blog\/wp-json\/wp\/v2\/tags?post=44615"}],"curies":[{"name":"wp","href":"https:\/\/api.w.org\/{rel}","templated":true}]}}