{"id":4465,"date":"2020-12-08T15:30:59","date_gmt":"2020-12-08T18:30:59","guid":{"rendered":"https:\/\/www.editorasolucao.com.br\/blog\/?post_type=concurso&#038;p=4465"},"modified":"2020-12-08T15:30:01","modified_gmt":"2020-12-08T18:30:01","slug":"prefeitura-de-bom-despacho-mg","status":"publish","type":"concurso","link":"https:\/\/www.editorasolucao.com.br\/blog\/concurso\/prefeitura-de-bom-despacho-mg","title":{"rendered":"Processo Seletivo Prefeitura de Bom Despacho &#8211; MG: Vagas para todos os n\u00edveis!"},"content":{"rendered":"\n<p>Foi divulgado o <a rel=\"noreferrer noopener\" aria-label=\"Edital (abre em uma nova aba)\" href=\"https:\/\/www.editorasolucao.com.br\" target=\"_blank\">Edital<\/a> do <strong>Processo Seletivo Prefeitura de Bom Despacho<\/strong>, no estado de <a href=\"https:\/\/www.editorasolucao.com.br\/blog\/concursos-abertos-mg\" target=\"_blank\" rel=\"noreferrer noopener\" aria-label=\"Minas Gerais (abre em uma nova aba)\">Minas Gerais<\/a>, que oferece <strong>38 vagas imediatas mais forma\u00e7\u00e3o de cadastro reserva<\/strong>, para candidatos de <strong>todos os n\u00edveis de escolaridade<\/strong>, com sal\u00e1rios que chegam a <strong>R$ 9,6 mil<\/strong>. Confira os detalhes ao decorrer do texto.<\/p>\n\n\n\n<div id=\"ez-toc-container\" class=\"ez-toc-v2_0_69_1 counter-hierarchy ez-toc-counter ez-toc-grey ez-toc-container-direction\">\n<div class=\"ez-toc-title-container\">\n<p class=\"ez-toc-title \" >Menu de navega&ccedil;&atilde;o<\/p>\n<span class=\"ez-toc-title-toggle\"><a href=\"#\" class=\"ez-toc-pull-right ez-toc-btn ez-toc-btn-xs ez-toc-btn-default ez-toc-toggle\" aria-label=\"Toggle Table of Content\"><span class=\"ez-toc-js-icon-con\"><span class=\"\"><span class=\"eztoc-hide\" style=\"display:none;\">Toggle<\/span><span class=\"ez-toc-icon-toggle-span\"><svg style=\"fill: #999;color:#999\" xmlns=\"http:\/\/www.w3.org\/2000\/svg\" class=\"list-377408\" width=\"20px\" height=\"20px\" viewBox=\"0 0 24 24\" fill=\"none\"><path d=\"M6 6H4v2h2V6zm14 0H8v2h12V6zM4 11h2v2H4v-2zm16 0H8v2h12v-2zM4 16h2v2H4v-2zm16 0H8v2h12v-2z\" fill=\"currentColor\"><\/path><\/svg><svg style=\"fill: #999;color:#999\" class=\"arrow-unsorted-368013\" xmlns=\"http:\/\/www.w3.org\/2000\/svg\" width=\"10px\" height=\"10px\" viewBox=\"0 0 24 24\" version=\"1.2\" baseProfile=\"tiny\"><path d=\"M18.2 9.3l-6.2-6.3-6.2 6.3c-.2.2-.3.4-.3.7s.1.5.3.7c.2.2.4.3.7.3h11c.3 0 .5-.1.7-.3.2-.2.3-.5.3-.7s-.1-.5-.3-.7zM5.8 14.7l6.2 6.3 6.2-6.3c.2-.2.3-.5.3-.7s-.1-.5-.3-.7c-.2-.2-.4-.3-.7-.3h-11c-.3 0-.5.1-.7.3-.2.2-.3.5-.3.7s.1.5.3.7z\"\/><\/svg><\/span><\/span><\/span><\/a><\/span><\/div>\n<nav><ul class='ez-toc-list ez-toc-list-level-1 ' ><li class='ez-toc-page-1 ez-toc-heading-level-2'><a class=\"ez-toc-link ez-toc-heading-1\" href=\"https:\/\/www.editorasolucao.com.br\/blog\/concurso\/prefeitura-de-bom-despacho-mg\/#Inscricoes_do_Concurso_de_Bom_Despacho_%E2%80%93_MG\" title=\"Inscri\u00e7\u00f5es do Concurso de Bom Despacho \u2013 MG\">Inscri\u00e7\u00f5es do Concurso de Bom Despacho \u2013 MG<\/a><\/li><li class='ez-toc-page-1 ez-toc-heading-level-2'><a class=\"ez-toc-link ez-toc-heading-2\" href=\"https:\/\/www.editorasolucao.com.br\/blog\/concurso\/prefeitura-de-bom-despacho-mg\/#Cargos_vagas_e_salarios_do_Processo_Seletivo_Prefeitura_de_Bom_Despacho_%E2%80%93_MG\" title=\"Cargos, vagas e sal\u00e1rios do Processo Seletivo Prefeitura de Bom Despacho \u2013 MG\">Cargos, vagas e sal\u00e1rios do Processo Seletivo Prefeitura de Bom Despacho \u2013 MG<\/a><\/li><li class='ez-toc-page-1 ez-toc-heading-level-2'><a class=\"ez-toc-link ez-toc-heading-3\" href=\"https:\/\/www.editorasolucao.com.br\/blog\/concurso\/prefeitura-de-bom-despacho-mg\/#Quais_sao_os_requisitos_basicos_para_a_investidura_nos_cargos_do_Processo_Seletivo_Prefeitura_de_Bom_Despacho_%E2%80%93_MG\" title=\"Quais s\u00e3o os requisitos b\u00e1sicos para a investidura nos cargos do Processo Seletivo Prefeitura de Bom Despacho \u2013 MG?\">Quais s\u00e3o os requisitos b\u00e1sicos para a investidura nos cargos do Processo Seletivo Prefeitura de Bom Despacho \u2013 MG?<\/a><\/li><li class='ez-toc-page-1 ez-toc-heading-level-2'><a class=\"ez-toc-link ez-toc-heading-4\" href=\"https:\/\/www.editorasolucao.com.br\/blog\/concurso\/prefeitura-de-bom-despacho-mg\/#Como_serao_as_provas_do_Processo_Seletivo_Prefeitura_de_Bom_Despacho_%E2%80%93_MG\" title=\"Como ser\u00e3o as provas do Processo Seletivo Prefeitura de Bom Despacho \u2013 MG?\">Como ser\u00e3o as provas do Processo Seletivo Prefeitura de Bom Despacho \u2013 MG?<\/a><\/li><li class='ez-toc-page-1 ez-toc-heading-level-2'><a class=\"ez-toc-link ez-toc-heading-5\" href=\"https:\/\/www.editorasolucao.com.br\/blog\/concurso\/prefeitura-de-bom-despacho-mg\/#Bom_Despacho_MG\" title=\"Bom Despacho MG\">Bom Despacho MG<\/a><\/li><\/ul><\/nav><\/div>\n<h2 class=\"wp-block-heading\"><span class=\"ez-toc-section\" id=\"Inscricoes_do_Concurso_de_Bom_Despacho_%E2%80%93_MG\"><\/span>Inscri\u00e7\u00f5es do Concurso de Bom Despacho \u2013 MG<span class=\"ez-toc-section-end\"><\/span><\/h2>\n\n\n\n<p>As inscri\u00e7\u00f5es dever\u00e3o ser realizadas atrav\u00e9s do site da <a rel=\"noreferrer noopener\" aria-label=\"Prefeitura (abre em uma nova aba)\" href=\"https:\/\/www.bomdespacho.mg.gov.br\/ps\/?module=showme&amp;pss=20201128.092309.3906710\" target=\"_blank\">Prefeitura<\/a>, a partir das <strong>08 horas do dia 10 de dezembro de 2020, at\u00e9 \u00e0s 17 horas do dia 28 do mesmo m\u00eas<\/strong>. Para efetuar a inscri\u00e7\u00e3o \u00e9 necess\u00e1rio pagar uma taxa com valores que v\u00e3o de <strong>R$ 10,80 a R$ 96,76<\/strong>.<\/p>\n\n\n\n<h2 class=\"wp-block-heading\"><span class=\"ez-toc-section\" id=\"Cargos_vagas_e_salarios_do_Processo_Seletivo_Prefeitura_de_Bom_Despacho_%E2%80%93_MG\"><\/span>Cargos, vagas e sal\u00e1rios do Processo Seletivo Prefeitura de Bom Despacho \u2013 MG<span class=\"ez-toc-section-end\"><\/span><\/h2>\n\n\n\n<p>S\u00e3o ofertadas <strong>38 vagas imediatas mais forma\u00e7\u00e3o de cadastro reserva para candidatos de n\u00edveis Fundamental, M\u00e9dio e Superior<\/strong>, com sal\u00e1rios que v\u00e3o de <strong>R$ 1.083,78 a R$ 9.676,00<\/strong>, exercendo jornadas de trabalho que variam de 15 a 44 horas semanais. Abaixo est\u00e3o a quantidade de oportunidades imediatas correspondentes a cada fun\u00e7\u00e3o. <\/p>\n\n\n\n<p>Agente de Combate \u00e0s Endemias (CR); Agente Comunit\u00e1rio de Sa\u00fade (CR); Atendente de Consult\u00f3rio Dent\u00e1rio (1); Auxiliar de Sa\u00fade Bucal (1); Gestor P\u00fablico Municipal &#8211; Assistente Social (8); Gestor P\u00fablico Municipal &#8211; Bibliotec\u00e1rio (1); Gestor P\u00fablico Municipal &#8211; Educador F\u00edsico (4); Gestor P\u00fablico Municipal &#8211; Enfermeiro (1); Gestor P\u00fablico Municipal &#8211; Engenheiro de Minas (1); Gestor P\u00fablico Municipal &#8211; Engenheiro Ambiental (1); Gestor P\u00fablico Municipal &#8211; Farmac\u00eautico (1); Gestor P\u00fablico Municipal &#8211; Fisioterapeuta (1); Gestor P\u00fablico Municipal &#8211; Fonoaudi\u00f3logo (1); Gestor P\u00fablico Municipal &#8211; M\u00e9dico Veterin\u00e1rio (1); Gestor P\u00fablico Municipal &#8211; Nutricionista (2); Gestor P\u00fablico Municipal &#8211; Pedagogo (2); Gestor P\u00fablico Municipal &#8211; Psic\u00f3logo (6); Gestor P\u00fablico Municipal &#8211; Terapeuta Ocupacional (CR); M\u00e9dico (CR); M\u00e9dico Auditor (1); Odont\u00f3logo &#8211; Cirurgia e Traumatismo Buco Maxilo-Facial (1); Odont\u00f3logo &#8211; Atendimento a Pacientes com Necessidades Especiais (1); T\u00e9cnico de N\u00edvel Superior III &#8211; Cirurgi\u00e3o Dentista (CR); T\u00e9cnico em Gest\u00e3o Municipal (CR); T\u00e9cnico em Gest\u00e3o P\u00fablica Municipal &#8211; Orientador Social (CR); T\u00e9cnico em Gest\u00e3o P\u00fablica Municipal &#8211; T\u00e9cnico em Inform\u00e1tica (1); T\u00e9cnico em Gest\u00e3o P\u00fablica &#8211; T\u00e9cnico em Enfermagem (1) e T\u00e9cnico em Gest\u00e3o P\u00fablica &#8211; T\u00e9cnico Higiene Dental (1).<\/p>\n\n\n\n<h2 class=\"wp-block-heading\"><span class=\"ez-toc-section\" id=\"Quais_sao_os_requisitos_basicos_para_a_investidura_nos_cargos_do_Processo_Seletivo_Prefeitura_de_Bom_Despacho_%E2%80%93_MG\"><\/span>Quais s\u00e3o os requisitos b\u00e1sicos para a investidura nos cargos do Processo Seletivo Prefeitura de Bom Despacho \u2013 MG?<span class=\"ez-toc-section-end\"><\/span><\/h2>\n\n\n\n<p>Saiba quais s\u00e3o as exig\u00eancias para que o candidato tome posse dos cargos ofertados:<\/p>\n\n\n\n<ul><li>Ser brasileiro nato ou naturalizado, na forma da Lei; <\/li><li> Conhecer e estar de acordo com as exig\u00eancias contidas no Edital; <\/li><li> Estar em dia com as obriga\u00e7\u00f5es eleitorais; <\/li><li> Estar em dia com as obriga\u00e7\u00f5es militares, se do sexo masculino, observado o disposto no Art. 19 do Decreto n\u00ba 57.654 de 20 de janeiro de 1996;<\/li><li> Ter, na data do in\u00edcio do contrato, 18 (dezoito) anos completos; <\/li><li> Estar em gozo dos direitos pol\u00edticos; <\/li><li> Possuir a habilita\u00e7\u00e3o exigida para a fun\u00e7\u00e3o pretendida; <\/li><li> Gozar de boa sa\u00fade f\u00edsica e mental; <\/li><li> Apresentar no ato da contrata\u00e7\u00e3o documenta\u00e7\u00e3o original exigida, bem como a Ficha Cadastral preenchida digitalmente, conforme previsto na Portaria no 66\/2017\/SMA de 02 de agosto de 2017; <\/li><li> Estar apto a desempenhar as fun\u00e7\u00f5es inerentes ao cargo.<\/li><\/ul>\n\n\n\n<h2 class=\"wp-block-heading\"><span class=\"ez-toc-section\" id=\"Como_serao_as_provas_do_Processo_Seletivo_Prefeitura_de_Bom_Despacho_%E2%80%93_MG\"><\/span>Como ser\u00e3o as provas do Processo Seletivo Prefeitura de Bom Despacho \u2013 MG?<span class=\"ez-toc-section-end\"><\/span><\/h2>\n\n\n\n<p>O certame ser\u00e1 composto pelas seguintes etapas:<\/p>\n\n\n\n<ul><li><strong>Prova Objetiva<\/strong>, de car\u00e1ter eliminat\u00f3rio e classificat\u00f3rio (para todos os cargos); e<\/li><li> <strong>Prova de T\u00edtulos<\/strong>, de car\u00e1ter classificat\u00f3rio (para os cargos de n\u00edvel Superior).<\/li><\/ul>\n\n\n\n<h4 class=\"wp-block-heading\">Prova Objetiva<\/h4>\n\n\n\n<p>A <strong>Prova Objetiva<\/strong> est\u00e1 prevista para ser realizada no dia <strong>24 de janeiro de 2021<\/strong>, tendo dura\u00e7\u00e3o m\u00e1xima de 02 horas e contar\u00e1 com 25 quest\u00f5es de m\u00faltipla escolha e ser\u00e1 avaliada na escala de 0 a 100 pontos.<\/p>\n\n\n\n<p>Para ser considerado aprovado, o candidato dever\u00e1 alcan\u00e7ar no m\u00ednimo 60% (sessenta por cento) do total de pontos da prova objetiva.<\/p>\n\n\n\n<h2 class=\"wp-block-heading\"><span class=\"ez-toc-section\" id=\"Bom_Despacho_MG\"><\/span>Bom Despacho MG<span class=\"ez-toc-section-end\"><\/span><\/h2>\n\n\n\n<p>Bom Despacho \u00e9 um munic\u00edpio brasileiro do estado de Minas Gerais, localizado na Regi\u00e3o Geogr\u00e1fica Intermedi\u00e1ria de Divin\u00f3polis, na regi\u00e3o do Alto S\u00e3o Francisco, a 768 metros de altitude. Com uma \u00e1rea de 1.213,5 km\u00b2, fica a 156 km de Belo Horizonte. \u00c9 considerada polo para algumas cidades de pequeno porte pr\u00f3ximas tendo recebido em 2015 o t\u00edtulo de 4\u00aa melhor cidade de pequeno porte de Minas Gerais.[15] Est\u00e1 interligada aos principais centros urbanos da regi\u00e3o por rodovias asfaltadas como a BR-262 e MG-164, esta \u00faltima liga o munic\u00edpio a BR-040.<\/p>\n\n\n\n<p>Conferiu todo o texto? Deseja fazer o certame? Ent\u00e3o comece a se preparar com as <strong>Apostilas Solu\u00e7\u00e3o<\/strong> e tenha um resultado positivo! <strong>Bons estudos e boa prova!!!<\/strong><\/p>\n","protected":false},"excerpt":{"rendered":"<p>Foi divulgado o Edital do Processo Seletivo Prefeitura de Bom Despacho, no estado de Minas Gerais, que oferece 38 vagas imediatas mais forma\u00e7\u00e3o de cadastro reserva, para candidatos de todos os n\u00edveis de escolaridade, com sal\u00e1rios que chegam a R$ 9,6 mil. Confira os detalhes ao decorrer do texto. Inscri\u00e7\u00f5es do Concurso de Bom Despacho \u2013 MG As inscri\u00e7\u00f5es dever\u00e3o ser realizadas atrav\u00e9s do site da Prefeitura, a partir das 08 horas do dia 10 de dezembro de 2020, at\u00e9 \u00e0s 17 horas do dia 28 do mesmo m\u00eas. Para efetuar a inscri\u00e7\u00e3o \u00e9 necess\u00e1rio pagar uma taxa com valores&#8230;<\/p>\n","protected":false},"author":3,"featured_media":4467,"template":"","meta":{"_acf_changed":false,"rank_math_lock_modified_date":false},"categories":[],"tags":[],"acf":[],"_links":{"self":[{"href":"https:\/\/www.editorasolucao.com.br\/blog\/wp-json\/wp\/v2\/concurso\/4465"}],"collection":[{"href":"https:\/\/www.editorasolucao.com.br\/blog\/wp-json\/wp\/v2\/concurso"}],"about":[{"href":"https:\/\/www.editorasolucao.com.br\/blog\/wp-json\/wp\/v2\/types\/concurso"}],"author":[{"embeddable":true,"href":"https:\/\/www.editorasolucao.com.br\/blog\/wp-json\/wp\/v2\/users\/3"}],"wp:featuredmedia":[{"embeddable":true,"href":"https:\/\/www.editorasolucao.com.br\/blog\/wp-json\/wp\/v2\/media\/4467"}],"wp:attachment":[{"href":"https:\/\/www.editorasolucao.com.br\/blog\/wp-json\/wp\/v2\/media?parent=4465"}],"wp:term":[{"taxonomy":"category","embeddable":true,"href":"https:\/\/www.editorasolucao.com.br\/blog\/wp-json\/wp\/v2\/categories?post=4465"},{"taxonomy":"post_tag","embeddable":true,"href":"https:\/\/www.editorasolucao.com.br\/blog\/wp-json\/wp\/v2\/tags?post=4465"}],"curies":[{"name":"wp","href":"https:\/\/api.w.org\/{rel}","templated":true}]}}