{"id":45423,"date":"2025-01-06T12:15:32","date_gmt":"2025-01-06T15:15:32","guid":{"rendered":"https:\/\/www.editorasolucao.com.br\/blog\/?post_type=concurso&#038;p=45423"},"modified":"2025-01-06T12:15:36","modified_gmt":"2025-01-06T15:15:36","slug":"prefeitura-de-pedras-de-fogo-pb","status":"publish","type":"concurso","link":"https:\/\/www.editorasolucao.com.br\/blog\/concurso\/prefeitura-de-pedras-de-fogo-pb","title":{"rendered":"Concurso Prefeitura de Pedras de Fogo: Edital publicado com 255 vagas!"},"content":{"rendered":"\n<p>Ol\u00e1, concurseiros! Foi divulgado o edital do concurso Prefeitura de Pedras de Fogo, mun\u00edcipio do estado da Para\u00edba, com a oferta de <strong>255 vagas imediatas<\/strong> para cargos de n\u00edveis fundamental, m\u00e9dio, t\u00e9cnico e superior. As remunera\u00e7\u00f5es iniciais podem chegar at\u00e9<strong> R$ 5 mil! <\/strong>Ficou interessado(a)? Venha saber mais!<\/p>\n\n\n\n<div id=\"ez-toc-container\" class=\"ez-toc-v2_0_69_1 counter-hierarchy ez-toc-counter ez-toc-grey ez-toc-container-direction\">\n<div class=\"ez-toc-title-container\">\n<p class=\"ez-toc-title \" >Menu de navega&ccedil;&atilde;o<\/p>\n<span class=\"ez-toc-title-toggle\"><a href=\"#\" class=\"ez-toc-pull-right ez-toc-btn ez-toc-btn-xs ez-toc-btn-default ez-toc-toggle\" aria-label=\"Toggle Table of Content\"><span class=\"ez-toc-js-icon-con\"><span class=\"\"><span class=\"eztoc-hide\" style=\"display:none;\">Toggle<\/span><span class=\"ez-toc-icon-toggle-span\"><svg style=\"fill: #999;color:#999\" xmlns=\"http:\/\/www.w3.org\/2000\/svg\" class=\"list-377408\" width=\"20px\" height=\"20px\" viewBox=\"0 0 24 24\" fill=\"none\"><path d=\"M6 6H4v2h2V6zm14 0H8v2h12V6zM4 11h2v2H4v-2zm16 0H8v2h12v-2zM4 16h2v2H4v-2zm16 0H8v2h12v-2z\" fill=\"currentColor\"><\/path><\/svg><svg style=\"fill: #999;color:#999\" class=\"arrow-unsorted-368013\" xmlns=\"http:\/\/www.w3.org\/2000\/svg\" width=\"10px\" height=\"10px\" viewBox=\"0 0 24 24\" version=\"1.2\" baseProfile=\"tiny\"><path d=\"M18.2 9.3l-6.2-6.3-6.2 6.3c-.2.2-.3.4-.3.7s.1.5.3.7c.2.2.4.3.7.3h11c.3 0 .5-.1.7-.3.2-.2.3-.5.3-.7s-.1-.5-.3-.7zM5.8 14.7l6.2 6.3 6.2-6.3c.2-.2.3-.5.3-.7s-.1-.5-.3-.7c-.2-.2-.4-.3-.7-.3h-11c-.3 0-.5.1-.7.3-.2.2-.3.5-.3.7s.1.5.3.7z\"\/><\/svg><\/span><\/span><\/span><\/a><\/span><\/div>\n<nav><ul class='ez-toc-list ez-toc-list-level-1 ' ><li class='ez-toc-page-1 ez-toc-heading-level-2'><a class=\"ez-toc-link ez-toc-heading-1\" href=\"https:\/\/www.editorasolucao.com.br\/blog\/concurso\/prefeitura-de-pedras-de-fogo-pb\/#Como_posso_participar_do_concurso_Prefeitura_de_Pedras_de_Fogo\" title=\"Como posso participar do concurso Prefeitura de Pedras de Fogo?\">Como posso participar do concurso Prefeitura de Pedras de Fogo?<\/a><\/li><li class='ez-toc-page-1 ez-toc-heading-level-2'><a class=\"ez-toc-link ez-toc-heading-2\" href=\"https:\/\/www.editorasolucao.com.br\/blog\/concurso\/prefeitura-de-pedras-de-fogo-pb\/#Cargos_vagas_e_salarios_do_concurso_Prefeitura_de_Pedras_de_Fogo\" title=\"Cargos, vagas e sal\u00e1rios do concurso Prefeitura de Pedras de Fogo\">Cargos, vagas e sal\u00e1rios do concurso Prefeitura de Pedras de Fogo<\/a><\/li><li class='ez-toc-page-1 ez-toc-heading-level-2'><a class=\"ez-toc-link ez-toc-heading-3\" href=\"https:\/\/www.editorasolucao.com.br\/blog\/concurso\/prefeitura-de-pedras-de-fogo-pb\/#Requisitos_para_a_investidura_dos_cargos_ofertados_no_concurso_Prefeitura_de_Pedras_de_Fogo\" title=\"Requisitos para a investidura dos cargos ofertados no concurso Prefeitura de Pedras de Fogo\">Requisitos para a investidura dos cargos ofertados no concurso Prefeitura de Pedras de Fogo<\/a><\/li><li class='ez-toc-page-1 ez-toc-heading-level-2'><a class=\"ez-toc-link ez-toc-heading-4\" href=\"https:\/\/www.editorasolucao.com.br\/blog\/concurso\/prefeitura-de-pedras-de-fogo-pb\/#Como_serao_as_etapas_de_selecao_do_concurso_Prefeitura_de_Pedras_de_Fogo\" title=\"Como ser\u00e3o as etapas de sele\u00e7\u00e3o do concurso Prefeitura de Pedras de Fogo?\">Como ser\u00e3o as etapas de sele\u00e7\u00e3o do concurso Prefeitura de Pedras de Fogo?<\/a><\/li><\/ul><\/nav><\/div>\n<h2 class=\"wp-block-heading\"><span class=\"ez-toc-section\" id=\"Como_posso_participar_do_concurso_Prefeitura_de_Pedras_de_Fogo\"><\/span>Como posso participar do concurso Prefeitura de Pedras de Fogo?<span class=\"ez-toc-section-end\"><\/span><\/h2>\n\n\n\n<p>As inscri\u00e7\u00f5es para o concurso da Prefeitura de Pedras de Fogo j\u00e1 est\u00e3o abertas e os candidatos devem se atentar aos prazos! <\/p>\n\n\n\n<p>Os interessados t\u00eam at\u00e9 <strong>\u00e0s 23h59min do dia 18 de janeiro de 2025 <\/strong>para garantir sua participa\u00e7\u00e3o, por meio do site da <a href=\"https:\/\/educapb.com.br\/concurso-prefeitura-pedras-de-fogo\/\" target=\"_blank\" rel=\"noreferrer noopener\">Educa PB<\/a>, a banca organizadora do certame. <\/p>\n\n\n\n<p>As taxas de inscri\u00e7\u00e3o variam conforme o n\u00edvel de escolaridade do cargo pretendido: <strong>R$ 28,00<\/strong> para n\u00edvel fundamental, <strong>R$ 32,00<\/strong> para n\u00edvel m\u00e9dio e <strong>R$ 60,00<\/strong> para n\u00edvel superior. <\/p>\n\n\n\n<p>Vale lembrar que o per\u00edodo para solicitar a isen\u00e7\u00e3o das taxas j\u00e1 foi encerrado.<\/p>\n\n\n\n<p>N\u00e3o perca a chance de conquistar uma carreira s\u00f3lida e com excelente remunera\u00e7\u00e3o! O concurso da Prefeitura de Pedras de Fogo oferece diversas oportunidades para diferentes n\u00edveis de escolaridade. Garanta sua inscri\u00e7\u00e3o e d\u00ea o primeiro passo rumo ao seu futuro profissional!<\/p>\n\n\n\n<h2 class=\"wp-block-heading\"><span class=\"ez-toc-section\" id=\"Cargos_vagas_e_salarios_do_concurso_Prefeitura_de_Pedras_de_Fogo\"><\/span>Cargos, vagas e sal\u00e1rios do concurso Prefeitura de Pedras de Fogo<span class=\"ez-toc-section-end\"><\/span><\/h2>\n\n\n\n<p>O concurso Prefeitura de Pedras de Fogo est\u00e1 ofertando <strong>255 vagas imediatas<\/strong> para cargos de todos os n\u00edveis de escolaridade. Confira como essas oportunidades est\u00e3o sendo distribu\u00eddas e suas respectivas remunera\u00e7\u00f5es: <\/p>\n\n\n\n<h3 class=\"wp-block-heading\">Cargos de n\u00edvel fundamental <\/h3>\n\n\n\n<ul>\n<li>Gari (8)\n<ul>\n<li>R$ 1.412,00<\/li>\n<\/ul>\n<\/li>\n\n\n\n<li>Auxiliar de Servi\u00e7os Diversos (60)\n<ul>\n<li>R$ 1.412,00<\/li>\n<\/ul>\n<\/li>\n\n\n\n<li>Operador de M\u00e1quinas Agr\u00edcolas (2)\n<ul>\n<li>R$ 1.412,00<\/li>\n<\/ul>\n<\/li>\n\n\n\n<li>Motorista D (9)\n<ul>\n<li>R$ 1.412,00<\/li>\n<\/ul>\n<\/li>\n\n\n\n<li>Coveiro (3)\n<ul>\n<li>R$ 1.412,00<\/li>\n<\/ul>\n<\/li>\n<\/ul>\n\n\n\n<h3 class=\"wp-block-heading\">Cargos de n\u00edveis m\u00e9dio e t\u00e9cnico <\/h3>\n\n\n\n<ul>\n<li>T\u00e9cnico de Laborat\u00f3rio (2)\n<ul>\n<li>R$ 1.412,00<\/li>\n<\/ul>\n<\/li>\n\n\n\n<li>Fiscal Sanit\u00e1rio (3)\n<ul>\n<li>R$ 1.412,00<\/li>\n<\/ul>\n<\/li>\n\n\n\n<li><a href=\"https:\/\/www.editorasolucao.com.br\/apostila\/prefeitura-pedras-fogo-pb-auxiliar-administrativo?q=pedras%20de%20fogo\" target=\"_blank\" rel=\"noreferrer noopener\">Auxiliar Administrativo (29)<\/a>\n<ul>\n<li>R$ 1.412,00<\/li>\n<\/ul>\n<\/li>\n\n\n\n<li>Fiscal de Obra e Postura (4)\n<ul>\n<li>R$ 1.412,00<\/li>\n<\/ul>\n<\/li>\n\n\n\n<li>Atendente de Consult\u00f3rio Dent\u00e1rio (3)\n<ul>\n<li>R$ 1.412,00<\/li>\n<\/ul>\n<\/li>\n\n\n\n<li>T\u00e9cnico em Raio X (2)\n<ul>\n<li>R$ 1.412,00<\/li>\n<\/ul>\n<\/li>\n\n\n\n<li><a href=\"https:\/\/www.editorasolucao.com.br\/apostila\/prefeitura-pedras-fogo-pb-tecnico-gesso?q=pedras%20de%20fogo\" target=\"_blank\" rel=\"noreferrer noopener\">T\u00e9cnico em Gesso (2)<\/a>\n<ul>\n<li>R$ 1.412,00<\/li>\n<\/ul>\n<\/li>\n\n\n\n<li><a href=\"https:\/\/www.editorasolucao.com.br\/apostila\/prefeitura-pedras-fogo-pb-tecnico-enfermagem?q=pedras%20de%20fogo\" target=\"_blank\" rel=\"noreferrer noopener\">T\u00e9cnico em Enfermagem (9)<\/a>\n<ul>\n<li>R$ 1.412,00<\/li>\n<\/ul>\n<\/li>\n\n\n\n<li>Encanador (1)\n<ul>\n<li>R$ 1.412,00<\/li>\n<\/ul>\n<\/li>\n<\/ul>\n\n\n\n<h3 class=\"wp-block-heading\">Cargos de n\u00edvel superior <\/h3>\n\n\n\n<ul>\n<li>M\u00e9dico PSF (9)\n<ul>\n<li>R$ 3.188,09<\/li>\n<\/ul>\n<\/li>\n\n\n\n<li>Cirurgi\u00e3o Dentista Odont\u00f3logo (4)\n<ul>\n<li>R$ 2.464,26<\/li>\n<\/ul>\n<\/li>\n\n\n\n<li>Fisioterapeuta (2)\n<ul>\n<li>R$ 1.412,00<\/li>\n<\/ul>\n<\/li>\n\n\n\n<li>Bioqu\u00edmico\/Farmac\u00eautico\/Biom\u00e9dico (3)\n<ul>\n<li>R$ 1.412,00<\/li>\n<\/ul>\n<\/li>\n\n\n\n<li>Psic\u00f3logo (5)\n<ul>\n<li>R$ 1.412,00<\/li>\n<\/ul>\n<\/li>\n\n\n\n<li>Assistente Social (3)\n<ul>\n<li>R$ 1.412,00<\/li>\n<\/ul>\n<\/li>\n\n\n\n<li>Nutricionista (1)\n<ul>\n<li>R$ 1.412,00<\/li>\n<\/ul>\n<\/li>\n\n\n\n<li>Enfermeiro (16)\n<ul>\n<li>R$ 2.464,26<\/li>\n<\/ul>\n<\/li>\n\n\n\n<li>Enfermeiro PSF (3)\n<ul>\n<li>R$ 2.464,26<\/li>\n<\/ul>\n<\/li>\n\n\n\n<li>Fiscal de Tributos (3)\n<ul>\n<li>R$ 1.412,00<\/li>\n<\/ul>\n<\/li>\n\n\n\n<li>Fonoaudi\u00f3logo (2)\n<ul>\n<li>R$ 1.412,00<\/li>\n<\/ul>\n<\/li>\n\n\n\n<li>Farmac\u00eautico (2)\n<ul>\n<li>R$ 1.412,00<\/li>\n<\/ul>\n<\/li>\n\n\n\n<li>Terapeuta Ocupacional (2)\n<ul>\n<li>R$ 1.412,00<\/li>\n<\/ul>\n<\/li>\n\n\n\n<li>Professor A (43)\n<ul>\n<li>R$ 3.435,43<\/li>\n<\/ul>\n<\/li>\n\n\n\n<li>Professor B &#8211; Matem\u00e1tica (4)\n<ul>\n<li>R$ 5.336,36<\/li>\n<\/ul>\n<\/li>\n\n\n\n<li>Professor B &#8211; L\u00edngua Portuguesa (4)\n<ul>\n<li>R$ 5.336,36<\/li>\n<\/ul>\n<\/li>\n\n\n\n<li>Professor B &#8211; Geografia (2)\n<ul>\n<li>R$ 5.336,36<\/li>\n<\/ul>\n<\/li>\n\n\n\n<li>Professor B &#8211; Hist\u00f3ria (2)\n<ul>\n<li>R$ 5.336,36<\/li>\n<\/ul>\n<\/li>\n\n\n\n<li>Professor B &#8211; Ingl\u00eas (2)\n<ul>\n<li>R$ 5.336,36<\/li>\n<\/ul>\n<\/li>\n\n\n\n<li>Professor B &#8211; Educa\u00e7\u00e3o F\u00edsica (2)\n<ul>\n<li>R$ 5.336,36<\/li>\n<\/ul>\n<\/li>\n\n\n\n<li>Professor B &#8211; Artes (2)\n<ul>\n<li>R$ 5.336,36<\/li>\n<\/ul>\n<\/li>\n\n\n\n<li>Professor B &#8211; Ci\u00eancias (2)\n<ul>\n<li>R$ 5.336,36<\/li>\n<\/ul>\n<\/li>\n<\/ul>\n\n\n\n<p><\/p>\n\n\n\n<p>Os candidatos aprovados e admitidos no concurso dever\u00e3o cumprir uma jornada de trabalho de 30 ou 40 horas semanais, dependendo do cargo. <\/p>\n\n\n\n<h2 class=\"wp-block-heading\"><span class=\"ez-toc-section\" id=\"Requisitos_para_a_investidura_dos_cargos_ofertados_no_concurso_Prefeitura_de_Pedras_de_Fogo\"><\/span>Requisitos para a investidura dos cargos ofertados no concurso Prefeitura de Pedras de Fogo<span class=\"ez-toc-section-end\"><\/span><\/h2>\n\n\n\n<p>De acordo com o edital, esses s\u00e3o os requisitos b\u00e1sicos exigidos para a nomea\u00e7\u00e3o e posse dos cargos ofertados no concurso Prefeitura de Pedras de Fogo: <\/p>\n\n\n\n<ul>\n<li>Ter sido aprovado e classificado no concurso, conforme estabelecido neste Edital;<\/li>\n\n\n\n<li>Ter nacionalidade brasileira ou estrangeira \u2013 Se estrangeiro, dever\u00e1 ser portador de visto permanente;<\/li>\n\n\n\n<li>Gozar dos direitos civis e pol\u00edticos;<\/li>\n\n\n\n<li>Estar em dia com as obriga\u00e7\u00f5es eleitorais;<\/li>\n\n\n\n<li>Estar quite com as obriga\u00e7\u00f5es militares, para candidatos do sexo masculino;<\/li>\n\n\n\n<li>Possuir 18 anos completos na data da posse;<\/li>\n\n\n\n<li>Ter a escolaridade exigida no item 2.1 deste Edital, com cola\u00e7\u00e3o de grau anterior ao dia da posse;<\/li>\n\n\n\n<li>Ter aptid\u00e3o f\u00edsica e mental para o exerc\u00edcio das atribui\u00e7\u00f5es do cargo, comprovada por laudo m\u00e9dico do trabalho e psiquiatra;<\/li>\n\n\n\n<li>Apresentar declara\u00e7\u00e3o\/certid\u00e3o de que n\u00e3o foi condenado em processo criminal, com senten\u00e7a transitada em julgado;<\/li>\n\n\n\n<li>Estar quite com a Receita Federal, no que se refere \u00e0 entrega da Declara\u00e7\u00e3o do Imposto de Renda \u2013 Pessoa F\u00edsica;<\/li>\n\n\n\n<li>Atender \u00e0s disposi\u00e7\u00f5es legais nos casos de aposentadoria e ac\u00famulo de cargos p\u00fablicos;<\/li>\n\n\n\n<li>N\u00e3o estar sendo processado nem ter sofrido penalidades por pr\u00e1tica de atos desabonadores no exerc\u00edcio profissional;<\/li>\n\n\n\n<li>Possuir CPF regularizado;<\/li>\n\n\n\n<li>N\u00e3o perceber proventos de aposentadoria civil ou militar ou remunera\u00e7\u00e3o de cargo, emprego ou fun\u00e7\u00e3o p\u00fablica que caracterizem acumula\u00e7\u00e3o il\u00edcita de cargos, conforme o inciso XVI e par\u00e1grafo 10 do Artigo 37 da Constitui\u00e7\u00e3o Federal do Brasil;<\/li>\n\n\n\n<li>O candidato que, na data da posse, n\u00e3o reunir os requisitos enumerados nos itens 3 e 13 deste Edital ou que, por qualquer motivo, n\u00e3o puder comprov\u00e1-los, perder\u00e1 o direito \u00e0 posse no cargo para o qual foi nomeado.<\/li>\n<\/ul>\n\n\n\n<h2 class=\"wp-block-heading\"><span class=\"ez-toc-section\" id=\"Como_serao_as_etapas_de_selecao_do_concurso_Prefeitura_de_Pedras_de_Fogo\"><\/span>Como ser\u00e3o as etapas de sele\u00e7\u00e3o do concurso Prefeitura de Pedras de Fogo? <span class=\"ez-toc-section-end\"><\/span><\/h2>\n\n\n\n<p>Os candidatos do concurso Prefeitura de Pedras de Fogo ser\u00e3o avaliados por meio das seguintes etapas de sele\u00e7\u00e3o: <strong>prova objetiva<\/strong> (para todos os cargos), <strong>prova de t\u00edtulos<\/strong> (para cargos espec\u00edficos) e <strong>prova pr\u00e1tica<\/strong> (para cargos espec\u00edficos). <\/p>\n\n\n\n<p>Vamos conferir com mais detalhes? <\/p>\n\n\n\n<h3 class=\"wp-block-heading\">Prova Objetiva<\/h3>\n\n\n\n<p>A prova objetiva do concurso Prefeitura de Pedras de Fogo, que possui car\u00e1ter eliminat\u00f3rio e classificat\u00f3rio, ser\u00e1 aplicada nas datas previstas de <strong>16 e 23 de fevereiro de 2025.<\/strong> <\/p>\n\n\n\n<p>A avalia\u00e7\u00e3o ser\u00e1 constitu\u00edda de 30 ou 40 quest\u00f5es de m\u00faltipla escolha que ser\u00e3o versadas sobre as seguintes disciplinas: <\/p>\n\n\n\n<ul>\n<li><strong>Fundamental<\/strong>\n<ul>\n<li>L\u00edngua Portuguesa: 10 quest\u00f5es<\/li>\n\n\n\n<li>Conhecimentos Gerais: 10 quest\u00f5es<\/li>\n\n\n\n<li>Conhecimentos Espec\u00edficos: 10 quest\u00f5es <\/li>\n<\/ul>\n<\/li>\n<\/ul>\n\n\n\n<ul>\n<li><strong>M\u00e9dio<\/strong>\n<ul>\n<li>L\u00edngua Portuguesa: 10 quest\u00f5es<\/li>\n\n\n\n<li>Conhecimentos Gerais: 10 quest\u00f5es <\/li>\n\n\n\n<li>Inform\u00e1tica: 5 quest\u00f5es<\/li>\n\n\n\n<li>Conhecimentos Espec\u00edficos: 15 quest\u00f5es<\/li>\n<\/ul>\n<\/li>\n<\/ul>\n\n\n\n<ul>\n<li><strong>Superior<\/strong>\n<ul>\n<li>L\u00edngua Portuguesa: 10 quest\u00f5es<\/li>\n\n\n\n<li>Conhecimentos Gerais: 10 quest\u00f5es<\/li>\n\n\n\n<li>Inform\u00e1tica: 5 quest\u00f5es <\/li>\n\n\n\n<li>Conhecimentos Espec\u00edficos: 15 quest\u00f5es <\/li>\n<\/ul>\n<\/li>\n<\/ul>\n\n\n\n<p><\/p>\n\n\n\n<p>A prova objetiva ser\u00e1 avaliada num total de 100 pontos, sendo aprovado o candidato que obtiver nota igual ou superior a 50 pontos. <\/p>\n\n\n\n<h3 class=\"wp-block-heading\">Prova Pr\u00e1tica <\/h3>\n\n\n\n<p>A prova pr\u00e1tica, de car\u00e1ter eliminat\u00f3rio, \u00e9 exclusiva para os cargos de Motorista e Operador de M\u00e1quinas Agr\u00edcolas. <\/p>\n\n\n\n<p>Essa etapa tem como objetivo aferir a capacidade de adequa\u00e7\u00e3o funcional e situacional do candidato \u00e0s exig\u00eancias e ao desempenho eficiente das atividades do cargo a que se prop\u00f5e ocupar.<\/p>\n\n\n\n<p>A prova pr\u00e1tica ser\u00e1 avaliada em uma escala de 0 a 100 pontos, com o objetivo de avaliar o conhecimento do candidato em rela\u00e7\u00e3o \u00e0s atividades do cargo para o qual se inscreveu. <\/p>\n\n\n\n<p>Durante essa avalia\u00e7\u00e3o, ser\u00e1 verificado se o candidato est\u00e1 apto ou inapto a exercer suas fun\u00e7\u00f5es de forma satisfat\u00f3ria. Caso o candidato seja considerado apto, a nota obtida na prova pr\u00e1tica ser\u00e1 somada aos pontos da prova objetiva. <\/p>\n\n\n\n<p>No entanto, se a nota final ficar abaixo de 70 pontos, que \u00e9 a nota de corte, o candidato ser\u00e1 considerado inapto e automaticamente eliminado do concurso.<\/p>\n\n\n\n<h3 class=\"wp-block-heading\">Prova de T\u00edtulos<\/h3>\n\n\n\n<p>A prova de t\u00edtulos, de car\u00e1ter classificat\u00f3rio, \u00e9 exclusiva para os cargos de n\u00edvel superior. <\/p>\n\n\n\n<p>Confira quais t\u00edtulos ser\u00e3o avaliados: <\/p>\n\n\n\n<figure class=\"wp-block-image size-full\"><img loading=\"lazy\" decoding=\"async\" width=\"883\" height=\"481\" src=\"https:\/\/www.editorasolucao.com.br\/blog\/wp-content\/uploads\/2025\/01\/prova-pedras-de-fogo.webp\" alt=\"Tabela de t\u00edtulos do concurso Prefeitura de Pedras de Fogo!\" class=\"wp-image-45426\" srcset=\"https:\/\/www.editorasolucao.com.br\/blog\/wp-content\/uploads\/2025\/01\/prova-pedras-de-fogo.webp 883w, https:\/\/www.editorasolucao.com.br\/blog\/wp-content\/uploads\/2025\/01\/prova-pedras-de-fogo-768x418.webp 768w\" sizes=\"(max-width: 883px) 100vw, 883px\" \/><figcaption class=\"wp-element-caption\"><em>Tabela de t\u00edtulos do concurso Prefeitura de Pedras de Fogo!<\/em><\/figcaption><\/figure>\n\n\n\n<p><\/p>\n\n\n\n<p><strong>Boa prova e bons estudos!<\/strong><\/p>\n","protected":false},"excerpt":{"rendered":"<p>Foi divulgado o edital do concurso Pedras de Fogo que est\u00e1 ofertando 255 vagas para cargos de todos os n\u00edveis de escolaridade!<\/p>\n","protected":false},"author":21,"featured_media":45424,"template":"","meta":{"_acf_changed":true,"rank_math_lock_modified_date":false},"categories":[52],"tags":[4468],"acf":[],"_links":{"self":[{"href":"https:\/\/www.editorasolucao.com.br\/blog\/wp-json\/wp\/v2\/concurso\/45423"}],"collection":[{"href":"https:\/\/www.editorasolucao.com.br\/blog\/wp-json\/wp\/v2\/concurso"}],"about":[{"href":"https:\/\/www.editorasolucao.com.br\/blog\/wp-json\/wp\/v2\/types\/concurso"}],"author":[{"embeddable":true,"href":"https:\/\/www.editorasolucao.com.br\/blog\/wp-json\/wp\/v2\/users\/21"}],"wp:featuredmedia":[{"embeddable":true,"href":"https:\/\/www.editorasolucao.com.br\/blog\/wp-json\/wp\/v2\/media\/45424"}],"wp:attachment":[{"href":"https:\/\/www.editorasolucao.com.br\/blog\/wp-json\/wp\/v2\/media?parent=45423"}],"wp:term":[{"taxonomy":"category","embeddable":true,"href":"https:\/\/www.editorasolucao.com.br\/blog\/wp-json\/wp\/v2\/categories?post=45423"},{"taxonomy":"post_tag","embeddable":true,"href":"https:\/\/www.editorasolucao.com.br\/blog\/wp-json\/wp\/v2\/tags?post=45423"}],"curies":[{"name":"wp","href":"https:\/\/api.w.org\/{rel}","templated":true}]}}