{"id":45620,"date":"2025-01-21T13:01:31","date_gmt":"2025-01-21T16:01:31","guid":{"rendered":"https:\/\/www.editorasolucao.com.br\/blog\/?post_type=concurso&#038;p=45620"},"modified":"2025-01-21T13:01:33","modified_gmt":"2025-01-21T16:01:33","slug":"crcdf","status":"publish","type":"concurso","link":"https:\/\/www.editorasolucao.com.br\/blog\/concurso\/crcdf","title":{"rendered":"Concurso CRCDF: Edital publicado. Iniciais de R$4,3 mil!"},"content":{"rendered":"\n<p>Ol\u00e1, concurseiros! Saiu o edital do concurso CRCDF (Conselho Regional de Contabilidade do Distrito Federal) que est\u00e1 ofertando <strong>3 vagas imediatas, <\/strong>al\u00e9m da forma\u00e7\u00e3o de cadastro reserva, para cargos de n\u00edveis m\u00e9dio e superior! Se interessou pelo certame? Venha conferir todas as informa\u00e7\u00f5es. <\/p>\n\n\n\n<div id=\"ez-toc-container\" class=\"ez-toc-v2_0_69_1 counter-hierarchy ez-toc-counter ez-toc-grey ez-toc-container-direction\">\n<div class=\"ez-toc-title-container\">\n<p class=\"ez-toc-title \" >Menu de navega&ccedil;&atilde;o<\/p>\n<span class=\"ez-toc-title-toggle\"><a href=\"#\" class=\"ez-toc-pull-right ez-toc-btn ez-toc-btn-xs ez-toc-btn-default ez-toc-toggle\" aria-label=\"Toggle Table of Content\"><span class=\"ez-toc-js-icon-con\"><span class=\"\"><span class=\"eztoc-hide\" style=\"display:none;\">Toggle<\/span><span class=\"ez-toc-icon-toggle-span\"><svg style=\"fill: #999;color:#999\" xmlns=\"http:\/\/www.w3.org\/2000\/svg\" class=\"list-377408\" width=\"20px\" height=\"20px\" viewBox=\"0 0 24 24\" fill=\"none\"><path d=\"M6 6H4v2h2V6zm14 0H8v2h12V6zM4 11h2v2H4v-2zm16 0H8v2h12v-2zM4 16h2v2H4v-2zm16 0H8v2h12v-2z\" fill=\"currentColor\"><\/path><\/svg><svg style=\"fill: #999;color:#999\" class=\"arrow-unsorted-368013\" xmlns=\"http:\/\/www.w3.org\/2000\/svg\" width=\"10px\" height=\"10px\" viewBox=\"0 0 24 24\" version=\"1.2\" baseProfile=\"tiny\"><path d=\"M18.2 9.3l-6.2-6.3-6.2 6.3c-.2.2-.3.4-.3.7s.1.5.3.7c.2.2.4.3.7.3h11c.3 0 .5-.1.7-.3.2-.2.3-.5.3-.7s-.1-.5-.3-.7zM5.8 14.7l6.2 6.3 6.2-6.3c.2-.2.3-.5.3-.7s-.1-.5-.3-.7c-.2-.2-.4-.3-.7-.3h-11c-.3 0-.5.1-.7.3-.2.2-.3.5-.3.7s.1.5.3.7z\"\/><\/svg><\/span><\/span><\/span><\/a><\/span><\/div>\n<nav><ul class='ez-toc-list ez-toc-list-level-1 ' ><li class='ez-toc-page-1 ez-toc-heading-level-2'><a class=\"ez-toc-link ez-toc-heading-1\" href=\"https:\/\/www.editorasolucao.com.br\/blog\/concurso\/crcdf\/#Como_posso_me_inscrever_no_concurso_CRCDF\" title=\"Como posso me inscrever no concurso CRCDF?\">Como posso me inscrever no concurso CRCDF?<\/a><\/li><li class='ez-toc-page-1 ez-toc-heading-level-2'><a class=\"ez-toc-link ez-toc-heading-2\" href=\"https:\/\/www.editorasolucao.com.br\/blog\/concurso\/crcdf\/#Cargos_vagas_e_salarios_do_concurso_CRCDF\" title=\"Cargos, vagas e sal\u00e1rios do concurso CRCDF\">Cargos, vagas e sal\u00e1rios do concurso CRCDF<\/a><\/li><li class='ez-toc-page-1 ez-toc-heading-level-2'><a class=\"ez-toc-link ez-toc-heading-3\" href=\"https:\/\/www.editorasolucao.com.br\/blog\/concurso\/crcdf\/#Atribuicoes_dos_cargos_do_concurso_CRCDF\" title=\"Atribui\u00e7\u00f5es dos cargos do concurso CRCDF\">Atribui\u00e7\u00f5es dos cargos do concurso CRCDF<\/a><\/li><li class='ez-toc-page-1 ez-toc-heading-level-2'><a class=\"ez-toc-link ez-toc-heading-4\" href=\"https:\/\/www.editorasolucao.com.br\/blog\/concurso\/crcdf\/#Requisitos_para_a_investidura_dos_cargos_do_concurso_CRCDF\" title=\"Requisitos para a investidura dos cargos do concurso CRCDF\">Requisitos para a investidura dos cargos do concurso CRCDF<\/a><\/li><li class='ez-toc-page-1 ez-toc-heading-level-2'><a class=\"ez-toc-link ez-toc-heading-5\" href=\"https:\/\/www.editorasolucao.com.br\/blog\/concurso\/crcdf\/#Como_os_candidatos_do_concurso_CRCDF_serao_avaliados\" title=\"Como os candidatos do concurso CRCDF ser\u00e3o avaliados?\">Como os candidatos do concurso CRCDF ser\u00e3o avaliados?<\/a><\/li><\/ul><\/nav><\/div>\n<h2 class=\"wp-block-heading\"><span class=\"ez-toc-section\" id=\"Como_posso_me_inscrever_no_concurso_CRCDF\"><\/span>Como posso me inscrever no concurso CRCDF?<span class=\"ez-toc-section-end\"><\/span><\/h2>\n\n\n\n<p>As inscri\u00e7\u00f5es para o concurso CRCDF estar\u00e3o abertas entre os dias <strong>22 de janeiro e 17 de mar\u00e7o de 2025. <\/strong>Para se inscrever, os interessados devem acessar o site da banca organizadora, o <a href=\"https:\/\/portal.unique.selecao.site\/edital\/index\/andamento\" target=\"_blank\" rel=\"noreferrer noopener\">Instituto Unique<\/a>. <\/p>\n\n\n\n<p>As taxas de inscri\u00e7\u00e3o variam conforme o n\u00edvel de escolaridade do cargo pretendido:<\/p>\n\n\n\n<ul>\n<li>N\u00edvel M\u00e9dio \u2013 R$ 58,00<\/li>\n\n\n\n<li>N\u00edvel Superior \u2013 R$ 98,00<\/li>\n<\/ul>\n\n\n\n<p><\/p>\n\n\n\n<p>\u00c9 importante lembrar que, para homologar sua inscri\u00e7\u00e3o, o candidato deve efetuar o pagamento da taxa at\u00e9 o dia <strong>18 de mar\u00e7o de 2025.<\/strong> <\/p>\n\n\n\n<p>Al\u00e9m disso, a solicita\u00e7\u00e3o de isen\u00e7\u00e3o da taxa poder\u00e1 ser feita entre os dias <strong>22 de janeiro e 3 de fevereiro de 2025,<\/strong> exclusivamente para os candidatos que atenderem aos requisitos definidos no edital.<\/p>\n\n\n\n<h2 class=\"wp-block-heading\"><span class=\"ez-toc-section\" id=\"Cargos_vagas_e_salarios_do_concurso_CRCDF\"><\/span>Cargos, vagas e sal\u00e1rios do concurso CRCDF<span class=\"ez-toc-section-end\"><\/span><\/h2>\n\n\n\n<p>O concurso CRCDF est\u00e1 ofertando <strong>3 vagas imediatas,<\/strong> al\u00e9m da forma\u00e7\u00e3o de cadastro reserva, para cargos de n\u00edveis m\u00e9dio e superior. Confira como essas oportunidades est\u00e3o sendo distribu\u00eddas e suas respectivas remunera\u00e7\u00f5es: <\/p>\n\n\n\n<p><strong>N\u00edvel m\u00e9dio<\/strong><\/p>\n\n\n\n<ul>\n<li><a href=\"https:\/\/www.editorasolucao.com.br\/apostila\/crcdf-assistente-administrativo\" target=\"_blank\" rel=\"noreferrer noopener\">Assistente Administrativo (1 + CR)<\/a>\n<ul>\n<li>R$ 2.336,04<\/li>\n<\/ul>\n<\/li>\n<\/ul>\n\n\n\n<p><strong>N\u00edvel superior<\/strong><\/p>\n\n\n\n<ul>\n<li>Fiscal Contador (1 + CR)\n<ul>\n<li>R$ 4.320,00<\/li>\n<\/ul>\n<\/li>\n\n\n\n<li>Advogado (1 + CR)\n<ul>\n<li>R$ 3.923,74<\/li>\n<\/ul>\n<\/li>\n<\/ul>\n\n\n\n<p><\/p>\n\n\n\n<p>Os candidatos aprovados para o cargo de Fiscal Contador ter\u00e3o um sal\u00e1rio inicial de R$ 4.320,00, com a possibilidade de acr\u00e9scimo de uma gratifica\u00e7\u00e3o por atividades diretamente relacionadas \u00e0 fiscaliza\u00e7\u00e3o, que poder\u00e1 atingir o valor m\u00e1ximo de R$ 951,81.<\/p>\n\n\n\n<p>As jornadas de trabalho variam de 20 a 40 horas semanais, dependendo do cargo. <\/p>\n\n\n\n<h2 class=\"wp-block-heading\"><span class=\"ez-toc-section\" id=\"Atribuicoes_dos_cargos_do_concurso_CRCDF\"><\/span>Atribui\u00e7\u00f5es dos cargos do concurso CRCDF<span class=\"ez-toc-section-end\"><\/span><\/h2>\n\n\n\n<p>Confira quais s\u00e3o as atribui\u00e7\u00f5es dadas aos cargos que est\u00e3o sendo ofertados no concurso CRCDF:<\/p>\n\n\n\n<h3 class=\"wp-block-heading\">Assistente Administrativo <\/h3>\n\n\n\n<ul>\n<li>Realizar atividades administrativas diversas como atendimento ao p\u00fablico, controle de documentos e processos, tr\u00e2mite de informa\u00e7\u00f5es<\/li>\n\n\n\n<li>Suporte em setores de compras, fiscaliza\u00e7\u00e3o, cobran\u00e7a, financeiro e departamento pessoal<\/li>\n\n\n\n<li>Participar da organiza\u00e7\u00e3o de eventos e cursos, al\u00e9m de dar suporte no processamento de registros profissionais<\/li>\n\n\n\n<li>Realizar controle de arquivos e materiais, auxiliar em processos de licita\u00e7\u00e3o e gerenciamento de contratos<\/li>\n<\/ul>\n\n\n\n<h3 class=\"wp-block-heading\">Fiscal Contador <\/h3>\n\n\n\n<ul>\n<li>Fiscalizar atividades dos profissionais da contabilidade, incluindo auditorias e per\u00edcias<\/li>\n\n\n\n<li>Analisar documentos cont\u00e1beis e licita\u00e7\u00f5es<\/li>\n\n\n\n<li>Atender a den\u00fancias, fiscalizar organiza\u00e7\u00f5es e empresas cont\u00e1beis<\/li>\n\n\n\n<li>Lavrar autos de infra\u00e7\u00e3o e orientar preventivamente os profissionais cont\u00e1beis<\/li>\n\n\n\n<li>Auxiliar em demandas de reuni\u00f5es de c\u00e2maras de fiscaliza\u00e7\u00e3o e \u00e9tica<\/li>\n\n\n\n<li>Realizar dilig\u00eancias in loco para apura\u00e7\u00e3o de irregularidades, fiscaliza\u00e7\u00e3o e orienta\u00e7\u00e3o junto a profissionais e empresas cont\u00e1beis, quando necess\u00e1rio<\/li>\n<\/ul>\n\n\n\n<h3 class=\"wp-block-heading\">Advogado <\/h3>\n\n\n\n<ul>\n<li>Assessorar a Presid\u00eancia, Diretoria Executiva, Plen\u00e1rio e demais setores do CRCDF em demandas jur\u00eddicas<\/li>\n\n\n\n<li>Realizar cobran\u00e7as judiciais e administrativas, especialmente na execu\u00e7\u00e3o fiscal<\/li>\n\n\n\n<li>Elaborar contratos, aditivos, conv\u00eanios, pareceres jur\u00eddicos, e atuar em audi\u00eancias de concilia\u00e7\u00e3o<\/li>\n\n\n\n<li>Prestar consultoria jur\u00eddico-t\u00e9cnica em grupos de trabalho e assessorar profissionais da \u00e1rea cont\u00e1bil<\/li>\n\n\n\n<li>Acompanhar processos judiciais, realizar dilig\u00eancias e emitir certid\u00f5es diversas<\/li>\n<\/ul>\n\n\n\n<h2 class=\"wp-block-heading\"><span class=\"ez-toc-section\" id=\"Requisitos_para_a_investidura_dos_cargos_do_concurso_CRCDF\"><\/span>Requisitos para a investidura dos cargos do concurso CRCDF <span class=\"ez-toc-section-end\"><\/span><\/h2>\n\n\n\n<p>De acordo com o edital, esses s\u00e3o os requisitos b\u00e1sicos exigidos para a nomea\u00e7\u00e3o e posse dos cargos ofertados no concurso CRCDF:<\/p>\n\n\n\n<ul>\n<li>Ter sido aprovado e classificado neste Concurso P\u00fablico<\/li>\n\n\n\n<li>Ter nacionalidade brasileira ou portuguesa, amparada pelo Estatuto da Igualdade entre Brasileiros e Portugueses, conforme o disposto no par\u00e1grafo 1\u00ba, artigo 12, da Constitui\u00e7\u00e3o Federal, e no Decreto Federal n\u00ba 70.436\/72, ou ser naturalizado brasileiro conforme a legisla\u00e7\u00e3o vigente at\u00e9 a data da admiss\u00e3o<\/li>\n\n\n\n<li>Ter completado 18 (dezoito) anos de idade, quando da admiss\u00e3o<\/li>\n\n\n\n<li>Encontrar-se na frui\u00e7\u00e3o dos direitos pol\u00edticos, quando da admiss\u00e3o<\/li>\n\n\n\n<li>Encontrar-se em dia no cumprimento das obriga\u00e7\u00f5es militares, quando da admiss\u00e3o<\/li>\n\n\n\n<li>Estar quite com a Justi\u00e7a Eleitoral, quando da admiss\u00e3o<\/li>\n\n\n\n<li>N\u00e3o ser aposentado por invalidez<\/li>\n\n\n\n<li>Possuir os REQUISITOS M\u00cdNIMOS EXIGIDOS para o Emprego P\u00fablico, conforme especificados na Tabela I, constante do Cap\u00edtulo I &#8211; Das Disposi\u00e7\u00f5es Preliminares e no Anexo I deste Edital; Apresentar a documenta\u00e7\u00e3o comprobat\u00f3ria de acordo com as exig\u00eancias acima, por ocasi\u00e3o da admiss\u00e3o<\/li>\n\n\n\n<li>N\u00e3o registrar antecedentes criminais oriundos de senten\u00e7a transitada em julgado ou demonstrar o cumprimento integral das penas que tenham sido cominadas<\/li>\n\n\n\n<li>N\u00e3o ter sofrido, no exerc\u00edcio da fun\u00e7\u00e3o p\u00fablica, penalidade incompat\u00edvel com nova investidura em Cargo<\/li>\n\n\n\n<li>N\u00e3o se encontrar acumulando Cargo, emprego ou fun\u00e7\u00e3o p\u00fablica em desconformidade com as hip\u00f3teses de acumula\u00e7\u00e3o permitidas em lei e na Constitui\u00e7\u00e3o Federal<\/li>\n\n\n\n<li>Ter aptid\u00e3o f\u00edsica e mental para o exerc\u00edcio do Cargo, comprovada mediante sujei\u00e7\u00e3o a exame de sa\u00fade admissional a ser realizado pelo servi\u00e7o m\u00e9dico credenciado pelo CRCDF, quando da admiss\u00e3o<\/li>\n\n\n\n<li>N\u00e3o receber, no ato da posse, proventos de aposentadoria oriundos de cargo, emprego ou fun\u00e7\u00e3o exercidos perante a Uni\u00e3o, Territ\u00f3rio, Estado, Distrito Federal, Munic\u00edpio e suas Autarquias, Empresas ou Funda\u00e7\u00f5es, conforme preceitua o artigo 37, inciso XXII, \u00a710 da Constitui\u00e7\u00e3o Federal, ressalvadas as acumula\u00e7\u00f5es permitidas pelos incisos XVI e XVII do citado dispositivo constitucional, os Cargos P\u00fablicos eletivos e os Cargos P\u00fablicos ou empregos em comiss\u00e3o declarados em lei de livre nomea\u00e7\u00e3o e exonera\u00e7\u00e3o<\/li>\n\n\n\n<li>N\u00e3o exercer cargo p\u00fablico remunerado, exceto quando houver compatibilidade de hor\u00e1rios, nos casos de o cargo ser de professor ou privativo de profissionais da \u00e1rea da sa\u00fade<\/li>\n<\/ul>\n\n\n\n<h2 class=\"wp-block-heading\"><span class=\"ez-toc-section\" id=\"Como_os_candidatos_do_concurso_CRCDF_serao_avaliados\"><\/span>Como os candidatos do concurso CRCDF ser\u00e3o avaliados? <span class=\"ez-toc-section-end\"><\/span><\/h2>\n\n\n\n<p>Os candidatos do concurso CRCDF ser\u00e3o avaliados por meio das seguintes etapas de sele\u00e7\u00e3o: <\/p>\n\n\n\n<ul>\n<li>Prova Objetiva, de car\u00e1ter eliminat\u00f3rio e classificat\u00f3rio, para todos os cargos;<\/li>\n\n\n\n<li>Prova Discursiva, de car\u00e1ter eliminat\u00f3rio e classificat\u00f3rio, para todos os cargos;<\/li>\n\n\n\n<li>Avalia\u00e7\u00e3o de T\u00edtulos, de car\u00e1ter classificat\u00f3rio, para cargos de n\u00edvel superior.<\/li>\n<\/ul>\n\n\n\n<p><\/p>\n\n\n\n<p>Vamos conferir com mais detalhes? <\/p>\n\n\n\n<h3 class=\"wp-block-heading\">Prova Objetiva<\/h3>\n\n\n\n<p>A prova objetiva do concurso CRCDF, que possui car\u00e1ter eliminat\u00f3rio e classificat\u00f3rio, ser\u00e1 aplicada no dia <strong>18 de maio de 2025,<\/strong> no turno da manh\u00e3 (Assistente Administrativo e Fiscal Contador) e no turno da tarde (Advogado). <\/p>\n\n\n\n<p>A avalia\u00e7\u00e3o ser\u00e1 versada sobre as seguintes disciplinas: <\/p>\n\n\n\n<ul>\n<li><strong>Assistente Administrativo <\/strong>\n<ul>\n<li>L\u00edngua Portuguesa: 10 quest\u00f5es;<\/li>\n\n\n\n<li>Racioc\u00ednio L\u00f3gico e Matem\u00e1tica: 5 quest\u00f5es;<\/li>\n\n\n\n<li>No\u00e7\u00f5es de Inform\u00e1tica: 5 quest\u00f5es;<\/li>\n\n\n\n<li>Legisla\u00e7\u00e3o Geral: 10 quest\u00f5es;<\/li>\n\n\n\n<li>Conhecimentos Espec\u00edficos: 15 quest\u00f5es. <\/li>\n<\/ul>\n<\/li>\n<\/ul>\n\n\n\n<ul>\n<li><strong>Fiscal Contador <\/strong>\n<ul>\n<li>L\u00edngua Portuguesa: 10 quest\u00f5es;<\/li>\n\n\n\n<li>Racioc\u00ednio L\u00f3gico e Matem\u00e1tica: 5 quest\u00f5es;<\/li>\n\n\n\n<li>No\u00e7\u00f5es de Inform\u00e1tica: 5 quest\u00f5es;<\/li>\n\n\n\n<li>Legisla\u00e7\u00e3o Geral: 10 quest\u00f5es;<\/li>\n\n\n\n<li>Conhecimentos Espec\u00edficos: 15 quest\u00f5es. <\/li>\n<\/ul>\n<\/li>\n<\/ul>\n\n\n\n<ul>\n<li><strong>Advogado <\/strong>\n<ul>\n<li>L\u00edngua Portuguesa: 10 quest\u00f5es; <\/li>\n\n\n\n<li>No\u00e7\u00f5es de Inform\u00e1tica: 5 quest\u00f5es;<\/li>\n\n\n\n<li>Legisla\u00e7\u00e3o Geral: 10 quest\u00f5es;<\/li>\n\n\n\n<li>Conhecimentos Espec\u00edficos: 20 quest\u00f5es. <\/li>\n<\/ul>\n<\/li>\n<\/ul>\n\n\n\n<p><\/p>\n\n\n\n<p>A prova objetiva ter\u00e1 valor total de 100 pontos, sendo aprovado o candidato que obtiver nota igual ou superior a 50 pontos. <\/p>\n\n\n\n<h3 class=\"wp-block-heading\">Prova Discursiva<\/h3>\n\n\n\n<p>A prova discursiva, de car\u00e1ter eliminat\u00f3rio e classificat\u00f3rio, ser\u00e1 aplicada no mesmo dia e hor\u00e1rio da prova objetiva. <\/p>\n\n\n\n<p>O candidato dever\u00e1 desenvolver um texto dissertativo a partir de uma \u00fanica proposta, sobre tema atual e poder\u00e1 versar sobre tema relacionado \u00e0 \u00e1rea de atividade.<\/p>\n\n\n\n<p>A prova discursiva ser\u00e1 avaliada na escala de 0 a 100 pontos, considerando-se habilitado o candidato que nela obtiver nota igual ou superior a 50 pontos. <\/p>\n\n\n\n<h3 class=\"wp-block-heading\">Avalia\u00e7\u00e3o de T\u00edtulos <\/h3>\n\n\n\n<p>A avalia\u00e7\u00e3o de t\u00edtulos, de car\u00e1ter classificat\u00f3rio, \u00e9 exclusiva para os cargos de n\u00edvel superior. <\/p>\n\n\n\n<p>Confira quais t\u00edtulos ser\u00e3o avaliados: <\/p>\n\n\n\n<figure class=\"wp-block-image size-full is-resized\"><img loading=\"lazy\" decoding=\"async\" width=\"949\" height=\"217\" src=\"https:\/\/www.editorasolucao.com.br\/blog\/wp-content\/uploads\/2025\/01\/prova-crcdf.webp\" alt=\"Tabela de t\u00edtulos do concurso CRCDF!\" class=\"wp-image-45623\" style=\"width:840px;height:auto\" srcset=\"https:\/\/www.editorasolucao.com.br\/blog\/wp-content\/uploads\/2025\/01\/prova-crcdf.webp 949w, https:\/\/www.editorasolucao.com.br\/blog\/wp-content\/uploads\/2025\/01\/prova-crcdf-768x176.webp 768w\" sizes=\"(max-width: 949px) 100vw, 949px\" \/><figcaption class=\"wp-element-caption\"><em>Tabela de t\u00edtulos do concurso CRCDF!<\/em><\/figcaption><\/figure>\n\n\n\n<p><\/p>\n\n\n\n<p><strong>Boa prova e bons estudos!<\/strong><\/p>\n","protected":false},"excerpt":{"rendered":"<p>O concurso CRCDF est\u00e1 ofertando 3 vagas para cargos de n\u00edveis m\u00e9dio e superior, com iniciais de at\u00e9 R$ 4 mil!<\/p>\n","protected":false},"author":21,"featured_media":45622,"template":"","meta":{"_acf_changed":true,"rank_math_lock_modified_date":false},"categories":[52],"tags":[4497],"acf":[],"_links":{"self":[{"href":"https:\/\/www.editorasolucao.com.br\/blog\/wp-json\/wp\/v2\/concurso\/45620"}],"collection":[{"href":"https:\/\/www.editorasolucao.com.br\/blog\/wp-json\/wp\/v2\/concurso"}],"about":[{"href":"https:\/\/www.editorasolucao.com.br\/blog\/wp-json\/wp\/v2\/types\/concurso"}],"author":[{"embeddable":true,"href":"https:\/\/www.editorasolucao.com.br\/blog\/wp-json\/wp\/v2\/users\/21"}],"wp:featuredmedia":[{"embeddable":true,"href":"https:\/\/www.editorasolucao.com.br\/blog\/wp-json\/wp\/v2\/media\/45622"}],"wp:attachment":[{"href":"https:\/\/www.editorasolucao.com.br\/blog\/wp-json\/wp\/v2\/media?parent=45620"}],"wp:term":[{"taxonomy":"category","embeddable":true,"href":"https:\/\/www.editorasolucao.com.br\/blog\/wp-json\/wp\/v2\/categories?post=45620"},{"taxonomy":"post_tag","embeddable":true,"href":"https:\/\/www.editorasolucao.com.br\/blog\/wp-json\/wp\/v2\/tags?post=45620"}],"curies":[{"name":"wp","href":"https:\/\/api.w.org\/{rel}","templated":true}]}}