{"id":45974,"date":"2026-01-08T11:29:40","date_gmt":"2026-01-08T14:29:40","guid":{"rendered":"https:\/\/www.editorasolucao.com.br\/blog\/?post_type=concurso&#038;p=45974"},"modified":"2026-01-08T11:29:44","modified_gmt":"2026-01-08T14:29:44","slug":"ale-go","status":"publish","type":"concurso","link":"https:\/\/www.editorasolucao.com.br\/blog\/concurso\/ale-go","title":{"rendered":"Concurso Alego: 38 mil inscritos! Provas em fevereiro!"},"content":{"rendered":"\n<p>Aten\u00e7\u00e3o, concurseiros! Foi publicado o edital do concurso Alego (Assembleia Legislativa do Estado de Goi\u00e1s). S\u00e3o ofertadas <strong>101 vagas <\/strong>para diversos cargos de <strong>n\u00edveis m\u00e9dio, t\u00e9cnico e superior<\/strong>. Os sal\u00e1rios iniciais variam de <strong>R$7.408,90<\/strong> e <strong>R$10.150,33<\/strong>, para jornadas de trabalho de 5 e 6 horas di\u00e1rias. As inscri\u00e7\u00f5es estar\u00e3o abertas entre os dias <strong>11 de novembro<\/strong> e <strong>10 de dezembro de\u00a02025<\/strong>, com provas previstas para o dia <strong>8 de fevereiro de 2026<\/strong>. Para se preparar, confira a\u00a0<a href=\"https:\/\/www.editorasolucao.com.br\/concurso\/assembleia-legislativa-do-estado-de-goias\">Apostila Alego<\/a>\u00a0com conte\u00fado completo e atualizado conforme o edital!<\/p>\n\n\n\n<div id=\"ez-toc-container\" class=\"ez-toc-v2_0_69_1 counter-hierarchy ez-toc-counter ez-toc-grey ez-toc-container-direction\">\n<div class=\"ez-toc-title-container\">\n<p class=\"ez-toc-title \" >Menu de navega&ccedil;&atilde;o<\/p>\n<span class=\"ez-toc-title-toggle\"><a href=\"#\" class=\"ez-toc-pull-right ez-toc-btn ez-toc-btn-xs ez-toc-btn-default ez-toc-toggle\" aria-label=\"Toggle Table of Content\"><span class=\"ez-toc-js-icon-con\"><span class=\"\"><span class=\"eztoc-hide\" style=\"display:none;\">Toggle<\/span><span class=\"ez-toc-icon-toggle-span\"><svg style=\"fill: #999;color:#999\" xmlns=\"http:\/\/www.w3.org\/2000\/svg\" class=\"list-377408\" width=\"20px\" height=\"20px\" viewBox=\"0 0 24 24\" fill=\"none\"><path d=\"M6 6H4v2h2V6zm14 0H8v2h12V6zM4 11h2v2H4v-2zm16 0H8v2h12v-2zM4 16h2v2H4v-2zm16 0H8v2h12v-2z\" fill=\"currentColor\"><\/path><\/svg><svg style=\"fill: #999;color:#999\" class=\"arrow-unsorted-368013\" xmlns=\"http:\/\/www.w3.org\/2000\/svg\" width=\"10px\" height=\"10px\" viewBox=\"0 0 24 24\" version=\"1.2\" baseProfile=\"tiny\"><path d=\"M18.2 9.3l-6.2-6.3-6.2 6.3c-.2.2-.3.4-.3.7s.1.5.3.7c.2.2.4.3.7.3h11c.3 0 .5-.1.7-.3.2-.2.3-.5.3-.7s-.1-.5-.3-.7zM5.8 14.7l6.2 6.3 6.2-6.3c.2-.2.3-.5.3-.7s-.1-.5-.3-.7c-.2-.2-.4-.3-.7-.3h-11c-.3 0-.5.1-.7.3-.2.2-.3.5-.3.7s.1.5.3.7z\"\/><\/svg><\/span><\/span><\/span><\/a><\/span><\/div>\n<nav><ul class='ez-toc-list ez-toc-list-level-1 ' ><li class='ez-toc-page-1 ez-toc-heading-level-2'><a class=\"ez-toc-link ez-toc-heading-1\" href=\"https:\/\/www.editorasolucao.com.br\/blog\/concurso\/ale-go\/#Inscricao_no_concurso_Alego\" title=\"Inscri\u00e7\u00e3o no concurso Alego\">Inscri\u00e7\u00e3o no concurso Alego<\/a><\/li><li class='ez-toc-page-1 ez-toc-heading-level-2'><a class=\"ez-toc-link ez-toc-heading-2\" href=\"https:\/\/www.editorasolucao.com.br\/blog\/concurso\/ale-go\/#Cargos_vagas_e_salarios\" title=\"Cargos, vagas e sal\u00e1rios\">Cargos, vagas e sal\u00e1rios<\/a><\/li><li class='ez-toc-page-1 ez-toc-heading-level-2'><a class=\"ez-toc-link ez-toc-heading-3\" href=\"https:\/\/www.editorasolucao.com.br\/blog\/concurso\/ale-go\/#Requisitos_do_concurso_Alego\" title=\"Requisitos do concurso Alego\">Requisitos do concurso Alego<\/a><\/li><li class='ez-toc-page-1 ez-toc-heading-level-2'><a class=\"ez-toc-link ez-toc-heading-4\" href=\"https:\/\/www.editorasolucao.com.br\/blog\/concurso\/ale-go\/#Etapas_do_concurso_Alego\" title=\"Etapas do concurso Alego\">Etapas do concurso Alego<\/a><\/li><li class='ez-toc-page-1 ez-toc-heading-level-2'><a class=\"ez-toc-link ez-toc-heading-5\" href=\"https:\/\/www.editorasolucao.com.br\/blog\/concurso\/ale-go\/#Quando_ocorreu_o_ultimo_concurso_ALEGO\" title=\"Quando ocorreu o \u00faltimo concurso ALEGO?\">Quando ocorreu o \u00faltimo concurso ALEGO?<\/a><\/li><\/ul><\/nav><\/div>\n<h2 class=\"wp-block-heading\"><span class=\"ez-toc-section\" id=\"Inscricao_no_concurso_Alego\"><\/span>Inscri\u00e7\u00e3o no concurso Alego<span class=\"ez-toc-section-end\"><\/span><\/h2>\n\n\n\n<p>As inscri\u00e7\u00f5es para o concurso Alego foram encerradas! Os candidatos deveriam se inscrever no site da Funda\u00e7\u00e3o Getulio Vargas <a href=\"https:\/\/conhecimento.fgv.br\/concursos\/alego25\" target=\"_blank\" rel=\"noreferrer noopener\">(FGV),<\/a> banca organizadora do certame, at\u00e9 \u00e0s 16h do dia 10 de dezembro de 2025, conforme o hor\u00e1rio oficial de Bras\u00edlia.<\/p>\n\n\n\n<p>Os valores das taxas de inscri\u00e7\u00e3o foram os seguintes:<\/p>\n\n\n\n<ul>\n<li><strong>R$195,00 <\/strong>para o cargo de Analista Legislativo;<\/li>\n\n\n\n<li><strong>R$120,00<\/strong> para os cargos de Assistente Legislativo e Policial Legislativo.<\/li>\n<\/ul>\n\n\n\n<h3 class=\"wp-block-heading\">Isen\u00e7\u00e3o da taxa<\/h3>\n\n\n\n<p>Candidatos que se enquadram nos crit\u00e9rios da Lei n\u00ba 19.587\/2017 poderam solicitar a isen\u00e7\u00e3o da taxa de inscri\u00e7\u00e3o. <\/p>\n\n\n\n<p>A isen\u00e7\u00e3o foi concedida aos seguintes grupos:<\/p>\n\n\n\n<ul>\n<li>Candidatos com renda familiar inferior a dois sal\u00e1rios m\u00ednimos;<\/li>\n\n\n\n<li>Benefici\u00e1rios de programas federais ou estaduais de transfer\u00eancia de renda;<\/li>\n\n\n\n<li>Doadores regulares de sangue (m\u00ednimo de tr\u00eas doa\u00e7\u00f5es nos 12 meses anteriores \u00e0 publica\u00e7\u00e3o do edital);<\/li>\n\n\n\n<li>Doadores de medula \u00f3ssea (doa\u00e7\u00e3o volunt\u00e1ria at\u00e9 24 meses antes do pedido);<\/li>\n\n\n\n<li>Candidatas doadoras regulares de leite materno (m\u00ednimo de tr\u00eas doa\u00e7\u00f5es nos 12 meses anteriores \u00e0 publica\u00e7\u00e3o do edital).<\/li>\n<\/ul>\n\n\n\n<h3 class=\"wp-block-heading\">Concurso Alego tem mais de 38 mil inscritos<\/h3>\n\n\n\n<p>O concurso Alego j\u00e1 registra grande procura! A FGV divulgou o resultado preliminar das inscri\u00e7\u00f5es, indicando <strong>38.088 candidaturas homologadas<\/strong> at\u00e9 o momento. <\/p>\n\n\n\n<p>Esse n\u00famero ainda n\u00e3o \u00e9 definitivo, pois a banca segue analisando os recursos contra indeferimento de inscri\u00e7\u00e3o e os pedidos de atendimento especial. A rela\u00e7\u00e3o definitiva das inscri\u00e7\u00f5es deferidas e indeferidas ser\u00e1 publicada no dia <strong>15 de janeiro de 2026,<\/strong> quando ser\u00e1 confirmado o quantitativo final de inscritos por cargo.<\/p>\n\n\n\n<p>Confira, a seguir, a quantidade de inscritos por cargo, conforme a lista preliminar divulgada pela FGV:<\/p>\n\n\n\n<ul>\n<li>Policial legislativo: 18.509 candidatos<\/li>\n\n\n\n<li>Analista legislativo \u2013 analista administrativo: 14.047 candidatos<\/li>\n\n\n\n<li>Assistente de suporte em TI: 1.675 candidatos<\/li>\n\n\n\n<li>Assistente \u2013 fot\u00f3grafo: 829 candidatos<\/li>\n\n\n\n<li>Analista \u2013 desenvolvedor de sistemas: 597 candidatos<\/li>\n\n\n\n<li>Analista \u2013 contador: 424 candidatos<\/li>\n\n\n\n<li>Analista de infraestrutura: 305 candidatos<\/li>\n\n\n\n<li>Analista \u2013 analista de sistemas: 280 candidatos<\/li>\n\n\n\n<li>Analista \u2013 ci\u00eancia de dados: 265 candidatos<\/li>\n\n\n\n<li>Assistente \u2013 t\u00e9cnico de grava\u00e7\u00e3o e som: 231 candidatos<\/li>\n\n\n\n<li>Analista \u2013 analista de controle interno em finan\u00e7as e controle: 216 candidatos<\/li>\n\n\n\n<li>Analista \u2013 gerenciamento de projetos de TI: 190 candidatos<\/li>\n\n\n\n<li>Assistente \u2013 t\u00e9cnico em refrigera\u00e7\u00e3o e ar condicionado: 160 candidatos<\/li>\n\n\n\n<li>Analista \u2013 controle interno em contabilidade: 111 candidatos<\/li>\n\n\n\n<li>Analista \u2013 economista: 103 candidatos<\/li>\n\n\n\n<li>Analista \u2013 analista de controle externo em finan\u00e7as e controle: 84 candidatos<\/li>\n\n\n\n<li>Analista \u2013 controle externo em contabilidade: 62 candidatos<\/li>\n<\/ul>\n\n\n\n<p><\/p>\n\n\n\n<p>Com a divulga\u00e7\u00e3o da lista definitiva em 15 de janeiro de 2026, os candidatos do concurso Alego ter\u00e3o uma vis\u00e3o mais precisa da concorr\u00eancia. Na sequ\u00eancia, a FGV publicar\u00e1 os locais de prova (CCI) no dia <strong>2 de fevereiro<\/strong>, e as provas objetiva e discursiva est\u00e3o marcadas para<strong> 8 de fevereiro de 2026.<\/strong><\/p>\n\n\n\n<h2 class=\"wp-block-heading\"><span class=\"ez-toc-section\" id=\"Cargos_vagas_e_salarios\"><\/span>Cargos, vagas e sal\u00e1rios<span class=\"ez-toc-section-end\"><\/span><\/h2>\n\n\n\n<p>O concurso Alego oferece <strong>101 vagas<\/strong> para cargos de n\u00edveis m\u00e9dio e superior, distribu\u00eddas entre fun\u00e7\u00f5es administrativas, t\u00e9cnicas e de seguran\u00e7a legislativa. Confira:<\/p>\n\n\n\n<h3 class=\"wp-block-heading\">N\u00edvel m\u00e9dio e t\u00e9cnico<\/h3>\n\n\n\n<p><strong>Assistente Legislativo<\/strong><\/p>\n\n\n\n<ul>\n<li>Assistente de Suporte em TI: 7 vagas<br>R$ 7.408,90 | 6h di\u00e1rias<\/li>\n\n\n\n<li>Fot\u00f3grafo: 2 vagas<br>R$ 7.408,90 | 5h di\u00e1rias<\/li>\n\n\n\n<li>T\u00e9cnico de Grava\u00e7\u00e3o e Som: 2 vagas<br>R$ 7.408,90 | 6h di\u00e1rias<\/li>\n\n\n\n<li>T\u00e9cnico em Refrigera\u00e7\u00e3o e Ar-Condicionado: 1 vaga<br>R$ 7.408,90 | 6h di\u00e1rias<\/li>\n<\/ul>\n\n\n\n<p><strong>Policial Legislativo<\/strong><\/p>\n\n\n\n<ul>\n<li>Policial Legislativo: 40 vagas<br>R$ 7.408,90 | 6h di\u00e1rias<\/li>\n<\/ul>\n\n\n\n<h3 class=\"wp-block-heading\">Ensino superior<\/h3>\n\n\n\n<p><strong>Analista Legislativo<\/strong><\/p>\n\n\n\n<ul>\n<li>Analista Administrativo: 20 vagas<br>R$ 10.150,33 | 6h di\u00e1rias<\/li>\n\n\n\n<li>Analista de Ci\u00eancia de Dados: 2 vagas<br>R$ 10.150,33 | 6h di\u00e1rias<\/li>\n\n\n\n<li>Analista de Controle Externo em Contabilidade: 1 vaga<br>R$ 10.150,33 | 6h di\u00e1rias<\/li>\n\n\n\n<li>Analista de Controle Externo em Finan\u00e7as e Controle: 1 vaga<br>R$ 10.150,33 | 6h di\u00e1rias<\/li>\n\n\n\n<li>Analista de Controle Interno em Contabilidade: 2 vagas<br>R$ 10.150,33 | 6h di\u00e1rias<\/li>\n\n\n\n<li>Analista de Controle Interno em Finan\u00e7as e Controle: 2 vagas<br>R$ 10.150,33 | 6h di\u00e1rias<\/li>\n\n\n\n<li>Analista de Gerenciamento de Projetos de TI: 2 vagas<br>R$ 10.150,33 | 6h di\u00e1rias<\/li>\n\n\n\n<li>Analista de Sistemas: 2 vagas<br>R$ 10.150,33 | 6h di\u00e1rias<\/li>\n\n\n\n<li>Analista de Infraestrutura: 4 vagas<br>R$ 10.150,33 | 6h di\u00e1rias<\/li>\n\n\n\n<li>Contador: 4 vagas<br>R$ 10.150,33 | 6h di\u00e1rias<\/li>\n\n\n\n<li>Desenvolvedor de Sistemas: 8 vagas<br>R$ 10.150,33 | 6h di\u00e1rias<\/li>\n\n\n\n<li>Economista: 1 vaga<br>R$ 10.150,33 | 6h di\u00e1rias<\/li>\n<\/ul>\n\n\n\n<p><\/p>\n\n\n\n<p>Al\u00e9m da remunera\u00e7\u00e3o base, todos os aprovados no concurso Alego receber\u00e3o aux\u00edlio-alimenta\u00e7\u00e3o no valor de <strong>R$1.000,00<\/strong>. O regime jur\u00eddico \u00e9 o estatut\u00e1rio, garantindo estabilidade na carreira.<\/p>\n\n\n\n<p>Para quem vai iniciar a prepara\u00e7\u00e3o, as\u00a0Apostilas Alego\u00a0j\u00e1 est\u00e3o dispon\u00edveis com conte\u00fado completo e atualizado conforme o edital!<\/p>\n\n\n\n<ul>\n<li><a href=\"https:\/\/www.editorasolucao.com.br\/apostila\/alego-analista-legislativo-analista-administrativo\">Apostila ALEGO 2026 &#8211; Analista Legislativo &#8211; Analista Administrativo<\/a><\/li>\n\n\n\n<li><a href=\"https:\/\/www.editorasolucao.com.br\/apostila\/alego-assistente-legislativo-conhecimentos-gerais\">Apostila ALEGO 2026 &#8211; Assistente Legislativo &#8211; Conhecimentos Gerais<\/a><\/li>\n\n\n\n<li><a href=\"https:\/\/www.editorasolucao.com.br\/curso-online\/curso-alego-assistente-legislativo-policial-legislativo\">Apostila ALEGO 2026 &#8211; Policial Legislativo<\/a><\/li>\n<\/ul>\n\n\n\n<h2 class=\"wp-block-heading\"><span class=\"ez-toc-section\" id=\"Requisitos_do_concurso_Alego\"><\/span>Requisitos do concurso Alego<span class=\"ez-toc-section-end\"><\/span><\/h2>\n\n\n\n<p>Para investidura dos cargos do concurso Alego, \u00e9 necess\u00e1rio que os candidatos atendam aos seguintes requisitos b\u00e1sicos:<\/p>\n\n\n\n<ul>\n<li>ter sido classificado no Concurso P\u00fablico na forma estabelecida neste Edital, em seus anexos e eventuais retifica\u00e7\u00f5es;<\/li>\n\n\n\n<li>ter nacionalidade brasileira, ou, no caso de nacionalidade portuguesa, estar amparado pelo Estatuto de Igualdade entre brasileiros e portugueses, com reconhecimento do gozo dos direitos pol\u00edticos, nos termos do \u00a71\u00ba do art. 12 da Constitui\u00e7\u00e3o da Rep\u00fablica Federativa do Brasil e na forma do disposto no art. 13 do Decreto n\u00ba 70.436\/1972;<\/li>\n\n\n\n<li>ter idade m\u00ednima de 18 anos completos;<\/li>\n\n\n\n<li>estar em pleno gozo dos direitos pol\u00edticos;<\/li>\n\n\n\n<li>estar quite com as obriga\u00e7\u00f5es eleitorais e, se do sexo masculino, tamb\u00e9m com as obriga\u00e7\u00f5es militares;<\/li>\n\n\n\n<li>cumprir os requisitos para o cargo ao qual deseja concorrer, conforme o Anexo II do Edital;<\/li>\n\n\n\n<li>ter aptid\u00e3o f\u00edsica e mental para o exerc\u00edcio das atribui\u00e7\u00f5es do cargo;<\/li>\n\n\n\n<li>n\u00e3o ter sido condenado, por senten\u00e7a penal condenat\u00f3ria transitada em julgado, \u00e0 pena privativa de liberdade ou por outra condena\u00e7\u00e3o incompat\u00edvel com a fun\u00e7\u00e3o p\u00fablica;<\/li>\n\n\n\n<li>apresentar, \u00e0 \u00e9poca da posse, outros documentos que se fizerem necess\u00e1rios; e<\/li>\n\n\n\n<li>cumprir as determina\u00e7\u00f5es deste Edital.<\/li>\n<\/ul>\n\n\n\n<p>Al\u00e9m dos requisitos b\u00e1sicos, esses s\u00e3o os requisitos espec\u00edficos para cada cargo do concurso Alego:<\/p>\n\n\n\n<p><strong>Assistente Legislativo<\/strong><\/p>\n\n\n\n<ul>\n<li>Assistente de Suporte em TI: Diploma de Ensino T\u00e9cnico em Inform\u00e1tica ou Tecnologia integrado ao Ensino M\u00e9dio. Ou diploma de Ensino M\u00e9dio com forma\u00e7\u00e3o t\u00e9cnica em Inform\u00e1tica ou Tecnologia.<\/li>\n\n\n\n<li>Fot\u00f3grafo: Diploma de Ensino M\u00e9dio + Forma\u00e7\u00e3o t\u00e9cnica na \u00e1rea de Fotografia.<\/li>\n\n\n\n<li>T\u00e9cnico de Grava\u00e7\u00e3o e Som: Diploma de Ensino M\u00e9dio e habilita\u00e7\u00e3o profissional na \u00e1rea.<\/li>\n\n\n\n<li>T\u00e9cnico em Refrigera\u00e7\u00e3o e Ar-Condicionado: Diploma de Ensino M\u00e9dio ou Curso T\u00e9cnico equivalente + Certificado de conclus\u00e3o do curso de T\u00e9cnico em Refrigera\u00e7\u00e3o.<\/li>\n<\/ul>\n\n\n\n<p><strong>Policial Legislativo<\/strong><\/p>\n\n\n\n<ul>\n<li>Policial Legislativo: Forma\u00e7\u00e3o de n\u00edvel m\u00e9dio.<\/li>\n<\/ul>\n\n\n\n<p><strong>Analista Legislativo<\/strong><\/p>\n\n\n\n<ul>\n<li>Analista Administrativo: Diploma de conclus\u00e3o de qualquer curso de n\u00edvel superior reconhecido pelo MEC.<\/li>\n\n\n\n<li>Analista de Ci\u00eancia de Dados: Diploma de n\u00edvel superior em Tecnologia da Informa\u00e7\u00e3o ou Ci\u00eancias Exatas + P\u00f3s-gradua\u00e7\u00e3o em Ci\u00eancia de Dados ou Intelig\u00eancia Artificial (m\u00ednimo de 360h).<\/li>\n\n\n\n<li>Analista de Controle Externo em Contabilidade: Diploma de n\u00edvel superior em Ci\u00eancias Cont\u00e1beis + Registro no Conselho Regional de Contabilidade (CRC).<\/li>\n\n\n\n<li>Analista de Controle Externo em Finan\u00e7as e Controle: Diploma de n\u00edvel superior em Ci\u00eancias Econ\u00f4micas, Ci\u00eancia de Dados, Estat\u00edstica, Ci\u00eancias Atuariais, Administra\u00e7\u00e3o ou Administra\u00e7\u00e3o P\u00fablica.<\/li>\n\n\n\n<li>Analista de Controle Interno em Contabilidade: Diploma de n\u00edvel superior em Ci\u00eancias Cont\u00e1beis + Registro no Conselho Regional de Contabilidade (CRC).<\/li>\n\n\n\n<li>Analista de Controle Interno em Finan\u00e7as e Controle: Diploma de n\u00edvel superior em Ci\u00eancias Cont\u00e1beis, Ci\u00eancias Econ\u00f4micas, Administra\u00e7\u00e3o P\u00fablica ou Direito.<\/li>\n\n\n\n<li>Analista de Gerenciamento de Projetos de TI: Diploma de n\u00edvel superior na \u00e1rea de Tecnologia da Informa\u00e7\u00e3o + P\u00f3s-gradua\u00e7\u00e3o em Gerenciamento de Projetos (m\u00ednimo de 360h).<\/li>\n\n\n\n<li>Analista de Infraestrutura: Diploma de n\u00edvel superior na \u00e1rea de Tecnologia da Informa\u00e7\u00e3o.<\/li>\n\n\n\n<li>Analista de Sistemas: Diploma de n\u00edvel superior na \u00e1rea de Tecnologia da Informa\u00e7\u00e3o.<\/li>\n\n\n\n<li>Contador: Diploma de n\u00edvel superior em Ci\u00eancias Cont\u00e1beis + Registro no Conselho Regional de Contabilidade (CRC).<\/li>\n\n\n\n<li>Desenvolvedor de Sistemas: Diploma de n\u00edvel superior na \u00e1rea de Tecnologia da Informa\u00e7\u00e3o.<\/li>\n\n\n\n<li>Economista: Diploma de n\u00edvel superior em Ci\u00eancias Econ\u00f4micas + Registro no Conselho Regional de Economia (Corecon).<\/li>\n<\/ul>\n\n\n\n<h2 class=\"wp-block-heading\"><span class=\"ez-toc-section\" id=\"Etapas_do_concurso_Alego\"><\/span>Etapas do concurso Alego<span class=\"ez-toc-section-end\"><\/span><\/h2>\n\n\n\n<p>Os candidatos inscritos no concurso Alego ser\u00e3o avaliados em diversas fases, conforme o cargo pretendido. As etapas possuem car\u00e1ter eliminat\u00f3rio e\/ou classificat\u00f3rio e est\u00e3o organizadas da seguinte forma:<\/p>\n\n\n\n<ul>\n<li><strong>Prova Objetiva,<\/strong> de car\u00e1ter eliminat\u00f3rio e classificat\u00f3rio, para todos os cargos;<\/li>\n\n\n\n<li><strong>Prova Discursiva,<\/strong> de car\u00e1ter eliminat\u00f3rio e classificat\u00f3rio, para todos os cargos;<\/li>\n\n\n\n<li><strong>Prova de Conhecimentos Pr\u00e1ticos,<\/strong> de car\u00e1ter eliminat\u00f3rio, apenas para o cargo de Assistente Legislativo \u2013 categoria funcional T\u00e9cnico de Grava\u00e7\u00e3o e Som;<\/li>\n\n\n\n<li><strong>Avalia\u00e7\u00e3o Psicol\u00f3gica,<\/strong> de car\u00e1ter eliminat\u00f3rio, apenas para o cargo de Policial Legislativo;<\/li>\n\n\n\n<li><strong>Prova de Aptid\u00e3o F\u00edsica<\/strong>, de car\u00e1ter eliminat\u00f3rio, apenas para o cargo de Policial Legislativo;<\/li>\n\n\n\n<li><strong>Prova de T\u00edtulos,<\/strong> de car\u00e1ter classificat\u00f3rio, somente para os cargos de Analista Legislativo e suas categorias funcionais;<\/li>\n\n\n\n<li><strong>Avalia\u00e7\u00e3o Biopsicossocial,<\/strong> para aqueles que concorrerem \u00e0 reserva de vagas para pessoas com defici\u00eancia;<\/li>\n\n\n\n<li><strong>Heteroidentifica\u00e7\u00e3o<\/strong>, para aqueles que concorrem \u00e0 reserva de vagas para candidatos negros.<\/li>\n<\/ul>\n\n\n\n<p><\/p>\n\n\n\n<p>As provas escritas ser\u00e3o aplicadas no dia <strong>8 de fevereiro de 2026<\/strong>, em Goi\u00e2nia\/GO, nos seguintes hor\u00e1rios:<\/p>\n\n\n\n<ul>\n<li><strong>Analista Legislativo<\/strong>: 13h \u00e0s 18h<\/li>\n\n\n\n<li><strong>Assistente Legislativo<\/strong>: 13h \u00e0s 17h<\/li>\n\n\n\n<li><strong>Policial Legislativo<\/strong>: 13h \u00e0s 17h<\/li>\n<\/ul>\n\n\n\n<h3 class=\"wp-block-heading\">Prova Objetiva<\/h3>\n\n\n\n<p>A prova objetiva do concurso Alego ser\u00e1 aplicada a todos os cargos, com quest\u00f5es de m\u00faltipla escolha, com cinco alternativas e apenas uma correta. Confira como as disciplinas ser\u00e3o distribu\u00eddas:<\/p>\n\n\n\n<p><strong>Analista Legislativo (exceto \u00e1reas de TI)<\/strong><\/p>\n\n\n\n<ul>\n<li>Conhecimentos Gerais (28 quest\u00f5es)\n<ul>\n<li>L\u00edngua Portuguesa: 12 quest\u00f5es<\/li>\n\n\n\n<li>Racioc\u00ednio L\u00f3gico: 4 quest\u00f5es<\/li>\n\n\n\n<li>No\u00e7\u00f5es de Inform\u00e1tica: 4 quest\u00f5es<\/li>\n\n\n\n<li>Realidade \u00c9tnica, Social, Hist\u00f3rica, Geogr\u00e1fica, Cultural, Pol\u00edtica e Econ\u00f4mica de Goi\u00e1s: 4 quest\u00f5es<\/li>\n\n\n\n<li>Legisla\u00e7\u00e3o do Estado de Goi\u00e1s: 4 quest\u00f5es<\/li>\n<\/ul>\n<\/li>\n\n\n\n<li>Conhecimentos Espec\u00edficos (42 quest\u00f5es)\n<ul>\n<li>Direito Constitucional: 6 quest\u00f5es<\/li>\n\n\n\n<li>Direito Administrativo: 6 quest\u00f5es<\/li>\n\n\n\n<li>Conhecimentos espec\u00edficos da carreira: 30 quest\u00f5es<\/li>\n<\/ul>\n<\/li>\n<\/ul>\n\n\n\n<p><strong>Analista Legislativo \u2013 \u00e1reas de TI <\/strong><\/p>\n\n\n\n<ul>\n<li>Conhecimentos Gerais (28 quest\u00f5es)\n<ul>\n<li>L\u00edngua Portuguesa: 14 quest\u00f5es<\/li>\n\n\n\n<li>Racioc\u00ednio L\u00f3gico: 6 quest\u00f5es<\/li>\n\n\n\n<li>Realidade \u00c9tnica, Social, Hist\u00f3rica, Geogr\u00e1fica, Cultural, Pol\u00edtica e Econ\u00f4mica de Goi\u00e1s: 4 quest\u00f5es<\/li>\n\n\n\n<li>Legisla\u00e7\u00e3o do Estado de Goi\u00e1s: 4 quest\u00f5es<\/li>\n<\/ul>\n<\/li>\n\n\n\n<li>Conhecimentos Espec\u00edficos (42 quest\u00f5es)\n<ul>\n<li>Direito Constitucional: 6 quest\u00f5es<\/li>\n\n\n\n<li>Direito Administrativo: 6 quest\u00f5es<\/li>\n\n\n\n<li>Conhecimentos espec\u00edficos da carreira: 30 quest\u00f5es<\/li>\n<\/ul>\n<\/li>\n<\/ul>\n\n\n\n<p><strong>Assistente Legislativo<\/strong> <strong>(exceto \u00e1reas de TI)<\/strong><\/p>\n\n\n\n<ul>\n<li>Conhecimentos B\u00e1sicos (20 quest\u00f5es)\n<ul>\n<li>L\u00edngua Portuguesa: 8 quest\u00f5es <\/li>\n\n\n\n<li>Racioc\u00ednio L\u00f3gico: 3 quest\u00f5es<\/li>\n\n\n\n<li>No\u00e7\u00f5es de Inform\u00e1tica: 3 quest\u00f5es <\/li>\n\n\n\n<li>Realidade \u00c9tnica, Social, Hist\u00f3rica, Geogr\u00e1fica, Cultural, Pol\u00edtica e Econ\u00f4mica de Goi\u00e1s: 3 quest\u00f5es<\/li>\n\n\n\n<li>Legisla\u00e7\u00e3o do Estado de Goi\u00e1s: 3 quest\u00f5es<\/li>\n<\/ul>\n<\/li>\n\n\n\n<li>Conhecimentos Espec\u00edficos (30 quest\u00f5es)\n<ul>\n<li>No\u00e7\u00f5es de Direito Constitucional: 3 quest\u00f5es<\/li>\n\n\n\n<li>No\u00e7\u00f5es de Direito Administrativo: 3 quest\u00f5es<\/li>\n\n\n\n<li>Conhecimentos espec\u00edficos da \u00e1rea: 24 quest\u00f5es<\/li>\n<\/ul>\n<\/li>\n<\/ul>\n\n\n\n<p><strong>Assistente Legislativo &#8211; Assistente de Suporte em TI<\/strong><\/p>\n\n\n\n<ul>\n<li>Conhecimentos B\u00e1sicos (20 quest\u00f5es)\n<ul>\n<li>L\u00edngua Portuguesa: 9 quest\u00f5es <\/li>\n\n\n\n<li>Racioc\u00ednio L\u00f3gico: 5 quest\u00f5es<\/li>\n\n\n\n<li>Realidade \u00c9tnica, Social, Hist\u00f3rica, Geogr\u00e1fica, Cultural, Pol\u00edtica e Econ\u00f4mica de Goi\u00e1s: 3 quest\u00f5es<\/li>\n\n\n\n<li>Legisla\u00e7\u00e3o do Estado de Goi\u00e1s: 3 quest\u00f5es<\/li>\n<\/ul>\n<\/li>\n\n\n\n<li>Conhecimentos Espec\u00edficos (30 quest\u00f5es)\n<ul>\n<li>No\u00e7\u00f5es de Direito Constitucional: 3 quest\u00f5es<\/li>\n\n\n\n<li>No\u00e7\u00f5es de Direito Administrativo: 3 quest\u00f5es<\/li>\n\n\n\n<li>Conhecimentos espec\u00edficos da \u00e1rea: 24 quest\u00f5es<\/li>\n<\/ul>\n<\/li>\n<\/ul>\n\n\n\n<p><strong>Policial Legislativo<\/strong><\/p>\n\n\n\n<ul>\n<li>Conhecimentos B\u00e1sicos (20 quest\u00f5es)\n<ul>\n<li>L\u00edngua Portuguesa: 8 quest\u00f5es<\/li>\n\n\n\n<li>Racioc\u00ednio L\u00f3gico: 3 quest\u00f5es<\/li>\n\n\n\n<li>No\u00e7\u00f5es de Inform\u00e1tica: 3 quest\u00f5es<\/li>\n\n\n\n<li>Realidade \u00c9tnica, Social, Hist\u00f3rica, Geogr\u00e1fica, Cultural, Pol\u00edtica e Econ\u00f4mica de Goi\u00e1s: 3 quest\u00f5es<\/li>\n\n\n\n<li>Legisla\u00e7\u00e3o do Estado de Goi\u00e1s: 3 quest\u00f5es<\/li>\n<\/ul>\n<\/li>\n\n\n\n<li>Conhecimentos Espec\u00edficos (30 quest\u00f5es)\n<ul>\n<li>No\u00e7\u00f5es de Direito Constitucional: 3 quest\u00f5es<\/li>\n\n\n\n<li>No\u00e7\u00f5es de Direito Administrativo: 3 quest\u00f5es<\/li>\n\n\n\n<li>Conhecimentos espec\u00edficos da \u00e1rea: 24 quest\u00f5es<\/li>\n<\/ul>\n<\/li>\n<\/ul>\n\n\n\n<p>Ser\u00e1 eliminado o candidato que n\u00e3o obtiver o m\u00ednimo de 50% dos pontos em cada \u00e1rea (conhecimentos gerais e conhecimentos espec\u00edficos) ou zerar qualquer uma delas.<\/p>\n\n\n\n<h4 class=\"wp-block-heading\">N\u00f3s temos a Solu\u00e7\u00e3o<\/h4>\n\n\n\n<p>Quer ser aprovado no concurso Alego, mas n\u00e3o sabe como come\u00e7ar a estudar? N\u00f3s temos a Solu\u00e7\u00e3o! Elaboramos diversos materiais completos e direcionados conforme o edital que te ajudar\u00e3o a conquistar o seu cargo dos sonhos!<\/p>\n\n\n\n<p><strong>Confira:&nbsp;<a href=\"https:\/\/www.editorasolucao.com.br\/concurso\/assembleia-legislativa-do-estado-de-goias\">Materiais preparat\u00f3rios para o concurso Alego!<\/a><\/strong><\/p>\n\n\n\n<h3 class=\"wp-block-heading\">Prova Discursiva<\/h3>\n\n\n\n<p>A prova discursiva do concurso Alego, de car\u00e1ter eliminat\u00f3rio e classificat\u00f3rio, ser\u00e1 aplicada no mesmo dia e hor\u00e1rio da prova objetiva. Essa etapa tem o objetivo de avaliar a capacidade de express\u00e3o escrita, argumenta\u00e7\u00e3o e dom\u00ednio da norma padr\u00e3o da L\u00edngua Portuguesa, al\u00e9m do conhecimento t\u00e9cnico do candidato.<\/p>\n\n\n\n<p>Para o cargo de Analista Legislativo, a prova consistir\u00e1 em <strong>duas quest\u00f5es discursivas<\/strong> sobre conte\u00fados espec\u00edficos, valendo 10 pontos cada. As respostas dever\u00e3o ter at\u00e9 30 linhas, e ser\u00e1 aprovado quem obtiver nota m\u00ednima de 50% do total de pontos.<\/p>\n\n\n\n<p>J\u00e1 para os cargos de Assistente Legislativo e Policial Legislativo, a prova corresponder\u00e1 a <strong>uma reda\u00e7\u00e3o dissertativo-argumentativa<\/strong>, com pontua\u00e7\u00e3o m\u00e1xima de 10 pontos. O candidato ser\u00e1 eliminado se obtiver nota inferior a 5 pontos.<\/p>\n\n\n\n<p>Ser\u00e3o corrigidas as provas de at\u00e9 <strong>tr\u00eas vezes o n\u00famero de vagas<\/strong> para Analista Administrativo e Policial Legislativo, e at\u00e9 <strong>dez vezes o n\u00famero de vagas<\/strong> para as demais categorias funcionais.<\/p>\n\n\n\n<h3 class=\"wp-block-heading\">Prova de Conhecimentos Pr\u00e1ticos<\/h3>\n\n\n\n<p>A prova de conhecimentos pr\u00e1ticos do concurso Alego ser\u00e1 aplicada apenas ao cargo de Assistente Legislativo \u2013 T\u00e9cnico de Grava\u00e7\u00e3o e Som, com car\u00e1ter eliminat\u00f3rio.<\/p>\n\n\n\n<p>A etapa avaliar\u00e1 o dom\u00ednio t\u00e9cnico do candidato na opera\u00e7\u00e3o de sistemas de som anal\u00f3gicos e digitais, uso de softwares de grava\u00e7\u00e3o (DAW) e instrumentos como o mult\u00edmetro. A pontua\u00e7\u00e3o m\u00e1xima \u00e9 de 10 pontos, e o resultado ser\u00e1 somado \u00e0 nota da prova objetiva e da reda\u00e7\u00e3o.<\/p>\n\n\n\n<h3 class=\"wp-block-heading\">Prova de Aptid\u00e3o F\u00edsica (TAF)<\/h3>\n\n\n\n<p>De car\u00e1ter eliminat\u00f3rio, a Prova de Aptid\u00e3o F\u00edsica ser\u00e1 realizada apenas para o cargo de Policial Legislativo.<\/p>\n\n\n\n<p>O candidato dever\u00e1 apresentar atestado m\u00e9dico emitido por cardiologista (com at\u00e9 30 dias de validade) e comparecer no hor\u00e1rio definido. Ser\u00e1 considerado apto quem atingir o desempenho m\u00ednimo em todos os testes. A aus\u00eancia, falta do atestado ou resultado insuficiente implicar\u00e1 elimina\u00e7\u00e3o do concurso Alego.<\/p>\n\n\n\n<h3 class=\"wp-block-heading\">Avalia\u00e7\u00e3o Psicol\u00f3gica<\/h3>\n\n\n\n<p>A avalia\u00e7\u00e3o psicol\u00f3gica, tamb\u00e9m eliminat\u00f3ria, ser\u00e1 destinada apenas aos candidatos ao cargo de Policial Legislativo.<\/p>\n\n\n\n<p>Essa etapa do concurso Alego medir\u00e1 aptid\u00f5es cognitivas e tra\u00e7os de personalidade compat\u00edveis com o exerc\u00edcio do cargo, que envolve atividades sob forte press\u00e3o e risco. <\/p>\n\n\n\n<p>Os testes ser\u00e3o aplicados por psic\u00f3logos habilitados e seguir\u00e3o normas do Conselho Federal de Psicologia. O resultado ser\u00e1 apenas \u201crecomendado\u201d ou \u201cn\u00e3o recomendado\u201d.<\/p>\n\n\n\n<h3 class=\"wp-block-heading\">Prova de T\u00edtulos<\/h3>\n\n\n\n<p>A prova de t\u00edtulos, de car\u00e1ter classificat\u00f3rio, ser\u00e1 aplicada somente aos cargos de Analista Legislativo e suas categorias funcionais.<\/p>\n\n\n\n<p>Confira os t\u00edtulos que ser\u00e3o avaliados no concurso Alego:<\/p>\n\n\n\n<figure class=\"wp-block-image size-full\"><img loading=\"lazy\" decoding=\"async\" width=\"716\" height=\"360\" src=\"https:\/\/www.editorasolucao.com.br\/blog\/wp-content\/uploads\/2025\/10\/titulos-alego.webp\" alt=\"Tabela de t\u00edtulos do concurso Alego\" class=\"wp-image-49055\"\/><figcaption class=\"wp-element-caption\"><em>Tabela de t\u00edtulos do concurso Alego!<\/em><\/figcaption><\/figure>\n\n\n\n<p>Mesmo com mais t\u00edtulos, a soma n\u00e3o poder\u00e1 ultrapassar o limite de 8 pontos.<\/p>\n\n\n\n<h2 class=\"wp-block-heading\"><span class=\"ez-toc-section\" id=\"Quando_ocorreu_o_ultimo_concurso_ALEGO\"><\/span>Quando ocorreu o \u00faltimo concurso ALEGO? <span class=\"ez-toc-section-end\"><\/span><\/h2>\n\n\n\n<p>O \u00faltimo concurso ALEGO ocorreu em 2018 e ofertou 157 vagas, sendo 80 vagas imediatas e 77 vagas de cadastro reserva. Confira como essas oportunidades foram distribu\u00eddas: <\/p>\n\n\n\n<ul>\n<li>Assistente Legislativo (36 + 18 CR) &#8211; R$ 5.789,37\n<ul>\n<li>Policial Legislativo<\/li>\n\n\n\n<li>T\u00e9cnico em Enfermagem do Trabalho<\/li>\n\n\n\n<li>T\u00e9cnico em Seguran\u00e7a do Trabalho<\/li>\n\n\n\n<li>Tradutor \u2013 Int\u00e9rprete de LIBRAS<\/li>\n<\/ul>\n<\/li>\n\n\n\n<li>Analista Legislativo (42 + 53 CR) &#8211; R$ 7.931,53\n<ul>\n<li>Arquiteto<\/li>\n\n\n\n<li>Arquivista<\/li>\n\n\n\n<li>Assistente Social<\/li>\n\n\n\n<li>Cirurgi\u00e3o-Dentista<\/li>\n\n\n\n<li>Comunicador Social<\/li>\n\n\n\n<li>Contador<\/li>\n\n\n\n<li>Enfermeiro do Trabalho<\/li>\n\n\n\n<li>Engenheiro Civil, Engenheiro do Trabalho e Engenheiro Eletricista<\/li>\n\n\n\n<li>Fisioterapeuta<\/li>\n\n\n\n<li>M\u00e9dico Cardiologista, M\u00e9dico Cl\u00ednico, M\u00e9dico do Trabalho, M\u00e9dico Ginecologista, M\u00e9dico Ortopedista e M\u00e9dico Psiquiatra<\/li>\n\n\n\n<li>Psic\u00f3logo Organizacional<\/li>\n\n\n\n<li>Revisor Ortogr\u00e1fico<\/li>\n\n\n\n<li>Seguran\u00e7a da Informa\u00e7\u00e3o<\/li>\n<\/ul>\n<\/li>\n\n\n\n<li>Procurador (2 + 6 CR)\n<ul>\n<li>R$ 29.114,95<\/li>\n<\/ul>\n<\/li>\n<\/ul>\n\n\n\n<h3 class=\"wp-block-heading\">Como os candidatos do \u00faltimo concurso ALEGO foram avaliados? <\/h3>\n\n\n\n<p>As etapas do concurso ALEGO variavam de acordo com o cargo. Para o cargo de Analista, o processo seletivo foi composto por duas fases: provas objetivas e discursivas.<\/p>\n\n\n\n<p>A prova objetiva foi composta por 50 quest\u00f5es de m\u00faltipla escolha que foram versadas sobre as seguintes disciplinas: <\/p>\n\n\n\n<figure class=\"wp-block-image size-full\"><img loading=\"lazy\" decoding=\"async\" width=\"680\" height=\"231\" src=\"https:\/\/www.editorasolucao.com.br\/blog\/wp-content\/uploads\/2025\/02\/objetiva-alego.webp\" alt=\"Tabela de disciplinas da prova objetiva do concurso ALEGO!\" class=\"wp-image-45977\"\/><\/figure>\n\n\n\n<p><\/p>\n\n\n\n<p><strong>Bons estudos e boa prova!<\/strong><\/p>\n","protected":false},"excerpt":{"rendered":"<p>O concurso Alego ter\u00e1 provas em fevereiro! S\u00e3o ofertadas 101 vagas para cargos de n\u00edveis m\u00e9dio, t\u00e9cnico e superior. Iniciais at\u00e9 R$10 mil. Veja!<\/p>\n","protected":false},"author":26,"featured_media":49054,"template":"","meta":{"_acf_changed":false,"rank_math_lock_modified_date":false},"categories":[52],"tags":[4552],"acf":[],"_links":{"self":[{"href":"https:\/\/www.editorasolucao.com.br\/blog\/wp-json\/wp\/v2\/concurso\/45974"}],"collection":[{"href":"https:\/\/www.editorasolucao.com.br\/blog\/wp-json\/wp\/v2\/concurso"}],"about":[{"href":"https:\/\/www.editorasolucao.com.br\/blog\/wp-json\/wp\/v2\/types\/concurso"}],"author":[{"embeddable":true,"href":"https:\/\/www.editorasolucao.com.br\/blog\/wp-json\/wp\/v2\/users\/26"}],"wp:featuredmedia":[{"embeddable":true,"href":"https:\/\/www.editorasolucao.com.br\/blog\/wp-json\/wp\/v2\/media\/49054"}],"wp:attachment":[{"href":"https:\/\/www.editorasolucao.com.br\/blog\/wp-json\/wp\/v2\/media?parent=45974"}],"wp:term":[{"taxonomy":"category","embeddable":true,"href":"https:\/\/www.editorasolucao.com.br\/blog\/wp-json\/wp\/v2\/categories?post=45974"},{"taxonomy":"post_tag","embeddable":true,"href":"https:\/\/www.editorasolucao.com.br\/blog\/wp-json\/wp\/v2\/tags?post=45974"}],"curies":[{"name":"wp","href":"https:\/\/api.w.org\/{rel}","templated":true}]}}