{"id":46172,"date":"2025-03-10T11:17:24","date_gmt":"2025-03-10T14:17:24","guid":{"rendered":"https:\/\/www.editorasolucao.com.br\/blog\/?post_type=concurso&#038;p=46172"},"modified":"2025-03-10T11:17:27","modified_gmt":"2025-03-10T14:17:27","slug":"ares-pcj","status":"publish","type":"concurso","link":"https:\/\/www.editorasolucao.com.br\/blog\/concurso\/ares-pcj","title":{"rendered":"Concurso ARES PCJ: Edital publicado. Iniciais de R$13 mil!"},"content":{"rendered":"\n<p>O edital do concurso ARES PCJ (Ag\u00eancia Reguladora dos Servi\u00e7os de Saneamento das Bacias dos Rios Piracicaba, Capivari e Jundia\u00ed) foi divulgado para o preenchimento de <strong>10 vagas<\/strong> em cargos de n\u00edveis fundamental, m\u00e9dio e superior. Os sal\u00e1rios variam de <strong>R$ 1.802,13 a R$ 13.056,00<\/strong>, al\u00e9m de benef\u00edcios! Ficou interessado(a)? Venha saber todos os detalhes!<\/p>\n\n\n\n<div id=\"ez-toc-container\" class=\"ez-toc-v2_0_69_1 counter-hierarchy ez-toc-counter ez-toc-grey ez-toc-container-direction\">\n<div class=\"ez-toc-title-container\">\n<p class=\"ez-toc-title \" >Menu de navega&ccedil;&atilde;o<\/p>\n<span class=\"ez-toc-title-toggle\"><a href=\"#\" class=\"ez-toc-pull-right ez-toc-btn ez-toc-btn-xs ez-toc-btn-default ez-toc-toggle\" aria-label=\"Toggle Table of Content\"><span class=\"ez-toc-js-icon-con\"><span class=\"\"><span class=\"eztoc-hide\" style=\"display:none;\">Toggle<\/span><span class=\"ez-toc-icon-toggle-span\"><svg style=\"fill: #999;color:#999\" xmlns=\"http:\/\/www.w3.org\/2000\/svg\" class=\"list-377408\" width=\"20px\" height=\"20px\" viewBox=\"0 0 24 24\" fill=\"none\"><path d=\"M6 6H4v2h2V6zm14 0H8v2h12V6zM4 11h2v2H4v-2zm16 0H8v2h12v-2zM4 16h2v2H4v-2zm16 0H8v2h12v-2z\" fill=\"currentColor\"><\/path><\/svg><svg style=\"fill: #999;color:#999\" class=\"arrow-unsorted-368013\" xmlns=\"http:\/\/www.w3.org\/2000\/svg\" width=\"10px\" height=\"10px\" viewBox=\"0 0 24 24\" version=\"1.2\" baseProfile=\"tiny\"><path d=\"M18.2 9.3l-6.2-6.3-6.2 6.3c-.2.2-.3.4-.3.7s.1.5.3.7c.2.2.4.3.7.3h11c.3 0 .5-.1.7-.3.2-.2.3-.5.3-.7s-.1-.5-.3-.7zM5.8 14.7l6.2 6.3 6.2-6.3c.2-.2.3-.5.3-.7s-.1-.5-.3-.7c-.2-.2-.4-.3-.7-.3h-11c-.3 0-.5.1-.7.3-.2.2-.3.5-.3.7s.1.5.3.7z\"\/><\/svg><\/span><\/span><\/span><\/a><\/span><\/div>\n<nav><ul class='ez-toc-list ez-toc-list-level-1 ' ><li class='ez-toc-page-1 ez-toc-heading-level-2'><a class=\"ez-toc-link ez-toc-heading-1\" href=\"https:\/\/www.editorasolucao.com.br\/blog\/concurso\/ares-pcj\/#Saiba_como_se_inscrever_no_concurso_ARES_PCJ\" title=\"Saiba como se inscrever no concurso ARES PCJ\">Saiba como se inscrever no concurso ARES PCJ<\/a><\/li><li class='ez-toc-page-1 ez-toc-heading-level-2'><a class=\"ez-toc-link ez-toc-heading-2\" href=\"https:\/\/www.editorasolucao.com.br\/blog\/concurso\/ares-pcj\/#Cargos_vagas_e_salarios_do_concurso_ARES_PCJ\" title=\"Cargos, vagas e sal\u00e1rios do concurso ARES PCJ\">Cargos, vagas e sal\u00e1rios do concurso ARES PCJ<\/a><\/li><li class='ez-toc-page-1 ez-toc-heading-level-2'><a class=\"ez-toc-link ez-toc-heading-3\" href=\"https:\/\/www.editorasolucao.com.br\/blog\/concurso\/ares-pcj\/#Requisitos_para_a_investidura_dos_cargos_do_concurso_ARES_PCJ\" title=\"Requisitos para a investidura dos cargos do concurso ARES PCJ\">Requisitos para a investidura dos cargos do concurso ARES PCJ<\/a><\/li><li class='ez-toc-page-1 ez-toc-heading-level-2'><a class=\"ez-toc-link ez-toc-heading-4\" href=\"https:\/\/www.editorasolucao.com.br\/blog\/concurso\/ares-pcj\/#Etapas_de_selecao_do_concurso_ARES_PCJ\" title=\"Etapas de sele\u00e7\u00e3o do concurso ARES PCJ\">Etapas de sele\u00e7\u00e3o do concurso ARES PCJ<\/a><\/li><\/ul><\/nav><\/div>\n<h2 class=\"wp-block-heading\"><span class=\"ez-toc-section\" id=\"Saiba_como_se_inscrever_no_concurso_ARES_PCJ\"><\/span>Saiba como se inscrever no concurso ARES PCJ<span class=\"ez-toc-section-end\"><\/span><\/h2>\n\n\n\n<p>As inscri\u00e7\u00f5es do concurso ARES PCJ estar\u00e3o abertas entre os dias <strong>11 de mar\u00e7o e 9 de abril de 2025<\/strong> e devem ser realizadas <strong>exclusivamente<\/strong> pelo site da banca organizadora respons\u00e1vel pelo certame, a <a href=\"https:\/\/www.vunesp.com.br\/ARES2401\" target=\"_blank\" rel=\"noreferrer noopener\">Vunesp<\/a>. O candidato deve:<\/p>\n\n\n\n<ol>\n<li>Acessar o site e localizar o concurso ARES PCJ.<\/li>\n\n\n\n<li>Ler atentamente o edital e preencher a ficha de inscri\u00e7\u00e3o.<\/li>\n\n\n\n<li>Gerar e pagar o boleto banc\u00e1rio at\u00e9 <strong>10 de abril de 2025<\/strong>.<\/li>\n\n\n\n<li>Conferir se sua inscri\u00e7\u00e3o foi validada no site da banca organizadora.<\/li>\n<\/ol>\n\n\n\n<p><\/p>\n\n\n\n<p>Os valores das taxas de inscri\u00e7\u00e3o variam de acordo com o n\u00edvel de escolaridade do cargo pretendio, sendo:<\/p>\n\n\n\n<ul>\n<li><strong>Ensino Fundamental:<\/strong> R$ 54,90<\/li>\n\n\n\n<li><strong>Ensino M\u00e9dio\/T\u00e9cnico:<\/strong> R$ 67,90<\/li>\n\n\n\n<li><strong>Ensino Superior:<\/strong> R$ 98,80<\/li>\n<\/ul>\n\n\n\n<p><\/p>\n\n\n\n<p><strong>Isen\u00e7\u00e3o da taxa:<\/strong> candidatos inscritos no Cadastro \u00danico (Cad\u00danico) do Governo Federal podem solicitar isen\u00e7\u00e3o entre <strong>11 e 14 de mar\u00e7o de 2025<\/strong>, seguindo as orienta\u00e7\u00f5es do edital.<\/p>\n\n\n\n<h2 class=\"wp-block-heading\"><span class=\"ez-toc-section\" id=\"Cargos_vagas_e_salarios_do_concurso_ARES_PCJ\"><\/span>Cargos, vagas e sal\u00e1rios do concurso ARES PCJ<span class=\"ez-toc-section-end\"><\/span><\/h2>\n\n\n\n<p>O <a href=\"https:\/\/www.editorasolucao.com.br\/blog\/\" target=\"_blank\" rel=\"noreferrer noopener\">concurso ARES PCJ<\/a> oferece oportunidades para diversas \u00e1reas e n\u00edveis de escolaridade. Confira os detalhes:<\/p>\n\n\n\n<figure class=\"wp-block-table\"><table><thead><tr><th>Cargo<\/th><th>Escolaridade<\/th><th>Vagas<\/th><th>Sal\u00e1rio Inicial<\/th><th>Local de Trabalho<\/th><\/tr><\/thead><tbody><tr><td>Auxiliar de Servi\u00e7os Gerais<\/td><td>Fundamental<\/td><td>1<\/td><td>R$ 1.802,13<\/td><td>Americana<\/td><\/tr><tr><td>Assistente Administrativo<\/td><td>M\u00e9dio\/T\u00e9cnico<\/td><td>1<\/td><td>R$ 3.979,28<\/td><td>S\u00e3o Jos\u00e9 do Rio Preto<\/td><\/tr><tr><td>Analista de Fiscaliza\u00e7\u00e3o e Regula\u00e7\u00e3o (Cont\u00e1bil\/Economia\/Administra\u00e7\u00e3o)<\/td><td>Superior<\/td><td>1<\/td><td>R$ 10.710,49<\/td><td>Americana<\/td><\/tr><tr><td>Analista de Fiscaliza\u00e7\u00e3o e Regula\u00e7\u00e3o (Biologia\/Qu\u00edmica)<\/td><td>Superior<\/td><td>1<\/td><td>R$ 10.710,49<\/td><td>Ribeir\u00e3o Preto<\/td><\/tr><tr><td>Analista de Fiscaliza\u00e7\u00e3o e Regula\u00e7\u00e3o (Engenharia Ambiental\/Qu\u00edmica)<\/td><td>Superior<\/td><td>1<\/td><td>R$ 10.710,49<\/td><td>S\u00e3o Jos\u00e9 do Rio Preto<\/td><\/tr><tr><td>Analista de Fiscaliza\u00e7\u00e3o e Regula\u00e7\u00e3o (Engenharia Civil\/Sanit\u00e1ria)<\/td><td>Superior<\/td><td>1<\/td><td>R$ 10.710,49<\/td><td>Americana<\/td><\/tr><tr><td>Contador<\/td><td>Superior<\/td><td>1<\/td><td>R$ 10.710,49<\/td><td>Americana<\/td><\/tr><tr><td>Analista de Ouvidoria<\/td><td>Superior<\/td><td>1<\/td><td>R$ 10.710,49<\/td><td>Americana<\/td><\/tr><tr><td>Procurador Jur\u00eddico<\/td><td>Superior<\/td><td>2<\/td><td>R$ 13.056,00<\/td><td>Americana<\/td><\/tr><\/tbody><\/table><figcaption class=\"wp-element-caption\"><em>Cargos e vagas ofertados no concurso ARES PCJ!<\/em><\/figcaption><\/figure>\n\n\n\n<p>Al\u00e9m dos sal\u00e1rios, os contratados ter\u00e3o os seguintes benef\u00edcios:<\/p>\n\n\n\n<ul>\n<li><strong>Aux\u00edlio-alimenta\u00e7\u00e3o<\/strong>: R$ 1.000,00<\/li>\n\n\n\n<li><strong>Aux\u00edlio-transporte<\/strong>: R$ 300,00<\/li>\n\n\n\n<li><strong>Reembolso de plano de sa\u00fade<\/strong> (para o empregado e seus dependentes)<\/li>\n\n\n\n<li><strong>Aux\u00edlio-creche<\/strong>: R$ 520,96 para filhos de at\u00e9 6 anos<\/li>\n<\/ul>\n\n\n\n<h2 class=\"wp-block-heading\"><span class=\"ez-toc-section\" id=\"Requisitos_para_a_investidura_dos_cargos_do_concurso_ARES_PCJ\"><\/span>Requisitos para a investidura dos cargos do concurso ARES PCJ<span class=\"ez-toc-section-end\"><\/span><\/h2>\n\n\n\n<p>Para se inscrever no concurso ARES PCJ, o candidato deve atender aos seguintes crit\u00e9rios:<\/p>\n\n\n\n<ul>\n<li>Ser brasileiro, nato ou naturalizado, ou gozar das prerrogativas previstas no artigo 12 da Constitui\u00e7\u00e3o Federal e demais disposi\u00e7\u00f5es de lei, no caso de estrangeiro, ou cidad\u00e3o portugu\u00eas a quem tenha sido deferida a igualdade nas condi\u00e7\u00f5es previstas pelo Decreto Federal n\u00ba 70.436, de 18 de abril de 1972;<\/li>\n\n\n\n<li>Atender \u00e0s condi\u00e7\u00f5es para o preenchimento do cargo conforme disposto neste Edital;<\/li>\n\n\n\n<li>Ter idade m\u00ednima de 18 (dezoito) anos;<\/li>\n\n\n\n<li>Estar quite com as obriga\u00e7\u00f5es eleitorais;<\/li>\n\n\n\n<li>Estar quite com as obriga\u00e7\u00f5es militares (quando do sexo masculino);<\/li>\n\n\n\n<li>Estar com o CPF regularizado;<\/li>\n\n\n\n<li>Possuir Carteira Nacional de Habilita\u00e7\u00e3o (CNH), de categoria compat\u00edvel (m\u00ednimo letra &#8220;B&#8221;), com prazo de validade em vigor e estar apto a dirigir;<\/li>\n\n\n\n<li>Possuir os requisitos exigidos para o exerc\u00edcio do cargo;<\/li>\n\n\n\n<li>Goza de boa sa\u00fade f\u00edsica e mental para o exerc\u00edcio das atribui\u00e7\u00f5es do cargo, comprovada por avalia\u00e7\u00e3o m\u00e9dica oficial realizada por profissionais designados pela ARES-PCJ;<\/li>\n\n\n\n<li>N\u00e3o registrar antecedentes criminais, encontrando-se no pleno exerc\u00edcio de seus direitos civis e pol\u00edticos;<\/li>\n\n\n\n<li>N\u00e3o ter sido demitido ou exonerado de servi\u00e7o p\u00fablico (federal, estadual ou municipal) em consequ\u00eancia de processo administrativo (por justa causa ou a bem do servi\u00e7o p\u00fablico).<\/li>\n<\/ul>\n\n\n\n<h2 class=\"wp-block-heading\"><span class=\"ez-toc-section\" id=\"Etapas_de_selecao_do_concurso_ARES_PCJ\"><\/span>Etapas de sele\u00e7\u00e3o do concurso ARES PCJ<span class=\"ez-toc-section-end\"><\/span><\/h2>\n\n\n\n<p>O concurso ARES PCJ contar\u00e1 com at\u00e9 <strong>tr\u00eas fases<\/strong>, dependendo do cargo:<\/p>\n\n\n\n<ul>\n<li><strong>prova objetiva, <\/strong>de car\u00e1ter eliminat\u00f3rio e classificat\u00f3rio, para todos os cargos.<\/li>\n\n\n\n<li><strong>prova pr\u00e1tico profissional,<\/strong> de car\u00e1ter eliminat\u00f3rio e classificat\u00f3rio, para o cargo de Procurador. <\/li>\n\n\n\n<li><strong>prova de t\u00edtulos, <\/strong>de car\u00e1ter classificat\u00f3rio, somente para os cargos de n\u00edvel superior.<\/li>\n<\/ul>\n\n\n\n<h3 class=\"wp-block-heading\">Prova Objetiva (para todos os cargos)<\/h3>\n\n\n\n<p>A prova objetiva do concurso ARES PCJ, de car\u00e1ter eliminat\u00f3rio e classificat\u00f3rio, ser\u00e1 aplicada na data prevista de <strong>1\u00b0 de junho de 2025<\/strong>, com dura\u00e7\u00e3o m\u00e1xima de 3 a 5 horas (conforme o cargo). <\/p>\n\n\n\n<p>A avalia\u00e7\u00e3o ser\u00e1 composta de<strong> 40 ou 50 quest\u00f5es de m\u00faltipla escolha<\/strong> que ser\u00e3o versadas sobre as seguintes disciplinas: <\/p>\n\n\n\n<ul>\n<li><strong>Auxiliar de Servi\u00e7os Gerais<\/strong>\n<ul>\n<li>L\u00edngua Portuguesa: 10 quest\u00f5es<\/li>\n\n\n\n<li>Matem\u00e1tica: 10 quest\u00f5es<\/li>\n\n\n\n<li>Conhecimentos Espec\u00edficos: 20 quest\u00f5es<\/li>\n<\/ul>\n<\/li>\n\n\n\n<li><strong>Assistente Administrativo<\/strong>\n<ul>\n<li>L\u00edngua Portuguesa: 10 quest\u00f5es<\/li>\n\n\n\n<li>Matem\u00e1tica: 10 quest\u00f5es<\/li>\n\n\n\n<li>No\u00e7\u00f5es de Inform\u00e1tica: 10 quest\u00f5es<\/li>\n\n\n\n<li>Conhecimentos Espec\u00edficos: 20 quest\u00f5es <\/li>\n<\/ul>\n<\/li>\n\n\n\n<li><strong>Analista de Fiscaliza\u00e7\u00e3o e Regula\u00e7\u00e3o (\u00c1rea Biologia\/Qu\u00edmica)<\/strong>\n<ul>\n<li>L\u00edngua Portuguesa: 10 quest\u00f5es<\/li>\n\n\n\n<li>L\u00edngua Inglesa: 5 quest\u00f5es<\/li>\n\n\n\n<li>Legisla\u00e7\u00e3o B\u00e1sica: 10 quest\u00f5es<\/li>\n\n\n\n<li>Conhecimentos Espec\u00edficos: 25 quest\u00f5es<\/li>\n<\/ul>\n<\/li>\n\n\n\n<li><strong>Analista de Fiscaliza\u00e7\u00e3o e Regula\u00e7\u00e3o<\/strong> <strong>(demais \u00e1reas), Analista de Ouvidoria<\/strong>, <strong>Contador<\/strong>\n<ul>\n<li>L\u00edngua Portuguesa: 10 quest\u00f5es<\/li>\n\n\n\n<li>L\u00edngua Inglesa: 5 quest\u00f5es<\/li>\n\n\n\n<li>Legisla\u00e7\u00e3o B\u00e1sica: 10 quest\u00f5es<\/li>\n\n\n\n<li>Conhecimentos Espec\u00edficos: 25 quest\u00f5es<\/li>\n<\/ul>\n<\/li>\n\n\n\n<li><strong>Procurador Jur\u00eddico<\/strong>\n<ul>\n<li>Conhecimentos Espec\u00edficos: 50 quest\u00f5es <\/li>\n<\/ul>\n<\/li>\n<\/ul>\n\n\n\n<p><\/p>\n\n\n\n<p>Crit\u00e9rio de aprova\u00e7\u00e3o: O candidato deve obter no m\u00ednimo <strong>50 pontos<\/strong> na prova objetiva.<\/p>\n\n\n\n<h3 class=\"wp-block-heading\">Prova Pr\u00e1tico-Profissional (apenas para Procurador Jur\u00eddico)<\/h3>\n\n\n\n<p>Os candidatos ao cargo de <strong>Procurador Jur\u00eddico<\/strong> dever\u00e3o elaborar uma pe\u00e7a processual que avalia:<\/p>\n\n\n\n<ul>\n<li>Conhecimento jur\u00eddico e pr\u00e1tica processual.<\/li>\n\n\n\n<li>Capacidade de argumenta\u00e7\u00e3o e estrutura\u00e7\u00e3o de texto.<\/li>\n\n\n\n<li>Dom\u00ednio da norma-padr\u00e3o da L\u00edngua Portuguesa.<\/li>\n<\/ul>\n\n\n\n<p>Essa etapa ter\u00e1 valor m\u00e1ximo de <strong>20 pontos<\/strong> e o candidato deve obter no m\u00ednimo <strong>10 pontos<\/strong> para ser aprovado.<\/p>\n\n\n\n<h3 class=\"wp-block-heading\">Prova de T\u00edtulos (apenas para cargos de n\u00edvel superior)<\/h3>\n\n\n\n<p>Os candidatos aos cargos de n\u00edvel superior poder\u00e3o apresentar t\u00edtulos acad\u00eamicos, conforme a pontua\u00e7\u00e3o abaixo:<\/p>\n\n\n\n<figure class=\"wp-block-image size-full\"><img loading=\"lazy\" decoding=\"async\" width=\"681\" height=\"132\" src=\"https:\/\/www.editorasolucao.com.br\/blog\/wp-content\/uploads\/2025\/03\/titulos-ares-pcj.webp\" alt=\"Tabela de t\u00edtulos do concurso ARES PCJ!\" class=\"wp-image-46175\"\/><\/figure>\n\n\n\n<p>A pontua\u00e7\u00e3o da prova de t\u00edtulos ser\u00e1 somada \u00e0 nota final.<\/p>\n\n\n\n<p><\/p>\n\n\n\n<p><strong>Boa prova e bons estudos!<\/strong><\/p>\n","protected":false},"excerpt":{"rendered":"<p>O concurso ARES PCJ est\u00e1 ofertando 10 vagas imediatas para cargos de todos os n\u00edveis de escolaridade!<\/p>\n","protected":false},"author":21,"featured_media":46173,"template":"","meta":{"_acf_changed":true,"rank_math_lock_modified_date":false},"categories":[52],"tags":[4582],"acf":[],"_links":{"self":[{"href":"https:\/\/www.editorasolucao.com.br\/blog\/wp-json\/wp\/v2\/concurso\/46172"}],"collection":[{"href":"https:\/\/www.editorasolucao.com.br\/blog\/wp-json\/wp\/v2\/concurso"}],"about":[{"href":"https:\/\/www.editorasolucao.com.br\/blog\/wp-json\/wp\/v2\/types\/concurso"}],"author":[{"embeddable":true,"href":"https:\/\/www.editorasolucao.com.br\/blog\/wp-json\/wp\/v2\/users\/21"}],"wp:featuredmedia":[{"embeddable":true,"href":"https:\/\/www.editorasolucao.com.br\/blog\/wp-json\/wp\/v2\/media\/46173"}],"wp:attachment":[{"href":"https:\/\/www.editorasolucao.com.br\/blog\/wp-json\/wp\/v2\/media?parent=46172"}],"wp:term":[{"taxonomy":"category","embeddable":true,"href":"https:\/\/www.editorasolucao.com.br\/blog\/wp-json\/wp\/v2\/categories?post=46172"},{"taxonomy":"post_tag","embeddable":true,"href":"https:\/\/www.editorasolucao.com.br\/blog\/wp-json\/wp\/v2\/tags?post=46172"}],"curies":[{"name":"wp","href":"https:\/\/api.w.org\/{rel}","templated":true}]}}