{"id":46214,"date":"2025-03-12T11:41:49","date_gmt":"2025-03-12T14:41:49","guid":{"rendered":"https:\/\/www.editorasolucao.com.br\/blog\/?post_type=concurso&#038;p=46214"},"modified":"2025-03-12T11:41:52","modified_gmt":"2025-03-12T14:41:52","slug":"crea-se","status":"publish","type":"concurso","link":"https:\/\/www.editorasolucao.com.br\/blog\/concurso\/crea-se","title":{"rendered":"Concurso CREA SE: Edital publicado. Iniciais de at\u00e9 R$ 8,7 mil"},"content":{"rendered":"\n<p>Ol\u00e1, concurseiros! O concurso CREA SE (Conselho Regional de Engenharia e Agronomia de Sergipe) divulgou seu edital com <strong>8 vagas imediatas<\/strong> e forma\u00e7\u00e3o de cadastro reserva. As oportunidades abrangem cargos de n\u00edveis m\u00e9dio e superior, com sal\u00e1rios iniciais de at\u00e9 <strong>R$ 8.704,37<\/strong>. Saiba todos os detalhes a seguir!<\/p>\n\n\n\n<div id=\"ez-toc-container\" class=\"ez-toc-v2_0_69_1 counter-hierarchy ez-toc-counter ez-toc-grey ez-toc-container-direction\">\n<div class=\"ez-toc-title-container\">\n<p class=\"ez-toc-title \" >Menu de navega&ccedil;&atilde;o<\/p>\n<span class=\"ez-toc-title-toggle\"><a href=\"#\" class=\"ez-toc-pull-right ez-toc-btn ez-toc-btn-xs ez-toc-btn-default ez-toc-toggle\" aria-label=\"Toggle Table of Content\"><span class=\"ez-toc-js-icon-con\"><span class=\"\"><span class=\"eztoc-hide\" style=\"display:none;\">Toggle<\/span><span class=\"ez-toc-icon-toggle-span\"><svg style=\"fill: #999;color:#999\" xmlns=\"http:\/\/www.w3.org\/2000\/svg\" class=\"list-377408\" width=\"20px\" height=\"20px\" viewBox=\"0 0 24 24\" fill=\"none\"><path d=\"M6 6H4v2h2V6zm14 0H8v2h12V6zM4 11h2v2H4v-2zm16 0H8v2h12v-2zM4 16h2v2H4v-2zm16 0H8v2h12v-2z\" fill=\"currentColor\"><\/path><\/svg><svg style=\"fill: #999;color:#999\" class=\"arrow-unsorted-368013\" xmlns=\"http:\/\/www.w3.org\/2000\/svg\" width=\"10px\" height=\"10px\" viewBox=\"0 0 24 24\" version=\"1.2\" baseProfile=\"tiny\"><path d=\"M18.2 9.3l-6.2-6.3-6.2 6.3c-.2.2-.3.4-.3.7s.1.5.3.7c.2.2.4.3.7.3h11c.3 0 .5-.1.7-.3.2-.2.3-.5.3-.7s-.1-.5-.3-.7zM5.8 14.7l6.2 6.3 6.2-6.3c.2-.2.3-.5.3-.7s-.1-.5-.3-.7c-.2-.2-.4-.3-.7-.3h-11c-.3 0-.5.1-.7.3-.2.2-.3.5-.3.7s.1.5.3.7z\"\/><\/svg><\/span><\/span><\/span><\/a><\/span><\/div>\n<nav><ul class='ez-toc-list ez-toc-list-level-1 ' ><li class='ez-toc-page-1 ez-toc-heading-level-2'><a class=\"ez-toc-link ez-toc-heading-1\" href=\"https:\/\/www.editorasolucao.com.br\/blog\/concurso\/crea-se\/#Saiba_como_se_inscrever_no_concurso_CREA_SE\" title=\"Saiba como se inscrever no concurso CREA SE\">Saiba como se inscrever no concurso CREA SE<\/a><\/li><li class='ez-toc-page-1 ez-toc-heading-level-2'><a class=\"ez-toc-link ez-toc-heading-2\" href=\"https:\/\/www.editorasolucao.com.br\/blog\/concurso\/crea-se\/#Vagas_cargos_e_salarios_do_concurso_CREA_SE\" title=\"Vagas, cargos e sal\u00e1rios do concurso CREA SE\">Vagas, cargos e sal\u00e1rios do concurso CREA SE<\/a><\/li><li class='ez-toc-page-1 ez-toc-heading-level-2'><a class=\"ez-toc-link ez-toc-heading-3\" href=\"https:\/\/www.editorasolucao.com.br\/blog\/concurso\/crea-se\/#Requisitos_para_participar_do_concurso_CREA_SE\" title=\"Requisitos para participar do concurso CREA SE\">Requisitos para participar do concurso CREA SE<\/a><\/li><li class='ez-toc-page-1 ez-toc-heading-level-2'><a class=\"ez-toc-link ez-toc-heading-4\" href=\"https:\/\/www.editorasolucao.com.br\/blog\/concurso\/crea-se\/#Etapas_de_selecao_do_concurso_CREA_SE\" title=\"Etapas de sele\u00e7\u00e3o do concurso CREA SE\">Etapas de sele\u00e7\u00e3o do concurso CREA SE<\/a><\/li><\/ul><\/nav><\/div>\n<h2 class=\"wp-block-heading\"><span class=\"ez-toc-section\" id=\"Saiba_como_se_inscrever_no_concurso_CREA_SE\"><\/span>Saiba como se inscrever no concurso CREA SE<span class=\"ez-toc-section-end\"><\/span><\/h2>\n\n\n\n<p>As inscri\u00e7\u00f5es do concurso CREA SE j\u00e1 est\u00e3o abertas! Os interessados devem se inscrever no site do Instituto Brasileiro de Gest\u00e3o e Pesquisa (<a href=\"https:\/\/novo.ibgpconcursos.com.br\/concurso.jsp?cod=540\" target=\"_blank\" rel=\"noreferrer noopener\">IBGP<\/a>), banca organizadora, at\u00e9 o dia<strong> 10 de abril de 2025<\/strong>. <\/p>\n\n\n\n<p>As taxas de inscri\u00e7\u00e3o variam conforme o cargo pretendido pelo candidato, sendo:<\/p>\n\n\n\n<ul>\n<li><strong>R$ 70,00<\/strong> para Profissional de Suporte Administrativo<\/li>\n\n\n\n<li><strong>R$ 120,00<\/strong> para Analista de Tecnologia da Informa\u00e7\u00e3o e Analista de Controle Interno<\/li>\n\n\n\n<li><strong>R$ 140,00<\/strong> para Analista T\u00e9cnico<\/li>\n<\/ul>\n\n\n\n<p><\/p>\n\n\n\n<p>Para ter sua inscri\u00e7\u00e3o homologada, o candidato deve efetuar o pagamento das taxas de inscri\u00e7\u00e3o at\u00e9 a data limite de <strong>11 de abril.<\/strong><\/p>\n\n\n\n<p>Candidatos inscritos no Cadastro \u00danico (Cad\u00danico) e doadores de medula \u00f3ssea puderamm solicitar isen\u00e7\u00e3o da taxa entre <strong>11 e 12 de mar\u00e7o de 2025<\/strong>.<\/p>\n\n\n\n<h2 class=\"wp-block-heading\"><span class=\"ez-toc-section\" id=\"Vagas_cargos_e_salarios_do_concurso_CREA_SE\"><\/span>Vagas, cargos e sal\u00e1rios do concurso CREA SE <span class=\"ez-toc-section-end\"><\/span><\/h2>\n\n\n\n<p>O <a href=\"https:\/\/www.editorasolucao.com.br\/blog\/concursos-abertos-se\" target=\"_blank\" rel=\"noreferrer noopener\">concurso CREA SE<\/a> est\u00e1 ofertando 8 oportunidades para diferentes \u00e1reas de atua\u00e7\u00e3o de n\u00edveis m\u00e9dio e superior, conforme a tabela abaixo:<\/p>\n\n\n\n<figure class=\"wp-block-table\"><table><thead><tr><th>Cargo<\/th><th>N\u00edvel<\/th><th>Vagas<\/th><th>Sal\u00e1rio Inicial<\/th><\/tr><\/thead><tbody><tr><td>Profissional de Suporte Administrativo<\/td><td>M\u00e9dio<\/td><td>5 + CR<\/td><td>R$ 2.791,03<\/td><\/tr><tr><td>Analista de Tecnologia da Informa\u00e7\u00e3o<\/td><td>Superior<\/td><td>CR<\/td><td>R$ 4.740,94<\/td><\/tr><tr><td>Analista de Controle Interno<\/td><td>Superior<\/td><td>CR<\/td><td>R$ 4.740,94<\/td><\/tr><tr><td>Analista T\u00e9cnico<\/td><td>Superior<\/td><td>3 + CR<\/td><td>R$ 8.775,90<\/td><\/tr><\/tbody><\/table><figcaption class=\"wp-element-caption\"><em>Tabela de cargos, vagas e sal\u00e1rios do concurso CREA SE!<\/em><\/figcaption><\/figure>\n\n\n\n<p>A carga hor\u00e1ria de trabalho varia de 30 a 40 horas semanais, dependendo do cargo. <\/p>\n\n\n\n<h2 class=\"wp-block-heading\"><span class=\"ez-toc-section\" id=\"Requisitos_para_participar_do_concurso_CREA_SE\"><\/span>Requisitos para participar do concurso CREA SE <span class=\"ez-toc-section-end\"><\/span><\/h2>\n\n\n\n<p>De acordo com o edital, esses s\u00e3o os requisitos b\u00e1sicos exigidos para a nomea\u00e7\u00e3o e posse dos cargos ofertados no concurso CREA SE:<\/p>\n\n\n\n<ul>\n<li>Ter sido classificado no Concurso P\u00fablico, na forma prevista neste Edital, anexos e eventuais retifica\u00e7\u00f5es;<\/li>\n\n\n\n<li>Ser brasileiro nato ou naturalizado, OU, no caso de nacionalidade portuguesa, estar amparado pelo Estatuto de Igualdade entre Brasileiros e Portugueses, com reconhecimento do gozo dos direitos pol\u00edticos, na forma do disposto do \u00a7 1\u00ba art. 12 da Constitui\u00e7\u00e3o Federal\/88, combinado com o Decreto Federal n\u00ba 70.436, de 18 de abril de 1972;<\/li>\n\n\n\n<li>Estar em gozo dos direitos pol\u00edticos;<\/li>\n\n\n\n<li>Estar quite com as obriga\u00e7\u00f5es eleitorais;<\/li>\n\n\n\n<li>Estar em dia com as obriga\u00e7\u00f5es militares, para os candidatos do sexo masculino;<\/li>\n\n\n\n<li>Ter idade m\u00ednima de 18 (dezoito) anos completos, no ato da contrata\u00e7\u00e3o;<\/li>\n\n\n\n<li>Ser julgado apto f\u00edsica e mentalmente para o exerc\u00edcio do cargo, por pr\u00e9via inspe\u00e7\u00e3o m\u00e9dica oficial e \u00e0 Per\u00edcia M\u00e9dica em caso de Pessoas com Defici\u00eancia (PcD);<\/li>\n\n\n\n<li>Ter os documentos comprobat\u00f3rios de escolaridade m\u00ednima\/requisitos constantes no Anexo I deste Edital;<\/li>\n\n\n\n<li>N\u00e3o ser aposentado por invalidez e nem estar com idade de aposentadoria compuls\u00f3ria, ou seja, 75 (setenta e cinco) anos;<\/li>\n\n\n\n<li>N\u00e3o receber proventos de aposentadoria decorrentes do art. 40 ou dos arts. 42 e 142 da Constitui\u00e7\u00e3o Federal de 1988, com a remunera\u00e7\u00e3o de cargo, emprego ou fun\u00e7\u00e3o p\u00fablica, ressalvados os cargos acumul\u00e1veis na forma da respectiva Constitui\u00e7\u00e3o, os cargos eletivos e os cargos em comiss\u00e3o declarados em lei de livre contrata\u00e7\u00e3o e exonera\u00e7\u00e3o;<\/li>\n\n\n\n<li>N\u00e3o acumular remunera\u00e7\u00e3o de cargos p\u00fablicos, ressalvados os cargos acumul\u00e1veis na forma da Constitui\u00e7\u00e3o Federal de 1988.<\/li>\n<\/ul>\n\n\n\n<h2 class=\"wp-block-heading\"><span class=\"ez-toc-section\" id=\"Etapas_de_selecao_do_concurso_CREA_SE\"><\/span>Etapas de sele\u00e7\u00e3o do concurso CREA SE <span class=\"ez-toc-section-end\"><\/span><\/h2>\n\n\n\n<p>Os candidatos do concurso CREA SE ser\u00e3o avaliados por meio de <strong>prova objetiva<\/strong> e <strong>prova discursiva<\/strong>, conforme descrito abaixo.<\/p>\n\n\n\n<h3 class=\"wp-block-heading\">Prova Objetiva<\/h3>\n\n\n\n<p>A prova objetiva do concurso CREA SE ser\u00e1 aplicada no dia <strong>4 de maio de 2025<\/strong>, nos turnos da manh\u00e3 (superior) e da tarde (m\u00e9dio). <\/p>\n\n\n\n<p>A avalia\u00e7\u00e3o conter\u00e1 <strong>50 quest\u00f5es de m\u00faltipla escolha<\/strong>, divididas da seguinte forma:<\/p>\n\n\n\n<ul>\n<li>L\u00edngua Portuguesa &#8211; 10 quest\u00f5es<\/li>\n\n\n\n<li>Racioc\u00ednio L\u00f3gico-Matem\u00e1tica &#8211; 5 quest\u00f5es<\/li>\n\n\n\n<li>No\u00e7\u00f5es de Inform\u00e1tica &#8211; 5 quest\u00f5es<\/li>\n\n\n\n<li>Conhecimentos Espec\u00edficos e Legisla\u00e7\u00e3o &#8211; 20 quest\u00f5es<\/li>\n<\/ul>\n\n\n\n<p><\/p>\n\n\n\n<p>Essa etapa ter\u00e1 valor total de 100 pontos. A prova objetiva ter\u00e1 car\u00e1ter eliminat\u00f3rio e classificat\u00f3rio, sendo considerado aprovado quem obtiver pelo menos <strong>50% da pontua\u00e7\u00e3o total<\/strong> e n\u00e3o zerar nenhum dos conte\u00fados.<\/p>\n\n\n\n<h3 class=\"wp-block-heading\">Prova Discursiva<\/h3>\n\n\n\n<p>A prova discursiva do concurso CREA SE ser\u00e1 aplicada no mesmo dia da prova objetiva. <\/p>\n\n\n\n<p>A composi\u00e7\u00e3o da prova discursiva varia de acordo com o n\u00edvel de escolaridade do cargo, sendo que o tema ser\u00e1 de acordo com os conte\u00fados espec\u00edficos do programa estabelecido nesse Edital. <\/p>\n\n\n\n<ul>\n<li>Reda\u00e7\u00e3o para cargos de n\u00edvel m\u00e9dio<\/li>\n\n\n\n<li>Estudo de Caso para cargos de n\u00edvel superior<\/li>\n<\/ul>\n\n\n\n<p><\/p>\n\n\n\n<p>A <strong>reda\u00e7\u00e3o<\/strong> dever\u00e1 ser condizente \u00e0 modalidade dissertativa e ir\u00e1 avaliar o conhecimento em rela\u00e7\u00e3o ao dom\u00ednio na modalidade escrita e \u00e0 aplica\u00e7\u00e3o das normas da l\u00edngua escrita padr\u00e3o, em conformidade com o Anexo VI deste Edital.<\/p>\n\n\n\n<p>O <strong>estudo de caso<\/strong> apresentar\u00e1 um problema em forma de situa\u00e7\u00e3o fict\u00edcia a ser analisada pelo candidato, que se utilizar\u00e1 dos respectivos conhecimentos para a apresenta\u00e7\u00e3o, suporte te\u00f3rico e mecanismos com estrat\u00e9gias de solu\u00e7\u00e3o. Nesse contexto, o candidato dever\u00e1 apresentar frente ao estudo de caso disposto na prova, proposta de solu\u00e7\u00e3o para um caso com tra\u00e7o de realidade.<\/p>\n\n\n\n<p>Essa etapa ter\u00e1 valor total de 20 pontos. Ser\u00e1 considerado aprovado na prova discursiva o candidato que obtiver no m\u00ednimo 60% do total de pontos. <\/p>\n\n\n\n<p>As provas ser\u00e3o corrigidas seguindo os seguintes crit\u00e9rios: <\/p>\n\n\n\n<figure class=\"wp-block-image size-full\"><img loading=\"lazy\" decoding=\"async\" width=\"722\" height=\"345\" src=\"https:\/\/www.editorasolucao.com.br\/blog\/wp-content\/uploads\/2025\/03\/redacao-crea.webp\" alt=\"Tabela de pontos da prova objetiva do concurso CREA SE!\" class=\"wp-image-46217\"\/><\/figure>\n\n\n\n<figure class=\"wp-block-image size-full\"><img loading=\"lazy\" decoding=\"async\" width=\"727\" height=\"337\" src=\"https:\/\/www.editorasolucao.com.br\/blog\/wp-content\/uploads\/2025\/03\/estudo-de-caso-crea.webp\" alt=\"Tabela de pontos da prova objetiva do concurso CREA SE!\" class=\"wp-image-46218\"\/><\/figure>\n\n\n\n<p><\/p>\n\n\n\n<p><strong>Boa prova e bons estudos!<\/strong><\/p>\n","protected":false},"excerpt":{"rendered":"<p>O concurso CREA SE est\u00e1 ofertando 8 vagas imediatas para cargos de n\u00edveis m\u00e9dio e superior!<\/p>\n","protected":false},"author":21,"featured_media":46216,"template":"","meta":{"_acf_changed":true,"rank_math_lock_modified_date":false},"categories":[52],"tags":[4590],"acf":[],"_links":{"self":[{"href":"https:\/\/www.editorasolucao.com.br\/blog\/wp-json\/wp\/v2\/concurso\/46214"}],"collection":[{"href":"https:\/\/www.editorasolucao.com.br\/blog\/wp-json\/wp\/v2\/concurso"}],"about":[{"href":"https:\/\/www.editorasolucao.com.br\/blog\/wp-json\/wp\/v2\/types\/concurso"}],"author":[{"embeddable":true,"href":"https:\/\/www.editorasolucao.com.br\/blog\/wp-json\/wp\/v2\/users\/21"}],"wp:featuredmedia":[{"embeddable":true,"href":"https:\/\/www.editorasolucao.com.br\/blog\/wp-json\/wp\/v2\/media\/46216"}],"wp:attachment":[{"href":"https:\/\/www.editorasolucao.com.br\/blog\/wp-json\/wp\/v2\/media?parent=46214"}],"wp:term":[{"taxonomy":"category","embeddable":true,"href":"https:\/\/www.editorasolucao.com.br\/blog\/wp-json\/wp\/v2\/categories?post=46214"},{"taxonomy":"post_tag","embeddable":true,"href":"https:\/\/www.editorasolucao.com.br\/blog\/wp-json\/wp\/v2\/tags?post=46214"}],"curies":[{"name":"wp","href":"https:\/\/api.w.org\/{rel}","templated":true}]}}