{"id":46303,"date":"2026-01-23T12:59:39","date_gmt":"2026-01-23T15:59:39","guid":{"rendered":"https:\/\/www.editorasolucao.com.br\/blog\/?post_type=concurso&#038;p=46303"},"modified":"2026-01-23T12:59:42","modified_gmt":"2026-01-23T15:59:42","slug":"aleam","status":"publish","type":"concurso","link":"https:\/\/www.editorasolucao.com.br\/blog\/concurso\/aleam","title":{"rendered":"Concurso Aleam: Sa\u00edram os resultados! 363 vagas e iniciais de R$30 mil!"},"content":{"rendered":"\n<p>Aten\u00e7\u00e3o, concurseiros! O concurso ALEAM (Assembleia Legislativa do Estado de Amazonas) teve os resultados preliminares divulgados. Ao todo, s\u00e3o ofertadas <strong>363 vagas<\/strong>, sendo <strong>100 imediatas<\/strong> e <strong>263 para forma\u00e7\u00e3o de cadastro de reserva<\/strong>, destinadas a candidatos de <strong>n\u00edvel m\u00e9dio <\/strong>e<strong> superior<\/strong>. Os sal\u00e1rios variam de <strong>R$3.346,76<\/strong> a impressionantes <strong>R$30.187,52<\/strong>, al\u00e9m de vale-alimenta\u00e7\u00e3o de <strong>R$1.500,00<\/strong>. A prova discursiva ser\u00e1 aplicada no dia <strong>1\u00ba de mar\u00e7o de 2026.<\/strong> Para se preparar, confira a\u00a0<a href=\"https:\/\/www.editorasolucao.com.br\/concurso\/assembleia-legislativa-do-estado-do-amazonas\">Apostila ALEAM<\/a>\u00a0com conte\u00fado completo e atualizado conforme o edital.<\/p>\n\n\n\n<div id=\"ez-toc-container\" class=\"ez-toc-v2_0_69_1 counter-hierarchy ez-toc-counter ez-toc-grey ez-toc-container-direction\">\n<div class=\"ez-toc-title-container\">\n<p class=\"ez-toc-title \" >Menu de navega&ccedil;&atilde;o<\/p>\n<span class=\"ez-toc-title-toggle\"><a href=\"#\" class=\"ez-toc-pull-right ez-toc-btn ez-toc-btn-xs ez-toc-btn-default ez-toc-toggle\" aria-label=\"Toggle Table of Content\"><span class=\"ez-toc-js-icon-con\"><span class=\"\"><span class=\"eztoc-hide\" style=\"display:none;\">Toggle<\/span><span class=\"ez-toc-icon-toggle-span\"><svg style=\"fill: #999;color:#999\" xmlns=\"http:\/\/www.w3.org\/2000\/svg\" class=\"list-377408\" width=\"20px\" height=\"20px\" viewBox=\"0 0 24 24\" fill=\"none\"><path d=\"M6 6H4v2h2V6zm14 0H8v2h12V6zM4 11h2v2H4v-2zm16 0H8v2h12v-2zM4 16h2v2H4v-2zm16 0H8v2h12v-2z\" fill=\"currentColor\"><\/path><\/svg><svg style=\"fill: #999;color:#999\" class=\"arrow-unsorted-368013\" xmlns=\"http:\/\/www.w3.org\/2000\/svg\" width=\"10px\" height=\"10px\" viewBox=\"0 0 24 24\" version=\"1.2\" baseProfile=\"tiny\"><path d=\"M18.2 9.3l-6.2-6.3-6.2 6.3c-.2.2-.3.4-.3.7s.1.5.3.7c.2.2.4.3.7.3h11c.3 0 .5-.1.7-.3.2-.2.3-.5.3-.7s-.1-.5-.3-.7zM5.8 14.7l6.2 6.3 6.2-6.3c.2-.2.3-.5.3-.7s-.1-.5-.3-.7c-.2-.2-.4-.3-.7-.3h-11c-.3 0-.5.1-.7.3-.2.2-.3.5-.3.7s.1.5.3.7z\"\/><\/svg><\/span><\/span><\/span><\/a><\/span><\/div>\n<nav><ul class='ez-toc-list ez-toc-list-level-1 ' ><li class='ez-toc-page-1 ez-toc-heading-level-2'><a class=\"ez-toc-link ez-toc-heading-1\" href=\"https:\/\/www.editorasolucao.com.br\/blog\/concurso\/aleam\/#Como_acessar_os_resultados_do_concurso_Aleam\" title=\"Como acessar os resultados do concurso Aleam?\">Como acessar os resultados do concurso Aleam?<\/a><\/li><li class='ez-toc-page-1 ez-toc-heading-level-2'><a class=\"ez-toc-link ez-toc-heading-2\" href=\"https:\/\/www.editorasolucao.com.br\/blog\/concurso\/aleam\/#Quais_sao_as_etapas_de_selecao_do_concurso_ALEAM\" title=\"Quais s\u00e3o as etapas de sele\u00e7\u00e3o do concurso ALEAM?\">Quais s\u00e3o as etapas de sele\u00e7\u00e3o do concurso ALEAM?<\/a><\/li><li class='ez-toc-page-1 ez-toc-heading-level-2'><a class=\"ez-toc-link ez-toc-heading-3\" href=\"https:\/\/www.editorasolucao.com.br\/blog\/concurso\/aleam\/#Cargos_vagas_e_salarios_do_concurso_ALEAM\" title=\"Cargos, vagas e sal\u00e1rios do concurso ALEAM\">Cargos, vagas e sal\u00e1rios do concurso ALEAM<\/a><\/li><li class='ez-toc-page-1 ez-toc-heading-level-2'><a class=\"ez-toc-link ez-toc-heading-4\" href=\"https:\/\/www.editorasolucao.com.br\/blog\/concurso\/aleam\/#Requisitos_para_investidura_do_cargo\" title=\"Requisitos para investidura do cargo\">Requisitos para investidura do cargo<\/a><\/li><li class='ez-toc-page-1 ez-toc-heading-level-2'><a class=\"ez-toc-link ez-toc-heading-5\" href=\"https:\/\/www.editorasolucao.com.br\/blog\/concurso\/aleam\/#Como_foi_a_inscricao_no_concurso_ALEAM\" title=\"Como foi a inscri\u00e7\u00e3o no concurso ALEAM?\">Como foi a inscri\u00e7\u00e3o no concurso ALEAM?<\/a><\/li><li class='ez-toc-page-1 ez-toc-heading-level-2'><a class=\"ez-toc-link ez-toc-heading-6\" href=\"https:\/\/www.editorasolucao.com.br\/blog\/concurso\/aleam\/#Ultimo_concurso_ALEAM_ocorreu_ha_mais_de_uma_decada\" title=\"\u00daltimo concurso ALEAM ocorreu h\u00e1 mais de uma d\u00e9cada\">\u00daltimo concurso ALEAM ocorreu h\u00e1 mais de uma d\u00e9cada<\/a><\/li><li class='ez-toc-page-1 ez-toc-heading-level-2'><a class=\"ez-toc-link ez-toc-heading-7\" href=\"https:\/\/www.editorasolucao.com.br\/blog\/concurso\/aleam\/#O_que_e_a_ALEAM\" title=\"O que \u00e9 a ALEAM?\">O que \u00e9 a ALEAM?<\/a><\/li><\/ul><\/nav><\/div>\n<h2 class=\"wp-block-heading\"><span class=\"ez-toc-section\" id=\"Como_acessar_os_resultados_do_concurso_Aleam\"><\/span>Como acessar os resultados do concurso Aleam?<span class=\"ez-toc-section-end\"><\/span><\/h2>\n\n\n\n<p>Nesta quinta-feira, 23 de janeiro, foi divulgado o resultado preliminar do concurso Aleam, com a publica\u00e7\u00e3o das <strong>notas dos candidatos<\/strong>. Al\u00e9m disso, os gabaritos oficiais da prova objetiva j\u00e1 est\u00e3o dispon\u00edveis para consulta no site da Funda\u00e7\u00e3o Get\u00falio Vargas (FGV).<\/p>\n\n\n\n<ul>\n<li><a href=\"https:\/\/conhecimento.fgv.br\/sites\/default\/files\/concursos\/326_aleam-resultado-preliminar-prova-objetiva-2026-01-22.pdf\" target=\"_blank\" rel=\"noreferrer noopener\">Confira o resultado da prova objetiva do concurso ALEAM!<\/a><\/li>\n<\/ul>\n\n\n\n<p><\/p>\n\n\n\n<p>Para consultar os resultados, o candidato deve acessar o documento oficial disponibilizado pela banca organizadora e localizar seu nome e pontua\u00e7\u00e3o na listagem. <\/p>\n\n\n\n<p>De acordo com o cronograma divulgado, o candidato que desejar interpor recurso contra o resultado preliminar da prova objetiva ter\u00e1 o prazo de 2 dias \u00fateis, entre <strong>23 e 26 de janeiro<\/strong>. J\u00e1 o resultado definitivo da prova objetiva est\u00e1 previsto para o dia <strong>5 de fevereiro de 2026<\/strong>.<\/p>\n\n\n\n<h2 class=\"wp-block-heading\"><span class=\"ez-toc-section\" id=\"Quais_sao_as_etapas_de_selecao_do_concurso_ALEAM\"><\/span>Quais s\u00e3o as etapas de sele\u00e7\u00e3o do concurso ALEAM?<span class=\"ez-toc-section-end\"><\/span><\/h2>\n\n\n\n<p>Os candidatos do concurso ALEAM ser\u00e3o avaliados a partir das seguintes etapas:<\/p>\n\n\n\n<ul>\n<li><strong>Prova Objetiva<\/strong>, de car\u00e1ter eliminat\u00f3rio e classificat\u00f3rio, para todos os cargos;<\/li>\n\n\n\n<li><strong>Prova Discursiva ou Reda\u00e7\u00e3o<\/strong>, de car\u00e1ter eliminat\u00f3rio e classificat\u00f3rio, para os cargos de Analista de Controle, Assessor Jur\u00eddico, Procurador e Agente Legislativo \u2013 Assistente T\u00e9cnico Administrativo;<\/li>\n\n\n\n<li><strong>Prova Pr\u00e1tica<\/strong>, de car\u00e1ter eliminat\u00f3rio e classificat\u00f3rio, apenas para o cargo de Analista Legislativo Int\u00e9rprete de Libras;<\/li>\n\n\n\n<li><strong>Prova de T\u00edtulos<\/strong>, de car\u00e1ter classificat\u00f3rio, somente para os cargos de Analista de Controle, Assessor Jur\u00eddico e Procurador;<\/li>\n\n\n\n<li><strong>Per\u00edcia M\u00e9dica<\/strong>&nbsp;para aqueles que concorrerem \u00e0 reserva de vagas para pessoas com defici\u00eancia.<\/li>\n<\/ul>\n\n\n\n<h3 class=\"wp-block-heading\">Prova Objetiva<\/h3>\n\n\n\n<p>A prova objetiva do concurso ALEAM foi aplicada no dia 14 de dezembro de 2025. A prova teve entre 60 e 100 quest\u00f5es, distribu\u00eddas conforme o cargo. Todas as quest\u00f5es foram de m\u00faltipla escolha, com cinco alternativas e apenas uma correta.<\/p>\n\n\n\n<p>Confira a distribui\u00e7\u00e3o das disciplinas e quantidade de quest\u00f5es por cargo:<\/p>\n\n\n\n<p><strong>Agente Legislativo<\/strong><\/p>\n\n\n\n<p><em>Conhecimentos Gerais<\/em><\/p>\n\n\n\n<ul>\n<li>L\u00edngua Portuguesa \u2013 10 quest\u00f5es<\/li>\n\n\n\n<li>Racioc\u00ednio L\u00f3gico e Matem\u00e1tico \u2013 5 quest\u00f5es<\/li>\n\n\n\n<li>No\u00e7\u00f5es de Inform\u00e1tica \u2013 5 quest\u00f5es<\/li>\n\n\n\n<li>Hist\u00f3ria e Geografia do Amazonas \u2013 5 quest\u00f5es<\/li>\n\n\n\n<li>Legisla\u00e7\u00e3o do Estado do Amazonas \u2013 5 quest\u00f5es<\/li>\n<\/ul>\n\n\n\n<p><em>Conhecimentos Espec\u00edficos<\/em><\/p>\n\n\n\n<ul>\n<li>Conhecimentos Espec\u00edficos do cargo \u2013 40 quest\u00f5es<\/li>\n<\/ul>\n\n\n\n<p><strong>Analista Legislativo<\/strong><\/p>\n\n\n\n<p><em>Conhecimentos Gerais<\/em><\/p>\n\n\n\n<ul>\n<li>L\u00edngua Portuguesa \u2013 10 quest\u00f5es<\/li>\n\n\n\n<li>Racioc\u00ednio L\u00f3gico e Matem\u00e1tico \u2013 5 quest\u00f5es<\/li>\n\n\n\n<li>No\u00e7\u00f5es de Inform\u00e1tica \u2013 5 quest\u00f5es<\/li>\n\n\n\n<li>Legisla\u00e7\u00e3o do Estado do Amazonas \u2013 10 quest\u00f5es<\/li>\n<\/ul>\n\n\n\n<p><em>Conhecimentos Espec\u00edficos<\/em><\/p>\n\n\n\n<ul>\n<li>Conhecimentos Espec\u00edficos do cargo \u2013 40 quest\u00f5es<\/li>\n<\/ul>\n\n\n\n<p><strong>Analista de Controle<\/strong><\/p>\n\n\n\n<p><em>Conhecimentos Gerais<\/em><\/p>\n\n\n\n<ul>\n<li>L\u00edngua Portuguesa \u2013 15 quest\u00f5es<\/li>\n\n\n\n<li>Racioc\u00ednio L\u00f3gico e Matem\u00e1tico \u2013 5 quest\u00f5es<\/li>\n\n\n\n<li>Legisla\u00e7\u00e3o do Estado do Amazonas \u2013 10 quest\u00f5es<\/li>\n<\/ul>\n\n\n\n<p><em>Conhecimentos Espec\u00edficos<\/em><\/p>\n\n\n\n<ul>\n<li>Controle Interno e Externo e Auditoria Governamental \u2013 20 quest\u00f5es<\/li>\n\n\n\n<li>Administra\u00e7\u00e3o Financeira, Or\u00e7ament\u00e1ria e Responsabilidade Fiscal \u2013 10 quest\u00f5es<\/li>\n\n\n\n<li>Direito Constitucional, Administrativo e Tribut\u00e1rio \u2013 10 quest\u00f5es<\/li>\n\n\n\n<li>Contabilidade P\u00fablica \u2013 10 quest\u00f5es<\/li>\n<\/ul>\n\n\n\n<p><strong>Assessor Jur\u00eddico<\/strong><\/p>\n\n\n\n<p><em>Conhecimentos Gerais<\/em><\/p>\n\n\n\n<ul>\n<li>L\u00edngua Portuguesa \u2013 15 quest\u00f5es<\/li>\n\n\n\n<li>Racioc\u00ednio L\u00f3gico e Matem\u00e1tico \u2013 5 quest\u00f5es<\/li>\n\n\n\n<li>Legisla\u00e7\u00e3o do Estado do Amazonas \u2013 10 quest\u00f5es<\/li>\n<\/ul>\n\n\n\n<p><em>Conhecimentos Espec\u00edficos<\/em><\/p>\n\n\n\n<ul>\n<li>Direito Constitucional \u2013 14 quest\u00f5es<\/li>\n\n\n\n<li>Direito Administrativo \u2013 14 quest\u00f5es<\/li>\n\n\n\n<li>Direito Civil e Processual Civil \u2013 10 quest\u00f5es<\/li>\n\n\n\n<li>Direito Tribut\u00e1rio, Financeiro e Previdenci\u00e1rio \u2013 7 quest\u00f5es<\/li>\n\n\n\n<li>Direito Eleitoral \u2013 5 quest\u00f5es<\/li>\n<\/ul>\n\n\n\n<p><strong>Procurador<\/strong><\/p>\n\n\n\n<ul>\n<li>Direito Constitucional \u2013 20 quest\u00f5es<\/li>\n\n\n\n<li>Direito Administrativo \u2013 20 quest\u00f5es<\/li>\n\n\n\n<li>Direito Civil e Processual Civil \u2013 15 quest\u00f5es<\/li>\n\n\n\n<li>Direito Tribut\u00e1rio e Financeiro \u2013 15 quest\u00f5es<\/li>\n\n\n\n<li>Direito Previdenci\u00e1rio \u2013 5 quest\u00f5es<\/li>\n\n\n\n<li>Direito Eleitoral \u2013 5 quest\u00f5es<\/li>\n\n\n\n<li>Direito Ambiental \u2013 5 quest\u00f5es<\/li>\n\n\n\n<li>Direito Penal e Processual Penal \u2013 5 quest\u00f5es<\/li>\n\n\n\n<li>Legisla\u00e7\u00e3o do Estado do Amazonas \u2013 10 quest\u00f5es<\/li>\n<\/ul>\n\n\n\n<p>Ser\u00e1 eliminado o candidato que:<\/p>\n\n\n\n<ul>\n<li>Obtiver menos de 50% dos pontos em qualquer bloco (geral ou espec\u00edfico);<\/li>\n\n\n\n<li>Zerar em alguma disciplina.<\/li>\n<\/ul>\n\n\n\n<h3 class=\"wp-block-heading\">Prova Discursiva<\/h3>\n\n\n\n<p>A pr\u00f3xima etapa do concurso ALEAM ser\u00e1 a prova discursiva! Os candidatos realizar\u00e3o a prova no dia <strong>1\u00ba de mar\u00e7o de 2026.<\/strong><\/p>\n\n\n\n<p>Para os cargos de Analista de Controle, Assessor Jur\u00eddico e Procurador, a prova discursiva do concurso ALEAM consistir\u00e1 em <strong>5 quest\u00f5es<\/strong>, cada uma valendo 10 pontos. Os candidatos dever\u00e3o responder cada pergunta em at\u00e9 30 linhas. Ser\u00e1 desclassificado o candidato que obtiver nota inferior a 25 nessa etapa. Essa etapa ser\u00e1 aplicada no mesmo dia das provas objetivas e ter\u00e1 car\u00e1ter eliminat\u00f3rio e classificat\u00f3rio. <\/p>\n\n\n\n<p>J\u00e1 os candidatos ao cargo de Agente Legislativo \u2013 Assistente T\u00e9cnico Administrativo dever\u00e3o elaborar uma <strong>reda\u00e7\u00e3o dissertativa-argumentativa<\/strong>, com at\u00e9 30 linhas, valendo at\u00e9 10 pontos. Ser\u00e1 desclassificado o candidato que obtiver nota inferior a 5 nessa etapa. A reda\u00e7\u00e3o tamb\u00e9m ser\u00e1 realizada no mesmo turno da prova objetiva.<\/p>\n\n\n\n<p>Essa etapa do concurso ALEAM visa avaliar a capacidade de argumenta\u00e7\u00e3o, clareza, organiza\u00e7\u00e3o textual e dom\u00ednio da norma culta da l\u00edngua portuguesa.<\/p>\n\n\n\n<h4 class=\"wp-block-heading\">N\u00f3s temos a Solu\u00e7\u00e3o<\/h4>\n\n\n\n<p>Quer ser aprovado no concurso ALEAM, mas n\u00e3o sabe por onde come\u00e7ar a estudar? N\u00f3s temos a Solu\u00e7\u00e3o! Elaboramos diversos materiais completos e direcionados conforme o edital, que te ajudar\u00e3o a conquistar a t\u00e3o sonhada vaga!<\/p>\n\n\n\n<p><strong>Confira:&nbsp;<a href=\"https:\/\/www.editorasolucao.com.br\/concurso\/assembleia-legislativa-do-estado-do-amazonas\">Materiais preparat\u00f3rios para o concurso ALEAM!<\/a><\/strong><\/p>\n\n\n\n<h3 class=\"wp-block-heading\">Prova Pr\u00e1tica<\/h3>\n\n\n\n<p>A prova pr\u00e1tica do concurso ALEAM ser\u00e1 aplicada exclusivamente para o cargo de Analista Legislativo \u2013 Int\u00e9rprete de L\u00edngua de Sinais. Os candidatos ao cargo ser\u00e3o convocados no dia <strong>5 de fevereiro de 2026.<\/strong><\/p>\n\n\n\n<p>Ser\u00e3o convocados os candidatos aprovados na prova objetiva em at\u00e9 6 vezes o n\u00famero de vagas imediatas mais o cadastro de reserva, considerando tamb\u00e9m os candidatos com defici\u00eancia e respeitando os empatados na \u00faltima coloca\u00e7\u00e3o. <\/p>\n\n\n\n<p>Essa etapa ter\u00e1 car\u00e1ter eliminat\u00f3rio e classificat\u00f3rio, e ser\u00e1 destinada a avaliar a <strong>profici\u00eancia pr\u00e1tica<\/strong> do candidato nas tarefas t\u00edpicas da fun\u00e7\u00e3o. O conte\u00fado da prova ser\u00e1 determinado por um examinador t\u00e9cnico da \u00e1rea, e os candidatos dever\u00e3o demonstrar, na pr\u00e1tica, suas habilidades de interpreta\u00e7\u00e3o em L\u00edngua Brasileira de Sinais (Libras) conforme as exig\u00eancias do cargo. <\/p>\n\n\n\n<p>A aplica\u00e7\u00e3o visa garantir que os aprovados possuam dom\u00ednio t\u00e9cnico e capacidade de atua\u00e7\u00e3o real nas situa\u00e7\u00f5es do dia a dia do servi\u00e7o p\u00fablico.<\/p>\n\n\n\n<h3 class=\"wp-block-heading\">Avalia\u00e7\u00e3o de T\u00edtulos<\/h3>\n\n\n\n<p>A etapa de avalia\u00e7\u00e3o de t\u00edtulos ser\u00e1 classificat\u00f3ria e ser\u00e1 aplicada apenas para:<\/p>\n\n\n\n<ul>\n<li>Analista de Controle<\/li>\n\n\n\n<li>Assessor Jur\u00eddico<\/li>\n\n\n\n<li>Procurador<\/li>\n<\/ul>\n\n\n\n<p>Os candidatos ser\u00e3o convocados tamb\u00e9m no dia <strong>5 de fevereiro de 2026.<\/strong> Ser\u00e3o considerados os seguintes t\u00edtulos no concurso ALEAM:<\/p>\n\n\n\n<figure class=\"wp-block-image size-full\"><img loading=\"lazy\" decoding=\"async\" width=\"718\" height=\"336\" src=\"https:\/\/www.editorasolucao.com.br\/blog\/wp-content\/uploads\/2025\/03\/titulos-aleam.webp\" alt=\"Tabela de t\u00edtulos do concurso ALEAM\" class=\"wp-image-48357\"\/><\/figure>\n\n\n\n<figure class=\"wp-block-image size-full\"><img loading=\"lazy\" decoding=\"async\" width=\"718\" height=\"408\" src=\"https:\/\/www.editorasolucao.com.br\/blog\/wp-content\/uploads\/2025\/03\/titulos-aleam1.webp\" alt=\"Tabela de t\u00edtulos do concurso ALEAM\" class=\"wp-image-48358\"\/><\/figure>\n\n\n\n<figure class=\"wp-block-image size-full\"><img loading=\"lazy\" decoding=\"async\" width=\"721\" height=\"322\" src=\"https:\/\/www.editorasolucao.com.br\/blog\/wp-content\/uploads\/2025\/09\/titulos-aleam2.webp\" alt=\"Tabela de t\u00edtulos do concurso ALEAM!\" class=\"wp-image-48359\"\/><\/figure>\n\n\n\n<figure class=\"wp-block-image size-full\"><img loading=\"lazy\" decoding=\"async\" width=\"730\" height=\"310\" src=\"https:\/\/www.editorasolucao.com.br\/blog\/wp-content\/uploads\/2025\/03\/titulos-aleam3.webp\" alt=\"Tabela de t\u00edtulos do concurso ALEAM\" class=\"wp-image-48356\"\/><\/figure>\n\n\n\n<figure class=\"wp-block-image size-full\"><img loading=\"lazy\" decoding=\"async\" width=\"730\" height=\"360\" src=\"https:\/\/www.editorasolucao.com.br\/blog\/wp-content\/uploads\/2025\/03\/titulos-aleam4.webp\" alt=\"Tabela de t\u00edtulos do concurso ALEAM\" class=\"wp-image-48354\"\/><figcaption class=\"wp-element-caption\"><em>Tabela de t\u00edtulos do concurso ALEAM!<\/em><\/figcaption><\/figure>\n\n\n\n<h2 class=\"wp-block-heading\"><span class=\"ez-toc-section\" id=\"Cargos_vagas_e_salarios_do_concurso_ALEAM\"><\/span>Cargos, vagas e sal\u00e1rios do concurso ALEAM<span class=\"ez-toc-section-end\"><\/span><\/h2>\n\n\n\n<p>Confira a seguir a lista completa de cargos, com as respectivas vagas e sal\u00e1rios iniciais oferecidos no concurso ALEAM:<\/p>\n\n\n\n<h3 class=\"wp-block-heading\">Agente Legislativo (n\u00edvel m\u00e9dio)<\/h3>\n\n\n\n<ul>\n<li>Assistente T\u00e9cnico Administrativo: 20 vagas + 30 CR\n<ul>\n<li>R$ 3.346,76<\/li>\n<\/ul>\n<\/li>\n\n\n\n<li>Cinegrafista (TV ALE): 2 vagas + 6 CR\n<ul>\n<li>R$ 3.346,76<\/li>\n<\/ul>\n<\/li>\n\n\n\n<li>Produtor de Imagem (TV ALE): 2 vagas + 6 CR\n<ul>\n<li>R$ 3.346,76<\/li>\n<\/ul>\n<\/li>\n\n\n\n<li>Editor (TV ALE): 2 vagas + 6 CR\n<ul>\n<li>R$ 3.346,76<\/li>\n<\/ul>\n<\/li>\n\n\n\n<li>Fot\u00f3grafo (TV ALE): 2 vagas + 6 CR\n<ul>\n<li>R$ 3.346,76<\/li>\n<\/ul>\n<\/li>\n\n\n\n<li>T\u00e9cnico de Apoio ao Usu\u00e1rio de Computadores: 4 vagas + 8 CR\n<ul>\n<li>R$ 3.346,76<\/li>\n<\/ul>\n<\/li>\n\n\n\n<li>T\u00e9cnico de Manuten\u00e7\u00e3o de Computadores: 3 vagas + 9 CR\n<ul>\n<li>R$ 3.346,76<\/li>\n<\/ul>\n<\/li>\n\n\n\n<li>T\u00e9cnico de Rede: 2 vagas + 6 CR\n<ul>\n<li>R$ 3.346,76<\/li>\n<\/ul>\n<\/li>\n\n\n\n<li>T\u00e9cnico em Produ\u00e7\u00e3o \u00c1udio Visual: 3 vagas + 9 CR\n<ul>\n<li>R$ 3.346,76<\/li>\n<\/ul>\n<\/li>\n<\/ul>\n\n\n\n<h3 class=\"wp-block-heading\">Analista Legislativo (n\u00edvel superior)<\/h3>\n\n\n\n<ul>\n<li>Administrador de Empresa: 4 vagas + 8 CR\n<ul>\n<li>R$ 4.462,35<\/li>\n<\/ul>\n<\/li>\n\n\n\n<li>Analista de Redes de Comunica\u00e7\u00e3o de Dados: 2 vagas + 6 CR\n<ul>\n<li>R$ 4.462,35<\/li>\n<\/ul>\n<\/li>\n\n\n\n<li>Analista de Sistema: 2 vagas + 6 CR\n<ul>\n<li>R$ 4.462,35<\/li>\n<\/ul>\n<\/li>\n\n\n\n<li>Assistente Social: 2 vagas + 6 CR\n<ul>\n<li>R$ 4.462,35<\/li>\n<\/ul>\n<\/li>\n\n\n\n<li>Bibliotec\u00e1rio: 1 vaga + 4 CR\n<ul>\n<li>R$ 4.462,35<\/li>\n<\/ul>\n<\/li>\n\n\n\n<li>Cientista Pol\u00edtico: 1 vaga + 4 CR\n<ul>\n<li>R$ 4.462,35<\/li>\n<\/ul>\n<\/li>\n\n\n\n<li>Contador: 4 vagas + 8 CR\n<ul>\n<li>R$ 4.462,35<\/li>\n<\/ul>\n<\/li>\n\n\n\n<li>Design Gr\u00e1fico: 3 vagas + 9 CR\n<ul>\n<li>R$ 4.462,35<\/li>\n<\/ul>\n<\/li>\n\n\n\n<li>Economista: 2 vagas + 6 CR\n<ul>\n<li>R$ 4.462,35<\/li>\n<\/ul>\n<\/li>\n\n\n\n<li>Educador F\u00edsico: 3 vagas + 9 CR\n<ul>\n<li>R$ 4.462,35<\/li>\n<\/ul>\n<\/li>\n\n\n\n<li>Engenheiro Civil: 1 vaga + 4 CR\n<ul>\n<li>R$ 4.462,35<\/li>\n<\/ul>\n<\/li>\n\n\n\n<li>Engenheiro Eletricista: 1 vaga + 4 CR\n<ul>\n<li>R$ 4.462,35<\/li>\n<\/ul>\n<\/li>\n\n\n\n<li>Enfermeiro: 2 vagas + 6 CR\n<ul>\n<li>R$ 4.462,35<\/li>\n<\/ul>\n<\/li>\n\n\n\n<li>Fisioterapeuta: 1 vaga + 4 CR\n<ul>\n<li>R$ 4.462,35<\/li>\n<\/ul>\n<\/li>\n\n\n\n<li>Historiador: 1 vaga + 4 CR\n<ul>\n<li>R$ 4.462,35<\/li>\n<\/ul>\n<\/li>\n\n\n\n<li>Int\u00e9rprete de L\u00edngua de Sinais: 2 vagas + 6 CR\n<ul>\n<li>R$ 4.462,35<\/li>\n<\/ul>\n<\/li>\n\n\n\n<li>Jornalista: 4 vagas + 8 CR\n<ul>\n<li>R$ 4.462,35<\/li>\n<\/ul>\n<\/li>\n\n\n\n<li>M\u00e9dico &#8211; Ginecologista: 1 vaga + 4 CR\n<ul>\n<li>R$ 4.462,35<\/li>\n<\/ul>\n<\/li>\n\n\n\n<li>M\u00e9dico &#8211; Cardiologista: 1 vaga + 4 CR\n<ul>\n<li>R$ 4.462,35<\/li>\n<\/ul>\n<\/li>\n\n\n\n<li>M\u00e9dico &#8211; Urologista: 1 vaga + 4 CR\n<ul>\n<li>R$ 4.462,35<\/li>\n<\/ul>\n<\/li>\n\n\n\n<li>M\u00e9dico &#8211; Endocrinologista: 1 vaga + 4 CR\n<ul>\n<li>R$ 4.462,35<\/li>\n<\/ul>\n<\/li>\n\n\n\n<li>M\u00e9dico &#8211; Cl\u00ednico Geral: 1 vaga + 4 CR\n<ul>\n<li>R$ 4.462,35<\/li>\n<\/ul>\n<\/li>\n\n\n\n<li>Odont\u00f3logo: 1 vaga + 4 CR\n<ul>\n<li>R$ 4.462,35<\/li>\n<\/ul>\n<\/li>\n\n\n\n<li>Pedagogo: 3 vagas + 9 CR\n<ul>\n<li>R$ 4.462,35<\/li>\n<\/ul>\n<\/li>\n\n\n\n<li>Psic\u00f3logo: 1 vaga + 4 CR\n<ul>\n<li>R$ 4.462,35<\/li>\n<\/ul>\n<\/li>\n\n\n\n<li>Programador: 3 vagas + 9 CR\n<ul>\n<li>R$ 4.462,35<\/li>\n<\/ul>\n<\/li>\n\n\n\n<li>Redator: 5 vagas + 10 CR\n<ul>\n<li>R$ 4.462,35<\/li>\n<\/ul>\n<\/li>\n<\/ul>\n\n\n\n<h3 class=\"wp-block-heading\">Cargos de n\u00edvel superior<\/h3>\n\n\n\n<ul>\n<li>Analista de Controle: 2 vagas + 6 CR\n<ul>\n<li>R$ 19.274,90<\/li>\n<\/ul>\n<\/li>\n\n\n\n<li>Assessor Jur\u00eddico: 3 vagas + 9 CR\n<ul>\n<li>R$ 16.449,00<\/li>\n<\/ul>\n<\/li>\n\n\n\n<li>Procurador: 1 vaga + 4 CR\n<ul>\n<li>R$ 30.187,52<\/li>\n<\/ul>\n<\/li>\n<\/ul>\n\n\n\n<p><\/p>\n\n\n\n<p>Al\u00e9m das remunera\u00e7\u00f5es iniciais, os aprovados no concurso ALEAM contar\u00e3o com vale-alimenta\u00e7\u00e3o no valor de <strong>R$1.500,00<\/strong>.<\/p>\n\n\n\n<p>Para quem vai iniciar a prepara\u00e7\u00e3o, as\u00a0Apostilas ALEAM\u00a0j\u00e1 est\u00e3o dispon\u00edveis com conte\u00fado completo e atualizado conforme o edital.<\/p>\n\n\n\n<ul>\n<li><a href=\"https:\/\/www.editorasolucao.com.br\/apostila\/aleam-agente-legislativo-assistente-tecnico-administrativo\">Apostila ALEAM 2026 &#8211; Agente Legislativo &#8211; Assistente T\u00e9cnico Administrativo<\/a><\/li>\n\n\n\n<li><a href=\"https:\/\/www.editorasolucao.com.br\/apostila\/aleam-analista-legislativo-administrador-empresa\">Apostila ALEAM 2026 &#8211; Analista Legislativo &#8211; Administrador de Empresa<\/a><\/li>\n\n\n\n<li><a href=\"https:\/\/www.editorasolucao.com.br\/apostila\/aleam-analista-legislativo-pedagogo\">Apostila ALEAM 2026 &#8211; Analista Legislativo &#8211; Pedagogo<\/a><\/li>\n\n\n\n<li><a href=\"https:\/\/www.editorasolucao.com.br\/apostila\/aleam-analista-legislativo-assistente-social\">Apostila ALEAM 2026 &#8211; Analista Legislativo &#8211; Assistente Social<\/a><\/li>\n\n\n\n<li><a href=\"https:\/\/www.editorasolucao.com.br\/apostila\/aleam-analista-legislativo-enfermeiro\">Apostila ALEAM 2026 &#8211; Analista Legislativo &#8211; Enfermeiro<\/a><\/li>\n<\/ul>\n\n\n\n<h2 class=\"wp-block-heading\"><span class=\"ez-toc-section\" id=\"Requisitos_para_investidura_do_cargo\"><\/span>Requisitos para investidura do cargo<span class=\"ez-toc-section-end\"><\/span><\/h2>\n\n\n\n<p>Para investidura dos cargos do concurso ALEAM, \u00e9 necess\u00e1rio que os candidatos atendam aos seguintes requisitos b\u00e1sicos:<\/p>\n\n\n\n<ul>\n<li>ter sido classificado no Concurso P\u00fablico na forma estabelecida neste Edital, em seus anexos e eventuais retifica\u00e7\u00f5es;<\/li>\n\n\n\n<li>ter nacionalidade brasileira; no caso de nacionalidade portuguesa, estar amparado pelo Estatuto de igualdade entre brasileiros e portugueses, com reconhecimento do gozo dos direitos pol\u00edticos, nos termos do \u00a71\u00ba do art. 12 da Constitui\u00e7\u00e3o da Rep\u00fablica Federativa do Brasil e na forma do disposto no art. 13 do Decreto n\u00ba 70.436\/1972;<\/li>\n\n\n\n<li>ter idade m\u00ednima de 18 anos completos;<\/li>\n\n\n\n<li>estar em pleno gozo dos direitos pol\u00edticos;<\/li>\n\n\n\n<li>estar quite com as obriga\u00e7\u00f5es eleitorais e, se do sexo masculino, tamb\u00e9m com as obriga\u00e7\u00f5es militares;<\/li>\n\n\n\n<li>cumprir os requisitos para o cargo ao qual deseja concorrer, conforme o Anexo III do Edital;<\/li>\n\n\n\n<li>ter aptid\u00e3o f\u00edsica e mental para o exerc\u00edcio das atribui\u00e7\u00f5es do cargo;<\/li>\n\n\n\n<li>n\u00e3o ter sido condenado \u00e0 pena privativa de liberdade transitada em julgado ou a qualquer outra condena\u00e7\u00e3o incompat\u00edvel com a fun\u00e7\u00e3o p\u00fablica;<\/li>\n\n\n\n<li>apresentar, \u00e0 \u00e9poca da posse, outros documentos que se fizerem necess\u00e1rios; e<\/li>\n\n\n\n<li>cumprir as determina\u00e7\u00f5es deste Edital.<\/li>\n<\/ul>\n\n\n\n<h2 class=\"wp-block-heading\"><span class=\"ez-toc-section\" id=\"Como_foi_a_inscricao_no_concurso_ALEAM\"><\/span>Como foi a inscri\u00e7\u00e3o no concurso ALEAM?<span class=\"ez-toc-section-end\"><\/span><\/h2>\n\n\n\n<p>As inscri\u00e7\u00f5es para o concurso ALEAM deveriam ser feitas diretamente no site da banca organizadora, a Fundac\u00e3o Getulio Vargas <a href=\"https:\/\/conhecimento.fgv.br\/concursos\/aleam25\" target=\"_blank\" rel=\"noreferrer noopener\">(FGV),<\/a> entre os dias 10 de setembro e 13 de outubro de 2025.<\/p>\n\n\n\n<p>Para efetivar a inscri\u00e7\u00e3o, o candidato deveria preencher o formul\u00e1rio eletr\u00f4nico, emitir o boleto e realizar o pagamento at\u00e9 o dia 14 de outubro de 2025, conforme os valores abaixo:<\/p>\n\n\n\n<ul>\n<li><strong>R$82,00<\/strong> para cargos de n\u00edvel m\u00e9dio<\/li>\n\n\n\n<li><strong>R$110,00<\/strong> para cargos de n\u00edvel superior<\/li>\n\n\n\n<li><strong>R$180,00<\/strong> para o cargo de Assessor Jur\u00eddico<\/li>\n\n\n\n<li><strong>R$230,00<\/strong> para o cargo de Analista de Controle<\/li>\n\n\n\n<li><strong>R$285,00<\/strong> para o cargo de Procurador<\/li>\n<\/ul>\n\n\n\n<h3 class=\"wp-block-heading\">Isen\u00e7\u00e3o da taxa<\/h3>\n\n\n\n<p>No concurso ALEAM, poderam solicitar isen\u00e7\u00e3o da taxa os candidatos que:<\/p>\n\n\n\n<ul>\n<li>Fossem desempregados ou trabalhassem e recebessem at\u00e9 tr\u00eas sal\u00e1rios m\u00ednimos;<\/li>\n\n\n\n<li>Tivessem atuado como jurado no Tribunal do J\u00fari;<\/li>\n\n\n\n<li>Fossem doadores de sangue ou leite materno;<\/li>\n\n\n\n<li>Tivessem servido \u00e0 Justi\u00e7a Eleitoral;<\/li>\n\n\n\n<li>Fossem pessoas com defici\u00eancia.<\/li>\n<\/ul>\n\n\n\n<p>A documenta\u00e7\u00e3o deveria ser enviada pela plataforma da FGV entre os dias 10 e 12 de setembro, at\u00e9 \u00e0s 16h (hor\u00e1rio de Manaus).<\/p>\n\n\n\n<h2 class=\"wp-block-heading\"><span class=\"ez-toc-section\" id=\"Ultimo_concurso_ALEAM_ocorreu_ha_mais_de_uma_decada\"><\/span>\u00daltimo concurso ALEAM ocorreu h\u00e1 mais de uma d\u00e9cada<span class=\"ez-toc-section-end\"><\/span><\/h2>\n\n\n\n<p>O \u00faltimo concurso ALEAM ocorreu em 2011 e ofertou 132 vagas para os cargos de Procurador, Analista de Controle, Analista Legislativo e Agente Legislativo, de n\u00edveis m\u00e9dio e superior.<\/p>\n\n\n\n<p><em>Cargos de n\u00edvel m\u00e9dio<\/em><\/p>\n\n\n\n<p><strong>Agente Legislativo<\/strong>&nbsp;(81 vagas) nas seguintes especialidades:<\/p>\n\n\n\n<ul>\n<li>Assistente T\u00e9cnico Administrativo<\/li>\n\n\n\n<li>Fot\u00f3grafo<\/li>\n\n\n\n<li>T\u00e9c. de Manuten\u00e7\u00e3o de Computadores (Hardware)<\/li>\n\n\n\n<li>T\u00e9c. de Apoio ao Usu\u00e1rio de Computadores<\/li>\n\n\n\n<li>Gar\u00e7om<\/li>\n\n\n\n<li>Radialista<\/li>\n\n\n\n<li>Motorista<\/li>\n\n\n\n<li>TV ALE \u2013 M\u00e1ster<\/li>\n\n\n\n<li>TV ALE \u2013 Cinegrafista<\/li>\n\n\n\n<li>TV ALE \u2013 Produtor<\/li>\n\n\n\n<li>TV ALE \u2013 Produtor<\/li>\n\n\n\n<li>TV ALE \u2013 Imagem<\/li>\n\n\n\n<li>TV ALE \u2013 Editor<\/li>\n\n\n\n<li>TV ALE \u2013 T\u00e9cnico de \u00e1udio<\/li>\n\n\n\n<li>TV ALE \u2013 Assistente T\u00e9cnico<\/li>\n\n\n\n<li>TV ALE \u2013 Rep\u00f3rter<\/li>\n<\/ul>\n\n\n\n<p><em>Cargos de n\u00edvel superior<\/em><\/p>\n\n\n\n<p><strong>Procurador&nbsp;<\/strong>(3 vagas) e&nbsp;<strong>Analista de Controle<\/strong>&nbsp;(2 vagas)<\/p>\n\n\n\n<p><strong>Analista Legislativo<\/strong>&nbsp;(81 vagas) nas seguintes especialidades:<\/p>\n\n\n\n<ul>\n<li>M\u00e9dico<\/li>\n\n\n\n<li>Assistente Social<\/li>\n\n\n\n<li>Enfermeiro<\/li>\n\n\n\n<li>Nutricionista<\/li>\n\n\n\n<li>Odont\u00f3logo<\/li>\n\n\n\n<li>Psic\u00f3logo<\/li>\n\n\n\n<li>Fisioterapeuta<\/li>\n\n\n\n<li>Educa\u00e7\u00e3o F\u00edsica<\/li>\n\n\n\n<li>Redator<\/li>\n\n\n\n<li>Administrador de Banco de Dados<\/li>\n\n\n\n<li>Analista de Sistemas<\/li>\n\n\n\n<li>Contador<\/li>\n\n\n\n<li>Pedagogo<\/li>\n\n\n\n<li>Bibliotec\u00e1rio<\/li>\n\n\n\n<li>Administrador de Empresas<\/li>\n\n\n\n<li>Economista<\/li>\n\n\n\n<li>Engenheiro Civil<\/li>\n\n\n\n<li>Engenheiro Eletricista<\/li>\n\n\n\n<li>Jornalista<\/li>\n\n\n\n<li>Fonoaudi\u00f3logo<\/li>\n<\/ul>\n\n\n\n<p><\/p>\n\n\n\n<p>As remunera\u00e7\u00f5es iniciais variavam de R$1.150,41 at\u00e9 R$11.603.90.<\/p>\n\n\n\n<h3 class=\"wp-block-heading\">Como os candidatos do \u00faltimo concurso ALEAM foram avaliados? <\/h3>\n\n\n\n<p>Os candidatos do \u00faltimo concurso ALEAM foram avaliados por meio das seguintes etapas de sele\u00e7\u00e3o: <\/p>\n\n\n\n<ul>\n<li>Prova Objetiva, de car\u00e1ter eliminat\u00f3rio e classificat\u00f3rio, para todos os cargos\/especialidades;<\/li>\n\n\n\n<li>Prova Discursiva, de car\u00e1ter eliminat\u00f3rio e classificat\u00f3rio, para os cargos de Procurador, Analista de Controle e Redator;<\/li>\n\n\n\n<li>An\u00e1lise de T\u00edtulos, de car\u00e1ter classificat\u00f3rio, para os cargos de Procurador, Analista de Controle e Redator; e<\/li>\n\n\n\n<li>Prova Pr\u00e1tica, de car\u00e1ter eliminat\u00f3rio, para as especialidades de Educa\u00e7\u00e3o F\u00edsica, Cinegrafista, Radialista, T\u00e9cnico de TV e Motorista.<\/li>\n<\/ul>\n\n\n\n<h2 class=\"wp-block-heading\"><span class=\"ez-toc-section\" id=\"O_que_e_a_ALEAM\"><\/span>O que \u00e9 a ALEAM?<span class=\"ez-toc-section-end\"><\/span><\/h2>\n\n\n\n<p>A <strong>Assembleia Legislativa do Estado do Amazonas (ALEAM)<\/strong> \u00e9 o \u00f3rg\u00e3o do Poder Legislativo estadual respons\u00e1vel por elaborar, debater e aprovar leis que regem o estado, al\u00e9m de fiscalizar as a\u00e7\u00f5es do Poder Executivo. <\/p>\n\n\n\n<p>Composta por <strong>24 deputados estaduais<\/strong>, eleitos a cada quatro anos, a ALEAM atua na cria\u00e7\u00e3o de pol\u00edticas p\u00fablicas, na an\u00e1lise do or\u00e7amento estadual e na representa\u00e7\u00e3o dos interesses da popula\u00e7\u00e3o amazonense. Suas sess\u00f5es ocorrem na sede localizada em Manaus, onde os parlamentares discutem propostas legislativas e realizam atividades de fiscaliza\u00e7\u00e3o e controle administrativo do estado.<\/p>\n\n\n\n<p><\/p>\n\n\n\n<p><strong>Ficou interessado(a)? Confira nossas <a href=\"https:\/\/www.editorasolucao.com.br\/blog\/\" target=\"_blank\" rel=\"noreferrer noopener\">not\u00edcias!<\/a><\/strong><\/p>\n","protected":false},"excerpt":{"rendered":"<p>O concurso ALEAM teve os resultados preliminares divulgados! S\u00e3o ofertadas 363 vagas para n\u00edveis m\u00e9dio e superior. Iniciais at\u00e9 R$30 mil. Veja!<\/p>\n","protected":false},"author":26,"featured_media":50920,"template":"","meta":{"_acf_changed":true,"rank_math_lock_modified_date":false},"categories":[52],"tags":[4605],"acf":[],"_links":{"self":[{"href":"https:\/\/www.editorasolucao.com.br\/blog\/wp-json\/wp\/v2\/concurso\/46303"}],"collection":[{"href":"https:\/\/www.editorasolucao.com.br\/blog\/wp-json\/wp\/v2\/concurso"}],"about":[{"href":"https:\/\/www.editorasolucao.com.br\/blog\/wp-json\/wp\/v2\/types\/concurso"}],"author":[{"embeddable":true,"href":"https:\/\/www.editorasolucao.com.br\/blog\/wp-json\/wp\/v2\/users\/26"}],"wp:featuredmedia":[{"embeddable":true,"href":"https:\/\/www.editorasolucao.com.br\/blog\/wp-json\/wp\/v2\/media\/50920"}],"wp:attachment":[{"href":"https:\/\/www.editorasolucao.com.br\/blog\/wp-json\/wp\/v2\/media?parent=46303"}],"wp:term":[{"taxonomy":"category","embeddable":true,"href":"https:\/\/www.editorasolucao.com.br\/blog\/wp-json\/wp\/v2\/categories?post=46303"},{"taxonomy":"post_tag","embeddable":true,"href":"https:\/\/www.editorasolucao.com.br\/blog\/wp-json\/wp\/v2\/tags?post=46303"}],"curies":[{"name":"wp","href":"https:\/\/api.w.org\/{rel}","templated":true}]}}