{"id":48345,"date":"2025-09-03T11:33:24","date_gmt":"2025-09-03T14:33:24","guid":{"rendered":"https:\/\/www.editorasolucao.com.br\/blog\/?post_type=concurso&#038;p=48345"},"modified":"2025-09-03T11:33:27","modified_gmt":"2025-09-03T14:33:27","slug":"ibram-df","status":"publish","type":"concurso","link":"https:\/\/www.editorasolucao.com.br\/blog\/concurso\/ibram-df","title":{"rendered":"Concurso Ibram DF: Autoriza\u00e7\u00e3o em breve!"},"content":{"rendered":"\n<p>O concurso Ibram DF <a href=\"https:\/\/www.editorasolucao.com.br\/concurso\/instituto-do-meio-ambiente-e-dos-recursos-hidricos-do-distrito-federal\">(Instituto do Meio Ambiente e dos Recursos H\u00eddricos do Distrito Federal)<\/a> \u00e9 um dos certames mais aguardados pelos concurseiros que sonham com uma carreira s\u00f3lida na \u00e1rea ambiental. A sele\u00e7\u00e3o ainda <strong>depende da autoriza\u00e7\u00e3o oficial<\/strong>, mas as movimenta\u00e7\u00f5es recentes mostram que <strong>o edital pode sair em breve<\/strong>, contemplando oportunidades em cargos de <strong>n\u00edveis m\u00e9dio<\/strong> e <strong>superior<\/strong>. Se interessou?Confira os detalhes para saber mais!<\/p>\n\n\n\n<div id=\"ez-toc-container\" class=\"ez-toc-v2_0_69_1 counter-hierarchy ez-toc-counter ez-toc-grey ez-toc-container-direction\">\n<div class=\"ez-toc-title-container\">\n<p class=\"ez-toc-title \" >Menu de navega&ccedil;&atilde;o<\/p>\n<span class=\"ez-toc-title-toggle\"><a href=\"#\" class=\"ez-toc-pull-right ez-toc-btn ez-toc-btn-xs ez-toc-btn-default ez-toc-toggle\" aria-label=\"Toggle Table of Content\"><span class=\"ez-toc-js-icon-con\"><span class=\"\"><span class=\"eztoc-hide\" style=\"display:none;\">Toggle<\/span><span class=\"ez-toc-icon-toggle-span\"><svg style=\"fill: #999;color:#999\" xmlns=\"http:\/\/www.w3.org\/2000\/svg\" class=\"list-377408\" width=\"20px\" height=\"20px\" viewBox=\"0 0 24 24\" fill=\"none\"><path d=\"M6 6H4v2h2V6zm14 0H8v2h12V6zM4 11h2v2H4v-2zm16 0H8v2h12v-2zM4 16h2v2H4v-2zm16 0H8v2h12v-2z\" fill=\"currentColor\"><\/path><\/svg><svg style=\"fill: #999;color:#999\" class=\"arrow-unsorted-368013\" xmlns=\"http:\/\/www.w3.org\/2000\/svg\" width=\"10px\" height=\"10px\" viewBox=\"0 0 24 24\" version=\"1.2\" baseProfile=\"tiny\"><path d=\"M18.2 9.3l-6.2-6.3-6.2 6.3c-.2.2-.3.4-.3.7s.1.5.3.7c.2.2.4.3.7.3h11c.3 0 .5-.1.7-.3.2-.2.3-.5.3-.7s-.1-.5-.3-.7zM5.8 14.7l6.2 6.3 6.2-6.3c.2-.2.3-.5.3-.7s-.1-.5-.3-.7c-.2-.2-.4-.3-.7-.3h-11c-.3 0-.5.1-.7.3-.2.2-.3.5-.3.7s.1.5.3.7z\"\/><\/svg><\/span><\/span><\/span><\/a><\/span><\/div>\n<nav><ul class='ez-toc-list ez-toc-list-level-1 ' ><li class='ez-toc-page-1 ez-toc-heading-level-2'><a class=\"ez-toc-link ez-toc-heading-1\" href=\"https:\/\/www.editorasolucao.com.br\/blog\/concurso\/ibram-df\/#Situacao_atual_do_concurso_Ibram_DF\" title=\"Situa\u00e7\u00e3o atual do concurso Ibram DF\">Situa\u00e7\u00e3o atual do concurso Ibram DF<\/a><\/li><li class='ez-toc-page-1 ez-toc-heading-level-2'><a class=\"ez-toc-link ez-toc-heading-2\" href=\"https:\/\/www.editorasolucao.com.br\/blog\/concurso\/ibram-df\/#Cargos_vagas_e_salarios_previstos\" title=\"Cargos, vagas e sal\u00e1rios previstos\">Cargos, vagas e sal\u00e1rios previstos<\/a><\/li><li class='ez-toc-page-1 ez-toc-heading-level-2'><a class=\"ez-toc-link ez-toc-heading-3\" href=\"https:\/\/www.editorasolucao.com.br\/blog\/concurso\/ibram-df\/#Nos_temos_a_Solucao\" title=\"N\u00f3s temos a Solu\u00e7\u00e3o\">N\u00f3s temos a Solu\u00e7\u00e3o<\/a><\/li><li class='ez-toc-page-1 ez-toc-heading-level-2'><a class=\"ez-toc-link ez-toc-heading-4\" href=\"https:\/\/www.editorasolucao.com.br\/blog\/concurso\/ibram-df\/#Como_foi_o_ultimo_concurso_Ibram_DF\" title=\"Como foi o \u00faltimo concurso Ibram DF\">Como foi o \u00faltimo concurso Ibram DF<\/a><\/li><li class='ez-toc-page-1 ez-toc-heading-level-2'><a class=\"ez-toc-link ez-toc-heading-5\" href=\"https:\/\/www.editorasolucao.com.br\/blog\/concurso\/ibram-df\/#O_que_e_o_Ibram_DF\" title=\"O que \u00e9 o Ibram DF\">O que \u00e9 o Ibram DF<\/a><\/li><\/ul><\/nav><\/div>\n<h2 class=\"wp-block-heading\"><span class=\"ez-toc-section\" id=\"Situacao_atual_do_concurso_Ibram_DF\"><\/span>Situa\u00e7\u00e3o atual do concurso Ibram DF<span class=\"ez-toc-section-end\"><\/span><\/h2>\n\n\n\n<p>O novo concurso Ibram DF segue em fase de expectativa. O pedido oficial foi encaminhado \u00e0 Secretaria de Economia, mas at\u00e9 o momento n\u00e3o houve retorno.<\/p>\n\n\n\n<p>Vale destacar que circularam informa\u00e7\u00f5es nas redes sociais sobre uma suposta autoriza\u00e7\u00e3o de 219 vagas. Contudo, o pr\u00f3prio Instituto desmentiu essa not\u00edcia, esclarecendo que o processo ainda n\u00e3o foi autorizado.<\/p>\n\n\n\n<p>A \u00faltima movimenta\u00e7\u00e3o relevante ocorreu em agosto de 2025, quando o \u00f3rg\u00e3o refor\u00e7ou que o <strong>certame segue solicitado<\/strong>, mas sem defini\u00e7\u00e3o de vagas e banca organizadora. A expectativa \u00e9 de que a <strong>autoriza\u00e7\u00e3o seja confirmada ainda em 2025<\/strong>, com edital publicado logo em seguida!<\/p>\n\n\n\n<p>Em solicita\u00e7\u00f5es anteriores, chegou-se a prever 50 vagas imediatas mais 169 para forma\u00e7\u00e3o de cadastro reserva, contemplando tanto o cargo de Analista quanto o de T\u00e9cnico de Atividades do Meio Ambiente.<\/p>\n\n\n\n<h2 class=\"wp-block-heading\"><span class=\"ez-toc-section\" id=\"Cargos_vagas_e_salarios_previstos\"><\/span>Cargos, vagas e sal\u00e1rios previstos<span class=\"ez-toc-section-end\"><\/span><\/h2>\n\n\n\n<p>Embora os n\u00fameros oficiais ainda n\u00e3o estejam definidos, o concurso Ibram DF deve oferecer vagas para as carreiras de Analista e T\u00e9cnico de Atividades do Meio Ambiente.<\/p>\n\n\n\n<ul>\n<li>Analista de Atividades do Meio Ambiente: exige diploma de n\u00edvel superior e registro no conselho de classe correspondente.<\/li>\n\n\n\n<li>T\u00e9cnico de Atividades do Meio Ambiente: exige certificado de curso t\u00e9cnico ou n\u00edvel m\u00e9dio com curso t\u00e9cnico adicional, al\u00e9m de registro no conselho de classe.<\/li>\n<\/ul>\n\n\n\n<p><\/p>\n\n\n\n<p><strong>Materiais preparat\u00f3rios para o concurso Ibram DF!<\/strong> <strong><a href=\"https:\/\/www.editorasolucao.com.br\/concurso\/instituto-do-meio-ambiente-e-dos-recursos-hidricos-do-distrito-federal\">Comece a se preparar agora!<\/a><\/strong><\/p>\n\n\n\n<p>Segundo a estrutura remunerat\u00f3ria atualizada, os sal\u00e1rios s\u00e3o bastante atrativos:<\/p>\n\n\n\n<ul>\n<li><a href=\"https:\/\/www.editorasolucao.com.br\/apostila\/ibram-df-tecnico-atividades-meio-ambiente-agente-administrativo\">T\u00e9cnico de Atividades do Meio Ambiente:<\/a> inicial de <strong>R$8.933,05<\/strong>, podendo chegar a mais de <strong>R$11 mil<\/strong> com gratifica\u00e7\u00f5es.<\/li>\n\n\n\n<li>Analista de Atividades do Meio Ambiente: inicial de <strong>R$11.433,75<\/strong>, chegando a <strong>R$14.340,69<\/strong> no final da carreira.<\/li>\n<\/ul>\n\n\n\n<p><\/p>\n\n\n\n<p>Al\u00e9m disso, a carreira oferece a GHMA (Gratifica\u00e7\u00e3o por Habilita\u00e7\u00e3o em Atividades do Meio Ambiente), que varia de acordo com a forma\u00e7\u00e3o acad\u00eamica do servidor, como gradua\u00e7\u00e3o extra, especializa\u00e7\u00e3o, mestrado ou doutorado. Confira:<\/p>\n\n\n\n<figure class=\"wp-block-image size-full\"><img loading=\"lazy\" decoding=\"async\" width=\"718\" height=\"160\" src=\"https:\/\/www.editorasolucao.com.br\/blog\/wp-content\/uploads\/2025\/09\/gratificacao.webp\" alt=\"GHMA dos aprovados no concurso Ibram DF\" class=\"wp-image-48347\"\/><figcaption class=\"wp-element-caption\"><em>GHMA dos aprovados no concurso Ibram DF!<\/em><\/figcaption><\/figure>\n\n\n\n<p>Atualmente, o Instituto conta com cerca de <strong>138 cargos vagos<\/strong>, sendo 7 de T\u00e9cnico e 131 de Analista. Isso refor\u00e7a a necessidade urgente de reposi\u00e7\u00e3o de servidores por meio do concurso Ibram DF.<\/p>\n\n\n\n<h2 class=\"wp-block-heading\"><span class=\"ez-toc-section\" id=\"Nos_temos_a_Solucao\"><\/span>N\u00f3s temos a Solu\u00e7\u00e3o<span class=\"ez-toc-section-end\"><\/span><\/h2>\n\n\n\n<p>O edital do concurso Ibram DF ainda n\u00e3o saiu, mas voc\u00ea quer come\u00e7ar a se preparar para garantir a sua vaga? Est\u00e1 perdido e n\u00e3o sabe como come\u00e7ar? N\u00f3s temos a Solu\u00e7\u00e3o! Elaboramos diversos materiais completos e direcionados conforme os \u00faltimos editais que te ajudar\u00e3o a conquistar o seu cargo dos sonhos!<\/p>\n\n\n\n<p><strong>Confira:\u00a0<a href=\"https:\/\/www.editorasolucao.com.br\/concurso\/instituto-do-meio-ambiente-e-dos-recursos-hidricos-do-distrito-federal\">Materiais preparat\u00f3rios para o concurso Ibram DF!<\/a><\/strong><\/p>\n\n\n\n<h2 class=\"wp-block-heading\"><span class=\"ez-toc-section\" id=\"Como_foi_o_ultimo_concurso_Ibram_DF\"><\/span>Como foi o \u00faltimo concurso Ibram DF<span class=\"ez-toc-section-end\"><\/span><\/h2>\n\n\n\n<p>O \u00faltimo concurso Ibram DF para efetivos ocorreu em 2009, sob organiza\u00e7\u00e3o do Cespe\/UnB, atual <a href=\"https:\/\/www.cebraspe.org.br\/\" target=\"_blank\" rel=\"noreferrer noopener\">Cebraspe.<\/a> Na \u00e9poca, foram ofertadas 100 vagas distribu\u00eddas entre cargos de n\u00edveis m\u00e9dio\/t\u00e9cnico e superior. A sele\u00e7\u00e3o contou com mais de 11 mil inscritos.<\/p>\n\n\n\n<p>Confira a distribui\u00e7\u00e3o de vagas:<\/p>\n\n\n\n<p><strong>T\u00e9cnico de Atividades do Meio Ambiente \u2013 N\u00edvel m\u00e9dio<\/strong><\/p>\n\n\n\n<ul>\n<li>Agente Administrativo \u2013 5 vagas<\/li>\n\n\n\n<li>Agente de Unidade de Conserva\u00e7\u00e3o de Parques \u2013 18 vagas<\/li>\n\n\n\n<li>T\u00e9cnico em Contabilidade \u2013 2 vagas<\/li>\n\n\n\n<li>T\u00e9cnico em Edifica\u00e7\u00f5es; Seguran\u00e7a do Trabalho \u2013 1 vaga cada<\/li>\n\n\n\n<li>Top\u00f3grafo \u2013 3 vagas<\/li>\n<\/ul>\n\n\n\n<p><strong>Analista de Atividades do Meio Ambiente \u2013 N\u00edvel superior<\/strong><\/p>\n\n\n\n<ul>\n<li>Administrador \u2013 2 vagas<\/li>\n\n\n\n<li>Advogado \u2013 4 vagas<\/li>\n\n\n\n<li>Analista Administrativo \u2013 5 vagas<\/li>\n\n\n\n<li>Arquiteto e Urbanista \u2013 3 vagas<\/li>\n\n\n\n<li>Arquivista \u2013 2 vagas<\/li>\n\n\n\n<li>Bibliotec\u00e1rio \u2013 2 vagas<\/li>\n\n\n\n<li>Bi\u00f3logo \u2013 5 vagas<\/li>\n\n\n\n<li>Contador \u2013 2 vagas<\/li>\n\n\n\n<li>Educador Ambiental \u2013 5 vagas<\/li>\n\n\n\n<li>Ge\u00f3grafo \u2013 4 vagas<\/li>\n\n\n\n<li>Ge\u00f3logo \u2013 4 vagas<\/li>\n\n\n\n<li>M\u00e9dico Veterin\u00e1rio \u2013 2 vagas<\/li>\n\n\n\n<li>Engenheiro Agr\u00f4nomo; Ambiental; Civil; Florestal \u2013 6 vagas cada<\/li>\n\n\n\n<li>Meteorologista; Jornalista; Qu\u00edmico; Rela\u00e7\u00f5es P\u00fablicas; Economista \u2013 1 vaga cada<\/li>\n<\/ul>\n\n\n\n<h3 class=\"wp-block-heading\">Etapas de sele\u00e7\u00e3o<\/h3>\n\n\n\n<p>A sele\u00e7\u00e3o do concurso Ibram DF contou com provas objetivas compostas por 120 quest\u00f5es no modelo Certo ou Errado, al\u00e9m de prova discursiva para cargos de n\u00edvel superior.<br>As disciplinas inclu\u00edram:<\/p>\n\n\n\n<ul>\n<li><strong>Conhecimentos B\u00e1sicos<\/strong>\n<ul>\n<li>L\u00edngua Portuguesa<\/li>\n\n\n\n<li>Conhecimentos de Inform\u00e1tica<\/li>\n\n\n\n<li>L\u00edngua Inglesa (somente para n\u00edvel superior)<\/li>\n\n\n\n<li>Racioc\u00ednio L\u00f3gico (somente para n\u00edvel m\u00e9dio)<\/li>\n<\/ul>\n<\/li>\n\n\n\n<li><strong>Conhecimentos Complementares<\/strong>\n<ul>\n<li>Lei Org\u00e2nica do DF<\/li>\n\n\n\n<li>Regime Jur\u00eddico dos Servidores do GDF<\/li>\n\n\n\n<li>Legisla\u00e7\u00e3o<\/li>\n<\/ul>\n<\/li>\n<\/ul>\n\n\n\n<p><\/p>\n\n\n\n<p>Al\u00e9m disso, em 2021, o \u00f3rg\u00e3o realizou um processo seletivo simplificado com 225 vagas tempor\u00e1rias, mas esse n\u00e3o foi considerado concurso p\u00fablico efetivo.<\/p>\n\n\n\n<h2 class=\"wp-block-heading\"><span class=\"ez-toc-section\" id=\"O_que_e_o_Ibram_DF\"><\/span>O que \u00e9 o Ibram DF<span class=\"ez-toc-section-end\"><\/span><\/h2>\n\n\n\n<p>O Instituto do Meio Ambiente e dos Recursos H\u00eddricos do Distrito Federal (Ibram DF) \u00e9 uma autarquia vinculada \u00e0 Secretaria de Estado do Meio Ambiente e Prote\u00e7\u00e3o Animal (SEMA-DF).<\/p>\n\n\n\n<p>Suas atribui\u00e7\u00f5es envolvem:<\/p>\n\n\n\n<ul>\n<li>Licenciamento ambiental de atividades potencialmente poluidoras;<\/li>\n\n\n\n<li>Fiscaliza\u00e7\u00e3o ambiental em todo o territ\u00f3rio do DF;<\/li>\n\n\n\n<li>Gest\u00e3o de unidades de conserva\u00e7\u00e3o, como parques ecol\u00f3gicos;<\/li>\n\n\n\n<li>Monitoramento da qualidade da \u00e1gua, do solo e do ar;<\/li>\n\n\n\n<li>A\u00e7\u00f5es de educa\u00e7\u00e3o ambiental e promo\u00e7\u00e3o da sustentabilidade;<\/li>\n\n\n\n<li>Implementa\u00e7\u00e3o de pol\u00edticas p\u00fablicas voltadas \u00e0 preserva\u00e7\u00e3o dos recursos naturais.<\/li>\n<\/ul>\n\n\n\n<p>O concurso Ibram DF \u00e9, portanto, uma oportunidade estrat\u00e9gica para quem deseja atuar em uma \u00e1rea essencial para o desenvolvimento sustent\u00e1vel e a prote\u00e7\u00e3o do meio ambiente no Distrito Federal.<\/p>\n\n\n\n<p><\/p>\n\n\n\n<p><strong>Bons estudos e boa sorte!<\/strong><\/p>\n","protected":false},"excerpt":{"rendered":"<p>O concurso Ibram DF \u00e9 um dos certames mais esperados pelos concurseiros. Com solicita\u00e7\u00e3o j\u00e1 enviada, \u00e9 aguardada a autoriza\u00e7\u00e3o. Confira!<\/p>\n","protected":false},"author":26,"featured_media":48346,"template":"","meta":{"_acf_changed":true,"rank_math_lock_modified_date":false},"categories":[52],"tags":[4888],"acf":[],"_links":{"self":[{"href":"https:\/\/www.editorasolucao.com.br\/blog\/wp-json\/wp\/v2\/concurso\/48345"}],"collection":[{"href":"https:\/\/www.editorasolucao.com.br\/blog\/wp-json\/wp\/v2\/concurso"}],"about":[{"href":"https:\/\/www.editorasolucao.com.br\/blog\/wp-json\/wp\/v2\/types\/concurso"}],"author":[{"embeddable":true,"href":"https:\/\/www.editorasolucao.com.br\/blog\/wp-json\/wp\/v2\/users\/26"}],"wp:featuredmedia":[{"embeddable":true,"href":"https:\/\/www.editorasolucao.com.br\/blog\/wp-json\/wp\/v2\/media\/48346"}],"wp:attachment":[{"href":"https:\/\/www.editorasolucao.com.br\/blog\/wp-json\/wp\/v2\/media?parent=48345"}],"wp:term":[{"taxonomy":"category","embeddable":true,"href":"https:\/\/www.editorasolucao.com.br\/blog\/wp-json\/wp\/v2\/categories?post=48345"},{"taxonomy":"post_tag","embeddable":true,"href":"https:\/\/www.editorasolucao.com.br\/blog\/wp-json\/wp\/v2\/tags?post=48345"}],"curies":[{"name":"wp","href":"https:\/\/api.w.org\/{rel}","templated":true}]}}