{"id":49881,"date":"2025-12-08T11:19:59","date_gmt":"2025-12-08T14:19:59","guid":{"rendered":"https:\/\/www.editorasolucao.com.br\/blog\/?post_type=concurso&#038;p=49881"},"modified":"2025-12-10T13:03:25","modified_gmt":"2025-12-10T16:03:25","slug":"camara-de-uruguaiana-rs","status":"publish","type":"concurso","link":"https:\/\/www.editorasolucao.com.br\/blog\/concurso\/camara-de-uruguaiana-rs","title":{"rendered":"Concurso C\u00e2mara de Uruguaiana: Inscri\u00e7\u00f5es abertas! Sal\u00e1rios de R$5 mil!"},"content":{"rendered":"\n<p>Aten\u00e7\u00e3o, concurseiros! Foi publicado o edital do <a href=\"https:\/\/www.editorasolucao.com.br\/concurso\/camara-municipal-de-uruguaiana-rs\">Concurso C\u00e2mara de Uruguaiana,<\/a> no Rio Grande do Sul. O certame oferece <strong>3 vagas imediatas<\/strong>, al\u00e9m de cadastro reserva, para os cargos de <strong>Agente de Transportes<\/strong>, <strong>Auxiliar Administrativo<\/strong> e <strong>Procurador Jur\u00eddico Legislativo<\/strong>, de <strong>n\u00edveis m\u00e9dio <\/strong>e<strong> superior.<\/strong> Os sal\u00e1rios variam de <strong>R$2.794,09 <\/strong>a <strong>R$5.882,85<\/strong>. As inscri\u00e7\u00f5es j\u00e1 est\u00e3o abertas e seguem at\u00e9 o dia <strong>2 de janeiro de 2026<\/strong>, j\u00e1 as provas est\u00e3o previstas para <strong>8 de fevereiro de 2026<\/strong>. Para se preparar, confira a\u00a0<a href=\"https:\/\/www.editorasolucao.com.br\/concurso\/camara-municipal-de-uruguaiana-rs\">apostila C\u00e2mara de Uruguaiana<\/a>\u00a0com conte\u00fado completo e atualizado conforme o edital.<\/p>\n\n\n\n<div id=\"ez-toc-container\" class=\"ez-toc-v2_0_69_1 counter-hierarchy ez-toc-counter ez-toc-grey ez-toc-container-direction\">\n<div class=\"ez-toc-title-container\">\n<p class=\"ez-toc-title \" >Menu de navega&ccedil;&atilde;o<\/p>\n<span class=\"ez-toc-title-toggle\"><a href=\"#\" class=\"ez-toc-pull-right ez-toc-btn ez-toc-btn-xs ez-toc-btn-default ez-toc-toggle\" aria-label=\"Toggle Table of Content\"><span class=\"ez-toc-js-icon-con\"><span class=\"\"><span class=\"eztoc-hide\" style=\"display:none;\">Toggle<\/span><span class=\"ez-toc-icon-toggle-span\"><svg style=\"fill: #999;color:#999\" xmlns=\"http:\/\/www.w3.org\/2000\/svg\" class=\"list-377408\" width=\"20px\" height=\"20px\" viewBox=\"0 0 24 24\" fill=\"none\"><path d=\"M6 6H4v2h2V6zm14 0H8v2h12V6zM4 11h2v2H4v-2zm16 0H8v2h12v-2zM4 16h2v2H4v-2zm16 0H8v2h12v-2z\" fill=\"currentColor\"><\/path><\/svg><svg style=\"fill: #999;color:#999\" class=\"arrow-unsorted-368013\" xmlns=\"http:\/\/www.w3.org\/2000\/svg\" width=\"10px\" height=\"10px\" viewBox=\"0 0 24 24\" version=\"1.2\" baseProfile=\"tiny\"><path d=\"M18.2 9.3l-6.2-6.3-6.2 6.3c-.2.2-.3.4-.3.7s.1.5.3.7c.2.2.4.3.7.3h11c.3 0 .5-.1.7-.3.2-.2.3-.5.3-.7s-.1-.5-.3-.7zM5.8 14.7l6.2 6.3 6.2-6.3c.2-.2.3-.5.3-.7s-.1-.5-.3-.7c-.2-.2-.4-.3-.7-.3h-11c-.3 0-.5.1-.7.3-.2.2-.3.5-.3.7s.1.5.3.7z\"\/><\/svg><\/span><\/span><\/span><\/a><\/span><\/div>\n<nav><ul class='ez-toc-list ez-toc-list-level-1 ' ><li class='ez-toc-page-1 ez-toc-heading-level-2'><a class=\"ez-toc-link ez-toc-heading-1\" href=\"https:\/\/www.editorasolucao.com.br\/blog\/concurso\/camara-de-uruguaiana-rs\/#Como_se_inscrever_no_concurso_Camara_de_Uruguaiana\" title=\"Como se inscrever no concurso C\u00e2mara de Uruguaiana\">Como se inscrever no concurso C\u00e2mara de Uruguaiana<\/a><\/li><li class='ez-toc-page-1 ez-toc-heading-level-2'><a class=\"ez-toc-link ez-toc-heading-2\" href=\"https:\/\/www.editorasolucao.com.br\/blog\/concurso\/camara-de-uruguaiana-rs\/#Cargos_vagas_e_salarios\" title=\"Cargos, vagas e sal\u00e1rios\">Cargos, vagas e sal\u00e1rios<\/a><\/li><li class='ez-toc-page-1 ez-toc-heading-level-2'><a class=\"ez-toc-link ez-toc-heading-3\" href=\"https:\/\/www.editorasolucao.com.br\/blog\/concurso\/camara-de-uruguaiana-rs\/#Requisitos_para_investidura\" title=\"Requisitos para investidura\">Requisitos para investidura<\/a><\/li><li class='ez-toc-page-1 ez-toc-heading-level-2'><a class=\"ez-toc-link ez-toc-heading-4\" href=\"https:\/\/www.editorasolucao.com.br\/blog\/concurso\/camara-de-uruguaiana-rs\/#Etapas_de_selecao\" title=\"Etapas de sele\u00e7\u00e3o\">Etapas de sele\u00e7\u00e3o<\/a><\/li><\/ul><\/nav><\/div>\n<h2 class=\"wp-block-heading\"><span class=\"ez-toc-section\" id=\"Como_se_inscrever_no_concurso_Camara_de_Uruguaiana\"><\/span>Como se inscrever no concurso C\u00e2mara de Uruguaiana<span class=\"ez-toc-section-end\"><\/span><\/h2>\n\n\n\n<p>As inscri\u00e7\u00f5es para o concurso C\u00e2mara de Uruguaiana j\u00e1 est\u00e3o abertas e devem ser realizadas exclusivamente pela internet, no site da banca organizadora, <a href=\"https:\/\/www.fundatec.org.br\/portal\/concursos\/index_concursos.php?concurso=1042\" target=\"_blank\" rel=\"noreferrer noopener\">Fundatec,<\/a> at\u00e9 \u00e0s 17h do dia <strong>2 de janeiro de 2026<\/strong>.<\/p>\n\n\n\n<p>O edital estabelece dois valores de taxa, conforme o cargo pretendido:<\/p>\n\n\n\n<ul>\n<li><strong>R$130,00<\/strong> para cargos de n\u00edvel m\u00e9dio<\/li>\n\n\n\n<li><strong>R$160,00<\/strong> para cargo de n\u00edvel superior<\/li>\n<\/ul>\n\n\n\n<p><\/p>\n\n\n\n<p>O pagamento deve ser realizado at\u00e9<strong> 5 de janeiro de 2026<\/strong>, por meio do boleto emitido no sistema de inscri\u00e7\u00f5es. <\/p>\n\n\n\n<h3 class=\"wp-block-heading\">Isen\u00e7\u00e3o da taxa<\/h3>\n\n\n\n<p>\u00c9 poss\u00edvel solicitar isen\u00e7\u00e3o da taxa de inscri\u00e7\u00e3o nos dias <strong>8 e 9 de dezembro de 2025<\/strong>, conforme previsto em lei municipal. T\u00eam direito ao benef\u00edcio:<\/p>\n\n\n\n<ul>\n<li>Candidatos inscritos no Cad\u00danico, com renda familiar per capita de at\u00e9 \u00bd sal\u00e1rio m\u00ednimo;<\/li>\n\n\n\n<li>Candidatos doadores de medula \u00f3ssea, com comprova\u00e7\u00e3o emitida por entidade coletora reconhecida pelo Minist\u00e9rio da Sa\u00fade.<\/li>\n<\/ul>\n\n\n\n<p><\/p>\n\n\n\n<p>O pedido deve ser feito no formul\u00e1rio dispon\u00edvel no site da Fundatec, com envio de documenta\u00e7\u00e3o digitalizada.<\/p>\n\n\n\n<h2 class=\"wp-block-heading\"><span class=\"ez-toc-section\" id=\"Cargos_vagas_e_salarios\"><\/span>Cargos, vagas e sal\u00e1rios<span class=\"ez-toc-section-end\"><\/span><\/h2>\n\n\n\n<p>O concurso C\u00e2mara de Uruguaiana oferece oportunidades para n\u00edveis m\u00e9dio e superior, todas com 30 horas semanais. Confira a distribui\u00e7\u00e3o:<\/p>\n\n\n\n<ul>\n<li>Procurador Jur\u00eddico Legislativo: 1 vaga + CR \n<ul>\n<li>R$5.882,85 | Ensino superior completo em Direito + registro na OAB<\/li>\n<\/ul>\n<\/li>\n\n\n\n<li>Agente de Transportes: 1 vaga + CR\n<ul>\n<li>R$3.771,05 | Ensino m\u00e9dio completo + CNH A e D + 2 anos de experi\u00eancia na \u00e1rea + certid\u00e3o negativa de infra\u00e7\u00f5es graves<\/li>\n<\/ul>\n<\/li>\n\n\n\n<li>Auxiliar Administrativo: 1 vaga + CR\n<ul>\n<li>R$2.794,09 | Ensino m\u00e9dio completo + CNH B<\/li>\n<\/ul>\n<\/li>\n<\/ul>\n\n\n\n<p><\/p>\n\n\n\n<p>Para quem vai iniciar a prepara\u00e7\u00e3o,\u00a0as\u00a0apostilas C\u00e2mara de Uruguaiana\u00a0j\u00e1 est\u00e3o dispon\u00edveis com conte\u00fado completo e atualizado conforme o edital. Confira!<\/p>\n\n\n\n<ul>\n<li><a href=\"https:\/\/www.editorasolucao.com.br\/apostila\/camara-uruguaiana-rs-auxiliar-administrativo\">Apostila C\u00e2mara de Uruguaiana &#8211; RS 2026 &#8211; Auxiliar Administrativo<\/a><\/li>\n\n\n\n<li><a href=\"https:\/\/www.editorasolucao.com.br\/apostila\/camara-uruguaiana-rs-agente-transportes\">Apostila C\u00e2mara de Uruguaiana &#8211; RS 2026 &#8211; Agente de Transportes<\/a><\/li>\n<\/ul>\n\n\n\n<h2 class=\"wp-block-heading\"><span class=\"ez-toc-section\" id=\"Requisitos_para_investidura\"><\/span>Requisitos para investidura<span class=\"ez-toc-section-end\"><\/span><\/h2>\n\n\n\n<p>Para posse no cargo, al\u00e9m da aprova\u00e7\u00e3o no concurso C\u00e2mara de Uruguaiana, o candidato deve cumprir os requisitos gerais do edital, incluindo:<\/p>\n\n\n\n<ul>\n<li>ter sido aprovado neste Concurso P\u00fablico;<\/li>\n\n\n\n<li>ser brasileiro nato, naturalizado ou gozar das prerrogativas no artigo 12 da Constitui\u00e7\u00e3o Federal;<\/li>\n\n\n\n<li>possuir idade m\u00ednima de 18 anos;<\/li>\n\n\n\n<li>estar em gozo dos direitos civis e pol\u00edticos;<\/li>\n\n\n\n<li>estar quite com o Servi\u00e7o Militar Obrigat\u00f3rio ou dele ter sido liberado, se do sexo masculino;<\/li>\n\n\n\n<li>estar quite com as obriga\u00e7\u00f5es eleitorais;<\/li>\n\n\n\n<li>apresentar prova do atendimento das exig\u00eancias das Leis Federais n\u00ba 7.853\/89, n\u00ba 13.146\/2015 e do Decreto Federal n\u00ba 3.298\/99 (para candidatos concorrentes \u00e0 cota PcD);\n<ul>\n<li>apresentar prova do atendimento das exig\u00eancias Lei Municipal no 5.375\/2022 (para candidatos concorrentes \u00e0s cotas \u00c9tnico Raciais);<\/li>\n<\/ul>\n<\/li>\n\n\n\n<li>possuir aptid\u00e3o f\u00edsica e mental para o exerc\u00edcio das atribui\u00e7\u00f5es do cargo p\u00fablico a que concorre, comprovada Atestado M\u00e9dico de aptid\u00e3o para o exerc\u00edcio do cargo fornecido pelo Servi\u00e7o M\u00e9dico designado pela C\u00e2mara Municipal;<\/li>\n\n\n\n<li>apresentar prova da escolaridade m\u00ednima completa, da habilita\u00e7\u00e3o espec\u00edfica e do preenchimento dos demais requisitos exigidos no item 1.1 deste Edital para o cargo pretendido;<\/li>\n\n\n\n<li>apresentar Registro no respectivo Conselho Profissional, quando exigido pela categoria;<\/li>\n\n\n\n<li>apresentar, nos termos da Lei Municipal n\u00ba 5.727\/2024, certid\u00e3o negativa de antecedentes criminais, fornecida pelos Cart\u00f3rios Judiciais Federal, Estadual ou Distrital do domic\u00edlio do candidato, expedida, no m\u00e1ximo, h\u00e1 6 meses, ou dentro do prazo da validade consignado no documento;<\/li>\n\n\n\n<li>apresentar declara\u00e7\u00e3o de observ\u00e2ncia do Art. 37, inciso XVI, da Constitui\u00e7\u00e3o Federal, referentes a ac\u00famulo de cargo, emprego ou fun\u00e7\u00f5es p\u00fablicas, abrangendo autarquias, funda\u00e7\u00f5es, empresas p\u00fablicas, sociedades de economia mista, suas subsidi\u00e1rias, e sociedades controladas, direta ou indiretamente, pelo poder p\u00fablico, sendo vedada tamb\u00e9m a percep\u00e7\u00e3o simult\u00e2nea de proventos de aposentadoria decorrentes do art. 40 ou dos art. 42 e 142 com a remunera\u00e7\u00e3o de cargo, emprego ou fun\u00e7\u00e3o p\u00fablica, ressalvados os cargos acumul\u00e1veis na forma da Constitui\u00e7\u00e3o Federal, os cargos eletivos e os cargos em comiss\u00e3o declarados em lei de livre nomea\u00e7\u00e3o e exonera\u00e7\u00e3o;<\/li>\n\n\n\n<li>n\u00e3o ser aposentado por invalidez.<\/li>\n<\/ul>\n\n\n\n<h2 class=\"wp-block-heading\"><span class=\"ez-toc-section\" id=\"Etapas_de_selecao\"><\/span>Etapas de sele\u00e7\u00e3o<span class=\"ez-toc-section-end\"><\/span><\/h2>\n\n\n\n<p>O concurso C\u00e2mara de Uruguaiana ser\u00e1 composto pelas seguintes fases:<\/p>\n\n\n\n<ul>\n<li><strong>Prova Te\u00f3rico-Objetiva<\/strong>, para todos os cargos, eliminat\u00f3ria e classificat\u00f3ria<\/li>\n\n\n\n<li><strong>Prova Discursiva<\/strong>, apenas Procurador, eliminat\u00f3ria e classificat\u00f3ria<\/li>\n\n\n\n<li><strong>Pe\u00e7a Processual<\/strong>, apenas Procurador, eliminat\u00f3ria e classificat\u00f3ria<\/li>\n\n\n\n<li><strong>Prova de T\u00edtulos<\/strong>, apenas Procurador, classificat\u00f3ria<\/li>\n\n\n\n<li><strong>Prova Pr\u00e1tica<\/strong>, apenas Agente de Transportes, eliminat\u00f3ria<\/li>\n<\/ul>\n\n\n\n<h3 class=\"wp-block-heading\">Prova objetiva<\/h3>\n\n\n\n<p>A prova objetiva do concurso C\u00e2mara de Uruguaiana ser\u00e1 aplicada no dia <strong>8 de fevereiro de 2026<\/strong>, em Uruguaiana (RS). O tempo de realiza\u00e7\u00e3o ser\u00e1 de 4 horas para Procurador e 3 horas para os demais cargos.<\/p>\n\n\n\n<p>A prova cont\u00e9m 40 quest\u00f5es de m\u00faltipla escolha, com cinco alternativas (A a E), valendo at\u00e9 100 pontos. Confira a distribui\u00e7\u00e3o das quest\u00f5es:<\/p>\n\n\n\n<h4 class=\"wp-block-heading\"><strong>N\u00edvel superior<\/strong><\/h4>\n\n\n\n<ul>\n<li>L\u00edngua Portuguesa: 10 quest\u00f5es<\/li>\n\n\n\n<li>Legisla\u00e7\u00e3o: 15 quest\u00f5es<\/li>\n\n\n\n<li>Inform\u00e1tica: 05 quest\u00f5es<\/li>\n\n\n\n<li>Conhecimentos Espec\u00edficos: 10 quest\u00f5es<\/li>\n<\/ul>\n\n\n\n<h4 class=\"wp-block-heading\"><strong>N\u00edvel m\u00e9dio<\/strong><\/h4>\n\n\n\n<ul>\n<li>L\u00edngua Portuguesa: 15 quest\u00f5es<\/li>\n\n\n\n<li>Legisla\u00e7\u00e3o: 10 quest\u00f5es<\/li>\n\n\n\n<li>Inform\u00e1tica: 05 quest\u00f5es<\/li>\n\n\n\n<li>Matem\u00e1tica \/ Racioc\u00ednio L\u00f3gico: 10 quest\u00f5es<\/li>\n<\/ul>\n\n\n\n<p><\/p>\n\n\n\n<p>Ser\u00e1 considerado aprovado quem obtiver pelo menos 50 pontos.<\/p>\n\n\n\n<h4 class=\"wp-block-heading\">N\u00f3s temos a Solu\u00e7\u00e3o<\/h4>\n\n\n\n<p>Quer ser aprovado no concurso C\u00e2mara de Uruguaiana, mas n\u00e3o sabe como come\u00e7ar a estudar? N\u00f3s temos a Solu\u00e7\u00e3o! Elaboramos diversos materiais completos e direcionados conforme os editais que te ajudar\u00e3o a conquistar o seu cargo dos sonhos! N\u00e3o perca mais tempo, comece a se preparar ainda hoje!<\/p>\n\n\n\n<p><strong>Confira:\u00a0<a href=\"https:\/\/www.editorasolucao.com.br\/concurso\/camara-municipal-de-uruguaiana-rs\">Materiais preparat\u00f3rios para o concurso C\u00e2mara de Uruguaiana!<\/a><\/strong><\/p>\n\n\n\n<h3 class=\"wp-block-heading\">Prova discursiva<\/h3>\n\n\n\n<p>A prova discursiva do concurso C\u00e2mara de Uruguaiana ser\u00e1 realizada no mesmo dia e turno da prova objetiva. O candidato dever\u00e1 elaborar um texto entre 15 e 30 linhas, sobre tema relacionado ao conte\u00fado program\u00e1tico de Conhecimentos Espec\u00edficos.<\/p>\n\n\n\n<p>A banca avaliar\u00e1 o dom\u00ednio do conte\u00fado jur\u00eddico, a capacidade argumentativa, coes\u00e3o e coer\u00eancia textual e a corre\u00e7\u00e3o gramatical. <\/p>\n\n\n\n<p>Receber\u00e1 nota zero quem:<\/p>\n\n\n\n<ul>\n<li>fugir ao tema e\/ou g\u00eanero propostos;<\/li>\n\n\n\n<li>apresentar nome, rubrica, assinatura, sinal, iniciais ou marcas que permitam a identifica\u00e7\u00e3o do candidato;<\/li>\n\n\n\n<li>estiver em branco;<\/li>\n\n\n\n<li>apresentar textos sob forma n\u00e3o articulada verbalmente (apenas com desenhos, n\u00fameros e\/ou palavras soltas);<\/li>\n\n\n\n<li>for escrita em outra l\u00edngua que n\u00e3o a portuguesa;<\/li>\n\n\n\n<li>for redigida em Folha Definitiva divergente da determinada para resolu\u00e7\u00e3o da respectiva quest\u00e3o;<\/li>\n\n\n\n<li>apresentar letra ileg\u00edvel e\/ou incompreens\u00edvel;<\/li>\n\n\n\n<li>apresentar o texto definitivo fora do espa\u00e7o reservado para tal;<\/li>\n\n\n\n<li>for composta predominantemente por c\u00f3pia de trechos da colet\u00e2nea ou de quaisquer outras partes da prova;<\/li>\n\n\n\n<li>for redigida com espa\u00e7amento excessivo entre letras, palavras, linhas, par\u00e1grafos e\/ou margens;<\/li>\n\n\n\n<li>apresentar formas propositais de anula\u00e7\u00e3o, como improp\u00e9rios, trechos jocosos ou a recusa expl\u00edcita em cumprir o tema proposto.<\/li>\n\n\n\n<li>for redigida em texto inferior ao n\u00famero de linhas estipuladas; e<\/li>\n\n\n\n<li>n\u00e3o estiver redigida na Folha Definitiva da Prova Discursiva correspondente \u00e0 quest\u00e3o.<\/li>\n<\/ul>\n\n\n\n<h3 class=\"wp-block-heading\">Pe\u00e7a processual<\/h3>\n\n\n\n<p>Tamb\u00e9m aplicada no mesmo dia da prova objetiva, a pe\u00e7a processual do concurso C\u00e2mara de Uruguaiana consiste na elabora\u00e7\u00e3o de um estudo de caso, com at\u00e9 120 linhas, envolvendo temas de Direito Constitucional, Administrativo, Civil, Processual, Tribut\u00e1rio ou Trabalhista.<\/p>\n\n\n\n<p>A avalia\u00e7\u00e3o considera:<\/p>\n\n\n\n<ul>\n<li>Adequa\u00e7\u00e3o t\u00e9cnica da pe\u00e7a selecionada<\/li>\n\n\n\n<li>Fundamenta\u00e7\u00e3o jur\u00eddica<\/li>\n\n\n\n<li>Capacidade de argumenta\u00e7\u00e3o<\/li>\n\n\n\n<li>Estrutura e linguagem<\/li>\n<\/ul>\n\n\n\n<p>A nota m\u00ednima para aprova\u00e7\u00e3o \u00e9 de 50 pontos.<\/p>\n\n\n\n<h3 class=\"wp-block-heading\">Prova de t\u00edtulos<\/h3>\n\n\n\n<p>De car\u00e1ter classificat\u00f3rio, essa fase do concurso C\u00e2mara de Uruguaiana analisar\u00e1 os seguintes t\u00edtulos:<\/p>\n\n\n<div class=\"wp-block-image\">\n<figure class=\"aligncenter size-full\"><img loading=\"lazy\" decoding=\"async\" width=\"693\" height=\"336\" src=\"https:\/\/www.editorasolucao.com.br\/blog\/wp-content\/uploads\/2025\/12\/Captura-de-tela-2025-12-08-111419.webp\" alt=\"Tabela de t\u00edtulos do concurso C\u00e2mara de Uruguaiana\" class=\"wp-image-49885\"\/><\/figure><\/div>\n\n<div class=\"wp-block-image\">\n<figure class=\"aligncenter size-large\"><img loading=\"lazy\" decoding=\"async\" width=\"687\" height=\"480\" src=\"https:\/\/www.editorasolucao.com.br\/blog\/wp-content\/uploads\/2025\/12\/titulo-uruguaiana-687x480.webp\" alt=\"Tabela de t\u00edtulos do concurso C\u00e2mara de Uruguaiana\" class=\"wp-image-49884\" srcset=\"https:\/\/www.editorasolucao.com.br\/blog\/wp-content\/uploads\/2025\/12\/titulo-uruguaiana-687x480.webp 687w, https:\/\/www.editorasolucao.com.br\/blog\/wp-content\/uploads\/2025\/12\/titulo-uruguaiana-370x259.webp 370w\" sizes=\"(max-width: 687px) 100vw, 687px\" \/><figcaption class=\"wp-element-caption\"><em>Tabela de t\u00edtulos do concurso C\u00e2mara de Uruguaiana!<\/em><\/figcaption><\/figure><\/div>\n\n\n<h3 class=\"wp-block-heading\">Prova pr\u00e1tica<\/h3>\n\n\n\n<p>A prova pr\u00e1tica avalia a capacidade do candidato em manobrar e conduzir ve\u00edculos, incluindo:<\/p>\n\n\n\n<ul>\n<li>Verifica\u00e7\u00e3o pr\u00e9via do ve\u00edculo<\/li>\n\n\n\n<li>Balizamento<\/li>\n\n\n\n<li>Condu\u00e7\u00e3o em via p\u00fablica<\/li>\n\n\n\n<li>Obedi\u00eancia \u00e0s normas de tr\u00e2nsito<\/li>\n<\/ul>\n\n\n\n<p><\/p>\n\n\n\n<p>O candidato deve atingir pelo menos 50% de desempenho para ser considerado apto. A prova tem car\u00e1ter exclusivamente eliminat\u00f3rio.<\/p>\n\n\n\n<p><\/p>\n\n\n\n<p><strong>Bons estudos e boa prova!<\/strong><\/p>\n","protected":false},"excerpt":{"rendered":"<p>O concurso C\u00e2mara de Uruguaiana est\u00e1 ofertando vagas para cargos de n\u00edveis m\u00e9dio e superior, com sal\u00e1rios iniciais de at\u00e9 R$5 mil. Confira!<\/p>\n","protected":false},"author":26,"featured_media":49882,"template":"","meta":{"_acf_changed":false,"rank_math_lock_modified_date":false},"categories":[52],"tags":[5031],"acf":[],"_links":{"self":[{"href":"https:\/\/www.editorasolucao.com.br\/blog\/wp-json\/wp\/v2\/concurso\/49881"}],"collection":[{"href":"https:\/\/www.editorasolucao.com.br\/blog\/wp-json\/wp\/v2\/concurso"}],"about":[{"href":"https:\/\/www.editorasolucao.com.br\/blog\/wp-json\/wp\/v2\/types\/concurso"}],"author":[{"embeddable":true,"href":"https:\/\/www.editorasolucao.com.br\/blog\/wp-json\/wp\/v2\/users\/26"}],"wp:featuredmedia":[{"embeddable":true,"href":"https:\/\/www.editorasolucao.com.br\/blog\/wp-json\/wp\/v2\/media\/49882"}],"wp:attachment":[{"href":"https:\/\/www.editorasolucao.com.br\/blog\/wp-json\/wp\/v2\/media?parent=49881"}],"wp:term":[{"taxonomy":"category","embeddable":true,"href":"https:\/\/www.editorasolucao.com.br\/blog\/wp-json\/wp\/v2\/categories?post=49881"},{"taxonomy":"post_tag","embeddable":true,"href":"https:\/\/www.editorasolucao.com.br\/blog\/wp-json\/wp\/v2\/tags?post=49881"}],"curies":[{"name":"wp","href":"https:\/\/api.w.org\/{rel}","templated":true}]}}