{"id":5014,"date":"2024-04-12T13:36:58","date_gmt":"2024-04-12T16:36:58","guid":{"rendered":"https:\/\/www.editorasolucao.com.br\/blog\/?post_type=concurso&#038;p=5014"},"modified":"2024-04-23T10:46:13","modified_gmt":"2024-04-23T13:46:13","slug":"emdec-de-campinas-sp","status":"publish","type":"concurso","link":"https:\/\/www.editorasolucao.com.br\/blog\/concurso\/emdec-de-campinas-sp","title":{"rendered":"Concurso EMDEC Campinas: Edital publicado para diversos cargos. At\u00e9 R$ 10 mil!"},"content":{"rendered":"\n<p>O <strong>concurso EMDEC<\/strong> (Empresa Municipal de Desenvolvimento de Campinas) tem edital publicado com a oferta de vagas imediatas para cargos de n\u00edveis m\u00e9dio, t\u00e9cnico e superior. Se interessa pelo certame? Confira os demais detalhes no decorrer da not\u00edcia. \ud83d\ude0a<\/p>\n\n\n\n<div id=\"ez-toc-container\" class=\"ez-toc-v2_0_69_1 counter-hierarchy ez-toc-counter ez-toc-grey ez-toc-container-direction\">\n<div class=\"ez-toc-title-container\">\n<p class=\"ez-toc-title \" >Menu de navega&ccedil;&atilde;o<\/p>\n<span class=\"ez-toc-title-toggle\"><a href=\"#\" class=\"ez-toc-pull-right ez-toc-btn ez-toc-btn-xs ez-toc-btn-default ez-toc-toggle\" aria-label=\"Toggle Table of Content\"><span class=\"ez-toc-js-icon-con\"><span class=\"\"><span class=\"eztoc-hide\" style=\"display:none;\">Toggle<\/span><span class=\"ez-toc-icon-toggle-span\"><svg style=\"fill: #999;color:#999\" xmlns=\"http:\/\/www.w3.org\/2000\/svg\" class=\"list-377408\" width=\"20px\" height=\"20px\" viewBox=\"0 0 24 24\" fill=\"none\"><path d=\"M6 6H4v2h2V6zm14 0H8v2h12V6zM4 11h2v2H4v-2zm16 0H8v2h12v-2zM4 16h2v2H4v-2zm16 0H8v2h12v-2z\" fill=\"currentColor\"><\/path><\/svg><svg style=\"fill: #999;color:#999\" class=\"arrow-unsorted-368013\" xmlns=\"http:\/\/www.w3.org\/2000\/svg\" width=\"10px\" height=\"10px\" viewBox=\"0 0 24 24\" version=\"1.2\" baseProfile=\"tiny\"><path d=\"M18.2 9.3l-6.2-6.3-6.2 6.3c-.2.2-.3.4-.3.7s.1.5.3.7c.2.2.4.3.7.3h11c.3 0 .5-.1.7-.3.2-.2.3-.5.3-.7s-.1-.5-.3-.7zM5.8 14.7l6.2 6.3 6.2-6.3c.2-.2.3-.5.3-.7s-.1-.5-.3-.7c-.2-.2-.4-.3-.7-.3h-11c-.3 0-.5.1-.7.3-.2.2-.3.5-.3.7s.1.5.3.7z\"\/><\/svg><\/span><\/span><\/span><\/a><\/span><\/div>\n<nav><ul class='ez-toc-list ez-toc-list-level-1 ' ><li class='ez-toc-page-1 ez-toc-heading-level-2'><a class=\"ez-toc-link ez-toc-heading-1\" href=\"https:\/\/www.editorasolucao.com.br\/blog\/concurso\/emdec-de-campinas-sp\/#Como_fazer_a_inscricao_no_concurso_EMDEC_Campinas\" title=\"Como fazer a inscri\u00e7\u00e3o no concurso EMDEC Campinas?\">Como fazer a inscri\u00e7\u00e3o no concurso EMDEC Campinas?<\/a><\/li><li class='ez-toc-page-1 ez-toc-heading-level-2'><a class=\"ez-toc-link ez-toc-heading-2\" href=\"https:\/\/www.editorasolucao.com.br\/blog\/concurso\/emdec-de-campinas-sp\/#Quais_sao_os_cargos_ofertados_no_concurso_EMDEC\" title=\"Quais s\u00e3o os cargos ofertados no concurso EMDEC?\">Quais s\u00e3o os cargos ofertados no concurso EMDEC?<\/a><\/li><li class='ez-toc-page-1 ez-toc-heading-level-2'><a class=\"ez-toc-link ez-toc-heading-3\" href=\"https:\/\/www.editorasolucao.com.br\/blog\/concurso\/emdec-de-campinas-sp\/#Quais_sao_os_requisitos_para_participar_do_concurso_EMDEC_Campinas\" title=\"Quais s\u00e3o os requisitos para participar do concurso EMDEC Campinas?\">Quais s\u00e3o os requisitos para participar do concurso EMDEC Campinas?<\/a><\/li><li class='ez-toc-page-1 ez-toc-heading-level-2'><a class=\"ez-toc-link ez-toc-heading-4\" href=\"https:\/\/www.editorasolucao.com.br\/blog\/concurso\/emdec-de-campinas-sp\/#Concurso_EMDEC_Campinas_Atribuicoes\" title=\"Concurso EMDEC Campinas: Atribui\u00e7\u00f5es\">Concurso EMDEC Campinas: Atribui\u00e7\u00f5es<\/a><\/li><li class='ez-toc-page-1 ez-toc-heading-level-2'><a class=\"ez-toc-link ez-toc-heading-5\" href=\"https:\/\/www.editorasolucao.com.br\/blog\/concurso\/emdec-de-campinas-sp\/#Como_serao_as_provas_do_concurso_EMDEC_Campinas\" title=\"Como ser\u00e3o as provas do concurso EMDEC Campinas?\">Como ser\u00e3o as provas do concurso EMDEC Campinas?<\/a><\/li><\/ul><\/nav><\/div>\n<h2 class=\"wp-block-heading\" id=\"inscri\u00e7\u00f5es\"><span class=\"ez-toc-section\" id=\"Como_fazer_a_inscricao_no_concurso_EMDEC_Campinas\"><\/span>Como fazer a inscri\u00e7\u00e3o no concurso EMDEC Campinas?<span class=\"ez-toc-section-end\"><\/span><\/h2>\n\n\n\n<p>Para participar, acesse o site da banca organizadora, <a href=\"https:\/\/concursos.ibfc.org.br\/informacoes\/459\/\" target=\"_blank\" rel=\"noreferrer noopener\">IBFC<\/a> (Instituto Brasileiro de Forma\u00e7\u00e3o e Capacita\u00e7\u00e3o), <strong>a partir do dia 15 de abril at\u00e9 o dia 13 de maio de 2024<\/strong>.<\/p>\n\n\n\n<p>Para efetivar a inscri\u00e7\u00e3o \u00e9 necess\u00e1rio que o candidato efetue o pagamento de uma taxa no valor referente ao n\u00edvel de escolaridade do cargo pretendido:<\/p>\n\n\n\n<ul>\n<li>N\u00edvel m\u00e9dio e t\u00e9cnico: <strong>R$ 72,00<\/strong><\/li>\n\n\n\n<li>N\u00edvel superior: <strong>R$ 90,00<\/strong>\n<ul>\n<li>M\u00e9dico: <strong>R$ 110,00<\/strong><\/li>\n<\/ul>\n<\/li>\n<\/ul>\n\n\n\n<p>Confira todos os detalhes sobre o concurso para que voc\u00ea possa iniciar sua prepara\u00e7\u00e3o.<\/p>\n\n\n\n<h2 class=\"wp-block-heading\" id=\"cargos\"><span class=\"ez-toc-section\" id=\"Quais_sao_os_cargos_ofertados_no_concurso_EMDEC\"><\/span>Quais s\u00e3o os cargos ofertados no concurso EMDEC?<span class=\"ez-toc-section-end\"><\/span><\/h2>\n\n\n\n<p>Conforme o edital, ao todo est\u00e3o sendo ofertadas <strong>10 vagas imediatas<\/strong> para cargos de n\u00edveis m\u00e9dio, t\u00e9cnico e superior. Confira os cargos ofertadas, a distribui\u00e7\u00e3o das vagas e os sal\u00e1rios:<\/p>\n\n\n\n<h3 class=\"wp-block-heading\">N\u00edvel m\u00e9dio <\/h3>\n\n\n\n<ol>\n<li>Oficial de Manuten\u00e7\u00e3o Jr. (01) \n<ul>\n<li>R$ 2.757,28<\/li>\n<\/ul>\n<\/li>\n\n\n\n<li>Oficial de Manuten\u00e7\u00e3o &#8211; Eletricista Jr. (01) \n<ul>\n<li>R$ 2.891,15<\/li>\n<\/ul>\n<\/li>\n\n\n\n<li>Oficial de Manuten\u00e7\u00e3o &#8211; Serralheiro Jr. (01) \n<ul>\n<li>R$ 2.891,15<\/li>\n<\/ul>\n<\/li>\n\n\n\n<li>Inspetor Manuten\u00e7\u00e3o de Ve\u00edculos Jr. (01) \n<ul>\n<li>R$ 3.315,38<\/li>\n<\/ul>\n<\/li>\n<\/ol>\n\n\n\n<h3 class=\"wp-block-heading\">N\u00edvel t\u00e9cnico<\/h3>\n\n\n\n<ol>\n<li><a href=\"https:\/\/www.editorasolucao.com.br\/apostila-solucao\/emdec-comum-todos-cargos\">T\u00e9cnico Seguran\u00e7a do Trabalho Jr.<\/a> (01) \n<ul>\n<li>R$ 4.345,59<\/li>\n<\/ul>\n<\/li>\n\n\n\n<li>T\u00e9cnico Manuten\u00e7\u00e3o Eletroeletr\u00f4nica Jr. (01) \n<ul>\n<li>R$ 4.401,50<\/li>\n<\/ul>\n<\/li>\n<\/ol>\n\n\n\n<h3 class=\"wp-block-heading\">N\u00edvel superior<\/h3>\n\n\n\n<ol>\n<li>Assistente Social Jr. (01) \n<ul>\n<li>R$ 5.552,25<\/li>\n<\/ul>\n<\/li>\n\n\n\n<li>Analista de Comunica\u00e7\u00e3o Jr. &#8211; Cria\u00e7\u00e3o (01) \n<ul>\n<li>R$ 6.656,50<\/li>\n<\/ul>\n<\/li>\n\n\n\n<li>Analista de Recursos Humanos Jr. &#8211; Treinamento (01) \n<ul>\n<li>R$ 6.656,50<\/li>\n<\/ul>\n<\/li>\n\n\n\n<li>M\u00e9dico do Trabalho Jr. (01) \n<ul>\n<li>R$ 10.587,45<\/li>\n<\/ul>\n<\/li>\n<\/ol>\n\n\n\n<p>A jornada de trabalho varia entre 20 a 40 horas semanais, de acordo com o cargo pretendido pelo candidato.<\/p>\n\n\n\n<h2 class=\"wp-block-heading\" id=\"requisitos\"><span class=\"ez-toc-section\" id=\"Quais_sao_os_requisitos_para_participar_do_concurso_EMDEC_Campinas\"><\/span>Quais s\u00e3o os requisitos para participar do concurso EMDEC Campinas?<span class=\"ez-toc-section-end\"><\/span><\/h2>\n\n\n\n<p>Confira quais s\u00e3o as exig\u00eancias do <strong>concurso EMDEC<\/strong> para o candidato tomar posse do cargo pretendido:<\/p>\n\n\n\n<ul>\n<li>Ser aprovado no presente Concurso P\u00fablico e possuir os documentos comprobat\u00f3rios de escolaridade e demais requisitos exigidos para o exerc\u00edcio do cargo, conforme item 2.10 deste Edital;<\/li>\n\n\n\n<li>Ser considerado apto f\u00edsica e mentalmente no exame m\u00e9dico admissional realizado pela EMDEC e n\u00e3o possuir defici\u00eancia incompat\u00edvel com os requisitos e atribui\u00e7\u00f5es para o pleno exerc\u00edcio do cargo;<\/li>\n\n\n\n<li>Ser brasileiro nato ou naturalizado e, no caso de nacionalidade portuguesa, estar amparado pelo estatuto de igualdade entre brasileiros e portugueses, com reconhecimento do gozo dos direitos pol\u00edticos, na forma do art. 13 do Decreto n\u00ba 70.436, de 18 de abril de 1972, art. 12, \u00a7 1\u00ba, da Constitui\u00e7\u00e3o Federal, e art. 3\u00ba, da Emenda Constitucional n\u00ba 19, de 04 de junho de 1998;<\/li>\n\n\n\n<li>Ter a idade m\u00ednima de 18 anos completos na data de contrata\u00e7\u00e3o;<\/li>\n\n\n\n<li>N\u00e3o estar com idade de aposentadoria compuls\u00f3ria, nos termos da legisla\u00e7\u00e3o vigente, na data da contrata\u00e7\u00e3o;<\/li>\n\n\n\n<li>Estar em situa\u00e7\u00e3o regular com suas obriga\u00e7\u00f5es eleitorais;<\/li>\n\n\n\n<li>Estar em situa\u00e7\u00e3o regular com o Servi\u00e7o Militar, no caso do sexo masculino;<\/li>\n\n\n\n<li>Encontrar-se em pleno gozo de seus direitos pol\u00edticos e civis;<\/li>\n\n\n\n<li>N\u00e3o possuir registro de antecedentes criminais nos \u00faltimos 5 anos, ficando impedida a admiss\u00e3o nos casos em que houver a\u00e7\u00e3o penal com senten\u00e7a condenat\u00f3ria transitada em julgado, se incompat\u00edvel com a infra\u00e7\u00e3o penal praticada, enquanto durarem seus efeitos;<\/li>\n\n\n\n<li>N\u00e3o ter sido condenado, com tr\u00e2nsito em julgado, por crimes previstos na Lei Maria da Penha, conforme Lei Municipal n\u00ba 15.810\/2019;<\/li>\n\n\n\n<li>Possuir Carteira de Trabalho e Previd\u00eancia Social (CTPS), podendo ser vers\u00e3o digital;<\/li>\n\n\n\n<li>Possuir suas informa\u00e7\u00f5es cadastrais atualizadas e id\u00eanticas entre as bases de dados da Caixa Econ\u00f4mica Federal, Banco do Brasil, INSS e Receita Federal, em cumprimento ao Decreto Federal n\u00ba 8.373\/2014, que institui o Sistema de Escritura\u00e7\u00e3o Digital das Obriga\u00e7\u00f5es Fiscais, Previdenci\u00e1rias e Trabalhistas (eSocial). Caso haja diverg\u00eancias nos dados cadastrados, caber\u00e1 ao candidato san\u00e1-las junto aos \u00f3rg\u00e3os, antes da data de admiss\u00e3o;<\/li>\n\n\n\n<li>Estar devidamente registrado e em situa\u00e7\u00e3o regular junto ao respectivo Conselho Profissional de Classe, para o cargo<\/li>\n\n\n\n<li>que assim o exigir;<\/li>\n\n\n\n<li>N\u00e3o acumular cargo, emprego ou fun\u00e7\u00e3o p\u00fablica, ou proventos de inatividade (aposentadoria), ressalvadas as possibilidades de acumula\u00e7\u00e3o l\u00edcita previstas no inciso XVI do art. 37 da Constitui\u00e7\u00e3o Federal;<\/li>\n\n\n\n<li>N\u00e3o ser aposentado por invalidez;<\/li>\n\n\n\n<li>N\u00e3o ter outro v\u00ednculo trabalhista que seja conflitante com sua fun\u00e7\u00e3o e\/ou hor\u00e1rio;<\/li>\n\n\n\n<li>N\u00e3o ter sido punido com demiss\u00e3o por justa causa ou a bem do servi\u00e7o p\u00fablico de qualquer esfera governamental, nos \u00faltimos 05 anos, ap\u00f3s processo disciplinar administrativo;<\/li>\n\n\n\n<li>N\u00e3o ter sido, nos \u00faltimos cinco anos, na forma da legisla\u00e7\u00e3o vigente, respons\u00e1vel por atos julgados irregulares por decis\u00e3o definitiva do Tribunal de Contas da Uni\u00e3o, do Tribunal de Contas do Estado, do Distrito Federal ou do Munic\u00edpio;<\/li>\n\n\n\n<li>Atender a todas as exig\u00eancias estabelecidas neste Edital.<\/li>\n<\/ul>\n\n\n\n<h2 class=\"wp-block-heading\" id=\"atribui\u00e7\u00f5es\"><span class=\"ez-toc-section\" id=\"Concurso_EMDEC_Campinas_Atribuicoes\"><\/span>Concurso EMDEC Campinas: Atribui\u00e7\u00f5es<span class=\"ez-toc-section-end\"><\/span><\/h2>\n\n\n\n<p>Saiba quais s\u00e3o algumas das atividades atribu\u00eddas a cada cargo ofertado no certame:<\/p>\n\n\n\n<ol>\n<li>Oficial de Manuten\u00e7\u00e3o Jr.:\n<ul>\n<li>Realizar trabalhos de pintura, carpintaria, alvenaria e regulagem de equipamentos diversos; <\/li>\n\n\n\n<li>Realizar a instala\u00e7\u00e3o e manuten\u00e7\u00e3o hidr\u00e1ulica, mec\u00e2nica de equipamentos, m\u00e1quinas e mobili\u00e1rio nas diversas \u00e1reas da empresa; <\/li>\n\n\n\n<li>Controlar, transportar, organizar e armazenar materiais e equipamentos diversos;<\/li>\n<\/ul>\n<\/li>\n\n\n\n<li>Oficial de Manuten\u00e7\u00e3o &#8211; Eletricista Jr.: \n<ul>\n<li>Realizar a instala\u00e7\u00e3o e a manuten\u00e7\u00e3o de cabeamento estruturado (redes\/el\u00e9trica\/dados\/\u00f3pticos); <\/li>\n\n\n\n<li>Executar a manuten\u00e7\u00e3o, a recupera\u00e7\u00e3o e a instala\u00e7\u00e3o de sistemas, equipamentos e componentes el\u00e9tricos e eletr\u00f4nicos; <\/li>\n\n\n\n<li>Fazer a manuten\u00e7\u00e3o el\u00e9trica em motores, m\u00e1quinas, equipamentos, pain\u00e9is el\u00e9tricos entre outros que se fizerem necess\u00e1rios;<\/li>\n<\/ul>\n<\/li>\n\n\n\n<li>Oficial de Manuten\u00e7\u00e3o &#8211; Serralheiro Jr.:\n<ul>\n<li>Confeccionar, reparar, pintar, montar e instalar as pe\u00e7as em diversos materiais; <\/li>\n\n\n\n<li>Realizar os trabalhos com solda, ma\u00e7arico, lixadeiras entre outras ferramentas necess\u00e1rias; <\/li>\n\n\n\n<li>Estudar a pe\u00e7a a ser fabricada, analisar o desenho, modelo, especifica\u00e7\u00f5es ou outras instru\u00e7\u00f5es;<\/li>\n<\/ul>\n<\/li>\n\n\n\n<li>Inspetor Manuten\u00e7\u00e3o de Ve\u00edculos Jr.:\n<ul>\n<li>Assinar Declara\u00e7\u00e3o de Inspe\u00e7\u00e3o Veicular Mec\u00e2nica e Ambiental; <\/li>\n\n\n\n<li>Registrar, fotografar e digitar as irregularidades de ve\u00edculos no sistema informatizado, com aux\u00edlio do dispositivo \u201cTablet\u201d ou outro; <\/li>\n\n\n\n<li>Controlar, organizar e armazenar os materiais e equipamentos diversos;<\/li>\n<\/ul>\n<\/li>\n\n\n\n<li>T\u00e9cnico Seguran\u00e7a do Trabalho Jr.:\n<ul>\n<li>Vistoriar locais, instala\u00e7\u00f5es, equipamentos e rotinas dos trabalhos executados na empresa, visando garantir o cumprimento dos procedimentos de seguran\u00e7a de acordo com a legisla\u00e7\u00e3o vigente; <\/li>\n\n\n\n<li>Orientar os colaboradores e gestores, bem como disseminar padr\u00f5es e procedimentos institucionais nos assuntos relativos \u00e0 seguran\u00e7a e higiene do trabalho; <\/li>\n\n\n\n<li>Propor normas e dispositivos de seguran\u00e7a, visando a preven\u00e7\u00e3o de acidentes;<\/li>\n<\/ul>\n<\/li>\n\n\n\n<li>T\u00e9cnico Manuten\u00e7\u00e3o Eletroeletr\u00f4nica Jr.:\n<ul>\n<li>Executar a recupera\u00e7\u00e3o de placas de circuito eletr\u00f4nico, solda PTH e SMD , em laborat\u00f3rio com utiliza\u00e7\u00e3o de equipamentos de medi\u00e7\u00e3o e materiais espec\u00edficos; <\/li>\n\n\n\n<li>Realizar a programa\u00e7\u00e3o manual e\/ou via sistema de sem\u00e1foros eletr\u00f4nicos; <\/li>\n\n\n\n<li>Efetuar os testes de laborat\u00f3rio em equipamentos e\/ou novidades tecnol\u00f3gicas no mercado, verificando operacionalidades f\u00edsicas, el\u00e9trica e eletr\u00f4nica;<\/li>\n<\/ul>\n<\/li>\n\n\n\n<li>Assistente Social Jr.:\n<ul>\n<li>Auxiliar no desenvolvimento, acompanhamento e melhorias de pol\u00edticas sociais institucionais; <\/li>\n\n\n\n<li>Realizar pesquisa social ou de clima visando formular solu\u00e7\u00f5es profissionais, bem como fortalecer pol\u00edticas sociais e de recursos humanos; <\/li>\n\n\n\n<li>Realizar articula\u00e7\u00e3o com \u00f3rg\u00e3os e institui\u00e7\u00f5es externas em mat\u00e9ria de Servi\u00e7o Social, quando necess\u00e1rio;<\/li>\n<\/ul>\n<\/li>\n\n\n\n<li>Analista de Comunica\u00e7\u00e3o Jr. &#8211; Cria\u00e7\u00e3o:\n<ul>\n<li>Auxiliar no planejamento, desenvolver\u202fe executar,\u202fdo in\u00edcio ao fim,\u202fcampanhas de comunica\u00e7\u00e3o, voltadas para a pr\u00f3pria\u202fEMDEC\u202f(internas) e para o munic\u00edpio de Campinas (externas), de cunho institucional, informativo\u202fe educativo;\u202f <\/li>\n\n\n\n<li>Produzir\u202fpe\u00e7as publicit\u00e1rias,\u202festabelecer conceitos\u202fde branding\u202fe identidade visual de pe\u00e7as, logotipos e campanhas; <\/li>\n\n\n\n<li>Contribuir para o desenvolvimento de reda\u00e7\u00e3o publicit\u00e1ria complementando a atua\u00e7\u00e3o dos jornalistas;<\/li>\n<\/ul>\n<\/li>\n\n\n\n<li>Analista de Recursos Humanos Jr. &#8211; Treinamento:\n<ul>\n<li>Verificar as necessidades individuais e coletivas (times), pesquisar, elaborar, coordenar, ministrar e promover cursos, palestras e treinamentos; <\/li>\n\n\n\n<li>Mapear e levantar as compet\u00eancias e habilidades necess\u00e1rias para cada um dos cargos e das equipes, a fim de planejar treinamentos para o desenvolvimento dos profissionais; <\/li>\n\n\n\n<li>Desenvolver e ministrar palestras, cursos, apresenta\u00e7\u00f5es, semin\u00e1rios, debates, f\u00f3runs e outras atividades educacionais relacionados \u00e0 \u00e1rea;<\/li>\n<\/ul>\n<\/li>\n\n\n\n<li>M\u00e9dico do Trabalho Jr.:\n<ul>\n<li>Coordenar programas e servi\u00e7os em sa\u00fade; <\/li>\n\n\n\n<li>Desenvolver, implantar e acompanhar os programas de Sa\u00fade P\u00fablica e Ocupacional, dentre eles Programa de Conserva\u00e7\u00e3o Auditiva (PCA), Programa de Controle M\u00e9dico e Sa\u00fade Ocupacional (PCMSO), etc; <\/li>\n\n\n\n<li>Prestar o atendimento de emerg\u00eancia nos casos de acidente de trabalho ou mal s\u00fabito;<\/li>\n<\/ul>\n<\/li>\n<\/ol>\n\n\n\n<h2 class=\"wp-block-heading\" id=\"etapas\"><span class=\"ez-toc-section\" id=\"Como_serao_as_provas_do_concurso_EMDEC_Campinas\"><\/span>Como ser\u00e3o as provas do concurso EMDEC Campinas?<span class=\"ez-toc-section-end\"><\/span><\/h2>\n\n\n\n<p>Os candidatos ser\u00e3o avaliados por meio das seguintes etapas de sele\u00e7\u00e3o:<\/p>\n\n\n\n<ol>\n<li><strong>Prova Objetiva<\/strong> &#8211; de car\u00e1ter <em>eliminat\u00f3rio <\/em>e <em>classificat\u00f3rio<\/em><\/li>\n\n\n\n<li><strong>Teste de Aptid\u00e3o F\u00edsica<\/strong> &#8211; de car\u00e1ter <em>eliminat\u00f3rio<\/em>\n<ul>\n<li>Somente para o cargo de Oficial de Manuten\u00e7\u00e3o Jr<\/li>\n<\/ul>\n<\/li>\n\n\n\n<li><strong>Prova Pr\u00e1tica <\/strong>&#8211; de car\u00e1ter <em>eliminat\u00f3rio <\/em>e <em>classificat\u00f3rio<\/em>\n<ul>\n<li>Somente para o cargo de Oficial de Manuten\u00e7\u00e3o e Inspetor Manuten\u00e7\u00e3o de Ve\u00edculos Jr.<\/li>\n<\/ul>\n<\/li>\n<\/ol>\n\n\n\n<h3 class=\"wp-block-heading\">Prova Objetiva<\/h3>\n\n\n\n<p>Essa etapa dever\u00e1 ser realizada no dia <strong>2 de junho de 2024<\/strong>, onde os candidatos ter\u00e3o o tempo m\u00e1ximo de 03 horas para realizar o exame.<\/p>\n\n\n\n<p>A avalia\u00e7\u00e3o ser\u00e1 composta por <strong>40 quest\u00f5es de m\u00faltipla escolha<\/strong> que ser\u00e3o versadas nas seguintes disciplinas:<\/p>\n\n\n\n<ol>\n<li>L\u00edngua Portuguesa (10)<\/li>\n\n\n\n<li>Matem\u00e1tica e Racioc\u00ednio L\u00f3gico (05)<\/li>\n\n\n\n<li>No\u00e7\u00f5es de Inform\u00e1tica (05)<\/li>\n\n\n\n<li>Conhecimentos Espec\u00edficos (20)<\/li>\n<\/ol>\n\n\n\n<p><strong>Adquira: <\/strong><a href=\"https:\/\/www.editorasolucao.com.br\/apostila-solucao\/emdec-comum-todos-cargos\">Apostila EMDEC: Comum a Todos os Cargos<\/a><\/p>\n\n\n\n<p>A prova ter\u00e1 a pontua\u00e7\u00e3o m\u00e1xima de 60 pontos, sendo considerado aprovado o candidato que obtiver no m\u00ednimo 30 pontos. <\/p>\n\n\n\n<h3 class=\"wp-block-heading\">Teste de Aptid\u00e3o F\u00edsica<\/h3>\n\n\n\n<p>Para a realiza\u00e7\u00e3o dessa etapa os candidatos ser\u00e3o submetidos \u00e0s seguintes <strong>atividades<\/strong>:<\/p>\n\n\n\n<ol>\n<li>Barra Fixa\n<ul>\n<li>Feminino: 10 segundos<\/li>\n\n\n\n<li>Masculino: 03 repeti\u00e7\u00f5es<\/li>\n<\/ul>\n<\/li>\n\n\n\n<li>Abdominal\n<ul>\n<li>Feminino: 15 repeti\u00e7\u00f5es<\/li>\n\n\n\n<li>Masculino: 20 repeti\u00e7\u00f5es<\/li>\n<\/ul>\n<\/li>\n\n\n\n<li>Corrida Resist\u00eancia \u2013 12 minutos\n<ul>\n<li>Feminino: 1.600 metros<\/li>\n\n\n\n<li>Masculino: 1.800 metros<\/li>\n<\/ul>\n<\/li>\n<\/ol>\n\n\n\n<p>No final do teste o candidato ser\u00e1 considerado apto ou inapto.<\/p>\n\n\n\n<h3 class=\"wp-block-heading\">Prova Pr\u00e1tica <\/h3>\n\n\n\n<p>Essa fase consistir\u00e1 na simula\u00e7\u00e3o de atividades pr\u00e1ticas, na presen\u00e7a de examinadores, avaliando a capacidade, desempenho e o conhecimento do candidato, a fim de averiguar se est\u00e1 apto a exercer satisfatoriamente as atividades inerentes ao pleno desempenho do cargo.<\/p>\n\n\n\n<p>Tempo m\u00e1ximo de 20 minutos.<\/p>\n\n\n\n<p>Ser\u00e3o avaliados os seguintes <strong>crit\u00e9rios<\/strong>:<\/p>\n\n\n\n<ol>\n<li>Identifica\u00e7\u00e3o e manuseio dos materiais, ferramentas ou equipamentos<\/li>\n\n\n\n<li>Observa\u00e7\u00e3o quanto \u00e0s normas de seguran\u00e7a do trabalho<\/li>\n\n\n\n<li>Conhecimento sobre as atividades desenvolvidas<\/li>\n\n\n\n<li>Qualidade na execu\u00e7\u00e3o da tarefa e no tempo estipulado<\/li>\n<\/ol>\n\n\n\n<p><\/p>\n\n\n\n<p>A avalia\u00e7\u00e3o ser\u00e1 avaliada em uma escala de 0 a 20 pontos, sendo considerado aprovado o candidato que obtiver no m\u00ednimo 10 pontos.<\/p>\n\n\n\n<p>O prazo de <strong>validade <\/strong>do presente Concurso P\u00fablico \u00e9 de dois anos, a contar da data da publica\u00e7\u00e3o da homologa\u00e7\u00e3o de seu Resultado Final, podendo ser prorrogado, uma vez, por igual per\u00edodo.<\/p>\n\n\n\n<p><strong>Bons estudos e boa prova!!!<\/strong><\/p>\n","protected":false},"excerpt":{"rendered":"<p>O concurso EMDEC (Empresa Municipal de Desenvolvimento de Campinas) tem edital publicado com a oferta de vagas imediatas para cargos de n\u00edveis m\u00e9dio, t\u00e9cnico e superior. Se interessa pelo certame? Confira os demais detalhes no decorrer da not\u00edcia. \ud83d\ude0a Como fazer a inscri\u00e7\u00e3o no concurso EMDEC Campinas? Para participar, acesse o site da banca organizadora, IBFC (Instituto Brasileiro de Forma\u00e7\u00e3o e Capacita\u00e7\u00e3o), a partir do dia 15 de abril at\u00e9 o dia 13 de maio de 2024. Para efetivar a inscri\u00e7\u00e3o \u00e9 necess\u00e1rio que o candidato efetue o pagamento de uma taxa no valor referente ao n\u00edvel de escolaridade do&#8230;<\/p>\n","protected":false},"author":18,"featured_media":41944,"template":"","meta":{"_acf_changed":false,"rank_math_lock_modified_date":false},"categories":[],"tags":[],"acf":[],"_links":{"self":[{"href":"https:\/\/www.editorasolucao.com.br\/blog\/wp-json\/wp\/v2\/concurso\/5014"}],"collection":[{"href":"https:\/\/www.editorasolucao.com.br\/blog\/wp-json\/wp\/v2\/concurso"}],"about":[{"href":"https:\/\/www.editorasolucao.com.br\/blog\/wp-json\/wp\/v2\/types\/concurso"}],"author":[{"embeddable":true,"href":"https:\/\/www.editorasolucao.com.br\/blog\/wp-json\/wp\/v2\/users\/18"}],"wp:featuredmedia":[{"embeddable":true,"href":"https:\/\/www.editorasolucao.com.br\/blog\/wp-json\/wp\/v2\/media\/41944"}],"wp:attachment":[{"href":"https:\/\/www.editorasolucao.com.br\/blog\/wp-json\/wp\/v2\/media?parent=5014"}],"wp:term":[{"taxonomy":"category","embeddable":true,"href":"https:\/\/www.editorasolucao.com.br\/blog\/wp-json\/wp\/v2\/categories?post=5014"},{"taxonomy":"post_tag","embeddable":true,"href":"https:\/\/www.editorasolucao.com.br\/blog\/wp-json\/wp\/v2\/tags?post=5014"}],"curies":[{"name":"wp","href":"https:\/\/api.w.org\/{rel}","templated":true}]}}