{"id":51829,"date":"2026-04-27T07:02:06","date_gmt":"2026-04-27T10:02:06","guid":{"rendered":"https:\/\/www.editorasolucao.com.br\/blog\/?post_type=concurso&#038;p=51829"},"modified":"2026-04-27T07:02:10","modified_gmt":"2026-04-27T10:02:10","slug":"ipern","status":"publish","type":"concurso","link":"https:\/\/www.editorasolucao.com.br\/blog\/concurso\/ipern","title":{"rendered":"Concurso Ipern: Inscri\u00e7\u00f5es prorrogadas para 90 vagas de n\u00edveis m\u00e9dio e superior!"},"content":{"rendered":"\n<p>Foram prorrogadas as inscri\u00e7\u00f5es do concurso Ipern! S\u00e3o ofertadas <strong>90 vagas<\/strong> para cargos de <strong>n\u00edveis m\u00e9dio e superior. <\/strong>As remunera\u00e7\u00f5es iniciais podem chegar a <strong>R$2.940,62, <\/strong>al\u00e9m de benef\u00edcios. As inscri\u00e7\u00f5es ainda est\u00e3o abertas e seguem at\u00e9 o dia <strong>30 de abril de 2026,<\/strong> com provas previstas para o dia <strong>31 de maio de 2026.<\/strong> Para se preparar, confira a\u00a0<a href=\"https:\/\/www.editorasolucao.com.br\/concurso\/concurso-unificado-do-rio-grande-do-norte\">Apostila IPERN<\/a> com conte\u00fado completo e atualizado conforme o edital!<\/p>\n\n\n\n<div id=\"ez-toc-container\" class=\"ez-toc-v2_0_69_1 counter-hierarchy ez-toc-counter ez-toc-grey ez-toc-container-direction\">\n<div class=\"ez-toc-title-container\">\n<p class=\"ez-toc-title \" >Menu de navega&ccedil;&atilde;o<\/p>\n<span class=\"ez-toc-title-toggle\"><a href=\"#\" class=\"ez-toc-pull-right ez-toc-btn ez-toc-btn-xs ez-toc-btn-default ez-toc-toggle\" aria-label=\"Toggle Table of Content\"><span class=\"ez-toc-js-icon-con\"><span class=\"\"><span class=\"eztoc-hide\" style=\"display:none;\">Toggle<\/span><span class=\"ez-toc-icon-toggle-span\"><svg style=\"fill: #999;color:#999\" xmlns=\"http:\/\/www.w3.org\/2000\/svg\" class=\"list-377408\" width=\"20px\" height=\"20px\" viewBox=\"0 0 24 24\" fill=\"none\"><path d=\"M6 6H4v2h2V6zm14 0H8v2h12V6zM4 11h2v2H4v-2zm16 0H8v2h12v-2zM4 16h2v2H4v-2zm16 0H8v2h12v-2z\" fill=\"currentColor\"><\/path><\/svg><svg style=\"fill: #999;color:#999\" class=\"arrow-unsorted-368013\" xmlns=\"http:\/\/www.w3.org\/2000\/svg\" width=\"10px\" height=\"10px\" viewBox=\"0 0 24 24\" version=\"1.2\" baseProfile=\"tiny\"><path d=\"M18.2 9.3l-6.2-6.3-6.2 6.3c-.2.2-.3.4-.3.7s.1.5.3.7c.2.2.4.3.7.3h11c.3 0 .5-.1.7-.3.2-.2.3-.5.3-.7s-.1-.5-.3-.7zM5.8 14.7l6.2 6.3 6.2-6.3c.2-.2.3-.5.3-.7s-.1-.5-.3-.7c-.2-.2-.4-.3-.7-.3h-11c-.3 0-.5.1-.7.3-.2.2-.3.5-.3.7s.1.5.3.7z\"\/><\/svg><\/span><\/span><\/span><\/a><\/span><\/div>\n<nav><ul class='ez-toc-list ez-toc-list-level-1 ' ><li class='ez-toc-page-1 ez-toc-heading-level-2'><a class=\"ez-toc-link ez-toc-heading-1\" href=\"https:\/\/www.editorasolucao.com.br\/blog\/concurso\/ipern\/#Como_se_inscrever_no_concurso_Ipern\" title=\"Como se inscrever no concurso Ipern?\">Como se inscrever no concurso Ipern?<\/a><\/li><li class='ez-toc-page-1 ez-toc-heading-level-2'><a class=\"ez-toc-link ez-toc-heading-2\" href=\"https:\/\/www.editorasolucao.com.br\/blog\/concurso\/ipern\/#Cargos_vagas_e_salarios\" title=\"Cargos, vagas e sal\u00e1rios\">Cargos, vagas e sal\u00e1rios<\/a><\/li><li class='ez-toc-page-1 ez-toc-heading-level-2'><a class=\"ez-toc-link ez-toc-heading-3\" href=\"https:\/\/www.editorasolucao.com.br\/blog\/concurso\/ipern\/#Requisitos_basicos_para_investidura\" title=\"Requisitos b\u00e1sicos para investidura\">Requisitos b\u00e1sicos para investidura<\/a><\/li><li class='ez-toc-page-1 ez-toc-heading-level-2'><a class=\"ez-toc-link ez-toc-heading-4\" href=\"https:\/\/www.editorasolucao.com.br\/blog\/concurso\/ipern\/#Etapas_de_selecao\" title=\"Etapas de sele\u00e7\u00e3o\">Etapas de sele\u00e7\u00e3o<\/a><\/li><\/ul><\/nav><\/div>\n<h2 class=\"wp-block-heading\"><span class=\"ez-toc-section\" id=\"Como_se_inscrever_no_concurso_Ipern\"><\/span>Como se inscrever no concurso Ipern?<span class=\"ez-toc-section-end\"><\/span><\/h2>\n\n\n\n<p>As inscri\u00e7\u00f5es para o concurso Ipern devem ser realizadas exclusivamente pela internet, por meio do site do <a href=\"https:\/\/www.avalia.org.br\/\" target=\"_blank\" rel=\"noreferrer noopener\">Instituto Avalia,<\/a> a banca organizadora do certame. O per\u00edodo de inscri\u00e7\u00e3o ficar\u00e1 aberto at\u00e9 as 20h do dia <strong>30 de abril de 2026.<\/strong> <\/p>\n\n\n\n<p>Para participar, o candidato dever\u00e1 preencher o formul\u00e1rio eletr\u00f4nico e gerar o boleto para pagamento da taxa. Os valores da taxa s\u00e3o:<\/p>\n\n\n\n<ul>\n<li><strong>R$120,00<\/strong> para cargos de n\u00edvel m\u00e9dio<\/li>\n\n\n\n<li><strong>R$150,00<\/strong> para cargos de n\u00edvel superior<\/li>\n<\/ul>\n\n\n\n<p><\/p>\n\n\n\n<p>O pagamento dever\u00e1 ser realizado at\u00e9 o dia<strong> 30 de abril de 2026<\/strong>, sendo a inscri\u00e7\u00e3o confirmada ap\u00f3s a compensa\u00e7\u00e3o banc\u00e1ria.<\/p>\n\n\n\n<h3 class=\"wp-block-heading\">Isen\u00e7\u00e3o da taxa<\/h3>\n\n\n\n<p>Puderam solicitar isen\u00e7\u00e3o da taxa os candidatos que se enquadravam em:<\/p>\n\n\n\n<ul>\n<li>Inscritos no Cad\u00danico<\/li>\n\n\n\n<li>Doadores de sangue<\/li>\n\n\n\n<li>Doadores de medula \u00f3ssea<\/li>\n\n\n\n<li>Eleitores convocados pela Justi\u00e7a Eleitoral<\/li>\n\n\n\n<li>Doadoras de leite materno<\/li>\n\n\n\n<li>Pessoas com defici\u00eancia<\/li>\n<\/ul>\n\n\n\n<p><\/p>\n\n\n\n<p>O pedido deveria ser feito entre os dias 18 e 20 de mar\u00e7o de 2026, no site da banca, com envio da documenta\u00e7\u00e3o exigida.<\/p>\n\n\n\n<h2 class=\"wp-block-heading\"><span class=\"ez-toc-section\" id=\"Cargos_vagas_e_salarios\"><\/span>Cargos, vagas e sal\u00e1rios<span class=\"ez-toc-section-end\"><\/span><\/h2>\n\n\n\n<p>O concurso Ipern oferece<strong> 90 vagas,<\/strong> distribu\u00eddas entre cargos de n\u00edveis m\u00e9dio e superior na \u00e1rea previdenci\u00e1ria. Confira a distribui\u00e7\u00e3o das oportunidades:<\/p>\n\n\n\n<p><strong>N\u00edvel m\u00e9dio<\/strong><\/p>\n\n\n\n<ul>\n<li>Agente Administrativo Previdenci\u00e1rio: 45 vagas + CR\n<ul>\n<li>R$ 2.940,62<\/li>\n<\/ul>\n<\/li>\n<\/ul>\n\n\n\n<p><strong>N\u00edvel superior<\/strong><\/p>\n\n\n\n<ul>\n<li>Assistente T\u00e9cnico Previdenci\u00e1rio: 45 vagas + CR\n<ul>\n<li>R$ 2.940,62<\/li>\n<\/ul>\n<\/li>\n<\/ul>\n\n\n\n<p><\/p>\n\n\n\n<p><strong>Para quem vai iniciar a prepara\u00e7\u00e3o, as&nbsp;Apostilas IPERN&nbsp;j\u00e1 est\u00e3o dispon\u00edveis com conte\u00fado completo e atualizado conforme o edital!<\/strong><\/p>\n\n\n\n<ul>\n<li><a href=\"https:\/\/www.editorasolucao.com.br\/apostila\/unificado-rn-agente-administrativo-previdenciario\">Apostila Unificado RN 2026 \u2013 IPERN \u2013 Agente Administrativo Previdenci\u00e1rio<\/a><\/li>\n\n\n\n<li><a href=\"https:\/\/www.editorasolucao.com.br\/apostila\/unificado-rn-assistente-tecnico-previdenciario\">Apostila Unificado RN 2026 \u2013 IPERN \u2013 Assistente T\u00e9cnico Previdenci\u00e1rio<\/a><\/li>\n<\/ul>\n\n\n\n<h2 class=\"wp-block-heading\"><span class=\"ez-toc-section\" id=\"Requisitos_basicos_para_investidura\"><\/span>Requisitos b\u00e1sicos para investidura<span class=\"ez-toc-section-end\"><\/span><\/h2>\n\n\n\n<p>Para ingressar no concurso Ipern, o candidato dever\u00e1 atender aos seguintes requisitos:<\/p>\n\n\n\n<ul>\n<li>Ter nacionalidade brasileira ou portuguesa (com direitos reconhecidos);<\/li>\n\n\n\n<li>Estar em dia com as obriga\u00e7\u00f5es eleitorais;<\/li>\n\n\n\n<li>Estar em dia com as obriga\u00e7\u00f5es militares (para candidatos do sexo masculino);<\/li>\n\n\n\n<li>Ter idade m\u00ednima de 18 anos na data da posse;<\/li>\n\n\n\n<li>Possuir aptid\u00e3o f\u00edsica e mental para o exerc\u00edcio do cargo;<\/li>\n\n\n\n<li>N\u00e3o possuir antecedentes incompat\u00edveis com o exerc\u00edcio da fun\u00e7\u00e3o p\u00fablica;<\/li>\n\n\n\n<li>Atender aos requisitos espec\u00edficos do cargo, conforme previsto no edital.<\/li>\n<\/ul>\n\n\n\n<h2 class=\"wp-block-heading\"><span class=\"ez-toc-section\" id=\"Etapas_de_selecao\"><\/span>Etapas de sele\u00e7\u00e3o<span class=\"ez-toc-section-end\"><\/span><\/h2>\n\n\n\n<p>O concurso Ipern ser\u00e1 composto por etapa \u00fanica, uma prova objetiva, de car\u00e1ter eliminat\u00f3rio e classificat\u00f3rio.<\/p>\n\n\n\n<h3 class=\"wp-block-heading\">Prova objetiva<\/h3>\n\n\n\n<p>A prova objetiva do concurso Ipern ser\u00e1 aplicada no dia <strong>31 de maio de 2026,<\/strong> nas cidades de Natal, Mossor\u00f3 e Caic\u00f3. A dura\u00e7\u00e3o ser\u00e1 de 5 horas para n\u00edvel m\u00e9dio e 6 horas para n\u00edvel superior.<\/p>\n\n\n\n<p>A prova ser\u00e1 composta por quest\u00f5es de m\u00faltipla escolha, distribu\u00eddas entre conhecimentos gerais e espec\u00edficos. Confira:<\/p>\n\n\n\n<p><strong>Assistente T\u00e9cnico Previdenci\u00e1rio<\/strong><\/p>\n\n\n\n<ul>\n<li>Conhecimentos Gerais\n<ul>\n<li>L\u00edngua Portuguesa: 15 quest\u00f5es<\/li>\n\n\n\n<li>Hist\u00f3ria do RN e Aspectos Geoecon\u00f4micos: 8 quest\u00f5es<\/li>\n\n\n\n<li>\u00c9tica no Servi\u00e7o P\u00fablico: 5 quest\u00f5es<\/li>\n\n\n\n<li>Direito Constitucional e de Direito Administrativo: 15 quest\u00f5es<\/li>\n<\/ul>\n<\/li>\n\n\n\n<li>Conhecimentos Espec\u00edficos\n<ul>\n<li>Direito Previdenci\u00e1rio e Legisla\u00e7\u00e3o Previdenci\u00e1ria: 15 quest\u00f5es<\/li>\n\n\n\n<li>Legisla\u00e7\u00e3o Estadual Espec\u00edfica: 10 quest\u00f5es<\/li>\n<\/ul>\n<\/li>\n<\/ul>\n\n\n\n<p><strong>Agente Administrativo Previdenci\u00e1rio<\/strong><\/p>\n\n\n\n<ul>\n<li>Conhecimentos Gerais\n<ul>\n<li>L\u00edngua Portuguesa: 15 quest\u00f5es<\/li>\n\n\n\n<li>Hist\u00f3ria do RN e Aspectos Geoecon\u00f4micos: 10 quest\u00f5es<\/li>\n\n\n\n<li>\u00c9tica no Servi\u00e7o P\u00fablico: 5 quest\u00f5es<\/li>\n\n\n\n<li>No\u00e7\u00f5es de Direito Constitucional e de Direito Administrativo: 10 quest\u00f5es<\/li>\n<\/ul>\n<\/li>\n\n\n\n<li>Conhecimentos Espec\u00edficos\n<ul>\n<li>Legisla\u00e7\u00e3o Estadual Espec\u00edfica: 10 quest\u00f5es<\/li>\n\n\n\n<li>No\u00e7\u00f5es de Direito Previdenci\u00e1rio: 10 quest\u00f5es<\/li>\n<\/ul>\n<\/li>\n<\/ul>\n\n\n\n<p><\/p>\n\n\n\n<p>Para ser aprovado no concurso Ipern, o candidato dever\u00e1 alcan\u00e7ar, no m\u00ednimo, 60% da pontua\u00e7\u00e3o total da prova objetiva.<\/p>\n\n\n\n<h3 class=\"wp-block-heading\">N\u00f3s temos a Solu\u00e7\u00e3o<\/h3>\n\n\n\n<p>Quer ser aprovado no concurso Ipern, mas n\u00e3o sabe por onde come\u00e7ar a estudar? N\u00f3s temos a Solu\u00e7\u00e3o! Elaboramos diversos materiais completos e direcionados conforme o edital que te ajudar\u00e3o a conquistar o seu cargo dos sonhos!<\/p>\n\n\n\n<p><strong>Confira:&nbsp;<a href=\"https:\/\/www.editorasolucao.com.br\/concurso\/concurso-unificado-do-rio-grande-do-norte\">Materiais preparat\u00f3rios para o concurso Ipern!<\/a><\/strong><\/p>\n\n\n\n<p><\/p>\n\n\n\n<p><strong>Bons estudos e boa prova!<\/strong><\/p>\n","protected":false},"excerpt":{"rendered":"<p>O concurso Ipern est\u00e1 ofertando 90 vagas para cargos de n\u00edveis m\u00e9dio e superior, com sal\u00e1rios iniciais de at\u00e9 R$2,9 mil. Confira os detalhes!<\/p>\n","protected":false},"author":26,"featured_media":51830,"template":"","meta":{"_acf_changed":false,"rank_math_lock_modified_date":false},"categories":[52],"tags":[5166],"acf":[],"_links":{"self":[{"href":"https:\/\/www.editorasolucao.com.br\/blog\/wp-json\/wp\/v2\/concurso\/51829"}],"collection":[{"href":"https:\/\/www.editorasolucao.com.br\/blog\/wp-json\/wp\/v2\/concurso"}],"about":[{"href":"https:\/\/www.editorasolucao.com.br\/blog\/wp-json\/wp\/v2\/types\/concurso"}],"author":[{"embeddable":true,"href":"https:\/\/www.editorasolucao.com.br\/blog\/wp-json\/wp\/v2\/users\/26"}],"wp:featuredmedia":[{"embeddable":true,"href":"https:\/\/www.editorasolucao.com.br\/blog\/wp-json\/wp\/v2\/media\/51830"}],"wp:attachment":[{"href":"https:\/\/www.editorasolucao.com.br\/blog\/wp-json\/wp\/v2\/media?parent=51829"}],"wp:term":[{"taxonomy":"category","embeddable":true,"href":"https:\/\/www.editorasolucao.com.br\/blog\/wp-json\/wp\/v2\/categories?post=51829"},{"taxonomy":"post_tag","embeddable":true,"href":"https:\/\/www.editorasolucao.com.br\/blog\/wp-json\/wp\/v2\/tags?post=51829"}],"curies":[{"name":"wp","href":"https:\/\/api.w.org\/{rel}","templated":true}]}}