{"id":52381,"date":"2026-04-28T07:43:29","date_gmt":"2026-04-28T10:43:29","guid":{"rendered":"https:\/\/www.editorasolucao.com.br\/blog\/?post_type=concurso&#038;p=52381"},"modified":"2026-04-28T07:43:33","modified_gmt":"2026-04-28T10:43:33","slug":"camara-de-rio-das-ostras-rj","status":"publish","type":"concurso","link":"https:\/\/www.editorasolucao.com.br\/blog\/concurso\/camara-de-rio-das-ostras-rj","title":{"rendered":"Concurso C\u00e2mara de Rio das Ostras RJ: Saiu edital com 38 vagas!"},"content":{"rendered":"\n<p>Aten\u00e7\u00e3o, concurseiros! Foi publicado o edital do concurso C\u00e2mara de Rio das Ostras RJ, com oferta de<strong> 38 vagas, <\/strong>sendo 19 imediatas e 19 em cadastro de reserva, para cargos <strong>n\u00edveis m\u00e9dio <\/strong>e<strong> superior. <\/strong>Os sal\u00e1rios iniciais variam de <strong>R$2.180,00 <\/strong>a<strong> R$5.713,00<\/strong>. As inscri\u00e7\u00f5es estar\u00e3o abertas entre os dias <strong>30 de abril <\/strong>e <strong>1\u00ba de junho de 2026<\/strong>, com provas previstas para o dia <strong>2 de agosto de 2026<\/strong>. Para se preparar, confira a\u00a0<a href=\"https:\/\/www.editorasolucao.com.br\/concurso\/camara-municipal-de-rio-das-ostras-rj\">Apostila C\u00e2mara de Rio das Ostras\u00a0RJ<\/a> com conte\u00fado completo e atualizado conforme o edital!<\/p>\n\n\n\n<div id=\"ez-toc-container\" class=\"ez-toc-v2_0_69_1 counter-hierarchy ez-toc-counter ez-toc-grey ez-toc-container-direction\">\n<div class=\"ez-toc-title-container\">\n<p class=\"ez-toc-title \" >Menu de navega&ccedil;&atilde;o<\/p>\n<span class=\"ez-toc-title-toggle\"><a href=\"#\" class=\"ez-toc-pull-right ez-toc-btn ez-toc-btn-xs ez-toc-btn-default ez-toc-toggle\" aria-label=\"Toggle Table of Content\"><span class=\"ez-toc-js-icon-con\"><span class=\"\"><span class=\"eztoc-hide\" style=\"display:none;\">Toggle<\/span><span class=\"ez-toc-icon-toggle-span\"><svg style=\"fill: #999;color:#999\" xmlns=\"http:\/\/www.w3.org\/2000\/svg\" class=\"list-377408\" width=\"20px\" height=\"20px\" viewBox=\"0 0 24 24\" fill=\"none\"><path d=\"M6 6H4v2h2V6zm14 0H8v2h12V6zM4 11h2v2H4v-2zm16 0H8v2h12v-2zM4 16h2v2H4v-2zm16 0H8v2h12v-2z\" fill=\"currentColor\"><\/path><\/svg><svg style=\"fill: #999;color:#999\" class=\"arrow-unsorted-368013\" xmlns=\"http:\/\/www.w3.org\/2000\/svg\" width=\"10px\" height=\"10px\" viewBox=\"0 0 24 24\" version=\"1.2\" baseProfile=\"tiny\"><path d=\"M18.2 9.3l-6.2-6.3-6.2 6.3c-.2.2-.3.4-.3.7s.1.5.3.7c.2.2.4.3.7.3h11c.3 0 .5-.1.7-.3.2-.2.3-.5.3-.7s-.1-.5-.3-.7zM5.8 14.7l6.2 6.3 6.2-6.3c.2-.2.3-.5.3-.7s-.1-.5-.3-.7c-.2-.2-.4-.3-.7-.3h-11c-.3 0-.5.1-.7.3-.2.2-.3.5-.3.7s.1.5.3.7z\"\/><\/svg><\/span><\/span><\/span><\/a><\/span><\/div>\n<nav><ul class='ez-toc-list ez-toc-list-level-1 ' ><li class='ez-toc-page-1 ez-toc-heading-level-2'><a class=\"ez-toc-link ez-toc-heading-1\" href=\"https:\/\/www.editorasolucao.com.br\/blog\/concurso\/camara-de-rio-das-ostras-rj\/#Como_se_inscrever_no_concurso_Camara_de_Rio_das_Ostras_RJ\" title=\"Como se inscrever no concurso C\u00e2mara de Rio das Ostras RJ?\">Como se inscrever no concurso C\u00e2mara de Rio das Ostras RJ?<\/a><\/li><li class='ez-toc-page-1 ez-toc-heading-level-2'><a class=\"ez-toc-link ez-toc-heading-2\" href=\"https:\/\/www.editorasolucao.com.br\/blog\/concurso\/camara-de-rio-das-ostras-rj\/#Cargos_vagas_e_salarios\" title=\"Cargos, vagas e sal\u00e1rios\">Cargos, vagas e sal\u00e1rios<\/a><\/li><li class='ez-toc-page-1 ez-toc-heading-level-2'><a class=\"ez-toc-link ez-toc-heading-3\" href=\"https:\/\/www.editorasolucao.com.br\/blog\/concurso\/camara-de-rio-das-ostras-rj\/#Requisitos_basicos_para_investidura\" title=\"Requisitos b\u00e1sicos para investidura\">Requisitos b\u00e1sicos para investidura<\/a><\/li><li class='ez-toc-page-1 ez-toc-heading-level-2'><a class=\"ez-toc-link ez-toc-heading-4\" href=\"https:\/\/www.editorasolucao.com.br\/blog\/concurso\/camara-de-rio-das-ostras-rj\/#Etapas_de_selecao\" title=\"Etapas de sele\u00e7\u00e3o\">Etapas de sele\u00e7\u00e3o<\/a><\/li><\/ul><\/nav><\/div>\n<h2 class=\"wp-block-heading\"><span class=\"ez-toc-section\" id=\"Como_se_inscrever_no_concurso_Camara_de_Rio_das_Ostras_RJ\"><\/span>Como se inscrever no concurso C\u00e2mara de Rio das Ostras RJ?<span class=\"ez-toc-section-end\"><\/span><\/h2>\n\n\n\n<p>As inscri\u00e7\u00f5es para o concurso C\u00e2mara de Rio das Ostras RJ devem ser realizadas exclusivamente pela internet, por meio do site da banca organizadora <a href=\"https:\/\/www.acaobahiaorganizacao.com.br\/informacoes\/62\/\" target=\"_blank\" rel=\"noreferrer noopener\">Instituto A\u00e7\u00e3o,<\/a> no per\u00edodo de <strong>30 de abril <\/strong>a<strong> 1\u00ba de junho de 2026<\/strong>.<\/p>\n\n\n\n<p>Para participar, o candidato dever\u00e1:<\/p>\n\n\n\n<ul>\n<li>Acessar o site da banca organizadora;<\/li>\n\n\n\n<li>Preencher o formul\u00e1rio de inscri\u00e7\u00e3o com seus dados pessoais;<\/li>\n\n\n\n<li>Escolher o cargo pretendido;<\/li>\n\n\n\n<li>Emitir o boleto banc\u00e1rio;<\/li>\n\n\n\n<li>Efetuar o pagamento da taxa dentro do prazo.<\/li>\n<\/ul>\n\n\n\n<p><\/p>\n\n\n\n<p>Os valores das taxas s\u00e3o:<\/p>\n\n\n\n<ul>\n<li><strong>R$95,00<\/strong> para cargos de n\u00edvel m\u00e9dio;<\/li>\n\n\n\n<li><strong>R$120,00<\/strong> para cargos de n\u00edvel superior.<\/li>\n<\/ul>\n\n\n\n<p><\/p>\n\n\n\n<p>O pagamento poder\u00e1 ser realizado at\u00e9 o dia <strong>12 de junho de 2026<\/strong>, sendo a inscri\u00e7\u00e3o confirmada somente ap\u00f3s a compensa\u00e7\u00e3o banc\u00e1ria.<\/p>\n\n\n\n<h3 class=\"wp-block-heading\">Isen\u00e7\u00e3o da taxa<\/h3>\n\n\n\n<p>Poder\u00e3o solicitar isen\u00e7\u00e3o da taxa os candidatos que comprovarem hipossufici\u00eancia financeira, conforme previsto no edital.<\/p>\n\n\n\n<p>O pedido deve ser feito entre os dias <strong>30 de abril<\/strong> e <strong>5 de maio de 2026<\/strong>, por meio do site da banca, com envio da documenta\u00e7\u00e3o comprobat\u00f3ria.<\/p>\n\n\n\n<p>Caso o pedido seja indeferido, o candidato ainda poder\u00e1 efetuar o pagamento da taxa dentro do prazo para garantir a participa\u00e7\u00e3o no certame.<\/p>\n\n\n\n<h2 class=\"wp-block-heading\"><span class=\"ez-toc-section\" id=\"Cargos_vagas_e_salarios\"><\/span>Cargos, vagas e sal\u00e1rios<span class=\"ez-toc-section-end\"><\/span><\/h2>\n\n\n\n<p>O concurso C\u00e2mara de Rio das Ostras RJ oferece <strong>38 vagas<\/strong> para diferentes \u00e1reas, distribu\u00eddas entre <strong>n\u00edveis m\u00e9dio <\/strong>e<strong> superior,<\/strong> com jornadas de trabalho de at\u00e9 40 horas semanais.<\/p>\n\n\n\n<p>Confira a distribui\u00e7\u00e3o das oportunidades:<\/p>\n\n\n\n<p><strong>N\u00edvel m\u00e9dio<\/strong><\/p>\n\n\n\n<ul>\n<li>Assistente Legislativo: 9 vagas + 10 CR<br>R$ 2.180,00<\/li>\n\n\n\n<li>Auxiliar de Seguran\u00e7a Legislativa: 4 vagas + 4 CR<br>R$ 2.333,00<\/li>\n\n\n\n<li>T\u00e9cnico em Inform\u00e1tica: 1 vaga + 1 CR<br>R$ 2.300,00<\/li>\n<\/ul>\n\n\n\n<p><strong>N\u00edvel superior<\/strong><\/p>\n\n\n\n<ul>\n<li>Consultor Legislativo: 3 vagas + 2 CR<br>R$ 2.800,00<\/li>\n\n\n\n<li>Procurador Legislativo: 1 vaga + 1 CR<br>R$ 5.713,00<\/li>\n\n\n\n<li>Contador Legislativo: 1 vaga + 1 CR<br>R$ 5.713,00<\/li>\n<\/ul>\n\n\n\n<p><\/p>\n\n\n\n<p><strong>Para quem vai iniciar a prepara\u00e7\u00e3o, a\u00a0<a href=\"https:\/\/www.editorasolucao.com.br\/apostila\/camara-rio-ostras-rj-assistente-legislativo-aux-seg-legislativa\">Apostila C\u00e2mara de Rio das Ostras-RJ 2026 &#8211; Assistente Legislativo e Auxiliar de Seguran\u00e7a Legislativa<\/a>\u00a0j\u00e1 est\u00e1 dispon\u00edvel com conte\u00fado completo e atualizado conforme o edital!<\/strong><\/p>\n\n\n\n<h2 class=\"wp-block-heading\"><span class=\"ez-toc-section\" id=\"Requisitos_basicos_para_investidura\"><\/span>Requisitos b\u00e1sicos para investidura<span class=\"ez-toc-section-end\"><\/span><\/h2>\n\n\n\n<p>Para ingressar no concurso C\u00e2mara de Rio das Ostras RJ, o candidato dever\u00e1 cumprir os seguintes requisitos b\u00e1sicos:<\/p>\n\n\n\n<ul>\n<li>Ter sido aprovado neste Concurso P\u00fablico;<\/li>\n\n\n\n<li>Ser brasileiro nato ou naturalizado ou, ainda, no caso de estrangeiro, estar com situa\u00e7\u00e3o regular no pa\u00eds, por interm\u00e9dio de visto permanente que o habilite, inclusive, a trabalhar no territ\u00f3rio nacional. No caso de nacionalidade portuguesa, estar amparado pelo estatuto de igualdade entre brasileiros e portugueses, nos termos do \u00a7 1\u00ba do Art. 12 da Constitui\u00e7\u00e3o Federal;<\/li>\n\n\n\n<li>Ter idade m\u00ednima de dezoito anos completos na data da nomea\u00e7\u00e3o;<\/li>\n\n\n\n<li>Estar em pleno gozo de seus direitos pol\u00edticos;<\/li>\n\n\n\n<li>Possuir, na data da nomea\u00e7\u00e3o, escolaridade\/habilita\u00e7\u00e3o (reconhecida pelo MEC) exigida para o cargo a que ir\u00e1 concorrer, conforme estabelecido no Anexo I deste Edital;<\/li>\n\n\n\n<li>Estar quite com as obriga\u00e7\u00f5es militares (para candidatos do sexo masculino);<\/li>\n\n\n\n<li>Estar quite com as obriga\u00e7\u00f5es eleitorais;<\/li>\n\n\n\n<li>N\u00e3o acumular cargos, empregos e\/ou fun\u00e7\u00f5es p\u00fablicas, exceto nos casos previstos na Constitui\u00e7\u00e3o Federal e legisla\u00e7\u00e3o vigente;<\/li>\n\n\n\n<li>N\u00e3o receber proventos de aposentadoria que caracterizem acumula\u00e7\u00e3o il\u00edcita de cargos, na forma do Art. 37, inciso XVI, da Constitui\u00e7\u00e3o Federal;<\/li>\n\n\n\n<li>Cumprir as determina\u00e7\u00f5es deste Edital.<\/li>\n<\/ul>\n\n\n\n<h2 class=\"wp-block-heading\"><span class=\"ez-toc-section\" id=\"Etapas_de_selecao\"><\/span>Etapas de sele\u00e7\u00e3o<span class=\"ez-toc-section-end\"><\/span><\/h2>\n\n\n\n<p>O concurso C\u00e2mara de Rio das Ostras RJ ser\u00e1 composto pelas seguintes etapas:<\/p>\n\n\n\n<ul>\n<li><strong>Prova objetiva<\/strong>, de car\u00e1ter eliminat\u00f3rio e classificat\u00f3rio;<\/li>\n\n\n\n<li><strong>Prova de t\u00edtulos<\/strong>, de car\u00e1ter classificat\u00f3rio (apenas para n\u00edvel superior).<\/li>\n<\/ul>\n\n\n\n<h3 class=\"wp-block-heading\">Prova objetiva<\/h3>\n\n\n\n<p>A prova objetiva ser\u00e1 aplicada no dia <strong>2 de agosto de 2026<\/strong> e ter\u00e1 formato de m\u00faltipla escolha, com cinco alternativas por quest\u00e3o.<\/p>\n\n\n\n<p>Confira como ser\u00e3o distribu\u00eddas as quest\u00f5es:<\/p>\n\n\n\n<p><strong>N\u00edvel m\u00e9dio<\/strong><\/p>\n\n\n\n<ul>\n<li>L\u00edngua Portuguesa: 10 quest\u00f5es<\/li>\n\n\n\n<li>Matem\u00e1tica: 10 quest\u00f5es<\/li>\n\n\n\n<li>Inform\u00e1tica: 10 quest\u00f5es<\/li>\n\n\n\n<li>Lei Org\u00e2nica do Munic\u00edpio: 5 quest\u00f5es<\/li>\n\n\n\n<li>Regimento Interno da C\u00e2mara: 5 quest\u00f5es<\/li>\n<\/ul>\n\n\n\n<p><strong>N\u00edvel m\u00e9dio\/t\u00e9cnico<\/strong><\/p>\n\n\n\n<ul>\n<li>L\u00edngua Portuguesa: 10 quest\u00f5es<\/li>\n\n\n\n<li>Matem\u00e1tica: 5 quest\u00f5es<\/li>\n\n\n\n<li>Inform\u00e1tica: 5 quest\u00f5es<\/li>\n\n\n\n<li>Lei Org\u00e2nica do Munic\u00edpio: 5 quest\u00f5es<\/li>\n\n\n\n<li>Regimento Interno da C\u00e2mara: 5 quest\u00f5es<\/li>\n\n\n\n<li>Conhecimentos Espec\u00edficos: 10 quest\u00f5es<\/li>\n<\/ul>\n\n\n\n<p><strong>N\u00edvel superior<\/strong><\/p>\n\n\n\n<ul>\n<li>L\u00edngua Portuguesa: 10 quest\u00f5es<\/li>\n\n\n\n<li>Inform\u00e1tica: 5 quest\u00f5es<\/li>\n\n\n\n<li>Lei Org\u00e2nica do Munic\u00edpio: 5 quest\u00f5es<\/li>\n\n\n\n<li>Regimento Interno da C\u00e2mara: 5 quest\u00f5es<\/li>\n\n\n\n<li>Conhecimentos Espec\u00edficos: 15 quest\u00f5es<\/li>\n<\/ul>\n\n\n\n<p><\/p>\n\n\n\n<p>A avalia\u00e7\u00e3o ser\u00e1 pontuada de 0 a 100 pontos, sendo considerado aprovado o candidato que obtiver m\u00ednimo de 50 pontos.<\/p>\n\n\n\n<h4 class=\"wp-block-heading\">N\u00f3s temos a Solu\u00e7\u00e3o<\/h4>\n\n\n\n<p>Quer ser aprovado no concurso C\u00e2mara de Rio das Ostras RJ, mas voc\u00ea quer come\u00e7ar a se preparar para garantir a sua vaga? N\u00f3s temos a Solu\u00e7\u00e3o! Elaboramos diversos materiais completos e direcionados conforme o edital que te ajudar\u00e3o a conquistar o seu cargo dos sonhos!<\/p>\n\n\n\n<p><strong>Confira:\u00a0<a href=\"https:\/\/www.editorasolucao.com.br\/concurso\/camara-municipal-de-rio-das-ostras-rj\">Materiais preparat\u00f3rios para o concurso C\u00e2mara de Rio das Ostras RJ!<\/a><\/strong><\/p>\n\n\n\n<h3 class=\"wp-block-heading\">Prova de t\u00edtulos<\/h3>\n\n\n\n<p>A prova de t\u00edtulos do concurso C\u00e2mara de Rio das Ostras RJ ser\u00e1 aplicada apenas para cargos de n\u00edvel superior, com car\u00e1ter classificat\u00f3rio, ou seja, n\u00e3o elimina candidatos, mas soma pontos \u00e0 classifica\u00e7\u00e3o final.<\/p>\n\n\n\n<p>Ser\u00e3o considerados os seguintes t\u00edtulos:<\/p>\n\n\n\n<ul>\n<li>Especializa\u00e7\u00e3o (m\u00ednimo de 360h): at\u00e9 1 ponto;<\/li>\n\n\n\n<li>Mestrado: at\u00e9 2 pontos;<\/li>\n\n\n\n<li>Doutorado: at\u00e9 3 pontos.<\/li>\n<\/ul>\n\n\n\n<p><\/p>\n\n\n\n<p><strong>Bons estudos e boa prova!<\/strong><\/p>\n","protected":false},"excerpt":{"rendered":"<p>O concurso C\u00e2mara de Rio das Ostras RJ est\u00e1 ofertando 38 vagas para cargos de n\u00edveis m\u00e9dio e superior, com sal\u00e1rios de at\u00e9 R$5,7 mil. Confira!<\/p>\n","protected":false},"author":26,"featured_media":52383,"template":"","meta":{"_acf_changed":true,"rank_math_lock_modified_date":false},"categories":[52],"tags":[5231],"acf":[],"_links":{"self":[{"href":"https:\/\/www.editorasolucao.com.br\/blog\/wp-json\/wp\/v2\/concurso\/52381"}],"collection":[{"href":"https:\/\/www.editorasolucao.com.br\/blog\/wp-json\/wp\/v2\/concurso"}],"about":[{"href":"https:\/\/www.editorasolucao.com.br\/blog\/wp-json\/wp\/v2\/types\/concurso"}],"author":[{"embeddable":true,"href":"https:\/\/www.editorasolucao.com.br\/blog\/wp-json\/wp\/v2\/users\/26"}],"wp:featuredmedia":[{"embeddable":true,"href":"https:\/\/www.editorasolucao.com.br\/blog\/wp-json\/wp\/v2\/media\/52383"}],"wp:attachment":[{"href":"https:\/\/www.editorasolucao.com.br\/blog\/wp-json\/wp\/v2\/media?parent=52381"}],"wp:term":[{"taxonomy":"category","embeddable":true,"href":"https:\/\/www.editorasolucao.com.br\/blog\/wp-json\/wp\/v2\/categories?post=52381"},{"taxonomy":"post_tag","embeddable":true,"href":"https:\/\/www.editorasolucao.com.br\/blog\/wp-json\/wp\/v2\/tags?post=52381"}],"curies":[{"name":"wp","href":"https:\/\/api.w.org\/{rel}","templated":true}]}}