{"id":52398,"date":"2026-04-29T07:01:15","date_gmt":"2026-04-29T10:01:15","guid":{"rendered":"https:\/\/www.editorasolucao.com.br\/blog\/?post_type=concurso&#038;p=52398"},"modified":"2026-04-29T07:01:21","modified_gmt":"2026-04-29T10:01:21","slug":"seduc-am","status":"publish","type":"concurso","link":"https:\/\/www.editorasolucao.com.br\/blog\/concurso\/seduc-am","title":{"rendered":"Concurso Seduc AM: Comiss\u00e3o formada para novo edital!"},"content":{"rendered":"\n<p>Est\u00e1 formada a comiss\u00e3o do concurso Seduc AM! O grupo ser\u00e1 respons\u00e1vel por conduzir todas as etapas preparat\u00f3rias do certame, incluindo a defini\u00e7\u00e3o da banca organizadora, elabora\u00e7\u00e3o do edital e estrutura\u00e7\u00e3o do cronograma. A nova sele\u00e7\u00e3o deve ofertar cerca de <strong>7.862 vagas<\/strong> para cargos da \u00e1rea educacional, contemplando <strong>n\u00edveis fundamental, m\u00e9dio, t\u00e9cnico <\/strong>e<strong> superior. <\/strong>As remunera\u00e7\u00f5es iniciais s\u00e3o bastante atrativas e podem chegar a <strong>R$14.663,62<\/strong>, dependendo do cargo e da titula\u00e7\u00e3o do candidato. Para se preparar, confira a\u00a0<a href=\"https:\/\/www.editorasolucao.com.br\/\">Apostila Seduc AM<\/a> com conte\u00fado completo e atualizado conforme os \u00faltimos editais!<\/p>\n\n\n\n<div id=\"ez-toc-container\" class=\"ez-toc-v2_0_69_1 counter-hierarchy ez-toc-counter ez-toc-grey ez-toc-container-direction\">\n<div class=\"ez-toc-title-container\">\n<p class=\"ez-toc-title \" >Menu de navega&ccedil;&atilde;o<\/p>\n<span class=\"ez-toc-title-toggle\"><a href=\"#\" class=\"ez-toc-pull-right ez-toc-btn ez-toc-btn-xs ez-toc-btn-default ez-toc-toggle\" aria-label=\"Toggle Table of Content\"><span class=\"ez-toc-js-icon-con\"><span class=\"\"><span class=\"eztoc-hide\" style=\"display:none;\">Toggle<\/span><span class=\"ez-toc-icon-toggle-span\"><svg style=\"fill: #999;color:#999\" xmlns=\"http:\/\/www.w3.org\/2000\/svg\" class=\"list-377408\" width=\"20px\" height=\"20px\" viewBox=\"0 0 24 24\" fill=\"none\"><path d=\"M6 6H4v2h2V6zm14 0H8v2h12V6zM4 11h2v2H4v-2zm16 0H8v2h12v-2zM4 16h2v2H4v-2zm16 0H8v2h12v-2z\" fill=\"currentColor\"><\/path><\/svg><svg style=\"fill: #999;color:#999\" class=\"arrow-unsorted-368013\" xmlns=\"http:\/\/www.w3.org\/2000\/svg\" width=\"10px\" height=\"10px\" viewBox=\"0 0 24 24\" version=\"1.2\" baseProfile=\"tiny\"><path d=\"M18.2 9.3l-6.2-6.3-6.2 6.3c-.2.2-.3.4-.3.7s.1.5.3.7c.2.2.4.3.7.3h11c.3 0 .5-.1.7-.3.2-.2.3-.5.3-.7s-.1-.5-.3-.7zM5.8 14.7l6.2 6.3 6.2-6.3c.2-.2.3-.5.3-.7s-.1-.5-.3-.7c-.2-.2-.4-.3-.7-.3h-11c-.3 0-.5.1-.7.3-.2.2-.3.5-.3.7s.1.5.3.7z\"\/><\/svg><\/span><\/span><\/span><\/a><\/span><\/div>\n<nav><ul class='ez-toc-list ez-toc-list-level-1 ' ><li class='ez-toc-page-1 ez-toc-heading-level-2'><a class=\"ez-toc-link ez-toc-heading-1\" href=\"https:\/\/www.editorasolucao.com.br\/blog\/concurso\/seduc-am\/#Concurso_Seduc_AM_Comissao_formada\" title=\"Concurso Seduc AM: Comiss\u00e3o formada\">Concurso Seduc AM: Comiss\u00e3o formada<\/a><\/li><li class='ez-toc-page-1 ez-toc-heading-level-2'><a class=\"ez-toc-link ez-toc-heading-2\" href=\"https:\/\/www.editorasolucao.com.br\/blog\/concurso\/seduc-am\/#Cargos_do_concurso_Seduc_AM\" title=\"Cargos do concurso Seduc AM\">Cargos do concurso Seduc AM<\/a><\/li><li class='ez-toc-page-1 ez-toc-heading-level-2'><a class=\"ez-toc-link ez-toc-heading-3\" href=\"https:\/\/www.editorasolucao.com.br\/blog\/concurso\/seduc-am\/#Remuneracao_dos_aprovados\" title=\"Remunera\u00e7\u00e3o dos aprovados\">Remunera\u00e7\u00e3o dos aprovados<\/a><\/li><li class='ez-toc-page-1 ez-toc-heading-level-2'><a class=\"ez-toc-link ez-toc-heading-4\" href=\"https:\/\/www.editorasolucao.com.br\/blog\/concurso\/seduc-am\/#Como_foi_o_ultimo_concurso_Seduc_AM\" title=\"Como foi o \u00faltimo concurso Seduc AM?\">Como foi o \u00faltimo concurso Seduc AM?<\/a><\/li><\/ul><\/nav><\/div>\n<h2 class=\"wp-block-heading\"><span class=\"ez-toc-section\" id=\"Concurso_Seduc_AM_Comissao_formada\"><\/span>Concurso Seduc AM: Comiss\u00e3o formada<span class=\"ez-toc-section-end\"><\/span><\/h2>\n\n\n\n<p>O concurso Seduc AM avan\u00e7ou significativamente com a <strong>forma\u00e7\u00e3o da comiss\u00e3o organizadora,<\/strong> oficializada em mar\u00e7o de 2026 e atualizada posteriormente. Essa comiss\u00e3o \u00e9 respons\u00e1vel por coordenar todo o processo do concurso, desde a escolha da banca at\u00e9 a publica\u00e7\u00e3o do edital.<\/p>\n\n\n\n<p>Entre as principais atribui\u00e7\u00f5es da comiss\u00e3o est\u00e3o:<\/p>\n\n\n\n<ul>\n<li>defini\u00e7\u00e3o dos cargos e quantitativo de vagas;<\/li>\n\n\n\n<li>elabora\u00e7\u00e3o do conte\u00fado program\u00e1tico;<\/li>\n\n\n\n<li>acompanhamento do processo de contrata\u00e7\u00e3o da banca;<\/li>\n\n\n\n<li>organiza\u00e7\u00e3o do cronograma do concurso.<\/li>\n<\/ul>\n\n\n\n<p>Confira os integrantes da comiss\u00e3o:<\/p>\n\n\n\n<ul>\n<li>Rosana Aparecida Freire Nunes (presidente)<\/li>\n\n\n\n<li>Aline de Alencar Correia Figueiredo<\/li>\n\n\n\n<li>Ana Maria Gomes Andrade<\/li>\n\n\n\n<li>Elicl\u00e9ia Lopes Branches<\/li>\n\n\n\n<li>Itamar Pereira Nunes<\/li>\n\n\n\n<li>Jane L\u00facia Andrade Torres<\/li>\n\n\n\n<li>Maria de Nazar\u00e9 Jatob\u00e1 Lago<\/li>\n\n\n\n<li>Marilene Rem\u00edgio e Silva<\/li>\n\n\n\n<li>Raimundo Torres de Albuquerque<\/li>\n\n\n\n<li>Renan Taketomi de Magalh\u00e3es<\/li>\n\n\n\n<li>Rita Pereira dos Santos<\/li>\n\n\n\n<li>Rosa Maria Sim\u00f5es da Silva<\/li>\n\n\n\n<li>S\u00f4nia Elisandra Macedo de Oliveira<\/li>\n<\/ul>\n\n\n\n<p><\/p>\n\n\n\n<p>Al\u00e9m disso, o Tribunal de Contas do Estado j\u00e1 apontou a necessidade urgente de realiza\u00e7\u00e3o do concurso, devido ao alto n\u00famero de contrata\u00e7\u00f5es tempor\u00e1rias, o que refor\u00e7a ainda mais a expectativa de publica\u00e7\u00e3o do <strong>edital em breve.<\/strong><\/p>\n\n\n\n<h2 class=\"wp-block-heading\"><span class=\"ez-toc-section\" id=\"Cargos_do_concurso_Seduc_AM\"><\/span>Cargos do concurso Seduc AM<span class=\"ez-toc-section-end\"><\/span><\/h2>\n\n\n\n<p>Foi divulgado que o plano de cargos da Secretaria de Educa\u00e7\u00e3o prev\u00ea a oferta de aproximadamente <strong>7.000 vagas<\/strong> para o novo concurso Seduc AM, contemplando o quadro de pessoal da rede estadual.<\/p>\n\n\n\n<p>As oportunidades abrangem cargos do magist\u00e9rio e fun\u00e7\u00f5es de apoio \u00e0 educa\u00e7\u00e3o, com exig\u00eancia de escolaridade nos n\u00edveis <strong>superior, m\u00e9dio, t\u00e9cnico <\/strong>e<strong> fundamental<\/strong>, o que amplia significativamente o p\u00fablico interessado na sele\u00e7\u00e3o.<\/p>\n\n\n\n<p>Recentemente, a Secretaria de Educa\u00e7\u00e3o do Amazonas (Seduc AM) tamb\u00e9m apresentou um levantamento detalhado sobre os cargos existentes no \u00f3rg\u00e3o, indicando o n\u00famero de cargos criados, ocupados e atualmente vagos. Confira:<\/p>\n\n\n\n<p><strong>Profissionais do Magist\u00e9rio (N\u00edvel Superior)<\/strong><\/p>\n\n\n\n<figure class=\"wp-block-table aligncenter\"><table><thead><tr><th><strong>Cargo<\/strong><\/th><th><strong>Criados pela Lei<\/strong><\/th><th><strong>Ocupados<\/strong><\/th><th><strong>Vagos<\/strong><\/th><\/tr><\/thead><tbody><tr><td>Professor 20h<\/td><td>24.673<\/td><td>12.709<\/td><td>11.964<\/td><\/tr><tr><td>Professor 40h<\/td><td>4.551<\/td><td>3.883<\/td><td>668<\/td><\/tr><\/tbody><\/table><\/figure>\n\n\n\n<p><strong>Profissionais de Apoio Espec\u00edfico \u00e0 Educa\u00e7\u00e3o (N\u00edvel Superior)<\/strong><\/p>\n\n\n\n<figure class=\"wp-block-table aligncenter\"><table><thead><tr><th><strong>Cargo<\/strong><\/th><th><strong>Criados<\/strong><\/th><th><strong>Ocupados<\/strong><\/th><th><strong>Vagos<\/strong><\/th><\/tr><\/thead><tbody><tr><td>Pedagogo 20h<\/td><td>1.300<\/td><td>866<\/td><td>434<\/td><\/tr><tr><td>Pedagogo 40h<\/td><td>420<\/td><td>284<\/td><td>136<\/td><\/tr><tr><td>Assistente Social<\/td><td>68<\/td><td>60<\/td><td>8<\/td><\/tr><tr><td>Bibliotec\u00e1rio<\/td><td>104<\/td><td>41<\/td><td>63<\/td><\/tr><tr><td>Contador<\/td><td>12<\/td><td>4<\/td><td>8<\/td><\/tr><tr><td>Engenheiro<\/td><td>24<\/td><td>16<\/td><td>8<\/td><\/tr><tr><td>Estat\u00edstico<\/td><td>5<\/td><td>2<\/td><td>3<\/td><\/tr><tr><td>Fonoaudi\u00f3logo<\/td><td>6<\/td><td>6<\/td><td>0<\/td><\/tr><tr><td>Nutricionista<\/td><td>68<\/td><td>53<\/td><td>15<\/td><\/tr><tr><td>Psic\u00f3logo<\/td><td>68<\/td><td>63<\/td><td>5<\/td><\/tr><\/tbody><\/table><\/figure>\n\n\n\n<p><strong>Profissionais de Apoio Espec\u00edfico \u00e0 Educa\u00e7\u00e3o (N\u00edvel M\u00e9dio \/ T\u00e9cnico \/ Fundamental)<\/strong><\/p>\n\n\n\n<figure class=\"wp-block-table aligncenter\"><table><thead><tr><th><strong>Cargo<\/strong><\/th><th><strong>Criados<\/strong><\/th><th><strong>Ocupados<\/strong><\/th><th><strong>Vagos<\/strong><\/th><\/tr><\/thead><tbody><tr><td>Assistente T\u00e9cnico<\/td><td>2.895<\/td><td>881<\/td><td>2.014<\/td><\/tr><tr><td>Merendeiro<\/td><td>3.521<\/td><td>2.233<\/td><td>1.288<\/td><\/tr><\/tbody><\/table><\/figure>\n\n\n\n<p><strong>Para quem vai iniciar a prepara\u00e7\u00e3o, as\u00a0<a href=\"https:\/\/www.editorasolucao.com.br\/\">Apostilas Seduc AM<\/a>\u00a0j\u00e1 est\u00e3o dispon\u00edveis com conte\u00fado completo e atualizado conforme os \u00faltimos editais!<\/strong><\/p>\n\n\n\n<h2 class=\"wp-block-heading\"><span class=\"ez-toc-section\" id=\"Remuneracao_dos_aprovados\"><\/span>Remunera\u00e7\u00e3o dos aprovados<span class=\"ez-toc-section-end\"><\/span><\/h2>\n\n\n\n<p>A remunera\u00e7\u00e3o do concurso Seduc AM \u00e9 estruturada conforme titula\u00e7\u00e3o e progress\u00e3o na carreira, podendo variar conforme a escolaridade e jornada:<\/p>\n\n\n\n<p><strong>Professor e Pedagogo<\/strong><\/p>\n\n\n\n<p><em>20 horas<\/em><\/p>\n\n\n\n<ul>\n<li>Licenciatura: R$ 2.815,61<\/li>\n\n\n\n<li>Especialista: R$ 3.153,48<\/li>\n\n\n\n<li>Mestrado: R$ 4.730,19<\/li>\n\n\n\n<li>Doutorado: R$ 7.331,79<\/li>\n<\/ul>\n\n\n\n<p><em>40 horas<\/em><\/p>\n\n\n\n<ul>\n<li>Licenciatura: R$ 5.631,18<\/li>\n\n\n\n<li>Especialista: R$ 6.306,91<\/li>\n\n\n\n<li>Mestrado: R$ 9.460,39<\/li>\n\n\n\n<li>Doutorado: R$ 14.663,62<\/li>\n<\/ul>\n\n\n\n<h3 class=\"wp-block-heading\">Estrutura remunerat\u00f3ria<\/h3>\n\n\n\n<p>Confira os sal\u00e1rios iniciais e finais de cada cargo de Professor\/Pedagogo com a sua respectiva escolaridade:<\/p>\n\n\n\n<p><strong>Professor\/Pedagogo \u2013 20h<\/strong><\/p>\n\n\n\n<ul>\n<li>Doutorado: R$ 7.331,79 \u2013 R$ 8.421,94<\/li>\n\n\n\n<li>Mestrado: R$ 4.730,19 \u2013 R$ 5.433,50<\/li>\n\n\n\n<li>Especialista: R$ 3.153,48 \u2013 R$ 3.622,34<\/li>\n\n\n\n<li>Licenciatura: R$ 2.815,61 \u2013 R$ 3.234,25<\/li>\n<\/ul>\n\n\n\n<p><strong>Professor\/Pedagogo \u2013 40h<\/strong><\/p>\n\n\n\n<ul>\n<li>Doutorado: R$ 14.663,62 \u2013 R$ 16.843,89<\/li>\n\n\n\n<li>Mestrado: R$ 9.460,39 \u2013 R$ 10.867,04<\/li>\n\n\n\n<li>Especialista: R$ 6.306,91 \u2013 R$ 7.244,69<\/li>\n\n\n\n<li>Licenciatura: R$ 5.631,18 \u2013 R$ 6.468,47<\/li>\n<\/ul>\n\n\n\n<p><\/p>\n\n\n\n<p>Os aprovados no concurso Seduc AM contam com um plano de carreira estruturado, que permite evolu\u00e7\u00e3o salarial ao longo do tempo. Essa progress\u00e3o ocorre principalmente por meio de dois fatores: <strong>avalia\u00e7\u00e3o de desempenho<\/strong> e <strong>n\u00edvel de qualifica\u00e7\u00e3o (titula\u00e7\u00e3o acad\u00eamica)<\/strong>.<\/p>\n\n\n\n<p>Na pr\u00e1tica, os servidores podem avan\u00e7ar nas chamadas <strong>progress\u00f5es diagonais (I, II, III e IV)<\/strong>, que s\u00e3o concedidas ap\u00f3s avalia\u00e7\u00f5es positivas de desempenho profissional. Al\u00e9m disso, quanto maior a forma\u00e7\u00e3o do servidor, maiores ser\u00e3o os valores recebidos.<\/p>\n\n\n\n<p>Isso significa que o sal\u00e1rio n\u00e3o \u00e9 fixo ao longo da carreira. Pelo contr\u00e1rio, ele pode <strong>crescer de forma significativa<\/strong> conforme o profissional evolui dentro do cargo.<\/p>\n\n\n\n<p>Por exemplo:<\/p>\n\n\n\n<ul>\n<li>Um professor com licenciatura inicia com valores mais baixos, mas pode ter aumento ao obter especializa\u00e7\u00e3o, mestrado ou doutorado;<\/li>\n\n\n\n<li>Ao mesmo tempo, a progress\u00e3o por desempenho eleva ainda mais esses valores ao longo dos anos.<\/li>\n<\/ul>\n\n\n\n<p><\/p>\n\n\n\n<p>Com essa estrutura, os sal\u00e1rios podem alcan\u00e7ar patamares bastante elevados. Para jornada de 40 horas, por exemplo, a remunera\u00e7\u00e3o pode ultrapassar <strong>R$20 mil no topo da carreira<\/strong>, considerando progress\u00e3o e titula\u00e7\u00e3o m\u00e1xima.<\/p>\n\n\n\n<h2 class=\"wp-block-heading\"><span class=\"ez-toc-section\" id=\"Como_foi_o_ultimo_concurso_Seduc_AM\"><\/span>Como foi o \u00faltimo concurso Seduc AM?<span class=\"ez-toc-section-end\"><\/span><\/h2>\n\n\n\n<p>O \u00faltimo concurso <a href=\"https:\/\/www.seduc.am.gov.br\/\" target=\"_blank\" rel=\"noreferrer noopener\">Seduc AM<\/a> foi realizado em 2018, com oferta de 7.874 vagas para n\u00edveis fundamental, m\u00e9dio e superior, sob organiza\u00e7\u00e3o do Instituto Acesso.<\/p>\n\n\n\n<p>Confira a distribui\u00e7\u00e3o dos cargos ofertados:<\/p>\n\n\n\n<ul>\n<li>Professor 20h: 5.819 vagas<\/li>\n\n\n\n<li>Professor 40h: 597 vagas<\/li>\n\n\n\n<li>Pedagogo 20h: 151 vagas<\/li>\n\n\n\n<li>Pedagogo 40h: 40 vagas<\/li>\n\n\n\n<li>Professor para o Ensino Ind\u00edgena: 680 vagas<\/li>\n\n\n\n<li>Assistente Social: 37 vagas<\/li>\n\n\n\n<li>Bibliotec\u00e1rio: 50 vagas<\/li>\n\n\n\n<li>Contador: 5 vagas<\/li>\n\n\n\n<li>Engenheiro: 7 vagas<\/li>\n\n\n\n<li>Estat\u00edstico: 2 vagas<\/li>\n\n\n\n<li>Fonoaudi\u00f3logo: 3 vagas<\/li>\n\n\n\n<li>Nutricionista: 40 vagas<\/li>\n\n\n\n<li>Psic\u00f3logo: 36 vagas<\/li>\n\n\n\n<li>Assistente T\u00e9cnico (n\u00edvel m\u00e9dio): 38 vagas<\/li>\n\n\n\n<li>Merendeiro (n\u00edvel fundamental): 369 vagas<\/li>\n<\/ul>\n\n\n\n<p><\/p>\n\n\n\n<p>Os sal\u00e1rios iniciais variavam de R$1.525,06 a R$4.143,06.<\/p>\n\n\n\n<h3 class=\"wp-block-heading\">Etapas de sele\u00e7\u00e3o<\/h3>\n\n\n\n<p>O concurso Seduc MA contou com diferentes fases:<\/p>\n\n\n\n<ul>\n<li>Prova objetiva (eliminat\u00f3rio e classificat\u00f3rio);<\/li>\n\n\n\n<li>Prova discursiva (n\u00edvel superior);<\/li>\n\n\n\n<li>Avalia\u00e7\u00e3o de t\u00edtulos (classificat\u00f3rio);<\/li>\n\n\n\n<li>Prova pr\u00e1tica (para cargos espec\u00edficos);<\/li>\n<\/ul>\n\n\n\n<p><\/p>\n\n\n\n<p>Confira como foram distribu\u00eddas as quest\u00f5es da prova objetiva:<\/p>\n\n\n\n<p><strong>Professor<\/strong><\/p>\n\n\n\n<ul>\n<li>L\u00edngua Portuguesa: 10 quest\u00f5es<\/li>\n\n\n\n<li>Conhecimentos pedag\u00f3gicos: 20 quest\u00f5es<\/li>\n\n\n\n<li>Conhecimentos espec\u00edficos: 20 quest\u00f5es<\/li>\n<\/ul>\n\n\n\n<p><strong>Assistente T\u00e9cnico<\/strong><\/p>\n\n\n\n<ul>\n<li>L\u00edngua Portuguesa: 10 quest\u00f5es<\/li>\n\n\n\n<li>Racioc\u00ednio l\u00f3gico: 8 quest\u00f5es<\/li>\n\n\n\n<li>Inform\u00e1tica: 7 quest\u00f5es<\/li>\n\n\n\n<li>Conhecimentos espec\u00edficos: 15 quest\u00f5es<\/li>\n<\/ul>\n\n\n\n<p><strong>Merendeiro<\/strong><\/p>\n\n\n\n<ul>\n<li>L\u00edngua Portuguesa: 15 quest\u00f5es<\/li>\n\n\n\n<li>Matem\u00e1tica: 15 quest\u00f5es<\/li>\n\n\n\n<li>Conhecimentos espec\u00edficos: 10 quest\u00f5es<\/li>\n<\/ul>\n\n\n\n<p><strong>Professor Ind\u00edgena<\/strong><\/p>\n\n\n\n<ul>\n<li>L\u00edngua Portuguesa: 10 quest\u00f5es<\/li>\n\n\n\n<li>Conhecimentos Pedag\u00f3gicos: 15 quest\u00f5es<\/li>\n\n\n\n<li>Conhecimentos Espec\u00edficos: 15 quest\u00f5es<\/li>\n<\/ul>\n\n\n\n<h4 class=\"wp-block-heading\">N\u00f3s temos a Solu\u00e7\u00e3o<\/h4>\n\n\n\n<p>O edital do concurso Seduc AM ainda n\u00e3o saiu, mas voc\u00ea quer come\u00e7ar a se preparar para garantir a sua vaga? Est\u00e1 perdido e n\u00e3o sabe como come\u00e7ar? N\u00f3s temos a Solu\u00e7\u00e3o! Elaboramos diversos materiais completos e direcionados que te ajudar\u00e3o a conquistar o seu cargo dos sonhos!<\/p>\n\n\n\n<p><strong>Confira:\u00a0<a href=\"https:\/\/www.editorasolucao.com.br\/\">Materiais preparat\u00f3rios para o concurso\u00a0Seduc AM!<\/a><\/strong><\/p>\n\n\n\n<p><\/p>\n\n\n\n<p><strong>Bons estudos e boa prova!<\/strong><\/p>\n","protected":false},"excerpt":{"rendered":"<p>Est\u00e1 formada a comiss\u00e3o do concurso Seduc AM! S\u00e3o previstas 7.862 vagas para cargos da \u00e1rea da educa\u00e7\u00e3o, com iniciais at\u00e9 R$14 mil. Confira!<\/p>\n","protected":false},"author":26,"featured_media":52399,"template":"","meta":{"_acf_changed":true,"rank_math_lock_modified_date":false},"categories":[52],"tags":[5232],"acf":[],"_links":{"self":[{"href":"https:\/\/www.editorasolucao.com.br\/blog\/wp-json\/wp\/v2\/concurso\/52398"}],"collection":[{"href":"https:\/\/www.editorasolucao.com.br\/blog\/wp-json\/wp\/v2\/concurso"}],"about":[{"href":"https:\/\/www.editorasolucao.com.br\/blog\/wp-json\/wp\/v2\/types\/concurso"}],"author":[{"embeddable":true,"href":"https:\/\/www.editorasolucao.com.br\/blog\/wp-json\/wp\/v2\/users\/26"}],"wp:featuredmedia":[{"embeddable":true,"href":"https:\/\/www.editorasolucao.com.br\/blog\/wp-json\/wp\/v2\/media\/52399"}],"wp:attachment":[{"href":"https:\/\/www.editorasolucao.com.br\/blog\/wp-json\/wp\/v2\/media?parent=52398"}],"wp:term":[{"taxonomy":"category","embeddable":true,"href":"https:\/\/www.editorasolucao.com.br\/blog\/wp-json\/wp\/v2\/categories?post=52398"},{"taxonomy":"post_tag","embeddable":true,"href":"https:\/\/www.editorasolucao.com.br\/blog\/wp-json\/wp\/v2\/tags?post=52398"}],"curies":[{"name":"wp","href":"https:\/\/api.w.org\/{rel}","templated":true}]}}