{"id":52421,"date":"2026-04-30T11:18:23","date_gmt":"2026-04-30T14:18:23","guid":{"rendered":"https:\/\/www.editorasolucao.com.br\/blog\/?post_type=concurso&#038;p=52421"},"modified":"2026-04-30T11:18:27","modified_gmt":"2026-04-30T14:18:27","slug":"camara-de-aruja-sp","status":"publish","type":"concurso","link":"https:\/\/www.editorasolucao.com.br\/blog\/concurso\/camara-de-aruja-sp","title":{"rendered":"Concurso C\u00e2mara de Aruj\u00e1 SP: Edital publicado! Vagas para 13 cargos!"},"content":{"rendered":"\n<p>Aten\u00e7\u00e3o, concurseiros! Foi publicado o edital do concurso C\u00e2mara de Aruj\u00e1 SP, com oferta de <strong>5 vagas imediatas<\/strong> e forma\u00e7\u00e3o de <strong>cadastro reserva <\/strong>para 13 cargos de <strong>n\u00edveis m\u00e9dio<\/strong> e <strong>superior. <\/strong>Os sal\u00e1rios iniciais chegam a <strong>R$15.659,70<\/strong>, al\u00e9m de benef\u00edcios atrativos. As inscri\u00e7\u00f5es j\u00e1 est\u00e3o abertas e seguem at\u00e9 o dia <strong>13 de julho de 2026<\/strong>, com provas previstas para o dia <strong>30 de agosto de 2026<\/strong>. Para se preparar, confira a\u00a0<a href=\"https:\/\/www.editorasolucao.com.br\/\">Apostila C\u00e2mara de Aruj\u00e1 SP<\/a>\u00a0com conte\u00fado completo e atualizado conforme o edital!<\/p>\n\n\n\n<div id=\"ez-toc-container\" class=\"ez-toc-v2_0_69_1 counter-hierarchy ez-toc-counter ez-toc-grey ez-toc-container-direction\">\n<div class=\"ez-toc-title-container\">\n<p class=\"ez-toc-title \" >Menu de navega&ccedil;&atilde;o<\/p>\n<span class=\"ez-toc-title-toggle\"><a href=\"#\" class=\"ez-toc-pull-right ez-toc-btn ez-toc-btn-xs ez-toc-btn-default ez-toc-toggle\" aria-label=\"Toggle Table of Content\"><span class=\"ez-toc-js-icon-con\"><span class=\"\"><span class=\"eztoc-hide\" style=\"display:none;\">Toggle<\/span><span class=\"ez-toc-icon-toggle-span\"><svg style=\"fill: #999;color:#999\" xmlns=\"http:\/\/www.w3.org\/2000\/svg\" class=\"list-377408\" width=\"20px\" height=\"20px\" viewBox=\"0 0 24 24\" fill=\"none\"><path d=\"M6 6H4v2h2V6zm14 0H8v2h12V6zM4 11h2v2H4v-2zm16 0H8v2h12v-2zM4 16h2v2H4v-2zm16 0H8v2h12v-2z\" fill=\"currentColor\"><\/path><\/svg><svg style=\"fill: #999;color:#999\" class=\"arrow-unsorted-368013\" xmlns=\"http:\/\/www.w3.org\/2000\/svg\" width=\"10px\" height=\"10px\" viewBox=\"0 0 24 24\" version=\"1.2\" baseProfile=\"tiny\"><path d=\"M18.2 9.3l-6.2-6.3-6.2 6.3c-.2.2-.3.4-.3.7s.1.5.3.7c.2.2.4.3.7.3h11c.3 0 .5-.1.7-.3.2-.2.3-.5.3-.7s-.1-.5-.3-.7zM5.8 14.7l6.2 6.3 6.2-6.3c.2-.2.3-.5.3-.7s-.1-.5-.3-.7c-.2-.2-.4-.3-.7-.3h-11c-.3 0-.5.1-.7.3-.2.2-.3.5-.3.7s.1.5.3.7z\"\/><\/svg><\/span><\/span><\/span><\/a><\/span><\/div>\n<nav><ul class='ez-toc-list ez-toc-list-level-1 ' ><li class='ez-toc-page-1 ez-toc-heading-level-2'><a class=\"ez-toc-link ez-toc-heading-1\" href=\"https:\/\/www.editorasolucao.com.br\/blog\/concurso\/camara-de-aruja-sp\/#Como_se_inscrever_no_concurso_Camara_de_Aruja_SP\" title=\"Como se inscrever no concurso C\u00e2mara de Aruj\u00e1 SP?\">Como se inscrever no concurso C\u00e2mara de Aruj\u00e1 SP?<\/a><\/li><li class='ez-toc-page-1 ez-toc-heading-level-2'><a class=\"ez-toc-link ez-toc-heading-2\" href=\"https:\/\/www.editorasolucao.com.br\/blog\/concurso\/camara-de-aruja-sp\/#Cargos_vagas_e_salarios\" title=\"Cargos, vagas e sal\u00e1rios\">Cargos, vagas e sal\u00e1rios<\/a><\/li><li class='ez-toc-page-1 ez-toc-heading-level-2'><a class=\"ez-toc-link ez-toc-heading-3\" href=\"https:\/\/www.editorasolucao.com.br\/blog\/concurso\/camara-de-aruja-sp\/#Requisitos_basicos_para_investidura\" title=\"Requisitos b\u00e1sicos para investidura\">Requisitos b\u00e1sicos para investidura<\/a><\/li><li class='ez-toc-page-1 ez-toc-heading-level-2'><a class=\"ez-toc-link ez-toc-heading-4\" href=\"https:\/\/www.editorasolucao.com.br\/blog\/concurso\/camara-de-aruja-sp\/#Etapas_de_selecao\" title=\"Etapas de sele\u00e7\u00e3o\">Etapas de sele\u00e7\u00e3o<\/a><\/li><\/ul><\/nav><\/div>\n<h2 class=\"wp-block-heading\"><span class=\"ez-toc-section\" id=\"Como_se_inscrever_no_concurso_Camara_de_Aruja_SP\"><\/span>Como se inscrever no concurso C\u00e2mara de Aruj\u00e1 SP?<span class=\"ez-toc-section-end\"><\/span><\/h2>\n\n\n\n<p>As inscri\u00e7\u00f5es para o concurso C\u00e2mara de Aruj\u00e1 SP j\u00e1 est\u00e3o abertas e devem ser realizadas exclusivamente pela internet, no site do Instituto de Gest\u00e3o de Cidades <a href=\"https:\/\/www.igecs.org.br\/concursos\/publicacoes\/MjE=\/NzU=\" target=\"_blank\" rel=\"noreferrer noopener\">(IGECS),<\/a> a banca organizadora do certame, at\u00e9 as 16h do dia <strong>13 de julho de 2026<\/strong>.<\/p>\n\n\n\n<p>Confira o passo a passo para se inscrever:<\/p>\n\n\n\n<ul>\n<li>Acesse o site da banca organizadora (IGECS);<\/li>\n\n\n\n<li>Realize o cadastro com seus dados pessoais (CPF, data de nascimento, endere\u00e7o, etc.);<\/li>\n\n\n\n<li>Fa\u00e7a login na \u00e1rea do candidato;<\/li>\n\n\n\n<li>Escolha o cargo desejado;<\/li>\n\n\n\n<li>Preencha o formul\u00e1rio completo;<\/li>\n\n\n\n<li>Gere o boleto banc\u00e1rio;<\/li>\n\n\n\n<li>Efetue o pagamento at\u00e9 a data de vencimento.<\/li>\n<\/ul>\n\n\n\n<p><\/p>\n\n\n\n<p>As taxas de inscri\u00e7\u00e3o variam conforme o n\u00edvel de escolaridade do cargo:<\/p>\n\n\n\n<ul>\n<li><strong>R$70,00<\/strong> para cargos de n\u00edvel m\u00e9dio.<\/li>\n\n\n\n<li><strong>R$95,00<\/strong> para cargos de n\u00edvel superior.<\/li>\n<\/ul>\n\n\n\n<h3 class=\"wp-block-heading\">Isen\u00e7\u00e3o da taxa<\/h3>\n\n\n\n<p>Puderam solicitar isen\u00e7\u00e3o no concurso C\u00e2mara de Aruj\u00e1 SP candidatos que se enquadrassem em condi\u00e7\u00f5es como:<\/p>\n\n\n\n<ul>\n<li>Desempregados ou baixa renda;<\/li>\n\n\n\n<li>Inscritos no Cad\u00danico;<\/li>\n\n\n\n<li>Doadores de sangue, plaquetas ou medula \u00f3ssea;<\/li>\n\n\n\n<li>Mes\u00e1rios da Justi\u00e7a Eleitoral.<\/li>\n<\/ul>\n\n\n\n<p><\/p>\n\n\n\n<p>O pedido deveria ser feito durante per\u00edodo espec\u00edfico, diretamente no sistema da banca, com envio da documenta\u00e7\u00e3o comprobat\u00f3ria.<\/p>\n\n\n\n<h2 class=\"wp-block-heading\"><span class=\"ez-toc-section\" id=\"Cargos_vagas_e_salarios\"><\/span>Cargos, vagas e sal\u00e1rios<span class=\"ez-toc-section-end\"><\/span><\/h2>\n\n\n\n<p>O concurso C\u00e2mara de Aruj\u00e1 SP oferece oportunidades para diversos cargos administrativos e t\u00e9cnicos, com remunera\u00e7\u00f5es at\u00e9<strong> R$15 mil<\/strong> e jornada de 40 horas semanais.<\/p>\n\n\n\n<p><strong>N\u00edvel m\u00e9dio<\/strong><\/p>\n\n\n\n<p>Auxiliar Administrativo: CR<br>R$ 4.842,84<\/p>\n\n\n\n<p><strong>N\u00edvel superior<\/strong><\/p>\n\n\n\n<ul>\n<li>Analista Jur\u00eddico: CR<br>R$ 15.659,70<\/li>\n\n\n\n<li>Coordenador de Compras: 1 vaga<br>R$ 9.305,89<\/li>\n\n\n\n<li>Coordenador de Contratos: 1 vaga<br>R$ 9.305,89<\/li>\n\n\n\n<li>Coordenador de Licita\u00e7\u00e3o: 1 vaga<br>R$ 9.305,89<\/li>\n\n\n\n<li>Fot\u00f3grafo Legislativo: CR<br>R$ 7.828,00<\/li>\n\n\n\n<li>Jornalista Legislativo: CR<br>R$ 9.305,89<\/li>\n\n\n\n<li>T\u00e9cnico em Inform\u00e1tica: CR<br>R$ 7.828,00<\/li>\n\n\n\n<li>T\u00e9cnico Legislativo de Compras: CR<br>R$ 7.828,00<\/li>\n\n\n\n<li>T\u00e9cnico Legislativo de Contratos: CR<br>R$ 7.828,00<\/li>\n\n\n\n<li>T\u00e9cnico Legislativo de Licita\u00e7\u00e3o: 1 vaga<br>R$ 7.828,00<\/li>\n\n\n\n<li>T\u00e9cnico Legislativo de M\u00eddias Sociais: 1 vaga<br>R$ 7.828,00<\/li>\n\n\n\n<li>Web Designer Legislativo: CR<br>R$ 7.828,00<\/li>\n<\/ul>\n\n\n\n<h3 class=\"wp-block-heading\">Benef\u00edcios<\/h3>\n\n\n\n<p>Os servidores aprovados no concurso C\u00e2mara de Aruj\u00e1 SP ter\u00e3o direito a:<\/p>\n\n\n\n<ul>\n<li>Vale-alimenta\u00e7\u00e3o de R$935,91;<\/li>\n\n\n\n<li>Vale-refei\u00e7\u00e3o de R$1.275,31;<\/li>\n\n\n\n<li>Vale-transporte;<\/li>\n\n\n\n<li>Seguro de sa\u00fade.<\/li>\n<\/ul>\n\n\n\n<p><\/p>\n\n\n\n<p><strong>Para quem vai iniciar a prepara\u00e7\u00e3o, as\u00a0<a href=\"https:\/\/www.editorasolucao.com.br\/\">Apostilas C\u00e2mara de Aruj\u00e1 SP<\/a>\u00a0j\u00e1 est\u00e3o dispon\u00edveis com conte\u00fado completo e atualizado conforme o edital!<\/strong><\/p>\n\n\n\n<h2 class=\"wp-block-heading\"><span class=\"ez-toc-section\" id=\"Requisitos_basicos_para_investidura\"><\/span>Requisitos b\u00e1sicos para investidura<span class=\"ez-toc-section-end\"><\/span><\/h2>\n\n\n\n<p>Para tomar posse no concurso C\u00e2mara de Aruj\u00e1 SP, o candidato dever\u00e1 atender aos seguintes requisitos b\u00e1sicos:<\/p>\n\n\n\n<ul>\n<li>Ter sido classificado neste Concurso P\u00fablico e considerado apto nos Exames M\u00e9dicos Admissionais;<\/li>\n\n\n\n<li>Possuir, no ato da Admiss\u00e3o, a escolaridade m\u00ednima exigida para o provimento do Emprego, bem como atender aos requisitos constantes no item 02. deste Edital. Os documentos comprobat\u00f3rios de escolaridade obtidos no exterior (certificados, diplomas, hist\u00f3rico escolar) poder\u00e3o ser aceitos para fins de Admiss\u00e3o somente se revalidados ou convalidados por autoridade educacional brasileira competente. Estes documentos, bem como quaisquer outros obtidos no exterior, dever\u00e3o estar acompanhados de tradu\u00e7\u00e3o p\u00fablica e juramentada;<\/li>\n\n\n\n<li>Para Empregos com requisito de Ensino Superior, quando houver, no momento da Admiss\u00e3o o candidato dever\u00e1 comprovar a escolaridade exigida, sendo aceito no m\u00ednimo Certificado de Gradua\u00e7\u00e3o com a data da cola\u00e7\u00e3o de grau e emiss\u00e3o m\u00e1xima de 180 dias anterior a data de apresenta\u00e7\u00e3o;<\/li>\n\n\n\n<li>Quando houver Emprego que exija registro no respectivo Conselho de Classe\/Profissional, possuir, no ato da Admiss\u00e3o, o referido documento que comprove a inscri\u00e7\u00e3o ativa;<\/li>\n\n\n\n<li>Apresentar todos os documentos pessoais (RG Original Atualizado, CPF e T\u00edtulo de Eleitor com comprovante de vota\u00e7\u00e3o para os eleitores que j\u00e1 votaram e CNH v\u00e1lida quando exigido nos requisitos m\u00ednimos, comprovante de endere\u00e7o com emiss\u00e3o m\u00e1xima de 90 dias, certid\u00e3o de nascimento\/casamento, CPF (acompanhado da certid\u00e3o de nascimento ou RG) dos dependentes legais). Para os candidatos de sexo masculino, apresentar todos os documentos citados, mais o certificado de regularidade no servi\u00e7o militar, quando for o caso;<\/li>\n\n\n\n<li>Ser brasileiro nato, naturalizado ou cidad\u00e3o portugu\u00eas a quem foi deferida igualdade nos termos do Decreto Federal n\u00ba 70.391\/72 e do Decreto Federal n.\u00ba 70.436\/72;<\/li>\n\n\n\n<li>Estar em dia com o servi\u00e7o militar, se do sexo masculino;<\/li>\n\n\n\n<li>Estar em dia com seus direitos pol\u00edticos e obriga\u00e7\u00f5es eleitorais;<\/li>\n\n\n\n<li>Ter plena aptid\u00e3o f\u00edsica e mental e n\u00e3o possuir defici\u00eancia f\u00edsica incompat\u00edvel com os requisitos e atribui\u00e7\u00f5es para o pleno exerc\u00edcio do Emprego, comprovada em inspe\u00e7\u00e3o realizada pela Medicina do Trabalho da Administra\u00e7\u00e3o P\u00fablica;<\/li>\n\n\n\n<li>Submeter-se, por ocasi\u00e3o da Admiss\u00e3o, ao exame de sa\u00fade pr\u00e9-admissional, de car\u00e1ter eliminat\u00f3rio, a ser realizado pela Administra\u00e7\u00e3o P\u00fablica ou por sua ordem, para constata\u00e7\u00e3o de aptid\u00e3o f\u00edsica e mental;<\/li>\n\n\n\n<li>N\u00e3o ter sofrido nenhuma condena\u00e7\u00e3o em virtude de crime contra a Administra\u00e7\u00e3o;<\/li>\n\n\n\n<li>N\u00e3o registrar antecedentes criminais, impeditivos do exerc\u00edcio do Emprego p\u00fablico, achando-se no pleno gozo de seus direitos civis e pol\u00edticos;<\/li>\n\n\n\n<li>N\u00e3o ter anteriormente, contrato de trabalho com o Poder P\u00fablico rescindido por justa causa de ter sido demitido a bem do servi\u00e7o p\u00fablico, nos termos da legisla\u00e7\u00e3o vigente aplic\u00e1vel;<\/li>\n\n\n\n<li>Ter idade m\u00ednima de 18 (dezoito) anos completos na data da posse e n\u00e3o ter completado 75 (setenta e cinco) anos, idade esta que determina o limite de perman\u00eancia no servi\u00e7o p\u00fablico com a aposentadoria compuls\u00f3ria dos servidores p\u00fablicos; e<\/li>\n\n\n\n<li>Apresentar no ato da Admiss\u00e3o declara\u00e7\u00e3o quanto ao exerc\u00edcio ou n\u00e3o de Cargo, Emprego ou Fun\u00e7\u00e3o P\u00fablica e sobre recebimento de provento decorrente de aposentadoria e pens\u00e3o.<\/li>\n<\/ul>\n\n\n\n<h2 class=\"wp-block-heading\"><span class=\"ez-toc-section\" id=\"Etapas_de_selecao\"><\/span>Etapas de sele\u00e7\u00e3o<span class=\"ez-toc-section-end\"><\/span><\/h2>\n\n\n\n<p>O concurso C\u00e2mara de Aruj\u00e1 SP ser\u00e1 composto pelas seguintes fases:<\/p>\n\n\n\n<ul>\n<li>Prova objetiva: eliminat\u00f3rio e classificat\u00f3rio (todos os cargos);<\/li>\n\n\n\n<li>Prova discursiva: eliminat\u00f3rio e classificat\u00f3rio (Analista Jur\u00eddico);<\/li>\n\n\n\n<li>Prova pr\u00e1tica: eliminat\u00f3rio e classificat\u00f3rio (T\u00e9cnico em Inform\u00e1tica e Web Designer).<\/li>\n<\/ul>\n\n\n\n<h3 class=\"wp-block-heading\">Prova objetiva<\/h3>\n\n\n\n<p>A prova objetiva est\u00e1 prevista para o dia <strong>30 de agosto de 2026<\/strong> e ser\u00e1 aplicada em Aruj\u00e1\/SP ou cidades pr\u00f3ximas.<\/p>\n\n\n\n<p>O exame ser\u00e1 composto por quest\u00f5es de m\u00faltipla escolha, com cinco alternativas e apenas uma correta. O conte\u00fado varia conforme o cargo, confira:<\/p>\n\n\n\n<p><strong>Ensino m\u00e9dio<\/strong><\/p>\n\n\n\n<ul>\n<li>L\u00edngua Portuguesa: 15 quest\u00f5es<\/li>\n\n\n\n<li>Matem\u00e1tica e Racioc\u00ednio L\u00f3gico: 15 quest\u00f5es<\/li>\n\n\n\n<li>Inform\u00e1tica: 10 quest\u00f5es<\/li>\n\n\n\n<li>Legisla\u00e7\u00e3o e \u00c9tica: 5 quest\u00f5es<\/li>\n\n\n\n<li>Conhecimentos Espec\u00edficos: 5 quest\u00f5es<\/li>\n<\/ul>\n\n\n\n<p><strong>Analista Jur\u00eddico<\/strong><\/p>\n\n\n\n<ul>\n<li>L\u00edngua Portuguesa: 15 quest\u00f5es<\/li>\n\n\n\n<li>Matem\u00e1tica e Racioc\u00ednio L\u00f3gico: 10 quest\u00f5es<\/li>\n\n\n\n<li>Inform\u00e1tica: 5 quest\u00f5es<\/li>\n\n\n\n<li>Conhecimentos Espec\u00edficos: 20 quest\u00f5es<\/li>\n<\/ul>\n\n\n\n<p><strong>Demais cargos de n\u00edvel superior<\/strong><\/p>\n\n\n\n<ul>\n<li>L\u00edngua Portuguesa: 15 quest\u00f5es<\/li>\n\n\n\n<li>Matem\u00e1tica e Racioc\u00ednio L\u00f3gico: 10 quest\u00f5es<\/li>\n\n\n\n<li>Inform\u00e1tica: 5 quest\u00f5es<\/li>\n\n\n\n<li>Conhecimentos Espec\u00edficos: 20 quest\u00f5es<\/li>\n<\/ul>\n\n\n\n<h4 class=\"wp-block-heading\">N\u00f3s temos a Solu\u00e7\u00e3o<\/h4>\n\n\n\n<p>Quer ser aprovado no concurso C\u00e2mara de Aruj\u00e1 SP, mas n\u00e3o sabe por onde come\u00e7ar a estudar? N\u00f3s temos a Solu\u00e7\u00e3o! Elaboramos diversos materiais preparat\u00f3rios direcionados conforme o edital que te ajudar\u00e3o a conquistar a vaga dos sonhos!<\/p>\n\n\n\n<p><strong>Confira:\u00a0<a href=\"https:\/\/www.editorasolucao.com.br\/\">Materiais preparat\u00f3rios para o concurso C\u00e2mara de Aruj\u00e1 SP!<\/a><\/strong><\/p>\n\n\n\n<h3 class=\"wp-block-heading\">Prova discursiva<\/h3>\n\n\n\n<p>A prova discursiva do concurso C\u00e2mara de Aruj\u00e1 SP ser\u00e1 aplicada exclusivamente para o cargo de Analista Jur\u00eddico e consistir\u00e1 na elabora\u00e7\u00e3o de uma <strong>pe\u00e7a processual ou parecer jur\u00eddico<\/strong>.<\/p>\n\n\n\n<p>Essa etapa ter\u00e1 pontua\u00e7\u00e3o de at\u00e9 20 pontos, sendo necess\u00e1rio obter no m\u00ednimo 10 pontos para aprova\u00e7\u00e3o.<\/p>\n\n\n\n<p>Ser\u00e3o avaliados aspectos como:<\/p>\n\n\n\n<ul>\n<li>Dom\u00ednio t\u00e9cnico e jur\u00eddico do tema;<\/li>\n\n\n\n<li>Argumenta\u00e7\u00e3o e fundamenta\u00e7\u00e3o legal;<\/li>\n\n\n\n<li>Clareza e organiza\u00e7\u00e3o textual;<\/li>\n\n\n\n<li>Uso adequado da linguagem jur\u00eddica.<\/li>\n<\/ul>\n\n\n\n<h3 class=\"wp-block-heading\">Prova pr\u00e1tica<\/h3>\n\n\n\n<p>A prova pr\u00e1tica ser\u00e1 aplicada aos candidatos aos cargos de T\u00e9cnico em Inform\u00e1tica e Web Designer Legislativo.<\/p>\n\n\n\n<p>Nessa etapa do concurso C\u00e2mara de Aruj\u00e1 SP, os candidatos ser\u00e3o avaliados quanto \u00e0s habilidades pr\u00e1ticas relacionadas \u00e0s atividades do cargo, como:<\/p>\n\n\n\n<ul>\n<li>Desenvolvimento de solu\u00e7\u00f5es t\u00e9cnicas;<\/li>\n\n\n\n<li>Uso de ferramentas espec\u00edficas;<\/li>\n\n\n\n<li>Execu\u00e7\u00e3o de tarefas da \u00e1rea de TI ou design.<\/li>\n<\/ul>\n\n\n\n<p>A prova ter\u00e1 car\u00e1ter eliminat\u00f3rio e classificat\u00f3rio, com pontua\u00e7\u00e3o de at\u00e9 20 pontos, sendo necess\u00e1rio obter pelo menos 10 pontos para aprova\u00e7\u00e3o.<\/p>\n\n\n\n<p><\/p>\n\n\n\n<p><strong>Bons estudos e boa prova!<\/strong><\/p>\n","protected":false},"excerpt":{"rendered":"<p>O concurso C\u00e2mara de Aruj\u00e1 SP est\u00e1 ofertando 5 vagas paras cargos de n\u00edvel superior, com sal\u00e1rios iniciais de at\u00e9 R$15 mil. Confira!<\/p>\n","protected":false},"author":26,"featured_media":52422,"template":"","meta":{"_acf_changed":true,"rank_math_lock_modified_date":false},"categories":[52],"tags":[5237],"acf":[],"_links":{"self":[{"href":"https:\/\/www.editorasolucao.com.br\/blog\/wp-json\/wp\/v2\/concurso\/52421"}],"collection":[{"href":"https:\/\/www.editorasolucao.com.br\/blog\/wp-json\/wp\/v2\/concurso"}],"about":[{"href":"https:\/\/www.editorasolucao.com.br\/blog\/wp-json\/wp\/v2\/types\/concurso"}],"author":[{"embeddable":true,"href":"https:\/\/www.editorasolucao.com.br\/blog\/wp-json\/wp\/v2\/users\/26"}],"wp:featuredmedia":[{"embeddable":true,"href":"https:\/\/www.editorasolucao.com.br\/blog\/wp-json\/wp\/v2\/media\/52422"}],"wp:attachment":[{"href":"https:\/\/www.editorasolucao.com.br\/blog\/wp-json\/wp\/v2\/media?parent=52421"}],"wp:term":[{"taxonomy":"category","embeddable":true,"href":"https:\/\/www.editorasolucao.com.br\/blog\/wp-json\/wp\/v2\/categories?post=52421"},{"taxonomy":"post_tag","embeddable":true,"href":"https:\/\/www.editorasolucao.com.br\/blog\/wp-json\/wp\/v2\/tags?post=52421"}],"curies":[{"name":"wp","href":"https:\/\/api.w.org\/{rel}","templated":true}]}}