{"id":5302,"date":"2019-09-16T14:17:59","date_gmt":"2019-09-16T17:17:59","guid":{"rendered":"https:\/\/www.editorasolucao.com.br\/blog\/?post_type=concurso&#038;p=5302"},"modified":"2019-10-31T09:21:24","modified_gmt":"2019-10-31T12:21:24","slug":"core-mt","status":"publish","type":"concurso","link":"https:\/\/www.editorasolucao.com.br\/blog\/concurso\/core-mt","title":{"rendered":"Concurso CORE-MT 2019: Vagas para n\u00edvel m\u00e9dio e iniciais de at\u00e9 R$ 2,5 mil!"},"content":{"rendered":"\n<p>A <strong>Conselho Regional de Representantes Comerciais (CORE-MT) <\/strong>no estado de <a rel=\"noreferrer noopener\" aria-label=\" (abre em uma nova aba)\" href=\"https:\/\/www.editorasolucao.com.br\/blog\/concursos-abertos-mt\" target=\"_blank\">Mato&nbsp;Grosso&nbsp;<\/a>lan\u00e7ou edital de <strong>concurso p\u00fablico<\/strong> com 07 oportunidades para candidatos com <strong>n\u00edvel m\u00e9dio<\/strong> e vencimentos <a rel=\"noreferrer noopener\" aria-label=\"iniciais  (abre em uma nova aba)\" href=\"http:\/\/www.editorasolucao.com.br\" target=\"_blank\">iniciais <\/a>de at\u00e9 <strong>R$ 2,5 mil<\/strong>!<\/p>\n\n\n\n<p style=\"text-align:center\"><strong><a href=\"https:\/\/www.editorasolucao.com.br\/apostila-solucao\/impresso\/apostila-core-mt-2019-assistente-administrativo\" target=\"_blank\" rel=\"noreferrer noopener\" aria-label=\"Estude com a Apostila CORE-MT 2019 e parcele o pagamento SEM JUROS (abre em uma nova aba)\">Estude com a Apostila CORE-MT 2019 e parcele o pagamento SEM JUROS<\/a><\/strong><\/p>\n\n\n\n<div id=\"ez-toc-container\" class=\"ez-toc-v2_0_69_1 counter-hierarchy ez-toc-counter ez-toc-grey ez-toc-container-direction\">\n<div class=\"ez-toc-title-container\">\n<p class=\"ez-toc-title \" >Menu de navega&ccedil;&atilde;o<\/p>\n<span class=\"ez-toc-title-toggle\"><a href=\"#\" class=\"ez-toc-pull-right ez-toc-btn ez-toc-btn-xs ez-toc-btn-default ez-toc-toggle\" aria-label=\"Toggle Table of Content\"><span class=\"ez-toc-js-icon-con\"><span class=\"\"><span class=\"eztoc-hide\" style=\"display:none;\">Toggle<\/span><span class=\"ez-toc-icon-toggle-span\"><svg style=\"fill: #999;color:#999\" xmlns=\"http:\/\/www.w3.org\/2000\/svg\" class=\"list-377408\" width=\"20px\" height=\"20px\" viewBox=\"0 0 24 24\" fill=\"none\"><path d=\"M6 6H4v2h2V6zm14 0H8v2h12V6zM4 11h2v2H4v-2zm16 0H8v2h12v-2zM4 16h2v2H4v-2zm16 0H8v2h12v-2z\" fill=\"currentColor\"><\/path><\/svg><svg style=\"fill: #999;color:#999\" class=\"arrow-unsorted-368013\" xmlns=\"http:\/\/www.w3.org\/2000\/svg\" width=\"10px\" height=\"10px\" viewBox=\"0 0 24 24\" version=\"1.2\" baseProfile=\"tiny\"><path d=\"M18.2 9.3l-6.2-6.3-6.2 6.3c-.2.2-.3.4-.3.7s.1.5.3.7c.2.2.4.3.7.3h11c.3 0 .5-.1.7-.3.2-.2.3-.5.3-.7s-.1-.5-.3-.7zM5.8 14.7l6.2 6.3 6.2-6.3c.2-.2.3-.5.3-.7s-.1-.5-.3-.7c-.2-.2-.4-.3-.7-.3h-11c-.3 0-.5.1-.7.3-.2.2-.3.5-.3.7s.1.5.3.7z\"\/><\/svg><\/span><\/span><\/span><\/a><\/span><\/div>\n<nav><ul class='ez-toc-list ez-toc-list-level-1 ' ><li class='ez-toc-page-1 ez-toc-heading-level-2'><a class=\"ez-toc-link ez-toc-heading-1\" href=\"https:\/\/www.editorasolucao.com.br\/blog\/concurso\/core-mt\/#Como_fazer_a_inscricao_do_concurso_CORE-MT\" title=\"Como fazer a inscri\u00e7\u00e3o do concurso CORE-MT\">Como fazer a inscri\u00e7\u00e3o do concurso CORE-MT<\/a><\/li><li class='ez-toc-page-1 ez-toc-heading-level-2'><a class=\"ez-toc-link ez-toc-heading-2\" href=\"https:\/\/www.editorasolucao.com.br\/blog\/concurso\/core-mt\/#Cargos_vagas_e_salarios_do_concurso_CORE_MT\" title=\"Cargos, vagas e sal\u00e1rios do concurso CORE&nbsp;MT\">Cargos, vagas e sal\u00e1rios do concurso CORE&nbsp;MT<\/a><\/li><li class='ez-toc-page-1 ez-toc-heading-level-2'><a class=\"ez-toc-link ez-toc-heading-3\" href=\"https:\/\/www.editorasolucao.com.br\/blog\/concurso\/core-mt\/#Como_serao_as_provas_do_concurso\" title=\"Como ser\u00e3o as provas do concurso?\">Como ser\u00e3o as provas do concurso?<\/a><\/li><li class='ez-toc-page-1 ez-toc-heading-level-2'><a class=\"ez-toc-link ez-toc-heading-4\" href=\"https:\/\/www.editorasolucao.com.br\/blog\/concurso\/core-mt\/#O_que_faz_um_Assistente_Administrativo\" title=\"O que faz um Assistente Administrativo?\">O que faz um Assistente Administrativo?<\/a><\/li><\/ul><\/nav><\/div>\n<h2 class=\"wp-block-heading\"><span class=\"ez-toc-section\" id=\"Como_fazer_a_inscricao_do_concurso_CORE-MT\"><\/span><strong>Como fazer a inscri\u00e7\u00e3o do concurso CORE-MT<\/strong><span class=\"ez-toc-section-end\"><\/span><\/h2>\n\n\n\n<p>Para participar, acesse o site da banca organizadora, <a rel=\"noreferrer noopener\" aria-label=\"Instituto Excel\u00eancia (abre em uma nova aba)\" href=\"http:\/\/www.institutoexcelenciapr.com.br\" target=\"_blank\">Instituto Excel\u00eancia<\/a>,<strong>\u00a0<\/strong>a partir do dia <strong>16 de setembro at\u00e9 o dia 17 de novembro de 2019<\/strong>. A taxa de participa\u00e7\u00e3o est\u00e1 fixada no valor de <strong>R$ 48,00<\/strong>.<\/p>\n\n\n\n<p>Confira todos os detalhes sobre o concurso para que voc\u00ea possa iniciar sua prepara\u00e7\u00e3o.<br><\/p>\n\n\n\n<h2 class=\"wp-block-heading\"><span class=\"ez-toc-section\" id=\"Cargos_vagas_e_salarios_do_concurso_CORE_MT\"><\/span><strong>Cargos, vagas e sal\u00e1rios do concurso CORE&nbsp;MT<\/strong><br><span class=\"ez-toc-section-end\"><\/span><\/h2>\n\n\n\n<p>As<strong>&nbsp;oportunidades<\/strong> s\u00e3o para candidatos de n\u00edvel m\u00e9dio destinadas aos cargos de <a href=\"https:\/\/www.editorasolucao.com.br\/apostila-solucao\/impresso\/apostila-core-mt-2019-assistente-administrativo\" target=\"_blank\" rel=\"noreferrer noopener\" aria-label=\"Assistente Administrativo  (abre em uma nova aba)\">Assistente Administrativo <\/a>(5) e Fiscal (2).<\/p>\n\n\n\n<p>A remunera\u00e7\u00e3o inicial varia de <strong>R$ 1.800,00&nbsp;a&nbsp;R$&nbsp;2.500,00<\/strong>. A jornada de trabalho ser\u00e1 de 40 horas semanais. <\/p>\n\n\n\n<h2 class=\"wp-block-heading\"><span class=\"ez-toc-section\" id=\"Como_serao_as_provas_do_concurso\"><\/span><strong>Como ser\u00e3o as provas do concurso?<\/strong><br><span class=\"ez-toc-section-end\"><\/span><\/h2>\n\n\n\n<p>O processo de avalia\u00e7\u00e3o dos candidatos se dar\u00e1 por meio de prova objetiva a ser aplicada no dia <strong>01 de dezembro de 2019<\/strong>. Os locais e hor\u00e1rios de prova ser\u00e3o divulgados com anteced\u00eancia de at\u00e9 3 dias.<\/p>\n\n\n\n<p>As provas objetivas ser\u00e3o compostas por 40 quest\u00f5es de m\u00faltipla escolha e versar\u00e3o sobre as disciplinas de:<\/p>\n\n\n\n<div class=\"wp-block-image\"><figure class=\"aligncenter\"><img loading=\"lazy\" decoding=\"async\" width=\"501\" height=\"113\" src=\"https:\/\/www.editorasolucao.com.br\/blog\/wp-content\/uploads\/2019\/09\/3-16.png\" alt=\"\" class=\"wp-image-5303\"\/><\/figure><\/div>\n\n\n\n<h2 class=\"wp-block-heading\"><span class=\"ez-toc-section\" id=\"O_que_faz_um_Assistente_Administrativo\"><\/span><strong>O que faz um Assistente Administrativo?<\/strong><span class=\"ez-toc-section-end\"><\/span><\/h2>\n\n\n\n<p>\u00c9 responsabilidade do cargo de Assistente Administrativo:<\/p>\n\n\n\n<p>Executar servi\u00e7os de apoio nas unidades administrativas do CORE-MT; Tratar documentos variados, cumprindo todo o procedimento necess\u00e1rio referente aos mesmos; Executar servi\u00e7os gerais de escrit\u00f3rio; Preencher formul\u00e1rios diversos, consultando fontes de informa\u00e7\u00f5es dispon\u00edveis, para possibilitar a apresenta\u00e7\u00e3o de dados solicitados; Digitar relat\u00f3rio, formul\u00e1rios e planilhas, coletando dados e efetuando c\u00e1lculos; arquivar c\u00f3pia de documento emitida colocando-os em postos apropriados, para permitir eventuais consultas e levantamento de informa\u00e7\u00f5es; Realizar levantamento do estoque de material existente, examinado registros efetuados , para proceder, caso necess\u00e1rio, \u00e1 sua reposi\u00e7\u00e3o; Conferir o material recebido, confrontando-o com dados contidos na requisi\u00e7\u00e3o, examinando-os, testando-os, para encaminh\u00e1-los ao setor requisitante; Auxiliar, em caso de necessidade, na execu\u00e7\u00e3o de trabalhos relativos \u00e1 administra\u00e7\u00e3o de material e patrim\u00f4nio, realizando levantamento e fixando plaquetas, para propiciar o efetivo controle dos bens existentes; Tratar documentos, registrando sua entrada e sa\u00edda, conferindo notas fiscais e faturas de pagamentos, conferindo dados e datas, verificando \u2013 os conforme normas e identificando irregularidades nos mesmos, conferindo c\u00e1lculos, classificando os segundo crit\u00e9rios pr\u00e9-estabelecidos, distribuindo e arquivando-os conforme procedimento; Prestar apoio log\u00edstico, controlando e distribuindo mat\u00e9rias de expediente, levantando a necessidade, requisitando e solicitando a reposi\u00e7\u00e3o dos mesmos, conferindo e providenciando a devolu\u00e7\u00e3o das mat\u00e9rias fora da especifica\u00e7\u00e3o, controlando expedi\u00e7\u00e3o de malotes e recebimentos, controlando a execu\u00e7\u00e3o de servi\u00e7os gerais, como: limpeza, transporte e vigil\u00e2ncia e efetuando pesquisas de pre\u00e7os; Executar outras tarefas semelhantes em complexidade e natureza \u00e1s anteriormente descritas, por necessidade do trabalho e\/ou por solicita\u00e7\u00e3o superior.<\/p>\n\n\n\n<p style=\"text-align:center\"><strong><a href=\"https:\/\/www.editorasolucao.com.br\/apostila-solucao\/impresso\/apostila-core-mt-2019-assistente-administrativo\" target=\"_blank\" rel=\"noreferrer noopener\">Estude com a Apostila CORE-MT 2019 e parcele o pagamento SEM JUROS<\/a><\/strong><\/p>\n","protected":false},"excerpt":{"rendered":"<p>A Conselho Regional de Representantes Comerciais (CORE-MT) no estado de Mato&nbsp;Grosso&nbsp;lan\u00e7ou edital de concurso p\u00fablico com 07 oportunidades para candidatos com n\u00edvel m\u00e9dio e vencimentos iniciais de at\u00e9 R$ 2,5 mil! Estude com a Apostila CORE-MT 2019 e parcele o pagamento SEM JUROS Como fazer a inscri\u00e7\u00e3o do concurso CORE-MT Para participar, acesse o site da banca organizadora, Instituto Excel\u00eancia,\u00a0a partir do dia 16 de setembro at\u00e9 o dia 17 de novembro de 2019. A taxa de participa\u00e7\u00e3o est\u00e1 fixada no valor de R$ 48,00. Confira todos os detalhes sobre o concurso para que voc\u00ea possa iniciar sua prepara\u00e7\u00e3o. Cargos,&#8230;<\/p>\n","protected":false},"author":3,"featured_media":2749,"template":"","meta":{"_acf_changed":false,"rank_math_lock_modified_date":false},"categories":[],"tags":[],"acf":[],"_links":{"self":[{"href":"https:\/\/www.editorasolucao.com.br\/blog\/wp-json\/wp\/v2\/concurso\/5302"}],"collection":[{"href":"https:\/\/www.editorasolucao.com.br\/blog\/wp-json\/wp\/v2\/concurso"}],"about":[{"href":"https:\/\/www.editorasolucao.com.br\/blog\/wp-json\/wp\/v2\/types\/concurso"}],"author":[{"embeddable":true,"href":"https:\/\/www.editorasolucao.com.br\/blog\/wp-json\/wp\/v2\/users\/3"}],"wp:featuredmedia":[{"embeddable":true,"href":"https:\/\/www.editorasolucao.com.br\/blog\/wp-json\/wp\/v2\/media\/2749"}],"wp:attachment":[{"href":"https:\/\/www.editorasolucao.com.br\/blog\/wp-json\/wp\/v2\/media?parent=5302"}],"wp:term":[{"taxonomy":"category","embeddable":true,"href":"https:\/\/www.editorasolucao.com.br\/blog\/wp-json\/wp\/v2\/categories?post=5302"},{"taxonomy":"post_tag","embeddable":true,"href":"https:\/\/www.editorasolucao.com.br\/blog\/wp-json\/wp\/v2\/tags?post=5302"}],"curies":[{"name":"wp","href":"https:\/\/api.w.org\/{rel}","templated":true}]}}