{"id":54278,"date":"2026-08-31T09:10:29","date_gmt":"2026-08-31T12:10:29","guid":{"rendered":"https:\/\/www.editorasolucao.com.br\/blog\/?post_type=concurso&#038;p=54278"},"modified":"2026-08-31T09:10:34","modified_gmt":"2026-08-31T12:10:34","slug":"camara-de-sao-joaquim-sc","status":"publish","type":"concurso","link":"https:\/\/www.editorasolucao.com.br\/blog\/concurso\/camara-de-sao-joaquim-sc","title":{"rendered":"Concurso C\u00e2mara de S\u00e3o Joaquim SC: Edital passa por retifica\u00e7\u00e3o, confira!"},"content":{"rendered":"\n<p>O concurso C\u00e2mara de S\u00e3o Joaquim SC teve edital publicado e passou por uma retifica\u00e7\u00e3o! S\u00e3o ofertadas <strong>2 vagas imediatas, <\/strong>al\u00e9m de<strong> cadastro reserva, <\/strong>para cargos de <strong>n\u00edveis m\u00e9dio <\/strong>e<strong> superior.<\/strong> Os sal\u00e1rios iniciais variam de <strong>R$4.726,66<\/strong> a <strong>R$9.870,45<\/strong>. As inscri\u00e7\u00f5es seguem abertas at\u00e9 <strong>27 de setembro<\/strong>, enquanto a prova objetiva acontecer\u00e1 em<strong> 11 de outubro de 2026<\/strong>. Para se preparar, confira os detalhes do edital!<\/p>\n\n\n\n<div id=\"ez-toc-container\" class=\"ez-toc-v2_0_69_1 counter-hierarchy ez-toc-counter ez-toc-grey ez-toc-container-direction\">\n<div class=\"ez-toc-title-container\">\n<p class=\"ez-toc-title \" >Menu de navega&ccedil;&atilde;o<\/p>\n<span class=\"ez-toc-title-toggle\"><a href=\"#\" class=\"ez-toc-pull-right ez-toc-btn ez-toc-btn-xs ez-toc-btn-default ez-toc-toggle\" aria-label=\"Toggle Table of Content\"><span class=\"ez-toc-js-icon-con\"><span class=\"\"><span class=\"eztoc-hide\" style=\"display:none;\">Toggle<\/span><span class=\"ez-toc-icon-toggle-span\"><svg style=\"fill: #999;color:#999\" xmlns=\"http:\/\/www.w3.org\/2000\/svg\" class=\"list-377408\" width=\"20px\" height=\"20px\" viewBox=\"0 0 24 24\" fill=\"none\"><path d=\"M6 6H4v2h2V6zm14 0H8v2h12V6zM4 11h2v2H4v-2zm16 0H8v2h12v-2zM4 16h2v2H4v-2zm16 0H8v2h12v-2z\" fill=\"currentColor\"><\/path><\/svg><svg style=\"fill: #999;color:#999\" class=\"arrow-unsorted-368013\" xmlns=\"http:\/\/www.w3.org\/2000\/svg\" width=\"10px\" height=\"10px\" viewBox=\"0 0 24 24\" version=\"1.2\" baseProfile=\"tiny\"><path d=\"M18.2 9.3l-6.2-6.3-6.2 6.3c-.2.2-.3.4-.3.7s.1.5.3.7c.2.2.4.3.7.3h11c.3 0 .5-.1.7-.3.2-.2.3-.5.3-.7s-.1-.5-.3-.7zM5.8 14.7l6.2 6.3 6.2-6.3c.2-.2.3-.5.3-.7s-.1-.5-.3-.7c-.2-.2-.4-.3-.7-.3h-11c-.3 0-.5.1-.7.3-.2.2-.3.5-.3.7s.1.5.3.7z\"\/><\/svg><\/span><\/span><\/span><\/a><\/span><\/div>\n<nav><ul class='ez-toc-list ez-toc-list-level-1 ' ><li class='ez-toc-page-1 ez-toc-heading-level-2'><a class=\"ez-toc-link ez-toc-heading-1\" href=\"https:\/\/www.editorasolucao.com.br\/blog\/concurso\/camara-de-sao-joaquim-sc\/#Como_se_inscrever_no_concurso_Camara_de_Sao_Joaquim_SC\" title=\"Como se inscrever no concurso C\u00e2mara de S\u00e3o Joaquim SC?\">Como se inscrever no concurso C\u00e2mara de S\u00e3o Joaquim SC?<\/a><\/li><li class='ez-toc-page-1 ez-toc-heading-level-2'><a class=\"ez-toc-link ez-toc-heading-2\" href=\"https:\/\/www.editorasolucao.com.br\/blog\/concurso\/camara-de-sao-joaquim-sc\/#Cargos_vagas_e_salarios\" title=\"Cargos, vagas e sal\u00e1rios\">Cargos, vagas e sal\u00e1rios<\/a><\/li><li class='ez-toc-page-1 ez-toc-heading-level-2'><a class=\"ez-toc-link ez-toc-heading-3\" href=\"https:\/\/www.editorasolucao.com.br\/blog\/concurso\/camara-de-sao-joaquim-sc\/#Requisitos_para_investidura_do_cargo\" title=\"Requisitos para investidura do cargo\">Requisitos para investidura do cargo<\/a><\/li><li class='ez-toc-page-1 ez-toc-heading-level-2'><a class=\"ez-toc-link ez-toc-heading-4\" href=\"https:\/\/www.editorasolucao.com.br\/blog\/concurso\/camara-de-sao-joaquim-sc\/#Etapas_de_selecao_do_concurso_Camara_de_Sao_Joaquim_SC\" title=\"Etapas de sele\u00e7\u00e3o do concurso C\u00e2mara de S\u00e3o Joaquim SC\">Etapas de sele\u00e7\u00e3o do concurso C\u00e2mara de S\u00e3o Joaquim SC<\/a><\/li><\/ul><\/nav><\/div>\n<h2 class=\"wp-block-heading\"><span class=\"ez-toc-section\" id=\"Como_se_inscrever_no_concurso_Camara_de_Sao_Joaquim_SC\"><\/span>Como se inscrever no concurso C\u00e2mara de S\u00e3o Joaquim SC?<span class=\"ez-toc-section-end\"><\/span><\/h2>\n\n\n\n<p>As inscri\u00e7\u00f5es para o concurso C\u00e2mara de S\u00e3o Joaquim SC j\u00e1 est\u00e3o abertas e devem ser realizadas exclusivamente pela internet, no site da <a href=\"https:\/\/www.acesseconcursossc.com.br\/concursos\/publicacoes\/C%C3%82MARA+DE+VEREADORES+DE+S%C3%83O+JOAQUIM\/466\" target=\"_blank\" rel=\"noreferrer noopener\">Acesse Concursos,<\/a> at\u00e9 as <strong>17h do dia 27 de setembro de 2026<\/strong>. <\/p>\n\n\n\n<p>Para participar, o candidato deve acessar a p\u00e1gina do concurso, fazer ou criar seu cadastro, selecionar o cargo pretendido, preencher as informa\u00e7\u00f5es solicitadas, aceitar os termos do edital e finalizar a inscri\u00e7\u00e3o. Depois disso, ser\u00e1 poss\u00edvel emitir o boleto para pagamento da taxa.<\/p>\n\n\n\n<p>Os valores s\u00e3o de <strong>R$100,00<\/strong> para Secret\u00e1rio(a) e <strong>R$150,00 <\/strong>para Assessor de Contabilidade e Assessor Jur\u00eddico. O boleto poder\u00e1 ser emitido e pago at\u00e9 <strong>28 de setembro de 2026<\/strong>. <\/p>\n\n\n\n<h3 class=\"wp-block-heading\">Isen\u00e7\u00e3o da taxa<\/h3>\n\n\n\n<p>Os pedidos de isen\u00e7\u00e3o da taxa de inscri\u00e7\u00e3o podem ser feitos at\u00e9 o dia <strong>11 de setembro de 2026<\/strong>, mediante envio da documenta\u00e7\u00e3o exigida durante a inscri\u00e7\u00e3o.<\/p>\n\n\n\n<p>O benef\u00edcio \u00e9 destinado a doadores de sangue, doadores de medula \u00f3ssea e integrantes de associa\u00e7\u00f5es de doadores que contribuam comprovadamente para estimular a doa\u00e7\u00e3o. <\/p>\n\n\n\n<p>Para doadores de sangue, \u00e9 necess\u00e1rio comprovar pelo menos tr\u00eas doa\u00e7\u00f5es nos 12 meses anteriores \u00e0 abertura do edital. J\u00e1 o doador de medula deve apresentar comprovante de inscri\u00e7\u00e3o no REDOME.<\/p>\n\n\n\n<h2 class=\"wp-block-heading\"><span class=\"ez-toc-section\" id=\"Cargos_vagas_e_salarios\"><\/span>Cargos, vagas e sal\u00e1rios<span class=\"ez-toc-section-end\"><\/span><\/h2>\n\n\n\n<p>O concurso C\u00e2mara de S\u00e3o Joaquim SC re\u00fane <strong>2 vagas imediatas <\/strong>e<strong> cadastro reserva<\/strong> para tr\u00eas cargos. As oportunidades contemplam os <strong>n\u00edveis m\u00e9dio e superior<\/strong>, com jornadas entre 20 e 30 horas semanais e sal\u00e1rios de <strong>R$4.726,66 <\/strong>a<strong> R$9.870,45<\/strong>.<\/p>\n\n\n\n<p>Confira a distribui\u00e7\u00e3o das oportunidades:<\/p>\n\n\n\n<p><strong>N\u00edvel m\u00e9dio<\/strong><\/p>\n\n\n\n<ul>\n<li>Secret\u00e1rio(a): CR<br>R$ 4.726,66<\/li>\n<\/ul>\n\n\n\n<p><strong>N\u00edvel superior<\/strong><\/p>\n\n\n\n<ul>\n<li>Assessor de Contabilidade: 1 vaga + CR<br>R$ 6.169,04<\/li>\n\n\n\n<li>Assessor Jur\u00eddico: 1 vaga + CR<br>R$ 9.870,45<\/li>\n<\/ul>\n\n\n\n<h3 class=\"wp-block-heading\">Benef\u00edcios<\/h3>\n\n\n\n<p>Al\u00e9m do sal\u00e1rio, os aprovados no concurso C\u00e2mara de S\u00e3o Joaquim SC ter\u00e3o direito a aux\u00edlio-alimenta\u00e7\u00e3o de <strong>R$1.251,12<\/strong>, conforme a legisla\u00e7\u00e3o municipal.<\/p>\n\n\n\n<p><strong>Para quem vai iniciar a prepara\u00e7\u00e3o, a&nbsp;<a href=\"https:\/\/www.editorasolucao.com.br\/apostila\/concursos-basico\">Apostila: O B\u00e1sico para Concursos<\/a>&nbsp;j\u00e1 est\u00e1 dispon\u00edvel com conte\u00fado completo e atualizado!<\/strong><\/p>\n\n\n\n<h2 class=\"wp-block-heading\"><span class=\"ez-toc-section\" id=\"Requisitos_para_investidura_do_cargo\"><\/span>Requisitos para investidura do cargo<span class=\"ez-toc-section-end\"><\/span><\/h2>\n\n\n\n<p>De acordo com o edital do concurso C\u00e2mara de S\u00e3o Joaquim SC, esses s\u00e3o os requisitos b\u00e1sicos exigidos para a nomea\u00e7\u00e3o e posse dos cargos ofertados:<\/p>\n\n\n\n<ul>\n<li>Ter nacionalidade brasileira ou equivalente;<\/li>\n\n\n\n<li>Ter idade m\u00ednima de 18 (dezoito) anos;<\/li>\n\n\n\n<li>Ser aprovado no Concurso P\u00fablico.<\/li>\n<\/ul>\n\n\n\n<p><\/p>\n\n\n\n<p>Al\u00e9m da apresenta\u00e7\u00e3o dos seguintes docuemntos:<\/p>\n\n\n\n<ul>\n<li>Comprovante de habilita\u00e7\u00e3o m\u00ednima exigida pelo Edital; <\/li>\n\n\n\n<li>Carteira de Identidade; <\/li>\n\n\n\n<li>Cadastro de Pessoa F\u00edsica \u2013 CPF; <\/li>\n\n\n\n<li>T\u00edtulo de Eleitor e comprovante de quita\u00e7\u00e3o eleitoral; <\/li>\n\n\n\n<li>Carteira de Reservista ou equivalente (somente para os candidatos do sexo masculino); <\/li>\n\n\n\n<li>Comprovante de escolaridade e da forma\u00e7\u00e3o exigida para o cargo; <\/li>\n\n\n\n<li>Certid\u00e3o de nascimento e CPF dos filhos menores de 21 anos; <\/li>\n\n\n\n<li>Certid\u00e3o de nascimento e CPF dos filhos menores de 14 anos;<\/li>\n\n\n\n<li>Certid\u00e3o de casamento ou uni\u00e3o est\u00e1vel; <\/li>\n\n\n\n<li>PIS\/PASEP; <\/li>\n\n\n\n<li>Declara\u00e7\u00e3o de n\u00e3o acumula\u00e7\u00e3o ilegal de cargo, fun\u00e7\u00e3o, emprego ou percep\u00e7\u00e3o de proventos, fornecida pelo candidato; <\/li>\n\n\n\n<li>Declara\u00e7\u00e3o de n\u00e3o ter sofrido, no exerc\u00edcio de fun\u00e7\u00e3o p\u00fablica, penalidades disciplinares, conforme legisla\u00e7\u00e3o aplic\u00e1vel; <\/li>\n\n\n\n<li>Declara\u00e7\u00e3o de bens e valores ou c\u00f3pia da Declara\u00e7\u00e3o entregue a Receita Federal caso tenha declarado; <\/li>\n\n\n\n<li>C\u00f3pia da Carteira de Trabalho (frente e verso);<\/li>\n\n\n\n<li>Comprovante de endere\u00e7o atualizado no pr\u00f3prio nome, ou em nome de: (pai, m\u00e3e, marido). <\/li>\n\n\n\n<li>Comprovante de qualifica\u00e7\u00e3o cadastral do e-Social. (http:\/\/consultacadastral.inss.gov.br\/Esocial\/pages\/index.xhtml) <\/li>\n\n\n\n<li>Certid\u00e3o negativa de a\u00e7\u00f5es criminais (expedidas pelo Tribunal de Justi\u00e7a de Santa Catarina &#8211; SAJ e EPROC. Comarca em que reside, emitidas pelos sites: e ; <\/li>\n\n\n\n<li>Comprovante de situa\u00e7\u00e3o cadastral do CPF (https:\/\/servicos.receita.fazenda.gov.br\/servicos\/cpf\/consultasituacao\/consultapublica.asp) s) Declara\u00e7\u00e3o de dependentes IRRF.<\/li>\n<\/ul>\n\n\n\n<figure class=\"wp-block-image size-large\"><img loading=\"lazy\" decoding=\"async\" width=\"1000\" height=\"480\" src=\"https:\/\/www.editorasolucao.com.br\/blog\/wp-content\/uploads\/2026\/08\/mao-fazendo-prova-4-1000x480.webp\" alt=\"m\u00e3o fazendo a prova do concurso C\u00e2mara de S\u00e3o Joaquim SC com uma caneta prata\" class=\"wp-image-54281\"\/><figcaption class=\"wp-element-caption\"><em>O concurso C\u00e2mara de S\u00e3o Joaquim SC est\u00e1 com inscri\u00e7\u00f5es abertas!<\/em><\/figcaption><\/figure>\n\n\n\n<h2 class=\"wp-block-heading\"><span class=\"ez-toc-section\" id=\"Etapas_de_selecao_do_concurso_Camara_de_Sao_Joaquim_SC\"><\/span>Etapas de sele\u00e7\u00e3o do concurso C\u00e2mara de S\u00e3o Joaquim SC<span class=\"ez-toc-section-end\"><\/span><\/h2>\n\n\n\n<p>A sele\u00e7\u00e3o dos candidatos no concurso C\u00e2mara de S\u00e3o Joaquim SC ser\u00e1 realizada em etapa \u00fanica, composta por <strong>prova objetiva<\/strong>, de car\u00e1ter eliminat\u00f3rio e classificat\u00f3rio, para todos os cargos.<\/p>\n\n\n\n<h3 class=\"wp-block-heading\">Prova objetiva<\/h3>\n\n\n\n<p>A prova objetiva ser\u00e1 aplicada no dia <strong>11 de outubro de 2026<\/strong>. O local e o hor\u00e1rio ser\u00e3o divulgados juntamente com a homologa\u00e7\u00e3o das inscri\u00e7\u00f5es.<\/p>\n\n\n\n<p>A avalia\u00e7\u00e3o ser\u00e1 composta por 40 quest\u00f5es de m\u00faltipla escolha, com quatro alternativas e apenas uma resposta correta. A distribui\u00e7\u00e3o ser\u00e1:<\/p>\n\n\n\n<ul>\n<li><strong>L\u00edngua Portuguesa:<\/strong> 4 quest\u00f5es;<\/li>\n\n\n\n<li><strong>Matem\u00e1tica:<\/strong> 3 quest\u00f5es;<\/li>\n\n\n\n<li><strong>Inform\u00e1tica:<\/strong> 3 quest\u00f5es;<\/li>\n\n\n\n<li><strong>Conhecimentos Espec\u00edficos:<\/strong> 20 quest\u00f5es;<\/li>\n\n\n\n<li><strong>Legisla\u00e7\u00e3o:<\/strong> 10 quest\u00f5es.<\/li>\n<\/ul>\n\n\n\n<p><\/p>\n\n\n\n<p>A prova valer\u00e1 10 pontos. Para ser considerado aprovado, o candidato dever\u00e1 obter nota igual ou superior a 5 pontos. Quem ficar abaixo desse resultado ser\u00e1 eliminado do concurso.<\/p>\n\n\n\n<p>O resultado final est\u00e1 previsto para <strong>10 de novembro de 2026<\/strong>, enquanto a homologa\u00e7\u00e3o do concurso dever\u00e1 ocorrer em <strong>11 de novembro de 2026<\/strong>.<\/p>\n\n\n\n<h4 class=\"wp-block-heading\">N\u00f3s temos a Solu\u00e7\u00e3o<\/h4>\n\n\n\n<p>Quer ser aprovado no concurso C\u00e2mara de S\u00e3o Joaquim SC, mas n\u00e3o sabe por onde come\u00e7ar a estudar? N\u00f3s temos a Solu\u00e7\u00e3o! Elaboramos diversos materiais completos e direcionados, que te ajudar\u00e3o a conquistar a t\u00e3o sonhada vaga!<\/p>\n\n\n\n<p><strong>Confira:&nbsp;<a href=\"https:\/\/www.editorasolucao.com.br\/apostila\/concursos-basico\">Materiais preparat\u00f3rios!<\/a><\/strong><\/p>\n\n\n\n<p><strong>Bons estudos e boa prova!<\/strong><\/p>\n","protected":false},"excerpt":{"rendered":"<p>O concurso C\u00e2mara de S\u00e3o Joaquim SC est\u00e1 ofertando 2 vagas para cargos de n\u00edveis m\u00e9dio e superior, com sal\u00e1rios iniciais at\u00e9 R$9 mil. Confira!<\/p>\n","protected":false},"author":26,"featured_media":54280,"template":"","meta":{"_acf_changed":true,"rank_math_lock_modified_date":false},"categories":[52],"tags":[5444],"acf":[],"_links":{"self":[{"href":"https:\/\/www.editorasolucao.com.br\/blog\/wp-json\/wp\/v2\/concurso\/54278"}],"collection":[{"href":"https:\/\/www.editorasolucao.com.br\/blog\/wp-json\/wp\/v2\/concurso"}],"about":[{"href":"https:\/\/www.editorasolucao.com.br\/blog\/wp-json\/wp\/v2\/types\/concurso"}],"author":[{"embeddable":true,"href":"https:\/\/www.editorasolucao.com.br\/blog\/wp-json\/wp\/v2\/users\/26"}],"wp:featuredmedia":[{"embeddable":true,"href":"https:\/\/www.editorasolucao.com.br\/blog\/wp-json\/wp\/v2\/media\/54280"}],"wp:attachment":[{"href":"https:\/\/www.editorasolucao.com.br\/blog\/wp-json\/wp\/v2\/media?parent=54278"}],"wp:term":[{"taxonomy":"category","embeddable":true,"href":"https:\/\/www.editorasolucao.com.br\/blog\/wp-json\/wp\/v2\/categories?post=54278"},{"taxonomy":"post_tag","embeddable":true,"href":"https:\/\/www.editorasolucao.com.br\/blog\/wp-json\/wp\/v2\/tags?post=54278"}],"curies":[{"name":"wp","href":"https:\/\/api.w.org\/{rel}","templated":true}]}}