{"id":54304,"date":"2026-09-01T08:59:24","date_gmt":"2026-09-01T11:59:24","guid":{"rendered":"https:\/\/www.editorasolucao.com.br\/blog\/?post_type=concurso&#038;p=54304"},"modified":"2026-09-01T08:59:30","modified_gmt":"2026-09-01T11:59:30","slug":"seplag-rj","status":"publish","type":"concurso","link":"https:\/\/www.editorasolucao.com.br\/blog\/concurso\/seplag-rj","title":{"rendered":"Concurso Seplag RJ 2026: Saiu o edital; 60 vagas e iniciais de at\u00e9 R$14 mil!"},"content":{"rendered":"\n<p>O edital do concurso Seplag RJ 2026 foi publicado com <strong>60 vagas imediatas<\/strong> para os cargos de <strong>Especialista em Pol\u00edticas P\u00fablicas e Gest\u00e3o Governamental<\/strong> e <strong>Analista de Planejamento e Or\u00e7amento<\/strong>, ambos de <strong>n\u00edvel superior<\/strong>. As remunera\u00e7\u00f5es podem chegar a <strong>R$14.387,75<\/strong>. As inscri\u00e7\u00f5es v\u00e3o de <strong>10 de setembro <\/strong>a<strong> 8 de outubro<\/strong>, enquanto as provas est\u00e3o previstas para <strong>29 de novembro de 2026<\/strong>. Para se preparar, confira os detalhes do edital!<\/p>\n\n\n\n<div id=\"ez-toc-container\" class=\"ez-toc-v2_0_69_1 counter-hierarchy ez-toc-counter ez-toc-grey ez-toc-container-direction\">\n<div class=\"ez-toc-title-container\">\n<p class=\"ez-toc-title \" >Menu de navega&ccedil;&atilde;o<\/p>\n<span class=\"ez-toc-title-toggle\"><a href=\"#\" class=\"ez-toc-pull-right ez-toc-btn ez-toc-btn-xs ez-toc-btn-default ez-toc-toggle\" aria-label=\"Toggle Table of Content\"><span class=\"ez-toc-js-icon-con\"><span class=\"\"><span class=\"eztoc-hide\" style=\"display:none;\">Toggle<\/span><span class=\"ez-toc-icon-toggle-span\"><svg style=\"fill: #999;color:#999\" xmlns=\"http:\/\/www.w3.org\/2000\/svg\" class=\"list-377408\" width=\"20px\" height=\"20px\" viewBox=\"0 0 24 24\" fill=\"none\"><path d=\"M6 6H4v2h2V6zm14 0H8v2h12V6zM4 11h2v2H4v-2zm16 0H8v2h12v-2zM4 16h2v2H4v-2zm16 0H8v2h12v-2z\" fill=\"currentColor\"><\/path><\/svg><svg style=\"fill: #999;color:#999\" class=\"arrow-unsorted-368013\" xmlns=\"http:\/\/www.w3.org\/2000\/svg\" width=\"10px\" height=\"10px\" viewBox=\"0 0 24 24\" version=\"1.2\" baseProfile=\"tiny\"><path d=\"M18.2 9.3l-6.2-6.3-6.2 6.3c-.2.2-.3.4-.3.7s.1.5.3.7c.2.2.4.3.7.3h11c.3 0 .5-.1.7-.3.2-.2.3-.5.3-.7s-.1-.5-.3-.7zM5.8 14.7l6.2 6.3 6.2-6.3c.2-.2.3-.5.3-.7s-.1-.5-.3-.7c-.2-.2-.4-.3-.7-.3h-11c-.3 0-.5.1-.7.3-.2.2-.3.5-.3.7s.1.5.3.7z\"\/><\/svg><\/span><\/span><\/span><\/a><\/span><\/div>\n<nav><ul class='ez-toc-list ez-toc-list-level-1 ' ><li class='ez-toc-page-1 ez-toc-heading-level-2'><a class=\"ez-toc-link ez-toc-heading-1\" href=\"https:\/\/www.editorasolucao.com.br\/blog\/concurso\/seplag-rj\/#Como_se_inscrever_no_concurso_Seplag_RJ_2026\" title=\"Como se inscrever no concurso Seplag RJ 2026?\">Como se inscrever no concurso Seplag RJ 2026?<\/a><\/li><li class='ez-toc-page-1 ez-toc-heading-level-2'><a class=\"ez-toc-link ez-toc-heading-2\" href=\"https:\/\/www.editorasolucao.com.br\/blog\/concurso\/seplag-rj\/#Cargos_vagas_e_salarios\" title=\"Cargos, vagas e sal\u00e1rios\">Cargos, vagas e sal\u00e1rios<\/a><\/li><li class='ez-toc-page-1 ez-toc-heading-level-2'><a class=\"ez-toc-link ez-toc-heading-3\" href=\"https:\/\/www.editorasolucao.com.br\/blog\/concurso\/seplag-rj\/#O_que_faz_um_Especialista_em_Politicas_Publicas_e_Gestao_Governamental\" title=\"O que faz um Especialista em Pol\u00edticas P\u00fablicas e Gest\u00e3o Governamental?\">O que faz um Especialista em Pol\u00edticas P\u00fablicas e Gest\u00e3o Governamental?<\/a><\/li><li class='ez-toc-page-1 ez-toc-heading-level-2'><a class=\"ez-toc-link ez-toc-heading-4\" href=\"https:\/\/www.editorasolucao.com.br\/blog\/concurso\/seplag-rj\/#O_que_faz_um_Analista_de_Planejamento_e_Orcamento\" title=\"O que faz um Analista de Planejamento e Or\u00e7amento?\">O que faz um Analista de Planejamento e Or\u00e7amento?<\/a><\/li><li class='ez-toc-page-1 ez-toc-heading-level-2'><a class=\"ez-toc-link ez-toc-heading-5\" href=\"https:\/\/www.editorasolucao.com.br\/blog\/concurso\/seplag-rj\/#Requisitos_para_investidura_do_cargo\" title=\"Requisitos para investidura do cargo\">Requisitos para investidura do cargo<\/a><\/li><li class='ez-toc-page-1 ez-toc-heading-level-2'><a class=\"ez-toc-link ez-toc-heading-6\" href=\"https:\/\/www.editorasolucao.com.br\/blog\/concurso\/seplag-rj\/#Etapas_de_selecao_do_concurso_Seplag_RJ_2026\" title=\"Etapas de sele\u00e7\u00e3o do concurso Seplag RJ 2026\">Etapas de sele\u00e7\u00e3o do concurso Seplag RJ 2026<\/a><\/li><\/ul><\/nav><\/div>\n<h2 class=\"wp-block-heading\"><span class=\"ez-toc-section\" id=\"Como_se_inscrever_no_concurso_Seplag_RJ_2026\"><\/span>Como se inscrever no concurso Seplag RJ 2026?<span class=\"ez-toc-section-end\"><\/span><\/h2>\n\n\n\n<p>As inscri\u00e7\u00f5es para o concurso <a href=\"https:\/\/www.editorasolucao.com.br\/concurso\/secretaria-de-estado-de-planejamento-e-gestao-rio-de-janeiro\">Seplag RJ<\/a> 2026 dever\u00e3o ser realizadas exclusivamente pela internet, por meio do portal da <a href=\"https:\/\/conhecimento.fgv.br\/concursos\/seplagrj\" target=\"_blank\" rel=\"noreferrer noopener\">FGV,<\/a> das 16h de<strong> 10 de setembro<\/strong> at\u00e9 as 16h de <strong>8 de outubro de 2026<\/strong>.<\/p>\n\n\n\n<p>Para participar, o candidato dever\u00e1 acessar a p\u00e1gina do Concurso Seplag RJ no site da banca, preencher o requerimento de inscri\u00e7\u00e3o, selecionar o local onde deseja realizar as provas e indicar o cargo e a especialidade pretendidos. Tamb\u00e9m ser\u00e1 necess\u00e1rio enviar uma foto 3&#215;4, em formato JPEG ou JPG, com tamanho m\u00e1ximo de 5 MB.<\/p>\n\n\n\n<p>Ao concluir o formul\u00e1rio, o sistema gerar\u00e1 o boleto referente \u00e0 taxa de inscri\u00e7\u00e3o de <strong>R$125,00<\/strong>. O pagamento dever\u00e1 ser realizado at\u00e9 o dia <strong>9 de outubro de 2026<\/strong>. A inscri\u00e7\u00e3o somente ser\u00e1 confirmada depois que o pagamento for reconhecido pela rede banc\u00e1ria.<\/p>\n\n\n\n<h3 class=\"wp-block-heading\">Isen\u00e7\u00e3o da taxa<\/h3>\n\n\n\n<p>O edital do concurso Seplag RJ 2026 prev\u00ea isen\u00e7\u00e3o da taxa de inscri\u00e7\u00e3o para candidatos que atendam a uma das seguintes condi\u00e7\u00f5es:<\/p>\n\n\n\n<ul>\n<li>doador de sangue;<\/li>\n\n\n\n<li>integrante de mesa receptora de votos da Justi\u00e7a Eleitoral no Estado do Rio de Janeiro;<\/li>\n\n\n\n<li>candidato economicamente hipossuficiente inscrito no Cad\u00danico;<\/li>\n\n\n\n<li>doadora de leite materno;<\/li>\n\n\n\n<li>mulher v\u00edtima de viol\u00eancia dom\u00e9stica e familiar.<\/li>\n<\/ul>\n\n\n\n<p><\/p>\n\n\n\n<p>O per\u00edodo para solicita\u00e7\u00e3o de isen\u00e7\u00e3o da taxa vai de <strong>9 <\/strong>a<strong> 10 de setembro<\/strong>.<\/p>\n\n\n\n<h2 class=\"wp-block-heading\"><span class=\"ez-toc-section\" id=\"Cargos_vagas_e_salarios\"><\/span>Cargos, vagas e sal\u00e1rios<span class=\"ez-toc-section-end\"><\/span><\/h2>\n\n\n\n<p>Ao todo, o concurso Seplag RJ 2026 oferta <strong>60 vagas <\/strong>de<strong> n\u00edvel superior<\/strong>, divididas entre as carreiras de Especialista em Pol\u00edticas P\u00fablicas e Gest\u00e3o Governamental e Analista de Planejamento e Or\u00e7amento. <\/p>\n\n\n\n<p>Confira a distribui\u00e7\u00e3o das oportunidades:<\/p>\n\n\n\n<ul>\n<li>Especialista em Pol\u00edticas P\u00fablicas e Gest\u00e3o Governamental (EPPGG) \u2013 Gest\u00e3o e Governan\u00e7a P\u00fablica: 15 vagas\n<ul>\n<li>At\u00e9 R$14.387,75<\/li>\n<\/ul>\n<\/li>\n\n\n\n<li>Especialista em Pol\u00edticas P\u00fablicas e Gest\u00e3o Governamental (EPPGG) \u2013 Pol\u00edticas P\u00fablicas: 15 vagas\n<ul>\n<li>At\u00e9 R$14.387,75<\/li>\n<\/ul>\n<\/li>\n\n\n\n<li>Analista de Planejamento e Or\u00e7amento (APO) \u2013 Planejamento e Or\u00e7amento: 25 vagas\n<ul>\n<li>At\u00e9 R$14.387,75<\/li>\n<\/ul>\n<\/li>\n\n\n\n<li>Analista de Planejamento e Or\u00e7amento (APO) \u2013 Tecnologia da Informa\u00e7\u00e3o: 5 vagas\n<ul>\n<li>At\u00e9 R$14.387,75<\/li>\n<\/ul>\n<\/li>\n<\/ul>\n\n\n\n<figure class=\"wp-block-image size-full\"><img loading=\"lazy\" decoding=\"async\" width=\"658\" height=\"255\" src=\"https:\/\/www.editorasolucao.com.br\/blog\/wp-content\/uploads\/2026\/09\/Captura-de-tela-2026-09-01-084434.webp\" alt=\"Tabela com a distribui\u00e7\u00e3o de vagas do concurso Seplag RJ 2026\" class=\"wp-image-54308\"\/><figcaption class=\"wp-element-caption\"><em>Distribui\u00e7\u00e3o de vagas do concurso Seplag RJ 2026!<\/em><\/figcaption><\/figure>\n\n\n\n<p>Para concorrer, \u00e9 necess\u00e1rio possuir <strong>diploma de gradua\u00e7\u00e3o de n\u00edvel superior<\/strong>. O edital estabelece jornada de 40 horas semanais para as carreiras.<\/p>\n\n\n\n<h3 class=\"wp-block-heading\">Remunera\u00e7\u00e3o<\/h3>\n\n\n\n<p>A remunera\u00e7\u00e3o inicial prevista no edital pode ser formada por diferentes parcelas. O vencimento-base \u00e9 de <strong>R$7.572,50<\/strong>, ao qual pode ser somada a Gratifica\u00e7\u00e3o de Desempenho, de at\u00e9 50% do vencimento-base, equivalente a <strong>R$3.786,25<\/strong>.<\/p>\n\n\n\n<p>Al\u00e9m disso, o servidor poder\u00e1 receber Adicional de Qualifica\u00e7\u00e3o (AQ) de acordo com sua forma\u00e7\u00e3o:<\/p>\n\n\n\n<ul>\n<li><strong>Especializa\u00e7\u00e3o:<\/strong> R$1.135,88;<\/li>\n\n\n\n<li><strong>Mestrado:<\/strong> R$1.893,13;<\/li>\n\n\n\n<li><strong>Doutorado:<\/strong> R$3.029,00.<\/li>\n<\/ul>\n\n\n\n<p><\/p>\n\n\n\n<p>Com doutorado e a Gratifica\u00e7\u00e3o de Desempenho no valor m\u00e1ximo, a remunera\u00e7\u00e3o inicial pode alcan\u00e7ar <strong>R$14.387,75<\/strong>.<\/p>\n\n\n\n<p><strong>Para quem vai iniciar a prepara\u00e7\u00e3o, as&nbsp;Apostilas Seplag RJ 2026&nbsp;j\u00e1 est\u00e3o dispon\u00edveis com conte\u00fado completo e atualizado conforme o edital!<\/strong><\/p>\n\n\n\n<ul>\n<li><a href=\"https:\/\/www.editorasolucao.com.br\/curso-online\/curso-seplag-rj-analis-planejamen-orcamen-planejamen-orcamen\">Apostila SEPLAG &#8211; RJ &#8211; Analista de Planejamento e Or\u00e7amento &#8211; Planejamento e Or\u00e7amento<\/a><\/li>\n<\/ul>\n\n\n\n<h2 class=\"wp-block-heading\"><span class=\"ez-toc-section\" id=\"O_que_faz_um_Especialista_em_Politicas_Publicas_e_Gestao_Governamental\"><\/span>O que faz um Especialista em Pol\u00edticas P\u00fablicas e Gest\u00e3o Governamental?<span class=\"ez-toc-section-end\"><\/span><\/h2>\n\n\n\n<p>O Especialista em Pol\u00edticas P\u00fablicas e Gest\u00e3o Governamental atua diretamente na <strong>formula\u00e7\u00e3o, implanta\u00e7\u00e3o e avalia\u00e7\u00e3o de pol\u00edticas p\u00fablicas<\/strong>, al\u00e9m de participar da estrutura\u00e7\u00e3o de sistemas e processos de gest\u00e3o.<\/p>\n\n\n\n<p>Entre as atividades est\u00e3o a articula\u00e7\u00e3o de programas, projetos e parcerias estrat\u00e9gicas, o planejamento e acompanhamento de pol\u00edticas p\u00fablicas, a assist\u00eancia t\u00e9cnica aos \u00f3rg\u00e3os estaduais e a execu\u00e7\u00e3o de atividades de alta complexidade relacionadas \u00e0 gest\u00e3o p\u00fablica.<\/p>\n\n\n\n<h2 class=\"wp-block-heading\"><span class=\"ez-toc-section\" id=\"O_que_faz_um_Analista_de_Planejamento_e_Orcamento\"><\/span>O que faz um Analista de Planejamento e Or\u00e7amento?<span class=\"ez-toc-section-end\"><\/span><\/h2>\n\n\n\n<p>J\u00e1 o Analista de Planejamento e Or\u00e7amento atua na <strong>formula\u00e7\u00e3o do planejamento estrat\u00e9gico estadual<\/strong>, incluindo planos setoriais e regionais, Plano Plurianual, diretrizes or\u00e7ament\u00e1rias e or\u00e7amentos anuais.<\/p>\n\n\n\n<p>A carreira tamb\u00e9m envolve atividades ligadas a <strong>planejamento, or\u00e7amento, finan\u00e7as p\u00fablicas, gest\u00e3o fiscal, execu\u00e7\u00e3o or\u00e7ament\u00e1ria e pol\u00edtica econ\u00f4mica<\/strong>, al\u00e9m de assist\u00eancia t\u00e9cnica especializada aos respons\u00e1veis pelos sistemas estaduais de planejamento e or\u00e7amento.<\/p>\n\n\n\n<h2 class=\"wp-block-heading\"><span class=\"ez-toc-section\" id=\"Requisitos_para_investidura_do_cargo\"><\/span>Requisitos para investidura do cargo<span class=\"ez-toc-section-end\"><\/span><\/h2>\n\n\n\n<p>De acordo com o edital do concurso Seplag RJ 2026, esses s\u00e3o os requisitos b\u00e1sicos exigidos para a nomea\u00e7\u00e3o e posse dos cargos ofertados:<\/p>\n\n\n\n<ul>\n<li>ter sido classificado no Concurso P\u00fablico na forma estabelecida neste Edital, em seus anexos e eventuais retifica\u00e7\u00f5es;<\/li>\n\n\n\n<li>ter nacionalidade brasileira; no caso de nacionalidade portuguesa, estar amparado pelo estatuto de igualdade entre brasileiros e portugueses, com reconhecimento do gozo dos direitos pol\u00edticos, nos termos do \u00a71\u00ba do Art. 12 da Constitui\u00e7\u00e3o da Rep\u00fablica Federativa do Brasil e na forma do disposto no Art. 13 do Decreto n\u00ba 70.436, de 18 de abril de 1972;<\/li>\n\n\n\n<li>ter idade m\u00ednima de 18 anos completos;<\/li>\n\n\n\n<li>estar em pleno gozo dos direitos pol\u00edticos;<\/li>\n\n\n\n<li>estar quite com as obriga\u00e7\u00f5es eleitorais e, se do sexo masculino, tamb\u00e9m com as militares;<\/li>\n\n\n\n<li>firmar declara\u00e7\u00e3o de n\u00e3o estar cumprindo e nem ter sofrido, no exerc\u00edcio da fun\u00e7\u00e3o p\u00fablica, penalidade por pr\u00e1tica de improbidade administrativa, aplicada por qualquer \u00f3rg\u00e3o p\u00fablico ou entidade da esfera federal, estadual ou municipal;<\/li>\n\n\n\n<li>apresentar declara\u00e7\u00e3o quanto ao exerc\u00edcio de outro(s) cargo(s), emprego(s) ou fun\u00e7\u00e3o(\u00f5es) p\u00fablica(s) e sobre recebimento de proventos decorrente de aposentadoria e pens\u00e3o;<\/li>\n\n\n\n<li>apresentar declara\u00e7\u00e3o de bens e valores que constituam patrim\u00f4nio;<\/li>\n\n\n\n<li>firmar declara\u00e7\u00e3o de n\u00e3o estar cumprindo san\u00e7\u00e3o por inidoneidade, aplicada por qualquer \u00f3rg\u00e3o p\u00fablico ou entidade da esfera federal, estadual ou municipal;<\/li>\n\n\n\n<li>firmar termo de compromisso de sigilo e confidencialidade das informa\u00e7\u00f5es;<\/li>\n\n\n\n<li>ser considerado apto no exame admissional a ser realizado pelo Servi\u00e7o M\u00e9dico do Governo do Estado do Rio de Janeiro, mediante apresenta\u00e7\u00e3o dos laudos, exames e declara\u00e7\u00e3o de sa\u00fade que forem por ele exigidos;<\/li>\n\n\n\n<li>apresentar diploma, devidamente registrado, de conclus\u00e3o de curso de N\u00edvel Superior, fornecido por institui\u00e7\u00e3o de ensino, reconhecida pelo Minist\u00e9rio da Educa\u00e7\u00e3o, comprovada por meio de apresenta\u00e7\u00e3o de original e c\u00f3pia do respectivo documento, para o cargo pretendido;<\/li>\n\n\n\n<li>n\u00e3o ter sido condenado a pena privativa de liberdade transitada em julgado ou qualquer outra condena\u00e7\u00e3o incompat\u00edvel com a fun\u00e7\u00e3o p\u00fablica;<\/li>\n\n\n\n<li>estar registrado e com a situa\u00e7\u00e3o regularizada junto ao \u00f3rg\u00e3o de conselho de classe correspondente \u00e0 sua forma\u00e7\u00e3o profissional, quando for o caso;<\/li>\n\n\n\n<li>estar apto f\u00edsica e mentalmente para o exerc\u00edcio do cargo, n\u00e3o sendo, inclusive, pessoa com defici\u00eancia incompat\u00edvel com as atribui\u00e7\u00f5es deste;<\/li>\n\n\n\n<li>n\u00e3o registrar antecedentes criminais; e<\/li>\n\n\n\n<li>cumprir as determina\u00e7\u00f5es deste Edital.<\/li>\n<\/ul>\n\n\n\n<h2 class=\"wp-block-heading\"><span class=\"ez-toc-section\" id=\"Etapas_de_selecao_do_concurso_Seplag_RJ_2026\"><\/span>Etapas de sele\u00e7\u00e3o do concurso Seplag RJ 2026<span class=\"ez-toc-section-end\"><\/span><\/h2>\n\n\n\n<p>Os candidatos do concurso Seplag RJ 2026 ser\u00e3o avaliados por diferentes etapas. De acordo com o edital, est\u00e3o previstas:<\/p>\n\n\n\n<ul>\n<li><strong>Prova objetiva<\/strong> \u2013 eliminat\u00f3ria e classificat\u00f3ria;<\/li>\n\n\n\n<li><strong>Prova discursiva<\/strong> \u2013 eliminat\u00f3ria e classificat\u00f3ria;<\/li>\n\n\n\n<li><strong>Avalia\u00e7\u00e3o de t\u00edtulos<\/strong> \u2013 classificat\u00f3ria;<\/li>\n\n\n\n<li><strong>Procedimento de heteroidentifica\u00e7\u00e3o<\/strong> \u2013 para candidatos inscritos nas respectivas vagas reservadas;<\/li>\n\n\n\n<li><strong>Avalia\u00e7\u00e3o biopsicossocial<\/strong> \u2013 para candidatos \u00e0s vagas reservadas \u00e0s pessoas com defici\u00eancia.<\/li>\n<\/ul>\n\n\n\n<h3 class=\"wp-block-heading\">Prova objetiva<\/h3>\n\n\n\n<p>A prova objetiva ser\u00e1 aplicada em <strong>29 de novembro de 2026<\/strong>, na cidade do Rio de Janeiro, e contar\u00e1 com 100 quest\u00f5es de m\u00faltipla escolha, cada uma com cinco alternativas.<\/p>\n\n\n\n<p>A avalia\u00e7\u00e3o ser\u00e1 dividida em:<\/p>\n\n\n\n<ul>\n<li><strong>Conhecimentos Gerais:<\/strong> 30 quest\u00f5es;<\/li>\n\n\n\n<li><strong>Conhecimentos Espec\u00edficos:<\/strong> 70 quest\u00f5es.<\/li>\n<\/ul>\n\n\n\n<p><\/p>\n\n\n\n<p>Cada quest\u00e3o valer\u00e1 <strong>1 ponto<\/strong>, totalizando at\u00e9 100 pontos.<\/p>\n\n\n\n<p>As quest\u00f5es de Conhecimentos Espec\u00edficos ser\u00e3o aplicadas das <strong>8h \u00e0s 12h<\/strong>. J\u00e1 Conhecimentos Gerais e a prova discursiva ocorrer\u00e3o das <strong>14h30 \u00e0s 19h<\/strong>.<\/p>\n\n\n\n<p>Nos Conhecimentos Gerais, todas as especialidades ter\u00e3o a seguinte distribui\u00e7\u00e3o:<\/p>\n\n\n\n<ul>\n<li>L\u00edngua Portuguesa: 12 quest\u00f5es;<\/li>\n\n\n\n<li>L\u00edngua Inglesa: 6 quest\u00f5es;<\/li>\n\n\n\n<li>Racioc\u00ednio L\u00f3gico-Matem\u00e1tico: 6 quest\u00f5es;<\/li>\n\n\n\n<li>Atualidades: 6 quest\u00f5es.<\/li>\n<\/ul>\n\n\n\n<p><\/p>\n\n\n\n<p>A parte espec\u00edfica muda conforme a especialidade:<\/p>\n\n\n\n<p><strong>EPPGG \u2013 Gest\u00e3o e Governan\u00e7a P\u00fablica<\/strong><\/p>\n\n\n\n<ul>\n<li>Direito P\u00fablico: 20 quest\u00f5es;<\/li>\n\n\n\n<li>Estado, Governo e Administra\u00e7\u00e3o P\u00fablica: 10 quest\u00f5es;<\/li>\n\n\n\n<li>Administra\u00e7\u00e3o Financeira e Or\u00e7ament\u00e1ria: 10 quest\u00f5es;<\/li>\n\n\n\n<li>Gest\u00e3o Governamental: 15 quest\u00f5es;<\/li>\n\n\n\n<li>Governan\u00e7a P\u00fablica: 15 quest\u00f5es.<\/li>\n<\/ul>\n\n\n\n<p><strong>EPPGG \u2013 Pol\u00edticas P\u00fablicas<\/strong><\/p>\n\n\n\n<ul>\n<li>Direito P\u00fablico: 20 quest\u00f5es;<\/li>\n\n\n\n<li>Estado, Governo e Administra\u00e7\u00e3o P\u00fablica: 10 quest\u00f5es;<\/li>\n\n\n\n<li>Administra\u00e7\u00e3o Financeira e Or\u00e7ament\u00e1ria: 10 quest\u00f5es;<\/li>\n\n\n\n<li>Ci\u00eancia Pol\u00edtica: 15 quest\u00f5es;<\/li>\n\n\n\n<li>Pol\u00edticas P\u00fablicas: 15 quest\u00f5es.<\/li>\n<\/ul>\n\n\n\n<p><strong>APO \u2013 Planejamento e Or\u00e7amento<\/strong><\/p>\n\n\n\n<ul>\n<li>Direito P\u00fablico: 20 quest\u00f5es;<\/li>\n\n\n\n<li>Estado, Governo e Administra\u00e7\u00e3o P\u00fablica: 10 quest\u00f5es;<\/li>\n\n\n\n<li>Administra\u00e7\u00e3o Financeira e Or\u00e7ament\u00e1ria: 10 quest\u00f5es;<\/li>\n\n\n\n<li>Economia: 15 quest\u00f5es;<\/li>\n\n\n\n<li>Finan\u00e7as P\u00fablicas e Planejamento Governamental: 15 quest\u00f5es.<\/li>\n<\/ul>\n\n\n\n<p><strong>APO \u2013 Tecnologia da Informa\u00e7\u00e3o<\/strong><\/p>\n\n\n\n<ul>\n<li>Direito P\u00fablico: 10 quest\u00f5es;<\/li>\n\n\n\n<li>Estado, Governo e Administra\u00e7\u00e3o P\u00fablica: 10 quest\u00f5es;<\/li>\n\n\n\n<li>Administra\u00e7\u00e3o Financeira e Or\u00e7ament\u00e1ria: 10 quest\u00f5es;<\/li>\n\n\n\n<li>Governan\u00e7a e Gest\u00e3o de Tecnologia da Informa\u00e7\u00e3o e Comunica\u00e7\u00e3o: 20 quest\u00f5es;<\/li>\n\n\n\n<li>Dados e Intelig\u00eancia Anal\u00edtica na Administra\u00e7\u00e3o P\u00fablica: 20 quest\u00f5es.<\/li>\n<\/ul>\n\n\n\n<p><\/p>\n\n\n\n<p>Para ser aprovado na objetiva do concurso Seplag RJ 2026, o candidato dever\u00e1 acertar pelo menos 50% de cada parte, correspondendo a no m\u00ednimo 15 quest\u00f5es de Conhecimentos Gerais e 35 de Conhecimentos Espec\u00edficos. Tamb\u00e9m n\u00e3o poder\u00e1 zerar nenhuma das disciplinas.<\/p>\n\n\n\n<h4 class=\"wp-block-heading\">N\u00f3s temos a Solu\u00e7\u00e3o<\/h4>\n\n\n\n<p>Quer ser aprovado no concurso Seplag RJ 2026, mas n\u00e3o sabe por onde come\u00e7ar a estudar? N\u00f3s temos a Solu\u00e7\u00e3o! Elaboramos diversos materiais completos e direcionados conforme o edital, que te ajudar\u00e3o a conquistar a t\u00e3o sonhada vaga!<\/p>\n\n\n\n<p><strong>Confira:\u00a0<a href=\"https:\/\/www.editorasolucao.com.br\/concurso\/secretaria-de-estado-de-planejamento-e-gestao-rio-de-janeiro\">Materiais preparat\u00f3rios para o concurso Seplag RJ 2026!<\/a><\/strong><\/p>\n\n\n\n<h3 class=\"wp-block-heading\">Prova discursiva<\/h3>\n\n\n\n<p>A prova discursiva do concurso Seplag RJ 2026 ser\u00e1 aplicada para os dois cargos e poder\u00e1 totalizar at\u00e9 60 linhas, sendo formada por:<\/p>\n\n\n\n<ul>\n<li><strong>1 estudo de caso<\/strong>, com at\u00e9 30 linhas;<\/li>\n\n\n\n<li><strong>2 quest\u00f5es discursivas<\/strong>, com at\u00e9 15 linhas cada.<\/li>\n<\/ul>\n\n\n\n<p><\/p>\n\n\n\n<p>A etapa valer\u00e1 40 pontos. O estudo de caso ser\u00e1 comum \u00e0s \u00e1reas e abordar\u00e1 Estado, Governo e Administra\u00e7\u00e3o P\u00fablica ou Administra\u00e7\u00e3o Financeira e Or\u00e7ament\u00e1ria, valendo 20 pontos. As duas quest\u00f5es espec\u00edficas valer\u00e3o 10 pontos cada.<\/p>\n\n\n\n<p>Para aprova\u00e7\u00e3o, ser\u00e1 necess\u00e1rio alcan\u00e7ar pelo menos 40% da pontua\u00e7\u00e3o total da prova discursiva e obter nota diferente de zero em cada quest\u00e3o.<\/p>\n\n\n\n<h3 class=\"wp-block-heading\">Avalia\u00e7\u00e3o de t\u00edtulos<\/h3>\n\n\n\n<p>A avalia\u00e7\u00e3o de t\u00edtulos ter\u00e1 car\u00e1ter classificat\u00f3rio e ser\u00e1 destinada aos candidatos habilitados na prova discursiva.<\/p>\n\n\n\n<p>Conforme quais documentos ser\u00e3o avaliados no concurso Seplag RJ 2026:<\/p>\n\n\n\n<figure class=\"wp-block-image size-full\"><img loading=\"lazy\" decoding=\"async\" width=\"599\" height=\"361\" src=\"https:\/\/www.editorasolucao.com.br\/blog\/wp-content\/uploads\/2026\/09\/Captura-de-tela-2026-09-01-085016.webp\" alt=\"Tabela de t\u00edtulos do concurso Seplag RJ 2026\" class=\"wp-image-54309\"\/><figcaption class=\"wp-element-caption\"><em>Tabela de t\u00edtulos do concurso Seplag RJ 2026!<\/em><\/figcaption><\/figure>\n\n\n\n<p>A avalia\u00e7\u00e3o poder\u00e1 somar at\u00e9 10 pontos.<\/p>\n\n\n\n<p><strong>Bons estudos e boa prova!<\/strong><\/p>\n","protected":false},"excerpt":{"rendered":"<p>O concurso Seplag RJ 2026 est\u00e1 ofertando 60 vagas imediatas para cargos de n\u00edvel superior, com sal\u00e1rios iniciais de at\u00e9 R$14 mil. Confira!<\/p>\n","protected":false},"author":26,"featured_media":54307,"template":"","meta":{"_acf_changed":true,"rank_math_lock_modified_date":false},"categories":[52],"tags":[5448],"acf":[],"_links":{"self":[{"href":"https:\/\/www.editorasolucao.com.br\/blog\/wp-json\/wp\/v2\/concurso\/54304"}],"collection":[{"href":"https:\/\/www.editorasolucao.com.br\/blog\/wp-json\/wp\/v2\/concurso"}],"about":[{"href":"https:\/\/www.editorasolucao.com.br\/blog\/wp-json\/wp\/v2\/types\/concurso"}],"author":[{"embeddable":true,"href":"https:\/\/www.editorasolucao.com.br\/blog\/wp-json\/wp\/v2\/users\/26"}],"wp:featuredmedia":[{"embeddable":true,"href":"https:\/\/www.editorasolucao.com.br\/blog\/wp-json\/wp\/v2\/media\/54307"}],"wp:attachment":[{"href":"https:\/\/www.editorasolucao.com.br\/blog\/wp-json\/wp\/v2\/media?parent=54304"}],"wp:term":[{"taxonomy":"category","embeddable":true,"href":"https:\/\/www.editorasolucao.com.br\/blog\/wp-json\/wp\/v2\/categories?post=54304"},{"taxonomy":"post_tag","embeddable":true,"href":"https:\/\/www.editorasolucao.com.br\/blog\/wp-json\/wp\/v2\/tags?post=54304"}],"curies":[{"name":"wp","href":"https:\/\/api.w.org\/{rel}","templated":true}]}}