{"id":54343,"date":"2026-09-02T08:33:04","date_gmt":"2026-09-02T11:33:04","guid":{"rendered":"https:\/\/www.editorasolucao.com.br\/blog\/?post_type=concurso&#038;p=54343"},"modified":"2026-09-02T08:33:11","modified_gmt":"2026-09-02T11:33:11","slug":"prefeitura-de-valenca-rj","status":"publish","type":"concurso","link":"https:\/\/www.editorasolucao.com.br\/blog\/concurso\/prefeitura-de-valenca-rj","title":{"rendered":"Concurso Prefeitura de Valen\u00e7a RJ: Edital publicado com 100 vagas para Professor!"},"content":{"rendered":"\n<p>O concurso Prefeitura de Valen\u00e7a RJ est\u00e1 com edital publicado e oferece <strong>100 vagas imediatas <\/strong>para <strong>professores<\/strong>, com oportunidades de <strong>n\u00edvel m\u00e9dio e superior<\/strong>. Os sal\u00e1rios iniciais variam de <strong>R$3.650,83<\/strong> a <strong>R$4.468,62<\/strong>, para jornada de 30 horas semanais. As inscri\u00e7\u00f5es seguem at\u00e9 <strong>5 de outubro<\/strong>, enquanto as provas ser\u00e3o aplicadas no dia <strong>22 de novembro de 2026<\/strong>. Para se preparar, confira os detalhes do edital!<\/p>\n\n\n\n<div id=\"ez-toc-container\" class=\"ez-toc-v2_0_69_1 counter-hierarchy ez-toc-counter ez-toc-grey ez-toc-container-direction\">\n<div class=\"ez-toc-title-container\">\n<p class=\"ez-toc-title \" >Menu de navega&ccedil;&atilde;o<\/p>\n<span class=\"ez-toc-title-toggle\"><a href=\"#\" class=\"ez-toc-pull-right ez-toc-btn ez-toc-btn-xs ez-toc-btn-default ez-toc-toggle\" aria-label=\"Toggle Table of Content\"><span class=\"ez-toc-js-icon-con\"><span class=\"\"><span class=\"eztoc-hide\" style=\"display:none;\">Toggle<\/span><span class=\"ez-toc-icon-toggle-span\"><svg style=\"fill: #999;color:#999\" xmlns=\"http:\/\/www.w3.org\/2000\/svg\" class=\"list-377408\" width=\"20px\" height=\"20px\" viewBox=\"0 0 24 24\" fill=\"none\"><path d=\"M6 6H4v2h2V6zm14 0H8v2h12V6zM4 11h2v2H4v-2zm16 0H8v2h12v-2zM4 16h2v2H4v-2zm16 0H8v2h12v-2z\" fill=\"currentColor\"><\/path><\/svg><svg style=\"fill: #999;color:#999\" class=\"arrow-unsorted-368013\" xmlns=\"http:\/\/www.w3.org\/2000\/svg\" width=\"10px\" height=\"10px\" viewBox=\"0 0 24 24\" version=\"1.2\" baseProfile=\"tiny\"><path d=\"M18.2 9.3l-6.2-6.3-6.2 6.3c-.2.2-.3.4-.3.7s.1.5.3.7c.2.2.4.3.7.3h11c.3 0 .5-.1.7-.3.2-.2.3-.5.3-.7s-.1-.5-.3-.7zM5.8 14.7l6.2 6.3 6.2-6.3c.2-.2.3-.5.3-.7s-.1-.5-.3-.7c-.2-.2-.4-.3-.7-.3h-11c-.3 0-.5.1-.7.3-.2.2-.3.5-.3.7s.1.5.3.7z\"\/><\/svg><\/span><\/span><\/span><\/a><\/span><\/div>\n<nav><ul class='ez-toc-list ez-toc-list-level-1 ' ><li class='ez-toc-page-1 ez-toc-heading-level-2'><a class=\"ez-toc-link ez-toc-heading-1\" href=\"https:\/\/www.editorasolucao.com.br\/blog\/concurso\/prefeitura-de-valenca-rj\/#Como_se_inscrever_no_concurso_Prefeitura_de_Valenca_RJ\" title=\"Como se inscrever no concurso Prefeitura de Valen\u00e7a RJ?\">Como se inscrever no concurso Prefeitura de Valen\u00e7a RJ?<\/a><\/li><li class='ez-toc-page-1 ez-toc-heading-level-2'><a class=\"ez-toc-link ez-toc-heading-2\" href=\"https:\/\/www.editorasolucao.com.br\/blog\/concurso\/prefeitura-de-valenca-rj\/#Cargos_vagas_e_salarios\" title=\"Cargos, vagas e sal\u00e1rios\">Cargos, vagas e sal\u00e1rios<\/a><\/li><li class='ez-toc-page-1 ez-toc-heading-level-2'><a class=\"ez-toc-link ez-toc-heading-3\" href=\"https:\/\/www.editorasolucao.com.br\/blog\/concurso\/prefeitura-de-valenca-rj\/#Requisitos_para_investidura\" title=\"Requisitos para investidura\">Requisitos para investidura<\/a><\/li><li class='ez-toc-page-1 ez-toc-heading-level-2'><a class=\"ez-toc-link ez-toc-heading-4\" href=\"https:\/\/www.editorasolucao.com.br\/blog\/concurso\/prefeitura-de-valenca-rj\/#Etapas_de_selecao_do_concurso_Prefeitura_de_Valenca_RJ\" title=\"Etapas de sele\u00e7\u00e3o do concurso Prefeitura de Valen\u00e7a RJ\">Etapas de sele\u00e7\u00e3o do concurso Prefeitura de Valen\u00e7a RJ<\/a><\/li><\/ul><\/nav><\/div>\n<h2 class=\"wp-block-heading\"><span class=\"ez-toc-section\" id=\"Como_se_inscrever_no_concurso_Prefeitura_de_Valenca_RJ\"><\/span>Como se inscrever no concurso Prefeitura de Valen\u00e7a RJ?<span class=\"ez-toc-section-end\"><\/span><\/h2>\n\n\n\n<p>As inscri\u00e7\u00f5es para o concurso <a href=\"https:\/\/www.editorasolucao.com.br\/concurso\/prefeitura-de-valenca-ba\">Prefeitura de Valen\u00e7a RJ<\/a> j\u00e1 est\u00e3o abertas e devem ser realizadas exclusivamente pela internet, por meio do site do <a href=\"https:\/\/quadrix.org.br\/informacoes\/3073\/\" target=\"_blank\" rel=\"noreferrer noopener\">Instituto Quadrix,<\/a> a banca respons\u00e1vel pela organiza\u00e7\u00e3o do certame, at\u00e9 o dia <strong>5 de outubro de 2026<\/strong>. <\/p>\n\n\n\n<p>Ap\u00f3s preencher o formul\u00e1rio, o candidato dever\u00e1 gerar o boleto e realizar o pagamento da taxa at\u00e9 <strong>6 de outubro<\/strong>.<\/p>\n\n\n\n<p>Os valores das taxas de inscri\u00e7\u00e3o s\u00e3o:<\/p>\n\n\n\n<ul>\n<li><strong>Professor III \u2013 n\u00edvel m\u00e9dio:<\/strong> R$66,00;<\/li>\n\n\n\n<li><strong>Professor IV \u2013 n\u00edvel superior:<\/strong> R$68,00.<\/li>\n<\/ul>\n\n\n\n<p><\/p>\n\n\n\n<p>O pagamento poder\u00e1 ser realizado por c\u00f3digo de barras ou por PIX, desde que seja utilizado exclusivamente o QR Code ou c\u00f3digo PIX dispon\u00edvel no boleto emitido pelo pr\u00f3prio sistema do concurso.<\/p>\n\n\n\n<p>O edital permite at\u00e9 <strong>duas inscri\u00e7\u00f5es<\/strong>, sendo uma para Professor III e outra para Professor IV, j\u00e1 que as provas ser\u00e3o realizadas em turnos diferentes.<\/p>\n\n\n\n<h3 class=\"wp-block-heading\">Isen\u00e7\u00e3o da taxa<\/h3>\n\n\n\n<p>Os candidatos em situa\u00e7\u00e3o de hipossufici\u00eancia econ\u00f4mica, conforme a legisla\u00e7\u00e3o municipal, poder\u00e3o solicitar a isen\u00e7\u00e3o da taxa de inscri\u00e7\u00e3o at\u00e9 o dia<strong> 2 de setembro de 2026<\/strong>.<\/p>\n\n\n\n<p>Para isso, ser\u00e1 necess\u00e1rio realizar o pedido pelo sistema eletr\u00f4nico e enviar a documenta\u00e7\u00e3o exigida, incluindo declara\u00e7\u00e3o espec\u00edfica e comprovante de inscri\u00e7\u00e3o no Cadastro \u00danico para Programas Sociais do Governo Federal (Cad\u00danico), com indica\u00e7\u00e3o do NIS.<\/p>\n\n\n\n<h2 class=\"wp-block-heading\"><span class=\"ez-toc-section\" id=\"Cargos_vagas_e_salarios\"><\/span>Cargos, vagas e sal\u00e1rios<span class=\"ez-toc-section-end\"><\/span><\/h2>\n\n\n\n<p>As <strong>100 vagas<\/strong> do concurso Prefeitura de Valen\u00e7a RJ est\u00e3o distribu\u00eddas entre Professor III e diversas especialidades de Professor IV. <\/p>\n\n\n\n<p>Confira a distribui\u00e7\u00e3o das oportunidades:<\/p>\n\n\n\n<p><strong>N\u00edvel m\u00e9dio<\/strong><\/p>\n\n\n\n<ul>\n<li>Professor III: 70 vagas<br>R$ 3.650,83<\/li>\n<\/ul>\n\n\n\n<p><\/p>\n\n\n\n<p>Para concorrer, \u00e9 necess\u00e1rio possuir <strong>curso de n\u00edvel m\u00e9dio na modalidade Normal\/Forma\u00e7\u00e3o de Professores ou Licenciatura plena em Pedagogia<\/strong>. A jornada \u00e9 de 30 horas semanais, sendo 20 horas em reg\u00eancia e dez horas destinadas a atividades complementares.<\/p>\n\n\n\n<p><strong>N\u00edvel superior<\/strong><\/p>\n\n\n\n<ul>\n<li>Professor IV \u2013 Arte: 1 vaga<br>R$ 4.468,62<\/li>\n\n\n\n<li>Professor IV \u2013 Ci\u00eancias da Natureza: 5 vagas<br>R$ 4.468,62<\/li>\n\n\n\n<li>Professor IV \u2013 Educa\u00e7\u00e3o F\u00edsica: 2 vagas<br>R$ 4.468,62<\/li>\n\n\n\n<li>Professor IV \u2013 Ensino Religioso: 1 vaga<br>R$ 4.468,62<\/li>\n\n\n\n<li>Professor IV \u2013 Geografia: 4 vagas<br>R$ 4.468,62<\/li>\n\n\n\n<li>Professor IV \u2013 Hist\u00f3ria: 4 vagas<br>R$ 4.468,62<\/li>\n\n\n\n<li>Professor IV \u2013 L\u00edngua Inglesa: 1 vaga<br>R$ 4.468,62<\/li>\n\n\n\n<li>Professor IV \u2013 L\u00edngua Portuguesa: 6 vagas<br>R$ 4.468,62<\/li>\n\n\n\n<li>Professor IV \u2013 Matem\u00e1tica: 6 vagas<br>R$ 4.468,62<\/li>\n<\/ul>\n\n\n\n<p><\/p>\n\n\n\n<p>Para os cargos de Professor IV, \u00e9 exigida <strong>forma\u00e7\u00e3o superior compat\u00edvel com a \u00e1rea de atua\u00e7\u00e3o<\/strong>, conforme os requisitos espec\u00edficos de cada especialidade. A jornada de trabalho \u00e9 de 30 horas semanais.<\/p>\n\n\n\n<p><strong>Para quem vai iniciar a prepara\u00e7\u00e3o, as\u00a0<a href=\"https:\/\/www.editorasolucao.com.br\/concurso\/prefeitura-de-valenca-ba\">Apostilas Prefeitura de Valen\u00e7a RJ<\/a>\u00a0j\u00e1 est\u00e3o dispon\u00edveis com conte\u00fado completo e atualizado conforme o edital!<\/strong><\/p>\n\n\n\n<h2 class=\"wp-block-heading\"><span class=\"ez-toc-section\" id=\"Requisitos_para_investidura\"><\/span>Requisitos para investidura<span class=\"ez-toc-section-end\"><\/span><\/h2>\n\n\n\n<p>No concurso Prefeitura de Valen\u00e7a RJ, s\u00e3o exigidos os seguintes requisitos b\u00e1sicos para investidura do cargo:<\/p>\n\n\n\n<ul>\n<li>Ser aprovado no concurso p\u00fablico, de acordo com a ordem de classifica\u00e7\u00e3o e as regras deste edital.<\/li>\n\n\n\n<li>Ter a nacionalidade brasileira ou portuguesa e, no caso de nacionalidade portuguesa, estar amparado pelo Estatuto de Igualdade entre Brasileiros e Portugueses, com reconhecimento do gozo dos direitos pol\u00edticos, nos termos do \u00a7 1\u00ba do art. 12 da Constitui\u00e7\u00e3o Federal<\/li>\n\n\n\n<li>Ter idade m\u00ednima de 18 anos completos na data da posse.<\/li>\n\n\n\n<li>Estar em dia com as obriga\u00e7\u00f5es eleitorais e no gozo dos direitos civis e pol\u00edticos.<\/li>\n\n\n\n<li>Apresentar certificado de reservista ou de dispensa do servi\u00e7o militar obrigat\u00f3rio, quando sujeito \u00e0 obriga\u00e7\u00e3o de servi\u00e7o militar, nos termos da legisla\u00e7\u00e3o aplic\u00e1vel.<\/li>\n\n\n\n<li>Possuir os requisitos exigidos para o exerc\u00edcio do cargo, conforme o item 3 deste edital.<\/li>\n\n\n\n<li>Apresentar aptid\u00e3o f\u00edsica e mental para o exerc\u00edcio do cargo, mediante avalia\u00e7\u00e3o m\u00e9dica oficial, na forma da legisla\u00e7\u00e3o municipal aplic\u00e1vel.<\/li>\n\n\n\n<li>Apresentar declara\u00e7\u00e3o quanto ao exerc\u00edcio ou n\u00e3o de outro cargo, emprego ou fun\u00e7\u00e3o p\u00fablica e quanto ao recebimento de proventos decorrentes de aposentadoria e pens\u00e3o.<\/li>\n\n\n\n<li>Atender aos demais requisitos previstos na Lei Complementar Municipal n\u00ba 28\/1999, na legisla\u00e7\u00e3o espec\u00edfica do magist\u00e9rio e nas normas municipais aplic\u00e1veis \u00e0 investidura em cargo p\u00fablico.<\/li>\n<\/ul>\n\n\n<div class=\"wp-block-image\">\n<figure class=\"aligncenter size-large\"><img loading=\"lazy\" decoding=\"async\" width=\"750\" height=\"480\" src=\"https:\/\/www.editorasolucao.com.br\/blog\/wp-content\/uploads\/2026\/09\/professora-escrevendo-no-quarto-negro-dando-aula-1-750x480.webp\" alt=\"professora aprovada no concurso Prefeitura de Valen\u00e7a RJ escrevendo no quadro negro\" class=\"wp-image-54347\"\/><figcaption class=\"wp-element-caption\"><em>Est\u00e3o abertas as inscri\u00e7\u00f5es do concurso Prefeitura de Valen\u00e7a RJ!<\/em><\/figcaption><\/figure><\/div>\n\n\n<h2 class=\"wp-block-heading\"><span class=\"ez-toc-section\" id=\"Etapas_de_selecao_do_concurso_Prefeitura_de_Valenca_RJ\"><\/span>Etapas de sele\u00e7\u00e3o do concurso Prefeitura de Valen\u00e7a RJ<span class=\"ez-toc-section-end\"><\/span><\/h2>\n\n\n\n<p>Os candidatos do concurso Prefeitura de Valen\u00e7a RJ passar\u00e3o por duas etapas:<\/p>\n\n\n\n<ul>\n<li><strong>Prova objetiva:<\/strong> eliminat\u00f3ria e classificat\u00f3ria;<\/li>\n\n\n\n<li><strong>Avalia\u00e7\u00e3o de t\u00edtulos:<\/strong> classificat\u00f3ria.<\/li>\n<\/ul>\n\n\n\n<p><\/p>\n\n\n\n<p>A prova objetiva valer\u00e1 80 pontos, enquanto a avalia\u00e7\u00e3o de t\u00edtulos poder\u00e1 acrescentar at\u00e9 8 pontos \u00e0 classifica\u00e7\u00e3o.<\/p>\n\n\n\n<h3 class=\"wp-block-heading\">Prova objetiva<\/h3>\n\n\n\n<p>A prova objetiva est\u00e1 prevista para o dia <strong>22 de novembro de 2026<\/strong> e ter\u00e1 dura\u00e7\u00e3o de 3 horas.<\/p>\n\n\n\n<p>Os candidatos a Professor III far\u00e3o a avalia\u00e7\u00e3o no <strong>turno da manh\u00e3<\/strong>, enquanto os inscritos para Professor IV realizar\u00e3o a prova no <strong>turno da tarde<\/strong>.<\/p>\n\n\n\n<p>Ser\u00e3o 50 quest\u00f5es de m\u00faltipla escolha, cada uma com cinco alternativas e apenas uma resposta correta. A distribui\u00e7\u00e3o ser\u00e1:<\/p>\n\n\n\n<ul>\n<li>Conhecimentos B\u00e1sicos: 10 quest\u00f5es \u2013 10 pontos;\n<ul>\n<li>L\u00edngua Portuguesa.<\/li>\n\n\n\n<li>Legisla\u00e7\u00e3o.<\/li>\n<\/ul>\n<\/li>\n\n\n\n<li>Conhecimentos Complementares: 10 quest\u00f5es \u2013 10 pontos;\n<ul>\n<li>Educa\u00e7\u00e3o Inclusiva.<\/li>\n<\/ul>\n<\/li>\n\n\n\n<li>Conhecimentos Espec\u00edficos: 30 quest\u00f5es \u2013 60 pontos.<\/li>\n<\/ul>\n\n\n\n<p><\/p>\n\n\n\n<p>Para permanecer no concurso Prefeitura de Valen\u00e7a RJ, o candidato dever\u00e1 alcan\u00e7ar pelo menos 40 pontos na prova objetiva. Quem obtiver pontua\u00e7\u00e3o inferior ser\u00e1 eliminado.<\/p>\n\n\n\n<h4 class=\"wp-block-heading\">N\u00f3s temos a Solu\u00e7\u00e3o<\/h4>\n\n\n\n<p>Quer ser aprovado no concurso Prefeitura de Valen\u00e7a RJ, mas n\u00e3o sabe como come\u00e7ar a estudar? N\u00f3s temos a Solu\u00e7\u00e3o! Elaboramos diversos materiais completos e direcionados conforme o edital que te ajudar\u00e3o a conquistar o seu cargo dos sonhos!<\/p>\n\n\n\n<p><strong>Confira:\u00a0<a href=\"https:\/\/www.editorasolucao.com.br\/concurso\/prefeitura-de-valenca-ba\">Materiais preparat\u00f3rios para o concurso Prefeitura de Valen\u00e7a RJ!<\/a><\/strong><\/p>\n\n\n\n<h3 class=\"wp-block-heading\">Avalia\u00e7\u00e3o de t\u00edtulos<\/h3>\n\n\n\n<p>A avalia\u00e7\u00e3o de t\u00edtulos do concurso Prefeitura de Valen\u00e7a RJ ser\u00e1 aplicada aos candidatos aprovados na prova objetiva e ter\u00e1 car\u00e1ter apenas classificat\u00f3rio, podendo acrescentar at\u00e9 8 pontos \u00e0 nota final.<\/p>\n\n\n\n<p>A pontua\u00e7\u00e3o ser\u00e1 distribu\u00edda da seguinte forma:<\/p>\n\n\n\n<figure class=\"wp-block-image size-full\"><img loading=\"lazy\" decoding=\"async\" width=\"730\" height=\"331\" src=\"https:\/\/www.editorasolucao.com.br\/blog\/wp-content\/uploads\/2026\/09\/Captura-de-tela-2026-09-02-082537.webp\" alt=\"Tabela de t\u00edtulos do t\u00edtulos do concurso Prefeitura de Valen\u00e7a RJ\" class=\"wp-image-54345\"\/><\/figure>\n\n\n\n<figure class=\"wp-block-image size-full\"><img loading=\"lazy\" decoding=\"async\" width=\"730\" height=\"144\" src=\"https:\/\/www.editorasolucao.com.br\/blog\/wp-content\/uploads\/2026\/09\/Captura-de-tela-2026-09-02-082548.webp\" alt=\"Tabela de t\u00edtulos do t\u00edtulos do concurso Prefeitura de Valen\u00e7a RJ\" class=\"wp-image-54346\"\/><figcaption class=\"wp-element-caption\"><em>Tabela de t\u00edtulos do t\u00edtulos do concurso Prefeitura de Valen\u00e7a RJ!<\/em><\/figcaption><\/figure>\n\n\n\n<p>No caso da PND 2025, candidatos com nota entre 50 e 69 poder\u00e3o obter 1 ponto; de 70 a 85, 2 pontos; e de 86 a 100, 3 pontos.<\/p>\n\n\n\n<p>A documenta\u00e7\u00e3o dever\u00e1 ser enviada exclusivamente por upload, entre os dias <strong>16 <\/strong>e<strong> 18 de dezembro de 2026<\/strong>, conforme convoca\u00e7\u00e3o prevista para 15 de dezembro.<\/p>\n\n\n\n<p><strong>Bons estudos e boa prova!<\/strong><\/p>\n","protected":false},"excerpt":{"rendered":"<p>O concurso Prefeitura de Valen\u00e7a RJ est\u00e1 ofertando 100 vagas para Professor, de n\u00edveis m\u00e9dio e superior, com sal\u00e1rios de at\u00e9 R$4,4 mil. Confira!<\/p>\n","protected":false},"author":26,"featured_media":0,"template":"","meta":{"_acf_changed":true,"rank_math_lock_modified_date":false},"categories":[52],"tags":[5412],"acf":[],"_links":{"self":[{"href":"https:\/\/www.editorasolucao.com.br\/blog\/wp-json\/wp\/v2\/concurso\/54343"}],"collection":[{"href":"https:\/\/www.editorasolucao.com.br\/blog\/wp-json\/wp\/v2\/concurso"}],"about":[{"href":"https:\/\/www.editorasolucao.com.br\/blog\/wp-json\/wp\/v2\/types\/concurso"}],"author":[{"embeddable":true,"href":"https:\/\/www.editorasolucao.com.br\/blog\/wp-json\/wp\/v2\/users\/26"}],"wp:attachment":[{"href":"https:\/\/www.editorasolucao.com.br\/blog\/wp-json\/wp\/v2\/media?parent=54343"}],"wp:term":[{"taxonomy":"category","embeddable":true,"href":"https:\/\/www.editorasolucao.com.br\/blog\/wp-json\/wp\/v2\/categories?post=54343"},{"taxonomy":"post_tag","embeddable":true,"href":"https:\/\/www.editorasolucao.com.br\/blog\/wp-json\/wp\/v2\/tags?post=54343"}],"curies":[{"name":"wp","href":"https:\/\/api.w.org\/{rel}","templated":true}]}}