{"id":5975,"date":"2024-04-08T09:52:53","date_gmt":"2024-04-08T12:52:53","guid":{"rendered":"https:\/\/www.editorasolucao.com.br\/blog\/?post_type=concurso&#038;p=5975"},"modified":"2024-04-23T10:13:20","modified_gmt":"2024-04-23T13:13:20","slug":"prefeitura-de-tupa-sp","status":"publish","type":"concurso","link":"https:\/\/www.editorasolucao.com.br\/blog\/concurso\/prefeitura-de-tupa-sp","title":{"rendered":"Concurso Prefeitura de Tup\u00e3: Inscri\u00e7\u00f5es abertas. 42 vagas de n\u00edvel fundamental!"},"content":{"rendered":"\n<p>A Prefeitura de Tup\u00e3, interior de S\u00e3o Paulo, divulgou um novo processo seletivo que visa preencher<strong> 42 vagas de n\u00edvel fundamental<\/strong>. Se interessou pelo certame? Venha saber mais!!<\/p>\n\n\n\n<div id=\"ez-toc-container\" class=\"ez-toc-v2_0_69_1 counter-hierarchy ez-toc-counter ez-toc-grey ez-toc-container-direction\">\n<div class=\"ez-toc-title-container\">\n<p class=\"ez-toc-title \" >Menu de navega&ccedil;&atilde;o<\/p>\n<span class=\"ez-toc-title-toggle\"><a href=\"#\" class=\"ez-toc-pull-right ez-toc-btn ez-toc-btn-xs ez-toc-btn-default ez-toc-toggle\" aria-label=\"Toggle Table of Content\"><span class=\"ez-toc-js-icon-con\"><span class=\"\"><span class=\"eztoc-hide\" style=\"display:none;\">Toggle<\/span><span class=\"ez-toc-icon-toggle-span\"><svg style=\"fill: #999;color:#999\" xmlns=\"http:\/\/www.w3.org\/2000\/svg\" class=\"list-377408\" width=\"20px\" height=\"20px\" viewBox=\"0 0 24 24\" fill=\"none\"><path d=\"M6 6H4v2h2V6zm14 0H8v2h12V6zM4 11h2v2H4v-2zm16 0H8v2h12v-2zM4 16h2v2H4v-2zm16 0H8v2h12v-2z\" fill=\"currentColor\"><\/path><\/svg><svg style=\"fill: #999;color:#999\" class=\"arrow-unsorted-368013\" xmlns=\"http:\/\/www.w3.org\/2000\/svg\" width=\"10px\" height=\"10px\" viewBox=\"0 0 24 24\" version=\"1.2\" baseProfile=\"tiny\"><path d=\"M18.2 9.3l-6.2-6.3-6.2 6.3c-.2.2-.3.4-.3.7s.1.5.3.7c.2.2.4.3.7.3h11c.3 0 .5-.1.7-.3.2-.2.3-.5.3-.7s-.1-.5-.3-.7zM5.8 14.7l6.2 6.3 6.2-6.3c.2-.2.3-.5.3-.7s-.1-.5-.3-.7c-.2-.2-.4-.3-.7-.3h-11c-.3 0-.5.1-.7.3-.2.2-.3.5-.3.7s.1.5.3.7z\"\/><\/svg><\/span><\/span><\/span><\/a><\/span><\/div>\n<nav><ul class='ez-toc-list ez-toc-list-level-1 ' ><li class='ez-toc-page-1 ez-toc-heading-level-2'><a class=\"ez-toc-link ez-toc-heading-1\" href=\"https:\/\/www.editorasolucao.com.br\/blog\/concurso\/prefeitura-de-tupa-sp\/#Como_posso_me_inscrever\" title=\"Como posso me inscrever?&nbsp;\">Como posso me inscrever?&nbsp;<\/a><\/li><li class='ez-toc-page-1 ez-toc-heading-level-2'><a class=\"ez-toc-link ez-toc-heading-2\" href=\"https:\/\/www.editorasolucao.com.br\/blog\/concurso\/prefeitura-de-tupa-sp\/#Quais_vagas_estao_sendo_ofertadas\" title=\"Quais vagas est\u00e3o sendo ofertadas?&nbsp;\">Quais vagas est\u00e3o sendo ofertadas?&nbsp;<\/a><\/li><li class='ez-toc-page-1 ez-toc-heading-level-2'><a class=\"ez-toc-link ez-toc-heading-3\" href=\"https:\/\/www.editorasolucao.com.br\/blog\/concurso\/prefeitura-de-tupa-sp\/#Requisitos_para_investidura_dos_cargos\" title=\"Requisitos para investidura dos cargos\">Requisitos para investidura dos cargos<\/a><\/li><li class='ez-toc-page-1 ez-toc-heading-level-2'><a class=\"ez-toc-link ez-toc-heading-4\" href=\"https:\/\/www.editorasolucao.com.br\/blog\/concurso\/prefeitura-de-tupa-sp\/#Como_posso_me_preparar_para_as_etapas_de_selecao\" title=\"Como posso me preparar para as etapas de sele\u00e7\u00e3o?&nbsp;\">Como posso me preparar para as etapas de sele\u00e7\u00e3o?&nbsp;<\/a><\/li><li class='ez-toc-page-1 ez-toc-heading-level-2'><a class=\"ez-toc-link ez-toc-heading-5\" href=\"https:\/\/www.editorasolucao.com.br\/blog\/concurso\/prefeitura-de-tupa-sp\/#Ultimo_Concurso\" title=\"\u00daltimo Concurso\">\u00daltimo Concurso<\/a><\/li><\/ul><\/nav><\/div>\n<h2 class=\"wp-block-heading\" id=\"inscri\u00e7ao\"><span class=\"ez-toc-section\" id=\"Como_posso_me_inscrever\"><\/span>Como posso me inscrever?&nbsp;<span class=\"ez-toc-section-end\"><\/span><\/h2>\n\n\n\n<p>As inscri\u00e7\u00f5es para este processo seletivo j\u00e1 est\u00e3o abertas e ser\u00e3o encerradas<strong> \u00e0s 17h do dia 12 de abril. <\/strong>O candidato interessado pode realizar sua inscri\u00e7\u00e3o por meio do site da banca organizadora, <a href=\"https:\/\/www.omniconcursospublicos.com.br\/informacoes\/234\/\" target=\"_blank\" rel=\"noopener\">Omni Concursos.&nbsp;<\/a><\/p>\n\n\n\n<p>A taxa de inscri\u00e7\u00e3o tem o valor fixo de<strong> R$35,00 <\/strong>e o pagamento deve ser realizado at\u00e9 o dia <strong>12 de abril.&nbsp;<\/strong><\/p>\n\n\n\n<p>A data de encerramento das inscri\u00e7\u00f5es est\u00e1 pr\u00f3xima, n\u00e3o percam essa chance!!&nbsp;<\/p>\n\n\n\n<h2 class=\"wp-block-heading\" id=\"vagas\"><span class=\"ez-toc-section\" id=\"Quais_vagas_estao_sendo_ofertadas\"><\/span>Quais vagas est\u00e3o sendo ofertadas?&nbsp;<span class=\"ez-toc-section-end\"><\/span><\/h2>\n\n\n\n<p>Est\u00e3o sendo ofertadas 42 vagas de n\u00edvel fundamental, vejamos como elas foram distribu\u00eddas:&nbsp;<\/p>\n\n\n\n<ul>\n<li>Auxiliar de Atividades Operacionais Feminino (7 + CR)\n<ul>\n<li>Auxiliar de Atividades Operacionais Masculino (29 + CR)\n<ul>\n<li>Ambos os cargos t\u00eam remunera\u00e7\u00e3o inicial de R$ 1.440,78<\/li>\n<\/ul>\n<\/li>\n<\/ul>\n<\/li>\n\n\n\n<li>Oficial de Atividades Operacionais &#8211; Pedreiro (6 + CR)\n<ul>\n<li>R$ 1.685,87<\/li>\n<\/ul>\n<\/li>\n<\/ul>\n\n\n\n<p>Os candidatos aprovados e admitidos no processo seletivo dever\u00e3o cumprir carga hor\u00e1ria de <strong>40 horas semanais trabalhadas.&nbsp;<\/strong><\/p>\n\n\n\n<h2 class=\"wp-block-heading\" id=\"requisitos\"><span class=\"ez-toc-section\" id=\"Requisitos_para_investidura_dos_cargos\"><\/span>Requisitos para investidura dos cargos<span class=\"ez-toc-section-end\"><\/span><\/h2>\n\n\n\n<p>De acordo com o edital, esses s\u00e3o os requisitos para a nomea\u00e7\u00e3o e posse dos cargos ofertados:&nbsp;<\/p>\n\n\n\n<ul>\n<li>Ser brasileiro ou gozar das prerrogativas do Decreto Federal 70.436\/72.&nbsp;<\/li>\n\n\n\n<li>Ter idade m\u00ednima de 18 anos completos.&nbsp;<\/li>\n\n\n\n<li>Ter aptid\u00f5es f\u00edsicas e mentais para o exerc\u00edcio das atribui\u00e7\u00f5es da fun\u00e7\u00e3o mediante confirma\u00e7\u00e3o de exame m\u00e9dico admissional.<\/li>\n\n\n\n<li>Estar quite com o Servi\u00e7o Militar, se do sexo masculino.&nbsp;<\/li>\n\n\n\n<li>Estar no gozo dos direitos civis e pol\u00edticos.<\/li>\n\n\n\n<li><strong>Atender as condi\u00e7\u00f5es de escolaridade e requisitos da fun\u00e7\u00e3o.&nbsp;<\/strong><\/li>\n\n\n\n<li>Possuir habilita\u00e7\u00e3o profissional para o exerc\u00edcio das fun\u00e7\u00f5es, quando for o caso.&nbsp;<\/li>\n\n\n\n<li>Atender \u00e0s condi\u00e7\u00f5es especiais, prescritas em lei ou decreto, para determinadas fun\u00e7\u00f5es.&nbsp;<\/li>\n\n\n\n<li><strong>N\u00e3o ter sido demitido por ato de improbidade ou exonerado \u201ca bem do servi\u00e7o p\u00fablico\u201d, mediante decis\u00e3o transitada em julgado em qualquer esfera governamental.&nbsp;<\/strong><\/li>\n\n\n\n<li>N\u00e3o possuir v\u00ednculo com qualquer \u00f3rg\u00e3o ou entidade da Administra\u00e7\u00e3o P\u00fablica que impossibilite acumula\u00e7\u00e3o de cargos, empregos e fun\u00e7\u00f5es, ressalvados os casos contidos nas al\u00edneas \u201ca\u201d, \u201cb\u201d e \u201cc\u201d, inc. XVI, do art. 37, da Constitui\u00e7\u00e3o Federal, inclusive no que concerne \u00e0 compatibilidade de hor\u00e1rios.<\/li>\n\n\n\n<li>N\u00e3o ser aposentado por invalidez ou ter aposentadoria especial para o mesmo cargo, empregos e fun\u00e7\u00f5es, e nem estar em idade de aposentadoria compuls\u00f3ria.<\/li>\n<\/ul>\n\n\n\n<h2 class=\"wp-block-heading\" id=\"etapas\"><span class=\"ez-toc-section\" id=\"Como_posso_me_preparar_para_as_etapas_de_selecao\"><\/span>Como posso me preparar para as etapas de sele\u00e7\u00e3o?&nbsp;<span class=\"ez-toc-section-end\"><\/span><\/h2>\n\n\n\n<p>Os candidatos ao processo seletivo ser\u00e3o avaliados por meio das seguintes etapas de sele\u00e7\u00e3o:&nbsp;<\/p>\n\n\n\n<ul>\n<li><strong>Prova Objetiva<\/strong>, de car\u00e1ter classificat\u00f3rio.<\/li>\n\n\n\n<li><strong>Prova Pr\u00e1tica<\/strong>, de car\u00e1ter eliminat\u00f3rio.&nbsp;<\/li>\n<\/ul>\n\n\n\n<h3 class=\"wp-block-heading\">Prova Objetiva<\/h3>\n\n\n\n<p>A prova objetiva est\u00e1 prevista para acontecer no dia<strong> 21 de abril \u00e0s 9h<\/strong> em locais que ainda ser\u00e3o divulgados pela banca organizadora. A realiza\u00e7\u00e3o desta avalia\u00e7\u00e3o ter\u00e1 dura\u00e7\u00e3o de <strong>3 horas.&nbsp;<\/strong><\/p>\n\n\n\n<p>As disciplinas que versar\u00e3o as provas ser\u00e3o:&nbsp;<\/p>\n\n\n\n<ul>\n<li>L\u00edngua Portuguesa &#8211; 10 quest\u00f5es<\/li>\n\n\n\n<li>Matem\u00e1tica &#8211; 10 quest\u00f5es<\/li>\n\n\n\n<li>Conhecimentos Gerais &#8211; 10 quest\u00f5es<\/li>\n<\/ul>\n\n\n\n<p>A prova objetiva ser\u00e1 avaliada na escala de <strong>0 a 100 pontos <\/strong>e ser\u00e1 considerado inabilitado o candidato que obtiver nota igual a <strong>zero.<\/strong>&nbsp;<\/p>\n\n\n\n<h3 class=\"wp-block-heading\">Prova Pr\u00e1tica<\/h3>\n\n\n\n<p>A prova pr\u00e1tica ser\u00e1 realizada por <strong>todos os cargos<\/strong> e est\u00e1 prevista para acontecer nos dias <strong>4 e 5 de maio.&nbsp;<\/strong><\/p>\n\n\n\n<p>Essa avalia\u00e7\u00e3o incidir\u00e1 sobre a demonstra\u00e7\u00e3o pr\u00e1tica dos conhecimentos e habilidades para desenvolver as atividades que competem a respectiva fun\u00e7\u00e3o.&nbsp;<\/p>\n\n\n\n<ul>\n<li><strong>Auxiliar de Atividades Operacionais Feminino e Masculino:&nbsp;<\/strong>\n<ul>\n<li>Ser\u00e3o avaliados os conhecimentos e a experi\u00eancia do candidato na execu\u00e7\u00e3o dos trabalhos espec\u00edficos de acordo com cada fun\u00e7\u00e3o. O candidato dever\u00e1 mostrar que tem habilidade e experi\u00eancia de acordo com a atribui\u00e7\u00e3o especificada, conforme a pr\u00e1tica exigida &#8211; <strong>0 a 100 pontos<\/strong> <\/li>\n<\/ul>\n<\/li>\n\n\n\n<li><strong>Oficial de Atividades Operacionais &#8211; Pedreiro:&nbsp;<\/strong>\n<ul>\n<li>Tarefa \u2013 Confec\u00e7\u00e3o de uma parede de tijolos ( lajotas) utilizando argamassa preparada anteriormente , conforme atividade determinada &#8211; <strong>5,0 pontos<\/strong><\/li>\n\n\n\n<li>Organiza\u00e7\u00e3o, qualidade e desempenho na execu\u00e7\u00e3o do servi\u00e7o, ou seja marca\u00e7\u00e3o de esquadro no piso para eleva\u00e7\u00e3o, nivelamento, alinhamento e prepara\u00e7\u00e3o de argamassa &#8211; <strong>2,5 pontos<\/strong><\/li>\n\n\n\n<li>Tempo de Prova (realizado no tempo permitido) &#8211; <strong>2,5 pontos<\/strong><\/li>\n<\/ul>\n<\/li>\n<\/ul>\n\n\n\n<h2 class=\"wp-block-heading\" id=\"ultimo\"><span class=\"ez-toc-section\" id=\"Ultimo_Concurso\"><\/span>\u00daltimo Concurso<span class=\"ez-toc-section-end\"><\/span><\/h2>\n\n\n\n<p>O \u00faltimo concurso da Prefeitura de Tup\u00e3 ocorreu em<strong> 2019 <\/strong>e ofertou diversas vagas para<strong> todos os n\u00edveis de escolaridade.&nbsp;<\/strong>As remunera\u00e7\u00f5es da \u00e9poca podiam variar entre <strong>R$1.019,47 a R$6.760,67<\/strong>.&nbsp;<\/p>\n\n\n\n<p>Os candidatos que participaram do \u00faltimo concurso da Prefeitura de Tup\u00e3 foram avaliados por uma prova objetiva e uma prova de t\u00edtulos.&nbsp;<\/p>\n\n\n\n<p>A prova objetiva foi constitu\u00edda pelas seguintes disciplinas:&nbsp;<\/p>\n\n\n\n<ul>\n<li><strong>Cargos de Professor e Diretor:&nbsp;<\/strong>\n<ul>\n<li>L\u00edngua Portuguesa;<\/li>\n\n\n\n<li>Matem\u00e1tica;<\/li>\n\n\n\n<li>Conhecimentos Gerais e Atualidades;<\/li>\n\n\n\n<li>Legisla\u00e7\u00e3o;<\/li>\n\n\n\n<li>Conhecimentos Espec\u00edficos.<\/li>\n<\/ul>\n<\/li>\n\n\n\n<li><strong>Demais cargos:&nbsp;<\/strong>\n<ul>\n<li>L\u00edngua Portuguesa;<\/li>\n\n\n\n<li>Matem\u00e1tica;<\/li>\n\n\n\n<li>Conhecimentos Gerais e Atualidades;<\/li>\n\n\n\n<li>Conhecimentos Espec\u00edficos.<\/li>\n<\/ul>\n<\/li>\n<\/ul>\n\n\n\n<p>A prova de t\u00edtulos foi realizada pelos candidatos de n\u00edvel superior que avan\u00e7aram das provas objetivas. A contagem de pontos dos t\u00edtulos funcionou da seguinte forma:&nbsp;<\/p>\n\n\n\n<ul>\n<li>Especializa\u00e7\u00e3o: 3,0 pontos<\/li>\n\n\n\n<li>Mestrado: 7,0 pontos<\/li>\n\n\n\n<li>Doutorado: 10 pontos<\/li>\n<\/ul>\n\n\n\n<p><\/p>\n\n\n\n<p><\/p>\n\n\n\n<p><strong>Boa prova e bons estudos!!&nbsp;<\/strong><\/p>\n","protected":false},"excerpt":{"rendered":"<p>A Prefeitura de Tup\u00e3, interior de S\u00e3o Paulo, divulgou um novo processo seletivo que visa preencher 42 vagas de n\u00edvel fundamental. Se interessou pelo certame? Venha saber mais!! Como posso me inscrever?&nbsp; As inscri\u00e7\u00f5es para este processo seletivo j\u00e1 est\u00e3o abertas e ser\u00e3o encerradas \u00e0s 17h do dia 12 de abril. O candidato interessado pode realizar sua inscri\u00e7\u00e3o por meio do site da banca organizadora, Omni Concursos.&nbsp; A taxa de inscri\u00e7\u00e3o tem o valor fixo de R$35,00 e o pagamento deve ser realizado at\u00e9 o dia 12 de abril.&nbsp; A data de encerramento das inscri\u00e7\u00f5es est\u00e1 pr\u00f3xima, n\u00e3o percam essa&#8230;<\/p>\n","protected":false},"author":21,"featured_media":41695,"template":"","meta":{"_acf_changed":false,"rank_math_lock_modified_date":false},"categories":[],"tags":[],"acf":[],"_links":{"self":[{"href":"https:\/\/www.editorasolucao.com.br\/blog\/wp-json\/wp\/v2\/concurso\/5975"}],"collection":[{"href":"https:\/\/www.editorasolucao.com.br\/blog\/wp-json\/wp\/v2\/concurso"}],"about":[{"href":"https:\/\/www.editorasolucao.com.br\/blog\/wp-json\/wp\/v2\/types\/concurso"}],"author":[{"embeddable":true,"href":"https:\/\/www.editorasolucao.com.br\/blog\/wp-json\/wp\/v2\/users\/21"}],"wp:featuredmedia":[{"embeddable":true,"href":"https:\/\/www.editorasolucao.com.br\/blog\/wp-json\/wp\/v2\/media\/41695"}],"wp:attachment":[{"href":"https:\/\/www.editorasolucao.com.br\/blog\/wp-json\/wp\/v2\/media?parent=5975"}],"wp:term":[{"taxonomy":"category","embeddable":true,"href":"https:\/\/www.editorasolucao.com.br\/blog\/wp-json\/wp\/v2\/categories?post=5975"},{"taxonomy":"post_tag","embeddable":true,"href":"https:\/\/www.editorasolucao.com.br\/blog\/wp-json\/wp\/v2\/tags?post=5975"}],"curies":[{"name":"wp","href":"https:\/\/api.w.org\/{rel}","templated":true}]}}