{"id":6564,"date":"2019-11-19T22:58:08","date_gmt":"2019-11-20T01:58:08","guid":{"rendered":"https:\/\/www.editorasolucao.com.br\/blog\/?post_type=concurso&#038;p=6564"},"modified":"2020-01-10T15:42:55","modified_gmt":"2020-01-10T18:42:55","slug":"camara-de-braganca-paulista-sp","status":"publish","type":"concurso","link":"https:\/\/www.editorasolucao.com.br\/blog\/concurso\/camara-de-braganca-paulista-sp","title":{"rendered":"Concurso C\u00e2mara de Bragan\u00e7a Paulista &#8211; SP 2019: N\u00edvel m\u00e9dio e iniciais de at\u00e9 R$ 7 mil!"},"content":{"rendered":"\n<p>Est\u00e3o abertas as <a rel=\"noreferrer noopener\" aria-label=\"edital  (abre em uma nova aba)\" href=\"http:\/\/www.editorasolucao.com.br\" target=\"_blank\">inscri\u00e7\u00f5es <\/a>do concurso <strong>C\u00e2mara de Bragan\u00e7a Paulista&nbsp;<\/strong>em <a rel=\"noreferrer noopener\" aria-label=\" (abre em uma nova aba)\" href=\"https:\/\/www.editorasolucao.com.br\/blog\/concursos-abertos-sp\" target=\"_blank\">S\u00e3o&nbsp;Paulo<\/a>, com a oferta de <strong>05 vagas<\/strong> para candidatos de<strong> n\u00edvel m\u00e9dio <\/strong>de escolaridade com sal\u00e1rios que passam de <strong>R$ 7 mil<\/strong>!<\/p>\n\n\n\n<p style=\"text-align:center\"><strong><a href=\"https:\/\/www.editorasolucao.com.br\/concurso\/camara-de-braganca-paulista-sp\" target=\"_blank\" rel=\"noreferrer noopener\" aria-label=\"Estude com a Apostila C\u00e2mara de Bragan\u00e7a-SP 2019 e parcele SEM JUROS (abre em uma nova aba)\">Estude com a Apostila C\u00e2mara de Bragan\u00e7a-SP 2019 e parcele SEM JUROS<\/a><\/strong><\/p>\n\n\n\n<div id=\"ez-toc-container\" class=\"ez-toc-v2_0_69_1 counter-hierarchy ez-toc-counter ez-toc-grey ez-toc-container-direction\">\n<div class=\"ez-toc-title-container\">\n<p class=\"ez-toc-title \" >Menu de navega&ccedil;&atilde;o<\/p>\n<span class=\"ez-toc-title-toggle\"><a href=\"#\" class=\"ez-toc-pull-right ez-toc-btn ez-toc-btn-xs ez-toc-btn-default ez-toc-toggle\" aria-label=\"Toggle Table of Content\"><span class=\"ez-toc-js-icon-con\"><span class=\"\"><span class=\"eztoc-hide\" style=\"display:none;\">Toggle<\/span><span class=\"ez-toc-icon-toggle-span\"><svg style=\"fill: #999;color:#999\" xmlns=\"http:\/\/www.w3.org\/2000\/svg\" class=\"list-377408\" width=\"20px\" height=\"20px\" viewBox=\"0 0 24 24\" fill=\"none\"><path d=\"M6 6H4v2h2V6zm14 0H8v2h12V6zM4 11h2v2H4v-2zm16 0H8v2h12v-2zM4 16h2v2H4v-2zm16 0H8v2h12v-2z\" fill=\"currentColor\"><\/path><\/svg><svg style=\"fill: #999;color:#999\" class=\"arrow-unsorted-368013\" xmlns=\"http:\/\/www.w3.org\/2000\/svg\" width=\"10px\" height=\"10px\" viewBox=\"0 0 24 24\" version=\"1.2\" baseProfile=\"tiny\"><path d=\"M18.2 9.3l-6.2-6.3-6.2 6.3c-.2.2-.3.4-.3.7s.1.5.3.7c.2.2.4.3.7.3h11c.3 0 .5-.1.7-.3.2-.2.3-.5.3-.7s-.1-.5-.3-.7zM5.8 14.7l6.2 6.3 6.2-6.3c.2-.2.3-.5.3-.7s-.1-.5-.3-.7c-.2-.2-.4-.3-.7-.3h-11c-.3 0-.5.1-.7.3-.2.2-.3.5-.3.7s.1.5.3.7z\"\/><\/svg><\/span><\/span><\/span><\/a><\/span><\/div>\n<nav><ul class='ez-toc-list ez-toc-list-level-1 ' ><li class='ez-toc-page-1 ez-toc-heading-level-2'><a class=\"ez-toc-link ez-toc-heading-1\" href=\"https:\/\/www.editorasolucao.com.br\/blog\/concurso\/camara-de-braganca-paulista-sp\/#Inscricoes_do_concurso_Camara_de_Braganca_Paulista\" title=\"Inscri\u00e7\u00f5es do concurso&nbsp;C\u00e2mara de&nbsp;Bragan\u00e7a&nbsp;Paulista\">Inscri\u00e7\u00f5es do concurso&nbsp;C\u00e2mara de&nbsp;Bragan\u00e7a&nbsp;Paulista<\/a><\/li><li class='ez-toc-page-1 ez-toc-heading-level-2'><a class=\"ez-toc-link ez-toc-heading-2\" href=\"https:\/\/www.editorasolucao.com.br\/blog\/concurso\/camara-de-braganca-paulista-sp\/#Cargos_e_salarios_do_concurso_Braganca_Paulista\" title=\"Cargos e sal\u00e1rios do concurso Bragan\u00e7a&nbsp;Paulista\">Cargos e sal\u00e1rios do concurso Bragan\u00e7a&nbsp;Paulista<\/a><\/li><li class='ez-toc-page-1 ez-toc-heading-level-2'><a class=\"ez-toc-link ez-toc-heading-3\" href=\"https:\/\/www.editorasolucao.com.br\/blog\/concurso\/camara-de-braganca-paulista-sp\/#Como_serao_as_provas_do_concurso\" title=\"Como ser\u00e3o as provas do concurso?\">Como ser\u00e3o as provas do concurso?<\/a><\/li><li class='ez-toc-page-1 ez-toc-heading-level-2'><a class=\"ez-toc-link ez-toc-heading-4\" href=\"https:\/\/www.editorasolucao.com.br\/blog\/concurso\/camara-de-braganca-paulista-sp\/#O_que_faz_um_Assistente_de_Gestao_de_Politicas_Publicas_%E2%80%93_Gestao_Administrativa\" title=\"O que faz um Assistente de Gest\u00e3o de Pol\u00edticas P\u00fablicas \u2013 Gest\u00e3o Administrativa?\">O que faz um Assistente de Gest\u00e3o de Pol\u00edticas P\u00fablicas \u2013 Gest\u00e3o Administrativa?<\/a><\/li><li class='ez-toc-page-1 ez-toc-heading-level-2'><a class=\"ez-toc-link ez-toc-heading-5\" href=\"https:\/\/www.editorasolucao.com.br\/blog\/concurso\/camara-de-braganca-paulista-sp\/#O_que_faz_um_Assistente_de_Gestao_de_Politicas_Publicas_%E2%80%93_Secretaria\" title=\"O que faz um Assistente de Gest\u00e3o de Pol\u00edticas P\u00fablicas \u2013 Secret\u00e1ria?\">O que faz um Assistente de Gest\u00e3o de Pol\u00edticas P\u00fablicas \u2013 Secret\u00e1ria?<\/a><\/li><\/ul><\/nav><\/div>\n<h2 class=\"wp-block-heading\"><span class=\"ez-toc-section\" id=\"Inscricoes_do_concurso_Camara_de_Braganca_Paulista\"><\/span><strong>Inscri\u00e7\u00f5es do concurso&nbsp;C\u00e2mara de&nbsp;Bragan\u00e7a&nbsp;Paulista<\/strong><br><span class=\"ez-toc-section-end\"><\/span><\/h2>\n\n\n\n<p>Para participar, acesse o site da banca organizadora,<a rel=\"noreferrer noopener\" aria-label=\" Funda\u00e7\u00e3o Vunesp (abre em uma nova aba)\" href=\"https:\/\/www.vunesp.com.br\/CMBP1901\" target=\"_blank\"> Funda\u00e7\u00e3o Vunesp<\/a>, a partir do dia <strong>18 de novembro de 2019 at\u00e9 o dia 07 de janeiro de&nbsp;2020<\/strong>. A taxa de participa\u00e7\u00e3o ser\u00e1 no valor de <strong>R$ 56,00 a R$ 98,00<\/strong> devendo ser paga at\u00e9 o dia 08 de janeiro.<\/p>\n\n\n\n<p>Confira todos os detalhes sobre o concurso para que voc\u00ea possa iniciar sua prepara\u00e7\u00e3o.<br><\/p>\n\n\n\n<h2 class=\"wp-block-heading\"><span class=\"ez-toc-section\" id=\"Cargos_e_salarios_do_concurso_Braganca_Paulista\"><\/span><strong>Cargos e sal\u00e1rios do concurso Bragan\u00e7a&nbsp;Paulista<\/strong><br><span class=\"ez-toc-section-end\"><\/span><\/h2>\n\n\n\n<p>As oportunidades deste concurso s\u00e3o para os cargos de:<\/p>\n\n\n\n<p><a rel=\"noreferrer noopener\" aria-label=\"Assistente de Gest\u00e3o e Pol\u00edticas P\u00fablicas - Gest\u00e3o Administrativa (abre em uma nova aba)\" href=\"https:\/\/www.editorasolucao.com.br\/apostila-solucao\/impresso\/apostila-camara-municipal-braganca-paulista-sp-2019-assistente-gestao-politicas-publicas-gestao-administrativa\" target=\"_blank\">Assistente de Gest\u00e3o e Pol\u00edticas P\u00fablicas &#8211; Gest\u00e3o Administrativa<\/a> (03) e <a rel=\"noreferrer noopener\" aria-label=\"Assistente de Gest\u00e3o e Pol\u00edticas P\u00fablicas - Secret\u00e1ria (abre em uma nova aba)\" href=\"https:\/\/www.editorasolucao.com.br\/apostila-solucao\/impresso\/apostila-camara-municipal-braganca-paulista-sp-2019-assistente-gestao-politicas-publicas-secretaria\" target=\"_blank\">Assistente de Gest\u00e3o e Pol\u00edticas P\u00fablicas &#8211; Secret\u00e1ria<\/a> (02).<\/p>\n\n\n\n<p>A remunera\u00e7\u00e3o inicial ser\u00e1 no valor de <strong>R$ 4.731,15<\/strong> para o cargo de Gest\u00e3o Administrativa e de<strong> R$ 2.869,87<\/strong> para Secret\u00e1ria, ambos exigem n\u00edvel m\u00e9dio completo.<\/p>\n\n\n\n<p>Al\u00e9m do sal\u00e1rios os contratados receber\u00e3o benef\u00edcios como vale-alimenta\u00e7\u00e3o no valor de <strong>R$ 700,00<\/strong>; aux\u00edlio sa\u00fade de <strong>R$ 540,00<\/strong> e gratifica\u00e7\u00e3o funcional de <strong>R$ 1.270,50<\/strong>. A jornada de trabalho compreender\u00e1 40 horas semanais.<\/p>\n\n\n\n<h2 class=\"wp-block-heading\"><span class=\"ez-toc-section\" id=\"Como_serao_as_provas_do_concurso\"><\/span><strong>Como ser\u00e3o as provas do concurso?<\/strong><br><span class=\"ez-toc-section-end\"><\/span><\/h2>\n\n\n\n<p>O processo de avalia\u00e7\u00e3o dos candidatos se dar\u00e1 por meio de prova objetiva a ser aplicada no dia <strong>01 de mar\u00e7o de&nbsp;2020<\/strong> com dura\u00e7\u00e3o de 3 horas. As provas versar\u00e3o sobre as disciplinas de:<\/p>\n\n\n\n<div class=\"wp-block-image\"><figure class=\"aligncenter\"><img loading=\"lazy\" decoding=\"async\" width=\"535\" height=\"243\" src=\"https:\/\/www.editorasolucao.com.br\/blog\/wp-content\/uploads\/2019\/11\/bragan\u00e7a.png\" alt=\"\" class=\"wp-image-6565\"\/><\/figure><\/div>\n\n\n\n<p style=\"text-align:center\"><strong><a href=\"https:\/\/www.editorasolucao.com.br\/concurso\/camara-de-braganca-paulista-sp\" target=\"_blank\" rel=\"noreferrer noopener\" aria-label=\"Estude com a Apostila C\u00e2mara de Bragan\u00e7a-SP 2019 e parcele SEM JUROS (abre em uma nova aba)\">Estude com a Apostila C\u00e2mara de Bragan\u00e7a-SP 2019 e parcele SEM JUROS<\/a><\/strong><\/p>\n\n\n\n<p>Haver\u00e1 ainda <strong>prova pr\u00e1tica<\/strong> para os cargos de Eletricista, Mec\u00e2nico J\u00fanior, Motorista J\u00fanior, Operador de M\u00e1quinas J\u00fanior, Pedreiro e<br> Servidor Bra\u00e7al.<\/p>\n\n\n\n<h2 class=\"wp-block-heading\"><span class=\"ez-toc-section\" id=\"O_que_faz_um_Assistente_de_Gestao_de_Politicas_Publicas_%E2%80%93_Gestao_Administrativa\"><\/span><strong>O que faz um Assistente de Gest\u00e3o de Pol\u00edticas P\u00fablicas \u2013 Gest\u00e3o Administrativa? <\/strong><span class=\"ez-toc-section-end\"><\/span><\/h2>\n\n\n\n<p>Tem por fun\u00e7\u00e3o elaborar, sob supervis\u00e3o, demonstrativos, rela\u00e7\u00f5es e levantamentos; digitar textos, documentos, tabelas e outros originais, bem como conferir a digita\u00e7\u00e3o; elaborar ou colaborar na elabora\u00e7\u00e3o de relat\u00f3rios parciais e\/ou anuais, atendendo \u00e0s exig\u00eancias ou normas da unidade administrativa; auxiliar o profissional na realiza\u00e7\u00e3o de estudos de simplifica\u00e7\u00e3o de tarefas administrativas, executando levantamento de dados; executar servi\u00e7os de escrit\u00f3rio, arquivando, abrindo pastas, plastificando folhas e preparando etiquetas para facilitar o andamento dos servi\u00e7os administrativos; recepcionar visitante ou clientes, indagando suas pretens\u00f5es, para informa-los conforme seus pedidos; atender chamadas telef\u00f4nicas; controlar entregas e recebimentos, assinando ou solicitando livros de protocolo para comprovar a execu\u00e7\u00e3o de servi\u00e7os; formalizar processos, encaminhando seus autos \u00e0s unidades ou superiores competentes; controlar estoques, distribuindo os materiais, quando solicitado, e providenciando sua reposi\u00e7\u00e3o de acordo com as normas pr\u00e9-estabelecidas; receber mat\u00e9ria de fornecedores, conferindo as especifica\u00e7\u00f5es dos materiais com os documentos de entrega; manter em perfeita ordem e conserva\u00e7\u00e3o as depend\u00eancias, equipamentos, m\u00e1quinas e arquivos; preparar publica\u00e7\u00f5es e documentos para arquivo; operar microcomputadores; auxiliar a organiza\u00e7\u00e3o e a execu\u00e7\u00e3o das atividades de plen\u00e1rio; executar outras atribui\u00e7\u00f5es afins.<\/p>\n\n\n\n<h2 class=\"wp-block-heading\"><span class=\"ez-toc-section\" id=\"O_que_faz_um_Assistente_de_Gestao_de_Politicas_Publicas_%E2%80%93_Secretaria\"><\/span><strong>O que faz um Assistente de Gest\u00e3o de Pol\u00edticas P\u00fablicas \u2013 Secret\u00e1ria?<\/strong><span class=\"ez-toc-section-end\"><\/span><\/h2>\n\n\n\n<p>Esse profissional ficar\u00e1 respons\u00e1vel pelo protocolo e elabora\u00e7\u00e3o de documentos e of\u00edcios dos vereadores; receber e registrar todo material encaminhado para o departamento, auxiliando em sua organiza\u00e7\u00e3o; atender e efetuar liga\u00e7\u00f5es telef\u00f4nicas, anotando recados ou prestando informa\u00e7\u00f5es; operar o sistema de recep\u00e7\u00e3o e emiss\u00e3o de fac-s\u00edmile; colaborar nos servi\u00e7os de recep\u00e7\u00e3o de autoridades e convidados quando da realiza\u00e7\u00e3o de sess\u00f5es solenes e eventos da C\u00e2mara; elaborar e expedir documentos e correspond\u00eancias oficiais da C\u00e2mara; colaborar na manuten\u00e7\u00e3o do sistema informatizado de Protocolo Geral; proceder a estudos e pesquisas de interesse ou destinadas a subsidiar a elabora\u00e7\u00e3o de mat\u00e9rias legislativas; prestar atendimento \u00e0s comiss\u00f5es permanentes e tempor\u00e1rias no que couber; receber e registrar todo o material encaminhado ao Departamento de Documenta\u00e7\u00e3o e Assessoria parlamentar, auxiliando na sua organiza\u00e7\u00e3o; auxiliar no tratamento t\u00e9cnico dos conjuntos informativos instalados no departamento; executar servi\u00e7os auxiliares de aquisi\u00e7\u00e3o do acerto do departamento, controlando o seu empr\u00e9stimo; executar servi\u00e7os auxiliares de processamento t\u00e9cnico do acervo; executar servi\u00e7os auxiliares de prepara\u00e7\u00e3o e conserva\u00e7\u00e3o do material bibliogr\u00e1fico e n\u00e3o bibliogr\u00e1fico; prestar atendimento ao publico interno e externo; executar outras atribui\u00e7\u00f5es correlatas determinadas pelo superior hier\u00e1rquico.<\/p>\n\n\n\n<p style=\"text-align:center\"><strong><a href=\"https:\/\/www.editorasolucao.com.br\/concurso\/camara-de-braganca-paulista-sp\" target=\"_blank\" rel=\"noreferrer noopener\">Estude com a Apostila C\u00e2mara de Bragan\u00e7a-SP 2019 e parcele SEM JUROS<\/a><\/strong><\/p>\n","protected":false},"excerpt":{"rendered":"<p>Est\u00e3o abertas as inscri\u00e7\u00f5es do concurso C\u00e2mara de Bragan\u00e7a Paulista&nbsp;em S\u00e3o&nbsp;Paulo, com a oferta de 05 vagas para candidatos de n\u00edvel m\u00e9dio de escolaridade com sal\u00e1rios que passam de R$ 7 mil! Estude com a Apostila C\u00e2mara de Bragan\u00e7a-SP 2019 e parcele SEM JUROS Inscri\u00e7\u00f5es do concurso&nbsp;C\u00e2mara de&nbsp;Bragan\u00e7a&nbsp;Paulista Para participar, acesse o site da banca organizadora, Funda\u00e7\u00e3o Vunesp, a partir do dia 18 de novembro de 2019 at\u00e9 o dia 07 de janeiro de&nbsp;2020. A taxa de participa\u00e7\u00e3o ser\u00e1 no valor de R$ 56,00 a R$ 98,00 devendo ser paga at\u00e9 o dia 08 de janeiro. Confira todos os detalhes&#8230;<\/p>\n","protected":false},"author":3,"featured_media":6568,"template":"","meta":{"_acf_changed":false,"rank_math_lock_modified_date":false},"categories":[],"tags":[],"acf":[],"_links":{"self":[{"href":"https:\/\/www.editorasolucao.com.br\/blog\/wp-json\/wp\/v2\/concurso\/6564"}],"collection":[{"href":"https:\/\/www.editorasolucao.com.br\/blog\/wp-json\/wp\/v2\/concurso"}],"about":[{"href":"https:\/\/www.editorasolucao.com.br\/blog\/wp-json\/wp\/v2\/types\/concurso"}],"author":[{"embeddable":true,"href":"https:\/\/www.editorasolucao.com.br\/blog\/wp-json\/wp\/v2\/users\/3"}],"wp:featuredmedia":[{"embeddable":true,"href":"https:\/\/www.editorasolucao.com.br\/blog\/wp-json\/wp\/v2\/media\/6568"}],"wp:attachment":[{"href":"https:\/\/www.editorasolucao.com.br\/blog\/wp-json\/wp\/v2\/media?parent=6564"}],"wp:term":[{"taxonomy":"category","embeddable":true,"href":"https:\/\/www.editorasolucao.com.br\/blog\/wp-json\/wp\/v2\/categories?post=6564"},{"taxonomy":"post_tag","embeddable":true,"href":"https:\/\/www.editorasolucao.com.br\/blog\/wp-json\/wp\/v2\/tags?post=6564"}],"curies":[{"name":"wp","href":"https:\/\/api.w.org\/{rel}","templated":true}]}}