{"id":6576,"date":"2019-11-23T12:00:09","date_gmt":"2019-11-23T15:00:09","guid":{"rendered":"https:\/\/www.editorasolucao.com.br\/blog\/?post_type=concurso&#038;p=6576"},"modified":"2019-11-24T16:04:45","modified_gmt":"2019-11-24T19:04:45","slug":"prefeitura-de-edeia-go","status":"publish","type":"concurso","link":"https:\/\/www.editorasolucao.com.br\/blog\/concurso\/prefeitura-de-edeia-go","title":{"rendered":"Concurso Prefeitura de Ed\u00e9ia &#8211; GO 2019: Oportunidades para todos os n\u00edveis!"},"content":{"rendered":"\n<p>O<a rel=\"noreferrer noopener\" aria-label=\" Edital (abre em uma nova aba)\" href=\"https:\/\/www.editorasolucao.com.br\/\" target=\"_blank\"> Edital<\/a> do <strong>Concurso Prefeitura de Ed\u00e9ia<\/strong>, no estado de <a rel=\"noreferrer noopener\" aria-label=\"Goi\u00e1s (abre em uma nova aba)\" href=\"https:\/\/www.editorasolucao.com.br\/blog\/concursos-abertos-go\" target=\"_blank\">Goi\u00e1s<\/a>, foi divulgado. S\u00e3o <strong>101 vagas<\/strong> sendo ofertadas para candidatos de <strong>todos os n\u00edveis de escolaridade<\/strong>, com sal\u00e1rios que chegam a <strong>R$ 3,4 mil<\/strong>. Confira os detalhes do certame ao decorrer do texto.<\/p>\n\n\n\n<p style=\"text-align:center\"><strong><a href=\"https:\/\/www.editorasolucao.com.br\/concurso\/prefeitura-de-edeia-go\" target=\"_blank\" rel=\"noreferrer noopener\" aria-label=\"Estude com as Apostilas Prefeitura de Ed\u00e9ia - GO e parcele SEM JUROS (abre em uma nova aba)\">Estude com as Apostilas Prefeitura de Ed\u00e9ia &#8211; GO e parcele SEM JUROS<\/a><\/strong><\/p>\n\n\n\n<div id=\"ez-toc-container\" class=\"ez-toc-v2_0_69_1 counter-hierarchy ez-toc-counter ez-toc-grey ez-toc-container-direction\">\n<div class=\"ez-toc-title-container\">\n<p class=\"ez-toc-title \" >Menu de navega&ccedil;&atilde;o<\/p>\n<span class=\"ez-toc-title-toggle\"><a href=\"#\" class=\"ez-toc-pull-right ez-toc-btn ez-toc-btn-xs ez-toc-btn-default ez-toc-toggle\" aria-label=\"Toggle Table of Content\"><span class=\"ez-toc-js-icon-con\"><span class=\"\"><span class=\"eztoc-hide\" style=\"display:none;\">Toggle<\/span><span class=\"ez-toc-icon-toggle-span\"><svg style=\"fill: #999;color:#999\" xmlns=\"http:\/\/www.w3.org\/2000\/svg\" class=\"list-377408\" width=\"20px\" height=\"20px\" viewBox=\"0 0 24 24\" fill=\"none\"><path d=\"M6 6H4v2h2V6zm14 0H8v2h12V6zM4 11h2v2H4v-2zm16 0H8v2h12v-2zM4 16h2v2H4v-2zm16 0H8v2h12v-2z\" fill=\"currentColor\"><\/path><\/svg><svg style=\"fill: #999;color:#999\" class=\"arrow-unsorted-368013\" xmlns=\"http:\/\/www.w3.org\/2000\/svg\" width=\"10px\" height=\"10px\" viewBox=\"0 0 24 24\" version=\"1.2\" baseProfile=\"tiny\"><path d=\"M18.2 9.3l-6.2-6.3-6.2 6.3c-.2.2-.3.4-.3.7s.1.5.3.7c.2.2.4.3.7.3h11c.3 0 .5-.1.7-.3.2-.2.3-.5.3-.7s-.1-.5-.3-.7zM5.8 14.7l6.2 6.3 6.2-6.3c.2-.2.3-.5.3-.7s-.1-.5-.3-.7c-.2-.2-.4-.3-.7-.3h-11c-.3 0-.5.1-.7.3-.2.2-.3.5-.3.7s.1.5.3.7z\"\/><\/svg><\/span><\/span><\/span><\/a><\/span><\/div>\n<nav><ul class='ez-toc-list ez-toc-list-level-1 ' ><li class='ez-toc-page-1 ez-toc-heading-level-2'><a class=\"ez-toc-link ez-toc-heading-1\" href=\"https:\/\/www.editorasolucao.com.br\/blog\/concurso\/prefeitura-de-edeia-go\/#Inscricoes_do_Concurso_de_Edeia\" title=\"Inscri\u00e7\u00f5es do Concurso de Ed\u00e9ia\">Inscri\u00e7\u00f5es do Concurso de Ed\u00e9ia<\/a><\/li><li class='ez-toc-page-1 ez-toc-heading-level-2'><a class=\"ez-toc-link ez-toc-heading-2\" href=\"https:\/\/www.editorasolucao.com.br\/blog\/concurso\/prefeitura-de-edeia-go\/#Cargos_vagas_e_salarios_do_Concurso_Prefeitura_de_Edeia\" title=\"Cargos, vagas e sal\u00e1rios do Concurso Prefeitura de Ed\u00e9ia\">Cargos, vagas e sal\u00e1rios do Concurso Prefeitura de Ed\u00e9ia<\/a><\/li><li class='ez-toc-page-1 ez-toc-heading-level-2'><a class=\"ez-toc-link ez-toc-heading-3\" href=\"https:\/\/www.editorasolucao.com.br\/blog\/concurso\/prefeitura-de-edeia-go\/#Requisitos_basicos_do_Concurso\" title=\"Requisitos b\u00e1sicos do Concurso\">Requisitos b\u00e1sicos do Concurso<\/a><\/li><li class='ez-toc-page-1 ez-toc-heading-level-2'><a class=\"ez-toc-link ez-toc-heading-4\" href=\"https:\/\/www.editorasolucao.com.br\/blog\/concurso\/prefeitura-de-edeia-go\/#Como_serao_as_provas_do_Concurso_Prefeitura_de_Edeia_%E2%80%93_GO\" title=\"Como ser\u00e3o as provas do Concurso Prefeitura de Ed\u00e9ia \u2013 GO?\">Como ser\u00e3o as provas do Concurso Prefeitura de Ed\u00e9ia \u2013 GO?<\/a><\/li><\/ul><\/nav><\/div>\n<h2 class=\"wp-block-heading\"><span class=\"ez-toc-section\" id=\"Inscricoes_do_Concurso_de_Edeia\"><\/span>Inscri\u00e7\u00f5es do Concurso de Ed\u00e9ia<span class=\"ez-toc-section-end\"><\/span><\/h2>\n\n\n\n<p>As inscri\u00e7\u00f5es dever\u00e3o ser realizadas atrav\u00e9s do site <a href=\"http:\/\/www.itame.com.br\/site\/concursos_detalhes.aspx?conid=2GLdFxI+VRw=\" target=\"_blank\" rel=\"noreferrer noopener\" aria-label=\"Itame (abre em uma nova aba)\">Itame<\/a>, a partir das <strong>10h do dia 06 de dezembro de 2019, at\u00e9 \u00e0s 23h59 do dia 30 de dezembro de 2019<\/strong>. Ser\u00e3o cobradas taxas com valores referentes ao n\u00edvel do cargo pretendido.<\/p>\n\n\n\n<ul><li> N\u00edvel Fundamental (Incompleto e Completo): <strong>R$ 50,00<\/strong><\/li><li> N\u00edvel M\u00e9dio e T\u00e9cnico: <strong>R$ 70,00<\/strong><\/li><li> N\u00edvel Superior: <strong>R$ 110,00<\/strong><\/li><\/ul>\n\n\n\n<p>Ter\u00e1 direito a <strong>isen\u00e7\u00e3o de pagamento da taxa de inscri\u00e7\u00e3o<\/strong> o candidato economicamente hipossuficiente que estiver inscrito no Cad\u00danico (Cadastro \u00danico para Programas Sociais do Governo Federal ) e declarar que \u00e9 membro de fam\u00edlia de baixa renda, assim compreendida aquela que possua renda per capita de at\u00e9 meio sal\u00e1rio m\u00ednimo ou aquela que possua renda familiar mensal de at\u00e9 03 (tr\u00eas) sal\u00e1rios m\u00ednimos, nos termos do Decreto Federal n\u00ba 6.135, de 26 de Junho de 2007.<\/p>\n\n\n\n<h2 class=\"wp-block-heading\"><span class=\"ez-toc-section\" id=\"Cargos_vagas_e_salarios_do_Concurso_Prefeitura_de_Edeia\"><\/span>Cargos, vagas e sal\u00e1rios do Concurso Prefeitura de Ed\u00e9ia<span class=\"ez-toc-section-end\"><\/span><\/h2>\n\n\n\n<p>S\u00e3o oferecidas <strong>101 vagas de provimento imediato e mais de 300 para forma\u00e7\u00e3o de cadastro reserva<\/strong> \u00e0 candidatos de n\u00edveis <strong>Alfabetizado, Fundamental, M\u00e9dio, T\u00e9cnico e Superior<\/strong>, com sal\u00e1rios que v\u00e3o de <strong>R$ 998,00 a R$ 3.469,32<\/strong>, e jornadas de trabalho que variam de 24 a 40 horas semanais, dependendo do cargo. Abaixo est\u00e3o a quantidade de oportunidades e as remunera\u00e7\u00f5es referentes a cada fun\u00e7\u00e3o.<\/p>\n\n\n\n<p><strong><a href=\"https:\/\/www.editorasolucao.com.br\/apostila-solucao\/impresso\/apostila-prefeitura-edeia-go-2019-comum-cargos-nivel-fundamental\" target=\"_blank\" rel=\"noreferrer noopener\" aria-label=\"N\u00edvel Fundamental (abre em uma nova aba)\">N\u00edvel Fundamental<\/a> Incompleto (Alfabetizado)<\/strong><\/p>\n\n\n\n<ul><li>Agente de Vigil\u00e2ncia \u2013 (05 vagas + 15 CR): R$ 998,00<\/li><li> Auxiliar de Servi\u00e7os Urbanos \u2013 (03 vagas + 09 CR): R$ 998,00<\/li><li> Oficial de Servi\u00e7os Gerais (Merendeira) \u2013 (05 vagas + 15 CR): R$ 998,00<\/li><li> Motorista de Ve\u00edculos Pesado \u2013 (10 vagas + 30 CR): R$ 1.373,58<\/li><li> Operador de M\u00e1quinas Pesadas \u2013 (03 vagas + 09 CR): R$ 1.268,98<\/li><li> Recepcionista \u2013 (04 vagas + 12 CR): R$ 998,00<\/li><li> Trabalhador Bra\u00e7al \u2013 (10 vagas + 30 CR): R$ 998,00<\/li><li> Zelador \u2013 (08 vagas + 24 CR): R$ 998,00<\/li><\/ul>\n\n\n\n<p><strong>N\u00edvel Fundamental Completo<\/strong><\/p>\n\n\n\n<ul><li> Auxiliar de Consult\u00f3rio Dent\u00e1rio \u2013 (01 vaga + 04 CR): R$ 998,00<\/li><li> Eletricista \u2013 (01 vaga + 04 CR): R$ 998,00<\/li><\/ul>\n\n\n\n<p><strong><a href=\"https:\/\/www.editorasolucao.com.br\/apostila-solucao\/impresso\/apostila-prefeitura-edeia-go-2019-comum-cargos-nivel-medio\" target=\"_blank\" rel=\"noreferrer noopener\" aria-label=\"N\u00edvel M\u00e9dio e T\u00e9cnico (abre em uma nova aba)\">N\u00edvel M\u00e9dio e T\u00e9cnico<\/a><\/strong><\/p>\n\n\n\n<ul><li> Agente Comunit\u00e1rio \u2013 (02 vagas + 08 CR): R$ 1.348,58<\/li><li> Agente de Combate a Endemias \u2013 (02 vagas + 06 CR): R$ 1.348,58<\/li><li> <a href=\"https:\/\/www.editorasolucao.com.br\/apostila-solucao\/impresso\/apostila-prefeitura-edeia-go-2019-assistente-administrativo\" target=\"_blank\" rel=\"noreferrer noopener\" aria-label=\"Assistente Administrativo (abre em uma nova aba)\">Assistente Administrativo<\/a> \u2013 (08 + 24 CR): R$ 998,00 <\/li><li> Fiscal de Obras e Posturas \u2013 (01 vaga + 04 CR): R$ 998,00<\/li><li> T\u00e9cnico em Inform\u00e1tica \u2013 (01 vaga + 04 CR): R$ 998,00<\/li><li> <a rel=\"noreferrer noopener\" aria-label=\"T\u00e9cnico de Enfermagem (abre em uma nova aba)\" href=\"https:\/\/www.editorasolucao.com.br\/apostila-solucao\/impresso\/apostila-prefeitura-edeia-go-2019-tecnico-enfermagem\" target=\"_blank\">T\u00e9cnico de Enfermagem<\/a> \u2013 (08 + 24 CR): R$ 1.039,29<\/li><li> T\u00e9cnico de Radiologia \u2013 (01 vaga + 04 CR): R$ 1.039,29<\/li><\/ul>\n\n\n\n<p><strong><a href=\"https:\/\/www.editorasolucao.com.br\/apostila-solucao\/impresso\/apostila-prefeitura-edeia-go-2019-comum-cargos-nivel-superior\" target=\"_blank\" rel=\"noreferrer noopener\" aria-label=\"N\u00edvel Superior (abre em uma nova aba)\">N\u00edvel Superior<\/a><\/strong><\/p>\n\n\n\n<ul><li> Assistente Social \u2013 (01 vaga + 04 CR): R$ 2.602,00<\/li><li> Arquiteto \u2013 (01 + 04 CR): R$ 3.469,32<\/li><li> Auditor da Receita Municipal \u2013 (01 vaga + 04 CR): R$ 3.469,32<\/li><li> Analista de Tecnologia da Informa\u00e7\u00e3o \u2013 (01 vaga + 04 CR): R$ 3.469,32<\/li><li> Biom\u00e9dico \u2013 (01 vaga + 04 CR): R$ 3.469,32<\/li><li> Odont\u00f3logo \u2013 (01 vaga + 04 CR): R$ 3.469,32<\/li><li> <a rel=\"noreferrer noopener\" aria-label=\"Enfermeiro (abre em uma nova aba)\" href=\"https:\/\/www.editorasolucao.com.br\/apostila-solucao\/impresso\/apostila-prefeitura-edeia-go-2019-enfermeiro\" target=\"_blank\">Enfermeiro<\/a> \u2013 (05 vagas + 15 CR): R$ 3.469,32<\/li><li> Engenheiro Civil \u2013 (01 vaga + 04 CR): R$ 3.469,32<\/li><li> Farmac\u00eautico \u2013 (01 vaga + 04 CR): R$ 3.469,32<\/li><li> Fisioterapeuta \u2013 (01 vaga + 04 CR): R$ 2.602,00<\/li><li> Nutricionista \u2013 (01 vaga + 04 CR): R$ 3.469,32<\/li><li> Psic\u00f3logo \u2013 (01 vaga + 04 CR): R$ 3.469,32<\/li><li> Fonoaudi\u00f3logo \u2013 (01 vaga + 04 CR): R$ 2.602,00<\/li><li> <a href=\"https:\/\/www.editorasolucao.com.br\/apostila-solucao\/impresso\/apostila-prefeitura-edeia-go-2019-professor-pedagogo-nivel-iii\" target=\"_blank\" rel=\"noreferrer noopener\" aria-label=\"Professor Pedagogo \u2013 N\u00edvel III (abre em uma nova aba)\">Professor Pedagogo \u2013 N\u00edvel III<\/a> \u2013 (10 vagas + 30 CR): R$ 3.094,88<\/li><li> Professor de Educa\u00e7\u00e3o F\u00edsica \u2013 N\u00edvel III \u2013 (01 vaga + 04 CR): R$ 3.094,88<\/li><\/ul>\n\n\n\n<h2 class=\"wp-block-heading\"><span class=\"ez-toc-section\" id=\"Requisitos_basicos_do_Concurso\"><\/span>Requisitos b\u00e1sicos do Concurso<span class=\"ez-toc-section-end\"><\/span><\/h2>\n\n\n\n<ul><li> Ser brasileiro nato ou naturalizado ou cidad\u00e3o Portugu\u00eas que tenha adquirido a igualdade de direitos e obriga\u00e7\u00f5es civis e gozo dos direitos pol\u00edticos (Decreto n\u00ba 70.436, de 18\/04\/72, Constitui\u00e7\u00e3o Federal, art. 12, inciso II, \u00a7 1\u00b0, de 05\/10\/88);<\/li><li> Possuir, no m\u00ednimo 18 (dezoito) anos completos na data da posse; <\/li><li> Comprovar quita\u00e7\u00e3o com as obriga\u00e7\u00f5es eleitorais e, se do sexo masculino, quita\u00e7\u00e3o do servi\u00e7o militar; <\/li><li> Estar em pleno gozo dos direitos civis e pol\u00edticos;<\/li><li> Comprovar aptid\u00e3o f\u00edsica e mental atrav\u00e9s dos exames exigidos neste edital ou na convoca\u00e7\u00e3o para posse;<\/li><li> Comprovar os pr\u00e9-requisitos ou habilita\u00e7\u00f5es exigidas para posse e exerc\u00edcio do cargo, inclusive, quando for o caso, registro ativo no \u00f3rg\u00e3o de classe competente;<\/li><li> No ato da posse o candidato n\u00e3o poder\u00e1 estar incompatibilizado para investidura em cargo p\u00fablico; <\/li><li> Ser aprovado em todas as etapas do concurso. Apresentar certid\u00e3o negativa criminal da Justi\u00e7a Estadual e Federal, e certid\u00e3o do cart\u00f3rio distribuidor c\u00edvel da comarca de sua resid\u00eancia; <\/li><li>  Comprovar o n\u00edvel de escolaridade e demais requisitos exigidos para posse no cargo; <\/li><li> Para os cargos que exigem como requisito para provimento o comprovante de experi\u00eancia, ser\u00e3o considerados como meios comprobat\u00f3rios: carteira de trabalho e previd\u00eancia social, contrato de trabalho firmado entre as partes, declara\u00e7\u00e3o firmada por pessoa f\u00edsica ou jur\u00eddica com firma reconhecida, e certid\u00e3o de recursos humanos emitida por \u00f3rg\u00e3o p\u00fablico;<\/li><li>  Para fins de comprova\u00e7\u00e3o da experi\u00eancia ser\u00e1 considerada a identidade de atribui\u00e7\u00f5es independente da nomenclatura do cargo.<\/li><\/ul>\n\n\n\n<p style=\"text-align:center\"><strong><a href=\"https:\/\/www.editorasolucao.com.br\/concurso\/prefeitura-de-edeia-go\" target=\"_blank\" rel=\"noreferrer noopener\">Estude com as Apostilas Prefeitura de Ed\u00e9ia &#8211; GO e parcele SEM JUROS<\/a><\/strong><\/p>\n\n\n\n<h2 class=\"wp-block-heading\"><span class=\"ez-toc-section\" id=\"Como_serao_as_provas_do_Concurso_Prefeitura_de_Edeia_%E2%80%93_GO\"><\/span>Como ser\u00e3o as provas do Concurso Prefeitura de Ed\u00e9ia \u2013 GO?<span class=\"ez-toc-section-end\"><\/span><\/h2>\n\n\n\n<p> O certame ser\u00e1 composto por <strong>cinco etapas<\/strong>, sendo elas: <strong>Prova Objetiva<\/strong> (para todos os cargos); <strong>Pr\u00e1tica<\/strong> (para o caro de Operador de M\u00e1quinas); <strong>Teste de Aptid\u00e3o F\u00edsica<\/strong>(destinadas \u00e0s fun\u00e7\u00f5es de Agente de Vigil\u00e2ncia, Auxiliar de Servi\u00e7os Urbanos, Trabalhador Bra\u00e7al e Zelador), <strong>Prova Discursiva &#8211; Reda\u00e7\u00e3o <\/strong>(para os cargos de Professor) e <strong>Prova de T\u00edtulos<\/strong> (tamb\u00e9m para os cargos de Professor).<\/p>\n\n\n\n<h4 class=\"wp-block-heading\">Prova Objetiva<\/h4>\n\n\n\n<p>A Prova Objetiva, de car\u00e1ter eliminat\u00f3rio e classificat\u00f3rio, est\u00e1 prevista para ser realizada nos dias <strong>08 e 09 de fevereiro de 2020<\/strong>, e contar\u00e1 com quest\u00f5es de m\u00faltipla escolha. As disciplinas que versar\u00e3o as provas ser\u00e3o:<\/p>\n\n\n\n<ul><li> L\u00edngua Portuguesa;<\/li><li> Matem\u00e1tica;<\/li><li> Conhecimentos Espec\u00edficos e Legisla\u00e7\u00e3o<\/li><li> No\u00e7\u00f5es de Inform\u00e1tica*, Conhecimentos Gerais, Hist\u00f3ria e Geografia.<\/li><\/ul>\n\n\n\n<p><\/p>\n\n\n\n<p>*As quest\u00f5es de No\u00e7\u00f5es de Inform\u00e1tica n\u00e3o versar\u00e3o a prova para os cargos de N\u00edvel Fundamental Completo e Incompleto<\/p>\n\n\n\n<h4 class=\"wp-block-heading\"> Prova Pr\u00e1tica<\/h4>\n\n\n\n<p>Os candidatos ao cargo de Operador de M\u00e1quinas Pesadas, classificados e habilitados na Prova Objetiva, ser\u00e3o submetidos \u00e0 Prova Pr\u00e1tica, de car\u00e1ter eliminat\u00f3rio e classificat\u00f3rio. A avalia\u00e7\u00e3o ter\u00e1 os seguintes crit\u00e9rios:<\/p>\n\n\n\n<div class=\"wp-block-image\"><figure class=\"aligncenter\"><img loading=\"lazy\" decoding=\"async\" width=\"653\" height=\"185\" src=\"https:\/\/www.editorasolucao.com.br\/blog\/wp-content\/uploads\/2019\/11\/GO1.png\" alt=\"\" class=\"wp-image-6577\"\/><\/figure><\/div>\n\n\n\n<h4 class=\"wp-block-heading\">Teste de Aptid\u00e3o F\u00edsica<\/h4>\n\n\n\n<p>O Teste, de car\u00e1ter eliminat\u00f3rio e classificat\u00f3rio, est\u00e1 previsto para ser realizado no dia <strong>08 de mar\u00e7o de 2019<\/strong>. O TAF \u00e9 destinado aos cargos de: Agente de Vigil\u00e2ncia, Auxiliar de Servi\u00e7os Urbanos, Trabalhador Bra\u00e7al e Zelador.<\/p>\n\n\n\n<h4 class=\"wp-block-heading\"> Prova Discursiva &#8211; Reda\u00e7\u00e3o<\/h4>\n\n\n\n<p>A Prova Discursiva de reda\u00e7\u00e3o ser\u00e1 aplicada somente para os candidatos ao cargo de Professor Pedagogo e Professor de Educa\u00e7\u00e3o F\u00edsica e consiste na elabora\u00e7\u00e3o de um<strong> texto dissertativo-argumentativo<\/strong>. A prova ocorrer\u00e1 na mesma data das Provas Objetivas, e o texto dever\u00e1 conter, no m\u00ednimo <strong>20 linhas e no m\u00e1ximo 25 linhas<\/strong>.<\/p>\n\n\n\n<h4 class=\"wp-block-heading\"> Prova de T\u00edtulos<\/h4>\n\n\n\n<p>A Prova de T\u00edtulos, de car\u00e1ter meramente classificat\u00f3rio, ser\u00e1 aplicada somente para os candidatos ao cargo de Professor. A atribui\u00e7\u00e3o de pontos se dar\u00e1 da seguinte forma:<\/p>\n\n\n\n<div class=\"wp-block-image\"><figure class=\"aligncenter\"><img loading=\"lazy\" decoding=\"async\" width=\"651\" height=\"101\" src=\"https:\/\/www.editorasolucao.com.br\/blog\/wp-content\/uploads\/2019\/11\/GO2.png\" alt=\"\" class=\"wp-image-6578\"\/><\/figure><\/div>\n\n\n\n<div class=\"wp-block-image\"><figure class=\"aligncenter\"><img loading=\"lazy\" decoding=\"async\" width=\"651\" height=\"185\" src=\"https:\/\/www.editorasolucao.com.br\/blog\/wp-content\/uploads\/2019\/11\/GO3.png\" alt=\"\" class=\"wp-image-6579\"\/><\/figure><\/div>\n\n\n\n<p><\/p>\n\n\n\n<p>Conferiu o texto? Sabe o que fazer? Ent\u00e3o comece a se preparar com as <strong>Apostilas Solu\u00e7\u00e3o<\/strong> e tenha um resultado positivo! <strong>Bons estudos e boa prova!!!<\/strong><\/p>\n\n\n\n<p style=\"text-align:center\"><strong><a href=\"https:\/\/www.editorasolucao.com.br\/concurso\/prefeitura-de-edeia-go\" target=\"_blank\" rel=\"noreferrer noopener\">Estude com as Apostilas Prefeitura de Ed\u00e9ia &#8211; GO e parcele SEM JUROS<\/a><\/strong><\/p>\n","protected":false},"excerpt":{"rendered":"<p>O Edital do Concurso Prefeitura de Ed\u00e9ia, no estado de Goi\u00e1s, foi divulgado. S\u00e3o 101 vagas sendo ofertadas para candidatos de todos os n\u00edveis de escolaridade, com sal\u00e1rios que chegam a R$ 3,4 mil. Confira os detalhes do certame ao decorrer do texto. Estude com as Apostilas Prefeitura de Ed\u00e9ia &#8211; GO e parcele SEM JUROS Inscri\u00e7\u00f5es do Concurso de Ed\u00e9ia As inscri\u00e7\u00f5es dever\u00e3o ser realizadas atrav\u00e9s do site Itame, a partir das 10h do dia 06 de dezembro de 2019, at\u00e9 \u00e0s 23h59 do dia 30 de dezembro de 2019. Ser\u00e3o cobradas taxas com valores referentes ao n\u00edvel do&#8230;<\/p>\n","protected":false},"author":7,"featured_media":6581,"template":"","meta":{"_acf_changed":false,"rank_math_lock_modified_date":false},"categories":[],"tags":[],"acf":[],"_links":{"self":[{"href":"https:\/\/www.editorasolucao.com.br\/blog\/wp-json\/wp\/v2\/concurso\/6576"}],"collection":[{"href":"https:\/\/www.editorasolucao.com.br\/blog\/wp-json\/wp\/v2\/concurso"}],"about":[{"href":"https:\/\/www.editorasolucao.com.br\/blog\/wp-json\/wp\/v2\/types\/concurso"}],"author":[{"embeddable":true,"href":"https:\/\/www.editorasolucao.com.br\/blog\/wp-json\/wp\/v2\/users\/7"}],"wp:featuredmedia":[{"embeddable":true,"href":"https:\/\/www.editorasolucao.com.br\/blog\/wp-json\/wp\/v2\/media\/6581"}],"wp:attachment":[{"href":"https:\/\/www.editorasolucao.com.br\/blog\/wp-json\/wp\/v2\/media?parent=6576"}],"wp:term":[{"taxonomy":"category","embeddable":true,"href":"https:\/\/www.editorasolucao.com.br\/blog\/wp-json\/wp\/v2\/categories?post=6576"},{"taxonomy":"post_tag","embeddable":true,"href":"https:\/\/www.editorasolucao.com.br\/blog\/wp-json\/wp\/v2\/tags?post=6576"}],"curies":[{"name":"wp","href":"https:\/\/api.w.org\/{rel}","templated":true}]}}