{"id":7316,"date":"2019-12-19T14:59:26","date_gmt":"2019-12-19T17:59:26","guid":{"rendered":"https:\/\/www.editorasolucao.com.br\/blog\/?post_type=concurso&#038;p=7316"},"modified":"2019-12-19T14:59:27","modified_gmt":"2019-12-19T17:59:27","slug":"idurb-de-canaa-dos-carajas-pa","status":"publish","type":"concurso","link":"https:\/\/www.editorasolucao.com.br\/blog\/concurso\/idurb-de-canaa-dos-carajas-pa","title":{"rendered":"Concurso IDURB de Cana\u00e3 dos Caraj\u00e1s &#8211; PA: Vagas para n\u00edveis m\u00e9dio, t\u00e9cnico e superior!"},"content":{"rendered":"\n<p>Foi publicado o <a rel=\"noreferrer noopener\" aria-label=\"Edital (abre em uma nova aba)\" href=\"https:\/\/www.editorasolucao.com.br\" target=\"_blank\">Edital<\/a> do <strong>Concurso IDURB<\/strong> (Instituto de Desenvolvimento Urbano de Cana\u00e3 dos Caraj\u00e1s, no estado do <a rel=\"noreferrer noopener\" aria-label=\"Par\u00e1 (abre em uma nova aba)\" href=\"https:\/\/www.editorasolucao.com.br\/blog\/concursos-abertos-pa\" target=\"_blank\">Par\u00e1<\/a>), que oferece 1<strong>01 vagas imediatas mais forma\u00e7\u00e3o de cadastro reserva para candidatos de n\u00edveis M\u00e9dio, T\u00e9cnico e Superior<\/strong>, com sal\u00e1rios que chegam a <strong>R$ 4 mil<\/strong>. Confira os detalhes do certame no texto abaixo.<\/p>\n\n\n\n<div id=\"ez-toc-container\" class=\"ez-toc-v2_0_69_1 counter-hierarchy ez-toc-counter ez-toc-grey ez-toc-container-direction\">\n<div class=\"ez-toc-title-container\">\n<p class=\"ez-toc-title \" >Menu de navega&ccedil;&atilde;o<\/p>\n<span class=\"ez-toc-title-toggle\"><a href=\"#\" class=\"ez-toc-pull-right ez-toc-btn ez-toc-btn-xs ez-toc-btn-default ez-toc-toggle\" aria-label=\"Toggle Table of Content\"><span class=\"ez-toc-js-icon-con\"><span class=\"\"><span class=\"eztoc-hide\" style=\"display:none;\">Toggle<\/span><span class=\"ez-toc-icon-toggle-span\"><svg style=\"fill: #999;color:#999\" xmlns=\"http:\/\/www.w3.org\/2000\/svg\" class=\"list-377408\" width=\"20px\" height=\"20px\" viewBox=\"0 0 24 24\" fill=\"none\"><path d=\"M6 6H4v2h2V6zm14 0H8v2h12V6zM4 11h2v2H4v-2zm16 0H8v2h12v-2zM4 16h2v2H4v-2zm16 0H8v2h12v-2z\" fill=\"currentColor\"><\/path><\/svg><svg style=\"fill: #999;color:#999\" class=\"arrow-unsorted-368013\" xmlns=\"http:\/\/www.w3.org\/2000\/svg\" width=\"10px\" height=\"10px\" viewBox=\"0 0 24 24\" version=\"1.2\" baseProfile=\"tiny\"><path d=\"M18.2 9.3l-6.2-6.3-6.2 6.3c-.2.2-.3.4-.3.7s.1.5.3.7c.2.2.4.3.7.3h11c.3 0 .5-.1.7-.3.2-.2.3-.5.3-.7s-.1-.5-.3-.7zM5.8 14.7l6.2 6.3 6.2-6.3c.2-.2.3-.5.3-.7s-.1-.5-.3-.7c-.2-.2-.4-.3-.7-.3h-11c-.3 0-.5.1-.7.3-.2.2-.3.5-.3.7s.1.5.3.7z\"\/><\/svg><\/span><\/span><\/span><\/a><\/span><\/div>\n<nav><ul class='ez-toc-list ez-toc-list-level-1 ' ><li class='ez-toc-page-1 ez-toc-heading-level-2'><a class=\"ez-toc-link ez-toc-heading-1\" href=\"https:\/\/www.editorasolucao.com.br\/blog\/concurso\/idurb-de-canaa-dos-carajas-pa\/#Inscricoes_do_Concurso_de_Canaa_dos_Carajas_%E2%80%93_PA\" title=\"Inscri\u00e7\u00f5es do Concurso de Cana\u00e3 dos Caraj\u00e1s \u2013 PA\">Inscri\u00e7\u00f5es do Concurso de Cana\u00e3 dos Caraj\u00e1s \u2013 PA<\/a><\/li><li class='ez-toc-page-1 ez-toc-heading-level-2'><a class=\"ez-toc-link ez-toc-heading-2\" href=\"https:\/\/www.editorasolucao.com.br\/blog\/concurso\/idurb-de-canaa-dos-carajas-pa\/#Cargos_vagas_e_salarios_do_Concurso_IDURB_de_Canaa\" title=\"Cargos, vagas e sal\u00e1rios do Concurso IDURB de Cana\u00e3\">Cargos, vagas e sal\u00e1rios do Concurso IDURB de Cana\u00e3<\/a><\/li><li class='ez-toc-page-1 ez-toc-heading-level-2'><a class=\"ez-toc-link ez-toc-heading-3\" href=\"https:\/\/www.editorasolucao.com.br\/blog\/concurso\/idurb-de-canaa-dos-carajas-pa\/#Quais_sao_os_requisitos_basicos_para_a_investidura_nos_cargos_do_Concurso_IDURB\" title=\"Quais s\u00e3o os requisitos b\u00e1sicos para a investidura nos cargos do Concurso IDURB?\">Quais s\u00e3o os requisitos b\u00e1sicos para a investidura nos cargos do Concurso IDURB?<\/a><\/li><li class='ez-toc-page-1 ez-toc-heading-level-2'><a class=\"ez-toc-link ez-toc-heading-4\" href=\"https:\/\/www.editorasolucao.com.br\/blog\/concurso\/idurb-de-canaa-dos-carajas-pa\/#Como_serao_as_provas_do_Concurso_IDURB_de_Canaa_dos_Carajas_%E2%80%93_PA\" title=\"Como ser\u00e3o as provas do Concurso IDURB de Cana\u00e3 dos Caraj\u00e1s \u2013 PA?\">Como ser\u00e3o as provas do Concurso IDURB de Cana\u00e3 dos Caraj\u00e1s \u2013 PA?<\/a><\/li><\/ul><\/nav><\/div>\n<h2 class=\"wp-block-heading\"><span class=\"ez-toc-section\" id=\"Inscricoes_do_Concurso_de_Canaa_dos_Carajas_%E2%80%93_PA\"><\/span>Inscri\u00e7\u00f5es do Concurso de Cana\u00e3 dos Caraj\u00e1s \u2013 PA<span class=\"ez-toc-section-end\"><\/span><\/h2>\n\n\n\n<p>As inscri\u00e7\u00f5es devem ser realizadas atrav\u00e9s do site <a rel=\"noreferrer noopener\" aria-label=\"Instituto Quadrix (abre em uma nova aba)\" href=\"http:\/\/www.quadrix.org.br\/todos-os-concursos\/inscricoes-abertas\/idurb2019.aspx\" target=\"_blank\">Instituto Quadrix<\/a>, at\u00e9 \u00e0s <strong>23h59 do dia 03 de fevereiro de 2020<\/strong>. Ser\u00e3o cobradas taxas de inscri\u00e7\u00e3o com valores referentes ao n\u00edvel do cargo desejado.<\/p>\n\n\n\n<ul><li>N\u00edvel M\u00e9dio\/T\u00e9cnico: <strong>R$ 55,00<\/strong><\/li><li> N\u00edvel Superior: <strong>R$ 65,00<\/strong><\/li><\/ul>\n\n\n\n<p><\/p>\n\n\n\n<p>Estar\u00e1 <strong>isento do pagamento da taxa de inscri\u00e7\u00e3o<\/strong> o candidato que:<\/p>\n\n\n\n<ul><li> estiver inscrito no Cadastro \u00danico para Programas Sociais do Governo Federal (Cad\u00danico), de que trata o Decreto n\u00ba 6.135\/2007 e for membro de fam\u00edlia de baixa renda, nos termos do Decreto n\u00ba 6.135\/2007; ou<\/li><li> for doador de medula \u00f3ssea em entidades reconhecidas pelo Minist\u00e9rio da Sa\u00fade, nos termos da Lei n\u00ba 13.656\/2018.<\/li><li> A solicita\u00e7\u00e3o dever\u00e1 ser realizada at\u00e9 \u00e0s 18h do dia 27 de dezembro de 2019.<\/li><\/ul>\n\n\n\n<h2 class=\"wp-block-heading\"><span class=\"ez-toc-section\" id=\"Cargos_vagas_e_salarios_do_Concurso_IDURB_de_Canaa\"><\/span>Cargos, vagas e sal\u00e1rios do Concurso IDURB de Cana\u00e3<span class=\"ez-toc-section-end\"><\/span><\/h2>\n\n\n\n<p>S\u00e3o ofertadas <strong>101 vagas ao todo<\/strong>, sendo <strong>19 de provimento imediato e 82 para forma\u00e7\u00e3o de cadastro reserva<\/strong>, destinadas a candidatos de <strong>n\u00edveis M\u00e9dio, T\u00e9cnico e Superior<\/strong>, com sal\u00e1rios de <strong>R$ 1.504,19 (para os cargos de n\u00edvel M\u00e9dio\/T\u00e9cnico) e R$ 4.000,00 (para os cargos de n\u00edvel Superior)<\/strong> e jornadas de trabalho de 40 horas semanais. Abaixo est\u00e3o a quantidade oportunidades correspondentes a cada fun\u00e7\u00e3o.<\/p>\n\n\n\n<p><strong> N\u00edvel M\u00e9dio\/T\u00e9cnic<\/strong>o<\/p>\n\n\n\n<p>Fiscal Municipal de Obras\/ Fiscaliza\u00e7\u00e3o &#8211; Edifica\u00e7\u00f5es (2); T\u00e9cnico Administrativo\/ Administrativo &#8211; T\u00e9cnico Administrativo (4) e T\u00e9cnico de Desenvolvimento Urbano e Fundi\u00e1rio\/ Urbanismo e Fundi\u00e1rio &#8211; Edifica\u00e7\u00f5es (9).<\/p>\n\n\n\n<p><strong>N\u00edvel Superior<\/strong> <\/p>\n\n\n\n<p>Analista Administrativo\/ Administrativo &#8211; Administra\u00e7\u00e3o (1); Analista de Desenvolvimento Urbano e Fundi\u00e1rio\/ Urbanismo e Fundi\u00e1rio nas especialidades de: Advogado (1); Arquiteto e Urbanista (1) e Assistente Social (1).<\/p>\n\n\n\n<h2 class=\"wp-block-heading\"><span class=\"ez-toc-section\" id=\"Quais_sao_os_requisitos_basicos_para_a_investidura_nos_cargos_do_Concurso_IDURB\"><\/span>Quais s\u00e3o os requisitos b\u00e1sicos para a investidura nos cargos do Concurso IDURB?<span class=\"ez-toc-section-end\"><\/span><\/h2>\n\n\n\n<p>\n\n\n\n\n\n\n\n\n\n\n\n\n\n\n\n\nSaiba quais s\u00e3o as\nexig\u00eancias para que o candidato tome posse dos cargos ofertados:\n\n\n\n<\/p>\n\n\n\n<ul><li>conhecer e cumprir as determina\u00e7\u00f5es do Edital e ter sido aprovado e classificado no Concurso P\u00fablico, dentro do n\u00famero de vagas.; <\/li><li> ter a nacionalidade brasileira ou portuguesa e, no caso de nacionalidade portuguesa, estar amparado pelo estatuto de igualdade entre brasileiros e portugueses, com reconhecimento do gozo dos direitos pol\u00edticos, nostermos do \u00a7 1\u00ba do artigo 12 da Constitui\u00e7\u00e3o Federal; <\/li><li> ter idade m\u00ednima de 18 anos completos na data da posse; <\/li><li> estar em gozo dos direitos pol\u00edticos; e) estar quite com as obriga\u00e7\u00f5es militares, em caso de candidato do sexo masculino; <\/li><li> estar quite com as obriga\u00e7\u00f5es eleitorais; <\/li><li> possuir os requisitos exigidos para o exerc\u00edcio do cargo; <\/li><li> possuir c\u00e9dula de identidade e CPF; <\/li><li> possuir registro no Conselho Estadual, quando o cargo exigir; e <\/li><li> n\u00e3o estar cumprindo san\u00e7\u00e3o por inidoneidade, aplicada por qualquer \u00f3rg\u00e3o p\u00fablico ou entidade das esferas federal, estadual, municipal ou do Distrito Federal.<\/li><\/ul>\n\n\n\n<h2 class=\"wp-block-heading\"><span class=\"ez-toc-section\" id=\"Como_serao_as_provas_do_Concurso_IDURB_de_Canaa_dos_Carajas_%E2%80%93_PA\"><\/span>Como ser\u00e3o as provas do Concurso IDURB de Cana\u00e3 dos Caraj\u00e1s \u2013 PA?<span class=\"ez-toc-section-end\"><\/span><\/h2>\n\n\n\n<p>O certame ser\u00e1 composto por <strong>tr\u00eas etapas<\/strong>, s\u00e3o elas:<\/p>\n\n\n\n<ul><li> <strong>Prova Objetiva \u2013<\/strong> para todos os cargos;<\/li><li> <strong>Prova Discursiva \u2013<\/strong> para os cargos de n\u00edvel Superior;<\/li><li> <strong>Prova de T\u00edtulos \u2013<\/strong> para os cargos de n\u00edvel Superior.<\/li><\/ul>\n\n\n\n<h4 class=\"wp-block-heading\">Prova Objetiva<\/h4>\n\n\n\n<p> A<strong> Prova Objetiv<\/strong>a, de car\u00e1ter eliminat\u00f3rio e classificat\u00f3rio, est\u00e1 prevista para ser realizada no dia <strong>08 de mar\u00e7o de 2020<\/strong>, e contar\u00e1 com <strong>40 quest\u00f5es de m\u00faltipla escolha<\/strong> nas seguintes disciplinas:  No\u00e7\u00f5es de Inform\u00e1tica, Atualidades, Legisla\u00e7\u00e3o, \u00c9tica na Administra\u00e7\u00e3o P\u00fablica, L\u00edngua Portuguesa, Racioc\u00ednio L\u00f3gico e Matem\u00e1tico e Conhecimentos Espec\u00edficos.<\/p>\n\n\n\n<h4 class=\"wp-block-heading\">Prova Discursiva<\/h4>\n\n\n\n<p> A<strong> Prova Discursiv<\/strong>a ser\u00e1 avaliada quanto ao dom\u00ednio do conte\u00fado dos aspectos formais, textuais e t\u00e9cnicos, bem como quanto a capacidade de express\u00e3o na modalidade escrita, por meio do uso das normas do registro formal culto da L\u00edngua Portuguesa.<\/p>\n\n\n\n<h4 class=\"wp-block-heading\">Prova de T\u00edtulos<\/h4>\n\n\n\n<p> A<strong> Prova de T\u00edtulo<\/strong>s ser\u00e1 destinada para os candidatos aos cargos de <strong>n\u00edvel Superior<\/strong>, classificados e habilitados nas<strong> Provas Objetivas<\/strong>. As atribui\u00e7\u00f5es de pontos se dar\u00e3o da seguinte forma:<\/p>\n\n\n\n<div class=\"wp-block-image\"><figure class=\"aligncenter\"><img loading=\"lazy\" decoding=\"async\" width=\"672\" height=\"203\" src=\"https:\/\/www.editorasolucao.com.br\/blog\/wp-content\/uploads\/2019\/12\/idurb-cana-1.png\" alt=\"\" class=\"wp-image-7321\"\/><\/figure><\/div>\n\n\n\n<p> Conferiu todo o texto? Deseja fazer o certame? Ent\u00e3o comece a se preparar com as<strong> Apostilas Solu\u00e7\u00e3o<\/strong> e tenha um resultado positivo! <strong>Bons estudos e boa prova!!!<\/strong><\/p>\n","protected":false},"excerpt":{"rendered":"<p>Foi publicado o Edital do Concurso IDURB (Instituto de Desenvolvimento Urbano de Cana\u00e3 dos Caraj\u00e1s, no estado do Par\u00e1), que oferece 101 vagas imediatas mais forma\u00e7\u00e3o de cadastro reserva para candidatos de n\u00edveis M\u00e9dio, T\u00e9cnico e Superior, com sal\u00e1rios que chegam a R$ 4 mil. Confira os detalhes do certame no texto abaixo. Inscri\u00e7\u00f5es do Concurso de Cana\u00e3 dos Caraj\u00e1s \u2013 PA As inscri\u00e7\u00f5es devem ser realizadas atrav\u00e9s do site Instituto Quadrix, at\u00e9 \u00e0s 23h59 do dia 03 de fevereiro de 2020. Ser\u00e3o cobradas taxas de inscri\u00e7\u00e3o com valores referentes ao n\u00edvel do cargo desejado. N\u00edvel M\u00e9dio\/T\u00e9cnico: R$ 55,00 N\u00edvel&#8230;<\/p>\n","protected":false},"author":7,"featured_media":7319,"template":"","meta":{"_acf_changed":false,"rank_math_lock_modified_date":false},"categories":[],"tags":[],"acf":[],"_links":{"self":[{"href":"https:\/\/www.editorasolucao.com.br\/blog\/wp-json\/wp\/v2\/concurso\/7316"}],"collection":[{"href":"https:\/\/www.editorasolucao.com.br\/blog\/wp-json\/wp\/v2\/concurso"}],"about":[{"href":"https:\/\/www.editorasolucao.com.br\/blog\/wp-json\/wp\/v2\/types\/concurso"}],"author":[{"embeddable":true,"href":"https:\/\/www.editorasolucao.com.br\/blog\/wp-json\/wp\/v2\/users\/7"}],"wp:featuredmedia":[{"embeddable":true,"href":"https:\/\/www.editorasolucao.com.br\/blog\/wp-json\/wp\/v2\/media\/7319"}],"wp:attachment":[{"href":"https:\/\/www.editorasolucao.com.br\/blog\/wp-json\/wp\/v2\/media?parent=7316"}],"wp:term":[{"taxonomy":"category","embeddable":true,"href":"https:\/\/www.editorasolucao.com.br\/blog\/wp-json\/wp\/v2\/categories?post=7316"},{"taxonomy":"post_tag","embeddable":true,"href":"https:\/\/www.editorasolucao.com.br\/blog\/wp-json\/wp\/v2\/tags?post=7316"}],"curies":[{"name":"wp","href":"https:\/\/api.w.org\/{rel}","templated":true}]}}