{"id":7447,"date":"2019-12-23T17:33:43","date_gmt":"2019-12-23T20:33:43","guid":{"rendered":"https:\/\/www.editorasolucao.com.br\/blog\/?post_type=concurso&#038;p=7447"},"modified":"2019-12-23T17:33:44","modified_gmt":"2019-12-23T20:33:44","slug":"prefeitura-de-itamarati-am","status":"publish","type":"concurso","link":"https:\/\/www.editorasolucao.com.br\/blog\/concurso\/prefeitura-de-itamarati-am","title":{"rendered":"Concurso Prefeitura de Itamarati &#8211; AM: Mais de 130 vagas com sal\u00e1rios de at\u00e9 R$ 10 mil!"},"content":{"rendered":"\n<p>Foi divulgado o <a rel=\"noreferrer noopener\" aria-label=\"Edital (abre em uma nova aba)\" href=\"https:\/\/www.editorasolucao.com.br\" target=\"_blank\">Edital<\/a> do <strong>Concurso Prefeitura de Itamarati<\/strong>, no estado do <a href=\"https:\/\/www.editorasolucao.com.br\/blog\/concursos-abertos-am\" target=\"_blank\" rel=\"noreferrer noopener\" aria-label=\"Amazonas (abre em uma nova aba)\">Amazonas<\/a>. S\u00e3o ofertadas <strong>150 vagas para candidatos de todos os n\u00edveis de escolaridade<\/strong>, com sal\u00e1rios de at\u00e9 <strong>R$ 10 mil<\/strong>. Confira os detalhes do certame ao decorrer do texto.<\/p>\n\n\n\n<div id=\"ez-toc-container\" class=\"ez-toc-v2_0_69_1 counter-hierarchy ez-toc-counter ez-toc-grey ez-toc-container-direction\">\n<div class=\"ez-toc-title-container\">\n<p class=\"ez-toc-title \" >Menu de navega&ccedil;&atilde;o<\/p>\n<span class=\"ez-toc-title-toggle\"><a href=\"#\" class=\"ez-toc-pull-right ez-toc-btn ez-toc-btn-xs ez-toc-btn-default ez-toc-toggle\" aria-label=\"Toggle Table of Content\"><span class=\"ez-toc-js-icon-con\"><span class=\"\"><span class=\"eztoc-hide\" style=\"display:none;\">Toggle<\/span><span class=\"ez-toc-icon-toggle-span\"><svg style=\"fill: #999;color:#999\" xmlns=\"http:\/\/www.w3.org\/2000\/svg\" class=\"list-377408\" width=\"20px\" height=\"20px\" viewBox=\"0 0 24 24\" fill=\"none\"><path d=\"M6 6H4v2h2V6zm14 0H8v2h12V6zM4 11h2v2H4v-2zm16 0H8v2h12v-2zM4 16h2v2H4v-2zm16 0H8v2h12v-2z\" fill=\"currentColor\"><\/path><\/svg><svg style=\"fill: #999;color:#999\" class=\"arrow-unsorted-368013\" xmlns=\"http:\/\/www.w3.org\/2000\/svg\" width=\"10px\" height=\"10px\" viewBox=\"0 0 24 24\" version=\"1.2\" baseProfile=\"tiny\"><path d=\"M18.2 9.3l-6.2-6.3-6.2 6.3c-.2.2-.3.4-.3.7s.1.5.3.7c.2.2.4.3.7.3h11c.3 0 .5-.1.7-.3.2-.2.3-.5.3-.7s-.1-.5-.3-.7zM5.8 14.7l6.2 6.3 6.2-6.3c.2-.2.3-.5.3-.7s-.1-.5-.3-.7c-.2-.2-.4-.3-.7-.3h-11c-.3 0-.5.1-.7.3-.2.2-.3.5-.3.7s.1.5.3.7z\"\/><\/svg><\/span><\/span><\/span><\/a><\/span><\/div>\n<nav><ul class='ez-toc-list ez-toc-list-level-1 ' ><li class='ez-toc-page-1 ez-toc-heading-level-2'><a class=\"ez-toc-link ez-toc-heading-1\" href=\"https:\/\/www.editorasolucao.com.br\/blog\/concurso\/prefeitura-de-itamarati-am\/#Inscricoes_do_Concurso_de_Itamarati_%E2%80%93_AM\" title=\"Inscri\u00e7\u00f5es do Concurso de Itamarati \u2013 AM\">Inscri\u00e7\u00f5es do Concurso de Itamarati \u2013 AM<\/a><\/li><li class='ez-toc-page-1 ez-toc-heading-level-2'><a class=\"ez-toc-link ez-toc-heading-2\" href=\"https:\/\/www.editorasolucao.com.br\/blog\/concurso\/prefeitura-de-itamarati-am\/#Cargos_vagas_e_salarios_do_Concurso_Prefeitura_de_Itamarati_%E2%80%93_AM\" title=\"Cargos, vagas e sal\u00e1rios do Concurso Prefeitura de Itamarati \u2013 AM\">Cargos, vagas e sal\u00e1rios do Concurso Prefeitura de Itamarati \u2013 AM<\/a><\/li><li class='ez-toc-page-1 ez-toc-heading-level-2'><a class=\"ez-toc-link ez-toc-heading-3\" href=\"https:\/\/www.editorasolucao.com.br\/blog\/concurso\/prefeitura-de-itamarati-am\/#Quais_sao_os_requisitos_basicos_para_a_investidura_nos_cargos_do_Concurso_de_Itamarati_%E2%80%93_AM\" title=\"Quais s\u00e3o os requisitos b\u00e1sicos para a investidura nos cargos do Concurso de Itamarati \u2013 AM?\">Quais s\u00e3o os requisitos b\u00e1sicos para a investidura nos cargos do Concurso de Itamarati \u2013 AM?<\/a><\/li><li class='ez-toc-page-1 ez-toc-heading-level-2'><a class=\"ez-toc-link ez-toc-heading-4\" href=\"https:\/\/www.editorasolucao.com.br\/blog\/concurso\/prefeitura-de-itamarati-am\/#Como_serao_as_provas_do_Concurso_Prefeitura_de_Itamarati_%E2%80%93_AM\" title=\"Como ser\u00e3o as provas do Concurso Prefeitura de Itamarati \u2013 AM?\">Como ser\u00e3o as provas do Concurso Prefeitura de Itamarati \u2013 AM?<\/a><\/li><\/ul><\/nav><\/div>\n<h2 class=\"wp-block-heading\"><span class=\"ez-toc-section\" id=\"Inscricoes_do_Concurso_de_Itamarati_%E2%80%93_AM\"><\/span> Inscri\u00e7\u00f5es do Concurso de Itamarati \u2013 AM<span class=\"ez-toc-section-end\"><\/span><\/h2>\n\n\n\n<p>As inscri\u00e7\u00f5es dever\u00e3o ser efetuadas pelo site <a rel=\"noreferrer noopener\" aria-label=\"Instituto Abar\u00e9-et\u00e9 (abre em uma nova aba)\" href=\"http:\/\/concursos.institutoabare-ete.com.br\/informacoes\/15\/\" target=\"_blank\">Instituto Abar\u00e9-et\u00e9<\/a>, a partir do dia <strong>03 de janeiro de 2020 at\u00e9 o dia 03 de fevereiro de 2020<\/strong>. Ser\u00e3o cobradas taxas de inscri\u00e7\u00e3o com valores referentes ao n\u00edvel do cargo desejado.<\/p>\n\n\n\n<ul><li>N\u00edvel Fundamental: <strong>R$ 30,00<\/strong><\/li><li> N\u00edvel M\u00e9dio: <strong>R$ 50,00<\/strong><\/li><li> N\u00edvel Superior: <strong>R$ 80,00<\/strong><\/li><\/ul>\n\n\n\n<p><\/p>\n\n\n\n<p>Ter\u00e1 direito a <strong>isen\u00e7\u00e3o do pagamento da taxa de inscri\u00e7\u00e3o <\/strong>o candidato que atender os seguintes crit\u00e9rios:<\/p>\n\n\n\n<ul><li> estiver inscrito no Cadastro \u00danico para Programas Sociais do Governo Federal \u2013 Cad\u00danico, de que trata o Decreto n.\u00ba 6.135, de 26 de junho de 2007; e <\/li><li> for membro de fam\u00edlia de baixa renda, nos termos do Decreto n.\u00ba 6.135, de 2007.<\/li><\/ul>\n\n\n\n<h2 class=\"wp-block-heading\"><span class=\"ez-toc-section\" id=\"Cargos_vagas_e_salarios_do_Concurso_Prefeitura_de_Itamarati_%E2%80%93_AM\"><\/span>Cargos, vagas e sal\u00e1rios do Concurso Prefeitura de Itamarati \u2013 AM<span class=\"ez-toc-section-end\"><\/span><\/h2>\n\n\n\n<p>S\u00e3o oferecidas <strong>150 vagas para candidatos de n\u00edveis Fundamental (completo e incompleto), M\u00e9dio, T\u00e9cnico e Superior<\/strong>, com sal\u00e1rios que v\u00e3o de <strong>R$ 1.000,00 a R$ 10.000,00<\/strong> e jornadas de trabalho que variam de 30 a 40 horas semanais. Abaixo est\u00e3o a quantidade de oportunidades correspondentes a cada cargo.<\/p>\n\n\n\n<p><strong>N\u00edvel Fundamental (completo e incompleto)<\/strong><\/p>\n\n\n\n<p>Auxiliar de Conv\u00e9s (02); Coveiro (01); Auxiliar de Servi\u00e7os Gerais (30); Auxiliar de Servi\u00e7os Urbanos (05); Art\u00edfice (01); Auxiliar Fluvial de M\u00e1quinas (02); Auxiliar Administrativo (06); Contramestre Fluvial (02); Cozinheiro (04); Bombeiro Hidr\u00e1ulico (01); Carpinteiro (01); Merendeira (o) Zona Rural e Urbana (05); Motorista CNH B e C (02); Pedreiro (01); Agente Comunit\u00e1rio de Sa\u00fade (03); Agente de Endemias (03); e Vigia (04).<\/p>\n\n\n\n<p><strong>N\u00edvel M\u00e9dio\/T\u00e9cnico<\/strong><\/p>\n\n\n\n<p>Agente de Servi\u00e7os Sociais (08); Fiscal de Rendas e Tributos (01); Assistente da Procuradoria (01); Entrevistador (01); Monitor de Entretenimento (01); T\u00e9cnico Administrativo (03); T\u00e9cnico de Edifica\u00e7\u00f5es e Obras (02); T\u00e9cnico em Eletrot\u00e9cnica (01); T\u00e9cnico em Nutri\u00e7\u00e3o (01); T\u00e9cnico em Secretariado (01); Auxiliar de Triagem (01); Microscopista (01); Auxiliar de Patologia Cl\u00ednica (01); T\u00e9cnico em Patologia Cl\u00ednica (02); T\u00e9cnico de Enfermagem (04); e T\u00e9cnico em Higiene Bucal (01).<\/p>\n\n\n\n<p><strong>N\u00edvel Superior<\/strong><\/p>\n\n\n\n<p>Assistente Social (01); Psic\u00f3logo (01); Tecn\u00f3logo em Gest\u00e3o Ambiental (01); Enfermeiro(a) (02) Farmac\u00eautico (01); Fisioterapeuta (01); M\u00e9dico Cl\u00ednico Geral (02); Cirurgi\u00e3o Dentista (02); M\u00e9dico Veterin\u00e1rio (01); Pedagogo (01); Professor de Educa\u00e7\u00e3o Infantil (10); Professor Auxiliar (01); Professor do 1\u00ba ao 5\u00ba ano (10); Professor de Portugu\u00eas (02); Professor de Matem\u00e1tica (02); Professor de Hist\u00f3ria (01); Professor de Geografia (01); Professor de Ci\u00eancias (01); Professor de Educa\u00e7\u00e3o F\u00edsica (01); e Professor de Educa\u00e7\u00e3o Especial (01).<\/p>\n\n\n\n<h2 class=\"wp-block-heading\"><span class=\"ez-toc-section\" id=\"Quais_sao_os_requisitos_basicos_para_a_investidura_nos_cargos_do_Concurso_de_Itamarati_%E2%80%93_AM\"><\/span>Quais s\u00e3o os requisitos b\u00e1sicos para a investidura nos cargos do Concurso de Itamarati \u2013 AM?<span class=\"ez-toc-section-end\"><\/span><\/h2>\n\n\n\n<p>Saiba quais s\u00e3o as exig\u00eancias para que o candidato tome posse dos cargos ofertados:<\/p>\n\n\n\n<ul><li> Ter nacionalidade brasileira ou portuguesa, amparada pelo Estatuto da Igualdade entre brasileiros e portugueses conforme disposto nos termos do par\u00e1grafo 1\u00ba, artigo 12, da Constitui\u00e7\u00e3o Federal e dos Decretos Federais n\u00bas 70.391\/72 e 70.436\/72;<\/li><li> Possuir a escolaridade e pr\u00e9-requisitos estabelecidos no Edital; <\/li><li> Ser maior de 18 (dezoito) anos;<\/li><li>  Estar em dia com as obriga\u00e7\u00f5es eleitorais, para os candidatos de ambos os sexos;<\/li><li> Estar em dia com as obriga\u00e7\u00f5es militares, para o sexo masculino; <\/li><li> No caso de guarda municipal, idoneidade moral comprovada por investiga\u00e7\u00e3o social e certid\u00f5es expedidas perante o Poder Judici\u00e1rio estadual, federal e distrital (art. 10, inc. VII, da Lei federal n\u00ba 13.02 2, de 08 de agosto de 2014); <\/li><li> Requisitos espec\u00edficos aplic\u00e1veis a cada cargo, segundo a legisla\u00e7\u00e3o individual de reg\u00eancia.<\/li><\/ul>\n\n\n\n<h2 class=\"wp-block-heading\"><span class=\"ez-toc-section\" id=\"Como_serao_as_provas_do_Concurso_Prefeitura_de_Itamarati_%E2%80%93_AM\"><\/span>Como ser\u00e3o as provas do Concurso Prefeitura de Itamarati \u2013 AM?<span class=\"ez-toc-section-end\"><\/span><\/h2>\n\n\n\n<p>O certame ser\u00e1 composto por <strong>duas etapas<\/strong>, sendo elas: <strong>Prova Objetiva<\/strong> (para todos os cargos) e <strong>Prova de T\u00edtulos<\/strong> (para os candidatos aos cargos de n\u00edvel Superior, aprovados na 1\u00aa etapa).<\/p>\n\n\n\n<h4 class=\"wp-block-heading\">Prova Objetiva<\/h4>\n\n\n\n<p>A <strong>Prova Objetiva<\/strong>, de car\u00e1ter eliminat\u00f3rio e classificat\u00f3rio, est\u00e1 prevista para ser realizada no dia <strong>12 de abril de 2020<\/strong>, e contar\u00e1 com <strong>30, 40 e 50 quest\u00f5es\u00a0de\u00a0m\u00faltipla\u00a0escolha<\/strong>, dependendo do cargo. As disciplinas que versar\u00e3o as provas ser\u00e3o:<\/p>\n\n\n\n<ul><li>Portuguesa;<\/li><li> Matem\u00e1tica;<\/li><li> Conhecimentos Gerais; e <\/li><li> Conhecimentos Espec\u00edficos.<\/li><\/ul>\n\n\n\n<h4 class=\"wp-block-heading\">Prova de T\u00edtulos<\/h4>\n\n\n\n<p>As atribui\u00e7\u00f5es de pontos dessa etapa se dar\u00e3o da seguinte forma:<\/p>\n\n\n\n<div class=\"wp-block-image\"><figure class=\"aligncenter\"><img loading=\"lazy\" decoding=\"async\" width=\"698\" height=\"272\" src=\"https:\/\/www.editorasolucao.com.br\/blog\/wp-content\/uploads\/2019\/12\/itamarati1.png\" alt=\"\" class=\"wp-image-7450\"\/><\/figure><\/div>\n\n\n\n<p> <\/p>\n\n\n\n<p>Conferiu todo o texto? Deseja fazer o certame? Ent\u00e3o comece a se preparar com as <strong>Apostilas Solu\u00e7\u00e3o<\/strong> e tenha um resultado positivo! <strong>Bons estudos e boa prova!!!<\/strong><\/p>\n","protected":false},"excerpt":{"rendered":"<p>Foi divulgado o Edital do Concurso Prefeitura de Itamarati, no estado do Amazonas. S\u00e3o ofertadas 150 vagas para candidatos de todos os n\u00edveis de escolaridade, com sal\u00e1rios de at\u00e9 R$ 10 mil. Confira os detalhes do certame ao decorrer do texto. Inscri\u00e7\u00f5es do Concurso de Itamarati \u2013 AM As inscri\u00e7\u00f5es dever\u00e3o ser efetuadas pelo site Instituto Abar\u00e9-et\u00e9, a partir do dia 03 de janeiro de 2020 at\u00e9 o dia 03 de fevereiro de 2020. Ser\u00e3o cobradas taxas de inscri\u00e7\u00e3o com valores referentes ao n\u00edvel do cargo desejado. N\u00edvel Fundamental: R$ 30,00 N\u00edvel M\u00e9dio: R$ 50,00 N\u00edvel Superior: R$ 80,00 Ter\u00e1&#8230;<\/p>\n","protected":false},"author":7,"featured_media":7449,"template":"","meta":{"_acf_changed":false,"rank_math_lock_modified_date":false},"categories":[],"tags":[],"acf":[],"_links":{"self":[{"href":"https:\/\/www.editorasolucao.com.br\/blog\/wp-json\/wp\/v2\/concurso\/7447"}],"collection":[{"href":"https:\/\/www.editorasolucao.com.br\/blog\/wp-json\/wp\/v2\/concurso"}],"about":[{"href":"https:\/\/www.editorasolucao.com.br\/blog\/wp-json\/wp\/v2\/types\/concurso"}],"author":[{"embeddable":true,"href":"https:\/\/www.editorasolucao.com.br\/blog\/wp-json\/wp\/v2\/users\/7"}],"wp:featuredmedia":[{"embeddable":true,"href":"https:\/\/www.editorasolucao.com.br\/blog\/wp-json\/wp\/v2\/media\/7449"}],"wp:attachment":[{"href":"https:\/\/www.editorasolucao.com.br\/blog\/wp-json\/wp\/v2\/media?parent=7447"}],"wp:term":[{"taxonomy":"category","embeddable":true,"href":"https:\/\/www.editorasolucao.com.br\/blog\/wp-json\/wp\/v2\/categories?post=7447"},{"taxonomy":"post_tag","embeddable":true,"href":"https:\/\/www.editorasolucao.com.br\/blog\/wp-json\/wp\/v2\/tags?post=7447"}],"curies":[{"name":"wp","href":"https:\/\/api.w.org\/{rel}","templated":true}]}}