{"id":7546,"date":"2019-12-27T16:35:40","date_gmt":"2019-12-27T19:35:40","guid":{"rendered":"https:\/\/www.editorasolucao.com.br\/blog\/?post_type=concurso&#038;p=7546"},"modified":"2019-12-27T16:35:41","modified_gmt":"2019-12-27T19:35:41","slug":"prefeitura-de-santa-cruz-cabralia-ba","status":"publish","type":"concurso","link":"https:\/\/www.editorasolucao.com.br\/blog\/concurso\/prefeitura-de-santa-cruz-cabralia-ba","title":{"rendered":"Concurso Prefeitura de Santa Cruz Cabr\u00e1lia &#8211; BA 2020: Vagas para n\u00edvel m\u00e9dio!"},"content":{"rendered":"\n<p>Foi divulgado o <a rel=\"noreferrer noopener\" aria-label=\"Edital (abre em uma nova aba)\" href=\"https:\/\/www.editorasolucao.com.br\" target=\"_blank\">Edital<\/a> do <strong>Concurso Prefeitura de Santa Cruz Cabr\u00e1lia<\/strong>, no estado da <a rel=\"noreferrer noopener\" aria-label=\"Bahia (abre em uma nova aba)\" href=\"https:\/\/www.editorasolucao.com.br\/blog\/concursos-abertos-ba\" target=\"_blank\">Bahia<\/a>. S\u00e3o ofertadas <strong>18 vagas para candidatos de n\u00edvel M\u00e9dio<\/strong>, com sal\u00e1rios de at\u00e9 <strong>R$ 1,2 mil<\/strong>. Confira os detalhes no texto abaixo.<\/p>\n\n\n\n<div id=\"ez-toc-container\" class=\"ez-toc-v2_0_69_1 counter-hierarchy ez-toc-counter ez-toc-grey ez-toc-container-direction\">\n<div class=\"ez-toc-title-container\">\n<p class=\"ez-toc-title \" >Menu de navega&ccedil;&atilde;o<\/p>\n<span class=\"ez-toc-title-toggle\"><a href=\"#\" class=\"ez-toc-pull-right ez-toc-btn ez-toc-btn-xs ez-toc-btn-default ez-toc-toggle\" aria-label=\"Toggle Table of Content\"><span class=\"ez-toc-js-icon-con\"><span class=\"\"><span class=\"eztoc-hide\" style=\"display:none;\">Toggle<\/span><span class=\"ez-toc-icon-toggle-span\"><svg style=\"fill: #999;color:#999\" xmlns=\"http:\/\/www.w3.org\/2000\/svg\" class=\"list-377408\" width=\"20px\" height=\"20px\" viewBox=\"0 0 24 24\" fill=\"none\"><path d=\"M6 6H4v2h2V6zm14 0H8v2h12V6zM4 11h2v2H4v-2zm16 0H8v2h12v-2zM4 16h2v2H4v-2zm16 0H8v2h12v-2z\" fill=\"currentColor\"><\/path><\/svg><svg style=\"fill: #999;color:#999\" class=\"arrow-unsorted-368013\" xmlns=\"http:\/\/www.w3.org\/2000\/svg\" width=\"10px\" height=\"10px\" viewBox=\"0 0 24 24\" version=\"1.2\" baseProfile=\"tiny\"><path d=\"M18.2 9.3l-6.2-6.3-6.2 6.3c-.2.2-.3.4-.3.7s.1.5.3.7c.2.2.4.3.7.3h11c.3 0 .5-.1.7-.3.2-.2.3-.5.3-.7s-.1-.5-.3-.7zM5.8 14.7l6.2 6.3 6.2-6.3c.2-.2.3-.5.3-.7s-.1-.5-.3-.7c-.2-.2-.4-.3-.7-.3h-11c-.3 0-.5.1-.7.3-.2.2-.3.5-.3.7s.1.5.3.7z\"\/><\/svg><\/span><\/span><\/span><\/a><\/span><\/div>\n<nav><ul class='ez-toc-list ez-toc-list-level-1 ' ><li class='ez-toc-page-1 ez-toc-heading-level-2'><a class=\"ez-toc-link ez-toc-heading-1\" href=\"https:\/\/www.editorasolucao.com.br\/blog\/concurso\/prefeitura-de-santa-cruz-cabralia-ba\/#Inscricoes_do_Concurso_de_Santa_Cruz_Cabralia\" title=\"Inscri\u00e7\u00f5es do Concurso de Santa Cruz Cabr\u00e1lia\">Inscri\u00e7\u00f5es do Concurso de Santa Cruz Cabr\u00e1lia<\/a><\/li><li class='ez-toc-page-1 ez-toc-heading-level-2'><a class=\"ez-toc-link ez-toc-heading-2\" href=\"https:\/\/www.editorasolucao.com.br\/blog\/concurso\/prefeitura-de-santa-cruz-cabralia-ba\/#Cargos_vagas_e_salarios_do_Concurso_Prefeitura_de_Santa_Cruz_Cabralia\" title=\"Cargos, vagas e sal\u00e1rios do Concurso Prefeitura de Santa Cruz Cabr\u00e1lia\">Cargos, vagas e sal\u00e1rios do Concurso Prefeitura de Santa Cruz Cabr\u00e1lia<\/a><\/li><li class='ez-toc-page-1 ez-toc-heading-level-2'><a class=\"ez-toc-link ez-toc-heading-3\" href=\"https:\/\/www.editorasolucao.com.br\/blog\/concurso\/prefeitura-de-santa-cruz-cabralia-ba\/#Quais_sao_os_requisitos_basicos_para_a_investidura_nos_cargos_do_Concurso_de_Santa_Cruz_Cabralia\" title=\"Quais s\u00e3o os requisitos b\u00e1sicos para a investidura nos cargos do Concurso de Santa Cruz Cabr\u00e1lia\">Quais s\u00e3o os requisitos b\u00e1sicos para a investidura nos cargos do Concurso de Santa Cruz Cabr\u00e1lia<\/a><\/li><li class='ez-toc-page-1 ez-toc-heading-level-2'><a class=\"ez-toc-link ez-toc-heading-4\" href=\"https:\/\/www.editorasolucao.com.br\/blog\/concurso\/prefeitura-de-santa-cruz-cabralia-ba\/#Como_sera_a_prova_do_Concurso_Prefeitura_de_Santa_Cruz_Cabralia_%E2%80%93_BA\" title=\"Como ser\u00e1 a prova do Concurso Prefeitura de Santa Cruz Cabr\u00e1lia \u2013 BA\">Como ser\u00e1 a prova do Concurso Prefeitura de Santa Cruz Cabr\u00e1lia \u2013 BA<\/a><\/li><li class='ez-toc-page-1 ez-toc-heading-level-2'><a class=\"ez-toc-link ez-toc-heading-5\" href=\"https:\/\/www.editorasolucao.com.br\/blog\/concurso\/prefeitura-de-santa-cruz-cabralia-ba\/#O_que_faz_um_Agente_Comunitario_de_Saude_%E2%80%93_ACS\" title=\"O que faz um Agente Comunit\u00e1rio de Sa\u00fade &#8211; ACS?\">O que faz um Agente Comunit\u00e1rio de Sa\u00fade &#8211; ACS?<\/a><\/li><li class='ez-toc-page-1 ez-toc-heading-level-2'><a class=\"ez-toc-link ez-toc-heading-6\" href=\"https:\/\/www.editorasolucao.com.br\/blog\/concurso\/prefeitura-de-santa-cruz-cabralia-ba\/#O_que_faz_um_Agente_de_Combate_de_Endemias_%E2%80%93_ACE\" title=\"O que faz um Agente de Combate de Endemias \u2013 ACE\">O que faz um Agente de Combate de Endemias \u2013 ACE<\/a><\/li><\/ul><\/nav><\/div>\n<h2 class=\"wp-block-heading\"><span class=\"ez-toc-section\" id=\"Inscricoes_do_Concurso_de_Santa_Cruz_Cabralia\"><\/span> Inscri\u00e7\u00f5es do Concurso de Santa Cruz Cabr\u00e1lia<span class=\"ez-toc-section-end\"><\/span><\/h2>\n\n\n\n<p> As inscri\u00e7\u00f5es dever\u00e3o ser efetuadas atrav\u00e9s do site <a rel=\"noreferrer noopener\" aria-label=\"IFEP (abre em uma nova aba)\" href=\"http:\/\/concursos.ifepbr.org.br\" target=\"_blank\">IFEP<\/a>, a partir do dia <strong>02 de janeiro de 2020 at\u00e9 o dia 09 de fevereiro de 2020<\/strong>. Ser\u00e1 cobrada uma taxa no valor de <strong>R$ 80,00<\/strong>.<\/p>\n\n\n\n<p>Haver\u00e1 <strong>isen\u00e7\u00e3o total ou parcial da taxa de inscri\u00e7\u00e3o<\/strong> para os candidatos que declararem e comprovarem<strong> hipossufici\u00eancia<\/strong> de recursos financeiros para pagamento da referida taxa, nos termos do Decreto Federal n\u00ba. 6.593, de 2 de outubro de 2008.<\/p>\n\n\n\n<p>A solicita\u00e7\u00e3o dever\u00e1 ser feita no per\u00edodo do dia <strong>02 ao dia 03 de janeiro de 2020<\/strong>.<\/p>\n\n\n\n<h2 class=\"wp-block-heading\"><span class=\"ez-toc-section\" id=\"Cargos_vagas_e_salarios_do_Concurso_Prefeitura_de_Santa_Cruz_Cabralia\"><\/span>Cargos, vagas e sal\u00e1rios do Concurso Prefeitura de Santa Cruz Cabr\u00e1lia<span class=\"ez-toc-section-end\"><\/span><\/h2>\n\n\n\n<p>S\u00e3o oferecidas <strong>18 vagas para candidatos de n\u00edvel M\u00e9di<\/strong>o, sendo <strong>13 oportunidades imediatas e 05 para forma\u00e7\u00e3o de cadastro reserva<\/strong>, para os cargos de <strong>Agente de Combate as Endemias e Agente Comunit\u00e1rio de Sa\u00fade<\/strong>, que possuem vencimentos de <strong>R$ 1.250,00<\/strong> e jornadas de trabalho de 40 horas semanais.<\/p>\n\n\n\n<p> A fun\u00e7\u00e3o de <strong>Agente Comunit\u00e1rio de Sa\u00fade<\/strong> ter\u00e1 suas oportunidades distribu\u00eddas em <strong>03 localidades diferentes<\/strong>. As tabelas abaixo detalham a quantidade oferecida para cada cargo.<\/p>\n\n\n\n<div class=\"wp-block-image\"><figure class=\"aligncenter\"><img loading=\"lazy\" decoding=\"async\" width=\"644\" height=\"78\" src=\"https:\/\/www.editorasolucao.com.br\/blog\/wp-content\/uploads\/2019\/12\/santa-cruz1.png\" alt=\"\" class=\"wp-image-7547\"\/><\/figure><\/div>\n\n\n\n<div class=\"wp-block-image\"><figure class=\"aligncenter\"><img loading=\"lazy\" decoding=\"async\" width=\"648\" height=\"188\" src=\"https:\/\/www.editorasolucao.com.br\/blog\/wp-content\/uploads\/2019\/12\/santa-cruz2.png\" alt=\"\" class=\"wp-image-7548\"\/><\/figure><\/div>\n\n\n\n<h2 class=\"wp-block-heading\"><span class=\"ez-toc-section\" id=\"Quais_sao_os_requisitos_basicos_para_a_investidura_nos_cargos_do_Concurso_de_Santa_Cruz_Cabralia\"><\/span> Quais s\u00e3o os requisitos b\u00e1sicos para a investidura nos cargos do Concurso de Santa Cruz Cabr\u00e1lia <span class=\"ez-toc-section-end\"><\/span><\/h2>\n\n\n\n<p>Saiba quais s\u00e3o as exig\u00eancias para que o candidato tome posse dos cargos ofertados:<\/p>\n\n\n\n<ul><li>Ser brasileiro ou naturalizado; <\/li><li> Ter idade igual ou maior que 18 (dezoito anos) na data da posse; <\/li><li> N\u00e3o ter sido demitido ou exonerado do servi\u00e7o p\u00fablico (federal, estadual ou municipal) em consequ\u00eancia de processo administrativo; <\/li><li> N\u00e3o ter sido condenado por crime contra o Patrim\u00f4nio, Administra\u00e7\u00e3o, a F\u00e9 P\u00fablica, contra os Costumes e os previstos na Lei 11.343 de 23\/08\/2006; <\/li><li> N\u00e3o registrar antecedentes criminais; <\/li><li> Ter aptid\u00e3o f\u00edsica e mental e n\u00e3o ser portador de defici\u00eancia f\u00edsica incompat\u00edvel com o exerc\u00edcio do Cargo; <\/li><li> N\u00e3o ser aposentado por invalidez e nem estar com idade de aposentadoria compuls\u00f3ria nos termos do Artigo 40, inciso II, da Constitui\u00e7\u00e3o Federal. <\/li><li> Atestado de Sa\u00fade Ocupacional \u2013 ASO: Atestado de aptid\u00e3o f\u00edsica\/mental ; exame cl\u00ednico; exame Ortop\u00e9dico; exame Otorrinolaringol\u00f3gico, exame Oftamol\u00f3gico para o cargo, assinado por m\u00e9dicos habilitados, a expensas do Candidato, os mesmos poder\u00e3o ser validados pela Junta M\u00e9dica Oficial da Prefeitura Municipal de Santa Cruz Cabr\u00e1lia. <\/li><li> A crit\u00e9rio do M\u00e9dico Oficial poder\u00e3o ser solicitados, ainda, entre os exames, outros exames espec\u00edficos para cada cargo, dependo da atividade exercida, conforme for o caso. <\/li><li> Declara\u00e7\u00e3o de n\u00e3o ocupar outro cargo p\u00fablico, ressalvados os previstos no Art. 37, XVI \u2013 A, B, C da CF.<\/li><\/ul>\n\n\n\n<h2 class=\"wp-block-heading\"><span class=\"ez-toc-section\" id=\"Como_sera_a_prova_do_Concurso_Prefeitura_de_Santa_Cruz_Cabralia_%E2%80%93_BA\"><\/span>Como ser\u00e1 a prova do Concurso Prefeitura de Santa Cruz Cabr\u00e1lia \u2013 BA<span class=\"ez-toc-section-end\"><\/span><\/h2>\n\n\n\n<p>O certame ser\u00e1 composto apenas por uma <strong>Prova Objetiva<\/strong>, de car\u00e1ter eliminat\u00f3rio e classificat\u00f3rio, que est\u00e1 prevista para ser realizada no dia <strong>15 de mar\u00e7o de 2020<\/strong>, e contar\u00e1 com <strong>30 quest\u00f5es de m\u00faltipla escolha<\/strong>. As disciplinas que versar\u00e3o as provas ser\u00e3o:<\/p>\n\n\n\n<ul><li> L\u00edngua Portuguesa \u2013 10 quest\u00f5es;<\/li><li> Matem\u00e1tica \u2013 05 quest\u00f5es;<\/li><li> Inform\u00e1tica \u2013 05 quest\u00f5es;<\/li><li> Conhecimentos Espec\u00edficos \u2013 10 quest\u00f5es.<\/li><\/ul>\n\n\n\n<h2 class=\"wp-block-heading\"><span class=\"ez-toc-section\" id=\"O_que_faz_um_Agente_Comunitario_de_Saude_%E2%80%93_ACS\"><\/span> O que faz um Agente Comunit\u00e1rio de Sa\u00fade &#8211; ACS?<span class=\"ez-toc-section-end\"><\/span><\/h2>\n\n\n\n<p> As atribui\u00e7\u00f5es e postura profissional de um ACS s\u00e3o: Cadastramento familiar e Mapeamento: finalidade e instrumentos; Conceito de territorializa\u00e7\u00e3o, micro-\u00e1rea e \u00e1rea de abrang\u00eancia; Diagn\u00f3stico comunit\u00e1rio; Principais problemas de sa\u00fade da popula\u00e7\u00e3o e recursos existentes para o enfrentamento dos problemas; Pessoas portadoras de necessidades especiais; Sa\u00fade da mulher, da crian\u00e7a, do homem e do idoso, abordagem; medidas facilitadoras de inclus\u00e3o social e direito legais; Sa\u00fade da crian\u00e7a, do adolescente, da mulher, do adulto e do idoso; Educa\u00e7\u00e3o em Sa\u00fade; conceitos e instrumentos; Abordagem comunit\u00e1ria: mobiliza\u00e7\u00e3o e participa\u00e7\u00e3o comunit\u00e1ria em sa\u00fade; Acolhimento e V\u00ednculo; Visita domiciliar; Estrat\u00e9gia Sa\u00fade da Fam\u00edlia; Epidemiologia, hist\u00f3ria natural e preven\u00e7\u00e3o de doen\u00e7as. Reforma sanit\u00e1ria e modelos assist\u00eancias de sa\u00fade. Vigil\u00e2ncia em sa\u00fade. Indicadores de n\u00edvel de sa\u00fade da popula\u00e7\u00e3o. Pol\u00edticas de descentraliza\u00e7\u00e3o e aten\u00e7\u00e3o prim\u00e1ria \u00e0 sa\u00fade. Doen\u00e7as de notifica\u00e7\u00e3o compuls\u00f3ria.<\/p>\n\n\n\n<h2 class=\"wp-block-heading\"><span class=\"ez-toc-section\" id=\"O_que_faz_um_Agente_de_Combate_de_Endemias_%E2%80%93_ACE\"><\/span>O que faz um Agente de Combate de Endemias \u2013 ACE <span class=\"ez-toc-section-end\"><\/span><\/h2>\n\n\n\n<p>As atribui\u00e7\u00f5es e postura profissional de um ACE s\u00e3o: Vigil\u00e2ncia em sa\u00fade; No\u00e7\u00f5es de microbiologia, v\u00edrus, bact\u00e9rias e protozo\u00e1rios, no\u00e7\u00f5es de sistema imunol\u00f3gico; Sa\u00fade p\u00fablica e saneamento b\u00e1sico; endemias e epidemias; No\u00e7\u00f5es b\u00e1sicas e preven\u00e7\u00e3o prim\u00e1ria das seguintes endemias: a) Dengue b) Esquistossomose, c) Leishmaniose, d) Leptospirose e) mal\u00e1ria. Classifica\u00e7\u00e3o dos Agentes transmissores e causadores das endemias acima citadas; Combate aos agentes transmissores das endemias acima citadas, conforme estrat\u00e9gias e normas vigentes do Minist\u00e9rio da Sa\u00fade. Visitas domiciliares e aos pontos estrat\u00e9gicos. Vacina\u00e7\u00e3o. Fiscaliza\u00e7\u00e3o para a promo\u00e7\u00e3o e preserva\u00e7\u00e3o da sa\u00fade da comunidade, papel do agente na educa\u00e7\u00e3o ambiental e sa\u00fade da popula\u00e7\u00e3o. Sa\u00fade como dever do estado. Sa\u00fade como direito social. No\u00e7\u00f5es b\u00e1sicas sobre o SUS. Entendimento sobre a participa\u00e7\u00e3o da comunidade na gest\u00e3o do SUS. Promo\u00e7\u00e3o da sa\u00fade: conceito e estrat\u00e9gias. Formas de aprender e ensinar em educa\u00e7\u00e3o popular. Princ\u00edpios e Diretrizes do Sistema \u00danico de Sa\u00fade.<\/p>\n\n\n\n<p>Conferiu todo o texto? Deseja fazer o certame? Ent\u00e3o comece a se preparar com as <strong>Apostilas Solu\u00e7\u00e3o<\/strong> e tenha um resultado positivo! <strong>Bons estudos e boa prova!!!<\/strong><\/p>\n","protected":false},"excerpt":{"rendered":"<p>Foi divulgado o Edital do Concurso Prefeitura de Santa Cruz Cabr\u00e1lia, no estado da Bahia. S\u00e3o ofertadas 18 vagas para candidatos de n\u00edvel M\u00e9dio, com sal\u00e1rios de at\u00e9 R$ 1,2 mil. Confira os detalhes no texto abaixo. Inscri\u00e7\u00f5es do Concurso de Santa Cruz Cabr\u00e1lia As inscri\u00e7\u00f5es dever\u00e3o ser efetuadas atrav\u00e9s do site IFEP, a partir do dia 02 de janeiro de 2020 at\u00e9 o dia 09 de fevereiro de 2020. Ser\u00e1 cobrada uma taxa no valor de R$ 80,00. Haver\u00e1 isen\u00e7\u00e3o total ou parcial da taxa de inscri\u00e7\u00e3o para os candidatos que declararem e comprovarem hipossufici\u00eancia de recursos financeiros para&#8230;<\/p>\n","protected":false},"author":7,"featured_media":7550,"template":"","meta":{"_acf_changed":false,"rank_math_lock_modified_date":false},"categories":[],"tags":[],"acf":[],"_links":{"self":[{"href":"https:\/\/www.editorasolucao.com.br\/blog\/wp-json\/wp\/v2\/concurso\/7546"}],"collection":[{"href":"https:\/\/www.editorasolucao.com.br\/blog\/wp-json\/wp\/v2\/concurso"}],"about":[{"href":"https:\/\/www.editorasolucao.com.br\/blog\/wp-json\/wp\/v2\/types\/concurso"}],"author":[{"embeddable":true,"href":"https:\/\/www.editorasolucao.com.br\/blog\/wp-json\/wp\/v2\/users\/7"}],"wp:featuredmedia":[{"embeddable":true,"href":"https:\/\/www.editorasolucao.com.br\/blog\/wp-json\/wp\/v2\/media\/7550"}],"wp:attachment":[{"href":"https:\/\/www.editorasolucao.com.br\/blog\/wp-json\/wp\/v2\/media?parent=7546"}],"wp:term":[{"taxonomy":"category","embeddable":true,"href":"https:\/\/www.editorasolucao.com.br\/blog\/wp-json\/wp\/v2\/categories?post=7546"},{"taxonomy":"post_tag","embeddable":true,"href":"https:\/\/www.editorasolucao.com.br\/blog\/wp-json\/wp\/v2\/tags?post=7546"}],"curies":[{"name":"wp","href":"https:\/\/api.w.org\/{rel}","templated":true}]}}