{"id":7552,"date":"2019-12-30T10:11:45","date_gmt":"2019-12-30T13:11:45","guid":{"rendered":"https:\/\/www.editorasolucao.com.br\/blog\/?post_type=concurso&#038;p=7552"},"modified":"2020-01-07T09:03:50","modified_gmt":"2020-01-07T12:03:50","slug":"prefeitura-de-araguaina-to","status":"publish","type":"concurso","link":"https:\/\/www.editorasolucao.com.br\/blog\/concurso\/prefeitura-de-araguaina-to","title":{"rendered":"Concurso Prefeitura de Aragua\u00edna &#8211; TO 2020: 958 vagas com sal\u00e1rios de at\u00e9 R$ 4 mil!"},"content":{"rendered":"\n<p>Foram publicados dois <a rel=\"noreferrer noopener\" aria-label=\"Editais (abre em uma nova aba)\" href=\"https:\/\/www.editorasolucao.com.br\" target=\"_blank\">Editais<\/a> do <strong>Concurso Prefeitura de Aragua\u00edna<\/strong>, no estado do <a rel=\"noreferrer noopener\" aria-label=\"Tocantins (abre em uma nova aba)\" href=\"https:\/\/www.editorasolucao.com.br\/concurso\/prefeitura-de-araguaina-to\" target=\"_blank\">Tocantins<\/a>. S\u00e3o ofertadas <strong>958 vagas de provimento imediato mais forma\u00e7\u00e3o de cadastro reserva<\/strong> para candidatos de <strong>n\u00edveis M\u00e9dio e Superior<\/strong>, com sal\u00e1rios de at\u00e9 <strong>R$ 4,1 mil<\/strong>.<\/p>\n\n\n\n<p style=\"text-align:center\"><strong><a rel=\"noreferrer noopener\" aria-label=\"Estude com a Apostila Prefeitura de Aragua\u00edna-TO e parcele SEM JUROS (abre em uma nova aba)\" href=\"https:\/\/www.editorasolucao.com.br\/concurso\/prefeitura-de-araguaina-to\" target=\"_blank\">Estude com as Apostilas Prefeitura de Aragua\u00edna-TO e parcele SEM JUROS<\/a><\/strong><\/p>\n\n\n\n<div id=\"ez-toc-container\" class=\"ez-toc-v2_0_69_1 counter-hierarchy ez-toc-counter ez-toc-grey ez-toc-container-direction\">\n<div class=\"ez-toc-title-container\">\n<p class=\"ez-toc-title \" >Menu de navega&ccedil;&atilde;o<\/p>\n<span class=\"ez-toc-title-toggle\"><a href=\"#\" class=\"ez-toc-pull-right ez-toc-btn ez-toc-btn-xs ez-toc-btn-default ez-toc-toggle\" aria-label=\"Toggle Table of Content\"><span class=\"ez-toc-js-icon-con\"><span class=\"\"><span class=\"eztoc-hide\" style=\"display:none;\">Toggle<\/span><span class=\"ez-toc-icon-toggle-span\"><svg style=\"fill: #999;color:#999\" xmlns=\"http:\/\/www.w3.org\/2000\/svg\" class=\"list-377408\" width=\"20px\" height=\"20px\" viewBox=\"0 0 24 24\" fill=\"none\"><path d=\"M6 6H4v2h2V6zm14 0H8v2h12V6zM4 11h2v2H4v-2zm16 0H8v2h12v-2zM4 16h2v2H4v-2zm16 0H8v2h12v-2z\" fill=\"currentColor\"><\/path><\/svg><svg style=\"fill: #999;color:#999\" class=\"arrow-unsorted-368013\" xmlns=\"http:\/\/www.w3.org\/2000\/svg\" width=\"10px\" height=\"10px\" viewBox=\"0 0 24 24\" version=\"1.2\" baseProfile=\"tiny\"><path d=\"M18.2 9.3l-6.2-6.3-6.2 6.3c-.2.2-.3.4-.3.7s.1.5.3.7c.2.2.4.3.7.3h11c.3 0 .5-.1.7-.3.2-.2.3-.5.3-.7s-.1-.5-.3-.7zM5.8 14.7l6.2 6.3 6.2-6.3c.2-.2.3-.5.3-.7s-.1-.5-.3-.7c-.2-.2-.4-.3-.7-.3h-11c-.3 0-.5.1-.7.3-.2.2-.3.5-.3.7s.1.5.3.7z\"\/><\/svg><\/span><\/span><\/span><\/a><\/span><\/div>\n<nav><ul class='ez-toc-list ez-toc-list-level-1 ' ><li class='ez-toc-page-1 ez-toc-heading-level-2'><a class=\"ez-toc-link ez-toc-heading-1\" href=\"https:\/\/www.editorasolucao.com.br\/blog\/concurso\/prefeitura-de-araguaina-to\/#Inscricoes_do_Concurso_de_Araguaina_%E2%80%93_TO\" title=\"Inscri\u00e7\u00f5es do Concurso de Aragua\u00edna \u2013 TO\">Inscri\u00e7\u00f5es do Concurso de Aragua\u00edna \u2013 TO<\/a><\/li><li class='ez-toc-page-1 ez-toc-heading-level-2'><a class=\"ez-toc-link ez-toc-heading-2\" href=\"https:\/\/www.editorasolucao.com.br\/blog\/concurso\/prefeitura-de-araguaina-to\/#Cargos_vagas_e_salarios_do_Concurso_Prefeitura_de_Araguaina_%E2%80%93_TO\" title=\"Cargos, vagas e sal\u00e1rios do Concurso Prefeitura de Aragua\u00edna \u2013 TO\">Cargos, vagas e sal\u00e1rios do Concurso Prefeitura de Aragua\u00edna \u2013 TO<\/a><\/li><li class='ez-toc-page-1 ez-toc-heading-level-2'><a class=\"ez-toc-link ez-toc-heading-3\" href=\"https:\/\/www.editorasolucao.com.br\/blog\/concurso\/prefeitura-de-araguaina-to\/#Quais_sao_os_requisitos_basicos_para_a_investidura_nos_cargos_do_Concurso_de_Araguaina_%E2%80%93_TO\" title=\"Quais s\u00e3o os requisitos b\u00e1sicos para a investidura nos cargos do Concurso de Aragua\u00edna \u2013 TO?\">Quais s\u00e3o os requisitos b\u00e1sicos para a investidura nos cargos do Concurso de Aragua\u00edna \u2013 TO?<\/a><\/li><li class='ez-toc-page-1 ez-toc-heading-level-2'><a class=\"ez-toc-link ez-toc-heading-4\" href=\"https:\/\/www.editorasolucao.com.br\/blog\/concurso\/prefeitura-de-araguaina-to\/#Como_serao_as_provas_doo_Concurso_Prefeitura_de_Araguaina_%E2%80%93_TO\" title=\"Como ser\u00e3o as provas doo Concurso Prefeitura de Aragua\u00edna \u2013 TO?\">Como ser\u00e3o as provas doo Concurso Prefeitura de Aragua\u00edna \u2013 TO?<\/a><\/li><\/ul><\/nav><\/div>\n<h2 class=\"wp-block-heading\"><span class=\"ez-toc-section\" id=\"Inscricoes_do_Concurso_de_Araguaina_%E2%80%93_TO\"><\/span> Inscri\u00e7\u00f5es do Concurso de Aragua\u00edna \u2013 TO<span class=\"ez-toc-section-end\"><\/span><\/h2>\n\n\n\n<p>As inscri\u00e7\u00f5es devem ser efetuadas pelo site <a rel=\"noreferrer noopener\" aria-label=\"IDIB (abre em uma nova aba)\" href=\"https:\/\/idib.org.br\" target=\"_blank\">IDIB<\/a>, at\u00e9 o dia <strong>27 de janeiro de 2020<\/strong>. Ser\u00e3o cobradas taxas de inscri\u00e7\u00e3o com valores referentes ao n\u00edvel do cargo pretendido.<\/p>\n\n\n\n<ul><li> N\u00edvel M\u00e9dio: <strong>R$ 95,00<\/strong><\/li><li> N\u00edvel Superior: <strong>R$ 140,00<\/strong><\/li><\/ul>\n\n\n\n<p><\/p>\n\n\n\n<p>Haver\u00e1 <strong>isen\u00e7\u00e3o do pagamento da taxa de inscri\u00e7\u00e3o<\/strong> para o candidato que estiver inscrito no Cadastro \u00danico para Programas Sociais do Governo Federal \u2013 Cad\u00danico, de que trata o Decreto Federal n\u00ba 6.135, de 26 de junho de 2007, e que se declarar membro de fam\u00edlia de baixa renda, nos termos da legisla\u00e7\u00e3o vigente.<\/p>\n\n\n\n<p>A solicita\u00e7\u00e3o dever\u00e1 ser realizada at\u00e9 o dia <strong>30 de dezembro de 2020<\/strong>.<\/p>\n\n\n\n<h2 class=\"wp-block-heading\"><span class=\"ez-toc-section\" id=\"Cargos_vagas_e_salarios_do_Concurso_Prefeitura_de_Araguaina_%E2%80%93_TO\"><\/span>Cargos, vagas e sal\u00e1rios do Concurso Prefeitura de Aragua\u00edna \u2013 TO<span class=\"ez-toc-section-end\"><\/span><\/h2>\n\n\n\n<p>S\u00e3o oferecidas <strong>958 vagas para candidatos de n\u00edveis M\u00e9dio e Superior, sendo 581 de provimento imediato e 377 para forma\u00e7\u00e3o de cadastro reserva<\/strong>. As oportunidades est\u00e3o distribu\u00eddas em dois Editais, com sal\u00e1rios que v\u00e3o de <strong>R$ 1.242,43 a R$ 4.149,44<\/strong> e jornadas de trabalho que variam de 20 a 40 horas semanais. Abaixo voc\u00ea confere a quantidade de vagas imediatas correspondentes a cada fun\u00e7\u00e3o.<\/p>\n\n\n\n<h4 class=\"wp-block-heading\">Edital 01\/2019<\/h4>\n\n\n\n<p><strong>N\u00edvel M\u00e9dio<\/strong><\/p>\n\n\n\n<p><a href=\"https:\/\/www.editorasolucao.com.br\/apostila-solucao\/impresso\/apostila-prefeitura-araguaina-to-2020-assistente-tecnico-administrativo\" target=\"_blank\" rel=\"noreferrer noopener\" aria-label=\"Assistente T\u00e9cnico Administrativo (abre em uma nova aba)\">Assistente T\u00e9cnico Administrativo<\/a> (50)<\/p>\n\n\n\n<p><strong>N\u00edvel Superior <\/strong><\/p>\n\n\n\n<p>Auditor Fiscal (12); Fiscal Ambiental (04); Fiscal de Edifica\u00e7\u00e3o e Posturas (04); Fiscal Sanit\u00e1rio; Procurador Municipal (06); <a rel=\"noreferrer noopener\" aria-label=\"Professor - Zona Rural - 20h (abre em uma nova aba)\" href=\"https:\/\/www.editorasolucao.com.br\/apostila-solucao\/impresso\/apostila-prefeitura-araguaina-to-2020-professor-zona-rural-urbana-20h\" target=\"_blank\">Professor &#8211; Zona Rural &#8211; 20h<\/a> (10); <a href=\"https:\/\/www.editorasolucao.com.br\/apostila-solucao\/impresso\/apostila-prefeitura-araguaina-to-2020-professor-zona-rural-urbana-20h\" target=\"_blank\" rel=\"noreferrer noopener\" aria-label=\"Professor - Zona Urbana - 20h (abre em uma nova aba)\">Professor &#8211; Zona Urbana &#8211; 20h<\/a> (200); Professor de Educa\u00e7\u00e3o F\u00edsica &#8211; 20h (20); Professor &#8211; Licenciatura em Pedagogia ou letras com Proefici\u00eancia em libras &#8211; 20h (05); T\u00e9cnico em Edifica\u00e7\u00f5es (02); T\u00e9cnico em Enfermagem (30); T\u00e9cnico em Seguran\u00e7a e Higiene no Trabalho (03); T\u00e9cnico I &#8211; Assistente social &#8211; 20h (20); T\u00e9cnico I &#8211; Biblioteconomista (01); T\u00e9cnico I &#8211; Cirurgi\u00e3o dentista (02); T\u00e9cnico I &#8211; Contador (08); T\u00e9cnico I &#8211; Economista (02); T\u00e9cnico I &#8211; Enfermeiro (35); T\u00e9cnico I &#8211; Farmac\u00eautico &#8211; 20h (05); T\u00e9cnico I &#8211; Fisioterapeuta &#8211; 20h (03); T\u00e9cnico I &#8211; Fonoaudi\u00f3logo &#8211; 20h (02); T\u00e9cnico I &#8211; Gestor P\u00fablico (13); T\u00e9cnico I &#8211; Jur\u00eddico (09); T\u00e9cnico I &#8211; Nutricionista &#8211; 20h (04); T\u00e9cnico I &#8211; Pedagogo (06); T\u00e9cnico I &#8211; Psic\u00f3logo &#8211; 20h (06); T\u00e9cnico I &#8211; Tecnologia da Informa\u00e7\u00e3o (08); T\u00e9cnico I &#8211; Terapeuta Ocupacional &#8211; 20h (02); T\u00e9cnico II &#8211; Arquiteto (03); T\u00e9cnico II &#8211; Engenheiro Agr\u00f4nomo (01); T\u00e9cnico II &#8211; Engenheiro Ambiental (02); T\u00e9cnico II &#8211; Engenheiro Cartogr\u00e1fico (01); T\u00e9cnico II &#8211; Engenheiro de Tr\u00e1fego e Transporte (01); T\u00e9cnico II &#8211; Engenheiro Eletricista (01); T\u00e9cnico II &#8211; Engenheiro em Seguran\u00e7a no Trabalho (03); T\u00e9cnico II &#8211; Engenheiro Florestal (01); T\u00e9cnico II &#8211; Engenheiro Civil (08); T\u00e9cnico II &#8211; M\u00e9dico (44); T\u00e9cnico II &#8211; M\u00e9dico Psiquiatra &#8211; 20h (02) e T\u00e9cnico II &#8211; M\u00e9dico em sa\u00fade e seguran\u00e7a do trabalho &#8211; 20h (02).<\/p>\n\n\n\n<h4 class=\"wp-block-heading\">Edital 02\/2019<\/h4>\n\n\n\n<p> <strong>N\u00edvel M\u00e9dio<\/strong><\/p>\n\n\n\n<p> <a href=\"https:\/\/www.editorasolucao.com.br\/apostila-solucao\/impresso\/apostila-prefeitura-araguaina-to-2020-guarda-municipal\" target=\"_blank\" rel=\"noreferrer noopener\" aria-label=\"Guarda Municipal (abre em uma nova aba)\">Guarda Municipal<\/a> (40).<\/p>\n\n\n\n<h2 class=\"wp-block-heading\"><span class=\"ez-toc-section\" id=\"Quais_sao_os_requisitos_basicos_para_a_investidura_nos_cargos_do_Concurso_de_Araguaina_%E2%80%93_TO\"><\/span>Quais s\u00e3o os requisitos b\u00e1sicos para a investidura nos cargos do Concurso de Aragua\u00edna \u2013 TO?<span class=\"ez-toc-section-end\"><\/span><\/h2>\n\n\n\n<p>Saiba quais s\u00e3o as exig\u00eancias para que o candidato tome posse dos cargos ofertados:<\/p>\n\n\n\n<ul><li>Ser brasileiro nato, naturalizado ou estrangeiro na forma da lei; <\/li><li> Os Candidatos que tenham participado do Concurso P\u00fablico com no m\u00ednimo 16 (dezesseis) anos de idade, s\u00f3 poder\u00e3o ser empossados nos respectivos cargos ap\u00f3s completarem 18 (dezoito) anos, condicionado, a na data da posse, possuir a idade constitucional de 18 (dezoito) anos para ser empossado; <\/li><li> Quita\u00e7\u00e3o com o servi\u00e7o militar, exceto para os Candidatos do sexo feminino e com a Justi\u00e7a Eleitoral, para todos os Candidatos; <\/li><li> Ter escolaridade exigida para o exerc\u00edcio do cargo mediante diploma de Institui\u00e7\u00e3o de Ensino reconhecida pelo MEC; <\/li><li> Apresenta\u00e7\u00e3o de c\u00f3pia de Carteira de Identidade, CPF\/MF, PIS\/PASEP, Carteira Profissional, Certid\u00e3o de Nascimento ou Casamento ou, Fotografia 3&#215;4 colorida e recente; <\/li><li> \u00c0s pessoas com defici\u00eancia, compatibilidade da defici\u00eancia atestada, com o cargo de op\u00e7\u00e3o do Candidato, comprovada atrav\u00e9s de an\u00e1lise da Comiss\u00e3o Especial do Concurso P\u00fablico, que emitir\u00e1 parecer sobre o enquadramento do tipo ou grau de defici\u00eancia e sua compatibilidade com o cargo; <\/li><li> Exame de sanidade f\u00edsica e mental, que comprovar\u00e1 a aptid\u00e3o necess\u00e1ria para o exerc\u00edcio do cargo; <\/li><li> Certid\u00e3o negativa fornecida pelo Cart\u00f3rio Distribuidor da Comarca onde possui o endere\u00e7o declarado, comprovando a inexist\u00eancia de a\u00e7\u00f5es civis e criminais (com tr\u00e2nsito em julgado); <\/li><li>  Declara\u00e7\u00e3o de acumulo de cargo, nos termos da Constitui\u00e7\u00e3o Federal Brasileira; <\/li><li> Certid\u00e3o de inexist\u00eancia D\u00e9bitos Municipais.<\/li><\/ul>\n\n\n\n<p style=\"text-align:center\"><strong><a rel=\"noreferrer noopener\" aria-label=\"Estude com a Apostila Prefeitura de Aragua\u00edna-TO e parcele SEM JUROS (abre em uma nova aba)\" href=\"https:\/\/www.editorasolucao.com.br\/concurso\/prefeitura-de-araguaina-to\" target=\"_blank\">Estude com as Apostilas Prefeitura de Aragua\u00edna-TO e parcele SEM JUROS<\/a><\/strong><\/p>\n\n\n\n<h2 class=\"wp-block-heading\"><span class=\"ez-toc-section\" id=\"Como_serao_as_provas_doo_Concurso_Prefeitura_de_Araguaina_%E2%80%93_TO\"><\/span>Como ser\u00e3o as provas doo Concurso Prefeitura de Aragua\u00edna \u2013 TO?<span class=\"ez-toc-section-end\"><\/span><\/h2>\n\n\n\n<p>O certame ser\u00e1 composto por <strong>cinco etapas<\/strong>, sendo elas:<\/p>\n\n\n\n<ul><li><strong> Prova Objetiva \u2013<\/strong> para todos os cargos;<\/li><li> <strong>Prova Discursiva \u2013<\/strong> Apenas para o cargo de Procurador;<\/li><li> <strong>Prova de Aptid\u00e3o F\u00edsica \u2013<\/strong> para o cargo de Guarda Municipal;<\/li><li> <strong>Prova de T\u00edtulos \u2013<\/strong> para os cargos de professor; e<\/li><li> <strong>Exame Profissiogr\u00e1fico \u2013<\/strong> para o cargo de Guarda Municipal.<\/li><\/ul>\n\n\n\n<h4 class=\"wp-block-heading\"> Prova Objetiva<\/h4>\n\n\n\n<p>A <strong>Prova Objetiva<\/strong>, de car\u00e1ter eliminat\u00f3rio e classificat\u00f3rio, est\u00e1 prevista para ser realizada no dia <strong>15 de mar\u00e7o de 2020<\/strong>, e ser\u00e1 composto por <strong>42 quest\u00f5es de m\u00faltipla escolha<\/strong>. As disciplinas que versar\u00e3o as provas ser\u00e3o:<\/p>\n\n\n\n<ul><li> L\u00edngua Portuguesa \u2013 10 quest\u00f5es com peso 1,0 cada;<\/li><li> Inform\u00e1tica \u2013 06 quest\u00f5es com peso 1,0 cada;<\/li><li> Racioc\u00ednio L\u00f3gico \u2013 06 quest\u00f5es com peso 1,0 cada; e<\/li><li> Conhecimentos Espec\u00edficos \u2013 20 quest\u00f5es com peso 2,0 cada.<\/li><\/ul>\n\n\n\n<p><\/p>\n\n\n\n<p>O tempo de dura\u00e7\u00e3o da totalidade das Provas Objetivas ser\u00e1 de <strong>03 (tr\u00eas) horas<\/strong> para todos os cargos, exceto para o cargo de <strong>Procurador Municipal que ser\u00e1 de 04h30min (quatro horas e trinta minutos)<\/strong>.<\/p>\n\n\n\n<h4 class=\"wp-block-heading\">Prova Discursiva <\/h4>\n\n\n\n<p>A <strong>Prova Discursiva<\/strong>, de car\u00e1ter eliminat\u00f3rio e classificat\u00f3rio, ser\u00e1 aplicada no mesmo dia e hor\u00e1rio da <strong>Prova Objetiva<\/strong>, somente para o cargo de Procurador Municipal e compreender\u00e1 <strong>01 (uma) Pe\u00e7a Jur\u00eddica<\/strong>.<\/p>\n\n\n\n<p>A Pe\u00e7a para o cargo de Procurador ter\u00e1 base em problemas envolvendo, no que diz respeito ao aspecto material, quaisquer temas relativos \u00e0 disciplina de conhecimentos espec\u00edficos da Prova Objetiva.<\/p>\n\n\n\n<p>Os crit\u00e9rios de avalia\u00e7\u00e3o ser\u00e3o os seguintes:<\/p>\n\n\n\n<div class=\"wp-block-image\"><figure class=\"aligncenter\"><img loading=\"lazy\" decoding=\"async\" width=\"605\" height=\"238\" src=\"https:\/\/www.editorasolucao.com.br\/blog\/wp-content\/uploads\/2019\/12\/aragua\u00edna01.png\" alt=\"\" class=\"wp-image-7554\"\/><\/figure><\/div>\n\n\n\n<h4 class=\"wp-block-heading\">Prova de Aptid\u00e3o F\u00edsica<\/h4>\n\n\n\n<p> As <strong>Provas da Avalia\u00e7\u00e3o de Capacidade F\u00edsica<\/strong>, de car\u00e1ter eliminat\u00f3rio e classificat\u00f3rio. destinam-se \u00e0 aferi\u00e7\u00e3o da capacidade f\u00edsica do candidato e ser\u00e3o aplicadas por comiss\u00e3o designada pela IDIB.<\/p>\n\n\n\n<p>A Avalia\u00e7\u00e3o de Capacidade F\u00edsica ser\u00e1 constitu\u00edda das seguintes provas:<\/p>\n\n\n\n<p><strong>Teste em Barra Fixa:<\/strong><\/p>\n\n\n\n<div class=\"wp-block-image\"><figure class=\"aligncenter\"><img loading=\"lazy\" decoding=\"async\" width=\"614\" height=\"138\" src=\"https:\/\/www.editorasolucao.com.br\/blog\/wp-content\/uploads\/2019\/12\/aragua\u00edna02.png\" alt=\"\" class=\"wp-image-7555\"\/><\/figure><\/div>\n\n\n\n<p><strong>Flex\u00e3o Abdominal (Supra):<\/strong><\/p>\n\n\n\n<div class=\"wp-block-image\"><figure class=\"aligncenter\"><img loading=\"lazy\" decoding=\"async\" width=\"618\" height=\"102\" src=\"https:\/\/www.editorasolucao.com.br\/blog\/wp-content\/uploads\/2019\/12\/aragua\u00edna03.png\" alt=\"\" class=\"wp-image-7556\"\/><\/figure><\/div>\n\n\n\n<p><strong>Corrida de 12 minutos: <\/strong><\/p>\n\n\n\n<div class=\"wp-block-image\"><figure class=\"aligncenter\"><img loading=\"lazy\" decoding=\"async\" width=\"611\" height=\"102\" src=\"https:\/\/www.editorasolucao.com.br\/blog\/wp-content\/uploads\/2019\/12\/aragua\u00edna04.png\" alt=\"\" class=\"wp-image-7557\"\/><\/figure><\/div>\n\n\n\n<h4 class=\"wp-block-heading\">Prova de T\u00edtulos<\/h4>\n\n\n\n<p>A <strong>Avalia\u00e7\u00e3o da Prova de T\u00edtulos<\/strong> tem car\u00e1ter somente classificat\u00f3rio. Participar\u00e3o dessa etapa somente os candidatos que concorrerem aos cargos de Professor, classificados na <strong>Prova Objetiva<\/strong> dentro das vagas, acrescido do seu cadastro de reserva e o seu julgamento obedecer\u00e1 aos seguintes crit\u00e9rios de pontua\u00e7\u00e3o:<\/p>\n\n\n\n<div class=\"wp-block-image\"><figure class=\"aligncenter\"><img loading=\"lazy\" decoding=\"async\" width=\"604\" height=\"190\" src=\"https:\/\/www.editorasolucao.com.br\/blog\/wp-content\/uploads\/2019\/12\/aragua\u00edna05.png\" alt=\"\" class=\"wp-image-7558\"\/><\/figure><\/div>\n\n\n\n<p>Conferiu todo o texto? Deseja fazer o certame? Ent\u00e3o comece a se preparar com as <strong>Apostilas Solu\u00e7\u00e3o<\/strong> e tenha um resultado positivo!<strong> Bons estudos e boa prova!!!<\/strong><\/p>\n\n\n\n<p style=\"text-align:center\"><strong><a rel=\"noreferrer noopener\" aria-label=\"Estude com a Apostila Prefeitura de Aragua\u00edna-TO e parcele SEM JUROS (abre em uma nova aba)\" href=\"https:\/\/www.editorasolucao.com.br\/concurso\/prefeitura-de-araguaina-to\" target=\"_blank\">Estude com as Apostilas Prefeitura de Aragua\u00edna-TO e parcele SEM JUROS<\/a><\/strong><\/p>\n\n\n\n<div class=\"wp-block-file\"><a href=\"https:\/\/www.editorasolucao.com.br\/blog\/wp-content\/uploads\/2019\/12\/Edital-01-Prefeitura-de-Araga\u00edna-TO.pdf\">Edital 01\/2019 Prefeitura de Aragua\u00edna &#8211; TO<\/a><a href=\"https:\/\/www.editorasolucao.com.br\/blog\/wp-content\/uploads\/2019\/12\/Edital-01-Prefeitura-de-Araga\u00edna-TO.pdf\" class=\"wp-block-file__button\" download>Baixar<\/a><\/div>\n\n\n\n<div class=\"wp-block-file\"><a href=\"https:\/\/www.editorasolucao.com.br\/blog\/wp-content\/uploads\/2019\/12\/Edital-02-Prefeitura-de-Aragua\u00edna-TO.pdf\">Edital 02\/2019 Prefeitura de Aragua\u00edna &#8211; TO<\/a><a href=\"https:\/\/www.editorasolucao.com.br\/blog\/wp-content\/uploads\/2019\/12\/Edital-02-Prefeitura-de-Aragua\u00edna-TO.pdf\" class=\"wp-block-file__button\" download>Baixar<\/a><\/div>\n\n\n\n<p><\/p>\n","protected":false},"excerpt":{"rendered":"<p>Foram publicados dois Editais do Concurso Prefeitura de Aragua\u00edna, no estado do Tocantins. S\u00e3o ofertadas 958 vagas de provimento imediato mais forma\u00e7\u00e3o de cadastro reserva para candidatos de n\u00edveis M\u00e9dio e Superior, com sal\u00e1rios de at\u00e9 R$ 4,1 mil. Estude com as Apostilas Prefeitura de Aragua\u00edna-TO e parcele SEM JUROS Inscri\u00e7\u00f5es do Concurso de Aragua\u00edna \u2013 TO As inscri\u00e7\u00f5es devem ser efetuadas pelo site IDIB, at\u00e9 o dia 27 de janeiro de 2020. Ser\u00e3o cobradas taxas de inscri\u00e7\u00e3o com valores referentes ao n\u00edvel do cargo pretendido. N\u00edvel M\u00e9dio: R$ 95,00 N\u00edvel Superior: R$ 140,00 Haver\u00e1 isen\u00e7\u00e3o do pagamento da taxa&#8230;<\/p>\n","protected":false},"author":7,"featured_media":7553,"template":"","meta":{"_acf_changed":false,"rank_math_lock_modified_date":false},"categories":[],"tags":[],"acf":[],"_links":{"self":[{"href":"https:\/\/www.editorasolucao.com.br\/blog\/wp-json\/wp\/v2\/concurso\/7552"}],"collection":[{"href":"https:\/\/www.editorasolucao.com.br\/blog\/wp-json\/wp\/v2\/concurso"}],"about":[{"href":"https:\/\/www.editorasolucao.com.br\/blog\/wp-json\/wp\/v2\/types\/concurso"}],"author":[{"embeddable":true,"href":"https:\/\/www.editorasolucao.com.br\/blog\/wp-json\/wp\/v2\/users\/7"}],"wp:featuredmedia":[{"embeddable":true,"href":"https:\/\/www.editorasolucao.com.br\/blog\/wp-json\/wp\/v2\/media\/7553"}],"wp:attachment":[{"href":"https:\/\/www.editorasolucao.com.br\/blog\/wp-json\/wp\/v2\/media?parent=7552"}],"wp:term":[{"taxonomy":"category","embeddable":true,"href":"https:\/\/www.editorasolucao.com.br\/blog\/wp-json\/wp\/v2\/categories?post=7552"},{"taxonomy":"post_tag","embeddable":true,"href":"https:\/\/www.editorasolucao.com.br\/blog\/wp-json\/wp\/v2\/tags?post=7552"}],"curies":[{"name":"wp","href":"https:\/\/api.w.org\/{rel}","templated":true}]}}