{"id":7585,"date":"2019-12-30T16:38:55","date_gmt":"2019-12-30T19:38:55","guid":{"rendered":"https:\/\/www.editorasolucao.com.br\/blog\/?post_type=concurso&#038;p=7585"},"modified":"2019-12-30T16:38:55","modified_gmt":"2019-12-30T19:38:55","slug":"prefeitura-de-sao-sebastiao-do-maranhao-mg","status":"publish","type":"concurso","link":"https:\/\/www.editorasolucao.com.br\/blog\/concurso\/prefeitura-de-sao-sebastiao-do-maranhao-mg","title":{"rendered":"Concurso Prefeitura de S\u00e3o Sebasti\u00e3o do Maranh\u00e3o &#8211; MG 2020: Vagas para todos os n\u00edveis!"},"content":{"rendered":"\n<p>Foi divulgado o <a rel=\"noreferrer noopener\" aria-label=\"Edital (abre em uma nova aba)\" href=\"https:\/\/www.editorasolucao.com.br\" target=\"_blank\">Edital<\/a> do <strong>Concurso Prefeitura de S\u00e3o Sebasti\u00e3o do Maranh\u00e3o<\/strong>, no estado de <a rel=\"noreferrer noopener\" aria-label=\"Minas Gerais (abre em uma nova aba)\" href=\"https:\/\/www.editorasolucao.com.br\/blog\/concursos-abertos-mg\" target=\"_blank\">Minas Gerais<\/a>. S\u00e3o ofertadas<strong> 56 vagas para candidatos de todos os n\u00edveis de escolaridade<\/strong>, com sal\u00e1rios que chegam a <strong>R$ 10 mil<\/strong>. Confira os detalhes no texto a seguir.<\/p>\n\n\n\n<div id=\"ez-toc-container\" class=\"ez-toc-v2_0_69_1 counter-hierarchy ez-toc-counter ez-toc-grey ez-toc-container-direction\">\n<div class=\"ez-toc-title-container\">\n<p class=\"ez-toc-title \" >Menu de navega&ccedil;&atilde;o<\/p>\n<span class=\"ez-toc-title-toggle\"><a href=\"#\" class=\"ez-toc-pull-right ez-toc-btn ez-toc-btn-xs ez-toc-btn-default ez-toc-toggle\" aria-label=\"Toggle Table of Content\"><span class=\"ez-toc-js-icon-con\"><span class=\"\"><span class=\"eztoc-hide\" style=\"display:none;\">Toggle<\/span><span class=\"ez-toc-icon-toggle-span\"><svg style=\"fill: #999;color:#999\" xmlns=\"http:\/\/www.w3.org\/2000\/svg\" class=\"list-377408\" width=\"20px\" height=\"20px\" viewBox=\"0 0 24 24\" fill=\"none\"><path d=\"M6 6H4v2h2V6zm14 0H8v2h12V6zM4 11h2v2H4v-2zm16 0H8v2h12v-2zM4 16h2v2H4v-2zm16 0H8v2h12v-2z\" fill=\"currentColor\"><\/path><\/svg><svg style=\"fill: #999;color:#999\" class=\"arrow-unsorted-368013\" xmlns=\"http:\/\/www.w3.org\/2000\/svg\" width=\"10px\" height=\"10px\" viewBox=\"0 0 24 24\" version=\"1.2\" baseProfile=\"tiny\"><path d=\"M18.2 9.3l-6.2-6.3-6.2 6.3c-.2.2-.3.4-.3.7s.1.5.3.7c.2.2.4.3.7.3h11c.3 0 .5-.1.7-.3.2-.2.3-.5.3-.7s-.1-.5-.3-.7zM5.8 14.7l6.2 6.3 6.2-6.3c.2-.2.3-.5.3-.7s-.1-.5-.3-.7c-.2-.2-.4-.3-.7-.3h-11c-.3 0-.5.1-.7.3-.2.2-.3.5-.3.7s.1.5.3.7z\"\/><\/svg><\/span><\/span><\/span><\/a><\/span><\/div>\n<nav><ul class='ez-toc-list ez-toc-list-level-1 ' ><li class='ez-toc-page-1 ez-toc-heading-level-2'><a class=\"ez-toc-link ez-toc-heading-1\" href=\"https:\/\/www.editorasolucao.com.br\/blog\/concurso\/prefeitura-de-sao-sebastiao-do-maranhao-mg\/#Inscricoes_do_Concurso_de_Sao_Sebastiao_do_Maranhao_%E2%80%93_MG\" title=\"Inscri\u00e7\u00f5es do Concurso de S\u00e3o Sebasti\u00e3o do Maranh\u00e3o \u2013 MG\">Inscri\u00e7\u00f5es do Concurso de S\u00e3o Sebasti\u00e3o do Maranh\u00e3o \u2013 MG<\/a><\/li><li class='ez-toc-page-1 ez-toc-heading-level-2'><a class=\"ez-toc-link ez-toc-heading-2\" href=\"https:\/\/www.editorasolucao.com.br\/blog\/concurso\/prefeitura-de-sao-sebastiao-do-maranhao-mg\/#Cargos_vagas_e_salarios_do_Concurso_Prefeitura_de_Sao_Sebastiao_do_Maranhao_%E2%80%93_MG\" title=\"Cargos, vagas e sal\u00e1rios do Concurso Prefeitura de S\u00e3o Sebasti\u00e3o do Maranh\u00e3o \u2013 MG\">Cargos, vagas e sal\u00e1rios do Concurso Prefeitura de S\u00e3o Sebasti\u00e3o do Maranh\u00e3o \u2013 MG<\/a><\/li><li class='ez-toc-page-1 ez-toc-heading-level-2'><a class=\"ez-toc-link ez-toc-heading-3\" href=\"https:\/\/www.editorasolucao.com.br\/blog\/concurso\/prefeitura-de-sao-sebastiao-do-maranhao-mg\/#Quais_sao_os_requisitos_basicos_para_a_investidura_nos_cargos_do_Concurso_de_Sao_Sebastiao_do_Maranhao\" title=\"Quais s\u00e3o os requisitos b\u00e1sicos para a investidura nos cargos do Concurso de S\u00e3o Sebasti\u00e3o do Maranh\u00e3o?\">Quais s\u00e3o os requisitos b\u00e1sicos para a investidura nos cargos do Concurso de S\u00e3o Sebasti\u00e3o do Maranh\u00e3o?<\/a><\/li><li class='ez-toc-page-1 ez-toc-heading-level-2'><a class=\"ez-toc-link ez-toc-heading-4\" href=\"https:\/\/www.editorasolucao.com.br\/blog\/concurso\/prefeitura-de-sao-sebastiao-do-maranhao-mg\/#Como_sera_a_prova_do_Concurso_Prefeitura_de_Sao_Sebastiao_do_Maranhao_%E2%80%93_MG\" title=\"Como ser\u00e1 a prova do Concurso Prefeitura de S\u00e3o Sebasti\u00e3o do Maranh\u00e3o \u2013 MG?\">Como ser\u00e1 a prova do Concurso Prefeitura de S\u00e3o Sebasti\u00e3o do Maranh\u00e3o \u2013 MG?<\/a><\/li><\/ul><\/nav><\/div>\n<h2 class=\"wp-block-heading\"><span class=\"ez-toc-section\" id=\"Inscricoes_do_Concurso_de_Sao_Sebastiao_do_Maranhao_%E2%80%93_MG\"><\/span>Inscri\u00e7\u00f5es do Concurso de S\u00e3o Sebasti\u00e3o do Maranh\u00e3o \u2013 MG<span class=\"ez-toc-section-end\"><\/span><\/h2>\n\n\n\n<p>As inscri\u00e7\u00f5es dever\u00e3o ser realizadas atrav\u00e9s do site <a rel=\"noreferrer noopener\" aria-label=\"Seap Concursos (abre em uma nova aba)\" href=\"https:\/\/seapconcursos.listaeditais.com.br\/edital\/ver\/2497\" target=\"_blank\">Seap Concursos<\/a>, a partir das <strong>09h do dia 28 de fevereiro at\u00e9 \u00e0s 21h do dia 28 de mar\u00e7o de 2020<\/strong>. Ser\u00e3o cobradas taxas de inscri\u00e7\u00e3o com valores referentes ao n\u00edvel do cargo pretendido.<\/p>\n\n\n\n<ul><li>N\u00edvel Fundamental (Alfabetizado): <strong>R$ 50,00<\/strong><\/li><li> N\u00edvel M\u00e9dio\/T\u00e9cnico: <strong>R$ 70,00<\/strong><\/li><li> N\u00edvel Superior: <strong>R$ 100,00<\/strong><\/li><\/ul>\n\n\n\n<p><\/p>\n\n\n\n<p>Haver\u00e1 <strong>isen\u00e7\u00e3o do pagamento da taxa de inscri\u00e7\u00e3o<\/strong> para o candidato que comprovar <strong>hipossufici\u00eancia financeira<\/strong>, n\u00e3o podendo arcar com o valor.<\/p>\n\n\n\n<h2 class=\"wp-block-heading\"><span class=\"ez-toc-section\" id=\"Cargos_vagas_e_salarios_do_Concurso_Prefeitura_de_Sao_Sebastiao_do_Maranhao_%E2%80%93_MG\"><\/span> Cargos, vagas e sal\u00e1rios do Concurso Prefeitura de S\u00e3o Sebasti\u00e3o do Maranh\u00e3o \u2013 MG<span class=\"ez-toc-section-end\"><\/span><\/h2>\n\n\n\n<p>S\u00e3o oferecidas <strong>56 vagas para candidatos de n\u00edveis Fundamental (Alfabetizado), M\u00e9dio, T\u00e9cnico e Superior<\/strong>, com sal\u00e1rios que v\u00e3o de <strong>R$ 998,00 a R$ 10.000,00<\/strong> e jornadas de trabalho que variam de 20 a 40 horas semanais, dependendo do cargo. Abaixo est\u00e3o a quantidade de oportunidades correspondentes a cada fun\u00e7\u00e3o.<\/p>\n\n\n\n<p><strong>N\u00edvel Fundamental (Alfabetizado)<\/strong><\/p>\n\n\n\n<p>Gari (8); Mec\u00e2nico de Ve\u00edculos (1); Coveiro (1) e Operador de M\u00e1quinas Pesadas (2).<\/p>\n\n\n\n<p><strong>N\u00edvel M\u00e9dio\/T\u00e9cnico<\/strong><\/p>\n\n\n\n<p> Especialista de Educa\u00e7\u00e3o B\u00e1sica (2); Fiscal Municipal (1); Motorista da Assist\u00eancia Social (1); Agente Comunit\u00e1rio de Endemias (2); Auxiliar de Laborat\u00f3rio (1); Auxiliar de Sa\u00fade (2); Assistente T\u00e9cnico de Educa\u00e7\u00e3o B\u00e1sica (1); T\u00e9cnico em Meio Ambiente (1); T\u00e9cnico Agr\u00edcola (1); T\u00e9cnico de Inform\u00e1tica (1); T\u00e9cnico em Enfermagem (6); Cadastrador\/Digitador do Bolsa Fam\u00edlia (2); Orientador Social (1); Recepcionista (1) e T\u00e9cnico Administrativo (1).<\/p>\n\n\n\n<p><strong>N\u00edvel Superior<\/strong><\/p>\n\n\n\n<p> Engenheiro Agr\u00f4nomo (1); Engenheiro Civil (1); Farmac\u00eautico\/Bioqu\u00edmico (1); M\u00e9dico Clinico Geral (2); M\u00e9dico ESF (1); Nutricionista (1); Psic\u00f3logo (3); Tecn\u00f3logo RH (1); Advogado (1); Assistente Social (2) e Contador (1).<\/p>\n\n\n\n<h2 class=\"wp-block-heading\"><span class=\"ez-toc-section\" id=\"Quais_sao_os_requisitos_basicos_para_a_investidura_nos_cargos_do_Concurso_de_Sao_Sebastiao_do_Maranhao\"><\/span>Quais s\u00e3o os requisitos b\u00e1sicos para a investidura nos cargos do Concurso de S\u00e3o Sebasti\u00e3o do Maranh\u00e3o?<span class=\"ez-toc-section-end\"><\/span><\/h2>\n\n\n\n<p>Saiba quais s\u00e3o as exig\u00eancias para que o candidato tome posse dos cargos ofertados:<\/p>\n\n\n\n<ul><li>Ter sido aprovado e classificado no Concurso P\u00fablico, na forma estabelecida no Edital;<\/li><li>  Ter nacionalidade brasileira ou portuguesa e, em caso de nacionalidade portuguesa, estar amparado pelo estatuto de igualdade entre brasileiros e portugueses, com reconhecimento de gozo de direitos pol\u00edticos, nos termos do \u00a7 1.\u00ba, do artigo 12, da Constitui\u00e7\u00e3o Federal de 1988;<\/li><li>  Possuir, na data da posse, certificado\/diploma de acordo com as exig\u00eancias do cargo, especificadas no Edital, obtido em institui\u00e7\u00e3o de ensino p\u00fablico ou privado, devidamente reconhecido pelo Minist\u00e9rio da Educa\u00e7\u00e3o;<\/li><li> Estar em dia com as obriga\u00e7\u00f5es eleitorais;<\/li><li> Estar em dia com as obriga\u00e7\u00f5es militares, em caso de candidato do sexo masculino;<\/li><li> Ter idade m\u00ednima de 18 anos completos na data da posse;<\/li><li> Gozar de boa sa\u00fade f\u00edsica, sensorial e mental, estando apto para exercer todas as atribui\u00e7\u00f5es do cargo para o qual for nomeado, contidas no Edital;<\/li><li> Apresentar, na \u00e9poca da contrata\u00e7\u00e3o, os documentos comprobat\u00f3rios descritos no Edital &#8211; Convoca\u00e7\u00e3o e Contrata\u00e7\u00e3o;<\/li><li> Para a contrata\u00e7\u00e3o, o candidato ser\u00e1 submetido a per\u00edcia m\u00e9dica, realizada por m\u00e9dico designado pela Prefeitura Municipal, podendo ser submetido a exames m\u00e9dicos complementares, custeados pelo pr\u00f3prio candidato. O laudo m\u00e9dico emitido pelo profissional designado ter\u00e1 efeito conclusivo sobre as condi\u00e7\u00f5es f\u00edsicas, sensoriais e mentais necess\u00e1rias ao exerc\u00edcio das atribui\u00e7\u00f5es do cargo p\u00fablico, observada a legisla\u00e7\u00e3o espec\u00edfica.<\/li><\/ul>\n\n\n\n<h2 class=\"wp-block-heading\"><span class=\"ez-toc-section\" id=\"Como_sera_a_prova_do_Concurso_Prefeitura_de_Sao_Sebastiao_do_Maranhao_%E2%80%93_MG\"><\/span> Como ser\u00e1 a prova do Concurso Prefeitura de S\u00e3o Sebasti\u00e3o do Maranh\u00e3o \u2013 MG?<span class=\"ez-toc-section-end\"><\/span><\/h2>\n\n\n\n<p>O certame ser\u00e1 composto por uma <strong>Prova Objetiva<\/strong>, de car\u00e1ter eliminat\u00f3rio e classificat\u00f3rio, que est\u00e1 prevista para ser realizada no dia <strong>03 de maio de 2020<\/strong>, e contar\u00e1 com <strong>30 quest\u00f5es de m\u00faltipla escolha<\/strong>.<\/p>\n\n\n\n<p>Dentre as disciplinas que versar\u00e3o as provas, est\u00e3o: L\u00edngua Portuguesa, Matem\u00e1tica\/Racioc\u00ednio L\u00f3gico e Conhecimentos Espec\u00edficos. <\/p>\n\n\n\n<p>O concurso \u00e9 v\u00e1lido por<strong> 01 ano<\/strong>, a partir da data de homologa\u00e7\u00e3o do resultado final, podendo ser prorrogado uma vez, pelo mesmo per\u00edodo, a crit\u00e9rio da administra\u00e7\u00e3o municipal.<\/p>\n\n\n\n<p>Conferiu todo o texto? Deseja fazer o certame? Ent\u00e3o comece a se preparar com as <strong>Apostilas Solu\u00e7\u00e3o<\/strong> e tenha um resultado positivo! <strong>Bons estudos e boa prova!!!<\/strong><\/p>\n","protected":false},"excerpt":{"rendered":"<p>Foi divulgado o Edital do Concurso Prefeitura de S\u00e3o Sebasti\u00e3o do Maranh\u00e3o, no estado de Minas Gerais. S\u00e3o ofertadas 56 vagas para candidatos de todos os n\u00edveis de escolaridade, com sal\u00e1rios que chegam a R$ 10 mil. Confira os detalhes no texto a seguir. Inscri\u00e7\u00f5es do Concurso de S\u00e3o Sebasti\u00e3o do Maranh\u00e3o \u2013 MG As inscri\u00e7\u00f5es dever\u00e3o ser realizadas atrav\u00e9s do site Seap Concursos, a partir das 09h do dia 28 de fevereiro at\u00e9 \u00e0s 21h do dia 28 de mar\u00e7o de 2020. Ser\u00e3o cobradas taxas de inscri\u00e7\u00e3o com valores referentes ao n\u00edvel do cargo pretendido. N\u00edvel Fundamental (Alfabetizado): R$&#8230;<\/p>\n","protected":false},"author":7,"featured_media":7587,"template":"","meta":{"_acf_changed":false,"rank_math_lock_modified_date":false},"categories":[],"tags":[],"acf":[],"_links":{"self":[{"href":"https:\/\/www.editorasolucao.com.br\/blog\/wp-json\/wp\/v2\/concurso\/7585"}],"collection":[{"href":"https:\/\/www.editorasolucao.com.br\/blog\/wp-json\/wp\/v2\/concurso"}],"about":[{"href":"https:\/\/www.editorasolucao.com.br\/blog\/wp-json\/wp\/v2\/types\/concurso"}],"author":[{"embeddable":true,"href":"https:\/\/www.editorasolucao.com.br\/blog\/wp-json\/wp\/v2\/users\/7"}],"wp:featuredmedia":[{"embeddable":true,"href":"https:\/\/www.editorasolucao.com.br\/blog\/wp-json\/wp\/v2\/media\/7587"}],"wp:attachment":[{"href":"https:\/\/www.editorasolucao.com.br\/blog\/wp-json\/wp\/v2\/media?parent=7585"}],"wp:term":[{"taxonomy":"category","embeddable":true,"href":"https:\/\/www.editorasolucao.com.br\/blog\/wp-json\/wp\/v2\/categories?post=7585"},{"taxonomy":"post_tag","embeddable":true,"href":"https:\/\/www.editorasolucao.com.br\/blog\/wp-json\/wp\/v2\/tags?post=7585"}],"curies":[{"name":"wp","href":"https:\/\/api.w.org\/{rel}","templated":true}]}}