{"id":7594,"date":"2020-01-02T09:39:11","date_gmt":"2020-01-02T12:39:11","guid":{"rendered":"https:\/\/www.editorasolucao.com.br\/blog\/?post_type=concurso&#038;p=7594"},"modified":"2020-01-03T10:05:43","modified_gmt":"2020-01-03T13:05:43","slug":"camara-de-flores-pe","status":"publish","type":"concurso","link":"https:\/\/www.editorasolucao.com.br\/blog\/concurso\/camara-de-flores-pe","title":{"rendered":"Concurso C\u00e2mara de Flores &#8211; PE 2020: Saiu o edital para todos os n\u00edveis!"},"content":{"rendered":"\n<p>Foi divulgado o <a rel=\"noreferrer noopener\" aria-label=\"Edital (abre em uma nova aba)\" href=\"https:\/\/www.editorasolucao.com.br\" target=\"_blank\">Edital<\/a> do <strong>Concurso C\u00e2mara de Flores<\/strong>, no estado de <a rel=\"noreferrer noopener\" aria-label=\"Pernambuco (abre em uma nova aba)\" href=\"https:\/\/www.editorasolucao.com.br\/blog\/concursos-abertos-pe\" target=\"_blank\">Pernambuco<\/a>, que oferece vagas para candidatos de <strong>todos os n\u00edveis de escolaridade<\/strong>, com vencimentos de at\u00e9 <strong>R$ 1,4 mil<\/strong>. Saiba mais detalhes no texto a seguir.<\/p>\n\n\n\n<div id=\"ez-toc-container\" class=\"ez-toc-v2_0_69_1 counter-hierarchy ez-toc-counter ez-toc-grey ez-toc-container-direction\">\n<div class=\"ez-toc-title-container\">\n<p class=\"ez-toc-title \" >Menu de navega&ccedil;&atilde;o<\/p>\n<span class=\"ez-toc-title-toggle\"><a href=\"#\" class=\"ez-toc-pull-right ez-toc-btn ez-toc-btn-xs ez-toc-btn-default ez-toc-toggle\" aria-label=\"Toggle Table of Content\"><span class=\"ez-toc-js-icon-con\"><span class=\"\"><span class=\"eztoc-hide\" style=\"display:none;\">Toggle<\/span><span class=\"ez-toc-icon-toggle-span\"><svg style=\"fill: #999;color:#999\" xmlns=\"http:\/\/www.w3.org\/2000\/svg\" class=\"list-377408\" width=\"20px\" height=\"20px\" viewBox=\"0 0 24 24\" fill=\"none\"><path d=\"M6 6H4v2h2V6zm14 0H8v2h12V6zM4 11h2v2H4v-2zm16 0H8v2h12v-2zM4 16h2v2H4v-2zm16 0H8v2h12v-2z\" fill=\"currentColor\"><\/path><\/svg><svg style=\"fill: #999;color:#999\" class=\"arrow-unsorted-368013\" xmlns=\"http:\/\/www.w3.org\/2000\/svg\" width=\"10px\" height=\"10px\" viewBox=\"0 0 24 24\" version=\"1.2\" baseProfile=\"tiny\"><path d=\"M18.2 9.3l-6.2-6.3-6.2 6.3c-.2.2-.3.4-.3.7s.1.5.3.7c.2.2.4.3.7.3h11c.3 0 .5-.1.7-.3.2-.2.3-.5.3-.7s-.1-.5-.3-.7zM5.8 14.7l6.2 6.3 6.2-6.3c.2-.2.3-.5.3-.7s-.1-.5-.3-.7c-.2-.2-.4-.3-.7-.3h-11c-.3 0-.5.1-.7.3-.2.2-.3.5-.3.7s.1.5.3.7z\"\/><\/svg><\/span><\/span><\/span><\/a><\/span><\/div>\n<nav><ul class='ez-toc-list ez-toc-list-level-1 ' ><li class='ez-toc-page-1 ez-toc-heading-level-2'><a class=\"ez-toc-link ez-toc-heading-1\" href=\"https:\/\/www.editorasolucao.com.br\/blog\/concurso\/camara-de-flores-pe\/#Inscricoes_do_Concurso_de_Flores_%E2%80%93_PE\" title=\"Inscri\u00e7\u00f5es do Concurso de Flores \u2013 PE\">Inscri\u00e7\u00f5es do Concurso de Flores \u2013 PE<\/a><\/li><li class='ez-toc-page-1 ez-toc-heading-level-2'><a class=\"ez-toc-link ez-toc-heading-2\" href=\"https:\/\/www.editorasolucao.com.br\/blog\/concurso\/camara-de-flores-pe\/#Cargos_vagas_e_salarios_do_Concurso_Camara_de_Flores\" title=\"Cargos, vagas e sal\u00e1rios do Concurso C\u00e2mara de Flores\">Cargos, vagas e sal\u00e1rios do Concurso C\u00e2mara de Flores<\/a><\/li><li class='ez-toc-page-1 ez-toc-heading-level-2'><a class=\"ez-toc-link ez-toc-heading-3\" href=\"https:\/\/www.editorasolucao.com.br\/blog\/concurso\/camara-de-flores-pe\/#Quais_sao_requisitos_basicos_para_a_investidura_nos_cargos_do_Concurso_de_Flores_%E2%80%93_PE\" title=\"Quais s\u00e3o requisitos b\u00e1sicos para a investidura nos cargos do Concurso de Flores \u2013 PE?\">Quais s\u00e3o requisitos b\u00e1sicos para a investidura nos cargos do Concurso de Flores \u2013 PE?<\/a><\/li><li class='ez-toc-page-1 ez-toc-heading-level-2'><a class=\"ez-toc-link ez-toc-heading-4\" href=\"https:\/\/www.editorasolucao.com.br\/blog\/concurso\/camara-de-flores-pe\/#Como_serao_as_provas_do_Concurso_Camara_de_Flores_%E2%80%93_PE\" title=\"Como ser\u00e3o as provas do Concurso C\u00e2mara de Flores \u2013 PE?\">Como ser\u00e3o as provas do Concurso C\u00e2mara de Flores \u2013 PE?<\/a><\/li><li class='ez-toc-page-1 ez-toc-heading-level-2'><a class=\"ez-toc-link ez-toc-heading-5\" href=\"https:\/\/www.editorasolucao.com.br\/blog\/concurso\/camara-de-flores-pe\/#Quais_sao_as_atribuicoes_dos_cargos_ofertados_no_Concurso_Camara_de_Flores_%E2%80%93_PE\" title=\"Quais s\u00e3o as atribui\u00e7\u00f5es dos cargos ofertados no Concurso C\u00e2mara de Flores \u2013 PE?\">Quais s\u00e3o as atribui\u00e7\u00f5es dos cargos ofertados no Concurso C\u00e2mara de Flores \u2013 PE?<\/a><\/li><\/ul><\/nav><\/div>\n<h2 class=\"wp-block-heading\"><span class=\"ez-toc-section\" id=\"Inscricoes_do_Concurso_de_Flores_%E2%80%93_PE\"><\/span> Inscri\u00e7\u00f5es do Concurso de Flores \u2013 PE<span class=\"ez-toc-section-end\"><\/span><\/h2>\n\n\n\n<p>As inscri\u00e7\u00f5es devem ser efetuadas pelo site <a rel=\"noreferrer noopener\" aria-label=\"Contemax Consultoria (abre em uma nova aba)\" href=\"http:\/\/www.contemaxconsultoria.com.br\/site\/concursos-em-andamento\/camara-municipal-de-flores-pe\" target=\"_blank\">Contemax Consultoria<\/a>, at\u00e9 o dia <strong>10 de fevereiro de 2020<\/strong>. Ser\u00e3o cobradas taxas de inscri\u00e7\u00e3o com valores referentes ao n\u00edvel do cargo pretendido.<\/p>\n\n\n\n<ul><li>N\u00edvel Fundamental: <strong>R$ 56,00<\/strong><\/li><li> N\u00edvel M\u00e9dio: <strong>R$ 80,00<\/strong><\/li><li> N\u00edvel Superior: <strong>R$ 105,00<\/strong><\/li><\/ul>\n\n\n\n<p><\/p>\n\n\n\n<p>Poder\u00e1 requerer <strong>isen\u00e7\u00e3o do pagamento da taxa de inscri\u00e7\u00e3o<\/strong>, o candidato que estiver amparado pelo Decreto 6.593, de 02.10.2008, que cumulativamente, estiver inscrito no Cadastro \u00danico para Programas Sociais do Governo Federal &#8211; Cad\u00danico e for membro de fam\u00edlia de baixa renda, nos termos do Decreto 6.135, de 26 de junho de 2007.<\/p>\n\n\n\n<h2 class=\"wp-block-heading\"><span class=\"ez-toc-section\" id=\"Cargos_vagas_e_salarios_do_Concurso_Camara_de_Flores\"><\/span>Cargos, vagas e sal\u00e1rios do Concurso C\u00e2mara de Flores<span class=\"ez-toc-section-end\"><\/span><\/h2>\n\n\n\n<p>S\u00e3o ofertadas <strong>10 vagas para candidatos de n\u00edveis Fundamental, M\u00e9dio e T\u00e9cnico<\/strong>, com sal\u00e1rios que v\u00e3o de <strong>R$ 998,00 a R$ 1.400,00<\/strong> e jornadas de trabalho de 40 horas semanais. Confira a quantidade de oportunidades e remunera\u00e7\u00f5es correspondentes a cada fun\u00e7\u00e3o.<\/p>\n\n\n\n<p><strong> N\u00edvel Fundamenta<\/strong>l<\/p>\n\n\n\n<ul><li> Art\u00edfice \u2013 (01 vaga): R$ 998,00;<\/li><li> Auxiliar de Servi\u00e7os Gerais \u2013 (02 vagas): R$ 998,00;<\/li><li> Recepcionista \u2013 (01 vaga): R$ 998,00;<\/li><li> Vigilante \u2013 (03 vagas): R$ 998,00.<\/li><\/ul>\n\n\n\n<p><strong>N\u00edvel M\u00e9dio<\/strong><\/p>\n\n\n\n<ul><li> Agente Administrativo \u2013 (02 vagas): R$ 998,00.<\/li><\/ul>\n\n\n\n<p><strong>N\u00edvel Superior<\/strong><\/p>\n\n\n\n<ul><li>Assistente em Controle \u2013 (01 vaga): R$ 1.400,00 \u2013 (para concorrer a esse cargo, o candidato dever\u00e1 ter N\u00edvel Superior Completo em Ci\u00eancias Cont\u00e1beis ou Direito).<\/li><\/ul>\n\n\n\n<h2 class=\"wp-block-heading\"><span class=\"ez-toc-section\" id=\"Quais_sao_requisitos_basicos_para_a_investidura_nos_cargos_do_Concurso_de_Flores_%E2%80%93_PE\"><\/span>Quais s\u00e3o requisitos b\u00e1sicos para a investidura nos cargos do Concurso de Flores \u2013 PE?<span class=\"ez-toc-section-end\"><\/span><\/h2>\n\n\n\n<p>Saiba quais s\u00e3o as exig\u00eancias para que o candidato tome posse dos cargos ofertados:<\/p>\n\n\n\n<ul><li>Ser brasileiro, nato ou naturalizado ou gozar das prerrogativas previstas no art. 12 da Constitui\u00e7\u00e3o Federal, e demais disposi\u00e7\u00f5es de lei, no caso de estrangeiros; <\/li><li> Ter, no m\u00ednimo, 18 (dezoito) anos completos na data da nomea\u00e7\u00e3o; <\/li><li> Gozar de boa sa\u00fade f\u00edsica e mental; <\/li><li> Estar quite com as obriga\u00e7\u00f5es militares e eleitorais; <\/li><li> N\u00e3o registrar antecedentes criminais, achando-se em pleno gozo de seus direitos civis e pol\u00edticos; <\/li><li> Possuir o CPF regularizado; <\/li><li> N\u00e3o ter sofrido penalidade em decorr\u00eancia de processo administrativo que tenha resultado em rescis\u00e3o de contrato de trabalho na C\u00e2mara Municipal de Flores\/PE.<\/li><\/ul>\n\n\n\n<h2 class=\"wp-block-heading\"><span class=\"ez-toc-section\" id=\"Como_serao_as_provas_do_Concurso_Camara_de_Flores_%E2%80%93_PE\"><\/span>Como ser\u00e3o as provas do Concurso C\u00e2mara de Flores \u2013 PE? <span class=\"ez-toc-section-end\"><\/span><\/h2>\n\n\n\n<p>O certame ser\u00e1 composto por <strong>duas etapas<\/strong>, sendo elas: <strong>Prova Objetiva<\/strong> (para todos os cargos) e <strong>Prova de T\u00edtulos<\/strong> (para o cargo de n\u00edvel Superior \u2013 Assistente em Controle).<\/p>\n\n\n\n<h4 class=\"wp-block-heading\">Prova Objetiva<\/h4>\n\n\n\n<p>A <strong>Prova Objetiva<\/strong>, de car\u00e1ter eliminat\u00f3rio e classificat\u00f3rio, est\u00e1 prevista para ser realizada no dia <strong>15 de mar\u00e7o de 2020<\/strong>, e contar\u00e1 com <strong>40 quest\u00f5es de m\u00faltipla escolha<\/strong>. As disciplinas que versar\u00e3o as provas ser\u00e3o:<\/p>\n\n\n\n<ul><li> L\u00edngua Portuguesa \u2013 12 quest\u00f5es com valor de 2,0 cada;<\/li><li> Racioc\u00ednio L\u00f3gico \u2013 04 quest\u00f5es com valor de 2,0 cada;<\/li><li> Conhecimentos Gerais\/Atualidades \u2013 04 quest\u00f5es com valor de 2,0 cada;<\/li><li> Conhecimentos Espec\u00edficos \u2013 20 quest\u00f5es com valor de 3,0 cada.<\/li><\/ul>\n\n\n\n<p><\/p>\n\n\n\n<p>A <strong>Prova Objetiva<\/strong> ter\u00e1 dura\u00e7\u00e3o de <strong>03:00 horas<\/strong>.<\/p>\n\n\n\n<h4 class=\"wp-block-heading\">Prova de T\u00edtulos<\/h4>\n\n\n\n<p> Os <strong>T\u00edtulos<\/strong> ter\u00e3o pontua\u00e7\u00e3o m\u00e1xima de <strong>10,0 pontos<\/strong>, expedidos at\u00e9 a data do t\u00e9rmino das inscri\u00e7\u00f5es, devidamente comprovados e em \u00e1rea relacionada ao cargo pretendido.<\/p>\n\n\n\n<p>As atribui\u00e7\u00f5es de pontos se dar\u00e3o da seguinte forma:<\/p>\n\n\n\n<div class=\"wp-block-image\"><figure class=\"aligncenter\"><img loading=\"lazy\" decoding=\"async\" width=\"685\" height=\"234\" src=\"https:\/\/www.editorasolucao.com.br\/blog\/wp-content\/uploads\/2020\/01\/flores1.png\" alt=\"\" class=\"wp-image-7597\"\/><\/figure><\/div>\n\n\n\n<h2 class=\"wp-block-heading\"><span class=\"ez-toc-section\" id=\"Quais_sao_as_atribuicoes_dos_cargos_ofertados_no_Concurso_Camara_de_Flores_%E2%80%93_PE\"><\/span> Quais s\u00e3o as atribui\u00e7\u00f5es dos cargos ofertados no Concurso C\u00e2mara de Flores \u2013 PE?<span class=\"ez-toc-section-end\"><\/span><\/h2>\n\n\n\n<p>Saiba quais s\u00e3o as fun\u00e7\u00f5es exercidas pelo profissional aprovado nesse certame:<\/p>\n\n\n\n<ul><li> <strong>Agente Administrativo:<\/strong> Classificar e arquivar correspond\u00eancias, relat\u00f3rios, planilhas, fichas e outros documentos, efetuando triagem, ordenando, grampeando e etiquetando, para fins de controle, facilitando sua localiza\u00e7\u00e3o; receber, registrar e encaminhar correspond\u00eancias, faturas, ordens de servi\u00e7os, listagens e outros documentos, separando, conferindo e registrando dados de identifica\u00e7\u00e3o, para fins de controle de documenta\u00e7\u00e3o e prosseguimento do processo de trabalho; protocolar e despachar documentos e volumes, efetuando registros quanto \u00e0 quantidade, especifica\u00e7\u00f5es, destino, data e outras informa\u00e7\u00f5es, acondicionando-os em embalagens apropriadas, a fim de evitar extravios e possibilitar o encaminhamento aos interessados; digitar ou datilografar correspond\u00eancias, tabelas, relat\u00f3rios, circulares, memorandos, apostilas, formul\u00e1rios e outros documentos, transcrevendo dados manuscritos, impressos e seguindo padr\u00f5es estabelecidos de est\u00e9tica e apresenta\u00e7\u00e3o, a fim de atender as exig\u00eancias de trabalho do \u00f3rg\u00e3o; efetuar levantamentos referentes a assuntos diversos, coletando e registrando dados, a fim de serem utilizados pelos \u00f3rg\u00e3os competentes; redigir correspond\u00eancia de natureza simples, desenvolvendo assuntos rotineiros, a fim de obter e\/ou prestar informa\u00e7\u00f5es; controlar o material de expediente, ferramentas e instrumentos utilizados na \u00e1rea, registrando quantidade, qualidade e consumo dos mesmos, preparando requisi\u00e7\u00f5es, conferindo e entregando, quando solicitado, a fim de atender \u00e0s necessidades da \u00e1rea e do andamento dos trabalhos; realizar controles diversos dentro de sua \u00e1rea de atua\u00e7\u00e3o, recebendo comunicados ou procedendo o levantamento de dados, e efetuando os registros pertinentes, a fim de possibilitar o acompanhamento dos servi\u00e7os; providenciar a duplica\u00e7\u00e3o de documentos, preenchendo requisi\u00e7\u00f5es, angariando assinaturas e dirigindo-se ou solicitando o envio ao centro de reprografia, a fim de atender \u00e0s necessidades do servi\u00e7o; transmitir e receber fax e e-mail; proceder a atrav\u00e9s de liga\u00e7\u00f5es telef\u00f4nicas, internet, ou qualquer outro m\u00e9todo de comunica\u00e7\u00e3o a entrega de correspond\u00eancias de interesse da edilidade; recepcionar pessoais; efetuar a recep\u00e7\u00e3o e expedi\u00e7\u00e3o de listagens e trabalhos processados, verificando prazos de entrega, qualidade e remetendo aos usu\u00e1rios. Executar outras tarefas compat\u00edveis com as previstas no cargo e\/ou com as necessidades da Secretaria a que estiver vinculado.<\/li><li> <strong>Art\u00edfice:<\/strong> Efetuar as tarefas de manuten\u00e7\u00e3o, consertos e reparos dos bens m\u00f3veis da funda\u00e7\u00e3o; relatar sobre a necessidade de manuten\u00e7\u00e3o de cada tipo de bem dur\u00e1vel; solicitar o material necess\u00e1rio para os reparos e consertos; atuar em conformidade com as determina\u00e7\u00f5es superiores e do mestre de manuten\u00e7\u00e3o; auxiliar nos reparos dos bens im\u00f3veis, como: servi\u00e7o de alvenaria, pintura, hidr\u00e1ulica, el\u00e9trica, etc.; executar outras tarefas da mesma natureza e de igual n\u00edvel de complexidade; executar servi\u00e7os de limpeza, manuten\u00e7\u00e3o e reparos nas depend\u00eancias f\u00edsicas, equipamentos e materiais permanentes; executar outras tarefas que se incluam, por similaridade, o mesmo campo de atua\u00e7\u00e3o.<\/li><li> <strong>Assistente de Controle:<\/strong> Dirigir todos os trabalhos administrativos na C\u00e2mara Municipal; acompanhar o desempenho de todos os servidores; acompanhar o andamento da presta\u00e7\u00e3o de servi\u00e7os das diretorias da C\u00e2mara Municipal; buscar atender e solucionar as demandas apresentadas pelos servidores da C\u00e2mara Municipal em comunh\u00e3o coma Presid\u00eancia da C\u00e2mara Municipal; supervisionar a presta\u00e7\u00e3o de servi\u00e7os dos servidores comissionados e efetivos; receber demanda dos vereadores relacionado ao funcionamento da C\u00e2mara Municipal; juntamente com o tesoureiro e setor de controle interno e mediante autoriza\u00e7\u00e3o do Presidente autorizar a realiza\u00e7\u00e3o de despesas; atribui\u00e7\u00f5es constantes na Lei 912\/2009, executar outras tarefas que se incluam, por similaridade, o mesmo campo de atua\u00e7\u00e3o.<\/li><li><strong> Auxiliar de Servi\u00e7os Gerais: <\/strong>Fazer vistorias e limpezas peri\u00f3dicas em todas as divis\u00f5es da estrutura da C\u00e2mara Municipal; auxiliar nas sess\u00f5es da C\u00e2mara Municipal e demais eventos, com o fornecimento de \u00e1gua, caf\u00e9 e materiais que lhe forem solicitados; solicitar or\u00e7amentos e acompanhar reparos; sempre que se fa\u00e7a necess\u00e1rio, organizar e arrumar espa\u00e7os para novas instala\u00e7\u00f5es, ou modifica\u00e7\u00f5es de funcionamento da C\u00e2mara Municipal e suas unidades administrativas internas; proceder com a realiza\u00e7\u00e3o da limpeza de todo pr\u00e9dio da C\u00e2mara, parte interna e externa; informar os problemas detectados inerentes a sua fun\u00e7\u00e3o, fazer diagn\u00f3sticos e encontrar solu\u00e7\u00f5es; executar outras tarefas que se incluam, por similaridade, o mesmo campo de atua\u00e7\u00e3o.<\/li><li><strong> Recepcionista:<\/strong> Recepcionar os membros da C\u00e2mara Municipal; Cuidar da recep\u00e7\u00e3o da popula\u00e7\u00e3o em geral que procura a C\u00e2mara Municipal orientando o setor competente para a solu\u00e7\u00e3o da sua demanda; Organizar calend\u00e1rio de eventos da C\u00e2mara Municipal; organizar calend\u00e1rio de sess\u00f5es ordin\u00e1rias.<\/li><li> <strong>Vigilante:<\/strong> Vigiar e zelar pelos bens m\u00f3veis e im\u00f3veis da funda\u00e7\u00e3o; relatar os fatos ocorridos, durante o per\u00edodo de vigil\u00e2ncia, \u00e0 chefia imediata; controlar e orientar a entrada e sa\u00edda de pessoas, ve\u00edculos e materiais, exigindo a necess\u00e1ria identifica\u00e7\u00e3o de credenciais visadas pelo \u00f3rg\u00e3o competente; vistoriar rotineiramente a parte externa da C\u00e2mara e o fechamento das depend\u00eancias internas, responsabilizando-se pelo cumprimento das normas de seguran\u00e7a estabelecidas; realizar vistorias e rondas sistem\u00e1ticas em todas as depend\u00eancias da C\u00e2mara Municipal, os equipamentos e a seguran\u00e7a dos servidores e usu\u00e1rios; executar outras tarefas que se incluam, por similaridade, o mesmo campo de atua\u00e7\u00e3o. <\/li><\/ul>\n\n\n\n<p><\/p>\n\n\n\n<p>Conferiu todo o texto? Deseja fazer o certame? Ent\u00e3o comece a se preparar com as <strong>Apostilas Solu\u00e7\u00e3o<\/strong> e tenha um resultado positivo! <strong>Bons estudos e boa prova!!!<\/strong><\/p>\n","protected":false},"excerpt":{"rendered":"<p>Foi divulgado o Edital do Concurso C\u00e2mara de Flores, no estado de Pernambuco, que oferece vagas para candidatos de todos os n\u00edveis de escolaridade, com vencimentos de at\u00e9 R$ 1,4 mil. Saiba mais detalhes no texto a seguir. Inscri\u00e7\u00f5es do Concurso de Flores \u2013 PE As inscri\u00e7\u00f5es devem ser efetuadas pelo site Contemax Consultoria, at\u00e9 o dia 10 de fevereiro de 2020. Ser\u00e3o cobradas taxas de inscri\u00e7\u00e3o com valores referentes ao n\u00edvel do cargo pretendido. N\u00edvel Fundamental: R$ 56,00 N\u00edvel M\u00e9dio: R$ 80,00 N\u00edvel Superior: R$ 105,00 Poder\u00e1 requerer isen\u00e7\u00e3o do pagamento da taxa de inscri\u00e7\u00e3o, o candidato que estiver&#8230;<\/p>\n","protected":false},"author":7,"featured_media":7596,"template":"","meta":{"_acf_changed":false,"rank_math_lock_modified_date":false},"categories":[],"tags":[],"acf":[],"_links":{"self":[{"href":"https:\/\/www.editorasolucao.com.br\/blog\/wp-json\/wp\/v2\/concurso\/7594"}],"collection":[{"href":"https:\/\/www.editorasolucao.com.br\/blog\/wp-json\/wp\/v2\/concurso"}],"about":[{"href":"https:\/\/www.editorasolucao.com.br\/blog\/wp-json\/wp\/v2\/types\/concurso"}],"author":[{"embeddable":true,"href":"https:\/\/www.editorasolucao.com.br\/blog\/wp-json\/wp\/v2\/users\/7"}],"wp:featuredmedia":[{"embeddable":true,"href":"https:\/\/www.editorasolucao.com.br\/blog\/wp-json\/wp\/v2\/media\/7596"}],"wp:attachment":[{"href":"https:\/\/www.editorasolucao.com.br\/blog\/wp-json\/wp\/v2\/media?parent=7594"}],"wp:term":[{"taxonomy":"category","embeddable":true,"href":"https:\/\/www.editorasolucao.com.br\/blog\/wp-json\/wp\/v2\/categories?post=7594"},{"taxonomy":"post_tag","embeddable":true,"href":"https:\/\/www.editorasolucao.com.br\/blog\/wp-json\/wp\/v2\/tags?post=7594"}],"curies":[{"name":"wp","href":"https:\/\/api.w.org\/{rel}","templated":true}]}}