{"id":7708,"date":"2020-01-07T11:52:54","date_gmt":"2020-01-07T14:52:54","guid":{"rendered":"https:\/\/www.editorasolucao.com.br\/blog\/?post_type=concurso&#038;p=7708"},"modified":"2020-09-17T17:49:17","modified_gmt":"2020-09-17T20:49:17","slug":"guarda-de-santo-andre-sp","status":"publish","type":"concurso","link":"https:\/\/www.editorasolucao.com.br\/blog\/concurso\/guarda-de-santo-andre-sp","title":{"rendered":"Concurso Guarda de Santo Andr\u00e9 &#8211; SP 2020: Vagas para n\u00edvel m\u00e9dio com iniciais de R$ 2,6 mil!"},"content":{"rendered":"\n<p>Foi divulgado o <a rel=\"noreferrer noopener\" aria-label=\"Edital (abre em uma nova aba)\" href=\"https:\/\/www.editorasolucao.com.br\" target=\"_blank\">Edital<\/a> do <strong>Concurso Guarda de Santo Andr\u00e9<\/strong>, no estado de <a rel=\"noreferrer noopener\" aria-label=\"S\u00e3o Paulo (abre em uma nova aba)\" href=\"https:\/\/www.editorasolucao.com.br\/blog\/concursos-abertos-sp\" target=\"_blank\">S\u00e3o Paulo<\/a>. S\u00e3o oferecidas <strong>30 vagas, sendo 10 para mulheres e 20 para homens<\/strong>, com iniciais de <strong>R$ 2,6 mil<\/strong>. Confira os detalhes do certame ao decorrer do texto.<\/p>\n\n\n\n<p style=\"text-align:center\"><strong><a href=\"https:\/\/www.editorasolucao.com.br\/apostila-solucao\/impresso\/apostila-prefeitura-santo-andre-sp-guarda-civil-municipal-feminino-masculino\" target=\"_blank\" rel=\"noreferrer noopener\" aria-label=\"Estude com a Apostila Prefeitura de Santo Andr\u00e9-SP e parcele SEM JUROS (abre em uma nova aba)\">Estude com a Apostila Prefeitura de Santo Andr\u00e9-SP e parcele SEM JUROS<\/a><\/strong><\/p>\n\n\n\n<div id=\"ez-toc-container\" class=\"ez-toc-v2_0_69_1 counter-hierarchy ez-toc-counter ez-toc-grey ez-toc-container-direction\">\n<div class=\"ez-toc-title-container\">\n<p class=\"ez-toc-title \" >Menu de navega&ccedil;&atilde;o<\/p>\n<span class=\"ez-toc-title-toggle\"><a href=\"#\" class=\"ez-toc-pull-right ez-toc-btn ez-toc-btn-xs ez-toc-btn-default ez-toc-toggle\" aria-label=\"Toggle Table of Content\"><span class=\"ez-toc-js-icon-con\"><span class=\"\"><span class=\"eztoc-hide\" style=\"display:none;\">Toggle<\/span><span class=\"ez-toc-icon-toggle-span\"><svg style=\"fill: #999;color:#999\" xmlns=\"http:\/\/www.w3.org\/2000\/svg\" class=\"list-377408\" width=\"20px\" height=\"20px\" viewBox=\"0 0 24 24\" fill=\"none\"><path d=\"M6 6H4v2h2V6zm14 0H8v2h12V6zM4 11h2v2H4v-2zm16 0H8v2h12v-2zM4 16h2v2H4v-2zm16 0H8v2h12v-2z\" fill=\"currentColor\"><\/path><\/svg><svg style=\"fill: #999;color:#999\" class=\"arrow-unsorted-368013\" xmlns=\"http:\/\/www.w3.org\/2000\/svg\" width=\"10px\" height=\"10px\" viewBox=\"0 0 24 24\" version=\"1.2\" baseProfile=\"tiny\"><path d=\"M18.2 9.3l-6.2-6.3-6.2 6.3c-.2.2-.3.4-.3.7s.1.5.3.7c.2.2.4.3.7.3h11c.3 0 .5-.1.7-.3.2-.2.3-.5.3-.7s-.1-.5-.3-.7zM5.8 14.7l6.2 6.3 6.2-6.3c.2-.2.3-.5.3-.7s-.1-.5-.3-.7c-.2-.2-.4-.3-.7-.3h-11c-.3 0-.5.1-.7.3-.2.2-.3.5-.3.7s.1.5.3.7z\"\/><\/svg><\/span><\/span><\/span><\/a><\/span><\/div>\n<nav><ul class='ez-toc-list ez-toc-list-level-1 ' ><li class='ez-toc-page-1 ez-toc-heading-level-2'><a class=\"ez-toc-link ez-toc-heading-1\" href=\"https:\/\/www.editorasolucao.com.br\/blog\/concurso\/guarda-de-santo-andre-sp\/#Inscricoes_do_Concurso_de_Santo_Andre_%E2%80%93_SP\" title=\"Inscri\u00e7\u00f5es do Concurso de Santo Andr\u00e9 \u2013 SP\">Inscri\u00e7\u00f5es do Concurso de Santo Andr\u00e9 \u2013 SP<\/a><\/li><li class='ez-toc-page-1 ez-toc-heading-level-2'><a class=\"ez-toc-link ez-toc-heading-2\" href=\"https:\/\/www.editorasolucao.com.br\/blog\/concurso\/guarda-de-santo-andre-sp\/#Quem_pode_participar_do_Concurso_Guarda_Municipal_de_Santo_Andre_%E2%80%93_SP\" title=\"Quem pode participar do Concurso Guarda Municipal de Santo Andr\u00e9 \u2013 SP?\">Quem pode participar do Concurso Guarda Municipal de Santo Andr\u00e9 \u2013 SP?<\/a><\/li><li class='ez-toc-page-1 ez-toc-heading-level-2'><a class=\"ez-toc-link ez-toc-heading-3\" href=\"https:\/\/www.editorasolucao.com.br\/blog\/concurso\/guarda-de-santo-andre-sp\/#Quais_sao_os_requisitos_basicos_para_a_investidura_no_cargo_de_Guarda_Civil_Municipal_da_Prefeitura_de_Santo_Andre\" title=\"Quais s\u00e3o os requisitos b\u00e1sicos para a investidura no cargo de Guarda Civil Municipal da Prefeitura de Santo Andr\u00e9?\">Quais s\u00e3o os requisitos b\u00e1sicos para a investidura no cargo de Guarda Civil Municipal da Prefeitura de Santo Andr\u00e9?<\/a><\/li><li class='ez-toc-page-1 ez-toc-heading-level-2'><a class=\"ez-toc-link ez-toc-heading-4\" href=\"https:\/\/www.editorasolucao.com.br\/blog\/concurso\/guarda-de-santo-andre-sp\/#Como_serao_as_provas_do_Concurso_Guarda_de_Santo_Andre_%E2%80%93_SP\" title=\"Como ser\u00e3o as provas do Concurso Guarda de Santo Andr\u00e9 \u2013 SP?\">Como ser\u00e3o as provas do Concurso Guarda de Santo Andr\u00e9 \u2013 SP?<\/a><\/li><\/ul><\/nav><\/div>\n<h2 class=\"wp-block-heading\"><span class=\"ez-toc-section\" id=\"Inscricoes_do_Concurso_de_Santo_Andre_%E2%80%93_SP\"><\/span>Inscri\u00e7\u00f5es do Concurso de Santo Andr\u00e9 \u2013 SP<span class=\"ez-toc-section-end\"><\/span><\/h2>\n\n\n\n<p>As inscri\u00e7\u00f5es dever\u00e3o ser efetuadas atrav\u00e9s do site da banca organizadora <a rel=\"noreferrer noopener\" aria-label=\"Funda\u00e7\u00e3o Vunesp (abre em uma nova aba)\" href=\"https:\/\/www.vunesp.com.br\/PMSD1901\" target=\"_blank\">Funda\u00e7\u00e3o Vunesp<\/a>, a partir das\u00a0<strong>10 horas do dia 22 de setembro de 2020 at\u00e9 \u00e0s 23h59 do dia 06 de novembro de 2020<\/strong>. Ser\u00e1 cobrada uma taxa de inscri\u00e7\u00e3o no valor de\u00a0<strong>R$ 65,00<\/strong>. <\/p>\n\n\n\n<h2 class=\"wp-block-heading\"><span class=\"ez-toc-section\" id=\"Quem_pode_participar_do_Concurso_Guarda_Municipal_de_Santo_Andre_%E2%80%93_SP\"><\/span>Quem pode participar do Concurso Guarda Municipal de Santo Andr\u00e9 \u2013 SP?<span class=\"ez-toc-section-end\"><\/span><\/h2>\n\n\n\n<p>S\u00e3o ofertadas <strong>30 vagas<\/strong> imediatas para candidatos de <strong>n\u00edvel M\u00e9dio<\/strong>, sendo <strong>10 oportunidades para o sexo feminino e 20 para o masculino<\/strong>. O vencimento inicial \u00e9 de <strong>R$ 2.692,46<\/strong> como jornada de trabalho de 40 horas semanais, de acordo com a necessidade da Administra\u00e7\u00e3o P\u00fablica, ser em regime de plant\u00e3o de 12 (doze) horas trabalhadas por 36 (trinta e seis) horas de descanso, em turnos de revezamento.<\/p>\n\n\n\n<p>A Prefeitura oferece <strong>benef\u00edcios <\/strong>como adicional de periculosidade (30% sobre os vencimentos do cargo), refei\u00e7\u00e3o fornecida no local de trabalho, conv\u00eanio m\u00e9dico, aux\u00edlio-transporte, aux\u00edlio-bab\u00e1 ou creche, licen\u00e7a-pr\u00eamio por tempo de servi\u00e7o e gratifica\u00e7\u00e3o bienal por tempo de servi\u00e7o.<\/p>\n\n\n\n<h2 class=\"wp-block-heading\"><span class=\"ez-toc-section\" id=\"Quais_sao_os_requisitos_basicos_para_a_investidura_no_cargo_de_Guarda_Civil_Municipal_da_Prefeitura_de_Santo_Andre\"><\/span>Quais s\u00e3o os requisitos b\u00e1sicos para a investidura no cargo de Guarda Civil Municipal da Prefeitura de Santo Andr\u00e9?<span class=\"ez-toc-section-end\"><\/span><\/h2>\n\n\n\n<p>Saiba quais s\u00e3o as exig\u00eancias para que o candidato tome posse dos cargos ofertados:<\/p>\n\n\n\n<ul><li>Ser brasileiro nato ou naturalizado, ou cidad\u00e3o portugu\u00eas a quem foi concedida igualdade nas condi\u00e7\u00f5es previstas no artigo 12, inciso II, \u00a7 1\u00ba, da Constitui\u00e7\u00e3o Federal de 1988; <\/li><li> Em caso de nacionalidade portuguesa, o candidato dever\u00e1 estar amparado pelo Estatuto de Igualdade entre brasileiros e portugueses, com reconhecimento de gozo de direitos pol\u00edticos, nos termos do Decreto n\u00ba 70.436\/72; <\/li><li> Estar no gozo dos seus direitos pol\u00edticos; <\/li><li> Possuir, no m\u00ednimo, 18 (dezoito) anos de idade completos e, no m\u00e1ximo, 35 (trinta e cinco) anos completos quando da data da posse, conforme disposto na Lei Municipal n\u00ba 10.037\/2017 (Estatuto da Guarda Civil Municipal de Santo Andr\u00e9); <\/li><li> Estar em dia com as obriga\u00e7\u00f5es eleitorais; <\/li><li> Possuir e comprovar escolaridade e os demais requisitos exigidos para o cargo pretendido na data da posse (conforme disposto no Edital); <\/li><li> Se do sexo masculino, estar em dia com as obriga\u00e7\u00f5es militares; <\/li><li> N\u00e3o registrar antecedentes criminais ou, no caso destes, ter cumprido integralmente as penas cominadas. No ato da convoca\u00e7\u00e3o para a posse o candidato dever\u00e1 entregar Atestado Negativo de Antecedentes Criminais (comprovando estar em pleno exerc\u00edcio de seus direitos civis e pol\u00edticos). Na eventualidade de constar \u201cpositivo\u201d (nesse Atestado de Antecedentes Criminais) o candidato dever\u00e1 entregar, ainda, folha de antecedentes da Pol\u00edcia Federal e da Pol\u00edcia dos Estados (UFs) onde tenha residido nos \u00faltimos cinco anos. Essa(s) folha(s) de antecedente(s) dever\u00e1(r\u00e3o) estar expedida(s) h\u00e1, no m\u00e1ximo, seis meses, respeitando-se o prazo de validade descrito na pr\u00f3pria certid\u00e3o, quando houver. Dever\u00e1 ser entregue, tamb\u00e9m, qualquer outro documento que venha a ser solicitado pelo DRH (Departamento de Recursos Humanos), da Prefeitura Municipal de Santo Andr\u00e9; <\/li><li> N\u00e3o ter sido demitido por justa causa por ato de improbidade no servi\u00e7o p\u00fablico (federal e\/ou estadual e\/ou municipal); <\/li><li> N\u00e3o ter sido demitido a bem do servi\u00e7o p\u00fablico, mediante decis\u00e3o transitada em julgado; <\/li><li> Ter a idoneidade moral comprovada por investiga\u00e7\u00e3o social e certid\u00f5es expedidas pelo Poder Judici\u00e1rio estadual, federal e\/ou distrital (Lei Municipal n\u00ba 10.037\/2017 \u2013 Estatuto da Guarda Civil Municipal e Decreto Municipal n\u00ba 17.238\/2019); <\/li><li> Comprovar aptid\u00e3o f\u00edsica, mental e psicol\u00f3gica (Lei Municipal n\u00ba 10.037\/2017 \u2013 Estatuto da Guarda Civil Municipal); <\/li><li> Possuir Carteira Nacional de Habilita\u00e7\u00e3o (CNH), categorias A\/B, B ou superior (Lei Municipal n\u00ba 10.037\/2017 \u2013 Estatuto da Guarda Civil Municipal); <\/li><li> Possuir altura m\u00ednima que ser\u00e1 aferida na data da aplica\u00e7\u00e3o da prova de aptid\u00e3o f\u00edsica (Lei Municipal n\u00ba 10.037\/2017 \u2013 Estatuto da Guarda Civil Municipal), a saber: <\/li><li> de 1,68 metros para homens; <\/li><li> e 1,60 metros para mulheres.<\/li><\/ul>\n\n\n\n<p><\/p>\n\n\n\n<p style=\"text-align:center\"><strong><a href=\"https:\/\/www.editorasolucao.com.br\/apostila-solucao\/impresso\/apostila-prefeitura-santo-andre-sp-guarda-civil-municipal-feminino-masculino\" target=\"_blank\" rel=\"noreferrer noopener\">Estude com a Apostila Prefeitura de Santo Andr\u00e9-SP e parcele SEM JUROS<\/a><\/strong><\/p>\n\n\n\n<h2 class=\"wp-block-heading\"><span class=\"ez-toc-section\" id=\"Como_serao_as_provas_do_Concurso_Guarda_de_Santo_Andre_%E2%80%93_SP\"><\/span>Como ser\u00e3o as provas do Concurso Guarda de Santo Andr\u00e9 \u2013 SP?<span class=\"ez-toc-section-end\"><\/span><\/h2>\n\n\n\n<p>O certame ser\u00e1 composto por <strong>seis etapas<\/strong>, sendo elas:<\/p>\n\n\n\n<ul><li><strong>Prova Objetiva e Reda\u00e7\u00e3o<\/strong>, de car\u00e1ter eliminat\u00f3rio e classificat\u00f3rio;<\/li><li> <strong>Teste Antropom\u00e9trico e Prova de Aptid\u00e3o F\u00edsica<\/strong>, de car\u00e1ter apenas classificat\u00f3rio;<\/li><li> <strong>Exame Toxicol\u00f3gico<\/strong>, de car\u00e1ter eliminat\u00f3rio;<\/li><li> <strong>Exame Psicol\u00f3gico para Porte de Arma de Fogo<\/strong>, de car\u00e1ter eliminat\u00f3rio;<\/li><li> <strong>Investiga\u00e7\u00e3o Social<\/strong>, de car\u00e1ter eliminat\u00f3rio; e <\/li><li> <strong>Curso de Forma\u00e7\u00e3o<\/strong>, de car\u00e1ter eliminat\u00f3rio.<\/li><\/ul>\n\n\n\n<h4 class=\"wp-block-heading\">Prova Objetiva<\/h4>\n\n\n\n<p>A <strong>Prova Objetiva<\/strong> ainda <strong>n\u00e3o tem data prevista para realiza\u00e7\u00e3o<\/strong>. O exame contar\u00e1 com <strong>40 quest\u00f5es de m\u00faltipla escolha<\/strong>. As disciplinas que versar\u00e3o as provas ser\u00e3o:<\/p>\n\n\n\n<ul><li>L\u00edngua Portuguesa \u2013 05 quest\u00f5es;<\/li><li> Racioc\u00ednio L\u00f3gico-Matem\u00e1tico \u2013 05 quest\u00f5es;<\/li><li> Atualidades \u2013 05 quest\u00f5es;<\/li><li> No\u00e7\u00f5es de Inform\u00e1tica \u2013 05 quest\u00f5es;<\/li><li> Conhecimentos Espec\u00edficos \u2013 20 quest\u00f5es.<\/li><\/ul>\n\n\n\n<h4 class=\"wp-block-heading\">Prova de Reda\u00e7\u00e3o <\/h4>\n\n\n\n<p>Na <strong>Prova de Reda\u00e7\u00e3o<\/strong>, espera-se que o candidato produza uma disserta\u00e7\u00e3o em prosa na norma-padr\u00e3o da l\u00edngua portuguesa, a partir da leitura de textos auxiliares, que servem como um referencial para ampliar os argumentos produzidos pelo pr\u00f3prio candidato. Ele dever\u00e1 demonstrar dom\u00ednio dos mecanismos de coes\u00e3o e coer\u00eancia textual, considerando a import\u00e2ncia de apresentar um texto bem articulado.<\/p>\n\n\n\n<h4 class=\"wp-block-heading\">Teste Antropom\u00e9trico e Prova de Aptid\u00e3o F\u00edsica<\/h4>\n\n\n\n<p>O <strong>Teste de Aptid\u00e3o F\u00edsica (TAF)<\/strong>, ter\u00e1 as seguintes formas de avalia\u00e7\u00e3o:<\/p>\n\n\n\n<ul><li> Flexo-extens\u00e3o de cotovelos sobre o solo em apoio no banco, para as candidatas do sexo feminino;<\/li><li> Flexo-extens\u00e3o de cotovelos em apoio de frente sobre o solo, para os candidatos do sexo masculino;<\/li><li> Resist\u00eancia abdominal;<\/li><li> Corrida de 50 metros;<\/li><li> Corrida em 12 minutos.<\/li><\/ul>\n\n\n\n<h4 class=\"wp-block-heading\">Exame Toxicol\u00f3gico<\/h4>\n\n\n\n<p>Essa etapa compreender\u00e1 a entrega, pelos candidatos, de resultados de exames a serem providenciados \u00e0s suas expensas, a saber: exames toxicol\u00f3gicos: com laudo, para a detec\u00e7\u00e3o de drogas de uso il\u00edcito, a partir de amostras de materiais biol\u00f3gicos (cabelos, pelos ou raspas de unhas), doados pelos candidatos, com janela de detec\u00e7\u00e3o m\u00ednima de 180 (cento e oitenta) dias, abrangendo, pelo menos, os seguintes grupos de drogas: coca\u00edna e derivados; maconha e derivados; metanfetaminas; anfetaminas; ecstasy (MDMA e MDA); opi\u00e1ceos e derivados; peniciclidina (PCP) e outras.<\/p>\n\n\n\n<h4 class=\"wp-block-heading\">Exame Psicol\u00f3gico para Porte de Arma de Fogo<\/h4>\n\n\n\n<p>O <strong>Exame Psicol\u00f3gico<\/strong> para porte de arma de fogo levar\u00e1 em conta as caracter\u00edsticas especiais que o cargo exige e destinar-se-\u00e1 a verificar a capacidade do candidato para utilizar as fun\u00e7\u00f5es psicol\u00f3gicas necess\u00e1rias ao desempenho do cargo, nas condi\u00e7\u00f5es atuais oferecidas pela Prefeitura Municipal de Santo Andr\u00e9. Essa verifica\u00e7\u00e3o consistir\u00e1 na aplica\u00e7\u00e3o de instrumentos que possibilitam avaliar as caracter\u00edsticas de personalidade e habilidades cognitivas, consoante \u00e0 legisla\u00e7\u00e3o em vigor, respeitando os que regulamentam esta modalidade de avalia\u00e7\u00e3o, tais como: a Pol\u00edcia Federal, o Conselho Federal de Psicologia e legisla\u00e7\u00f5es pertinentes, a fim de constatar a exist\u00eancia de fatores considerados imprescind\u00edveis ao bom desempenho das atribui\u00e7\u00f5es do cargo.<\/p>\n\n\n\n<h4 class=\"wp-block-heading\">Investiga\u00e7\u00e3o Social <\/h4>\n\n\n\n<p>A <strong>Investiga\u00e7\u00e3o Social<\/strong> tem a finalidade de apurar a conduta social do candidato, de forma minuciosa, a fim de se propiciar o ingresso, na carreira da Guarda Civil Municipal, de pessoas com bons antecedentes e condutas sociais compat\u00edveis com o cargo p\u00fablico. Sua an\u00e1lise ser\u00e1 processada pela Corregedoria da Guarda Civil Municipal de Santo Andr\u00e9, nos termos definidos no presente e no Futuro edital de convoca\u00e7\u00e3o para esta etapa.<\/p>\n\n\n\n<h4 class=\"wp-block-heading\">Curso de Forma\u00e7\u00e3o <\/h4>\n\n\n\n<p>O <strong>Curso de Forma\u00e7\u00e3o<\/strong> ter\u00e1 carga hor\u00e1ria m\u00ednima de<strong> 600 horas<\/strong>, n\u00e3o podendo exceder <strong>40 horas semanais<\/strong>. O candidato dever\u00e1 concluir o curso com frequ\u00eancia m\u00ednima de <strong>90%<\/strong>.<\/p>\n\n\n\n<p>A avalia\u00e7\u00e3o final do curso ter\u00e1 <strong>100 quest\u00f5es de m\u00faltipla escolha<\/strong>, devendo o candidato acertar, pelo menos,<strong> 60% das quest\u00f5es<\/strong>.<\/p>\n\n\n\n<p>Conferiu todo o texto? Deseja fazer o certame? Ent\u00e3o comece a se preparar com as <strong>Apostilas Solu\u00e7\u00e3o<\/strong> e tenha um resultado positivo! <strong>Bons estudos e boa prova!!!<\/strong><\/p>\n\n\n\n<p style=\"text-align:center\"><strong><a href=\"https:\/\/www.editorasolucao.com.br\/apostila-solucao\/impresso\/apostila-prefeitura-santo-andre-sp-guarda-civil-municipal-feminino-masculino\" target=\"_blank\" rel=\"noreferrer noopener\">Estude com a Apostila Prefeitura de Santo Andr\u00e9-SP e parcele SEM JUROS<\/a><\/strong><\/p>\n","protected":false},"excerpt":{"rendered":"<p>Foi divulgado o Edital do Concurso Guarda de Santo Andr\u00e9, no estado de S\u00e3o Paulo. S\u00e3o oferecidas 30 vagas, sendo 10 para mulheres e 20 para homens, com iniciais de R$ 2,6 mil. Confira os detalhes do certame ao decorrer do texto. Estude com a Apostila Prefeitura de Santo Andr\u00e9-SP e parcele SEM JUROS Inscri\u00e7\u00f5es do Concurso de Santo Andr\u00e9 \u2013 SP As inscri\u00e7\u00f5es dever\u00e3o ser efetuadas atrav\u00e9s do site da banca organizadora Funda\u00e7\u00e3o Vunesp, a partir das\u00a010 horas do dia 22 de setembro de 2020 at\u00e9 \u00e0s 23h59 do dia 06 de novembro de 2020. Ser\u00e1 cobrada uma taxa&#8230;<\/p>\n","protected":false},"author":7,"featured_media":7710,"template":"","meta":{"_acf_changed":false,"rank_math_lock_modified_date":false},"categories":[],"tags":[],"acf":[],"_links":{"self":[{"href":"https:\/\/www.editorasolucao.com.br\/blog\/wp-json\/wp\/v2\/concurso\/7708"}],"collection":[{"href":"https:\/\/www.editorasolucao.com.br\/blog\/wp-json\/wp\/v2\/concurso"}],"about":[{"href":"https:\/\/www.editorasolucao.com.br\/blog\/wp-json\/wp\/v2\/types\/concurso"}],"author":[{"embeddable":true,"href":"https:\/\/www.editorasolucao.com.br\/blog\/wp-json\/wp\/v2\/users\/7"}],"wp:featuredmedia":[{"embeddable":true,"href":"https:\/\/www.editorasolucao.com.br\/blog\/wp-json\/wp\/v2\/media\/7710"}],"wp:attachment":[{"href":"https:\/\/www.editorasolucao.com.br\/blog\/wp-json\/wp\/v2\/media?parent=7708"}],"wp:term":[{"taxonomy":"category","embeddable":true,"href":"https:\/\/www.editorasolucao.com.br\/blog\/wp-json\/wp\/v2\/categories?post=7708"},{"taxonomy":"post_tag","embeddable":true,"href":"https:\/\/www.editorasolucao.com.br\/blog\/wp-json\/wp\/v2\/tags?post=7708"}],"curies":[{"name":"wp","href":"https:\/\/api.w.org\/{rel}","templated":true}]}}