{"id":7768,"date":"2024-02-15T08:00:00","date_gmt":"2024-02-15T11:00:00","guid":{"rendered":"https:\/\/www.editorasolucao.com.br\/blog\/?post_type=concurso&#038;p=7768"},"modified":"2024-04-24T12:19:33","modified_gmt":"2024-04-24T15:19:33","slug":"prefeitura-de-aparecida-sp","status":"publish","type":"concurso","link":"https:\/\/www.editorasolucao.com.br\/blog\/concurso\/prefeitura-de-aparecida-sp","title":{"rendered":"Concurso Prefeitura de Aparecida SP: Edital aberto. 159 vagas!"},"content":{"rendered":"\n<p>Foi divulgado o edital do concurso Prefeitura de Aparecida, no estado de S\u00e3o Paulo, que oferece 159 vagas para candidatos de <strong>todos os n\u00edveis de escolaridade<\/strong>, com sal\u00e1rios que chegam a R$ 6.453,00. Se interessa pelo certame? Fique e confira os demais detalhes no decorrer da not\u00edcia. \ud83e\udd29<\/p>\n\n\n\n<div id=\"ez-toc-container\" class=\"ez-toc-v2_0_69_1 counter-hierarchy ez-toc-counter ez-toc-grey ez-toc-container-direction\">\n<div class=\"ez-toc-title-container\">\n<p class=\"ez-toc-title \" >Menu de navega&ccedil;&atilde;o<\/p>\n<span class=\"ez-toc-title-toggle\"><a href=\"#\" class=\"ez-toc-pull-right ez-toc-btn ez-toc-btn-xs ez-toc-btn-default ez-toc-toggle\" aria-label=\"Toggle Table of Content\"><span class=\"ez-toc-js-icon-con\"><span class=\"\"><span class=\"eztoc-hide\" style=\"display:none;\">Toggle<\/span><span class=\"ez-toc-icon-toggle-span\"><svg style=\"fill: #999;color:#999\" xmlns=\"http:\/\/www.w3.org\/2000\/svg\" class=\"list-377408\" width=\"20px\" height=\"20px\" viewBox=\"0 0 24 24\" fill=\"none\"><path d=\"M6 6H4v2h2V6zm14 0H8v2h12V6zM4 11h2v2H4v-2zm16 0H8v2h12v-2zM4 16h2v2H4v-2zm16 0H8v2h12v-2z\" fill=\"currentColor\"><\/path><\/svg><svg style=\"fill: #999;color:#999\" class=\"arrow-unsorted-368013\" xmlns=\"http:\/\/www.w3.org\/2000\/svg\" width=\"10px\" height=\"10px\" viewBox=\"0 0 24 24\" version=\"1.2\" baseProfile=\"tiny\"><path d=\"M18.2 9.3l-6.2-6.3-6.2 6.3c-.2.2-.3.4-.3.7s.1.5.3.7c.2.2.4.3.7.3h11c.3 0 .5-.1.7-.3.2-.2.3-.5.3-.7s-.1-.5-.3-.7zM5.8 14.7l6.2 6.3 6.2-6.3c.2-.2.3-.5.3-.7s-.1-.5-.3-.7c-.2-.2-.4-.3-.7-.3h-11c-.3 0-.5.1-.7.3-.2.2-.3.5-.3.7s.1.5.3.7z\"\/><\/svg><\/span><\/span><\/span><\/a><\/span><\/div>\n<nav><ul class='ez-toc-list ez-toc-list-level-1 ' ><li class='ez-toc-page-1 ez-toc-heading-level-2'><a class=\"ez-toc-link ez-toc-heading-1\" href=\"https:\/\/www.editorasolucao.com.br\/blog\/concurso\/prefeitura-de-aparecida-sp\/#Como_serao_as_inscricoes_do_concurso_Aparecida\" title=\"Como ser\u00e3o as inscri\u00e7\u00f5es do concurso Aparecida?\">Como ser\u00e3o as inscri\u00e7\u00f5es do concurso Aparecida?<\/a><\/li><li class='ez-toc-page-1 ez-toc-heading-level-2'><a class=\"ez-toc-link ez-toc-heading-2\" href=\"https:\/\/www.editorasolucao.com.br\/blog\/concurso\/prefeitura-de-aparecida-sp\/#Cargos_vagas_e_salarios_do_concurso_Prefeitura_de_Aparecida-SP\" title=\"Cargos, vagas e sal\u00e1rios do concurso Prefeitura de Aparecida-SP\">Cargos, vagas e sal\u00e1rios do concurso Prefeitura de Aparecida-SP<\/a><\/li><li class='ez-toc-page-1 ez-toc-heading-level-2'><a class=\"ez-toc-link ez-toc-heading-3\" href=\"https:\/\/www.editorasolucao.com.br\/blog\/concurso\/prefeitura-de-aparecida-sp\/#Quais_sao_os_requisitos_basicos_para_a_investidura_dos_cargos_do_concurso_de_Aparecida-SP\" title=\"Quais s\u00e3o os requisitos b\u00e1sicos para a investidura dos cargos do concurso de Aparecida-SP?\">Quais s\u00e3o os requisitos b\u00e1sicos para a investidura dos cargos do concurso de Aparecida-SP?<\/a><\/li><li class='ez-toc-page-1 ez-toc-heading-level-2'><a class=\"ez-toc-link ez-toc-heading-4\" href=\"https:\/\/www.editorasolucao.com.br\/blog\/concurso\/prefeitura-de-aparecida-sp\/#Como_sera_a_prova_do_concurso_Prefeitura_de_Aparecida_%E2%80%93_SP\" title=\"Como ser\u00e1 a prova do concurso Prefeitura de Aparecida \u2013 SP?\">Como ser\u00e1 a prova do concurso Prefeitura de Aparecida \u2013 SP?<\/a><\/li><\/ul><\/nav><\/div>\n<h2 class=\"wp-block-heading\" id=\"inscri\u00e7\u00f5es\"><span class=\"ez-toc-section\" id=\"Como_serao_as_inscricoes_do_concurso_Aparecida\"><\/span>Como ser\u00e3o as inscri\u00e7\u00f5es do concurso Aparecida?<span class=\"ez-toc-section-end\"><\/span><\/h2>\n\n\n\n<p>Os interessados em participar do certame j\u00e1 podem realizar as inscri\u00e7\u00f5es por meio do site da banca organizadora, <a href=\"https:\/\/www.vunesp.com.br\/PAPA2301\" target=\"_blank\" rel=\"noreferrer noopener\">Funda\u00e7\u00e3o Vunesp<\/a>, <strong>at\u00e9 o dia 21 de fevereiro de 2024<\/strong>. <\/p>\n\n\n\n<p>Para efetivar a inscri\u00e7\u00e3o \u00e9 necess\u00e1rio que o candidato efetue o pagamento de uma <strong>taxa <\/strong>no valor referente ao n\u00edvel de escolaridade do cargo pretendido:<\/p>\n\n\n\n<ul>\n<li>N\u00edvel fundamental: <strong>R$ 54,90<\/strong><\/li>\n\n\n\n<li>N\u00edvel m\u00e9dio: <strong>R$ 67,90<\/strong><\/li>\n\n\n\n<li>N\u00edvel superior: <strong>R$ 98,80<\/strong><\/li>\n<\/ul>\n\n\n\n<p>Houve a possibilidade de solicitar a <strong>isen\u00e7\u00e3o <\/strong>da taxa de participa\u00e7\u00e3o para os candidatos que se adequassem nos termos do edital. O per\u00edodo de solicita\u00e7\u00e3o j\u00e1 foi <strong>encerrado<\/strong>.<\/p>\n\n\n\n<h2 class=\"wp-block-heading\" id=\"cargos\"><span class=\"ez-toc-section\" id=\"Cargos_vagas_e_salarios_do_concurso_Prefeitura_de_Aparecida-SP\"><\/span>Cargos, vagas e sal\u00e1rios do concurso Prefeitura de Aparecida-SP<span class=\"ez-toc-section-end\"><\/span><\/h2>\n\n\n\n<p>Conforme o edital, ao todo est\u00e3o sendo ofertadas <strong>159 vagas imediatas<\/strong> para cargos de n\u00edveis de escolaridade, fundamental, m\u00e9dio, t\u00e9cnico e superior de escolaridade. Confira os cargos ofertados, a distribui\u00e7\u00e3o das vagas e os sal\u00e1rios:<\/p>\n\n\n\n<p><strong>Fundamental<\/strong> <strong>(incompleto e completo)<\/strong><\/p>\n\n\n\n<ul>\n<li><a href=\"https:\/\/www.editorasolucao.com.br\/apostila-solucao\/prefeitura-aparecida-sp-auxiliar-servicos-gerais\">Auxiliar de servi\u00e7os gerais<\/a> (06) \n<ul>\n<li>R$ 1.551,46<\/li>\n<\/ul>\n<\/li>\n\n\n\n<li>Calceteiro (01) \n<ul>\n<li>R$ 1.503,70<\/li>\n<\/ul>\n<\/li>\n\n\n\n<li>Controlador de acesso (01) \n<ul>\n<li>R$ 1.637,26<\/li>\n<\/ul>\n<\/li>\n\n\n\n<li>Cozinheiro (01) \n<ul>\n<li>R$ 1.551,46<\/li>\n<\/ul>\n<\/li>\n\n\n\n<li>Cuidador de aluno PCD (07) \n<ul>\n<li>R$ 1.551,46<\/li>\n<\/ul>\n<\/li>\n\n\n\n<li>Eletricista (01) \n<ul>\n<li>R$ 1.726,43<\/li>\n<\/ul>\n<\/li>\n\n\n\n<li>Faxineiro (03) \n<ul>\n<li>R$ 1.551,46<\/li>\n<\/ul>\n<\/li>\n\n\n\n<li>Jardineiro (01) \n<ul>\n<li>R$ 1.503,70<\/li>\n<\/ul>\n<\/li>\n\n\n\n<li>Mec\u00e2nico de autos (01) \n<ul>\n<li>R$ 1.726,43<\/li>\n<\/ul>\n<\/li>\n\n\n\n<li><a href=\"https:\/\/www.editorasolucao.com.br\/apostila-solucao\/prefeitura-aparecida-sp-motorista\">Motorista<\/a> (02) \n<ul>\n<li>R$ 1.637,26<\/li>\n<\/ul>\n<\/li>\n\n\n\n<li>Motorista operador (02) \n<ul>\n<li>R$ 1.726,43<\/li>\n<\/ul>\n<\/li>\n\n\n\n<li>Operador de m\u00e1quina pesada (01) \n<ul>\n<li>R$ 1.904,64<\/li>\n<\/ul>\n<\/li>\n\n\n\n<li>Pedreiro (01) \n<ul>\n<li>R$ 1.551,46<\/li>\n<\/ul>\n<\/li>\n\n\n\n<li>Pintor (01) \n<ul>\n<li>R$ 1.551,46<\/li>\n<\/ul>\n<\/li>\n\n\n\n<li>Servente (01) \n<ul>\n<li>R$ 1.503,70<\/li>\n<\/ul>\n<\/li>\n<\/ul>\n\n\n\n<p><strong>M\u00e9dio e t\u00e9cnico<\/strong><\/p>\n\n\n\n<ul>\n<li><a href=\"https:\/\/www.editorasolucao.com.br\/apostila-solucao\/prefeitura-aparecida-sp-agente-comunitario-saude\">Agente comunit\u00e1rio de sa\u00fade<\/a> (02) \n<ul>\n<li>R$ 2.640,00<\/li>\n<\/ul>\n<\/li>\n\n\n\n<li>Almoxarife (01) \n<ul>\n<li>R$ 1.805,81<\/li>\n<\/ul>\n<\/li>\n\n\n\n<li><a href=\"https:\/\/www.editorasolucao.com.br\/apostila-solucao\/prefeitura-aparecida-sp-assistente-administrativo\">Assistente Administrativo<\/a> (08) \n<ul>\n<li>R$ 1.805,81<\/li>\n<\/ul>\n<\/li>\n\n\n\n<li>Auxiliar de creche (02) \n<ul>\n<li>R$ 1.805,81<\/li>\n<\/ul>\n<\/li>\n\n\n\n<li>Auxiliar de controle de frotas (01) \n<ul>\n<li>R$ 1.904,64<\/li>\n<\/ul>\n<\/li>\n\n\n\n<li>Auxiliar de recursos humanos  (01) \n<ul>\n<li>R$ 1.805,81 <\/li>\n<\/ul>\n<\/li>\n\n\n\n<li>Auxiliar de servi\u00e7os jur\u00eddicos (01) \n<ul>\n<li>R$ 1.805,81<\/li>\n<\/ul>\n<\/li>\n\n\n\n<li>Fiscal de posturas (01) \n<ul>\n<li>R$ 2.261,02<\/li>\n<\/ul>\n<\/li>\n\n\n\n<li>Inspetor de alunos (01) \n<ul>\n<li>R$ 1.551,46<\/li>\n<\/ul>\n<\/li>\n\n\n\n<li>Mestre de obras (01) \n<ul>\n<li>R$ 2.261,02<\/li>\n<\/ul>\n<\/li>\n\n\n\n<li>Padeiro (01) \n<ul>\n<li>R$ 1.805,81<\/li>\n<\/ul>\n<\/li>\n\n\n\n<li>Recepcionista (01) \n<ul>\n<li>R$ 1.551,46<\/li>\n<\/ul>\n<\/li>\n\n\n\n<li>Revisor cont\u00e1bil (01) \n<ul>\n<li>R$ 1.904,64<\/li>\n<\/ul>\n<\/li>\n\n\n\n<li>Secret\u00e1rio de escola (02) \n<ul>\n<li>R$ 1.904,64<\/li>\n<\/ul>\n<\/li>\n\n\n\n<li>T\u00e9cnico em tecnologia da informa\u00e7\u00e3o (01) \n<ul>\n<li>R$ 2.261,02<\/li>\n<\/ul>\n<\/li>\n<\/ul>\n\n\n\n<p><strong>Superior<\/strong><\/p>\n\n\n\n<ul>\n<li>Analista de compras e licita\u00e7\u00e3o (02) \n<ul>\n<li>R$ 4.475,99<\/li>\n<\/ul>\n<\/li>\n\n\n\n<li>Analista de contratos (01) \n<ul>\n<li>R$ 4.475,99<\/li>\n<\/ul>\n<\/li>\n\n\n\n<li>Analista de recursos humanos (01) \n<ul>\n<li>R$ 2.541,11<\/li>\n<\/ul>\n<\/li>\n\n\n\n<li>Analista em tecnologia da informa\u00e7\u00e3o (01) \n<ul>\n<li>R$ 5.399,07<\/li>\n<\/ul>\n<\/li>\n\n\n\n<li>Arquiteto (01) \n<ul>\n<li>R$ 4.475,99<\/li>\n<\/ul>\n<\/li>\n\n\n\n<li>Assistente social (01) \n<ul>\n<li>R$ 3.160,98<\/li>\n<\/ul>\n<\/li>\n\n\n\n<li>Assistente social educacional (01) \n<ul>\n<li>R$ 3.160,98<\/li>\n<\/ul>\n<\/li>\n\n\n\n<li>Auditor p\u00fablico (01) \n<ul>\n<li>R$ 4.502,15<\/li>\n<\/ul>\n<\/li>\n\n\n\n<li>Bibliotec\u00e1rio (01) \n<ul>\n<li>R$ 2.261,02<\/li>\n<\/ul>\n<\/li>\n\n\n\n<li>Contador (01) \n<ul>\n<li>R$ 5.399,07<\/li>\n<\/ul>\n<\/li>\n\n\n\n<li>Controlador interno (01) \n<ul>\n<li>R$ 4.502,15<\/li>\n<\/ul>\n<\/li>\n\n\n\n<li>Coordenador pedag\u00f3gico (10) \n<ul>\n<li>R$ 4.045,84<\/li>\n<\/ul>\n<\/li>\n\n\n\n<li>Diretor de escola (26) \n<ul>\n<li>R$ 6.022,80<\/li>\n<\/ul>\n<\/li>\n\n\n\n<li>Enfermeiro (01) \n<ul>\n<li>R$ 5.030,25<\/li>\n<\/ul>\n<\/li>\n\n\n\n<li>Engenheiro civil (01) \n<ul>\n<li>R$ 4.475,99<\/li>\n<\/ul>\n<\/li>\n\n\n\n<li>Engenheiro de tr\u00e1fego (01) \n<ul>\n<li>R$ 4.475,99<\/li>\n<\/ul>\n<\/li>\n\n\n\n<li>Engenheiro el\u00e9trico (01) \n<ul>\n<li>R$ 4.475,99<\/li>\n<\/ul>\n<\/li>\n\n\n\n<li>Engenheiro estrutural (01) \n<ul>\n<li>R$ 4.475,99<\/li>\n<\/ul>\n<\/li>\n\n\n\n<li>Farmac\u00eautico (02) \n<ul>\n<li>R$ 2.754,98<\/li>\n<\/ul>\n<\/li>\n\n\n\n<li>Fiscal tribut\u00e1rio (02) \n<ul>\n<li>R$ 2.754,98<\/li>\n<\/ul>\n<\/li>\n\n\n\n<li>Fisioterapeuta (01) \n<ul>\n<li>R$ 2.261,02<\/li>\n<\/ul>\n<\/li>\n\n\n\n<li>Fonoaudi\u00f3logo (01) \n<ul>\n<li>R$ 2.754,98<\/li>\n<\/ul>\n<\/li>\n\n\n\n<li>Jornalista (01) \n<ul>\n<li>R$ 3.980,00<\/li>\n<\/ul>\n<\/li>\n\n\n\n<li>M\u00e9dico (01) \n<ul>\n<li>R$ 69,25 hora<\/li>\n<\/ul>\n<\/li>\n\n\n\n<li>M\u00e9dico do trabalho (01) \n<ul>\n<li>R$ 69,25 hora<\/li>\n<\/ul>\n<\/li>\n\n\n\n<li>M\u00e9dico oftalmologista (01) \n<ul>\n<li>R$ 69,25 hora<\/li>\n<\/ul>\n<\/li>\n\n\n\n<li>M\u00e9dico pediatra (01) \n<ul>\n<li>R$ 69,25 hora<\/li>\n<\/ul>\n<\/li>\n\n\n\n<li>M\u00e9dico psiquiatra (01) \n<ul>\n<li>R$ 69,25 hora<\/li>\n<\/ul>\n<\/li>\n\n\n\n<li>Nutricionista (01) \n<ul>\n<li>R$ 2.754,98<\/li>\n<\/ul>\n<\/li>\n\n\n\n<li>Ouvidor municipal (01) \n<ul>\n<li>R$ 2.754,98<\/li>\n<\/ul>\n<\/li>\n\n\n\n<li>Procurador jur\u00eddico (CR) \n<ul>\n<li>R$ 6.156,21<\/li>\n<\/ul>\n<\/li>\n\n\n\n<li>Professor III &#8211; R$  24,77 hora\/aula\n<ul>\n<li>Educa\u00e7\u00e3o art\u00edstica (01)<\/li>\n\n\n\n<li>Ci\u00eancias (01)<\/li>\n\n\n\n<li>Educa\u00e7\u00e3o especial (01)<\/li>\n\n\n\n<li>Hist\u00f3ria (01)<\/li>\n\n\n\n<li>Geografia (01)<\/li>\n\n\n\n<li>Ingl\u00eas (01)<\/li>\n\n\n\n<li>Matem\u00e1tica (01)<\/li>\n\n\n\n<li>Portugu\u00eas (01)<\/li>\n\n\n\n<li>Educa\u00e7\u00e3o f\u00edsica (01)<\/li>\n\n\n\n<li>Nutri\u00e7\u00e3o (01)<\/li>\n\n\n\n<li>Turismo (01)<\/li>\n<\/ul>\n<\/li>\n\n\n\n<li>Professor I &#8211; Educa\u00e7\u00e3o infantil (01) \n<ul>\n<li>R$ 22,78 hora\/aula<\/li>\n<\/ul>\n<\/li>\n\n\n\n<li>Professor II \u2013 Ensino fundamental \u2013 Anos iniciais \u2013 Oficinas (01)  \n<ul>\n<li>R$ 22,78 hora\/aula<\/li>\n<\/ul>\n<\/li>\n\n\n\n<li>Professor II- Ensino fundamental \u2013 Anos iniciais (03) \n<ul>\n<li>R$ 22,78 hora\/aula<\/li>\n<\/ul>\n<\/li>\n\n\n\n<li>Professor de creche escolar (03) \n<ul>\n<li>R$ 4.420,55<\/li>\n<\/ul>\n<\/li>\n\n\n\n<li>Psic\u00f3logo educacional (01) \n<ul>\n<li>R$ 3.160,98<\/li>\n<\/ul>\n<\/li>\n\n\n\n<li>Supervisor de ensino (03) \n<ul>\n<li>R$ 6.453,00<\/li>\n<\/ul>\n<\/li>\n\n\n\n<li>Tesoureiro (01) \n<ul>\n<li>R$ 2.541,11<\/li>\n<\/ul>\n<\/li>\n\n\n\n<li>Vice-diretor de escola (12) \n<ul>\n<li>R$ 5.162,40<\/li>\n<\/ul>\n<\/li>\n<\/ul>\n\n\n\n<p>A jornada de trabalho varia entre 20 a 40 horas semanais, conforme o cargo pretendido pelo candidato. Al\u00e9m disso, os candidatos far\u00e3o jus aos seguintes <strong>benef\u00edcios<\/strong>:<\/p>\n\n\n\n<ul>\n<li>Aux\u00edlio-alimenta\u00e7\u00e3o;<\/li>\n\n\n\n<li>Vale-transporte.<\/li>\n<\/ul>\n\n\n\n<h2 class=\"wp-block-heading\" id=\"requisitos\"><span class=\"ez-toc-section\" id=\"Quais_sao_os_requisitos_basicos_para_a_investidura_dos_cargos_do_concurso_de_Aparecida-SP\"><\/span>Quais s\u00e3o os requisitos b\u00e1sicos para a investidura dos cargos do concurso de Aparecida-SP?<span class=\"ez-toc-section-end\"><\/span><\/h2>\n\n\n\n<p>Saiba quais s\u00e3o as <strong>exig\u00eancias <\/strong>do concurso Prefeitura de Aparecida para que o candidato tome posse dos cargos ofertados:<\/p>\n\n\n\n<ul>\n<li>Ter sido classificado neste Concurso P\u00fablico e considerado apto nos Exames M\u00e9dicos Admissionais;<\/li>\n\n\n\n<li>Possuir, no ato da nomea\u00e7\u00e3o, a escolaridade m\u00ednima exigida para o provimento do cargo, bem como os requisitos constantes no Item 2.1 do presente edital.<\/li>\n\n\n\n<li>No momento da nomea\u00e7\u00e3o, o candidato dever\u00e1 comprovar a escolaridade exigida em cada cargo, sendo exigida, no m\u00ednimo, a cola\u00e7\u00e3o de grau.<\/li>\n\n\n\n<li>Apresentar todos os documentos pessoais (RG, CPF e T\u00edtulo de Eleitor com comprovante de vota\u00e7\u00e3o para os eleitores que j\u00e1 votaram). Para os candidatos de sexo masculino, apresentar todos os documentos citados, mais o certificado de regularidade no servi\u00e7o militar, quando for o caso;<\/li>\n\n\n\n<li>Apresentar, atestado de antecedentes criminais, com prazo de expedi\u00e7\u00e3o n\u00e3o superior \u00e0 60 dias da data de sua nomea\u00e7\u00e3o.<\/li>\n\n\n\n<li>Estar em dia com o servi\u00e7o militar, se do sexo masculino;<\/li>\n\n\n\n<li><strong>Estar em dia com seus direitos pol\u00edticos e obriga\u00e7\u00f5es eleitorais;<\/strong><\/li>\n\n\n\n<li>Ter plena aptid\u00e3o f\u00edsica e mental e n\u00e3o ser portador de defici\u00eancia f\u00edsica incompat\u00edvel com os requisitos e atribui\u00e7\u00f5es para o pleno exerc\u00edcio do cargo, comprovada em inspe\u00e7\u00e3o realizada pela Medicina do Trabalho indicado pela Prefeitura Municipal de Aparecida;<\/li>\n\n\n\n<li>Os candidatos deficientes, se aprovados e classificados, ser\u00e3o submetidos a uma Junta M\u00e9dica Oficial para a verifica\u00e7\u00e3o da compatibilidade de sua defici\u00eancia para o exerc\u00edcio dos requisitos e atribui\u00e7\u00f5es do cargo, ao final ser\u00e1 considerado apto ou inapto para o cargo.<\/li>\n\n\n\n<li>N\u00e3o ter sofrido nenhuma condena\u00e7\u00e3o em virtude de crime contra a Administra\u00e7\u00e3o; N\u00e3o ter sido demitido por ato de improbidade \u201ca bem do servi\u00e7o p\u00fablico\u201d mediante decis\u00e3o transitada em julgado em qualquer esfera governamental;<\/li>\n\n\n\n<li><strong>Ter idade m\u00ednima de 18 anos completos na data de nomea\u00e7\u00e3o<\/strong>, n\u00e3o estar em idade da aposentadoria compuls\u00f3ria dos servidores p\u00fablicos e n\u00e3o ser aposentado por invalidez<\/li>\n\n\n\n<li>N\u00e3o possuir v\u00ednculo com qualquer \u00f3rg\u00e3o ou entidade da Administra\u00e7\u00e3o P\u00fablica que impossibilite acumula\u00e7\u00e3o de cargos, empregos e fun\u00e7\u00f5es, ressalvados os casos contidos nas al\u00edneas \u201ca\u201d, \u201cb\u201d e \u201cc\u201d, inc. XVI, do art. 37, da Constitui\u00e7\u00e3o Federal, inclusive no que concerne \u00e0 compatibilidade de hor\u00e1rios;<\/li>\n\n\n\n<li>A n\u00e3o comprova\u00e7\u00e3o de qualquer dos requisitos exigidos, importar\u00e1 na exclus\u00e3o do candidato do respectivo concurso.<\/li>\n<\/ul>\n\n\n\n<h2 class=\"wp-block-heading\" id=\"etapas\"><span class=\"ez-toc-section\" id=\"Como_sera_a_prova_do_concurso_Prefeitura_de_Aparecida_%E2%80%93_SP\"><\/span>Como ser\u00e1 a prova do concurso Prefeitura de Aparecida \u2013 SP?<span class=\"ez-toc-section-end\"><\/span><\/h2>\n\n\n\n<p>O certame ser\u00e1 composto pelas seguintes etapas de sele\u00e7\u00e3o:<\/p>\n\n\n\n<ul>\n<li><strong>Prova objetiva<\/strong> &#8211; de car\u00e1ter <em>eliminat\u00f3rio <\/em>e <em>classificat\u00f3rio<\/em><\/li>\n\n\n\n<li><strong>Prova de t\u00edtulos<\/strong> &#8211; de car\u00e1ter <em>classificat\u00f3rio<\/em><\/li>\n<\/ul>\n\n\n\n<h3 class=\"wp-block-heading\">Prova objetiva<\/h3>\n\n\n\n<p>Essa etapa est\u00e1 prevista para ser realizada no dia <strong>14 de abril de 2024<\/strong> no per\u00edodo da tarde, onde os candidatos ter\u00e3o o tempo m\u00e1ximo de 03 horas para realizar o exame.<\/p>\n\n\n\n<p>O n\u00famero de quest\u00f5es e as disciplinas variam de acordo com o cargo pretendido. Confira as disciplinas que versar\u00e3o a avalia\u00e7\u00e3o:<\/p>\n\n\n\n<ul>\n<li>Conhecimentos Gerais \n<ul>\n<li>L\u00edngua Portuguesa<\/li>\n\n\n\n<li>Matem\u00e1tica<\/li>\n\n\n\n<li>No\u00e7\u00f5es de Inform\u00e1tica<\/li>\n\n\n\n<li>Racioc\u00ednio L\u00f3gico<\/li>\n\n\n\n<li>Pol\u00edtica de Sa\u00fade<\/li>\n\n\n\n<li>Atualidades<\/li>\n<\/ul>\n<\/li>\n\n\n\n<li>Conhecimentos Pedag\u00f3gicos &amp; Legisla\u00e7\u00e3o<\/li>\n\n\n\n<li>Conhecimentos Espec\u00edficos<\/li>\n<\/ul>\n\n\n\n<p>A prova ser\u00e1 avaliada em uma escala de 0 a 100 pontos, sendo considerado <strong>aprovado <\/strong>o candidato que obtiver no m\u00ednimo 50 pontos.<\/p>\n\n\n\n<h3 class=\"wp-block-heading\">Prova de t\u00edtulos<\/h3>\n\n\n\n<p>Confira na tabela abaixo os t\u00edtulos que ser\u00e3o <strong>aceitos <\/strong>para a avalia\u00e7\u00e3o e sua respectiva pontua\u00e7\u00e3o:<\/p>\n\n\n\n<figure class=\"wp-block-image size-full\"><img loading=\"lazy\" decoding=\"async\" width=\"668\" height=\"139\" src=\"https:\/\/www.editorasolucao.com.br\/blog\/wp-content\/uploads\/2024\/02\/image-2.png\" alt=\"Tabela de t\u00edtulos referente ao Concurso Prefeitura de Aparecida.\" class=\"wp-image-39494\"\/><\/figure>\n\n\n\n<p>O prazo de <strong>validade <\/strong>deste Concurso P\u00fablico ser\u00e1 de 2 anos, contado da data da sua homologa\u00e7\u00e3o, podendo ser prorrogado, a crit\u00e9rio da Administra\u00e7\u00e3o, uma \u00fanica vez e por igual per\u00edodo.<\/p>\n\n\n\n<p><strong>Bons estudos e boa prova!!!<\/strong><\/p>\n","protected":false},"excerpt":{"rendered":"<p>Foi divulgado o edital do concurso Prefeitura de Aparecida, no estado de S\u00e3o Paulo, que oferece 159 vagas para candidatos de todos os n\u00edveis de escolaridade, com sal\u00e1rios que chegam a R$ 6.453,00. Se interessa pelo certame? Fique e confira os demais detalhes no decorrer da not\u00edcia. \ud83e\udd29 Como ser\u00e3o as inscri\u00e7\u00f5es do concurso Aparecida? Os interessados em participar do certame j\u00e1 podem realizar as inscri\u00e7\u00f5es por meio do site da banca organizadora, Funda\u00e7\u00e3o Vunesp, at\u00e9 o dia 21 de fevereiro de 2024. Para efetivar a inscri\u00e7\u00e3o \u00e9 necess\u00e1rio que o candidato efetue o pagamento de uma taxa no valor&#8230;<\/p>\n","protected":false},"author":18,"featured_media":39492,"template":"","meta":{"_acf_changed":false,"rank_math_lock_modified_date":false},"categories":[],"tags":[],"acf":[],"_links":{"self":[{"href":"https:\/\/www.editorasolucao.com.br\/blog\/wp-json\/wp\/v2\/concurso\/7768"}],"collection":[{"href":"https:\/\/www.editorasolucao.com.br\/blog\/wp-json\/wp\/v2\/concurso"}],"about":[{"href":"https:\/\/www.editorasolucao.com.br\/blog\/wp-json\/wp\/v2\/types\/concurso"}],"author":[{"embeddable":true,"href":"https:\/\/www.editorasolucao.com.br\/blog\/wp-json\/wp\/v2\/users\/18"}],"wp:featuredmedia":[{"embeddable":true,"href":"https:\/\/www.editorasolucao.com.br\/blog\/wp-json\/wp\/v2\/media\/39492"}],"wp:attachment":[{"href":"https:\/\/www.editorasolucao.com.br\/blog\/wp-json\/wp\/v2\/media?parent=7768"}],"wp:term":[{"taxonomy":"category","embeddable":true,"href":"https:\/\/www.editorasolucao.com.br\/blog\/wp-json\/wp\/v2\/categories?post=7768"},{"taxonomy":"post_tag","embeddable":true,"href":"https:\/\/www.editorasolucao.com.br\/blog\/wp-json\/wp\/v2\/tags?post=7768"}],"curies":[{"name":"wp","href":"https:\/\/api.w.org\/{rel}","templated":true}]}}