{"id":7924,"date":"2024-06-10T11:54:09","date_gmt":"2024-06-10T14:54:09","guid":{"rendered":"https:\/\/www.editorasolucao.com.br\/blog\/?post_type=concurso&#038;p=7924"},"modified":"2024-06-13T07:53:17","modified_gmt":"2024-06-13T10:53:17","slug":"prefeitura-de-sao-goncalo-do-para-mg","status":"publish","type":"concurso","link":"https:\/\/www.editorasolucao.com.br\/blog\/concurso\/prefeitura-de-sao-goncalo-do-para-mg","title":{"rendered":"Concurso Prefeitura de S\u00e3o Gon\u00e7alo do Par\u00e1: Edital publicado. 180 vagas!"},"content":{"rendered":"\n<p>Ol\u00e1, concurseiros! A Prefeitura de S\u00e3o Gon\u00e7alo do Par\u00e1, munic\u00edpio do estado de Minas Gerais, divulgou o edital do seu novo concurso que oferta <strong>180 vagas imediatas<\/strong> para cargos de todos os n\u00edveis de escolaridade. As remunera\u00e7\u00f5es iniciais chegam at\u00e9<strong> R$ 6 mil! <\/strong>Se interessou pelo certame? Venha saber mais!<\/p>\n\n\n\n<div id=\"ez-toc-container\" class=\"ez-toc-v2_0_69_1 counter-hierarchy ez-toc-counter ez-toc-grey ez-toc-container-direction\">\n<div class=\"ez-toc-title-container\">\n<p class=\"ez-toc-title \" >Menu de navega&ccedil;&atilde;o<\/p>\n<span class=\"ez-toc-title-toggle\"><a href=\"#\" class=\"ez-toc-pull-right ez-toc-btn ez-toc-btn-xs ez-toc-btn-default ez-toc-toggle\" aria-label=\"Toggle Table of Content\"><span class=\"ez-toc-js-icon-con\"><span class=\"\"><span class=\"eztoc-hide\" style=\"display:none;\">Toggle<\/span><span class=\"ez-toc-icon-toggle-span\"><svg style=\"fill: #999;color:#999\" xmlns=\"http:\/\/www.w3.org\/2000\/svg\" class=\"list-377408\" width=\"20px\" height=\"20px\" viewBox=\"0 0 24 24\" fill=\"none\"><path d=\"M6 6H4v2h2V6zm14 0H8v2h12V6zM4 11h2v2H4v-2zm16 0H8v2h12v-2zM4 16h2v2H4v-2zm16 0H8v2h12v-2z\" fill=\"currentColor\"><\/path><\/svg><svg style=\"fill: #999;color:#999\" class=\"arrow-unsorted-368013\" xmlns=\"http:\/\/www.w3.org\/2000\/svg\" width=\"10px\" height=\"10px\" viewBox=\"0 0 24 24\" version=\"1.2\" baseProfile=\"tiny\"><path d=\"M18.2 9.3l-6.2-6.3-6.2 6.3c-.2.2-.3.4-.3.7s.1.5.3.7c.2.2.4.3.7.3h11c.3 0 .5-.1.7-.3.2-.2.3-.5.3-.7s-.1-.5-.3-.7zM5.8 14.7l6.2 6.3 6.2-6.3c.2-.2.3-.5.3-.7s-.1-.5-.3-.7c-.2-.2-.4-.3-.7-.3h-11c-.3 0-.5.1-.7.3-.2.2-.3.5-.3.7s.1.5.3.7z\"\/><\/svg><\/span><\/span><\/span><\/a><\/span><\/div>\n<nav><ul class='ez-toc-list ez-toc-list-level-1 ' ><li class='ez-toc-page-1 ez-toc-heading-level-2'><a class=\"ez-toc-link ez-toc-heading-1\" href=\"https:\/\/www.editorasolucao.com.br\/blog\/concurso\/prefeitura-de-sao-goncalo-do-para-mg\/#Como_posso_me_inscrever_para_o_concurso_da_Prefeitura_de_Sao_Goncalo_do_Para\" title=\"Como posso me inscrever para o concurso da Prefeitura de S\u00e3o Gon\u00e7alo do Par\u00e1?&nbsp;\">Como posso me inscrever para o concurso da Prefeitura de S\u00e3o Gon\u00e7alo do Par\u00e1?&nbsp;<\/a><\/li><li class='ez-toc-page-1 ez-toc-heading-level-2'><a class=\"ez-toc-link ez-toc-heading-2\" href=\"https:\/\/www.editorasolucao.com.br\/blog\/concurso\/prefeitura-de-sao-goncalo-do-para-mg\/#Quais_vagas_estao_sendo_ofertadas\" title=\"Quais vagas est\u00e3o sendo ofertadas?&nbsp;\">Quais vagas est\u00e3o sendo ofertadas?&nbsp;<\/a><\/li><li class='ez-toc-page-1 ez-toc-heading-level-2'><a class=\"ez-toc-link ez-toc-heading-3\" href=\"https:\/\/www.editorasolucao.com.br\/blog\/concurso\/prefeitura-de-sao-goncalo-do-para-mg\/#Quais_os_requisitos_para_a_investidura_dos_cargos\" title=\"Quais os requisitos para a investidura dos cargos?&nbsp;\">Quais os requisitos para a investidura dos cargos?&nbsp;<\/a><\/li><li class='ez-toc-page-1 ez-toc-heading-level-2'><a class=\"ez-toc-link ez-toc-heading-4\" href=\"https:\/\/www.editorasolucao.com.br\/blog\/concurso\/prefeitura-de-sao-goncalo-do-para-mg\/#Como_posso_me_preparar_para_as_etapas_de_selecao_do_concurso_da_Prefeitura_de_Sao_Goncalo_do_Para\" title=\"Como posso me preparar para as etapas de sele\u00e7\u00e3o do concurso da Prefeitura de S\u00e3o Gon\u00e7alo do Par\u00e1?&nbsp;\">Como posso me preparar para as etapas de sele\u00e7\u00e3o do concurso da Prefeitura de S\u00e3o Gon\u00e7alo do Par\u00e1?&nbsp;<\/a><\/li><li class='ez-toc-page-1 ez-toc-heading-level-2'><a class=\"ez-toc-link ez-toc-heading-5\" href=\"https:\/\/www.editorasolucao.com.br\/blog\/concurso\/prefeitura-de-sao-goncalo-do-para-mg\/#Quando_foi_o_ultimo_concurso_da_Prefeitura_de_Sao_Goncalo_do_Para\" title=\"Quando foi o \u00faltimo concurso da Prefeitura de S\u00e3o Gon\u00e7alo do Par\u00e1?&nbsp;\">Quando foi o \u00faltimo concurso da Prefeitura de S\u00e3o Gon\u00e7alo do Par\u00e1?&nbsp;<\/a><\/li><\/ul><\/nav><\/div>\n<h2 class=\"wp-block-heading\"><span class=\"ez-toc-section\" id=\"Como_posso_me_inscrever_para_o_concurso_da_Prefeitura_de_Sao_Goncalo_do_Para\"><\/span>Como posso me inscrever para o concurso da Prefeitura de S\u00e3o Gon\u00e7alo do Par\u00e1?&nbsp;<span class=\"ez-toc-section-end\"><\/span><\/h2>\n\n\n\n<p>Os interessados pelo concurso da Prefeitura de S\u00e3o Gon\u00e7alo do Par\u00e1 dever\u00e3o se inscrever no per\u00edodo das<strong> 9h do dia 7 de agosto at\u00e9 \u00e0s 16h do dia 6 de setembro de 2024. <\/strong>As inscri\u00e7\u00f5es ser\u00e3o realizadas atrav\u00e9s do site da banca organizadora do certame. O<a href=\"https:\/\/novo.ibgpconcursos.com.br\/concurso.jsp?cod=454\" target=\"_blank\" rel=\"noopener\"> IBGP Concursos.<\/a>&nbsp;<\/p>\n\n\n\n<p>As taxas de inscri\u00e7\u00e3o variam de acordo com o n\u00edvel de escolaridade do cargo pretendido, sendo <strong>R$ 70,00<\/strong> para fundamental, <strong>R$ 80,00<\/strong> para m\u00e9dio\/t\u00e9cnico e <strong>R$ 100,00<\/strong> para superior.&nbsp;<\/p>\n\n\n\n<p>Para que sua inscri\u00e7\u00e3o seja homologada, o candidato deve efetuar o pagamento at\u00e9 dia<strong> 9 de setembro de 2024.&nbsp;<\/strong><\/p>\n\n\n\n<p>O candidato que n\u00e3o conseguir arcar com as taxas de inscri\u00e7\u00e3o, poder\u00e1 solicitar a isen\u00e7\u00e3o das mesmas entre os dias<strong> 7 a 9 de agosto de 2024.&nbsp;<\/strong><\/p>\n\n\n\n<h2 class=\"wp-block-heading\"><span class=\"ez-toc-section\" id=\"Quais_vagas_estao_sendo_ofertadas\"><\/span>Quais vagas est\u00e3o sendo ofertadas?&nbsp;<span class=\"ez-toc-section-end\"><\/span><\/h2>\n\n\n\n<p>A Prefeitura de S\u00e3o Gon\u00e7alo do Par\u00e1 est\u00e1 ofertando <strong>180 vagas imediatas <\/strong>para cargos de todos os n\u00edveis de escolaridade. Vamos conferir como essas vagas foram distribu\u00eddas?&nbsp;<\/p>\n\n\n\n<h4 class=\"wp-block-heading\"><a href=\"https:\/\/www.editorasolucao.com.br\/apostila\/prefeitura-sao-goncalo-para-mg-nivel-fundamental\" target=\"_blank\" rel=\"noreferrer noopener\">Fundamental<\/a><\/h4>\n\n\n\n<ul>\n<li>Auxiliar de Servi\u00e7os (18 vagas)\n<ul>\n<li>R$ 1.450,20<\/li>\n<\/ul>\n<\/li>\n\n\n\n<li>Oficial de Servi\u00e7os II (2 vagas)\n<ul>\n<li>R$ 1.826,83<\/li>\n<\/ul>\n<\/li>\n\n\n\n<li>Oper\u00e1rio Bra\u00e7al (13 vagas)\n<ul>\n<li>R$ 1.450,20<\/li>\n<\/ul>\n<\/li>\n\n\n\n<li>Auxiliar de Cozinha (CR)\n<ul>\n<li>R$ 1.566,22<\/li>\n<\/ul>\n<\/li>\n\n\n\n<li>Auxiliar de Limpeza da Educa\u00e7\u00e3o (12 vagas)\n<ul>\n<li>R$ 1.450,20<\/li>\n<\/ul>\n<\/li>\n\n\n\n<li>Motrista (8 vagas)\n<ul>\n<li>R$ 1.691,51<\/li>\n<\/ul>\n<\/li>\n\n\n\n<li>Operador de M\u00e1quinas (1 vaga)\n<ul>\n<li>R$ 2.684,22<\/li>\n<\/ul>\n<\/li>\n<\/ul>\n\n\n\n<h4 class=\"wp-block-heading\">M\u00e9dio e T\u00e9cnico<\/h4>\n\n\n\n<ul>\n<li><a href=\"https:\/\/www.editorasolucao.com.br\/apostila\/prefeitura-sao-goncalo-para-mg-agente-administrativo-i\" target=\"_blank\" rel=\"noreferrer noopener\">Agente Administrativo I (14 vagas)<\/a>\n<ul>\n<li>R$ 1.450,20<\/li>\n<\/ul>\n<\/li>\n\n\n\n<li>Almoxarife (1 vaga)\n<ul>\n<li>R$ 2.301,29<\/li>\n<\/ul>\n<\/li>\n\n\n\n<li>Auxiliar de Apoio da Educa\u00e7\u00e3o (12 vagas)\n<ul>\n<li>R$ 1.566,22<\/li>\n<\/ul>\n<\/li>\n\n\n\n<li>Auxiliar de Biblioteca (CR)\n<ul>\n<li>R$ 2.130,82<\/li>\n<\/ul>\n<\/li>\n\n\n\n<li>Auxiliar de Biblioteca Escolar (1 vaga)\n<ul>\n<li>R$ 2.130,82<\/li>\n<\/ul>\n<\/li>\n\n\n\n<li>Auxiliar de Consult\u00f3rio Dent\u00e1rio (2 vagas)\n<ul>\n<li>R$ 1.450,20<\/li>\n<\/ul>\n<\/li>\n\n\n\n<li>Auxiliar de Secretaria (2 vagas)\n<ul>\n<li>R$ 2.301,29<\/li>\n<\/ul>\n<\/li>\n\n\n\n<li>Entrevistador\/Digitador do Cad\u00danico (1 vaga)\n<ul>\n<li>R$ 1.691,51<\/li>\n<\/ul>\n<\/li>\n\n\n\n<li>Fiscal de Postura (1 vaga)\n<ul>\n<li>R$ 1.972,98<\/li>\n<\/ul>\n<\/li>\n\n\n\n<li>Fiscal Sanit\u00e1rio (1 vaga)\n<ul>\n<li>R$ 1.826,83<\/li>\n<\/ul>\n<\/li>\n\n\n\n<li>Motorista (2 vagas)\n<ul>\n<li>R$ 1.691,51<\/li>\n<\/ul>\n<\/li>\n\n\n\n<li>Orientador Social (1 vaga)\n<ul>\n<li>R$ 1.566,22<\/li>\n<\/ul>\n<\/li>\n\n\n\n<li>Professor de Inform\u00e1tica (2 vagas)\n<ul>\n<li>R$ 2.137,52<\/li>\n<\/ul>\n<\/li>\n\n\n\n<li>Recepcionista (2 vagas)\n<ul>\n<li>R$ 1.450,20<\/li>\n<\/ul>\n<\/li>\n\n\n\n<li>Assistente de Projetos e Presta\u00e7\u00e3o de Contas (1 vaga)\n<ul>\n<li>R$ 1.691,51<\/li>\n<\/ul>\n<\/li>\n\n\n\n<li>Auxiliar de Enfermagem (CR)\n<ul>\n<li>R$ 1.450,20<\/li>\n<\/ul>\n<\/li>\n\n\n\n<li>Monitor de Educa\u00e7\u00e3o Infantil e Ensino Fundamental (10 vagas)\n<ul>\n<li>R$ 2.493,20<\/li>\n<\/ul>\n<\/li>\n\n\n\n<li><a href=\"https:\/\/www.editorasolucao.com.br\/apostila\/prefeitura-sao-goncalo-para-mg-professor-ed-infantil-anos-iniciais\" target=\"_blank\" rel=\"noreferrer noopener\">Professor de Educa\u00e7\u00e3o Infantil e Anos Iniciais (25 vagas)<\/a>\n<ul>\n<li>R$ 2.692,66<\/li>\n<\/ul>\n<\/li>\n\n\n\n<li>T\u00e9cnico de Enfermagem (6 vagas)\n<ul>\n<li>R$ 3.381,34<\/li>\n<\/ul>\n<\/li>\n\n\n\n<li>T\u00e9cnico em Contabilidade (1 vaga)\n<ul>\n<li>R$ 3.381,34<\/li>\n<\/ul>\n<\/li>\n<\/ul>\n\n\n\n<h4 class=\"wp-block-heading\">Superior<\/h4>\n\n\n\n<ul>\n<li>Advogado Creas (1 vaga)\n<ul>\n<li>R$ 2.898,96<\/li>\n<\/ul>\n<\/li>\n\n\n\n<li>Assistente Social (4 vagas)\n<ul>\n<li>R$ 2.898,96<\/li>\n<\/ul>\n<\/li>\n\n\n\n<li>Assistente Social Cad\u00danico (CR)\n<ul>\n<li>R$ 2.898,96<\/li>\n<\/ul>\n<\/li>\n\n\n\n<li>Coordenador CRAS (1 vaga)\n<ul>\n<li>R$ 3.130,87<\/li>\n<\/ul>\n<\/li>\n\n\n\n<li>Coordenador Creas (1 vaga)\n<ul>\n<li>R$ 3.130,87<\/li>\n<\/ul>\n<\/li>\n\n\n\n<li>Coordenador Social do Servi\u00e7os de Conviv\u00eancia e Fortalecimento de V\u00ednculos (1 vaga)\n<ul>\n<li>R$ 2.684,22<\/li>\n<\/ul>\n<\/li>\n\n\n\n<li>Enfermeiro (3 vagas)\n<ul>\n<li>R$ 6.258,63<\/li>\n<\/ul>\n<\/li>\n\n\n\n<li>Engenheiro Civil (1 vaga)\n<ul>\n<li>R$ 3.130,87<\/li>\n<\/ul>\n<\/li>\n\n\n\n<li>Farmac\u00eautico (1 vaga)\n<ul>\n<li>R$ 3.944,00<\/li>\n<\/ul>\n<\/li>\n\n\n\n<li>Fisioterapeuta (1 vaga)\n<ul>\n<li>R$ 4.600,28<\/li>\n<\/ul>\n<\/li>\n\n\n\n<li>Fonoaudi\u00f3logo (1 vaga)\n<ul>\n<li>R$ 3.651,85<\/li>\n<\/ul>\n<\/li>\n\n\n\n<li>M\u00e9dico Veterin\u00e1rio (1 vaga)\n<ul>\n<li>R$ 3.381,34<\/li>\n<\/ul>\n<\/li>\n\n\n\n<li>Professor de Educa\u00e7\u00e3o F\u00edsica (3 vagas)\n<ul>\n<li>R$ 2.908,07<\/li>\n<\/ul>\n<\/li>\n\n\n\n<li>Professor de Ingl\u00eas (1 vaga)\n<ul>\n<li>R$ 2.908,07<\/li>\n<\/ul>\n<\/li>\n\n\n\n<li>Psic\u00f3logo &#8211; Assist\u00eancia Social (2 vagas)\n<ul>\n<li>R$ 2.898,96<\/li>\n<\/ul>\n<\/li>\n\n\n\n<li>Psic\u00f3logo &#8211; Educa\u00e7\u00e3o (2 vagas)\n<ul>\n<li>R$ 3.651,85<\/li>\n<\/ul>\n<\/li>\n\n\n\n<li>Psic\u00f3logo &#8211; Sa\u00fade (2 vagas)\n<ul>\n<li>R$ 3.651,85<\/li>\n<\/ul>\n<\/li>\n\n\n\n<li>Secret\u00e1rio Executivo dos Conselhos Municipais (1 vaga)\n<ul>\n<li>R$ 2.485,39<\/li>\n<\/ul>\n<\/li>\n\n\n\n<li>Supervisor Prote\u00e7\u00e3o Social B\u00e1sica (1 vaga)\n<ul>\n<li>R$ 2.485,39<\/li>\n<\/ul>\n<\/li>\n\n\n\n<li>T\u00e9cnico de Ensino Superior (CR)\n<ul>\n<li>R$ 2.684,22<\/li>\n<\/ul>\n<\/li>\n\n\n\n<li>Monitor de Apoio da Educa\u00e7\u00e3o Infantil, Inclusiva e Especial (9 vagas)\n<ul>\n<li>R$ 2.493,20<\/li>\n<\/ul>\n<\/li>\n\n\n\n<li>Supervisor Pedag\u00f3gico (4 vagas)\n<ul>\n<li>R$ 3.663,33<\/li>\n<\/ul>\n<\/li>\n<\/ul>\n\n\n\n<p>Os candidatos aprovados e admitidos no concurso dever\u00e3o cumprir uma jornada de trabalho que pode variar entre<strong> 30, 40 ou 44 horas semanais<\/strong>, a depender do cargo.&nbsp;<\/p>\n\n\n\n<h2 class=\"wp-block-heading\"><span class=\"ez-toc-section\" id=\"Quais_os_requisitos_para_a_investidura_dos_cargos\"><\/span>Quais os requisitos para a investidura dos cargos?&nbsp;<span class=\"ez-toc-section-end\"><\/span><\/h2>\n\n\n\n<p>De acordo com o edital, esses s\u00e3o os requisitos b\u00e1sicos exigidos para a nomea\u00e7\u00e3o e posse dos cargos ofertados:&nbsp;<\/p>\n\n\n\n<ul>\n<li>Ter sido classificado no Concurso P\u00fablico, na forma prevista neste Edital, anexos e eventuais retifica\u00e7\u00f5es;&nbsp;<\/li>\n\n\n\n<li>Ser brasileiro nato ou naturalizado, ou, no caso de nacionalidade portuguesa, estar amparado pelo Estatuto de Igualdade entre Brasileiros e Portugueses, com reconhecimento do gozo dos direitos pol\u00edticos, na forma do disposto do \u00a7 1\u00ba art. 12 da Constitui\u00e7\u00e3o Federal\/88, combinado com o Decreto Federal n\u00ba 70.436, 18 de abril de 1972;<\/li>\n\n\n\n<li>Estar em gozo dos direitos pol\u00edticos;&nbsp;<\/li>\n\n\n\n<li>Estar quite com as obriga\u00e7\u00f5es eleitorais;&nbsp;<\/li>\n\n\n\n<li>Estar em dia com as obriga\u00e7\u00f5es militares, para os candidatos do sexo masculino;&nbsp;<\/li>\n\n\n\n<li>Ter idade m\u00ednima de 18(dezoito) anos completos, no ato da nomea\u00e7\u00e3o;&nbsp;<\/li>\n\n\n\n<li>For julgado apto f\u00edsica e mentalmente para o exerc\u00edcio do cargo, por pr\u00e9via inspe\u00e7\u00e3o m\u00e9dica oficial e \u00e0 equipe Multiprofissional em caso de Pessoas com Defici\u00eancia (PcD);&nbsp;<\/li>\n\n\n\n<li>Ter os documentos comprobat\u00f3rios de escolaridade m\u00ednima e requisitos constantes Anexo I deste Edital;<\/li>\n\n\n\n<li>N\u00e3o ser aposentado por invalidez e nem estar com idade de aposentadoria compuls\u00f3ria, ou seja, 75(setenta e cinco) anos;<\/li>\n\n\n\n<li>N\u00e3o receber proventos de aposentadoria decorrentes do art. 40 ou dos arts. 42 e 142 da Constitui\u00e7\u00e3o Federal de 1988, com a remunera\u00e7\u00e3o de cargo, emprego ou fun\u00e7\u00e3o p\u00fablica, ressalvados os cargos acumul\u00e1veis na forma da respectiva Constitui\u00e7\u00e3o, os cargos eletivos e os cargos em comiss\u00e3o declarados em lei de livre nomea\u00e7\u00e3o e exonera\u00e7\u00e3o;&nbsp;<\/li>\n\n\n\n<li>N\u00e3o acumular remunera\u00e7\u00e3o de cargos p\u00fablicos, ressalvados os cargos acumul\u00e1veis na forma da Constitui\u00e7\u00e3o Federal de 1988.<\/li>\n<\/ul>\n\n\n\n<h2 class=\"wp-block-heading\"><span class=\"ez-toc-section\" id=\"Como_posso_me_preparar_para_as_etapas_de_selecao_do_concurso_da_Prefeitura_de_Sao_Goncalo_do_Para\"><\/span>Como posso me preparar para as etapas de sele\u00e7\u00e3o do concurso da Prefeitura de S\u00e3o Gon\u00e7alo do Par\u00e1?&nbsp;<span class=\"ez-toc-section-end\"><\/span><\/h2>\n\n\n\n<p>Os candidatos do concurso da Prefeitura de S\u00e3o Gon\u00e7alo do Par\u00e1 ser\u00e3o avaliados por meio das seguintes etapas de sele\u00e7\u00e3o: <strong>prova objetiva<\/strong> (para todos os cargos), <strong>prova pr\u00e1tica<\/strong> (para cargos espec\u00edficos), e, por fim, <strong>prova de t\u00edtulos<\/strong> (para cargos de n\u00edvel superior).<\/p>\n\n\n\n<h3 class=\"wp-block-heading\">Prova Objetiva&nbsp;<\/h3>\n\n\n\n<p>A prova objetiva, de car\u00e1ter eliminat\u00f3rio e classificat\u00f3rio, est\u00e1 prevista para ser aplicada no dia <strong>13 de outubro de 2024<\/strong>, em hor\u00e1rios dispon\u00edveis para a consulta no edital de abertura, com dura\u00e7\u00e3o de 2h30min.&nbsp;<\/p>\n\n\n\n<p>A avalia\u00e7\u00e3o ser\u00e1 constitu\u00edda de <strong>quest\u00f5es de m\u00faltipla escolha<\/strong> sobre os seguintes conte\u00fados:&nbsp;<\/p>\n\n\n\n<ul>\n<li><strong>Fundamental Incompleto<\/strong>\n<ul>\n<li>Portugu\u00eas: 10 quest\u00f5es<\/li>\n\n\n\n<li>Matem\u00e1tica: 5 quest\u00f5es<\/li>\n\n\n\n<li>Conhecimentos Gerais: 5 quest\u00f5es<\/li>\n<\/ul>\n<\/li>\n\n\n\n<li><strong>Fundamental Completo<\/strong>\n<ul>\n<li>Portugu\u00eas: 10 quest\u00f5es<\/li>\n\n\n\n<li>Matem\u00e1tica: 5 quest\u00f5es<\/li>\n\n\n\n<li>Conhecimentos Gerais: 10 quest\u00f5es<\/li>\n<\/ul>\n<\/li>\n\n\n\n<li><strong>M\u00e9dio e T\u00e9cnico<\/strong>\n<ul>\n<li>Portugu\u00eas: 5 quest\u00f5es<\/li>\n\n\n\n<li>Racioc\u00ednio L\u00f3gico: 5 vagas<\/li>\n\n\n\n<li>No\u00e7\u00f5es de Inform\u00e1tica: 5 vagas<\/li>\n\n\n\n<li>Conhecimentos Gerais: 5 vagas<\/li>\n\n\n\n<li>Legisla\u00e7\u00e3o: 5 vagas<\/li>\n\n\n\n<li>Conhecimentos Espec\u00edficos: 5 vagas<\/li>\n<\/ul>\n<\/li>\n\n\n\n<li><strong>Superior<\/strong>\n<ul>\n<li>Portugu\u00eas: 10 quest\u00f5es<\/li>\n\n\n\n<li>Racioc\u00ednio L\u00f3gico: 5 vagas<\/li>\n\n\n\n<li>No\u00e7\u00f5es de Inform\u00e1tica: 5 vagas<\/li>\n\n\n\n<li>Conhecimentos Gerais: 5 vagas<\/li>\n\n\n\n<li>Legisla\u00e7\u00e3o: 5 vagas<\/li>\n\n\n\n<li>Conhecimentos Espec\u00edficos: 5 vagas<\/li>\n<\/ul>\n<\/li>\n<\/ul>\n\n\n\n<p>A prova objetiva ter\u00e1 o valor total de 100 pontos, sendo assim, ser\u00e1 <strong>aprovado<\/strong> no concurso o candidato que obtiver, no m\u00ednimo, 60% de aproveitamento do total de pontos.&nbsp;<\/p>\n\n\n\n<h3 class=\"wp-block-heading\">Prova Pr\u00e1tica<\/h3>\n\n\n\n<p>A prova pr\u00e1tica,<strong> de<\/strong> <strong>car\u00e1ter eliminat\u00f3rio<\/strong>, \u00e9 exclusiva para os cargos de Oper\u00e1rio Bra\u00e7al, Motorista (Geral), Operador de M\u00e1quinas, Entrevistador\/Digitador do Cad\u00danico,&nbsp; Motorista (Assist\u00eancia Social) e Professor de Inform\u00e1tica dos Anos Iniciais.&nbsp;<\/p>\n\n\n\n<p>Essa etapa consistir\u00e1 em uma simula\u00e7\u00e3o concreta das atividades da fun\u00e7\u00e3o com o valor de 0 a 10&nbsp; pontos. Ser\u00e3o considerados <strong>aptos<\/strong> os candidatos que obtiverem desempenho de no m\u00ednimo 50%, ou seja, 5 pontos.&nbsp;<\/p>\n\n\n\n<h3 class=\"wp-block-heading\">Prova de T\u00edtulos<\/h3>\n\n\n\n<p>A prova de t\u00edtulos, de car\u00e1ter classificat\u00f3rio, \u00e9 exclusiva para os cargos de n\u00edvel superior. O envio dos documentos deve ser feito de <strong>maneira online<\/strong>, em datas a serem divulgadas pela banca organizadora do concurso.&nbsp;<\/p>\n\n\n\n<p>Ser\u00e3o avaliados t\u00edtulos de experi\u00eancia acad\u00eamica e profissional, veja:&nbsp;<\/p>\n\n\n\n<ul>\n<li><strong>Acad\u00eamica<\/strong>\n<ul>\n<li>Doutorado: 2,5 pontos<\/li>\n\n\n\n<li>Mestrado: 1,5 pontos<\/li>\n\n\n\n<li>P\u00f3s-gradua\u00e7\u00e3o: 1,0 ponto<\/li>\n<\/ul>\n<\/li>\n\n\n\n<li><strong>Profissional&nbsp;<\/strong>\n<ul>\n<li>Atua\u00e7\u00e3o em Institui\u00e7\u00f5es P\u00fablicas ou Privadas: 0,0025 ponto para cada dia de trabalho<\/li>\n\n\n\n<li>Exerc\u00edcio em servi\u00e7os advocat\u00edcios ou atividades jur\u00eddicas: 1,0 ponto<\/li>\n<\/ul>\n<\/li>\n<\/ul>\n\n\n\n<h2 class=\"wp-block-heading\"><span class=\"ez-toc-section\" id=\"Quando_foi_o_ultimo_concurso_da_Prefeitura_de_Sao_Goncalo_do_Para\"><\/span>Quando foi o \u00faltimo concurso da Prefeitura de S\u00e3o Gon\u00e7alo do Par\u00e1?&nbsp;<span class=\"ez-toc-section-end\"><\/span><\/h2>\n\n\n\n<p>O \u00faltimo concurso da Prefeitura de S\u00e3o Gon\u00e7alo do Par\u00e1 ocorreu em 2020 e ofertou <strong>145 vagas para candidatos de todos os n\u00edveis de escolaridade<\/strong>, com sal\u00e1rios que chegavam a <strong>R$ 2,7 mil<\/strong>.<\/p>\n\n\n\n<p>Foram publicados dois editais na \u00e9poca que, juntos, ofertavam 145 vagas vagas. As oportunidades eram destinadas para candidatos de <strong>n\u00edveis Alfabetizado, Fundamental, M\u00e9dio, Magist\u00e9rio e Superior<\/strong>, com sal\u00e1rios que variavam de<strong> R$ 998,00 a R$ R$ 2.743,12<\/strong> e jornadas de trabalho que variavam de 20 a 44 horas semanais, dependendo do cargo.&nbsp;<\/p>\n\n\n\n<p>Os candidatos do concurso de 2020 foram avaliados por meio de etapas de sele\u00e7\u00e3o como: prova objetiva, prova de t\u00edtulos, prova pr\u00e1tica e o teste de aptid\u00e3o f\u00edsica.&nbsp;<\/p>\n\n\n\n<p>A prova objetiva foi versada sobre as seguintes disciplinas:&nbsp;<\/p>\n\n\n\n<ul>\n<li>Portugu\u00eas \u2013 para todos os cargos;<\/li>\n\n\n\n<li>Matem\u00e1tica \u2013 para os cargos de n\u00edveis Alfabetizado e Fundamental;<\/li>\n\n\n\n<li>Racioc\u00ednio L\u00f3gico \u2013 para os cargos de n\u00edveis M\u00e9dio e Superior;<\/li>\n\n\n\n<li>No\u00e7\u00f5es de Inform\u00e1tica \u2013 para os cargos de n\u00edveis M\u00e9dio e Superior;<\/li>\n\n\n\n<li>Legisla\u00e7\u00e3o \u2013 para os cargos de n\u00edvel M\u00e9dio (Processo Seletivo) e Superior;<\/li>\n\n\n\n<li>Conhecimentos Gerais \u2013 para os cargos de n\u00edveis Alfabetizado, Fundamental e M\u00e9dio (menos para os do Processo Seletivo);<\/li>\n\n\n\n<li>Conhecimentos Espec\u00edficos \u2013 para os cargos de n\u00edveis M\u00e9dio e Superior.<\/li>\n<\/ul>\n\n\n\n<p><\/p>\n\n\n\n<p>Se voc\u00ea busca ser aprovado neste <strong>concurso<\/strong>, n\u00f3s temos <strong>material<\/strong> certo para voc\u00ea! <a href=\"https:\/\/www.editorasolucao.com.br\/concurso\/prefeitura-de-sao-goncalo-do-para-mg\" target=\"_blank\" rel=\"noreferrer noopener\">Confira aqui<\/a>.\u00a0<\/p>\n","protected":false},"excerpt":{"rendered":"<p>Ol\u00e1, concurseiros! A Prefeitura de S\u00e3o Gon\u00e7alo do Par\u00e1, munic\u00edpio do estado de Minas Gerais, divulgou o edital do seu novo concurso que oferta 180 vagas imediatas para cargos de todos os n\u00edveis de escolaridade. As remunera\u00e7\u00f5es iniciais chegam at\u00e9 R$ 6 mil! Se interessou pelo certame? Venha saber mais! Como posso me inscrever para o concurso da Prefeitura de S\u00e3o Gon\u00e7alo do Par\u00e1?&nbsp; Os interessados pelo concurso da Prefeitura de S\u00e3o Gon\u00e7alo do Par\u00e1 dever\u00e3o se inscrever no per\u00edodo das 9h do dia 7 de agosto at\u00e9 \u00e0s 16h do dia 6 de setembro de 2024. As inscri\u00e7\u00f5es ser\u00e3o&#8230;<\/p>\n","protected":false},"author":21,"featured_media":43049,"template":"","meta":{"_acf_changed":true,"rank_math_lock_modified_date":false},"categories":[],"tags":[],"acf":[],"_links":{"self":[{"href":"https:\/\/www.editorasolucao.com.br\/blog\/wp-json\/wp\/v2\/concurso\/7924"}],"collection":[{"href":"https:\/\/www.editorasolucao.com.br\/blog\/wp-json\/wp\/v2\/concurso"}],"about":[{"href":"https:\/\/www.editorasolucao.com.br\/blog\/wp-json\/wp\/v2\/types\/concurso"}],"author":[{"embeddable":true,"href":"https:\/\/www.editorasolucao.com.br\/blog\/wp-json\/wp\/v2\/users\/21"}],"wp:featuredmedia":[{"embeddable":true,"href":"https:\/\/www.editorasolucao.com.br\/blog\/wp-json\/wp\/v2\/media\/43049"}],"wp:attachment":[{"href":"https:\/\/www.editorasolucao.com.br\/blog\/wp-json\/wp\/v2\/media?parent=7924"}],"wp:term":[{"taxonomy":"category","embeddable":true,"href":"https:\/\/www.editorasolucao.com.br\/blog\/wp-json\/wp\/v2\/categories?post=7924"},{"taxonomy":"post_tag","embeddable":true,"href":"https:\/\/www.editorasolucao.com.br\/blog\/wp-json\/wp\/v2\/tags?post=7924"}],"curies":[{"name":"wp","href":"https:\/\/api.w.org\/{rel}","templated":true}]}}