{"id":7962,"date":"2020-01-14T10:18:12","date_gmt":"2020-01-14T13:18:12","guid":{"rendered":"https:\/\/www.editorasolucao.com.br\/blog\/?post_type=concurso&#038;p=7962"},"modified":"2020-01-14T10:18:13","modified_gmt":"2020-01-14T13:18:13","slug":"prefeitura-de-clevelandia-pr","status":"publish","type":"concurso","link":"https:\/\/www.editorasolucao.com.br\/blog\/concurso\/prefeitura-de-clevelandia-pr","title":{"rendered":"Concurso Prefeitura de Clevel\u00e2ndia &#8211; PR 2020: 175 vagas com sal\u00e1rios de at\u00e9 R$ 14 mil!"},"content":{"rendered":"\n<p>As <a rel=\"noreferrer noopener\" aria-label=\"inscri\u00e7\u00f5es (abre em uma nova aba)\" href=\"https:\/\/www.editorasolucao.com.br\" target=\"_blank\">inscri\u00e7\u00f5es<\/a> para o <strong>Concurso Prefeitura de Clevel\u00e2ndia<\/strong>, no estado do <a rel=\"noreferrer noopener\" aria-label=\"Paran\u00e1 (abre em uma nova aba)\" href=\"https:\/\/www.editorasolucao.com.br\/blog\/concursos-abertos-pr\" target=\"_blank\">Paran\u00e1<\/a> est\u00e3o abertas! O certame oferece <strong>175 vagas imediatas mais forma\u00e7\u00e3o de cadastro reserva<\/strong>, para candidatos de <strong>todos os n\u00edveis de escolaridade<\/strong>, com sal\u00e1rios de at\u00e9 <strong>R$ 14 mil<\/strong>. Saiba mais no texto a seguir.<\/p>\n\n\n\n<div id=\"ez-toc-container\" class=\"ez-toc-v2_0_69_1 counter-hierarchy ez-toc-counter ez-toc-grey ez-toc-container-direction\">\n<div class=\"ez-toc-title-container\">\n<p class=\"ez-toc-title \" >Menu de navega&ccedil;&atilde;o<\/p>\n<span class=\"ez-toc-title-toggle\"><a href=\"#\" class=\"ez-toc-pull-right ez-toc-btn ez-toc-btn-xs ez-toc-btn-default ez-toc-toggle\" aria-label=\"Toggle Table of Content\"><span class=\"ez-toc-js-icon-con\"><span class=\"\"><span class=\"eztoc-hide\" style=\"display:none;\">Toggle<\/span><span class=\"ez-toc-icon-toggle-span\"><svg style=\"fill: #999;color:#999\" xmlns=\"http:\/\/www.w3.org\/2000\/svg\" class=\"list-377408\" width=\"20px\" height=\"20px\" viewBox=\"0 0 24 24\" fill=\"none\"><path d=\"M6 6H4v2h2V6zm14 0H8v2h12V6zM4 11h2v2H4v-2zm16 0H8v2h12v-2zM4 16h2v2H4v-2zm16 0H8v2h12v-2z\" fill=\"currentColor\"><\/path><\/svg><svg style=\"fill: #999;color:#999\" class=\"arrow-unsorted-368013\" xmlns=\"http:\/\/www.w3.org\/2000\/svg\" width=\"10px\" height=\"10px\" viewBox=\"0 0 24 24\" version=\"1.2\" baseProfile=\"tiny\"><path d=\"M18.2 9.3l-6.2-6.3-6.2 6.3c-.2.2-.3.4-.3.7s.1.5.3.7c.2.2.4.3.7.3h11c.3 0 .5-.1.7-.3.2-.2.3-.5.3-.7s-.1-.5-.3-.7zM5.8 14.7l6.2 6.3 6.2-6.3c.2-.2.3-.5.3-.7s-.1-.5-.3-.7c-.2-.2-.4-.3-.7-.3h-11c-.3 0-.5.1-.7.3-.2.2-.3.5-.3.7s.1.5.3.7z\"\/><\/svg><\/span><\/span><\/span><\/a><\/span><\/div>\n<nav><ul class='ez-toc-list ez-toc-list-level-1 ' ><li class='ez-toc-page-1 ez-toc-heading-level-2'><a class=\"ez-toc-link ez-toc-heading-1\" href=\"https:\/\/www.editorasolucao.com.br\/blog\/concurso\/prefeitura-de-clevelandia-pr\/#Inscricoes_do_Concurso_de_Clevelandia_%E2%80%93_PR\" title=\"Inscri\u00e7\u00f5es do Concurso de Clevel\u00e2ndia \u2013 PR\">Inscri\u00e7\u00f5es do Concurso de Clevel\u00e2ndia \u2013 PR<\/a><\/li><li class='ez-toc-page-1 ez-toc-heading-level-2'><a class=\"ez-toc-link ez-toc-heading-2\" href=\"https:\/\/www.editorasolucao.com.br\/blog\/concurso\/prefeitura-de-clevelandia-pr\/#Cargos_vagas_e_salarios_do_Concurso_Prefeitura_de_Clevelandia_%E2%80%93_PR\" title=\"Cargos, vagas e sal\u00e1rios do Concurso Prefeitura de Clevel\u00e2ndia \u2013 PR\">Cargos, vagas e sal\u00e1rios do Concurso Prefeitura de Clevel\u00e2ndia \u2013 PR<\/a><\/li><li class='ez-toc-page-1 ez-toc-heading-level-2'><a class=\"ez-toc-link ez-toc-heading-3\" href=\"https:\/\/www.editorasolucao.com.br\/blog\/concurso\/prefeitura-de-clevelandia-pr\/#Quais_sao_requisitos_basicos_para_a_investidura_nos_cargos_do_Concurso_de_Clevelandia\" title=\"Quais s\u00e3o requisitos b\u00e1sicos para a investidura nos cargos do Concurso de Clevel\u00e2ndia?\">Quais s\u00e3o requisitos b\u00e1sicos para a investidura nos cargos do Concurso de Clevel\u00e2ndia?<\/a><\/li><li class='ez-toc-page-1 ez-toc-heading-level-2'><a class=\"ez-toc-link ez-toc-heading-4\" href=\"https:\/\/www.editorasolucao.com.br\/blog\/concurso\/prefeitura-de-clevelandia-pr\/#Como_serao_as_provas_do_Concurso_Prefeitura_de_Clevelandia_%E2%80%93_PR\" title=\"Como ser\u00e3o as provas do Concurso Prefeitura de Clevel\u00e2ndia \u2013 PR?\">Como ser\u00e3o as provas do Concurso Prefeitura de Clevel\u00e2ndia \u2013 PR?<\/a><\/li><\/ul><\/nav><\/div>\n<h2 class=\"wp-block-heading\"><span class=\"ez-toc-section\" id=\"Inscricoes_do_Concurso_de_Clevelandia_%E2%80%93_PR\"><\/span>Inscri\u00e7\u00f5es do Concurso de Clevel\u00e2ndia \u2013 PR<span class=\"ez-toc-section-end\"><\/span><\/h2>\n\n\n\n<p>As inscri\u00e7\u00f5es devem ser realizas atrav\u00e9s do site <a rel=\"noreferrer noopener\" aria-label=\"IPPEC (abre em uma nova aba)\" href=\"http:\/\/ippec.org.br\/concursos\/concurso\/48\" target=\"_blank\">IPPEC<\/a>, at\u00e9 o dia <strong>23 de janeiro de 2020<\/strong>. S\u00e3o cobradas taxas de inscri\u00e7\u00e3o com valores referentes ao n\u00edvel do cargo pretendido.<\/p>\n\n\n\n<ul><li> N\u00edvel Fundamental (Incompleto): <strong>R$ 30,00<\/strong><\/li><li> N\u00edvel M\u00e9dio\/T\u00e9cnico: <strong>R$ 50,00<\/strong><\/li><li> N\u00edvel Superior: <strong>R$ 80,00<\/strong><\/li><li> M\u00e9dicos: <strong>R$ 100,00<\/strong><\/li><\/ul>\n\n\n\n<h2 class=\"wp-block-heading\"><span class=\"ez-toc-section\" id=\"Cargos_vagas_e_salarios_do_Concurso_Prefeitura_de_Clevelandia_%E2%80%93_PR\"><\/span>Cargos, vagas e sal\u00e1rios do Concurso Prefeitura de Clevel\u00e2ndia \u2013 PR<span class=\"ez-toc-section-end\"><\/span><\/h2>\n\n\n\n<p>S\u00e3o ofertadas <strong>175 vagas<\/strong>, sendo <strong>117 imediatas e 58 para forma\u00e7\u00e3o de cadastro reserva<\/strong>, destinadas a candidatos de <strong>n\u00edveis Fundamental (Incompleto), M\u00e9dio, T\u00e9cnico e Superior<\/strong>, com sal\u00e1rios que v\u00e3o <strong>R$ 998,00 a R$ 14.010,75<\/strong> e jornadas de trabalho que variam de 12 a 40 horas semanais, dependendo do cargo. Abaixo est\u00e3o a quantidade de oportunidades imediatas correspondentes a cada fun\u00e7\u00e3o.<\/p>\n\n\n\n<p> <strong>N\u00edvel Fundamental (Incompleto)<\/strong><\/p>\n\n\n\n<p>Auxiliar de Servi\u00e7os Gerais (15 vagas + CR).<\/p>\n\n\n\n<p><strong>N\u00edvel M\u00e9dio\/T\u00e9cnico<\/strong><\/p>\n\n\n\n<p> Agente Comunit\u00e1rio de Sa\u00fade (25 + CR); Agente de Combate \u00e0s Endemias (07 + CR); T\u00e9cnico de Enfermagem (04 + CR).<\/p>\n\n\n\n<p><strong>N\u00edvel Superior<\/strong><\/p>\n\n\n\n<p> Enfermeiro (07 + CR); M\u00e9dico para Equipe da Sa\u00fade da Fam\u00edlia (05 + CR); M\u00e9dico Plantonista 12h de Segunda a Sexta-Feira (02 + CR); M\u00e9dico Plantonista 24h (02 + CR); Professor de Educa\u00e7\u00e3o Infantil (25 + CR) e Professor de S\u00e9ries Iniciais (25 + CR).<\/p>\n\n\n\n<h2 class=\"wp-block-heading\"><span class=\"ez-toc-section\" id=\"Quais_sao_requisitos_basicos_para_a_investidura_nos_cargos_do_Concurso_de_Clevelandia\"><\/span>Quais s\u00e3o requisitos b\u00e1sicos para a investidura nos cargos do Concurso de Clevel\u00e2ndia?<span class=\"ez-toc-section-end\"><\/span><\/h2>\n\n\n\n<p>Saiba quais s\u00e3o as exig\u00eancias para que o candidato tome posse dos cargos ofertados:<\/p>\n\n\n\n<ul><li>ser brasileiro, nos termos da Constitui\u00e7\u00e3o Federal;<\/li><li> ter completado 18 (dezoito) anos; <\/li><li> estar em pleno exerc\u00edcio dos direitos pol\u00edticos; <\/li><li> ser julgado APTO f\u00edsica e mentalmente para o exerc\u00edcio do cargo, em inspe\u00e7\u00e3o m\u00e9dica oficial, determinada pela Prefeitura; <\/li><li> possuir a escolaridade exigida e demais requisitos para o exerc\u00edcio do cargo; <\/li><li> declarar expressamente o exerc\u00edcio ou n\u00e3o de cargo, emprego ou fun\u00e7\u00e3o p\u00fablica nos \u00f3rg\u00e3os e entidades da Administra\u00e7\u00e3o P\u00fablica Estadual, Federal ou Municipal, para fins de verifica\u00e7\u00e3o do ac\u00famulo de cargos; <\/li><li> a quita\u00e7\u00e3o com as obriga\u00e7\u00f5es eleitorais e militares; <\/li><li> n\u00e3o haver sofrido san\u00e7\u00e3o impeditiva do exerc\u00edcio de cargo p\u00fablico; <\/li><li> ter sido aprovado e classificado no concurso p\u00fablico; <\/li><li> atender \u00e0s demais exig\u00eancias contidas no Edital.<\/li><\/ul>\n\n\n\n<h2 class=\"wp-block-heading\"><span class=\"ez-toc-section\" id=\"Como_serao_as_provas_do_Concurso_Prefeitura_de_Clevelandia_%E2%80%93_PR\"><\/span>Como ser\u00e3o as provas do Concurso Prefeitura de Clevel\u00e2ndia \u2013 PR?<span class=\"ez-toc-section-end\"><\/span><\/h2>\n\n\n\n<p>O certame ser\u00e1 composto por <strong>tr\u00eas etapas<\/strong>, sendo elas:<\/p>\n\n\n\n<ul><li><strong>Prova Objetiva \u2013<\/strong> de car\u00e1ter eliminat\u00f3rio e classificat\u00f3rio (para todos os cargos);<\/li><li> <strong>Prova de T\u00edtulos \u2013 <\/strong>de car\u00e1ter apenas classificat\u00f3rio (para os cargos de n\u00edvel Superior e T\u00e9cnico de Enfermagem);<\/li><li> <strong>Prova de Aptid\u00e3o F\u00edsica \u2013<\/strong> de car\u00e1ter apenas eliminat\u00f3rio (para o cargo de Auxiliar de Servi\u00e7os Gerais).<\/li><\/ul>\n\n\n\n<h4 class=\"wp-block-heading\">Prova Objetiva<\/h4>\n\n\n\n<p>A <strong>Prova Objetiva<\/strong> est\u00e1 prevista para ser realizada no dia <strong>09 de fevereiro de 2020<\/strong>, e contar\u00e1 com <strong>40 quest\u00f5es de m\u00faltipla escolha<\/strong>. As disciplinas que versar\u00e3o as provas ser\u00e3o:<\/p>\n\n\n\n<div class=\"wp-block-image\"><figure class=\"aligncenter\"><img loading=\"lazy\" decoding=\"async\" width=\"707\" height=\"94\" src=\"https:\/\/www.editorasolucao.com.br\/blog\/wp-content\/uploads\/2020\/01\/clevel\u00e2ndia1.png\" alt=\"\" class=\"wp-image-7965\"\/><\/figure><\/div>\n\n\n\n<h4 class=\"wp-block-heading\"> Prova de T\u00edtulos<\/h4>\n\n\n\n<p>Somente ser\u00e3o convocados para essa etapa e ter\u00e3o seus <strong>T\u00edtulos<\/strong> avaliados, os candidatos classificados na <strong>Prova Objetiva<\/strong>, ou seja, que obtiverem <strong>nota maior ou igual a 60 (sessenta pontos)<\/strong>.<\/p>\n\n\n\n<p>As atribui\u00e7\u00f5es de pontos se dar\u00e3o da seguinte forma:<\/p>\n\n\n\n<div class=\"wp-block-image\"><figure class=\"aligncenter\"><img loading=\"lazy\" decoding=\"async\" width=\"706\" height=\"167\" src=\"https:\/\/www.editorasolucao.com.br\/blog\/wp-content\/uploads\/2020\/01\/clevel\u00e2ndia2.png\" alt=\"\" class=\"wp-image-7966\"\/><\/figure><\/div>\n\n\n\n<h4 class=\"wp-block-heading\"> Prova de Aptid\u00e3o F\u00edsica<\/h4>\n\n\n\n<p> A <strong>Prova de Aptid\u00e3o F\u00edsica<\/strong> ter\u00e1 as seguintes composi\u00e7\u00f5es:<\/p>\n\n\n\n<ul><li>1\u00aa Fase: teste de resist\u00eancia f\u00edsica: Corrida; <\/li><li> 2\u00aa Fase: teste de agilidade: Shuttle Run; <\/li><li> 3\u00aa Fase: teste de for\u00e7a de membros inferiores: Agachamento.<\/li><\/ul>\n\n\n\n<p><\/p>\n\n\n\n<p>Conferiu todo o texto? Deseja fazer o certame? Ent\u00e3o comece a se preparar com as <strong>Apostilas Solu\u00e7\u00e3o<\/strong> e tenha um resultado positivo! <strong>Bons estudos e boa prova!!!<\/strong><\/p>\n","protected":false},"excerpt":{"rendered":"<p>As inscri\u00e7\u00f5es para o Concurso Prefeitura de Clevel\u00e2ndia, no estado do Paran\u00e1 est\u00e3o abertas! O certame oferece 175 vagas imediatas mais forma\u00e7\u00e3o de cadastro reserva, para candidatos de todos os n\u00edveis de escolaridade, com sal\u00e1rios de at\u00e9 R$ 14 mil. Saiba mais no texto a seguir. Inscri\u00e7\u00f5es do Concurso de Clevel\u00e2ndia \u2013 PR As inscri\u00e7\u00f5es devem ser realizas atrav\u00e9s do site IPPEC, at\u00e9 o dia 23 de janeiro de 2020. S\u00e3o cobradas taxas de inscri\u00e7\u00e3o com valores referentes ao n\u00edvel do cargo pretendido. N\u00edvel Fundamental (Incompleto): R$ 30,00 N\u00edvel M\u00e9dio\/T\u00e9cnico: R$ 50,00 N\u00edvel Superior: R$ 80,00 M\u00e9dicos: R$ 100,00 Cargos,&#8230;<\/p>\n","protected":false},"author":7,"featured_media":7964,"template":"","meta":{"_acf_changed":false,"rank_math_lock_modified_date":false},"categories":[],"tags":[],"acf":[],"_links":{"self":[{"href":"https:\/\/www.editorasolucao.com.br\/blog\/wp-json\/wp\/v2\/concurso\/7962"}],"collection":[{"href":"https:\/\/www.editorasolucao.com.br\/blog\/wp-json\/wp\/v2\/concurso"}],"about":[{"href":"https:\/\/www.editorasolucao.com.br\/blog\/wp-json\/wp\/v2\/types\/concurso"}],"author":[{"embeddable":true,"href":"https:\/\/www.editorasolucao.com.br\/blog\/wp-json\/wp\/v2\/users\/7"}],"wp:featuredmedia":[{"embeddable":true,"href":"https:\/\/www.editorasolucao.com.br\/blog\/wp-json\/wp\/v2\/media\/7964"}],"wp:attachment":[{"href":"https:\/\/www.editorasolucao.com.br\/blog\/wp-json\/wp\/v2\/media?parent=7962"}],"wp:term":[{"taxonomy":"category","embeddable":true,"href":"https:\/\/www.editorasolucao.com.br\/blog\/wp-json\/wp\/v2\/categories?post=7962"},{"taxonomy":"post_tag","embeddable":true,"href":"https:\/\/www.editorasolucao.com.br\/blog\/wp-json\/wp\/v2\/tags?post=7962"}],"curies":[{"name":"wp","href":"https:\/\/api.w.org\/{rel}","templated":true}]}}