{"id":7972,"date":"2020-01-14T14:21:45","date_gmt":"2020-01-14T17:21:45","guid":{"rendered":"https:\/\/www.editorasolucao.com.br\/blog\/?post_type=concurso&#038;p=7972"},"modified":"2020-01-16T17:40:05","modified_gmt":"2020-01-16T20:40:05","slug":"prefeitura-de-ceres-go","status":"publish","type":"concurso","link":"https:\/\/www.editorasolucao.com.br\/blog\/concurso\/prefeitura-de-ceres-go","title":{"rendered":"Concurso Prefeitura de Ceres &#8211; GO 2020: 672 vagas para todos os n\u00edveis!"},"content":{"rendered":"\n<p>Foi divulgado o <a rel=\"noreferrer noopener\" aria-label=\"Edital (abre em uma nova aba)\" href=\"https:\/\/www.editorasolucao.com.br\" target=\"_blank\">Edital<\/a> do <strong>Concurso Prefeitura de Ceres<\/strong>, no estado de <a rel=\"noreferrer noopener\" aria-label=\"Goi\u00e1s (abre em uma nova aba)\" href=\"https:\/\/www.editorasolucao.com.br\/blog\/concursos-abertos-go\" target=\"_blank\">Goi\u00e1s<\/a>, que oferece <strong>672 vagas imediatas mais forma\u00e7\u00e3o de cadastro reserva<\/strong>, para candidatos de todos os n\u00edveis de escolaridade, com sal\u00e1rios que chegam a <strong>R$ 10,7 mil<\/strong>. Confira os detalhes ao decorrer do texto.<\/p>\n\n\n\n<p style=\"text-align:center\"><strong><a href=\"https:\/\/www.editorasolucao.com.br\/concurso\/prefeitura-de-ceres-go\" target=\"_blank\" rel=\"noreferrer noopener\" aria-label=\"Estude com as Apostilas Prefeitura de Ceres-GO e parcele SEM JUROS (abre em uma nova aba)\">Estude com as Apostilas Prefeitura de Ceres-GO e parcele SEM JUROS<\/a><\/strong><\/p>\n\n\n\n<div id=\"ez-toc-container\" class=\"ez-toc-v2_0_69_1 counter-hierarchy ez-toc-counter ez-toc-grey ez-toc-container-direction\">\n<div class=\"ez-toc-title-container\">\n<p class=\"ez-toc-title \" >Menu de navega&ccedil;&atilde;o<\/p>\n<span class=\"ez-toc-title-toggle\"><a href=\"#\" class=\"ez-toc-pull-right ez-toc-btn ez-toc-btn-xs ez-toc-btn-default ez-toc-toggle\" aria-label=\"Toggle Table of Content\"><span class=\"ez-toc-js-icon-con\"><span class=\"\"><span class=\"eztoc-hide\" style=\"display:none;\">Toggle<\/span><span class=\"ez-toc-icon-toggle-span\"><svg style=\"fill: #999;color:#999\" xmlns=\"http:\/\/www.w3.org\/2000\/svg\" class=\"list-377408\" width=\"20px\" height=\"20px\" viewBox=\"0 0 24 24\" fill=\"none\"><path d=\"M6 6H4v2h2V6zm14 0H8v2h12V6zM4 11h2v2H4v-2zm16 0H8v2h12v-2zM4 16h2v2H4v-2zm16 0H8v2h12v-2z\" fill=\"currentColor\"><\/path><\/svg><svg style=\"fill: #999;color:#999\" class=\"arrow-unsorted-368013\" xmlns=\"http:\/\/www.w3.org\/2000\/svg\" width=\"10px\" height=\"10px\" viewBox=\"0 0 24 24\" version=\"1.2\" baseProfile=\"tiny\"><path d=\"M18.2 9.3l-6.2-6.3-6.2 6.3c-.2.2-.3.4-.3.7s.1.5.3.7c.2.2.4.3.7.3h11c.3 0 .5-.1.7-.3.2-.2.3-.5.3-.7s-.1-.5-.3-.7zM5.8 14.7l6.2 6.3 6.2-6.3c.2-.2.3-.5.3-.7s-.1-.5-.3-.7c-.2-.2-.4-.3-.7-.3h-11c-.3 0-.5.1-.7.3-.2.2-.3.5-.3.7s.1.5.3.7z\"\/><\/svg><\/span><\/span><\/span><\/a><\/span><\/div>\n<nav><ul class='ez-toc-list ez-toc-list-level-1 ' ><li class='ez-toc-page-1 ez-toc-heading-level-2'><a class=\"ez-toc-link ez-toc-heading-1\" href=\"https:\/\/www.editorasolucao.com.br\/blog\/concurso\/prefeitura-de-ceres-go\/#Inscricoes_do_Concurso_de_Ceres_%E2%80%93_GO\" title=\"Inscri\u00e7\u00f5es do Concurso de Ceres \u2013 GO\">Inscri\u00e7\u00f5es do Concurso de Ceres \u2013 GO<\/a><\/li><li class='ez-toc-page-1 ez-toc-heading-level-2'><a class=\"ez-toc-link ez-toc-heading-2\" href=\"https:\/\/www.editorasolucao.com.br\/blog\/concurso\/prefeitura-de-ceres-go\/#Cargos_vagas_e_salarios_do_Concurso_Prefeitura_de_Ceres_%E2%80%93_GO\" title=\"Cargos, vagas e sal\u00e1rios do Concurso Prefeitura de Ceres \u2013 GO\">Cargos, vagas e sal\u00e1rios do Concurso Prefeitura de Ceres \u2013 GO<\/a><\/li><li class='ez-toc-page-1 ez-toc-heading-level-2'><a class=\"ez-toc-link ez-toc-heading-3\" href=\"https:\/\/www.editorasolucao.com.br\/blog\/concurso\/prefeitura-de-ceres-go\/#Quais_sao_os_requisitos_basicos_para_a_investidura_nos_cargos_do_Concurso_de_Ceres_%E2%80%93_GO\" title=\"Quais s\u00e3o os requisitos b\u00e1sicos para a investidura nos cargos do Concurso de Ceres \u2013 GO?\">Quais s\u00e3o os requisitos b\u00e1sicos para a investidura nos cargos do Concurso de Ceres \u2013 GO?<\/a><\/li><li class='ez-toc-page-1 ez-toc-heading-level-2'><a class=\"ez-toc-link ez-toc-heading-4\" href=\"https:\/\/www.editorasolucao.com.br\/blog\/concurso\/prefeitura-de-ceres-go\/#Como_serao_as_provas_do_Concurso_Prefeitura_de_Ceres_%E2%80%93_GO\" title=\"Como ser\u00e3o as provas do Concurso Prefeitura de Ceres \u2013 GO?\">Como ser\u00e3o as provas do Concurso Prefeitura de Ceres \u2013 GO?<\/a><\/li><\/ul><\/nav><\/div>\n<h2 class=\"wp-block-heading\"><span class=\"ez-toc-section\" id=\"Inscricoes_do_Concurso_de_Ceres_%E2%80%93_GO\"><\/span> Inscri\u00e7\u00f5es do Concurso de Ceres \u2013 GO<span class=\"ez-toc-section-end\"><\/span><\/h2>\n\n\n\n<p>As inscri\u00e7\u00f5es dever\u00e3o ser realizadas atrav\u00e9s do site <a rel=\"noreferrer noopener\" aria-label=\"Universidade Estadual de Goi\u00e1s (abre em uma nova aba)\" href=\"http:\/\/www.nucleodeselecao.ueg.br\/detalhe_processos.asp\" target=\"_blank\">Universidade Estadual de Goi\u00e1s<\/a>, a partir do dia <strong>10 de fevereiro de 2020 at\u00e9 o dia 03 de mar\u00e7o de 2020<\/strong>. Ser\u00e3o cobradas taxas de inscri\u00e7\u00e3o com valores referentes ao n\u00edvel do cargo pretendido.<\/p>\n\n\n\n<ul><li>N\u00edvel Fundamental (Completo e Incompleto): <strong>R$ 55,00<\/strong><\/li><li> N\u00edvel M\u00e9dio\/T\u00e9cnico: <strong>R$ 95,00<\/strong><\/li><li> N\u00edvel Superior: <strong>R$ 125,00<\/strong><\/li><\/ul>\n\n\n\n<p><\/p>\n\n\n\n<p>O pedido de <strong>isen\u00e7\u00e3o do pagamento da taxa de inscri\u00e7\u00e3o<\/strong> pode ser solicitado apenas por meio do Cadastro \u00danico para os Programas Sociais do Governo Federal (Cad\u00danico).<\/p>\n\n\n\n<p>A solicita\u00e7\u00e3o dever\u00e1 ser feita no per\u00edodo do dia <strong>20 ao dia 24 de janeiro de 2020<\/strong>.<\/p>\n\n\n\n<h2 class=\"wp-block-heading\"><span class=\"ez-toc-section\" id=\"Cargos_vagas_e_salarios_do_Concurso_Prefeitura_de_Ceres_%E2%80%93_GO\"><\/span>Cargos, vagas e sal\u00e1rios do Concurso Prefeitura de Ceres \u2013 GO<span class=\"ez-toc-section-end\"><\/span><\/h2>\n\n\n\n<p>S\u00e3o ofertadas <strong>672 vagas<\/strong> ao todo, sendo <strong>168 imediatas e 504 para forma\u00e7\u00e3o de cadastro reserva<\/strong>, destinadas a candidatos de n\u00edveis <strong>Fundamental (Completo e Incompleto), M\u00e9dio, T\u00e9cnico e Superior<\/strong>, com sal\u00e1rios que v\u00e3o de <strong>R$ 1.000,91 a R$ 10.743,41<\/strong> e jornadas de trabalho que variam de 10 a 40 horas semanais, dependendo do cargo. Abaixo est\u00e3o a quantidade de oportunidades imediatas correspondentes a cada fun\u00e7\u00e3o.<\/p>\n\n\n\n<p><strong><a href=\"https:\/\/www.editorasolucao.com.br\/apostila-solucao\/impresso\/apostila-prefeitura-ceres-go-cargos-nivel-fundamental-incompleto\" target=\"_blank\" rel=\"noreferrer noopener\" aria-label=\"N\u00edvel Fundamental (Incompleto) (abre em uma nova aba)\">N\u00edvel Fundamental (Incompleto)<\/a><\/strong><\/p>\n\n\n\n<p>Auxiliar de Servi\u00e7os Gerais I \u2013 Predial (13); Auxiliar de Servi\u00e7os Gerais II \u2013 Bra\u00e7al (08); Auxiliar de Servi\u00e7os Gerais III \u2013 Coletor de Lixo (03); Auxiliar de Servi\u00e7os Gerais IV \u2013 Vigilante\/ Porteiro (08) e Coveiro (02).<\/p>\n\n\n\n<p><strong><a href=\"https:\/\/www.editorasolucao.com.br\/apostila-solucao\/impresso\/apostila-prefeitura-ceres-go-cargos-nivel-fundamental-completo\" target=\"_blank\" rel=\"noreferrer noopener\" aria-label=\"N\u00edvel Fundamental (Completo) (abre em uma nova aba)\">N\u00edvel Fundamental (Completo)<\/a><\/strong><\/p>\n\n\n\n<p>Auxiliar de Servi\u00e7os de Higiene e Alimenta\u00e7\u00e3o (14).<\/p>\n\n\n\n<p><strong><a href=\"https:\/\/www.editorasolucao.com.br\/apostila-solucao\/impresso\/apostila-prefeitura-ceres-go-cargos-nivel-medio\" target=\"_blank\" rel=\"noreferrer noopener\" aria-label=\"N\u00edvel M\u00e9dio\/ T\u00e9cnico (abre em uma nova aba)\">N\u00edvel M\u00e9dio\/ T\u00e9cnico<\/a><\/strong><\/p>\n\n\n\n<p>Agente de Apoio Educacional (15); Agente Comunit\u00e1rio de Sa\u00fade (08); Agente de Combate a Endemias (04); Assistente Administrativo (20); Auxiliar de Consult\u00f3rio Dent\u00e1rio (05); Fiscal de Meio Ambiente (03); Fiscal de Tr\u00e2nsito (01); Fiscal Sanitarista (03); Mec\u00e2nico (03); Motorista (02); T\u00e9cnico de Laborat\u00f3rio (02); T\u00e9cnico em Enfermagem (05); T\u00e9cnico em Seguran\u00e7a do Trabalho (01) e Telefonista (TARM) (04).<\/p>\n\n\n\n<p><strong><a href=\"https:\/\/www.editorasolucao.com.br\/apostila-solucao\/impresso\/apostila-prefeitura-ceres-go-comum-cargos-nivel-superior\" target=\"_blank\" rel=\"noreferrer noopener\" aria-label=\"N\u00edvel Superior (abre em uma nova aba)\">N\u00edvel Superior<\/a><\/strong><\/p>\n\n\n\n<p> Assistente Social (02); Enfermeiro (03); Engenheiro Ambiental (01); Fisioterapeuta (02); Fonoaudi\u00f3logo (02); M\u00e9dico (02); M\u00e9dico Perito (01); Nutricionista (02); Odont\u00f3logo (02); <a href=\"https:\/\/www.editorasolucao.com.br\/apostila-solucao\/impresso\/apostila-prefeitura-ceres-go-profissional-magisterio-professor-pedagogo-i-i-i\" target=\"_blank\" rel=\"noreferrer noopener\" aria-label=\"Professional do Magist\u00e9rio: Professor PIII \u2013 Pedagogo (abre em uma nova aba)\">Professional do Magist\u00e9rio: Professor PIII \u2013 Pedagogo<\/a> (20); Professional do Magist\u00e9rio: Professor PIII \u2013 Educa\u00e7\u00e3o F\u00edsica (03); Psic\u00f3logo Cl\u00ednico (02); Psic\u00f3logo Escolar (01) e Terapeuta Ocupacional (01).<\/p>\n\n\n\n<h2 class=\"wp-block-heading\"><span class=\"ez-toc-section\" id=\"Quais_sao_os_requisitos_basicos_para_a_investidura_nos_cargos_do_Concurso_de_Ceres_%E2%80%93_GO\"><\/span> Quais s\u00e3o os requisitos b\u00e1sicos para a investidura nos cargos do Concurso de Ceres \u2013 GO?<span class=\"ez-toc-section-end\"><\/span><\/h2>\n\n\n\n<p>Saiba quais s\u00e3o as exig\u00eancias para que os candidatos tomem posse dos cargos ofertados:<\/p>\n\n\n\n<ul><li>terem nacionalidade brasileira ou portuguesa, e no caso de nacionalidade portuguesa estarem amparados pelo estatuto de igualdade entre brasileiros e portugueses, com reconhecimento de gozo dos direitos pol\u00edticos nos termos do art. 12 \u00a7 1\u00ba da Constitui\u00e7\u00e3o da Rep\u00fablica Federativa do Brasil; <\/li><li> estarem em gozo dos direitos pol\u00edticos; <\/li><li> estarem em dia com as obriga\u00e7\u00f5es eleitorais; <\/li><li> estarem quites com as obriga\u00e7\u00f5es do Servi\u00e7o Militar, no caso de candidatos do sexo masculino; <\/li><li> terem idade m\u00ednima de 18 (dezoito) anos na data da posse; <\/li><li> terem aptid\u00e3o f\u00edsica e mental para o exerc\u00edcio das atribui\u00e7\u00f5es inerentes ao cargo; <\/li><li>  comprovarem, ao tempo da posse, os requisitos exigidos para o cargo.<\/li><\/ul>\n\n\n\n<p style=\"text-align:center\"><\/p>\n\n\n\n<p style=\"text-align:center\"><strong><a rel=\"noreferrer noopener\" href=\"https:\/\/www.editorasolucao.com.br\/concurso\/prefeitura-de-ceres-go\" target=\"_blank\">Estude com as Apostilas Prefeitura de Ceres-GO e parcele SEM JUROS<\/a><\/strong><\/p>\n\n\n\n<h2 class=\"wp-block-heading\"><span class=\"ez-toc-section\" id=\"Como_serao_as_provas_do_Concurso_Prefeitura_de_Ceres_%E2%80%93_GO\"><\/span>Como ser\u00e3o as provas do Concurso Prefeitura de Ceres \u2013 GO?<span class=\"ez-toc-section-end\"><\/span><\/h2>\n\n\n\n<p>O certame ser\u00e1 realizado em at\u00e9 <strong>quatro etapas<\/strong>, de acordo com o cargo: <\/p>\n\n\n\n<ul><li><strong>Prova Objetiva \u2013<\/strong> para todos os cargos;<\/li><li> <strong>Prova Discursiva \u2013<\/strong> para os cargos de n\u00edvel Superior;<\/li><li> <strong>Avalia\u00e7\u00e3o de T\u00edtulos \u2013<\/strong> para os cargos de n\u00edvel Superior;<\/li><li> <strong>Curso de Forma\u00e7\u00e3o Profissional \u2013<\/strong> para os cargos de Agente de Combate \u00e0s Endemias e Agente Comunit\u00e1rio de Sa\u00fade.<\/li><\/ul>\n\n\n\n<h4 class=\"wp-block-heading\"> Prova Objetiva<\/h4>\n\n\n\n<p>A <strong>Prova Objetiva<\/strong>, de car\u00e1ter eliminat\u00f3rio e classificat\u00f3rio, est\u00e1 prevista para ser realizada no dia <strong>22 de mar\u00e7o de 2020<\/strong>, e contar\u00e1 com <strong>20 a 50 quest\u00f5es de m\u00faltipla escolha<\/strong>, dependendo do cargo. <\/p>\n\n\n\n<p>As provas ser\u00e3o versadas com as seguintes disciplinas, de acordo com a fun\u00e7\u00e3o desejada: L\u00edngua Portuguesa, Matem\u00e1tica, Atualidades e Conhecimentos Gerais, \u00c9tica no Servi\u00e7o P\u00fablico, No\u00e7\u00f5es de Inform\u00e1tica, Legisla\u00e7\u00e3o B\u00e1sica \u2013 Lei Org\u00e2nica e Conhecimentos Espec\u00edficos. <\/p>\n\n\n\n<h4 class=\"wp-block-heading\">Prova Discursiva<\/h4>\n\n\n\n<p>Por meio da <strong>Prova Discursiva<\/strong>, pretende-se n\u00e3o apenas verificar se o candidato encontra-se apto a lidar com a norma padr\u00e3o (ou culta) da L\u00edngua Portuguesa, mas, sobretudo, atestar sua capacidade de elaborar coerentemente ideias pr\u00f3prias que configurem uma forma de ver o mundo com base em percep\u00e7\u00f5es cr\u00edticas sobre assuntos diversos.<\/p>\n\n\n\n<h4 class=\"wp-block-heading\">Avalia\u00e7\u00e3o de T\u00edtulos <\/h4>\n\n\n\n<p>A <strong>Avalia\u00e7\u00e3o de T\u00edtulos<\/strong>, para os cargos de n\u00edvel superior, tem car\u00e1ter classificat\u00f3rio, e as atribui\u00e7\u00f5es de pontos se dar\u00e3o da seguinte forma: <\/p>\n\n\n\n<div class=\"wp-block-image\"><figure class=\"aligncenter\"><img loading=\"lazy\" decoding=\"async\" width=\"635\" height=\"340\" src=\"https:\/\/www.editorasolucao.com.br\/blog\/wp-content\/uploads\/2020\/01\/ceres1.png\" alt=\"\" class=\"wp-image-7993\"\/><\/figure><\/div>\n\n\n\n<p><\/p>\n\n\n\n<p>Conferiu todo o texto? Deseja fazer o certame? Ent\u00e3o comece a se preparar com as <strong>Apostilas Solu\u00e7\u00e3o<\/strong> e tenha um resultado positivo! <strong>Bons estudos e boa prova!!!<\/strong><\/p>\n\n\n\n<p style=\"text-align:center\"><strong><a href=\"https:\/\/www.editorasolucao.com.br\/concurso\/prefeitura-de-ceres-go\" target=\"_blank\" rel=\"noreferrer noopener\">Estude com as Apostilas Prefeitura de Ceres-GO e parcele SEM JUROS<\/a><\/strong><\/p>\n","protected":false},"excerpt":{"rendered":"<p>Foi divulgado o Edital do Concurso Prefeitura de Ceres, no estado de Goi\u00e1s, que oferece 672 vagas imediatas mais forma\u00e7\u00e3o de cadastro reserva, para candidatos de todos os n\u00edveis de escolaridade, com sal\u00e1rios que chegam a R$ 10,7 mil. Confira os detalhes ao decorrer do texto. Estude com as Apostilas Prefeitura de Ceres-GO e parcele SEM JUROS Inscri\u00e7\u00f5es do Concurso de Ceres \u2013 GO As inscri\u00e7\u00f5es dever\u00e3o ser realizadas atrav\u00e9s do site Universidade Estadual de Goi\u00e1s, a partir do dia 10 de fevereiro de 2020 at\u00e9 o dia 03 de mar\u00e7o de 2020. Ser\u00e3o cobradas taxas de inscri\u00e7\u00e3o com valores&#8230;<\/p>\n","protected":false},"author":7,"featured_media":7992,"template":"","meta":{"_acf_changed":false,"rank_math_lock_modified_date":false},"categories":[],"tags":[],"acf":[],"_links":{"self":[{"href":"https:\/\/www.editorasolucao.com.br\/blog\/wp-json\/wp\/v2\/concurso\/7972"}],"collection":[{"href":"https:\/\/www.editorasolucao.com.br\/blog\/wp-json\/wp\/v2\/concurso"}],"about":[{"href":"https:\/\/www.editorasolucao.com.br\/blog\/wp-json\/wp\/v2\/types\/concurso"}],"author":[{"embeddable":true,"href":"https:\/\/www.editorasolucao.com.br\/blog\/wp-json\/wp\/v2\/users\/7"}],"wp:featuredmedia":[{"embeddable":true,"href":"https:\/\/www.editorasolucao.com.br\/blog\/wp-json\/wp\/v2\/media\/7992"}],"wp:attachment":[{"href":"https:\/\/www.editorasolucao.com.br\/blog\/wp-json\/wp\/v2\/media?parent=7972"}],"wp:term":[{"taxonomy":"category","embeddable":true,"href":"https:\/\/www.editorasolucao.com.br\/blog\/wp-json\/wp\/v2\/categories?post=7972"},{"taxonomy":"post_tag","embeddable":true,"href":"https:\/\/www.editorasolucao.com.br\/blog\/wp-json\/wp\/v2\/tags?post=7972"}],"curies":[{"name":"wp","href":"https:\/\/api.w.org\/{rel}","templated":true}]}}