{"id":8067,"date":"2020-06-04T17:45:56","date_gmt":"2020-06-04T20:45:56","guid":{"rendered":"https:\/\/www.editorasolucao.com.br\/blog\/?post_type=concurso&#038;p=8067"},"modified":"2020-06-04T17:49:18","modified_gmt":"2020-06-04T20:49:18","slug":"prefeitura-de-uru-sp","status":"publish","type":"concurso","link":"https:\/\/www.editorasolucao.com.br\/blog\/concurso\/prefeitura-de-uru-sp","title":{"rendered":"Processo Seletivo Prefeitura de Uru &#8211; SP 2020: Oportunidade para Enfermeiro!"},"content":{"rendered":"\n<p>Foi divulgado o <a rel=\"noreferrer noopener\" aria-label=\"Edital (abre em uma nova aba)\" href=\"https:\/\/www.editorasolucao.com.br\" target=\"_blank\">Edital<\/a> do <strong>Processo Seletivo Prefeitura de Uru<\/strong>, no estado de <a href=\"https:\/\/www.editorasolucao.com.br\/blog\/concursos-abertos-sp\" target=\"_blank\" rel=\"noreferrer noopener\" aria-label=\"S\u00e3o Paulo (abre em uma nova aba)\">S\u00e3o Paulo<\/a>, que oferece <strong>vaga tempor\u00e1ria para o cargo de Enfermeiro<\/strong>, que conta com remunera\u00e7\u00e3o de <strong>R$ 2,9 mil<\/strong>. Confira os detalhes ao decorrer do texto.<\/p>\n\n\n\n<div id=\"ez-toc-container\" class=\"ez-toc-v2_0_69_1 counter-hierarchy ez-toc-counter ez-toc-grey ez-toc-container-direction\">\n<div class=\"ez-toc-title-container\">\n<p class=\"ez-toc-title \" >Menu de navega&ccedil;&atilde;o<\/p>\n<span class=\"ez-toc-title-toggle\"><a href=\"#\" class=\"ez-toc-pull-right ez-toc-btn ez-toc-btn-xs ez-toc-btn-default ez-toc-toggle\" aria-label=\"Toggle Table of Content\"><span class=\"ez-toc-js-icon-con\"><span class=\"\"><span class=\"eztoc-hide\" style=\"display:none;\">Toggle<\/span><span class=\"ez-toc-icon-toggle-span\"><svg style=\"fill: #999;color:#999\" xmlns=\"http:\/\/www.w3.org\/2000\/svg\" class=\"list-377408\" width=\"20px\" height=\"20px\" viewBox=\"0 0 24 24\" fill=\"none\"><path d=\"M6 6H4v2h2V6zm14 0H8v2h12V6zM4 11h2v2H4v-2zm16 0H8v2h12v-2zM4 16h2v2H4v-2zm16 0H8v2h12v-2z\" fill=\"currentColor\"><\/path><\/svg><svg style=\"fill: #999;color:#999\" class=\"arrow-unsorted-368013\" xmlns=\"http:\/\/www.w3.org\/2000\/svg\" width=\"10px\" height=\"10px\" viewBox=\"0 0 24 24\" version=\"1.2\" baseProfile=\"tiny\"><path d=\"M18.2 9.3l-6.2-6.3-6.2 6.3c-.2.2-.3.4-.3.7s.1.5.3.7c.2.2.4.3.7.3h11c.3 0 .5-.1.7-.3.2-.2.3-.5.3-.7s-.1-.5-.3-.7zM5.8 14.7l6.2 6.3 6.2-6.3c.2-.2.3-.5.3-.7s-.1-.5-.3-.7c-.2-.2-.4-.3-.7-.3h-11c-.3 0-.5.1-.7.3-.2.2-.3.5-.3.7s.1.5.3.7z\"\/><\/svg><\/span><\/span><\/span><\/a><\/span><\/div>\n<nav><ul class='ez-toc-list ez-toc-list-level-1 ' ><li class='ez-toc-page-1 ez-toc-heading-level-2'><a class=\"ez-toc-link ez-toc-heading-1\" href=\"https:\/\/www.editorasolucao.com.br\/blog\/concurso\/prefeitura-de-uru-sp\/#Inscricoes_do_Processo_Seletivo_de_Uru_%E2%80%93_SP\" title=\"Inscri\u00e7\u00f5es do Processo Seletivo de Uru \u2013 SP\">Inscri\u00e7\u00f5es do Processo Seletivo de Uru \u2013 SP<\/a><\/li><li class='ez-toc-page-1 ez-toc-heading-level-2'><a class=\"ez-toc-link ez-toc-heading-2\" href=\"https:\/\/www.editorasolucao.com.br\/blog\/concurso\/prefeitura-de-uru-sp\/#Quem_pode_participar_do_Processo_Seletivo_Prefeitura_de_Uru_%E2%80%93_SP\" title=\"Quem pode participar do Processo Seletivo Prefeitura de Uru \u2013 SP?\">Quem pode participar do Processo Seletivo Prefeitura de Uru \u2013 SP?<\/a><\/li><li class='ez-toc-page-1 ez-toc-heading-level-2'><a class=\"ez-toc-link ez-toc-heading-3\" href=\"https:\/\/www.editorasolucao.com.br\/blog\/concurso\/prefeitura-de-uru-sp\/#Quais_sao_os_requisitos_basicos_para_a_investidura_nos_cargos_do_Processo_Seletivo_Prefeitura_de_Uru_%E2%80%93_SP\" title=\"Quais s\u00e3o os requisitos b\u00e1sicos para a investidura nos cargos do Processo Seletivo Prefeitura de Uru \u2013 SP?\">Quais s\u00e3o os requisitos b\u00e1sicos para a investidura nos cargos do Processo Seletivo Prefeitura de Uru \u2013 SP?<\/a><\/li><li class='ez-toc-page-1 ez-toc-heading-level-2'><a class=\"ez-toc-link ez-toc-heading-4\" href=\"https:\/\/www.editorasolucao.com.br\/blog\/concurso\/prefeitura-de-uru-sp\/#Como_serao_as_provas_do_Processo_Seletivo_da_Prefeitura_de_Uru_%E2%80%93_SP\" title=\"Como ser\u00e3o as provas do Processo Seletivo da Prefeitura de Uru \u2013 SP?\">Como ser\u00e3o as provas do Processo Seletivo da Prefeitura de Uru \u2013 SP?<\/a><\/li><li class='ez-toc-page-1 ez-toc-heading-level-2'><a class=\"ez-toc-link ez-toc-heading-5\" href=\"https:\/\/www.editorasolucao.com.br\/blog\/concurso\/prefeitura-de-uru-sp\/#O_que_faz_um_Enfermeiroa\" title=\"O que faz um Enfermeiro(a)?\">O que faz um Enfermeiro(a)?<\/a><\/li><\/ul><\/nav><\/div>\n<h2 class=\"wp-block-heading\"><span class=\"ez-toc-section\" id=\"Inscricoes_do_Processo_Seletivo_de_Uru_%E2%80%93_SP\"><\/span>Inscri\u00e7\u00f5es do Processo Seletivo de Uru \u2013 SP<span class=\"ez-toc-section-end\"><\/span><\/h2>\n\n\n\n<p>As inscri\u00e7\u00f5es devem ser realizadas atrav\u00e9s do site da banca organizadora,<a href=\"http:\/\/www.cematconcurso.com.br\/site\/pg.php?pagina=detalhe_concurso&amp;codigo=623&amp;tit=tit_inscricoesabertas.gif\" target=\"_blank\" rel=\"noreferrer noopener\" aria-label=\" CEMAT (abre em uma nova aba)\"> CEMAT<\/a>, at\u00e9 \u00e0s <strong>16 horas do dia 10 de junho de 2020<\/strong>. Para efetuar a inscri\u00e7\u00e3o \u00e9 necess\u00e1rio pagar uma taxa no valor de <strong>R$ 80,00<\/strong>.<\/p>\n\n\n\n<h2 class=\"wp-block-heading\"><span class=\"ez-toc-section\" id=\"Quem_pode_participar_do_Processo_Seletivo_Prefeitura_de_Uru_%E2%80%93_SP\"><\/span>Quem pode participar do Processo Seletivo Prefeitura de Uru \u2013 SP?<span class=\"ez-toc-section-end\"><\/span><\/h2>\n\n\n\n<p>O certame est\u00e1 ofertando uma vaga para candidato de <strong>n\u00edvel Superior, destinada ao cargo de Enfermeiro<\/strong>, que conta com sal\u00e1rio de <strong>R$ 2.997,40 + Insalubridade de 20% do sal\u00e1rio m\u00ednimo e vale alimenta\u00e7\u00e3o de R$ 400,00<\/strong> e jornada de trabalho de 40 horas semanais.<\/p>\n\n\n\n<h2 class=\"wp-block-heading\"><span class=\"ez-toc-section\" id=\"Quais_sao_os_requisitos_basicos_para_a_investidura_nos_cargos_do_Processo_Seletivo_Prefeitura_de_Uru_%E2%80%93_SP\"><\/span>Quais s\u00e3o os requisitos b\u00e1sicos para a investidura nos cargos do Processo Seletivo Prefeitura de Uru \u2013 SP?<span class=\"ez-toc-section-end\"><\/span><\/h2>\n\n\n\n<p>Saiba quais s\u00e3o as exig\u00eancias para que o candidato tome posse dos cargos ofertados:<\/p>\n\n\n\n<ul><li>ser brasileiro, nato ou naturalizado, ou estrangeiro, na forma da Lei; <\/li><li> ter, \u00e0 data do ato da posse, idade m\u00ednima de 18 (dezoito) anos; <\/li><li> estar em dia com as obriga\u00e7\u00f5es resultantes da legisla\u00e7\u00e3o eleitoral e, se do sexo masculino, do Servi\u00e7o Militar; <\/li><li> possuir, no ato da posse, os documentos necess\u00e1rios para comprova\u00e7\u00e3o dos requisitos exigidos para a fun\u00e7\u00e3o ao qual estiver se candidatando, conforme estabelecido no Cap\u00edtulo I do Edital; <\/li><li> ter capacidade f\u00edsica e mental para o desempenho da fun\u00e7\u00e3o; <\/li><li> n\u00e3o registrar antecedentes criminais, achando-se em pleno direito dos exerc\u00edcios civis e pol\u00edticos; <\/li><li> n\u00e3o ter sofrido, no exerc\u00edcio de fun\u00e7\u00e3o p\u00fablica, penalidade por pr\u00e1tica de atos desabonadores; <\/li><li> conhecer e estar de acordo com as exig\u00eancias contidas no presente Edital.<\/li><\/ul>\n\n\n\n<h2 class=\"wp-block-heading\"><span class=\"ez-toc-section\" id=\"Como_serao_as_provas_do_Processo_Seletivo_da_Prefeitura_de_Uru_%E2%80%93_SP\"><\/span>Como ser\u00e3o as provas do Processo Seletivo da Prefeitura de Uru \u2013 SP?<span class=\"ez-toc-section-end\"><\/span><\/h2>\n\n\n\n<p>O certame ser\u00e1 composto por etapa \u00fanica de <strong>Prova Objetiva<\/strong> (car\u00e1ter classificat\u00f3rio), que est\u00e1 prevista para ser realizada no dia <strong>21 junho de 2020<\/strong>, tendo dura\u00e7\u00e3o m\u00e1xima de at\u00e9 03 horas e contar\u00e1 com 4<strong>0 quest\u00f5es de m\u00faltipla escolha, sendo 15 de Portugu\u00eas e 25 de Conhecimentos Espec\u00edficos<\/strong>. <\/p>\n\n\n\n<p>O processo seletivo ser\u00e1 v\u00e1lido por um ano, a contar da data de sua homologa\u00e7\u00e3o, podendo haver prorroga\u00e7\u00e3o por igual per\u00edodo, conforme interesse da administra\u00e7\u00e3o municipal.<\/p>\n\n\n\n<h2 class=\"wp-block-heading\"><span class=\"ez-toc-section\" id=\"O_que_faz_um_Enfermeiroa\"><\/span>O que faz um Enfermeiro(a)?<span class=\"ez-toc-section-end\"><\/span><\/h2>\n\n\n\n<p>Saiba quais s\u00e3o as atribui\u00e7\u00f5es do cargo:<\/p>\n\n\n\n<p>Realizar consulta de enfermagem, procedimentos, solicitar exames complementares, prescrever medica\u00e7\u00f5es conforme protocolos, diretrizes cl\u00ednicas e terap\u00eauticas, ou outras normativas t\u00e9cnicas estabelecidas pelo gestor federal, estadual, municipal ou do Distrito Federal, observadas as disposi\u00e7\u00f5es legais da profiss\u00e3o; &#8211; Realizar e\/ou supervisionar acolhimento com escuta qualificada e classifica\u00e7\u00e3o de risco, de acordo com protocolos estabelecidos; -Realizar estratifica\u00e7\u00e3o de risco e elaborar plano de cuidados para as pessoas que possuem condi\u00e7\u00f5es cr\u00f4nicas no territ\u00f3rio, junto aos demais membros da equipe; &#8211; Realizar atividades em grupo e encaminhar, quando necess\u00e1rio, usu\u00e1rios a outros servi\u00e7os, conforme fluxo estabelecido pela rede local; &#8211; Realizar aten\u00e7\u00e3o \u00e0 sa\u00fade aos indiv\u00edduos e fam\u00edlias vinculadas \u00e0s equipes e, quando indicado ou necess\u00e1rio, no domic\u00edlio e\/ou nos demais espa\u00e7os comunit\u00e1rios (escolas, associa\u00e7\u00f5es entre outras), em todos os ciclos de vida; &#8211; Planejar, gerenciar e avaliar as a\u00e7\u00f5es desenvolvidas pelos t\u00e9cnico-auxiliares de enfermagem, Agentes Comunit\u00e1rios de Sa\u00fade e Agentes de Controle de Endemias em conjunto com os outros membros da equipe; &#8211; Supervisionar as a\u00e7\u00f5es do t\u00e9cnico\/auxiliar de enfermagem e Agentes Comunit\u00e1rios de Sa\u00fade; &#8211; Implementar e manter atualizados rotinas, protocolos e fluxos relacionados a sua \u00e1rea de compet\u00eancia na Unidade B\u00e1sica de Sa\u00fade; &#8211; Exercer outras atribui\u00e7\u00f5es conforme legisla\u00e7\u00e3o profissional, e que sejam de responsabilidade na sua \u00e1rea de atua\u00e7\u00e3o. &#8211; Elaborar, desenvolver, acompanhar e monitorar projetos de sa\u00fade e suas respectivas presta\u00e7\u00f5es de contas; &#8211; Estabelecer parcerias com demais setores municipais para desenvolvimento de a\u00e7\u00f5es conjuntas; &#8211; Colaborar com a coordena\u00e7\u00e3o e secretaria municipais de sa\u00fade na elabora\u00e7\u00e3o de relat\u00f3rios de gest\u00e3o e de produ\u00e7\u00e3o ambulatorial, de documentos necess\u00e1rios a audi\u00eancia p\u00fablica da sa\u00fade e outros que vierem a ser criados; &#8211; Colaborar com a coordena\u00e7\u00e3o e secretaria municipais de sa\u00fade na elabora\u00e7\u00e3o do plano municipal e programa\u00e7\u00e3o anual de sa\u00fade, plano anual de metas e indicadores de sa\u00fade e outros que vierem a ser criados; &#8211; Colaborar com a coordena\u00e7\u00e3o e com a Equipe da Estrat\u00e9gia de Sa\u00fade da Fam\u00edlia para alcance dos objetivos dessa Estrat\u00e9gia; &#8211; Atuar como agente de media\u00e7\u00e3o de conflitos e de manuten\u00e7\u00e3o de ambiente de trabalho harmonioso, de intercolabora\u00e7\u00e3o e produtivo.<\/p>\n\n\n\n<p><\/p>\n\n\n\n<p style=\"text-align:center\"><strong>Conte\u00fado Program\u00e1tico<\/strong><\/p>\n\n\n\n<ul><li>PORTUGU\u00caS -Nova Ortografia oficial; -Acentua\u00e7\u00e3o gr\u00e1fica; -Emprego de crase; -Pontua\u00e7\u00e3o; -Flex\u00e3o nominal e verbal; -Sem\u00e2ntica; -Concord\u00e2ncia verbal e nominal; -Emprego de tempos e modos verbais; -Vozes do verbo; -Pronomes: emprego, formas de tratamento e coloca\u00e7\u00e3o; -Fonema; &#8211; Interpreta\u00e7\u00e3o de texto; -An\u00e1lise sint\u00e1tica. <\/li><li> CONHECIMENTOS ESPEC\u00cdFICOS 1.Cuidado de Enfermagem na Administra\u00e7\u00e3o de Medicamentos 2.Cuidado de Enfermagem \u00e0 pessoa portadora de Diabetes Mellitus 3.Cuidado de Enfermagem \u00e0 pessoa portadora de Hipertens\u00e3o Arterial 4.Cuidado de Enfermagem ao Rec\u00e9m Nascido 5.Cuidado de Enfermagem \u00e0 Gestante e Pu\u00e9rpera 6.Princ\u00edpios b\u00e1sicos aplicados \u00e0 pr\u00e1tica da enfermagem: \u2022 Nutri\u00e7\u00e3o e hidrata\u00e7\u00e3o \u2022 Regula\u00e7\u00e3o t\u00e9rmica \u2022 Assepsia m\u00e9dica e cir\u00fargica \u2022 T\u00e9cnicas de curativos 7. Vigil\u00e2ncia Epidemiol\u00f3gica \u2022 Epidemiologia das seguintes doen\u00e7as: Dengue; Febre Chikungunya; Zika; Febre Amarela; C\u00f3lera; Hepatite; Leptospirose; Pediculose; Escabiose; Febre Tif\u00f3ide; Tuberculose; Raiva; Hansen\u00edase; Diabetes Mellitus; Hipertens\u00e3o Arterial; Leishmaniose; \u2022 Doen\u00e7as de notifica\u00e7\u00e3o compuls\u00f3ria \u2022 Conceitos \u2022 Medidas de controle das doen\u00e7as transmiss\u00edveis \u2022 Imuniza\u00e7\u00e3o 8.\u00c9tica em Sa\u00fade, C\u00f3digo de \u00c9tica na Enfermagem e Legisla\u00e7\u00e3o Profissional 9. Pol\u00edticas de Sa\u00fade e Sistema \u00danico de Sa\u00fade; Do Programa Sa\u00fade da Fam\u00edlia (PSF); Legisla\u00e7\u00e3o do SUS (www.saude.gov.br). 10. Medidas de Biosseguran\u00e7a e Precau\u00e7\u00f5es Padr\u00e3o 11. Esteriliza\u00e7\u00e3o e Desinfec\u00e7\u00e3o 12. Portarias Ministeriais que regulamentam a pol\u00edtica de Aten\u00e7\u00e3o \u00e0s Urg\u00eancias 13. Cinem\u00e1tica do trauma 14. Protocolo do atendimento inicial ao traumatizado 15. Abordagem em situa\u00e7\u00f5es de urg\u00eancia do tipo: \u2022 Traumatismo raquimedular \u2022 Les\u00f5es tor\u00e1cidas \u2022 Choque \u2022 Traumatismo cr\u00e2nio encef\u00e1lico \u2022 Protocolo de crise hipertensiva \u2022 Protocolo da reanima\u00e7\u00e3o cardiorrespirat\u00f3ria \u2022 O atendimento de urg\u00eancia e emerg\u00eancia e o Sistema \u00danico de Sa\u00fade \u2022 Atendimento ao queimado \u2022 Trauma na gesta\u00e7\u00e3o \u2022 Urg\u00eancias na inf\u00e2ncia.<\/li><\/ul>\n\n\n\n<p><\/p>\n\n\n\n<p>Conferiu todo o texto? Deseja fazer o certame? Ent\u00e3o comece a se preparar com as Apostilas Solu\u00e7\u00e3o e tenha um resultado positivo! <strong>Bons estudos e boa prova!!!<\/strong><\/p>\n","protected":false},"excerpt":{"rendered":"<p>Foi divulgado o Edital do Processo Seletivo Prefeitura de Uru, no estado de S\u00e3o Paulo, que oferece vaga tempor\u00e1ria para o cargo de Enfermeiro, que conta com remunera\u00e7\u00e3o de R$ 2,9 mil. Confira os detalhes ao decorrer do texto. Inscri\u00e7\u00f5es do Processo Seletivo de Uru \u2013 SP As inscri\u00e7\u00f5es devem ser realizadas atrav\u00e9s do site da banca organizadora, CEMAT, at\u00e9 \u00e0s 16 horas do dia 10 de junho de 2020. Para efetuar a inscri\u00e7\u00e3o \u00e9 necess\u00e1rio pagar uma taxa no valor de R$ 80,00. Quem pode participar do Processo Seletivo Prefeitura de Uru \u2013 SP? O certame est\u00e1 ofertando uma&#8230;<\/p>\n","protected":false},"author":7,"featured_media":8069,"template":"","meta":{"_acf_changed":false,"rank_math_lock_modified_date":false},"categories":[],"tags":[],"acf":[],"_links":{"self":[{"href":"https:\/\/www.editorasolucao.com.br\/blog\/wp-json\/wp\/v2\/concurso\/8067"}],"collection":[{"href":"https:\/\/www.editorasolucao.com.br\/blog\/wp-json\/wp\/v2\/concurso"}],"about":[{"href":"https:\/\/www.editorasolucao.com.br\/blog\/wp-json\/wp\/v2\/types\/concurso"}],"author":[{"embeddable":true,"href":"https:\/\/www.editorasolucao.com.br\/blog\/wp-json\/wp\/v2\/users\/7"}],"wp:featuredmedia":[{"embeddable":true,"href":"https:\/\/www.editorasolucao.com.br\/blog\/wp-json\/wp\/v2\/media\/8069"}],"wp:attachment":[{"href":"https:\/\/www.editorasolucao.com.br\/blog\/wp-json\/wp\/v2\/media?parent=8067"}],"wp:term":[{"taxonomy":"category","embeddable":true,"href":"https:\/\/www.editorasolucao.com.br\/blog\/wp-json\/wp\/v2\/categories?post=8067"},{"taxonomy":"post_tag","embeddable":true,"href":"https:\/\/www.editorasolucao.com.br\/blog\/wp-json\/wp\/v2\/tags?post=8067"}],"curies":[{"name":"wp","href":"https:\/\/api.w.org\/{rel}","templated":true}]}}