{"id":8089,"date":"2020-01-16T15:30:27","date_gmt":"2020-01-16T18:30:27","guid":{"rendered":"https:\/\/www.editorasolucao.com.br\/blog\/?post_type=concurso&#038;p=8089"},"modified":"2020-01-16T15:30:28","modified_gmt":"2020-01-16T18:30:28","slug":"iprev-mariana-mg","status":"publish","type":"concurso","link":"https:\/\/www.editorasolucao.com.br\/blog\/concurso\/iprev-mariana-mg","title":{"rendered":"Concurso IPREV Mariana &#8211; MG 2020: Oportunidades para n\u00edveis m\u00e9dio e superior!"},"content":{"rendered":"\n<p>Foi divulgado o <a rel=\"noreferrer noopener\" aria-label=\"Edital (abre em uma nova aba)\" href=\"https:\/\/www.editorasolucao.com.br\" target=\"_blank\">Edital<\/a> do<strong> Concurso IPREV<\/strong> (Instituto de Previd\u00eancia dos Servidores P\u00fablicos de Mariana), no estado de <a rel=\"noreferrer noopener\" aria-label=\"Minas Gerais (abre em uma nova aba)\" href=\"https:\/\/www.editorasolucao.com.br\/blog\/concursos-abertos-mg\" target=\"_blank\">Minas Gerais<\/a>, que oferece vagas para candidatos de <strong>n\u00edveis M\u00e9dio e Superior<\/strong>, com sal\u00e1rios de at\u00e9 <strong>R$ 3,9 mil<\/strong>. Saiba mais detalhes no texto a seguir.<\/p>\n\n\n\n<div id=\"ez-toc-container\" class=\"ez-toc-v2_0_69_1 counter-hierarchy ez-toc-counter ez-toc-grey ez-toc-container-direction\">\n<div class=\"ez-toc-title-container\">\n<p class=\"ez-toc-title \" >Menu de navega&ccedil;&atilde;o<\/p>\n<span class=\"ez-toc-title-toggle\"><a href=\"#\" class=\"ez-toc-pull-right ez-toc-btn ez-toc-btn-xs ez-toc-btn-default ez-toc-toggle\" aria-label=\"Toggle Table of Content\"><span class=\"ez-toc-js-icon-con\"><span class=\"\"><span class=\"eztoc-hide\" style=\"display:none;\">Toggle<\/span><span class=\"ez-toc-icon-toggle-span\"><svg style=\"fill: #999;color:#999\" xmlns=\"http:\/\/www.w3.org\/2000\/svg\" class=\"list-377408\" width=\"20px\" height=\"20px\" viewBox=\"0 0 24 24\" fill=\"none\"><path d=\"M6 6H4v2h2V6zm14 0H8v2h12V6zM4 11h2v2H4v-2zm16 0H8v2h12v-2zM4 16h2v2H4v-2zm16 0H8v2h12v-2z\" fill=\"currentColor\"><\/path><\/svg><svg style=\"fill: #999;color:#999\" class=\"arrow-unsorted-368013\" xmlns=\"http:\/\/www.w3.org\/2000\/svg\" width=\"10px\" height=\"10px\" viewBox=\"0 0 24 24\" version=\"1.2\" baseProfile=\"tiny\"><path d=\"M18.2 9.3l-6.2-6.3-6.2 6.3c-.2.2-.3.4-.3.7s.1.5.3.7c.2.2.4.3.7.3h11c.3 0 .5-.1.7-.3.2-.2.3-.5.3-.7s-.1-.5-.3-.7zM5.8 14.7l6.2 6.3 6.2-6.3c.2-.2.3-.5.3-.7s-.1-.5-.3-.7c-.2-.2-.4-.3-.7-.3h-11c-.3 0-.5.1-.7.3-.2.2-.3.5-.3.7s.1.5.3.7z\"\/><\/svg><\/span><\/span><\/span><\/a><\/span><\/div>\n<nav><ul class='ez-toc-list ez-toc-list-level-1 ' ><li class='ez-toc-page-1 ez-toc-heading-level-2'><a class=\"ez-toc-link ez-toc-heading-1\" href=\"https:\/\/www.editorasolucao.com.br\/blog\/concurso\/iprev-mariana-mg\/#Inscricoes_do_Concurso_IPREV_de_Mariana\" title=\"Inscri\u00e7\u00f5es do Concurso IPREV de Mariana\">Inscri\u00e7\u00f5es do Concurso IPREV de Mariana<\/a><\/li><li class='ez-toc-page-1 ez-toc-heading-level-2'><a class=\"ez-toc-link ez-toc-heading-2\" href=\"https:\/\/www.editorasolucao.com.br\/blog\/concurso\/iprev-mariana-mg\/#Cargos_vagas_e_salarios_do_Concurso_IPREV_Mariana\" title=\"Cargos, vagas e sal\u00e1rios do Concurso IPREV Mariana\">Cargos, vagas e sal\u00e1rios do Concurso IPREV Mariana<\/a><\/li><li class='ez-toc-page-1 ez-toc-heading-level-2'><a class=\"ez-toc-link ez-toc-heading-3\" href=\"https:\/\/www.editorasolucao.com.br\/blog\/concurso\/iprev-mariana-mg\/#Quais_sao_os_requisitos_basicos_para_a_investidura_nos_cargos_do_Concurso_IPREV_Mariana\" title=\"Quais s\u00e3o os requisitos b\u00e1sicos para a investidura nos cargos do Concurso IPREV Mariana?\">Quais s\u00e3o os requisitos b\u00e1sicos para a investidura nos cargos do Concurso IPREV Mariana?<\/a><\/li><li class='ez-toc-page-1 ez-toc-heading-level-2'><a class=\"ez-toc-link ez-toc-heading-4\" href=\"https:\/\/www.editorasolucao.com.br\/blog\/concurso\/iprev-mariana-mg\/#Como_serao_as_provas_do_Concurso_IPREV_Mariana_%E2%80%93_MG\" title=\"Como ser\u00e3o as provas do Concurso IPREV Mariana \u2013 MG?\">Como ser\u00e3o as provas do Concurso IPREV Mariana \u2013 MG?<\/a><\/li><\/ul><\/nav><\/div>\n<h2 class=\"wp-block-heading\"><span class=\"ez-toc-section\" id=\"Inscricoes_do_Concurso_IPREV_de_Mariana\"><\/span> Inscri\u00e7\u00f5es do Concurso IPREV de Mariana<span class=\"ez-toc-section-end\"><\/span><\/h2>\n\n\n\n<p>As inscri\u00e7\u00f5es dever\u00e3o ser realizadas atrav\u00e9s do site <a rel=\"noreferrer noopener\" aria-label=\"Funda\u00e7\u00e3o CEFETMINAS (abre em uma nova aba)\" href=\"https:\/\/concurso.fundacaocefetminas.org.br\/site\/processo_seletivo_detalhes.aspx?id=65A1D966C2A0D319\" target=\"_blank\">Funda\u00e7\u00e3o CEFETMINAS<\/a>, a partir do dia <strong>02 de mar\u00e7o de 2020 at\u00e9 o dia 01 de abril de 2020<\/strong>. Ser\u00e3o cobradas taxas de inscri\u00e7\u00e3o com valores referentes ao n\u00edvel do cargo desejado.<\/p>\n\n\n\n<ul><li>N\u00edvel M\u00e9dio: <strong>R$ 60,00<\/strong><\/li><li> N\u00edvel Superior: <strong>R$ 100,00<\/strong><\/li><\/ul>\n\n\n\n<p><\/p>\n\n\n\n<p>Haver\u00e1 <strong>isen\u00e7\u00e3o do pagamento da taxa de inscri\u00e7\u00e3o<\/strong> para o candidato que:<\/p>\n\n\n\n<ul><li> Em raz\u00e3o de limita\u00e7\u00f5es de ordem financeira, n\u00e3o puder arcar com o pagamento do valor de inscri\u00e7\u00e3o, sob pena de comprometimento do sustento pr\u00f3prio e de sua fam\u00edlia.<\/li><\/ul>\n\n\n\n<p><\/p>\n\n\n\n<p>A solicita\u00e7\u00e3o dever\u00e1 ser feita no per\u00edodo do dia <strong>02 ao dia 05 de mar\u00e7o de 2020<\/strong>.<\/p>\n\n\n\n<h2 class=\"wp-block-heading\"><span class=\"ez-toc-section\" id=\"Cargos_vagas_e_salarios_do_Concurso_IPREV_Mariana\"><\/span> Cargos, vagas e sal\u00e1rios do Concurso IPREV Mariana<span class=\"ez-toc-section-end\"><\/span><\/h2>\n\n\n\n<p> S\u00e3o ofertadas <strong>05 vagas para candidatos de n\u00edveis M\u00e9dio e Superior<\/strong>, com sal\u00e1rios que v\u00e3o de <strong>R$ 1.647,69 a R$ 3.100,00<\/strong> e jornadas de trabalho que variam de 20 a 40 horas semanais, dependendo do cargo. Abaixo est\u00e3o os detalhes de cada fun\u00e7\u00e3o oferecida.<\/p>\n\n\n\n<p><strong>N\u00edvel M\u00e9dio<\/strong><\/p>\n\n\n\n<ul><li> Auxiliar Administrativo (03 vagas) &#8211; R$ 1.647,69 \u2013 40 horas semanais<\/li><\/ul>\n\n\n\n<p><strong>N\u00edvel Superior<\/strong><\/p>\n\n\n\n<ul><li>Advogado Aut\u00e1rquico (01 vaga) &#8211; R$ 3.980,00 \u2013 20 horas semanais<\/li><li> Contador (01 vaga) &#8211; R$3.100,00 \u2013 30 horas semanais<\/li><\/ul>\n\n\n\n<h2 class=\"wp-block-heading\"><span class=\"ez-toc-section\" id=\"Quais_sao_os_requisitos_basicos_para_a_investidura_nos_cargos_do_Concurso_IPREV_Mariana\"><\/span>Quais s\u00e3o os requisitos b\u00e1sicos para a investidura nos cargos do Concurso IPREV Mariana?<span class=\"ez-toc-section-end\"><\/span><\/h2>\n\n\n\n<p> Saiba quais s\u00e3o as exig\u00eancias para que o candidato tome posse dos cargos ofertados:<\/p>\n\n\n\n<ul><li>ser brasileiro nato ou naturalizado, ou no caso de nacionalidade portuguesa, estar amparado pelo Estatuto de Igualdade entre Brasileiros e Portugueses, com reconhecimento do gozo dos direitos pol\u00edticos, na forma do disposto no art. 12 \u00a7 1\u00ba da Constitui\u00e7\u00e3o Federal\/88, combinado com o Decreto Federal n.\u00ba 70.436\/72; <\/li><li> estar em gozo dos direitos pol\u00edticos; <\/li><li> ter regularidade com as obriga\u00e7\u00f5es militares, se do sexo masculino, e com as obriga\u00e7\u00f5es eleitorais; <\/li><li> ter idade m\u00ednima de 18 (dezoito) anos; <\/li><li> ter condi\u00e7\u00f5es de sa\u00fade f\u00edsica e mental, compat\u00edveis com o exerc\u00edcio do emprego ou fun\u00e7\u00e3o de acordo com a pr\u00e9via inspe\u00e7\u00e3o m\u00e9dica oficial, admitida a incapacidade f\u00edsica ou mental parcial; <\/li><li> possuir o n\u00edvel de escolaridade exigido para o desempenho do cargo;<\/li><li> possuir a habilita\u00e7\u00e3o legal para o exerc\u00edcio de profiss\u00e3o regulamentada; <\/li><li> lei espec\u00edfica, observada a lei federal, definir\u00e1 os crit\u00e9rios para admiss\u00e3o de estrangeiros no servi\u00e7o p\u00fablico municipal de Mariana.<\/li><\/ul>\n\n\n\n<h2 class=\"wp-block-heading\"><span class=\"ez-toc-section\" id=\"Como_serao_as_provas_do_Concurso_IPREV_Mariana_%E2%80%93_MG\"><\/span>Como ser\u00e3o as provas do Concurso IPREV Mariana \u2013 MG?<span class=\"ez-toc-section-end\"><\/span><\/h2>\n\n\n\n<p>O certame ser\u00e1 composto por <strong>duas etapas<\/strong>, sendo elas: <strong>Prova Objetiva<\/strong> (para todos os cargos) e <strong>Prova de T\u00edtulos<\/strong> (apenas para os de n\u00edvel Superior).<\/p>\n\n\n\n<h4 class=\"wp-block-heading\">Prova Objetiva<\/h4>\n\n\n\n<p>A <strong>Prova Objetiva<\/strong>, de car\u00e1ter eliminat\u00f3rio e classificat\u00f3rio, est\u00e1 prevista para ser realizada no dia <strong>03 de maio de 2020<\/strong>, e contar\u00e1 com <strong>40 quest\u00f5es de m\u00faltipla escolha<\/strong>. As disciplinas que versar\u00e3o as provas ser\u00e3o:<\/p>\n\n\n\n<ul><li>L\u00edngua Portuguesa \u2013 10 quest\u00f5es;<\/li><li> Inform\u00e1tica \u2013 05 quest\u00f5es;<\/li><li> Legisla\u00e7\u00e3o \u2013 15 quest\u00f5es;<\/li><li> Conhecimentos Espec\u00edficos \u2013 10 quest\u00f5es.<\/li><\/ul>\n\n\n\n<h4 class=\"wp-block-heading\">Prova de T\u00edtulos<\/h4>\n\n\n\n<p>A Segunda Etapa consistir\u00e1 de <strong>Prova de T\u00edtulos<\/strong>, de car\u00e1ter apenas classificat\u00f3rio, para os cargos de <strong>Advogado Aut\u00e1rquico e Contador<\/strong>.<\/p>\n\n\n\n<p>As atribui\u00e7\u00f5es de pontos se dar\u00e3o da seguinte forma:<\/p>\n\n\n\n<div class=\"wp-block-image\"><figure class=\"aligncenter\"><img loading=\"lazy\" decoding=\"async\" width=\"644\" height=\"282\" src=\"https:\/\/www.editorasolucao.com.br\/blog\/wp-content\/uploads\/2020\/01\/iprev1.png\" alt=\"\" class=\"wp-image-8092\"\/><\/figure><\/div>\n\n\n\n<p> <\/p>\n\n\n\n<p>Conferiu todo o texto? Deseja fazer o certame? Ent\u00e3o comece a se preparar com as <strong>Apostilas Solu\u00e7\u00e3o<\/strong> e tenha um resultado positivo! <strong>Bons estudos e boa prova!!!<\/strong><\/p>\n","protected":false},"excerpt":{"rendered":"<p>Foi divulgado o Edital do Concurso IPREV (Instituto de Previd\u00eancia dos Servidores P\u00fablicos de Mariana), no estado de Minas Gerais, que oferece vagas para candidatos de n\u00edveis M\u00e9dio e Superior, com sal\u00e1rios de at\u00e9 R$ 3,9 mil. Saiba mais detalhes no texto a seguir. Inscri\u00e7\u00f5es do Concurso IPREV de Mariana As inscri\u00e7\u00f5es dever\u00e3o ser realizadas atrav\u00e9s do site Funda\u00e7\u00e3o CEFETMINAS, a partir do dia 02 de mar\u00e7o de 2020 at\u00e9 o dia 01 de abril de 2020. Ser\u00e3o cobradas taxas de inscri\u00e7\u00e3o com valores referentes ao n\u00edvel do cargo desejado. N\u00edvel M\u00e9dio: R$ 60,00 N\u00edvel Superior: R$ 100,00 Haver\u00e1 isen\u00e7\u00e3o&#8230;<\/p>\n","protected":false},"author":7,"featured_media":8091,"template":"","meta":{"_acf_changed":false,"rank_math_lock_modified_date":false},"categories":[],"tags":[],"acf":[],"_links":{"self":[{"href":"https:\/\/www.editorasolucao.com.br\/blog\/wp-json\/wp\/v2\/concurso\/8089"}],"collection":[{"href":"https:\/\/www.editorasolucao.com.br\/blog\/wp-json\/wp\/v2\/concurso"}],"about":[{"href":"https:\/\/www.editorasolucao.com.br\/blog\/wp-json\/wp\/v2\/types\/concurso"}],"author":[{"embeddable":true,"href":"https:\/\/www.editorasolucao.com.br\/blog\/wp-json\/wp\/v2\/users\/7"}],"wp:featuredmedia":[{"embeddable":true,"href":"https:\/\/www.editorasolucao.com.br\/blog\/wp-json\/wp\/v2\/media\/8091"}],"wp:attachment":[{"href":"https:\/\/www.editorasolucao.com.br\/blog\/wp-json\/wp\/v2\/media?parent=8089"}],"wp:term":[{"taxonomy":"category","embeddable":true,"href":"https:\/\/www.editorasolucao.com.br\/blog\/wp-json\/wp\/v2\/categories?post=8089"},{"taxonomy":"post_tag","embeddable":true,"href":"https:\/\/www.editorasolucao.com.br\/blog\/wp-json\/wp\/v2\/tags?post=8089"}],"curies":[{"name":"wp","href":"https:\/\/api.w.org\/{rel}","templated":true}]}}