{"id":8093,"date":"2020-01-16T17:02:41","date_gmt":"2020-01-16T20:02:41","guid":{"rendered":"https:\/\/www.editorasolucao.com.br\/blog\/?post_type=concurso&#038;p=8093"},"modified":"2020-01-16T17:02:42","modified_gmt":"2020-01-16T20:02:42","slug":"feti-mg","status":"publish","type":"concurso","link":"https:\/\/www.editorasolucao.com.br\/blog\/concurso\/feti-mg","title":{"rendered":"Concurso FETI-MG 2020: Sal\u00e1rios de at\u00e9 R$ 3,1 mil!"},"content":{"rendered":"\n<p>Foi divulgado o <a rel=\"noreferrer noopener\" aria-label=\"Edital (abre em uma nova aba)\" href=\"https:\/\/www.editorasolucao.com.br\" target=\"_blank\">Edital<\/a> do <strong>Concurso FETI-MG<\/strong> (Funda\u00e7\u00e3o de Ensino T\u00e9cnico Intensivo) no munic\u00edpio de Uberaba, estado de <a rel=\"noreferrer noopener\" aria-label=\"Minas Gerais (abre em uma nova aba)\" href=\"https:\/\/www.editorasolucao.com.br\/blog\/concursos-abertos-mg\" target=\"_blank\">Minas Gerais<\/a>, que oferece <strong>14 vagas para candidatos de todos os n\u00edveis de escolaridade<\/strong>, com sal\u00e1rios de at\u00e9 <strong>R$ 3,1 mil<\/strong>. Confira os detalhes ao decorrer do texto.<\/p>\n\n\n\n<p style=\"text-align:center\"><strong><a href=\"https:\/\/www.editorasolucao.com.br\/concurso\/feti-mg-fundacao-de-ensino-tecnico-intensivo-dr-rene-barsam\" target=\"_blank\" rel=\"noreferrer noopener\" aria-label=\"Estude com as Apostilas FETI-MG e parcele SEM JUROS (abre em uma nova aba)\">Estude com as Apostilas FETI-MG e parcele SEM JUROS<\/a><\/strong><\/p>\n\n\n\n<div id=\"ez-toc-container\" class=\"ez-toc-v2_0_69_1 counter-hierarchy ez-toc-counter ez-toc-grey ez-toc-container-direction\">\n<div class=\"ez-toc-title-container\">\n<p class=\"ez-toc-title \" >Menu de navega&ccedil;&atilde;o<\/p>\n<span class=\"ez-toc-title-toggle\"><a href=\"#\" class=\"ez-toc-pull-right ez-toc-btn ez-toc-btn-xs ez-toc-btn-default ez-toc-toggle\" aria-label=\"Toggle Table of Content\"><span class=\"ez-toc-js-icon-con\"><span class=\"\"><span class=\"eztoc-hide\" style=\"display:none;\">Toggle<\/span><span class=\"ez-toc-icon-toggle-span\"><svg style=\"fill: #999;color:#999\" xmlns=\"http:\/\/www.w3.org\/2000\/svg\" class=\"list-377408\" width=\"20px\" height=\"20px\" viewBox=\"0 0 24 24\" fill=\"none\"><path d=\"M6 6H4v2h2V6zm14 0H8v2h12V6zM4 11h2v2H4v-2zm16 0H8v2h12v-2zM4 16h2v2H4v-2zm16 0H8v2h12v-2z\" fill=\"currentColor\"><\/path><\/svg><svg style=\"fill: #999;color:#999\" class=\"arrow-unsorted-368013\" xmlns=\"http:\/\/www.w3.org\/2000\/svg\" width=\"10px\" height=\"10px\" viewBox=\"0 0 24 24\" version=\"1.2\" baseProfile=\"tiny\"><path d=\"M18.2 9.3l-6.2-6.3-6.2 6.3c-.2.2-.3.4-.3.7s.1.5.3.7c.2.2.4.3.7.3h11c.3 0 .5-.1.7-.3.2-.2.3-.5.3-.7s-.1-.5-.3-.7zM5.8 14.7l6.2 6.3 6.2-6.3c.2-.2.3-.5.3-.7s-.1-.5-.3-.7c-.2-.2-.4-.3-.7-.3h-11c-.3 0-.5.1-.7.3-.2.2-.3.5-.3.7s.1.5.3.7z\"\/><\/svg><\/span><\/span><\/span><\/a><\/span><\/div>\n<nav><ul class='ez-toc-list ez-toc-list-level-1 ' ><li class='ez-toc-page-1 ez-toc-heading-level-2'><a class=\"ez-toc-link ez-toc-heading-1\" href=\"https:\/\/www.editorasolucao.com.br\/blog\/concurso\/feti-mg\/#Inscricoes_do_Concurso_FETI-MG\" title=\"Inscri\u00e7\u00f5es do Concurso FETI-MG\">Inscri\u00e7\u00f5es do Concurso FETI-MG<\/a><\/li><li class='ez-toc-page-1 ez-toc-heading-level-2'><a class=\"ez-toc-link ez-toc-heading-2\" href=\"https:\/\/www.editorasolucao.com.br\/blog\/concurso\/feti-mg\/#Cargos_vagas_e_salarios_do_Concurso_FETI_%E2%80%93_MG\" title=\"Cargos, vagas e sal\u00e1rios do Concurso FETI \u2013 MG\">Cargos, vagas e sal\u00e1rios do Concurso FETI \u2013 MG<\/a><\/li><li class='ez-toc-page-1 ez-toc-heading-level-2'><a class=\"ez-toc-link ez-toc-heading-3\" href=\"https:\/\/www.editorasolucao.com.br\/blog\/concurso\/feti-mg\/#Quais_sao_os_requisitos_basicos_para_a_investidura_nos_cargos_do_Concurso_FETI_%E2%80%93_MG\" title=\"Quais s\u00e3o os requisitos b\u00e1sicos para a investidura nos cargos do Concurso FETI \u2013 MG?\">Quais s\u00e3o os requisitos b\u00e1sicos para a investidura nos cargos do Concurso FETI \u2013 MG?<\/a><\/li><li class='ez-toc-page-1 ez-toc-heading-level-2'><a class=\"ez-toc-link ez-toc-heading-4\" href=\"https:\/\/www.editorasolucao.com.br\/blog\/concurso\/feti-mg\/#Como_serao_as_provas_do_Concurso_FETI_%E2%80%93_MG\" title=\"Como ser\u00e3o as provas do Concurso FETI \u2013 MG?\">Como ser\u00e3o as provas do Concurso FETI \u2013 MG?<\/a><\/li><\/ul><\/nav><\/div>\n<h2 class=\"wp-block-heading\"><span class=\"ez-toc-section\" id=\"Inscricoes_do_Concurso_FETI-MG\"><\/span>Inscri\u00e7\u00f5es do Concurso FETI-MG<span class=\"ez-toc-section-end\"><\/span><\/h2>\n\n\n\n<p>As inscri\u00e7\u00f5es dever\u00e3o ser realizadas atrav\u00e9s do site <a rel=\"noreferrer noopener\" aria-label=\"Funda\u00e7\u00e3o CEFTMINAS (abre em uma nova aba)\" href=\"https:\/\/concurso.fundacaocefetminas.org.br\/site\/processo_seletivo_detalhes.aspx?id=7EC6534EEB519013\" target=\"_blank\">Funda\u00e7\u00e3o CEFTMINAS<\/a>, a partir das<strong> 09h do dia 03 de fevereiro de 2020<\/strong> <strong>at\u00e9 \u00e0s 23h59 do dia 04 de mar\u00e7o de 2020<\/strong>. Ser\u00e3o cobradas taxas de inscri\u00e7\u00e3o com valores referentes ao n\u00edvel do cargo pretendido.<\/p>\n\n\n\n<ul><li> N\u00edvel Fundamental (Incompleto): <strong>R$ 50,00<\/strong><\/li><li> N\u00edvel M\u00e9dio: <strong>R$ 70,00<\/strong><\/li><li> N\u00edvel Superior: <strong>R$ 100,00<\/strong><\/li><\/ul>\n\n\n\n<p><\/p>\n\n\n\n<p>O candidato que, em raz\u00e3o de limita\u00e7\u00f5es de ordem financeira, n\u00e3o puder arcar com o pagamento do valor de inscri\u00e7\u00e3o, sob pena de comprometimento do sustento pr\u00f3prio e de sua fam\u00edlia, poder\u00e1 requerer <strong>isen\u00e7\u00e3o do pagamento do valor de inscri\u00e7\u00e3o<\/strong>.<\/p>\n\n\n\n<h2 class=\"wp-block-heading\"><span class=\"ez-toc-section\" id=\"Cargos_vagas_e_salarios_do_Concurso_FETI_%E2%80%93_MG\"><\/span>Cargos, vagas e sal\u00e1rios do Concurso FETI \u2013 MG<span class=\"ez-toc-section-end\"><\/span><\/h2>\n\n\n\n<p>S\u00e3o ofertadas <strong>14 vagas para candidatos de n\u00edveis Fundamental (incompleto), M\u00e9dio e Superior<\/strong>, com sal\u00e1rios que v\u00e3o de <strong>R$ 1.113,00 a R$ 3.100,00<\/strong> e jornadas de trabalho de 30 horas semanais, dependendo do cargo. Abaixo est\u00e3o a quantidade de oportunidades correspondentes a cada fun\u00e7\u00e3o.<\/p>\n\n\n\n<p> <strong>N\u00edvel Fundamental (Incompleto)<\/strong><\/p>\n\n\n\n<p> Trabalhador Bra\u00e7al (01) e<a href=\"https:\/\/www.editorasolucao.com.br\/catalogsearch\/result\/?q=feti-mg+auxiliar+de+servi\u00e7os+gerais&amp;cat=\" target=\"_blank\" rel=\"noreferrer noopener\" aria-label=\" Auxiliar de Servi\u00e7os Gerai (abre em uma nova aba)\"> Auxiliar de Servi\u00e7os Gerai<\/a>s (01).<\/p>\n\n\n\n<p><strong>N\u00edvel M\u00e9dio<\/strong><\/p>\n\n\n\n<p><a href=\"https:\/\/www.editorasolucao.com.br\/apostila-solucao\/impresso\/apostila-feti-mg-agente-administrativo\" target=\"_blank\" rel=\"noreferrer noopener\" aria-label=\"Agente Administrativo (abre em uma nova aba)\">Agente Administrativo<\/a> (04) e <a rel=\"noreferrer noopener\" aria-label=\"Motorista de Ve\u00edculos Oficiais (abre em uma nova aba)\" href=\"https:\/\/www.editorasolucao.com.br\/apostila-solucao\/impresso\/apostila-feti-mg-motorista-veiculos-oficiais\" target=\"_blank\">Motorista de Ve\u00edculos Oficiais<\/a> (01).<\/p>\n\n\n\n<p><strong><a href=\"https:\/\/www.editorasolucao.com.br\/apostila-solucao\/impresso\/apostila-feti-mg-comum-cargos-nivel-superior\" target=\"_blank\" rel=\"noreferrer noopener\" aria-label=\"N\u00edvel Superior  (abre em uma nova aba)\">N\u00edvel Superior <\/a><\/strong><\/p>\n\n\n\n<p>Assistente Social (02); Auditor (01); Contabilista (01); Educador Social (01); Psic\u00f3logo (01) e Supervisor Pedag\u00f3gico (01).<\/p>\n\n\n\n<h2 class=\"wp-block-heading\"><span class=\"ez-toc-section\" id=\"Quais_sao_os_requisitos_basicos_para_a_investidura_nos_cargos_do_Concurso_FETI_%E2%80%93_MG\"><\/span>Quais s\u00e3o os requisitos b\u00e1sicos para a investidura nos cargos do Concurso FETI \u2013 MG?<span class=\"ez-toc-section-end\"><\/span><\/h2>\n\n\n\n<p>Saiba quais s\u00e3o as exig\u00eancias para que o candidato tome posse dos cargos ofertados:<\/p>\n\n\n\n<ul><li>Ser brasileiro nato ou naturalizado, ou, se estrangeiro, atender as exig\u00eancias estabelecidas em lei, ou, no caso de nacionalidade portuguesa, estar amparado pelo Estatuto de Igualdade entre Brasileiros e Portugueses, com reconhecimento do gozo dos direitos pol\u00edticos, na forma do disposto no art. 12 \u00a7 1\u00ba da Constitui\u00e7\u00e3o Federal\/88, combinado com o Decreto Federal n\u00ba 70.436\/72; <\/li><li> Estar em gozo dos direitos pol\u00edticos; <\/li><li> Ter regularidade com as obriga\u00e7\u00f5es militares, se do sexo masculino, e com as obriga\u00e7\u00f5es eleitorais; <\/li><li> Ter idade m\u00ednima de 18 (dezoito) anos; <\/li><li> Ter condi\u00e7\u00f5es de sa\u00fade f\u00edsica e mental, compat\u00edveis com o exerc\u00edcio do emprego ou da fun\u00e7\u00e3o, de acordo com a pr\u00e9via inspe\u00e7\u00e3o m\u00e9dica oficial, admitida a incapacidade f\u00edsica ou mental parcial; <\/li><li> Possuir o n\u00edvel de escolaridade exigido para o desempenho da fun\u00e7\u00e3o; <\/li><li> Possuir a habilita\u00e7\u00e3o legal para o exerc\u00edcio de profiss\u00e3o regulamentada. <\/li><\/ul>\n\n\n\n<p><\/p>\n\n\n\n<p style=\"text-align:center\"><strong><a href=\"https:\/\/www.editorasolucao.com.br\/concurso\/feti-mg-fundacao-de-ensino-tecnico-intensivo-dr-rene-barsam\" target=\"_blank\" rel=\"noreferrer noopener\">Estude com as Apostilas FETI-MG e parcele SEM JUROS<\/a><\/strong><\/p>\n\n\n\n<h2 class=\"wp-block-heading\"><span class=\"ez-toc-section\" id=\"Como_serao_as_provas_do_Concurso_FETI_%E2%80%93_MG\"><\/span> Como ser\u00e3o as provas do Concurso FETI \u2013 MG?<span class=\"ez-toc-section-end\"><\/span><\/h2>\n\n\n\n<p>O certame ser\u00e1 composto por <strong>duas etapas<\/strong>, sendo elas: <strong>Prova Objetiva<\/strong> (para todos os cargos) e <strong>Prova de T\u00edtulos<\/strong> (para os cargos de n\u00edvel Superior).<\/p>\n\n\n\n<h4 class=\"wp-block-heading\">Prova Objetiva<\/h4>\n\n\n\n<p>A <strong>Prova Objetiva<\/strong>, de car\u00e1ter eliminat\u00f3rio e classificat\u00f3rio, est\u00e1 prevista para ser realizada no dia <strong>05 de abril de 2020<\/strong>, e contar\u00e1 com <strong>40 quest\u00f5es de m\u00faltipla escolha<\/strong>. As disciplinas que versar\u00e3o as provas ser\u00e3o: <\/p>\n\n\n\n<ul><li>L\u00edngua Portuguesa;<\/li><li> Matem\u00e1tica;<\/li><li> Conhecimentos Gerais e Atualidades;<\/li><li> Conhecimentos Espec\u00edficos;<\/li><li> Inform\u00e1tica B\u00e1sica;<\/li><li> Regimento Interno e Estatuto.<\/li><\/ul>\n\n\n\n<h4 class=\"wp-block-heading\">Prova de T\u00edtulos<\/h4>\n\n\n\n<p>A <strong>avalia\u00e7\u00e3o de T\u00edtulos<\/strong> tem car\u00e1ter apenas classificat\u00f3rio e se submeter\u00e3o a esta etapa somente os candidatos aos cargos de N\u00edvel Superior. Esta etapa valer\u00e1 at\u00e9 <strong>10 (dez) pontos<\/strong>, ainda que a soma dos pontos obtidos pelos t\u00edtulos apresentados seja superior a esse valor.<\/p>\n\n\n\n<p>As atribui\u00e7\u00f5es de pontos se dar\u00e3o da seguinte forma:<\/p>\n\n\n\n<div class=\"wp-block-image\"><figure class=\"aligncenter\"><img loading=\"lazy\" decoding=\"async\" width=\"651\" height=\"211\" src=\"https:\/\/www.editorasolucao.com.br\/blog\/wp-content\/uploads\/2020\/01\/aaaaaaa.png\" alt=\"\" class=\"wp-image-8095\"\/><\/figure><\/div>\n\n\n\n<p> <\/p>\n\n\n\n<p>Conferiu todo o texto? Deseja fazer o certame? Ent\u00e3o comece a se preparar com as <strong>Apostilas Solu\u00e7\u00e3o<\/strong> e tenha um resultado positivo! <strong>Bons estudos e boa prova!!!<\/strong><\/p>\n\n\n\n<p style=\"text-align:center\"><strong><a href=\"https:\/\/www.editorasolucao.com.br\/concurso\/feti-mg-fundacao-de-ensino-tecnico-intensivo-dr-rene-barsam\" target=\"_blank\" rel=\"noreferrer noopener\">Estude com as Apostilas FETI-MG e parcele SEM JUROS<\/a><\/strong><\/p>\n","protected":false},"excerpt":{"rendered":"<p>Foi divulgado o Edital do Concurso FETI-MG (Funda\u00e7\u00e3o de Ensino T\u00e9cnico Intensivo) no munic\u00edpio de Uberaba, estado de Minas Gerais, que oferece 14 vagas para candidatos de todos os n\u00edveis de escolaridade, com sal\u00e1rios de at\u00e9 R$ 3,1 mil. Confira os detalhes ao decorrer do texto. Estude com as Apostilas FETI-MG e parcele SEM JUROS Inscri\u00e7\u00f5es do Concurso FETI-MG As inscri\u00e7\u00f5es dever\u00e3o ser realizadas atrav\u00e9s do site Funda\u00e7\u00e3o CEFTMINAS, a partir das 09h do dia 03 de fevereiro de 2020 at\u00e9 \u00e0s 23h59 do dia 04 de mar\u00e7o de 2020. Ser\u00e3o cobradas taxas de inscri\u00e7\u00e3o com valores referentes ao n\u00edvel&#8230;<\/p>\n","protected":false},"author":7,"featured_media":8096,"template":"","meta":{"_acf_changed":false,"rank_math_lock_modified_date":false},"categories":[],"tags":[],"acf":[],"_links":{"self":[{"href":"https:\/\/www.editorasolucao.com.br\/blog\/wp-json\/wp\/v2\/concurso\/8093"}],"collection":[{"href":"https:\/\/www.editorasolucao.com.br\/blog\/wp-json\/wp\/v2\/concurso"}],"about":[{"href":"https:\/\/www.editorasolucao.com.br\/blog\/wp-json\/wp\/v2\/types\/concurso"}],"author":[{"embeddable":true,"href":"https:\/\/www.editorasolucao.com.br\/blog\/wp-json\/wp\/v2\/users\/7"}],"wp:featuredmedia":[{"embeddable":true,"href":"https:\/\/www.editorasolucao.com.br\/blog\/wp-json\/wp\/v2\/media\/8096"}],"wp:attachment":[{"href":"https:\/\/www.editorasolucao.com.br\/blog\/wp-json\/wp\/v2\/media?parent=8093"}],"wp:term":[{"taxonomy":"category","embeddable":true,"href":"https:\/\/www.editorasolucao.com.br\/blog\/wp-json\/wp\/v2\/categories?post=8093"},{"taxonomy":"post_tag","embeddable":true,"href":"https:\/\/www.editorasolucao.com.br\/blog\/wp-json\/wp\/v2\/tags?post=8093"}],"curies":[{"name":"wp","href":"https:\/\/api.w.org\/{rel}","templated":true}]}}