{"id":8121,"date":"2020-01-17T15:13:47","date_gmt":"2020-01-17T18:13:47","guid":{"rendered":"https:\/\/www.editorasolucao.com.br\/blog\/?post_type=concurso&#038;p=8121"},"modified":"2020-01-28T10:44:53","modified_gmt":"2020-01-28T13:44:53","slug":"prefeitura-de-fundao-es","status":"publish","type":"concurso","link":"https:\/\/www.editorasolucao.com.br\/blog\/concurso\/prefeitura-de-fundao-es","title":{"rendered":"Concurso Fund\u00e3o &#8211; ES 2020: Mais de 100 vagas para todos os n\u00edveis!"},"content":{"rendered":"\n<p>Foi divulgado o <a rel=\"noreferrer noopener\" aria-label=\"Edital (abre em uma nova aba)\" href=\"https:\/\/www.editorasolucao.com.br\" target=\"_blank\">Edital<\/a> do <strong>Concurso Prefeitura de Fund\u00e3o<\/strong>, no estado de <a rel=\"noreferrer noopener\" aria-label=\"Esp\u00edrito Santos (abre em uma nova aba)\" href=\"https:\/\/www.editorasolucao.com.br\/blog\/concursos-abertos-es\" target=\"_blank\">Esp\u00edrito Santos<\/a>, que oferece <strong>108 vagas para candidatos de todos os n\u00edveis de escolaridade<\/strong>, com sal\u00e1rios que chegam a <strong>R$ 3,8 mil<\/strong>. Confira os detalhes ao decorrer do texto.<\/p>\n\n\n\n<div id=\"ez-toc-container\" class=\"ez-toc-v2_0_69_1 counter-hierarchy ez-toc-counter ez-toc-grey ez-toc-container-direction\">\n<div class=\"ez-toc-title-container\">\n<p class=\"ez-toc-title \" >Menu de navega&ccedil;&atilde;o<\/p>\n<span class=\"ez-toc-title-toggle\"><a href=\"#\" class=\"ez-toc-pull-right ez-toc-btn ez-toc-btn-xs ez-toc-btn-default ez-toc-toggle\" aria-label=\"Toggle Table of Content\"><span class=\"ez-toc-js-icon-con\"><span class=\"\"><span class=\"eztoc-hide\" style=\"display:none;\">Toggle<\/span><span class=\"ez-toc-icon-toggle-span\"><svg style=\"fill: #999;color:#999\" xmlns=\"http:\/\/www.w3.org\/2000\/svg\" class=\"list-377408\" width=\"20px\" height=\"20px\" viewBox=\"0 0 24 24\" fill=\"none\"><path d=\"M6 6H4v2h2V6zm14 0H8v2h12V6zM4 11h2v2H4v-2zm16 0H8v2h12v-2zM4 16h2v2H4v-2zm16 0H8v2h12v-2z\" fill=\"currentColor\"><\/path><\/svg><svg style=\"fill: #999;color:#999\" class=\"arrow-unsorted-368013\" xmlns=\"http:\/\/www.w3.org\/2000\/svg\" width=\"10px\" height=\"10px\" viewBox=\"0 0 24 24\" version=\"1.2\" baseProfile=\"tiny\"><path d=\"M18.2 9.3l-6.2-6.3-6.2 6.3c-.2.2-.3.4-.3.7s.1.5.3.7c.2.2.4.3.7.3h11c.3 0 .5-.1.7-.3.2-.2.3-.5.3-.7s-.1-.5-.3-.7zM5.8 14.7l6.2 6.3 6.2-6.3c.2-.2.3-.5.3-.7s-.1-.5-.3-.7c-.2-.2-.4-.3-.7-.3h-11c-.3 0-.5.1-.7.3-.2.2-.3.5-.3.7s.1.5.3.7z\"\/><\/svg><\/span><\/span><\/span><\/a><\/span><\/div>\n<nav><ul class='ez-toc-list ez-toc-list-level-1 ' ><li class='ez-toc-page-1 ez-toc-heading-level-2'><a class=\"ez-toc-link ez-toc-heading-1\" href=\"https:\/\/www.editorasolucao.com.br\/blog\/concurso\/prefeitura-de-fundao-es\/#Inscricoes_do_Concurso_Fundao_%E2%80%93_ES\" title=\"Inscri\u00e7\u00f5es do Concurso Fund\u00e3o \u2013 ES\">Inscri\u00e7\u00f5es do Concurso Fund\u00e3o \u2013 ES<\/a><\/li><li class='ez-toc-page-1 ez-toc-heading-level-2'><a class=\"ez-toc-link ez-toc-heading-2\" href=\"https:\/\/www.editorasolucao.com.br\/blog\/concurso\/prefeitura-de-fundao-es\/#Cargos_vagas_e_salarios_do_Concurso_Prefeitura_de_Fundao_%E2%80%93_RS\" title=\"Cargos, vagas e sal\u00e1rios do Concurso Prefeitura de Fund\u00e3o \u2013 RS\">Cargos, vagas e sal\u00e1rios do Concurso Prefeitura de Fund\u00e3o \u2013 RS<\/a><\/li><li class='ez-toc-page-1 ez-toc-heading-level-2'><a class=\"ez-toc-link ez-toc-heading-3\" href=\"https:\/\/www.editorasolucao.com.br\/blog\/concurso\/prefeitura-de-fundao-es\/#Quais_sao_os_requisitos_basicos_para_a_investidura_nos_cargos_do_Concurso_Fundao_%E2%80%93_ES\" title=\"Quais s\u00e3o os requisitos b\u00e1sicos para a investidura nos cargos do Concurso Fund\u00e3o \u2013 ES?\">Quais s\u00e3o os requisitos b\u00e1sicos para a investidura nos cargos do Concurso Fund\u00e3o \u2013 ES?<\/a><\/li><li class='ez-toc-page-1 ez-toc-heading-level-2'><a class=\"ez-toc-link ez-toc-heading-4\" href=\"https:\/\/www.editorasolucao.com.br\/blog\/concurso\/prefeitura-de-fundao-es\/#Como_serao_as_provas_do_Concurso_Prefeitura_de_Fundao_%E2%80%93_ES\" title=\"Como ser\u00e3o as provas do Concurso Prefeitura de Fund\u00e3o \u2013 ES\">Como ser\u00e3o as provas do Concurso Prefeitura de Fund\u00e3o \u2013 ES<\/a><\/li><\/ul><\/nav><\/div>\n<h2 class=\"wp-block-heading\"><span class=\"ez-toc-section\" id=\"Inscricoes_do_Concurso_Fundao_%E2%80%93_ES\"><\/span>Inscri\u00e7\u00f5es do Concurso Fund\u00e3o \u2013 ES<span class=\"ez-toc-section-end\"><\/span><\/h2>\n\n\n\n<p>As inscri\u00e7\u00f5es devem ser realizadas atrav\u00e9s do site <a rel=\"noreferrer noopener\" aria-label=\"Instituto IDCAP (abre em uma nova aba)\" href=\"https:\/\/www.idcap.org.br\/informacoes\/35\/\" target=\"_blank\">Instituto IDCAP<\/a>, at\u00e9 o dia <strong>14 de fevereiro de 2020<\/strong>. Ser\u00e3o cobradas taxas com valores referentes ao n\u00edvel do cargo pretendido.<\/p>\n\n\n\n<ul><li> N\u00edvel Fundamental: <strong>R$ 40,00<\/strong><\/li><li> N\u00edvel M\u00e9dio\/T\u00e9cnico: <strong>R$ 50,00<\/strong><\/li><li> N\u00edvel Superior: <strong>R$ 60,00<\/strong><\/li><\/ul>\n\n\n\n<h2 class=\"wp-block-heading\"><span class=\"ez-toc-section\" id=\"Cargos_vagas_e_salarios_do_Concurso_Prefeitura_de_Fundao_%E2%80%93_RS\"><\/span>Cargos, vagas e sal\u00e1rios do Concurso Prefeitura de Fund\u00e3o \u2013 RS<span class=\"ez-toc-section-end\"><\/span><\/h2>\n\n\n\n<p>S\u00e3o ofertadas <strong>108 vagas para candidatos de n\u00edveis Fundamental, M\u00e9dio, T\u00e9cnico e Superior<\/strong>, com sal\u00e1rios que v\u00e3o de <strong>R$ 1.045,00 a R$ 3.892,95<\/strong> e jornadas de trabalho que variam de 12 a 40 horas semanais ou 24x72h, dependendo do cargo. Abaixo est\u00e3o a quantidade de oportunidades imediatas correspondentes a cada fun\u00e7\u00e3o.<\/p>\n\n\n\n<p><strong> N\u00edvel Fundamenta<\/strong>l <\/p>\n\n\n\n<p>Agente Municipal de Defesa Civil (CR); Condutor de Ambul\u00e2ncia (06); Motorista Profissional (12); Operador de M\u00e1quina \u2013 Categoria I (motoniveladora ou escavadeira hidr\u00e1ulica) (03); Operador de M\u00e1quina \u2013 Categoria II (p\u00e1 carregadeira ou retroescavadeira) (03) e Operador de M\u00e1quina \u2013 Categoria III (rolo compactador ou trator) (01).<\/p>\n\n\n\n<p><strong>N\u00edvel M\u00e9dio\/T\u00e9cnico<\/strong> <\/p>\n\n\n\n<p>Assistente Administrativo (20); Cuidador de Educa\u00e7\u00e3o Especial (05); Cuidador de Educa\u00e7\u00e3o Infantil (2); Educador Social (CR); Fiscal de Servi\u00e7os P\u00fablicos (CR); Fiscal de Vigil\u00e2ncia Sanit\u00e1ria (CR); Int\u00e9rprete de Libras (01); Secret\u00e1rio Escolar (01); T\u00e9cnico em Contabilidade (CR); T\u00e9cnico em Edifica\u00e7\u00f5es (CR); T\u00e9cnico em Enfermagem (12); T\u00e9cnico em Inform\u00e1tica (CR); T\u00e9cnico em Laborat\u00f3rio (CR); T\u00e9cnico em Mec\u00e2nica (CR); T\u00e9cnico em Sa\u00fade Bucal (01) e T\u00e9cnico em Seguran\u00e7a do Trabalho (CR).<\/p>\n\n\n\n<p><strong>N\u00edvel Superior<\/strong> <\/p>\n\n\n\n<p>Administrador (CR); Analista Administrativo Financeiro (CR); Analista de Gest\u00e3o P\u00fablica Programas Governamentais \u2013 Ci\u00eancias Humanas e Sociais (CR); Analista de Gest\u00e3o P\u00fablica Programas Governamentais \u2013 Pedagogia (01); Analista de Gest\u00e3o P\u00fablica Programas Governamentais \u2013 Servi\u00e7o Social (01); Analista de Recursos Humanos (01); Analista Jur\u00eddico (CR); Arquiteto (01); Arquivista (CR); Assistente Social (02); Auditor Interno (CR); Contador (CR); Enfermeiro 30h (CR); Enfermeiro 40h (04); Engenheiro Civil (CR); Fisioterapeuta (03); Fonoaudi\u00f3logo (CR); M\u00e9dico 40h (03); M\u00e9dico Ginecologista Obstetra (CR); M\u00e9dico Pediatra (01); M\u00e9dico Plantonista 12h (05); M\u00e9dico Veterin\u00e1rio (CR); Nutricionista (CR); Odont\u00f3logo (01); Procurador Municipal (01); Psic\u00f3logo (01); Terapeuta Ocupacional (CR) e Turism\u00f3logo (CR).<\/p>\n\n\n\n<h2 class=\"wp-block-heading\"><span class=\"ez-toc-section\" id=\"Quais_sao_os_requisitos_basicos_para_a_investidura_nos_cargos_do_Concurso_Fundao_%E2%80%93_ES\"><\/span>Quais s\u00e3o os requisitos b\u00e1sicos para a investidura nos cargos do Concurso Fund\u00e3o \u2013 ES?<span class=\"ez-toc-section-end\"><\/span><\/h2>\n\n\n\n<p> Saiba quais s\u00e3o as exig\u00eancias para que o candidato tome posse dos cargos ofertados:<\/p>\n\n\n\n<ul><li>apresentar diploma ou certificado, devidamente registrado, de conclus\u00e3o de curso, conforme requisito do cargo pretendido, fornecido por institui\u00e7\u00e3o de ensino reconhecida pelos \u00d3rg\u00e3os competentes, comprovado por meio da apresenta\u00e7\u00e3o de original e c\u00f3pia do respectivo documento; <\/li><li> estar registrado e com a situa\u00e7\u00e3o regularizada junto ao \u00f3rg\u00e3o de conselho de classe correspondente \u00e0 sua forma\u00e7\u00e3o profissional, quando for o caso, devidamente comprovado com a documenta\u00e7\u00e3o exigida; <\/li><li> ter nacionalidade brasileira; no caso de nacionalidade portuguesa, estar amparado pelo estatuto de igualdade entre brasileiros e portugueses, com reconhecimento do gozo dos direitos pol\u00edticos, nos termos do \u00a71\u00ba do art. 12 da Constitui\u00e7\u00e3o da Rep\u00fablica Federativa do Brasil e na forma do disposto no art. 13 do Decreto Federal n\u00ba 70.436, de 18 de abril de 1972; <\/li><li> ter idade m\u00ednima de 18 (dezoito) anos; <\/li><li> estar em pleno gozo dos direitos pol\u00edticos; <\/li><li> estar quite com as obriga\u00e7\u00f5es eleitorais;<\/li><li> estar quite com os deveres do Servi\u00e7o Militar, se do sexo masculino;<\/li><li> estar apto, f\u00edsica e mentalmente, n\u00e3o apresentando defici\u00eancia que o incapacite para o exerc\u00edcio das fun\u00e7\u00f5es do cargo, fato apurado pela Per\u00edcia M\u00e9dica Oficial a ser designada; <\/li><li> n\u00e3o ter sido condenado \u00e0 pena privativa de liberdade transitada em julgado ou qualquer outra condena\u00e7\u00e3o incompat\u00edvel com a fun\u00e7\u00e3o p\u00fablica; <\/li><li> estar inscrito regularmente no Cadastro de Pessoas F\u00edsicas \u2013 CPF; <\/li><li> n\u00e3o acumular cargos, empregos ou fun\u00e7\u00f5es p\u00fablicas, salvo nos casos constitucionalmente admitidos; <\/li><li> cumprir, na \u00edntegra, as determina\u00e7\u00f5es previstas no Edital de abertura do Concurso P\u00fablico.<\/li><\/ul>\n\n\n\n<h2 class=\"wp-block-heading\"><span class=\"ez-toc-section\" id=\"Como_serao_as_provas_do_Concurso_Prefeitura_de_Fundao_%E2%80%93_ES\"><\/span>Como ser\u00e3o as provas do Concurso Prefeitura de Fund\u00e3o \u2013 ES<span class=\"ez-toc-section-end\"><\/span><\/h2>\n\n\n\n<p>O certame ser\u00e1 composto por <strong>tr\u00eas etapas<\/strong>, s\u00e3o elas:<\/p>\n\n\n\n<ul><li> Prova Objetiva \u2013 car\u00e1ter eliminat\u00f3rio e classificat\u00f3rio (para todos os cargos);<\/li><li> Prova Discursiva \u2013 car\u00e1ter eliminat\u00f3rio e classificat\u00f3rio (somente para o cargo de Procurador Municipal);<\/li><li> Prova Pr\u00e1tica \u2013 car\u00e1ter eliminat\u00f3rio e classificat\u00f3rio (para os cargos de Condutor de Ambul\u00e2ncia, Motorista Profissional, Operador de M\u00e1quina \u2013 Categoria I (motoniveladora ou escavadeira hidr\u00e1ulica), Operador de M\u00e1quina \u2013 Categoria II (p\u00e1 carregadeira ou retroescavadeira) e Operador de M\u00e1quina \u2013 Categoria III (rolo compactador ou trator));<\/li><li> Prova de T\u00edtulos \u2013 car\u00e1ter classificat\u00f3rio (para os cargos de n\u00edvel Superior).<\/li><\/ul>\n\n\n\n<h4 class=\"wp-block-heading\">Prova Objetiva<\/h4>\n\n\n\n<p>A <strong>Prova Objetiva<\/strong> est\u00e1 prevista para ser realizada no dia <strong>08 de mar\u00e7o de 2020<\/strong>, e contar\u00e1 com <strong>50 quest\u00f5es de m\u00faltipla escolha<\/strong>. As disciplinas que versar\u00e3o as provas ser\u00e3o:<\/p>\n\n\n\n<ul><li>L\u00edngua Portuguesa;<\/li><li> Matem\u00e1tica;<\/li><li> Conhecimentos Gerais;<\/li><li> No\u00e7\u00f5es de Inform\u00e1tica (menos para os cargos de n\u00edvel Fundamental);<\/li><li> Conhecimentos Espec\u00edficos.<\/li><\/ul>\n\n\n\n<p><strong>Procurador Municipal <\/strong><\/p>\n\n\n\n<ul><li>Direito Administrativo;<\/li><li> Direito Constitucional;<\/li><li> Direito Processual Civil;<\/li><li> Direito Civil;<\/li><li> Direito Tribut\u00e1rio;<\/li><li> Direito Penal;<\/li><li> Legisla\u00e7\u00e3o Municipal.<\/li><\/ul>\n\n\n\n<h4 class=\"wp-block-heading\">Prova Discursiva<\/h4>\n\n\n\n<p> A <strong>Prova Discursiva<\/strong> ser\u00e1 aplicada no mesmo dia e hor\u00e1rio da <strong>Prova Objetiva<\/strong>, e contar\u00e1 com uma <strong>Pe\u00e7a Profissional<\/strong> e destinar-se-\u00e1 a avaliar o dom\u00ednio do conte\u00fado dos temas abordados, baseada em t\u00f3picos do conte\u00fado de Conhecimentos Espec\u00edficos do cargo pretendido.<\/p>\n\n\n\n<p>Essa etapa ser\u00e1 avaliada de acordo com os seguintes aspectos:<\/p>\n\n\n\n<div class=\"wp-block-image\"><figure class=\"aligncenter\"><img loading=\"lazy\" decoding=\"async\" width=\"654\" height=\"221\" src=\"https:\/\/www.editorasolucao.com.br\/blog\/wp-content\/uploads\/2020\/01\/fund\u00e3o1.png\" alt=\"\" class=\"wp-image-8124\"\/><\/figure><\/div>\n\n\n\n<h4 class=\"wp-block-heading\">Prova Pr\u00e1tica<\/h4>\n\n\n\n<p>A <strong>Prova Pr\u00e1tica<\/strong> ser\u00e1 avaliada na escala de <strong>0 (zero) a 20 (vinte) pontos<\/strong>, distribu\u00eddos em conformidade com os testes que ser\u00e3o estabelecidos, levando em considera\u00e7\u00e3o a natureza do cargo e as atribui\u00e7\u00f5es previstas no Edital.<\/p>\n\n\n\n<h4 class=\"wp-block-heading\"> Prova de T\u00edtulos<\/h4>\n\n\n\n<p>A <strong>Prova de T\u00edtulos<\/strong> ser\u00e1 aplicada aos candidatos aprovados na <strong>Prova Objetiva e Discursiva<\/strong> (quando houver), de todos os cargos de N\u00edvel Superior.<\/p>\n\n\n\n<p>Ser\u00e3o considerados os seguintes t\u00edtulos, para efeitos do presente Concurso P\u00fablico:<\/p>\n\n\n\n<div class=\"wp-block-image\"><figure class=\"aligncenter\"><img loading=\"lazy\" decoding=\"async\" width=\"656\" height=\"141\" src=\"https:\/\/www.editorasolucao.com.br\/blog\/wp-content\/uploads\/2020\/01\/fund\u00e3o2.png\" alt=\"\" class=\"wp-image-8125\"\/><\/figure><\/div>\n\n\n\n<div class=\"wp-block-image\"><figure class=\"aligncenter\"><img loading=\"lazy\" decoding=\"async\" width=\"656\" height=\"122\" src=\"https:\/\/www.editorasolucao.com.br\/blog\/wp-content\/uploads\/2020\/01\/fund\u00e3o3.png\" alt=\"\" class=\"wp-image-8126\"\/><\/figure><\/div>\n\n\n\n<p><\/p>\n\n\n\n<p>Conferiu todo o texto? Deseja fazer o certame? Ent\u00e3o comece a se preparar com as <strong>Apostilas Solu\u00e7\u00e3o<\/strong> e tenha um resultado positivo! <strong>Bons estudos e boa prova!!!<\/strong><\/p>\n","protected":false},"excerpt":{"rendered":"<p>Foi divulgado o Edital do Concurso Prefeitura de Fund\u00e3o, no estado de Esp\u00edrito Santos, que oferece 108 vagas para candidatos de todos os n\u00edveis de escolaridade, com sal\u00e1rios que chegam a R$ 3,8 mil. Confira os detalhes ao decorrer do texto. Inscri\u00e7\u00f5es do Concurso Fund\u00e3o \u2013 ES As inscri\u00e7\u00f5es devem ser realizadas atrav\u00e9s do site Instituto IDCAP, at\u00e9 o dia 14 de fevereiro de 2020. Ser\u00e3o cobradas taxas com valores referentes ao n\u00edvel do cargo pretendido. N\u00edvel Fundamental: R$ 40,00 N\u00edvel M\u00e9dio\/T\u00e9cnico: R$ 50,00 N\u00edvel Superior: R$ 60,00 Cargos, vagas e sal\u00e1rios do Concurso Prefeitura de Fund\u00e3o \u2013 RS S\u00e3o&#8230;<\/p>\n","protected":false},"author":7,"featured_media":8123,"template":"","meta":{"_acf_changed":false,"rank_math_lock_modified_date":false},"categories":[],"tags":[],"acf":[],"_links":{"self":[{"href":"https:\/\/www.editorasolucao.com.br\/blog\/wp-json\/wp\/v2\/concurso\/8121"}],"collection":[{"href":"https:\/\/www.editorasolucao.com.br\/blog\/wp-json\/wp\/v2\/concurso"}],"about":[{"href":"https:\/\/www.editorasolucao.com.br\/blog\/wp-json\/wp\/v2\/types\/concurso"}],"author":[{"embeddable":true,"href":"https:\/\/www.editorasolucao.com.br\/blog\/wp-json\/wp\/v2\/users\/7"}],"wp:featuredmedia":[{"embeddable":true,"href":"https:\/\/www.editorasolucao.com.br\/blog\/wp-json\/wp\/v2\/media\/8123"}],"wp:attachment":[{"href":"https:\/\/www.editorasolucao.com.br\/blog\/wp-json\/wp\/v2\/media?parent=8121"}],"wp:term":[{"taxonomy":"category","embeddable":true,"href":"https:\/\/www.editorasolucao.com.br\/blog\/wp-json\/wp\/v2\/categories?post=8121"},{"taxonomy":"post_tag","embeddable":true,"href":"https:\/\/www.editorasolucao.com.br\/blog\/wp-json\/wp\/v2\/tags?post=8121"}],"curies":[{"name":"wp","href":"https:\/\/api.w.org\/{rel}","templated":true}]}}