{"id":8269,"date":"2020-01-22T11:13:10","date_gmt":"2020-01-22T14:13:10","guid":{"rendered":"https:\/\/www.editorasolucao.com.br\/blog\/?post_type=concurso&#038;p=8269"},"modified":"2020-01-22T11:13:11","modified_gmt":"2020-01-22T14:13:11","slug":"prefeitura-de-sao-francisco-mg","status":"publish","type":"concurso","link":"https:\/\/www.editorasolucao.com.br\/blog\/concurso\/prefeitura-de-sao-francisco-mg","title":{"rendered":"Concurso Prefeitura de S\u00e3o Francisco &#8211; MG 2020: Mais de 240 vagas com sal\u00e1rios de at\u00e9 R$ 9,9 mil!"},"content":{"rendered":"\n<p>Foi divulgado o <a rel=\"noreferrer noopener\" aria-label=\"Edital (abre em uma nova aba)\" href=\"https:\/\/www.editorasolucao.com.br\" target=\"_blank\">Edital<\/a> do<strong> Processo Seletivo de S\u00e3o Francisco<\/strong>, no estado de <a rel=\"noreferrer noopener\" aria-label=\"Minas Gerais (abre em uma nova aba)\" href=\"https:\/\/www.editorasolucao.com.br\/blog\/concursos-abertos-mg\" target=\"_blank\">Minas Gerais<\/a>, que oferece <strong>241 vagas para candidatos de todos os n\u00edveis de escolaridade<\/strong>, com sal\u00e1rios que chegam a <strong>R$ 9,9 mil<\/strong>. Confira os detalhes ao decorrer do texto.<\/p>\n\n\n\n<div id=\"ez-toc-container\" class=\"ez-toc-v2_0_69_1 counter-hierarchy ez-toc-counter ez-toc-grey ez-toc-container-direction\">\n<div class=\"ez-toc-title-container\">\n<p class=\"ez-toc-title \" >Menu de navega&ccedil;&atilde;o<\/p>\n<span class=\"ez-toc-title-toggle\"><a href=\"#\" class=\"ez-toc-pull-right ez-toc-btn ez-toc-btn-xs ez-toc-btn-default ez-toc-toggle\" aria-label=\"Toggle Table of Content\"><span class=\"ez-toc-js-icon-con\"><span class=\"\"><span class=\"eztoc-hide\" style=\"display:none;\">Toggle<\/span><span class=\"ez-toc-icon-toggle-span\"><svg style=\"fill: #999;color:#999\" xmlns=\"http:\/\/www.w3.org\/2000\/svg\" class=\"list-377408\" width=\"20px\" height=\"20px\" viewBox=\"0 0 24 24\" fill=\"none\"><path d=\"M6 6H4v2h2V6zm14 0H8v2h12V6zM4 11h2v2H4v-2zm16 0H8v2h12v-2zM4 16h2v2H4v-2zm16 0H8v2h12v-2z\" fill=\"currentColor\"><\/path><\/svg><svg style=\"fill: #999;color:#999\" class=\"arrow-unsorted-368013\" xmlns=\"http:\/\/www.w3.org\/2000\/svg\" width=\"10px\" height=\"10px\" viewBox=\"0 0 24 24\" version=\"1.2\" baseProfile=\"tiny\"><path d=\"M18.2 9.3l-6.2-6.3-6.2 6.3c-.2.2-.3.4-.3.7s.1.5.3.7c.2.2.4.3.7.3h11c.3 0 .5-.1.7-.3.2-.2.3-.5.3-.7s-.1-.5-.3-.7zM5.8 14.7l6.2 6.3 6.2-6.3c.2-.2.3-.5.3-.7s-.1-.5-.3-.7c-.2-.2-.4-.3-.7-.3h-11c-.3 0-.5.1-.7.3-.2.2-.3.5-.3.7s.1.5.3.7z\"\/><\/svg><\/span><\/span><\/span><\/a><\/span><\/div>\n<nav><ul class='ez-toc-list ez-toc-list-level-1 ' ><li class='ez-toc-page-1 ez-toc-heading-level-2'><a class=\"ez-toc-link ez-toc-heading-1\" href=\"https:\/\/www.editorasolucao.com.br\/blog\/concurso\/prefeitura-de-sao-francisco-mg\/#Inscricoes_do_Concurso_de_Sao_Francisco_%E2%80%93_MG\" title=\"Inscri\u00e7\u00f5es do Concurso de S\u00e3o Francisco \u2013 MG\">Inscri\u00e7\u00f5es do Concurso de S\u00e3o Francisco \u2013 MG<\/a><\/li><li class='ez-toc-page-1 ez-toc-heading-level-2'><a class=\"ez-toc-link ez-toc-heading-2\" href=\"https:\/\/www.editorasolucao.com.br\/blog\/concurso\/prefeitura-de-sao-francisco-mg\/#Cargos_vagas_e_salarios_do_Processo_Seletivo_de_Sao_Francisco_%E2%80%93_MG\" title=\"Cargos, vagas e sal\u00e1rios do Processo Seletivo de S\u00e3o Francisco \u2013 MG\">Cargos, vagas e sal\u00e1rios do Processo Seletivo de S\u00e3o Francisco \u2013 MG<\/a><\/li><li class='ez-toc-page-1 ez-toc-heading-level-2'><a class=\"ez-toc-link ez-toc-heading-3\" href=\"https:\/\/www.editorasolucao.com.br\/blog\/concurso\/prefeitura-de-sao-francisco-mg\/#Quais_sao_os_requisitos_basicos_para_a_investidura_nos_cargos_do_Concurso_de_Sao_Francisco\" title=\"Quais s\u00e3o os requisitos b\u00e1sicos para a investidura nos cargos do Concurso de S\u00e3o Francisco?\">Quais s\u00e3o os requisitos b\u00e1sicos para a investidura nos cargos do Concurso de S\u00e3o Francisco?<\/a><\/li><li class='ez-toc-page-1 ez-toc-heading-level-2'><a class=\"ez-toc-link ez-toc-heading-4\" href=\"https:\/\/www.editorasolucao.com.br\/blog\/concurso\/prefeitura-de-sao-francisco-mg\/#Como_sera_a_prova_do_Processo_Seletivo_Prefeitura_de_Sao_Francisco_%E2%80%93_MG\" title=\"Como ser\u00e1 a prova do Processo Seletivo Prefeitura de S\u00e3o Francisco \u2013 MG?\">Como ser\u00e1 a prova do Processo Seletivo Prefeitura de S\u00e3o Francisco \u2013 MG?<\/a><\/li><\/ul><\/nav><\/div>\n<h2 class=\"wp-block-heading\"><span class=\"ez-toc-section\" id=\"Inscricoes_do_Concurso_de_Sao_Francisco_%E2%80%93_MG\"><\/span>Inscri\u00e7\u00f5es do Concurso de S\u00e3o Francisco \u2013 MG<span class=\"ez-toc-section-end\"><\/span><\/h2>\n\n\n\n<p>As inscri\u00e7\u00f5es dever\u00e3o ser realizadas atrav\u00e9s do site <a href=\"https:\/\/www.google.com.br\/url?sa=t&amp;rct=j&amp;q=&amp;esrc=s&amp;source=web&amp;cd=1&amp;cad=rja&amp;uact=8&amp;ved=2ahUKEwiGpPKQsZfnAhW9IbkGHWjJDocQFjAAegQIBxAC&amp;url=https%3A%2F%2Fcotec.fadenor.com.br%2F&amp;usg=AOvVaw085njazEDLjq3upi7C0Xf3\" target=\"_blank\" rel=\"noreferrer noopener\" aria-label=\"Cotec (abre em uma nova aba)\">Cotec<\/a>, a partir das <strong>08h do dia 24 de janeiro de 2020 at\u00e9 \u00e0s 17h do dia 13 de fevereiro de 2020<\/strong>. Ser\u00e3o cobradas taxas de inscri\u00e7\u00e3o com valores referentes ao n\u00edvel do cargo desejado.<\/p>\n\n\n\n<ul><li> N\u00edvel Fundamental (Completo e Incompleto):<strong> R$ 60,00<\/strong><\/li><li> N\u00edvel M\u00e9dio\/T\u00e9cnico: <strong>R$ 70,00<\/strong><\/li><li> N\u00edvel Superior: <strong>R$ 90,00<\/strong><\/li><li> M\u00e9dicos: <strong>R$ 120,00<\/strong><\/li><\/ul>\n\n\n\n<p><\/p>\n\n\n\n<p>Haver\u00e1 <strong>isen\u00e7\u00e3o do pagamento da taxa de inscri\u00e7\u00e3o<\/strong> para o candidato, desempregado ou n\u00e3o, que demonstrar, comprovadamente, hipossufici\u00eancia de recursos financeiros, no caso de n\u00e3o poder arcar com a taxa de inscri\u00e7\u00e3o sem que seja comprometido o seu sustento ou da pr\u00f3pria fam\u00edlia.<\/p>\n\n\n\n<p>A solicita\u00e7\u00e3o dever\u00e1 ser feita das <strong>08h at\u00e9 \u00e0s 17h do dia 23 de janeiro de 2020<\/strong>.<\/p>\n\n\n\n<h2 class=\"wp-block-heading\"><span class=\"ez-toc-section\" id=\"Cargos_vagas_e_salarios_do_Processo_Seletivo_de_Sao_Francisco_%E2%80%93_MG\"><\/span>Cargos, vagas e sal\u00e1rios do Processo Seletivo de S\u00e3o Francisco \u2013 MG<span class=\"ez-toc-section-end\"><\/span><\/h2>\n\n\n\n<p>S\u00e3o ofertadas <strong>241 vagas para candidatos de n\u00edveis Fundamental (completo e incompleto), M\u00e9dio, T\u00e9cnico e Superior<\/strong>, com sal\u00e1rios que v\u00e3o de <strong>R$ 1.045,00 a R$ 9.900,00<\/strong> e jornadas de trabalho que variam de 20 a 40 horas semanais ou (40 h ou 12X36 ou 24X72), dependendo do cargo. Abaixo est\u00e1 a quantidade de oportunidades correspondentes a cada fun\u00e7\u00e3o.<\/p>\n\n\n\n<p> <strong>N\u00edvel Fundamental Incompleto<\/strong><\/p>\n\n\n\n<p> Auxiliar de Servi\u00e7os Gerais (70); Auxiliar de Servi\u00e7os da Educa\u00e7\u00e3o B\u00e1sica (06); Auxiliar de Mec\u00e2nico (02); Motorista (03); Piloto de Embarca\u00e7\u00e3o (01) e Pintor (01).<\/p>\n\n\n\n<p><strong>N\u00edvel Fundamental Completo<\/strong><\/p>\n\n\n\n<p> Auxiliar de Cuidador Social (08); Agente Administrativo (01); Costureiro (01); Cozinheiro (01) e Vigia (02).<\/p>\n\n\n\n<p><strong>N\u00edvel M\u00e9dio\/T\u00e9cnico<\/strong><\/p>\n\n\n\n<p> Agente de Combate \u00e0s Endemias (12); Agente Comunit\u00e1rio de Sa\u00fade \u2013 diversas localidades (46); Agente Social do Acessuas (01); Agente Social do Aepeti (01); Assistente Administrativo (01); Atendente do Programa Bolsa Fam\u00edlia (06); Atendente de Servi\u00e7os Postais (10); Cuidador Social (15); Fiscal de Obras e Posturas (03); Assistente T\u00e9cnico da Educa\u00e7\u00e3o \u2013 Auxiliar de Secretaria (03) e T\u00e9cnico em Inform\u00e1tica (01).<\/p>\n\n\n\n<p><strong>N\u00edvel Superior<\/strong><\/p>\n\n\n\n<p> Assistente Social (01); Educador F\u00edsico 901); Enfermeiro (01); Engenheiro Civil (01); Farmac\u00eautico (01); Fisioterapeuta (01); Fonoaudi\u00f3logo (01); M\u00e9dico de PSF (09); M\u00e9dico Psiquiatra (01); M\u00e9dico do Trabalho (01); T\u00e9cnico em N\u00edvel Superior em Pol\u00edticas Sociais \u2013 Pedagogo (01); Psic\u00f3logo \u2013 Secretaria Municipal de Sa\u00fade (02); T\u00e9cnico em N\u00edvel Superior em Pol\u00edticas Sociais &#8211; Psic\u00f3logo \u2013 Secretaria Municipal de Desenvolvimento Social (03); Professor de Educa\u00e7\u00e3o B\u00e1sica \u2013 Ci\u00eancias (01); Professor de Educa\u00e7\u00e3o B\u00e1sica \u2013 Educa\u00e7\u00e3o F\u00edsica (14); Professor da Educa\u00e7\u00e3o B\u00e1sica \u2013 Educa\u00e7\u00e3o Infantil (02); Professor de Educa\u00e7\u00e3o B\u00e1sica \u2013 Geografia (01); Professor da Educa\u00e7\u00e3o B\u00e1sica \u2013 Matem\u00e1tica (01); Professor da Educa\u00e7\u00e3o B\u00e1sica Atendimento Educacional Especializado na Sala de Recursos (02) e Professor da Educa\u00e7\u00e3o B\u00e1sica \u2013 Portugu\u00eas (01).<\/p>\n\n\n\n<h2 class=\"wp-block-heading\"><span class=\"ez-toc-section\" id=\"Quais_sao_os_requisitos_basicos_para_a_investidura_nos_cargos_do_Concurso_de_Sao_Francisco\"><\/span>Quais s\u00e3o os requisitos b\u00e1sicos para a investidura nos cargos do Concurso de S\u00e3o Francisco?<span class=\"ez-toc-section-end\"><\/span><\/h2>\n\n\n\n<p> Saiba quais s\u00e3o as exig\u00eancias para que o candidato tome posse dos cargos ofertados:<\/p>\n\n\n\n<ul><li>Ser brasileiro nato ou naturalizado, conforme disposto na Constitui\u00e7\u00e3o Federal\/1988, ou cidad\u00e3o portugu\u00eas, conforme o artigo 12 da Constitui\u00e7\u00e3o Federal\/1988 e o Decreto Federal n.\u00ba 70.436\/1972;<\/li><li>Se do sexo masculino, estar em dia com as obriga\u00e7\u00f5es do servi\u00e7o militar, entre 1\u00ba de janeiro do ano em que completar 19 (dezenove) e 31 de dezembro do ano em que completar 45 (quarenta e cinco) anos de idade, observado o disposto no artigo 210 do Decreto n.\u00ba 57.654\/66;<\/li><li>Estar em dia com as obriga\u00e7\u00f5es eleitorais;<\/li><li>Ter, na data da contrata\u00e7\u00e3o, idade m\u00ednima de 18 (dezoito) anos completos, ou ser emancipado;<\/li><li>Ter, na data da contrata\u00e7\u00e3o, a escolaridade exigida para a fun\u00e7\u00e3o (Edital);<\/li><li>No caso de inscri\u00e7\u00e3o para a fun\u00e7\u00e3o de Agente Comunit\u00e1rio de Sa\u00fade, residir na \u00e1rea da comunidade em que atuar, conforme o c\u00f3digo da fun\u00e7\u00e3o pleiteada, desde a data da publica\u00e7\u00e3o deste Edital. E, ainda, permanecer nela residindo durante o per\u00edodo da forma\u00e7\u00e3o referida no Edital e durante a atua\u00e7\u00e3o na fun\u00e7\u00e3o, ressalvado o disposto nos par\u00e1grafos 4\u00ba e 5\u00ba do artigo 6\u00ba da Lei Federal 11.350\/06;<\/li><li>Possuir aptid\u00e3o f\u00edsica e mental compat\u00edvel com o exerc\u00edcio da fun\u00e7\u00e3o, comprovada em inspe\u00e7\u00e3o m\u00e9dica oficial, que ser\u00e1 realizada de acordo com a defini\u00e7\u00e3o da PROMOTORA, antes da contrata\u00e7\u00e3o. O candidato que n\u00e3o possuir aptid\u00e3o f\u00edsica e mental compat\u00edvel com a fun\u00e7\u00e3o ser\u00e1 eliminado do processo seletivo;<\/li><li>Cumprir e comprovar as exig\u00eancias especificadas para a fun\u00e7\u00e3o pleiteada, estabelecidas na legisla\u00e7\u00e3o municipal, no Edital<\/li><\/ul>\n\n\n\n<h2 class=\"wp-block-heading\"><span class=\"ez-toc-section\" id=\"Como_sera_a_prova_do_Processo_Seletivo_Prefeitura_de_Sao_Francisco_%E2%80%93_MG\"><\/span>Como ser\u00e1 a prova do Processo Seletivo Prefeitura de S\u00e3o Francisco \u2013 MG?<span class=\"ez-toc-section-end\"><\/span><\/h2>\n\n\n\n<p>O certame ser\u00e1 composto por uma <strong>Prova Objetiva<\/strong>, de car\u00e1ter eliminat\u00f3rio e classificat\u00f3rio, que est\u00e1 prevista para ser realizada no dia <strong>08 de mar\u00e7o de 2020<\/strong>, e contar\u00e1 com <strong>25 quest\u00f5es de m\u00faltipla escolha<\/strong>. As disciplinas que versar\u00e3o as provas ser\u00e3o: <\/p>\n\n\n\n<ul><li>L\u00edngua Portuguesa;<\/li><li> Matem\u00e1tica (menos para os cargos de n\u00edvel Superior, Fiscal de Obras, Agente de Combate \u00e0s Endemias e Agente Comunit\u00e1rio de Sa\u00fade);<\/li><li> Conhecimentos Gerais (somente para os cargos de n\u00edvel Fundamental);<\/li><li> No\u00e7\u00f5es de Inform\u00e1tica (menos para os cargos de n\u00edvel Fundamental e T\u00e9cnico em Inform\u00e1tica);<\/li><li> Did\u00e1tica (apenas para o cargo de Professor da Educa\u00e7\u00e3o B\u00e1sica \u2013 Portugu\u00eas);<\/li><li> Conhecimentos Espec\u00edficos.<\/li><\/ul>\n\n\n\n<p><\/p>\n\n\n\n<p>Conferiu todo o texto? Deseja fazer o certame? Ent\u00e3o comece a se preparar com as <strong>Apostilas Solu\u00e7\u00e3o<\/strong> e tenha um resultado positivo! <strong>Bons estudos e boa prova!!!<\/strong><\/p>\n","protected":false},"excerpt":{"rendered":"<p>Foi divulgado o Edital do Processo Seletivo de S\u00e3o Francisco, no estado de Minas Gerais, que oferece 241 vagas para candidatos de todos os n\u00edveis de escolaridade, com sal\u00e1rios que chegam a R$ 9,9 mil. Confira os detalhes ao decorrer do texto. Inscri\u00e7\u00f5es do Concurso de S\u00e3o Francisco \u2013 MG As inscri\u00e7\u00f5es dever\u00e3o ser realizadas atrav\u00e9s do site Cotec, a partir das 08h do dia 24 de janeiro de 2020 at\u00e9 \u00e0s 17h do dia 13 de fevereiro de 2020. Ser\u00e3o cobradas taxas de inscri\u00e7\u00e3o com valores referentes ao n\u00edvel do cargo desejado. N\u00edvel Fundamental (Completo e Incompleto): R$ 60,00&#8230;<\/p>\n","protected":false},"author":7,"featured_media":8271,"template":"","meta":{"_acf_changed":false,"rank_math_lock_modified_date":false},"categories":[],"tags":[],"acf":[],"_links":{"self":[{"href":"https:\/\/www.editorasolucao.com.br\/blog\/wp-json\/wp\/v2\/concurso\/8269"}],"collection":[{"href":"https:\/\/www.editorasolucao.com.br\/blog\/wp-json\/wp\/v2\/concurso"}],"about":[{"href":"https:\/\/www.editorasolucao.com.br\/blog\/wp-json\/wp\/v2\/types\/concurso"}],"author":[{"embeddable":true,"href":"https:\/\/www.editorasolucao.com.br\/blog\/wp-json\/wp\/v2\/users\/7"}],"wp:featuredmedia":[{"embeddable":true,"href":"https:\/\/www.editorasolucao.com.br\/blog\/wp-json\/wp\/v2\/media\/8271"}],"wp:attachment":[{"href":"https:\/\/www.editorasolucao.com.br\/blog\/wp-json\/wp\/v2\/media?parent=8269"}],"wp:term":[{"taxonomy":"category","embeddable":true,"href":"https:\/\/www.editorasolucao.com.br\/blog\/wp-json\/wp\/v2\/categories?post=8269"},{"taxonomy":"post_tag","embeddable":true,"href":"https:\/\/www.editorasolucao.com.br\/blog\/wp-json\/wp\/v2\/tags?post=8269"}],"curies":[{"name":"wp","href":"https:\/\/api.w.org\/{rel}","templated":true}]}}