{"id":8382,"date":"2020-01-27T16:57:02","date_gmt":"2020-01-27T19:57:02","guid":{"rendered":"https:\/\/www.editorasolucao.com.br\/blog\/?post_type=concurso&#038;p=8382"},"modified":"2020-01-27T16:57:02","modified_gmt":"2020-01-27T19:57:02","slug":"camara-de-fenix-pr","status":"publish","type":"concurso","link":"https:\/\/www.editorasolucao.com.br\/blog\/concurso\/camara-de-fenix-pr","title":{"rendered":"Concurso C\u00e2mara de F\u00eanix &#8211; PR 2020: Vagas para n\u00edveis M\u00e9dio e T\u00e9cnico!"},"content":{"rendered":"\n<p>Foi divulgado o <a rel=\"noreferrer noopener\" aria-label=\"Edital (abre em uma nova aba)\" href=\"https:\/\/www.editorasolucao.com.br\" target=\"_blank\">Edital<\/a> do <strong>Concurso C\u00e2mara de F\u00eanix<\/strong>, no estado do <a rel=\"noreferrer noopener\" aria-label=\"Paran\u00e1 (abre em uma nova aba)\" href=\"https:\/\/www.editorasolucao.com.br\/blog\/concursos-abertos-pr\" target=\"_blank\">Paran\u00e1<\/a>, que oferece vagas para candidatos de <strong>n\u00edveis M\u00e9dio e T\u00e9cnico<\/strong>, com sal\u00e1rios de at\u00e9 <strong>R$ 2 mil<\/strong>. Confira os detalhes ao decorrer do texto.<\/p>\n\n\n\n<div id=\"ez-toc-container\" class=\"ez-toc-v2_0_69_1 counter-hierarchy ez-toc-counter ez-toc-grey ez-toc-container-direction\">\n<div class=\"ez-toc-title-container\">\n<p class=\"ez-toc-title \" >Menu de navega&ccedil;&atilde;o<\/p>\n<span class=\"ez-toc-title-toggle\"><a href=\"#\" class=\"ez-toc-pull-right ez-toc-btn ez-toc-btn-xs ez-toc-btn-default ez-toc-toggle\" aria-label=\"Toggle Table of Content\"><span class=\"ez-toc-js-icon-con\"><span class=\"\"><span class=\"eztoc-hide\" style=\"display:none;\">Toggle<\/span><span class=\"ez-toc-icon-toggle-span\"><svg style=\"fill: #999;color:#999\" xmlns=\"http:\/\/www.w3.org\/2000\/svg\" class=\"list-377408\" width=\"20px\" height=\"20px\" viewBox=\"0 0 24 24\" fill=\"none\"><path d=\"M6 6H4v2h2V6zm14 0H8v2h12V6zM4 11h2v2H4v-2zm16 0H8v2h12v-2zM4 16h2v2H4v-2zm16 0H8v2h12v-2z\" fill=\"currentColor\"><\/path><\/svg><svg style=\"fill: #999;color:#999\" class=\"arrow-unsorted-368013\" xmlns=\"http:\/\/www.w3.org\/2000\/svg\" width=\"10px\" height=\"10px\" viewBox=\"0 0 24 24\" version=\"1.2\" baseProfile=\"tiny\"><path d=\"M18.2 9.3l-6.2-6.3-6.2 6.3c-.2.2-.3.4-.3.7s.1.5.3.7c.2.2.4.3.7.3h11c.3 0 .5-.1.7-.3.2-.2.3-.5.3-.7s-.1-.5-.3-.7zM5.8 14.7l6.2 6.3 6.2-6.3c.2-.2.3-.5.3-.7s-.1-.5-.3-.7c-.2-.2-.4-.3-.7-.3h-11c-.3 0-.5.1-.7.3-.2.2-.3.5-.3.7s.1.5.3.7z\"\/><\/svg><\/span><\/span><\/span><\/a><\/span><\/div>\n<nav><ul class='ez-toc-list ez-toc-list-level-1 ' ><li class='ez-toc-page-1 ez-toc-heading-level-2'><a class=\"ez-toc-link ez-toc-heading-1\" href=\"https:\/\/www.editorasolucao.com.br\/blog\/concurso\/camara-de-fenix-pr\/#Inscricoes_do_Concurso_de_Fenix\" title=\"Inscri\u00e7\u00f5es do Concurso de F\u00eanix\">Inscri\u00e7\u00f5es do Concurso de F\u00eanix<\/a><\/li><li class='ez-toc-page-1 ez-toc-heading-level-2'><a class=\"ez-toc-link ez-toc-heading-2\" href=\"https:\/\/www.editorasolucao.com.br\/blog\/concurso\/camara-de-fenix-pr\/#Cargos_vagas_e_salarios_do_Concurso_Camara_de_Fenix_%E2%80%93_PR\" title=\"Cargos, vagas e sal\u00e1rios do Concurso C\u00e2mara de F\u00eanix \u2013 PR\">Cargos, vagas e sal\u00e1rios do Concurso C\u00e2mara de F\u00eanix \u2013 PR<\/a><\/li><li class='ez-toc-page-1 ez-toc-heading-level-2'><a class=\"ez-toc-link ez-toc-heading-3\" href=\"https:\/\/www.editorasolucao.com.br\/blog\/concurso\/camara-de-fenix-pr\/#Quais_sao_os_requisitos_basicos_para_a_investidura_nos_cargos_do_Concurso_de_Fenix_%E2%80%93_PR\" title=\"Quais s\u00e3o os requisitos b\u00e1sicos para a investidura nos cargos do Concurso de F\u00eanix \u2013 PR?\">Quais s\u00e3o os requisitos b\u00e1sicos para a investidura nos cargos do Concurso de F\u00eanix \u2013 PR?<\/a><\/li><li class='ez-toc-page-1 ez-toc-heading-level-2'><a class=\"ez-toc-link ez-toc-heading-4\" href=\"https:\/\/www.editorasolucao.com.br\/blog\/concurso\/camara-de-fenix-pr\/#Como_sera_a_prova_do_Concurso_Prefeitura_de_Fenix_%E2%80%93_PR\" title=\"Como ser\u00e1 a prova do Concurso Prefeitura de F\u00eanix &#8211; PR\">Como ser\u00e1 a prova do Concurso Prefeitura de F\u00eanix &#8211; PR<\/a><\/li><li class='ez-toc-page-1 ez-toc-heading-level-2'><a class=\"ez-toc-link ez-toc-heading-5\" href=\"https:\/\/www.editorasolucao.com.br\/blog\/concurso\/camara-de-fenix-pr\/#O_que_faz_um_Auxiliar_de_Administracao\" title=\"O que faz um Auxiliar de Administra\u00e7\u00e3o?\">O que faz um Auxiliar de Administra\u00e7\u00e3o?<\/a><\/li><li class='ez-toc-page-1 ez-toc-heading-level-2'><a class=\"ez-toc-link ez-toc-heading-6\" href=\"https:\/\/www.editorasolucao.com.br\/blog\/concurso\/camara-de-fenix-pr\/#O_que_faz_um_Tecnico_de_Informatica\" title=\"O que faz um T\u00e9cnico de Inform\u00e1tica?\">O que faz um T\u00e9cnico de Inform\u00e1tica?<\/a><\/li><\/ul><\/nav><\/div>\n<h2 class=\"wp-block-heading\"><span class=\"ez-toc-section\" id=\"Inscricoes_do_Concurso_de_Fenix\"><\/span>Inscri\u00e7\u00f5es do Concurso de F\u00eanix<span class=\"ez-toc-section-end\"><\/span><\/h2>\n\n\n\n<p>As inscri\u00e7\u00f5es dever\u00e3o ser realizadas atrav\u00e9s do site <a rel=\"noreferrer noopener\" aria-label=\"Funda\u00e7\u00e3o Unespar (abre em uma nova aba)\" href=\"https:\/\/www.fundacaofafipa.org.br\/informacoes\/3710\/\" target=\"_blank\">Funda\u00e7\u00e3o Unespar<\/a>, a partir das <strong>08h do dia 28 de janeiro de 2020, at\u00e9 \u00e0s 23h59 do dia 26 de fevereiro de 2020<\/strong>. Ser\u00e1 cobrada uma taxa de inscri\u00e7\u00e3o no valor de <strong>R$ 60,00<\/strong>.<\/p>\n\n\n\n<p>Haver\u00e1 <strong>isen\u00e7\u00e3o total ou parcial do pagamento da taxa de inscri\u00e7\u00e3o<\/strong> para os candidatos que:<\/p>\n\n\n\n<ul><li>perten\u00e7am a fam\u00edlia inscrita no Cadastro \u00danico para Programas Sociais (Cad\u00danico), do Governo Federal, cuja renda familiar mensal per capita seja inferior ou igual a meio sal\u00e1rio-m\u00ednimo nacional; ou<\/li><li> doadores de medula \u00f3ssea em entidades reconhecidas pelo Minist\u00e9rio da Sa\u00fade.<\/li><\/ul>\n\n\n\n<p><\/p>\n\n\n\n<p>A solicita\u00e7\u00e3o dever\u00e1 ser feita no per\u00edodo do dia <strong>28 de janeiro ao dia 03 de fevereiro de 2020<\/strong>.<\/p>\n\n\n\n<h2 class=\"wp-block-heading\"><span class=\"ez-toc-section\" id=\"Cargos_vagas_e_salarios_do_Concurso_Camara_de_Fenix_%E2%80%93_PR\"><\/span>Cargos, vagas e sal\u00e1rios do Concurso C\u00e2mara de F\u00eanix \u2013 PR<span class=\"ez-toc-section-end\"><\/span><\/h2>\n\n\n\n<p>S\u00e3o ofertadas <strong>02 vagas ao todo<\/strong>, sendo 0<strong>1 para o cargo de Auxiliar de Administra\u00e7\u00e3o<\/strong> (n\u00edvel M\u00e9dio), que possui sal\u00e1rio de <strong>R$ 1.388,53<\/strong> e <strong>01 para o cargo de T\u00e9cnico em Inform\u00e1tica<\/strong> (n\u00edvel T\u00e9cnico), que tem remunera\u00e7\u00e3o de<strong> R$ 2.000,00<\/strong>. Ambas as fun\u00e7\u00f5es t\u00eam jornadas de trabalho de 40 horas semanais. <\/p>\n\n\n\n<h2 class=\"wp-block-heading\"><span class=\"ez-toc-section\" id=\"Quais_sao_os_requisitos_basicos_para_a_investidura_nos_cargos_do_Concurso_de_Fenix_%E2%80%93_PR\"><\/span>Quais s\u00e3o os requisitos b\u00e1sicos para a investidura nos cargos do Concurso de F\u00eanix \u2013 PR?<span class=\"ez-toc-section-end\"><\/span><\/h2>\n\n\n\n<p>Saiba quais s\u00e3o as exig\u00eancias para que o candidato tome posse dos cargos ofertados:<\/p>\n\n\n\n<ul><li>Ser brasileiro, nos termos da Constitui\u00e7\u00e3o Federal; <\/li><li> Ter, na data da nomea\u00e7\u00e3o, idade m\u00ednima de 18 (dezoito) anos completos; <\/li><li> No caso do sexo masculino, estar em dia com o Servi\u00e7o Militar; <\/li><li> Estar quite com suas obriga\u00e7\u00f5es eleitorais e em gozo dos direitos pol\u00edticos; <\/li><li> Possuir os requisitos indicados no Edital para o cargo ao qual se candidatou; <\/li><li> N\u00e3o ter sofrido, no exerc\u00edcio de fun\u00e7\u00e3o p\u00fablica, penalidade incompat\u00edvel com a nomea\u00e7\u00e3o no cargo p\u00fablico; <\/li><li> N\u00e3o estar ocupando cargo ou emprego na administra\u00e7\u00e3o direta ou indireta da Uni\u00e3o, dos Estados, do Distrito Federal e dos Munic\u00edpios, nem ser empregado ou servidor de suas subsidi\u00e1rias e controladas, salvo os casos de acumula\u00e7\u00e3o expressas em lei; <\/li><li> Cumprir as determina\u00e7\u00f5es do Edital, ter sido aprovado no presente Concurso P\u00fablico e ser considerado apto ap\u00f3s submeter-se aos exames m\u00e9dicos exigidos para a nomea\u00e7\u00e3o.<\/li><\/ul>\n\n\n\n<h2 class=\"wp-block-heading\"><span class=\"ez-toc-section\" id=\"Como_sera_a_prova_do_Concurso_Prefeitura_de_Fenix_%E2%80%93_PR\"><\/span>Como ser\u00e1 a prova do Concurso Prefeitura de F\u00eanix &#8211; PR<span class=\"ez-toc-section-end\"><\/span><\/h2>\n\n\n\n<p>certame ter\u00e1 como forma avaliativa, uma <strong>Prova Objetiva<\/strong>, de car\u00e1ter eliminat\u00f3rio e classificat\u00f3rio, que est\u00e1 prevista para ser realizada no dia <strong>22 de mar\u00e7o de 2020<\/strong>, e contar\u00e1 com <strong>30 quest\u00f5es de m\u00faltipla escolha<\/strong>. As disciplinas que versar\u00e3o as provas ser\u00e3o: <\/p>\n\n\n\n<div class=\"wp-block-image\"><figure class=\"aligncenter\"><img loading=\"lazy\" decoding=\"async\" width=\"659\" height=\"130\" src=\"https:\/\/www.editorasolucao.com.br\/blog\/wp-content\/uploads\/2020\/01\/f\u00eanix1.png\" alt=\"\" class=\"wp-image-8385\"\/><\/figure><\/div>\n\n\n\n<p><\/p>\n\n\n\n<p>Para ser aprovado no Concurso P\u00fablico, o candidato dever\u00e1 obter <strong>50% (cinquenta por cento) ou mais no total das \u00e1reas de conhecimento da Prova Objetiva<\/strong>, al\u00e9m de n\u00e3o ser eliminado por outros crit\u00e9rios estabelecidos no Edital.<\/p>\n\n\n\n<h2 class=\"wp-block-heading\"><span class=\"ez-toc-section\" id=\"O_que_faz_um_Auxiliar_de_Administracao\"><\/span>O que faz um Auxiliar de Administra\u00e7\u00e3o? <span class=\"ez-toc-section-end\"><\/span><\/h2>\n\n\n\n<p> As atribui\u00e7\u00f5es referentes ao cargo de Auxiliar de Administra\u00e7\u00e3o, s\u00e3o as seguintes: Auxiliar e manter o controle da guarda de documentos; Atender telefones, transmitindo os recados \u00e0s pessoas com as reservas necess\u00e1rias; Levar e trazer documentos de uma unidade para outra, quando solicitado; Efetuar anota\u00e7\u00f5es e transmitir os recados aos demais servidores; Preencher impressos de requerimentos e outros documentos; Auxiliar nos trabalhos e tarefas administrativas inerentes a todas as unidades do Legislativo; Atender ao p\u00fablico fornecendo-lhes todas as informa\u00e7\u00f5es de que necessitam; Redigir of\u00edcios, requerimentos, indica\u00e7\u00f5es e outros expedientes referentes \u00e0s atividades legislativas e correlatas; Executar todos os servi\u00e7os de apoio, tanto administrativo, legislativo e cont\u00e1bil; Executar servi\u00e7os banc\u00e1rios e de expedientes gerais; Auxiliar todas as atividades de servi\u00e7os escritur\u00e1rios; Efetuar todas as demais fun\u00e7\u00f5es administrativas correlatas e de mesmo ou inferior n\u00edvel de complexidade e responsabilidade; Conhecimentos b\u00e1sicos de inform\u00e1tica, internet e outros. Executar servi\u00e7os de digita\u00e7\u00e3o, organiza\u00e7\u00e3o de arquivos, protocolo e manuseio de m\u00e1quina fotocopiadora, elaborar relat\u00f3rios, zelar pelos equipamentos e bens patrimoniais do mun\u00edcipio e, demais atividades correlatas. Cuidar da quest\u00e3o da seguran\u00e7a do pr\u00e9dio do Legislativo local, em especial no cuidado com o fechamento de portas e janelas nos intervalos e finais de expedientes.<\/p>\n\n\n\n<h2 class=\"wp-block-heading\"><span class=\"ez-toc-section\" id=\"O_que_faz_um_Tecnico_de_Informatica\"><\/span>O que faz um T\u00e9cnico de Inform\u00e1tica? <span class=\"ez-toc-section-end\"><\/span><\/h2>\n\n\n\n<p>As atribui\u00e7\u00f5es referentes ao cargo de T\u00e9cnico de Inform\u00e1tica, s\u00e3o as seguintes: Desenvolver sistemas e aplica\u00e7\u00f5es: Desenvolver interface gr\u00e1fica; aplicar crit\u00e9rios ergon\u00f4micos de navega\u00e7\u00e3o em sistemas e aplica\u00e7\u00f5es; montar estrutura de banco de dados; codificar programas; prover sistemas de rotinas de seguran\u00e7a; compilar programas; testar programas; gerar aplicativos para instala\u00e7\u00e3o e gerenciamento de sistemas; documentar sistemas e aplica\u00e7\u00f5es. Realizar manuten\u00e7\u00e3o de sistemas e aplica\u00e7\u00f5es. Alterar sistemas e aplica\u00e7\u00f5es. Alterar estrutura de armazenamento de dados. Atualizar informa\u00e7\u00f5es gr\u00e1ficas e textuais. Converter sistemas e aplica\u00e7\u00f5es para outras linguagens ou plataformas. Atualizar documenta\u00e7\u00f5es de sistemas e aplica\u00e7\u00f5es. Fornecer suporte t\u00e9cnico. Monitorar desempenho e performance de sistemas e aplica\u00e7\u00f5es. Implantar sistemas e aplica\u00e7\u00f5es. Instalar programas. Adaptar conte\u00fado para m\u00e9dias interativas; homologar sistemas e aplica\u00e7\u00f5es junto a usu\u00e1rios. Treinar usu\u00e1rios. Verificar resultados obtidos. Avaliar objetivos e metas de projetos de sistemas e aplica\u00e7\u00f5es. Projetar sistemas e aplica\u00e7\u00f5es. Identificar demanda de mercado. Coletar dados. Desenvolver leiaute de telas e relat\u00f3rios. Elaborar anteprojeto, projetos conceitual, l\u00f3gico, estrutural, f\u00edsico e gr\u00e1fico. Definir crit\u00e9rios ergon\u00f4micos e de navega\u00e7\u00e3o em sistemas e aplica\u00e7\u00f5es. Definir interface de comunica\u00e7\u00e3o e interatividade. Elaborar croquis e desenhos para gera\u00e7\u00e3o de programas em CNC. Projetar dispositivos, ferramentas e posicionamento de pe\u00e7as em m\u00e1quinas. Dimensionar vida \u00fatil de sistema e aplica\u00e7\u00f5es; modelar estrutura de banco de dados. Selecionar metodologias de desenvolvimento de sistemas. Selecionar linguagem de programa\u00e7\u00e3o; selecionar ferramentas de desenvolvimento. Especificar configura\u00e7\u00f5es de maquinas e equipamentos (hardware). Especificar m\u00e1quinas, ferramentas, acess\u00f3rios e suprimentos. Compor equipe t\u00e9cnica. Especificar recursos e estrat\u00e9gias de comunica\u00e7\u00e3o e comercializa\u00e7\u00e3o. Solicitar consultoria t\u00e9cnica. Planejar etapas e a\u00e7\u00f5es de trabalho. Definir cronograma de trabalho. Reunir-se com equipe de trabalho ou cliente. Definir padroniza\u00e7\u00f5es de sistemas e aplica\u00e7\u00f5es; especificar atividades e tarefas; distribuir tarefas. Realizar inser\u00e7\u00e3o de dados nos sistemas existente, realizando manuten\u00e7\u00e3o e atualiza\u00e7\u00e3o dos dados. Conhecimento b\u00e1sico do processo legislativo, regimento interno e Lei Org\u00e2nica Municipal. Acompanhamento das sess\u00f5es legislativas, incluindo dados e gerenciando o sistema de apoio ao processo legislativo. Atualiza\u00e7\u00e3o e manuten\u00e7\u00e3o do site oficial da C\u00e2mara e o portal da transpar\u00eancia. Prestar suporte t\u00e9cnico na \u00e1rea de tecnologia da informa\u00e7\u00e3o aos usu\u00e1rios da C\u00e2mara. Atender ao p\u00fablico, interno e externo. Elaborar, orientar \u00e0 tramita\u00e7\u00e3o de processos, projetos, or\u00e7amentos e contratos. Arquivar processos, projetos, leis, publica\u00e7\u00f5es e atos normativos. Orientar, elaborar e protocolar as proposi\u00e7\u00f5es, requerimentos e indica\u00e7\u00f5es dos Vereadores. Fazer levantamento de dados quando solicitado. Participar de estudos e projetos que forem desenvolvidos na \u00e1rea administrativa ou de inform\u00e1tica. Elaborar relat\u00f3rios das atividades. Atender \u00e0s demandas internas de instala\u00e7\u00e3o, manuten\u00e7\u00e3o e configura\u00e7\u00e3o de equipamentos relativos a tecnologia da informa\u00e7\u00e3o da C\u00e2mara. Gerar e manter a documenta\u00e7\u00e3o de aplicativos, sistemas e servi\u00e7os disponibilizados aos usu\u00e1rios da C\u00e2mara Municipal. Acompanhar e realizar transmiss\u00f5es ao vivo na internet das sess\u00f5es. Manuten\u00e7\u00e3o e cuidado com o \u00e1udio das sess\u00f5es e reuni\u00f5es de comiss\u00f5es. Realizar a manuten\u00e7\u00e3o preventiva e corretiva dos equipamentos relativos \u00e0 tecnologia da informa\u00e7\u00e3o, \u00e1udio e v\u00eddeo, da C\u00e2mara. Desenvolver, participar e ministrar treinamentos referentes \u00e0 sua \u00e1rea de atua\u00e7\u00e3o. Representar o setor no \u00e2mbito de sua \u00e1rea de atua\u00e7\u00e3o. Executar outras tarefas da mesma natureza e n\u00edvel de complexidade associadas ao ambiente organizacional.<\/p>\n\n\n\n<p>Conferiu todo o texto? Deseja fazer o certame? Ent\u00e3o comece a se preparar com as <strong>Apostilas Solu\u00e7\u00e3o<\/strong> e tenha um resultado positivo!<strong> Bons estudos e boa prova!!!<\/strong><\/p>\n","protected":false},"excerpt":{"rendered":"<p>Foi divulgado o Edital do Concurso C\u00e2mara de F\u00eanix, no estado do Paran\u00e1, que oferece vagas para candidatos de n\u00edveis M\u00e9dio e T\u00e9cnico, com sal\u00e1rios de at\u00e9 R$ 2 mil. Confira os detalhes ao decorrer do texto. Inscri\u00e7\u00f5es do Concurso de F\u00eanix As inscri\u00e7\u00f5es dever\u00e3o ser realizadas atrav\u00e9s do site Funda\u00e7\u00e3o Unespar, a partir das 08h do dia 28 de janeiro de 2020, at\u00e9 \u00e0s 23h59 do dia 26 de fevereiro de 2020. Ser\u00e1 cobrada uma taxa de inscri\u00e7\u00e3o no valor de R$ 60,00. Haver\u00e1 isen\u00e7\u00e3o total ou parcial do pagamento da taxa de inscri\u00e7\u00e3o para os candidatos que: perten\u00e7am&#8230;<\/p>\n","protected":false},"author":7,"featured_media":8384,"template":"","meta":{"_acf_changed":false,"rank_math_lock_modified_date":false},"categories":[],"tags":[],"acf":[],"_links":{"self":[{"href":"https:\/\/www.editorasolucao.com.br\/blog\/wp-json\/wp\/v2\/concurso\/8382"}],"collection":[{"href":"https:\/\/www.editorasolucao.com.br\/blog\/wp-json\/wp\/v2\/concurso"}],"about":[{"href":"https:\/\/www.editorasolucao.com.br\/blog\/wp-json\/wp\/v2\/types\/concurso"}],"author":[{"embeddable":true,"href":"https:\/\/www.editorasolucao.com.br\/blog\/wp-json\/wp\/v2\/users\/7"}],"wp:featuredmedia":[{"embeddable":true,"href":"https:\/\/www.editorasolucao.com.br\/blog\/wp-json\/wp\/v2\/media\/8384"}],"wp:attachment":[{"href":"https:\/\/www.editorasolucao.com.br\/blog\/wp-json\/wp\/v2\/media?parent=8382"}],"wp:term":[{"taxonomy":"category","embeddable":true,"href":"https:\/\/www.editorasolucao.com.br\/blog\/wp-json\/wp\/v2\/categories?post=8382"},{"taxonomy":"post_tag","embeddable":true,"href":"https:\/\/www.editorasolucao.com.br\/blog\/wp-json\/wp\/v2\/tags?post=8382"}],"curies":[{"name":"wp","href":"https:\/\/api.w.org\/{rel}","templated":true}]}}