{"id":8386,"date":"2020-01-27T17:55:17","date_gmt":"2020-01-27T20:55:17","guid":{"rendered":"https:\/\/www.editorasolucao.com.br\/blog\/?post_type=concurso&#038;p=8386"},"modified":"2020-01-27T17:55:17","modified_gmt":"2020-01-27T20:55:17","slug":"prefeitura-de-pilar-de-goias-go","status":"publish","type":"concurso","link":"https:\/\/www.editorasolucao.com.br\/blog\/concurso\/prefeitura-de-pilar-de-goias-go","title":{"rendered":"Concurso Prefeitura de Pilar de Goi\u00e1s &#8211; GO: Oportunidades abertas!"},"content":{"rendered":"\n<p>Foi divulgado o <a rel=\"noreferrer noopener\" aria-label=\"Edital (abre em uma nova aba)\" href=\"https:\/\/www.editorasolucao.com.br\" target=\"_blank\">Edital<\/a> do <strong>Concurso Prefeitura de Pilar de Goi\u00e1s<\/strong>, no estado de <a rel=\"noreferrer noopener\" aria-label=\"Goi\u00e1s (abre em uma nova aba)\" href=\"https:\/\/www.editorasolucao.com.br\/blog\/concursos-abertos-go\" target=\"_blank\">Goi\u00e1s<\/a>, que oferece vagas para candidatos de <strong>n\u00edvel M\u00e9dio<\/strong>, com sal\u00e1rios de <strong>R$ 1,2 mil<\/strong>. Confira os detalhes ao decorrer do texto.<\/p>\n\n\n\n<div id=\"ez-toc-container\" class=\"ez-toc-v2_0_69_1 counter-hierarchy ez-toc-counter ez-toc-grey ez-toc-container-direction\">\n<div class=\"ez-toc-title-container\">\n<p class=\"ez-toc-title \" >Menu de navega&ccedil;&atilde;o<\/p>\n<span class=\"ez-toc-title-toggle\"><a href=\"#\" class=\"ez-toc-pull-right ez-toc-btn ez-toc-btn-xs ez-toc-btn-default ez-toc-toggle\" aria-label=\"Toggle Table of Content\"><span class=\"ez-toc-js-icon-con\"><span class=\"\"><span class=\"eztoc-hide\" style=\"display:none;\">Toggle<\/span><span class=\"ez-toc-icon-toggle-span\"><svg style=\"fill: #999;color:#999\" xmlns=\"http:\/\/www.w3.org\/2000\/svg\" class=\"list-377408\" width=\"20px\" height=\"20px\" viewBox=\"0 0 24 24\" fill=\"none\"><path d=\"M6 6H4v2h2V6zm14 0H8v2h12V6zM4 11h2v2H4v-2zm16 0H8v2h12v-2zM4 16h2v2H4v-2zm16 0H8v2h12v-2z\" fill=\"currentColor\"><\/path><\/svg><svg style=\"fill: #999;color:#999\" class=\"arrow-unsorted-368013\" xmlns=\"http:\/\/www.w3.org\/2000\/svg\" width=\"10px\" height=\"10px\" viewBox=\"0 0 24 24\" version=\"1.2\" baseProfile=\"tiny\"><path d=\"M18.2 9.3l-6.2-6.3-6.2 6.3c-.2.2-.3.4-.3.7s.1.5.3.7c.2.2.4.3.7.3h11c.3 0 .5-.1.7-.3.2-.2.3-.5.3-.7s-.1-.5-.3-.7zM5.8 14.7l6.2 6.3 6.2-6.3c.2-.2.3-.5.3-.7s-.1-.5-.3-.7c-.2-.2-.4-.3-.7-.3h-11c-.3 0-.5.1-.7.3-.2.2-.3.5-.3.7s.1.5.3.7z\"\/><\/svg><\/span><\/span><\/span><\/a><\/span><\/div>\n<nav><ul class='ez-toc-list ez-toc-list-level-1 ' ><li class='ez-toc-page-1 ez-toc-heading-level-2'><a class=\"ez-toc-link ez-toc-heading-1\" href=\"https:\/\/www.editorasolucao.com.br\/blog\/concurso\/prefeitura-de-pilar-de-goias-go\/#Inscricoes_do_Concurso_de_Pilar_de_Goias\" title=\"Inscri\u00e7\u00f5es do Concurso de Pilar de Goi\u00e1s\">Inscri\u00e7\u00f5es do Concurso de Pilar de Goi\u00e1s<\/a><\/li><li class='ez-toc-page-1 ez-toc-heading-level-2'><a class=\"ez-toc-link ez-toc-heading-2\" href=\"https:\/\/www.editorasolucao.com.br\/blog\/concurso\/prefeitura-de-pilar-de-goias-go\/#Cargos_vagas_e_salarios_do_Concurso_Prefeitura_de_Pilar_de_Goias\" title=\"Cargos, vagas e sal\u00e1rios do Concurso Prefeitura de Pilar de Goi\u00e1s\">Cargos, vagas e sal\u00e1rios do Concurso Prefeitura de Pilar de Goi\u00e1s<\/a><\/li><li class='ez-toc-page-1 ez-toc-heading-level-2'><a class=\"ez-toc-link ez-toc-heading-3\" href=\"https:\/\/www.editorasolucao.com.br\/blog\/concurso\/prefeitura-de-pilar-de-goias-go\/#Quais_sao_os_requisitos_basicos_para_a_investidura_nos_cargos_do_Concurso_de_Pilar_de_Goias_%E2%80%93_GO\" title=\"Quais s\u00e3o os requisitos b\u00e1sicos para a investidura nos cargos do Concurso de Pilar de Goi\u00e1s \u2013 GO?\">Quais s\u00e3o os requisitos b\u00e1sicos para a investidura nos cargos do Concurso de Pilar de Goi\u00e1s \u2013 GO?<\/a><\/li><li class='ez-toc-page-1 ez-toc-heading-level-2'><a class=\"ez-toc-link ez-toc-heading-4\" href=\"https:\/\/www.editorasolucao.com.br\/blog\/concurso\/prefeitura-de-pilar-de-goias-go\/#Como_serao_as_provas_do_Concurso_Prefeitura_de_Pilar_de_Goias_%E2%80%93_GO\" title=\"Como ser\u00e3o as provas do Concurso Prefeitura de Pilar de Goi\u00e1s \u2013 GO?\">Como ser\u00e3o as provas do Concurso Prefeitura de Pilar de Goi\u00e1s \u2013 GO?<\/a><\/li><li class='ez-toc-page-1 ez-toc-heading-level-2'><a class=\"ez-toc-link ez-toc-heading-5\" href=\"https:\/\/www.editorasolucao.com.br\/blog\/concurso\/prefeitura-de-pilar-de-goias-go\/#O_que_faz_um_Agente_Comunitario_de_Saude\" title=\"O que faz um Agente Comunit\u00e1rio de Sa\u00fade?\">O que faz um Agente Comunit\u00e1rio de Sa\u00fade?<\/a><\/li><li class='ez-toc-page-1 ez-toc-heading-level-2'><a class=\"ez-toc-link ez-toc-heading-6\" href=\"https:\/\/www.editorasolucao.com.br\/blog\/concurso\/prefeitura-de-pilar-de-goias-go\/#O_que_faz_um_Agente_de_Combate_as_Endemias\" title=\"O que faz um Agente de Combate \u00e0s Endemias?\">O que faz um Agente de Combate \u00e0s Endemias?<\/a><\/li><\/ul><\/nav><\/div>\n<h2 class=\"wp-block-heading\"><span class=\"ez-toc-section\" id=\"Inscricoes_do_Concurso_de_Pilar_de_Goias\"><\/span>Inscri\u00e7\u00f5es do Concurso de Pilar de Goi\u00e1s<span class=\"ez-toc-section-end\"><\/span><\/h2>\n\n\n\n<p> As inscri\u00e7\u00f5es devem ser realizadas atrav\u00e9s do site <a rel=\"noreferrer noopener\" aria-label=\"Consulpam (abre em uma nova aba)\" href=\"https:\/\/www.consulpam.com.br\/index.php?menu=concursos&amp;acao=ver&amp;id=227\" target=\"_blank\">Consulpam<\/a>, at\u00e9 o dia <strong>17 de fevereiro de 2020<\/strong>. Ser\u00e1 cobrada uma taxa de inscri\u00e7\u00e3o no valor de<strong> R$ 32,00<\/strong>.<\/p>\n\n\n\n<h2 class=\"wp-block-heading\"><span class=\"ez-toc-section\" id=\"Cargos_vagas_e_salarios_do_Concurso_Prefeitura_de_Pilar_de_Goias\"><\/span>Cargos, vagas e sal\u00e1rios do Concurso Prefeitura de Pilar de Goi\u00e1s<span class=\"ez-toc-section-end\"><\/span><\/h2>\n\n\n\n<p> S\u00e3o ofertadas<strong> 03 vagas imediatas mais forma\u00e7\u00e3o de cadastro reserva para candidatos de n\u00edvel M\u00e9dio<\/strong>. As oportunidades s\u00e3o destinadas aos cargos de <strong>Agente Comunit\u00e1rio de Sa\u00fade Micro \u00c1rea 08 \u2013 Distrito de Pilar Cruz (01 vaga) e Agente de Combate \u00e0s Endemias (02 vagas)<\/strong>.<\/p>\n\n\n\n<p> Ambos os cargos contam com sal\u00e1rio de <strong>R$ 1.250,00<\/strong> e jornada de trabalho de 40 horas semanais.<\/p>\n\n\n\n<h2 class=\"wp-block-heading\"><span class=\"ez-toc-section\" id=\"Quais_sao_os_requisitos_basicos_para_a_investidura_nos_cargos_do_Concurso_de_Pilar_de_Goias_%E2%80%93_GO\"><\/span> Quais s\u00e3o os requisitos b\u00e1sicos para a investidura nos cargos do Concurso de Pilar de Goi\u00e1s \u2013 GO?<span class=\"ez-toc-section-end\"><\/span><\/h2>\n\n\n\n<p>Saiba quais s\u00e3o as exig\u00eancias para que o candidato tome posse dos cargos ofertados:<\/p>\n\n\n\n<ul><li>Ser brasileiro, nato ou naturalizado, ou cidad\u00e3o portugu\u00eas que tenha adquirido a igualdade de direitos e obriga\u00e7\u00f5es civis, bem como o gozo dos direitos pol\u00edticos (Decreto n\u00ba. 70.436, de 18\/04\/72, e artigo 12, \u00a71\u00ba, da Constitui\u00e7\u00e3o Federal \u2013 artigo 3\u00ba da Emenda Constitucional n\u00ba. 19, de 04\/06\/98);<\/li><li> Ter idade igual ou superior a 18 (dezoito) anos no ato da nomea\u00e7\u00e3o; <\/li><li> Ter a situa\u00e7\u00e3o regularizada com as obriga\u00e7\u00f5es perante o servi\u00e7o militar, se do sexo masculino; <\/li><li> Ter a situa\u00e7\u00e3o regularizada perante a Justi\u00e7a Eleitoral; <\/li><li> Possuir, at\u00e9 a data da posse, os requisitos de habilita\u00e7\u00e3o exigidos para o cargo pretendido, conforme Edital;<\/li><li> Estar em pleno gozo dos seus direitos pol\u00edticos e civis; <\/li><li> Ter aptid\u00e3o f\u00edsica e mental e n\u00e3o ser pessoa com defici\u00eancia incompat\u00edvel com o exerc\u00edcio do cargo; <\/li><li> N\u00e3o ter sofrido, no exerc\u00edcio da fun\u00e7\u00e3o p\u00fablica, penalidade incompat\u00edvel com a investidura em cargo p\u00fablico, prevista na Lei Federal 8.429, de 02 de junho de 1992; <\/li><li> N\u00e3o ser nem ter sido condenado judicialmente por pr\u00e1tica criminosa; <\/li><li> Residir no Munic\u00edpio desde a publica\u00e7\u00e3o do edital de processo seletivo p\u00fablico; ter conclu\u00eddo o ensino m\u00e9dio; <\/li><li> Ter conclu\u00eddo com aproveitamento, curso de forma\u00e7\u00e3o inicial com carga hor\u00e1ria m\u00ednima de quarenta horas que ser\u00e1 realizado pela Prefeitura de Pilar antes da homologa\u00e7\u00e3o do Processo Seletivo.<\/li><\/ul>\n\n\n\n<h2 class=\"wp-block-heading\"><span class=\"ez-toc-section\" id=\"Como_serao_as_provas_do_Concurso_Prefeitura_de_Pilar_de_Goias_%E2%80%93_GO\"><\/span>Como ser\u00e3o as provas do Concurso Prefeitura de Pilar de Goi\u00e1s \u2013 GO?<span class=\"ez-toc-section-end\"><\/span><\/h2>\n\n\n\n<p>O certame ter\u00e1 como forma avaliativa, uma <strong>Prova Objetiva<\/strong>, de car\u00e1ter eliminat\u00f3rio e classificat\u00f3rio, que est\u00e1 prevista para ser realizada no dia <strong>22 de mar\u00e7o de 2020<\/strong>, e contar\u00e1 com <strong>40 quest\u00f5es de m\u00faltipla escolha<\/strong>. <\/p>\n\n\n\n<p>As disciplinas que versar\u00e3o as provas ser\u00e3o:<\/p>\n\n\n\n<p><\/p>\n\n\n\n<div class=\"wp-block-image\"><figure class=\"aligncenter\"><img loading=\"lazy\" decoding=\"async\" width=\"649\" height=\"186\" src=\"https:\/\/www.editorasolucao.com.br\/blog\/wp-content\/uploads\/2020\/01\/pilar1.png\" alt=\"\" class=\"wp-image-8389\"\/><\/figure><\/div>\n\n\n\n<h2 class=\"wp-block-heading\"><span class=\"ez-toc-section\" id=\"O_que_faz_um_Agente_Comunitario_de_Saude\"><\/span> O que faz um Agente Comunit\u00e1rio de Sa\u00fade?<span class=\"ez-toc-section-end\"><\/span><\/h2>\n\n\n\n<p>As atribui\u00e7\u00f5es do cargo, s\u00e3o as seguintes: <\/p>\n\n\n\n<ul><li>Exerc\u00edcio de atividades de preven\u00e7\u00e3o de doen\u00e7as e promo\u00e7\u00e3o da sa\u00fade, mediante a\u00e7\u00f5es domiciliares ou comunit\u00e1rias, individuais ou coletivas, desenvolvidas em conformidade com as diretrizes do SUS e sob supervis\u00e3o do gestor municipal; <\/li><li> utiliza\u00e7\u00e3o de instrumentos para diagn\u00f3stico demogr\u00e1fico e sociocultural da comunidade <\/li><li> promo\u00e7\u00e3o de a\u00e7\u00f5es da educa\u00e7\u00e3o para a sa\u00fade individual e coletiva; <\/li><li> o registro, para fins exclusivos de controle e planejamento das a\u00e7\u00f5es de sa\u00fade, de nascimentos, \u00f3bitos, doen\u00e7as e outros agravos \u00e0 sa\u00fade; <\/li><li> o est\u00edmulo \u00e0 participa\u00e7\u00e3o da comunidade nas pol\u00edticas p\u00fablicas voltadas para a \u00e1rea da sa\u00fade; <\/li><li> a realiza\u00e7\u00e3o de visitas domiciliares peri\u00f3dicas para monitoramento de situa\u00e7\u00f5es de risco \u00e0 fam\u00edlia; <\/li><li> participa\u00e7\u00e3o em a\u00e7\u00f5es que fortale\u00e7am os elos entre o setor sa\u00fade e outras pol\u00edticas que promovam a qualidade de vida; <\/li><li> Auxiliar a realiza\u00e7\u00e3o de pesquisa domiciliar para compor relat\u00f3rio de vetores de doen\u00e7as.<\/li><\/ul>\n\n\n\n<h2 class=\"wp-block-heading\"><span class=\"ez-toc-section\" id=\"O_que_faz_um_Agente_de_Combate_as_Endemias\"><\/span>O que faz um Agente de Combate \u00e0s Endemias? <span class=\"ez-toc-section-end\"><\/span><\/h2>\n\n\n\n<p>As atribui\u00e7\u00f5es do cargo, s\u00e3o as seguintes: <\/p>\n\n\n\n<ul><li>Exerc\u00edcio de atividades de combate e preven\u00e7\u00e3o de endemias, mediante a notifica\u00e7\u00e3o de focos end\u00eamicos, vistoria e detec\u00e7\u00e3o de locais suspeitos; elimina\u00e7\u00e3o de focos, orienta\u00e7\u00f5es gerais de sa\u00fade; preven\u00e7\u00e3o da mal\u00e1ria e da dengue e de outras com vetores comuns, promovendo apontamentos derivadas de pesquisa e emiss\u00e3o de relat\u00f3rios, conforme orienta\u00e7\u00f5es do Minist\u00e9rio da Sa\u00fade; acompanhar, por meio de visita domiciliar, todas as fam\u00edlias sob sua responsabilidade de acordo com as necessidades definidas pela Vigil\u00e2ncia em Sa\u00fade.<\/li><\/ul>\n\n\n\n<p>Conferiu todo o texto? Deseja fazer o certame? Ent\u00e3o comece a se preparar com as <strong>Apostilas Solu\u00e7\u00e3o<\/strong> e tenha um resultado positivo! <strong>Bons estudos e boa prova!!!<\/strong><\/p>\n","protected":false},"excerpt":{"rendered":"<p>Foi divulgado o Edital do Concurso Prefeitura de Pilar de Goi\u00e1s, no estado de Goi\u00e1s, que oferece vagas para candidatos de n\u00edvel M\u00e9dio, com sal\u00e1rios de R$ 1,2 mil. Confira os detalhes ao decorrer do texto. Inscri\u00e7\u00f5es do Concurso de Pilar de Goi\u00e1s As inscri\u00e7\u00f5es devem ser realizadas atrav\u00e9s do site Consulpam, at\u00e9 o dia 17 de fevereiro de 2020. Ser\u00e1 cobrada uma taxa de inscri\u00e7\u00e3o no valor de R$ 32,00. Cargos, vagas e sal\u00e1rios do Concurso Prefeitura de Pilar de Goi\u00e1s S\u00e3o ofertadas 03 vagas imediatas mais forma\u00e7\u00e3o de cadastro reserva para candidatos de n\u00edvel M\u00e9dio. As oportunidades s\u00e3o&#8230;<\/p>\n","protected":false},"author":7,"featured_media":8388,"template":"","meta":{"_acf_changed":false,"rank_math_lock_modified_date":false},"categories":[],"tags":[],"acf":[],"_links":{"self":[{"href":"https:\/\/www.editorasolucao.com.br\/blog\/wp-json\/wp\/v2\/concurso\/8386"}],"collection":[{"href":"https:\/\/www.editorasolucao.com.br\/blog\/wp-json\/wp\/v2\/concurso"}],"about":[{"href":"https:\/\/www.editorasolucao.com.br\/blog\/wp-json\/wp\/v2\/types\/concurso"}],"author":[{"embeddable":true,"href":"https:\/\/www.editorasolucao.com.br\/blog\/wp-json\/wp\/v2\/users\/7"}],"wp:featuredmedia":[{"embeddable":true,"href":"https:\/\/www.editorasolucao.com.br\/blog\/wp-json\/wp\/v2\/media\/8388"}],"wp:attachment":[{"href":"https:\/\/www.editorasolucao.com.br\/blog\/wp-json\/wp\/v2\/media?parent=8386"}],"wp:term":[{"taxonomy":"category","embeddable":true,"href":"https:\/\/www.editorasolucao.com.br\/blog\/wp-json\/wp\/v2\/categories?post=8386"},{"taxonomy":"post_tag","embeddable":true,"href":"https:\/\/www.editorasolucao.com.br\/blog\/wp-json\/wp\/v2\/tags?post=8386"}],"curies":[{"name":"wp","href":"https:\/\/api.w.org\/{rel}","templated":true}]}}