{"id":8401,"date":"2020-01-28T11:04:52","date_gmt":"2020-01-28T14:04:52","guid":{"rendered":"https:\/\/www.editorasolucao.com.br\/blog\/?post_type=concurso&#038;p=8401"},"modified":"2021-09-21T10:40:27","modified_gmt":"2021-09-21T13:40:27","slug":"prefeitura-de-uba-mg","status":"publish","type":"concurso","link":"https:\/\/www.editorasolucao.com.br\/blog\/concurso\/prefeitura-de-uba-mg","title":{"rendered":"Concurso Prefeitura de Ub\u00e1 &#8211; MG: Mais de 150 vagas para todos os n\u00edveis!"},"content":{"rendered":"\n<p>Foi divulgado o <a aria-label=\"Edital (abre em uma nova aba)\" rel=\"noreferrer noopener\" href=\"https:\/\/www.editorasolucao.com.br\" target=\"_blank\">Edital<\/a> do <strong>Concurso Prefeitura de Ub\u00e1<\/strong>, no estado de <a aria-label=\"Minas Gerais (abre em uma nova aba)\" rel=\"noreferrer noopener\" href=\"https:\/\/www.editorasolucao.com.br\/blog\/concursos-abertos-mg\" target=\"_blank\">Minas Gerais<\/a>, que oferece <strong>155 vagas para candidatos de todos os n\u00edveis de escolaridade<\/strong>, com sal\u00e1rios de at\u00e9 <strong>R$ 3,6 mil<\/strong>. Confira os detalhes ao decorrer do texto.<\/p>\n\n\n\n<div id=\"ez-toc-container\" class=\"ez-toc-v2_0_69_1 counter-hierarchy ez-toc-counter ez-toc-grey ez-toc-container-direction\">\n<div class=\"ez-toc-title-container\">\n<p class=\"ez-toc-title \" >Menu de navega&ccedil;&atilde;o<\/p>\n<span class=\"ez-toc-title-toggle\"><a href=\"#\" class=\"ez-toc-pull-right ez-toc-btn ez-toc-btn-xs ez-toc-btn-default ez-toc-toggle\" aria-label=\"Toggle Table of Content\"><span class=\"ez-toc-js-icon-con\"><span class=\"\"><span class=\"eztoc-hide\" style=\"display:none;\">Toggle<\/span><span class=\"ez-toc-icon-toggle-span\"><svg style=\"fill: #999;color:#999\" xmlns=\"http:\/\/www.w3.org\/2000\/svg\" class=\"list-377408\" width=\"20px\" height=\"20px\" viewBox=\"0 0 24 24\" fill=\"none\"><path d=\"M6 6H4v2h2V6zm14 0H8v2h12V6zM4 11h2v2H4v-2zm16 0H8v2h12v-2zM4 16h2v2H4v-2zm16 0H8v2h12v-2z\" fill=\"currentColor\"><\/path><\/svg><svg style=\"fill: #999;color:#999\" class=\"arrow-unsorted-368013\" xmlns=\"http:\/\/www.w3.org\/2000\/svg\" width=\"10px\" height=\"10px\" viewBox=\"0 0 24 24\" version=\"1.2\" baseProfile=\"tiny\"><path d=\"M18.2 9.3l-6.2-6.3-6.2 6.3c-.2.2-.3.4-.3.7s.1.5.3.7c.2.2.4.3.7.3h11c.3 0 .5-.1.7-.3.2-.2.3-.5.3-.7s-.1-.5-.3-.7zM5.8 14.7l6.2 6.3 6.2-6.3c.2-.2.3-.5.3-.7s-.1-.5-.3-.7c-.2-.2-.4-.3-.7-.3h-11c-.3 0-.5.1-.7.3-.2.2-.3.5-.3.7s.1.5.3.7z\"\/><\/svg><\/span><\/span><\/span><\/a><\/span><\/div>\n<nav><ul class='ez-toc-list ez-toc-list-level-1 ' ><li class='ez-toc-page-1 ez-toc-heading-level-2'><a class=\"ez-toc-link ez-toc-heading-1\" href=\"https:\/\/www.editorasolucao.com.br\/blog\/concurso\/prefeitura-de-uba-mg\/#Inscricoes_do_Concurso_de_Uba_%E2%80%93_MG\" title=\"Inscri\u00e7\u00f5es do Concurso de Ub\u00e1 \u2013 MG\">Inscri\u00e7\u00f5es do Concurso de Ub\u00e1 \u2013 MG<\/a><\/li><li class='ez-toc-page-1 ez-toc-heading-level-2'><a class=\"ez-toc-link ez-toc-heading-2\" href=\"https:\/\/www.editorasolucao.com.br\/blog\/concurso\/prefeitura-de-uba-mg\/#Cargos_vagas_e_salarios_do_Concurso_Prefeitura_de_Uba\" title=\"Cargos, vagas e sal\u00e1rios do Concurso Prefeitura de Ub\u00e1\">Cargos, vagas e sal\u00e1rios do Concurso Prefeitura de Ub\u00e1<\/a><\/li><li class='ez-toc-page-1 ez-toc-heading-level-2'><a class=\"ez-toc-link ez-toc-heading-3\" href=\"https:\/\/www.editorasolucao.com.br\/blog\/concurso\/prefeitura-de-uba-mg\/#Quais_sao_os_requisitos_basicos_para_a_investidura_nos_cargos_do_Concurso_de_Uba_%E2%80%93_MG\" title=\"Quais s\u00e3o os requisitos b\u00e1sicos para a investidura nos cargos do Concurso de Ub\u00e1 \u2013 MG?\">Quais s\u00e3o os requisitos b\u00e1sicos para a investidura nos cargos do Concurso de Ub\u00e1 \u2013 MG?<\/a><\/li><li class='ez-toc-page-1 ez-toc-heading-level-2'><a class=\"ez-toc-link ez-toc-heading-4\" href=\"https:\/\/www.editorasolucao.com.br\/blog\/concurso\/prefeitura-de-uba-mg\/#Como_serao_as_provas_do_Concurso_Prefeitura_de_Uba_%E2%80%93_MG\" title=\"Como ser\u00e3o as provas do Concurso Prefeitura de Ub\u00e1 \u2013 MG?\">Como ser\u00e3o as provas do Concurso Prefeitura de Ub\u00e1 \u2013 MG?<\/a><\/li><\/ul><\/nav><\/div>\n<h2 class=\"wp-block-heading\"><span class=\"ez-toc-section\" id=\"Inscricoes_do_Concurso_de_Uba_%E2%80%93_MG\"><\/span>Inscri\u00e7\u00f5es do Concurso de Ub\u00e1 \u2013 MG<span class=\"ez-toc-section-end\"><\/span><\/h2>\n\n\n\n<p>As inscri\u00e7\u00f5es dever\u00e3o ser realizadas atrav\u00e9s do site&nbsp;<a href=\"http:\/\/www.gestaodeconcursos.com.br\/site\/site\/DetalheConcurso.aspx?CodigoConcurso=1351\" target=\"_blank\" rel=\"noopener\">FUNDEP Gest\u00e3o de Concursos<\/a>, a partir das&nbsp;<strong>9 horas do dia 15 de outubro at\u00e9 \u00e0s 17 horas do dia 16 de novembro de 2021<\/strong>. Ser\u00e3o cobradas taxas de inscri\u00e7\u00e3o com valores referentes ao n\u00edvel do cargo pretendido.<\/p>\n\n\n\n<ul><li>N\u00edvel Fundamental:&nbsp;<strong>R$ 50,00<\/strong><\/li><li>N\u00edvel M\u00e9dio\/T\u00e9cnico:&nbsp;<strong>R$ 70,00<\/strong><\/li><li>N\u00edvel Superior:&nbsp;<strong>R$ 100,00<\/strong><\/li><\/ul>\n\n\n\n<h2 class=\"wp-block-heading\"><span class=\"ez-toc-section\" id=\"Cargos_vagas_e_salarios_do_Concurso_Prefeitura_de_Uba\"><\/span>Cargos, vagas e sal\u00e1rios do Concurso Prefeitura de Ub\u00e1<span class=\"ez-toc-section-end\"><\/span><\/h2>\n\n\n\n<p> S\u00e3o ofertadas <strong>155 vagas para candidatos de n\u00edveis Fundamental, M\u00e9dio, T\u00e9cnico e Superior<\/strong>, com sal\u00e1rios que v\u00e3o de <strong>&nbsp;R$ 1.278,72 a R$ 4.029,27<\/strong>, exercendo jornadas de trabalho que variam de 25 a 40 horas semanais, dependendo do cargo. Abaixo est\u00e3o a quantidade de oportunidades correspondentes a cada fun\u00e7\u00e3o.<\/p>\n\n\n\n<p>Agente Administrativo I (14); Professor AI \u2013 Magist\u00e9rio (56); Assistente Administrativo (16); Agente de Fiscaliza\u00e7\u00e3o (2); Fiscal Sanit\u00e1rio (1); TNM \u2013 T\u00e9cnico de Inform\u00e1tica (1); TNM \u2013 T\u00e9cnico Ambiental (1); TNM \u2013 T\u00e9cnico de Edifica\u00e7\u00e3o (1); TNM \u2013 T\u00e9cnico de Enfermagem (3); TNM \u2013 T\u00e9cnico de Enfermagem (3); TNS \u2013 Bibliotec\u00e1rio (1); TNS \u2013 Engenheiro de Tr\u00e2nsito (1); TNS \u2013 Bi\u00f3logo (1); TNS \u2013 Psic\u00f3logo (7); TNS \u2013 Assistente Social (4); TNS \u2013 Contador (3); TNS \u2013 Engenheiro Agr\u00f4nomo (1); TNS \u2013 Engenheiro de Sistemas (1); TNS \u2013 Engenheiro Civil (1); TNS \u2013 Engenheiro Eletricista (1); TNS \u2013 Enfermeiro 30h (2); TNS \u2013 Enfermeiro \u2013 40h (2); TNS \u2013 Enfermeiro do Trabalho (1); TNS \u2013 M\u00e9dico Auditor (1); TNS \u2013 Dentista \u2013 30h (1); TNS \u2013 Dentista \u2013 40h (1); T\u00e9cnico em Educa\u00e7\u00e3o \u2013 Supervis\u00e3o\/ Orienta\u00e7\u00e3o Escolar (12); Procurador Municipal (2); Fiscal de Obras e Posturas (1); Fiscal das Rela\u00e7\u00f5es de Consumo (1); TNS- Farmac\u00eautico (2); TNS \u2013 M\u00e9dico Generalista (2); TNS \u2013 Nutricionista (2); TNS \u2013 Educador F\u00edsico (1); TNS \u2013 Arquiteto (1); TNS \u2013 Engenheiro Ambiental (1); TNS \u2013 Fonoaudi\u00f3logo (1); TNS \u2013 Fisioterapeuta (1); TNS \u2013 Turism\u00f3logo (1).<\/p>\n\n\n\n<h2 class=\"wp-block-heading\"><span class=\"ez-toc-section\" id=\"Quais_sao_os_requisitos_basicos_para_a_investidura_nos_cargos_do_Concurso_de_Uba_%E2%80%93_MG\"><\/span>Quais s\u00e3o os requisitos b\u00e1sicos para a investidura nos cargos do Concurso de Ub\u00e1 \u2013 MG?<span class=\"ez-toc-section-end\"><\/span><\/h2>\n\n\n\n<p>Saiba quais s\u00e3o as exig\u00eancias para que o candidato tome posse dos cargos ofertados:<\/p>\n\n\n\n<ul><li>Ser brasileiro nato, naturalizado ou cidad\u00e3o portugu\u00eas em condi\u00e7\u00e3o de igualdade de direitos com os brasileiros; no caso de ser portugu\u00eas, comprovar a condi\u00e7\u00e3o de igualdade e gozo dos direitos pol\u00edticos na forma do art. 12, \u00a7 1\u00ba da Constitui\u00e7\u00e3o da Rep\u00fablica; <\/li><li> Gozar dos direitos pol\u00edticos; <\/li><li> estar quite com as obriga\u00e7\u00f5es eleitorais; <\/li><li> estar quite com as obriga\u00e7\u00f5es do Servi\u00e7o Militar, quando se tratar de candidato do sexo masculino; <\/li><li> ter 18 anos de idade completos at\u00e9 a data de posse; <\/li><li> ter aptid\u00e3o f\u00edsica e mental para o exerc\u00edcio das atribui\u00e7\u00f5es do cargo, a ser aferida em per\u00edcia m\u00e9dica oficial, realizada por unidade pericial competente, nos termos da legisla\u00e7\u00e3o vigente; <\/li><li> comprovar a escolaridade exigida para ingresso nos cargos, nos termos do Edital; <\/li><li> n\u00e3o ter sido demitido, a bem do servi\u00e7o p\u00fablico, nos \u00faltimos 5 (cinco) anos; <\/li><li> n\u00e3o incorrer em ac\u00famulo de cargo, emprego ou fun\u00e7\u00e3o p\u00fablicos vedado pelo art. 37, XVI e XVII da CF\/88.<\/li><\/ul>\n\n\n\n<h2 class=\"wp-block-heading\"><span class=\"ez-toc-section\" id=\"Como_serao_as_provas_do_Concurso_Prefeitura_de_Uba_%E2%80%93_MG\"><\/span>Como ser\u00e3o as provas do Concurso Prefeitura de Ub\u00e1 \u2013 MG?<span class=\"ez-toc-section-end\"><\/span><\/h2>\n\n\n\n<p>O certame ser\u00e1 composto por <strong>duas etapas<\/strong>, sendo elas: <strong>Prova Objetiva<\/strong> (para todos os cargos) e <strong>Prova de T\u00edtulos<\/strong> (para os cargos de n\u00edvel Superior e Professor AI (Magist\u00e9rio)).<\/p>\n\n\n\n<h4 class=\"wp-block-heading\">Prova Objetiva<\/h4>\n\n\n\n<p>A <strong>Prova Objetiva<\/strong>, de car\u00e1ter eliminat\u00f3rio e classificat\u00f3rio, est\u00e1 prevista para ser realizada no dia <strong>19 de dezembro de 2021<\/strong>, e contar\u00e1 com <strong>30 quest\u00f5es de m\u00faltipla escolha<\/strong>. As disciplinas que versar\u00e3o as provas ser\u00e3o:<\/p>\n\n\n\n<p> <strong>N\u00edvel Fundamental<\/strong><\/p>\n\n\n\n<div class=\"wp-block-image\"><figure class=\"aligncenter\"><img loading=\"lazy\" decoding=\"async\" width=\"583\" height=\"101\" src=\"https:\/\/www.editorasolucao.com.br\/blog\/wp-content\/uploads\/2020\/01\/uba1.png\" alt=\"\" class=\"wp-image-8404\"\/><\/figure><\/div>\n\n\n\n<p><strong>N\u00edvel M\u00e9dio\/T\u00e9cnico<\/strong><\/p>\n\n\n\n<div class=\"wp-block-image\"><figure class=\"aligncenter\"><img loading=\"lazy\" decoding=\"async\" width=\"667\" height=\"236\" src=\"https:\/\/www.editorasolucao.com.br\/blog\/wp-content\/uploads\/2020\/01\/uba2.png\" alt=\"\" class=\"wp-image-8405\"\/><\/figure><\/div>\n\n\n\n<p><strong>N\u00edvel Superior<\/strong><\/p>\n\n\n\n<div class=\"wp-block-image\"><figure class=\"aligncenter\"><img loading=\"lazy\" decoding=\"async\" width=\"666\" height=\"355\" src=\"https:\/\/www.editorasolucao.com.br\/blog\/wp-content\/uploads\/2020\/01\/uba3.png\" alt=\"\" class=\"wp-image-8406\"\/><\/figure><\/div>\n\n\n\n<h4 class=\"wp-block-heading\">Prova de T\u00edtulos<\/h4>\n\n\n\n<p>Ser\u00e3o aceitos como documentos os <strong>T\u00edtulos<\/strong> que forem representados por Diplomas e Certificados definitivos de conclus\u00e3o de curso expedidos por Institui\u00e7\u00e3o reconhecida, em papel timbrado, e dever\u00e3o conter carimbo e identifica\u00e7\u00e3o da institui\u00e7\u00e3o e do respons\u00e1vel pela expedi\u00e7\u00e3o do documento.<\/p>\n\n\n\n<p>As atribui\u00e7\u00f5es de pontos se dar\u00e3o da seguinte forma: <\/p>\n\n\n\n<div class=\"wp-block-image\"><figure class=\"aligncenter\"><img loading=\"lazy\" decoding=\"async\" width=\"647\" height=\"177\" src=\"https:\/\/www.editorasolucao.com.br\/blog\/wp-content\/uploads\/2020\/01\/uba4.png\" alt=\"\" class=\"wp-image-8407\"\/><\/figure><\/div>\n\n\n\n<p><\/p>\n","protected":false},"excerpt":{"rendered":"<p>Foi divulgado o Edital do Concurso Prefeitura de Ub\u00e1, no estado de Minas Gerais, que oferece 155 vagas para candidatos de todos os n\u00edveis de escolaridade, com sal\u00e1rios de at\u00e9 R$ 3,6 mil. Confira os detalhes ao decorrer do texto. Inscri\u00e7\u00f5es do Concurso de Ub\u00e1 \u2013 MG As inscri\u00e7\u00f5es dever\u00e3o ser realizadas atrav\u00e9s do site&nbsp;FUNDEP Gest\u00e3o de Concursos, a partir das&nbsp;9 horas do dia 15 de outubro at\u00e9 \u00e0s 17 horas do dia 16 de novembro de 2021. Ser\u00e3o cobradas taxas de inscri\u00e7\u00e3o com valores referentes ao n\u00edvel do cargo pretendido. N\u00edvel Fundamental:&nbsp;R$ 50,00 N\u00edvel M\u00e9dio\/T\u00e9cnico:&nbsp;R$ 70,00 N\u00edvel Superior:&nbsp;R$ 100,00&#8230;<\/p>\n","protected":false},"author":7,"featured_media":23118,"template":"","meta":{"_acf_changed":false,"rank_math_lock_modified_date":false},"categories":[],"tags":[],"acf":[],"_links":{"self":[{"href":"https:\/\/www.editorasolucao.com.br\/blog\/wp-json\/wp\/v2\/concurso\/8401"}],"collection":[{"href":"https:\/\/www.editorasolucao.com.br\/blog\/wp-json\/wp\/v2\/concurso"}],"about":[{"href":"https:\/\/www.editorasolucao.com.br\/blog\/wp-json\/wp\/v2\/types\/concurso"}],"author":[{"embeddable":true,"href":"https:\/\/www.editorasolucao.com.br\/blog\/wp-json\/wp\/v2\/users\/7"}],"wp:featuredmedia":[{"embeddable":true,"href":"https:\/\/www.editorasolucao.com.br\/blog\/wp-json\/wp\/v2\/media\/23118"}],"wp:attachment":[{"href":"https:\/\/www.editorasolucao.com.br\/blog\/wp-json\/wp\/v2\/media?parent=8401"}],"wp:term":[{"taxonomy":"category","embeddable":true,"href":"https:\/\/www.editorasolucao.com.br\/blog\/wp-json\/wp\/v2\/categories?post=8401"},{"taxonomy":"post_tag","embeddable":true,"href":"https:\/\/www.editorasolucao.com.br\/blog\/wp-json\/wp\/v2\/tags?post=8401"}],"curies":[{"name":"wp","href":"https:\/\/api.w.org\/{rel}","templated":true}]}}