{"id":8408,"date":"2020-01-28T12:36:53","date_gmt":"2020-01-28T15:36:53","guid":{"rendered":"https:\/\/www.editorasolucao.com.br\/blog\/?post_type=concurso&#038;p=8408"},"modified":"2020-01-31T08:17:32","modified_gmt":"2020-01-31T11:17:32","slug":"core-pr","status":"publish","type":"concurso","link":"https:\/\/www.editorasolucao.com.br\/blog\/concurso\/core-pr","title":{"rendered":"Concurso CORE-PR 2020: Oportunidades para n\u00edveis M\u00e9dio e Superior!"},"content":{"rendered":"\n<p>Foi divulgado o <a rel=\"noreferrer noopener\" aria-label=\"Edital (abre em uma nova aba)\" href=\"https:\/\/www.editorasolucao.com.br\" target=\"_blank\">Edital<\/a> do <strong>Concurso CORE PR<\/strong> (Conselho Regional dos Representantes Comerciais do <a rel=\"noreferrer noopener\" aria-label=\"Paran\u00e1 (abre em uma nova aba)\" href=\"https:\/\/www.editorasolucao.com.br\/blog\/concursos-abertos-pr\" target=\"_blank\">Paran\u00e1<\/a>), que oferece <strong>80 vagas para candidatos de n\u00edveis M\u00e9dio e Superior<\/strong>, com sal\u00e1rios de at\u00e9 <strong>R$ 3,5 mil<\/strong>. Confira os detalhes ao decorrer do texto.<\/p>\n\n\n\n<p style=\"text-align:center\"><strong><a href=\"https:\/\/www.editorasolucao.com.br\/concurso\/core-pr-conselho-regional-dos-representantes-comerciais-do-parana\" target=\"_blank\" rel=\"noreferrer noopener\" aria-label=\"Estude com as Apostilas CORE-PR e parcele SEM JUROS (abre em uma nova aba)\">Estude com as Apostilas CORE-PR e parcele SEM JUROS<\/a><\/strong><\/p>\n\n\n\n<div id=\"ez-toc-container\" class=\"ez-toc-v2_0_69_1 counter-hierarchy ez-toc-counter ez-toc-grey ez-toc-container-direction\">\n<div class=\"ez-toc-title-container\">\n<p class=\"ez-toc-title \" >Menu de navega&ccedil;&atilde;o<\/p>\n<span class=\"ez-toc-title-toggle\"><a href=\"#\" class=\"ez-toc-pull-right ez-toc-btn ez-toc-btn-xs ez-toc-btn-default ez-toc-toggle\" aria-label=\"Toggle Table of Content\"><span class=\"ez-toc-js-icon-con\"><span class=\"\"><span class=\"eztoc-hide\" style=\"display:none;\">Toggle<\/span><span class=\"ez-toc-icon-toggle-span\"><svg style=\"fill: #999;color:#999\" xmlns=\"http:\/\/www.w3.org\/2000\/svg\" class=\"list-377408\" width=\"20px\" height=\"20px\" viewBox=\"0 0 24 24\" fill=\"none\"><path d=\"M6 6H4v2h2V6zm14 0H8v2h12V6zM4 11h2v2H4v-2zm16 0H8v2h12v-2zM4 16h2v2H4v-2zm16 0H8v2h12v-2z\" fill=\"currentColor\"><\/path><\/svg><svg style=\"fill: #999;color:#999\" class=\"arrow-unsorted-368013\" xmlns=\"http:\/\/www.w3.org\/2000\/svg\" width=\"10px\" height=\"10px\" viewBox=\"0 0 24 24\" version=\"1.2\" baseProfile=\"tiny\"><path d=\"M18.2 9.3l-6.2-6.3-6.2 6.3c-.2.2-.3.4-.3.7s.1.5.3.7c.2.2.4.3.7.3h11c.3 0 .5-.1.7-.3.2-.2.3-.5.3-.7s-.1-.5-.3-.7zM5.8 14.7l6.2 6.3 6.2-6.3c.2-.2.3-.5.3-.7s-.1-.5-.3-.7c-.2-.2-.4-.3-.7-.3h-11c-.3 0-.5.1-.7.3-.2.2-.3.5-.3.7s.1.5.3.7z\"\/><\/svg><\/span><\/span><\/span><\/a><\/span><\/div>\n<nav><ul class='ez-toc-list ez-toc-list-level-1 ' ><li class='ez-toc-page-1 ez-toc-heading-level-2'><a class=\"ez-toc-link ez-toc-heading-1\" href=\"https:\/\/www.editorasolucao.com.br\/blog\/concurso\/core-pr\/#Inscricoes_do_Concurso_CORE-PR\" title=\"Inscri\u00e7\u00f5es do Concurso CORE-PR\">Inscri\u00e7\u00f5es do Concurso CORE-PR<\/a><\/li><li class='ez-toc-page-1 ez-toc-heading-level-2'><a class=\"ez-toc-link ez-toc-heading-2\" href=\"https:\/\/www.editorasolucao.com.br\/blog\/concurso\/core-pr\/#Cargos_vagas_e_salarios_do_Concurso_CORE_PR\" title=\"Cargos, vagas e sal\u00e1rios do Concurso CORE PR\">Cargos, vagas e sal\u00e1rios do Concurso CORE PR<\/a><\/li><li class='ez-toc-page-1 ez-toc-heading-level-2'><a class=\"ez-toc-link ez-toc-heading-3\" href=\"https:\/\/www.editorasolucao.com.br\/blog\/concurso\/core-pr\/#Quais_sao_os_requisitos_basicos_para_a_investidura_nos_cargos_do_Concurso_CORE_%E2%80%93_PR\" title=\"Quais s\u00e3o os requisitos b\u00e1sicos para a investidura nos cargos do Concurso CORE &#8211; PR?\">Quais s\u00e3o os requisitos b\u00e1sicos para a investidura nos cargos do Concurso CORE &#8211; PR?<\/a><\/li><li class='ez-toc-page-1 ez-toc-heading-level-2'><a class=\"ez-toc-link ez-toc-heading-4\" href=\"https:\/\/www.editorasolucao.com.br\/blog\/concurso\/core-pr\/#Como_serao_as_provas_do_Concurso_CORE-PR\" title=\"Como ser\u00e3o as provas do Concurso CORE-PR?\">Como ser\u00e3o as provas do Concurso CORE-PR?<\/a><\/li><\/ul><\/nav><\/div>\n<h2 class=\"wp-block-heading\"><span class=\"ez-toc-section\" id=\"Inscricoes_do_Concurso_CORE-PR\"><\/span> Inscri\u00e7\u00f5es do Concurso CORE-PR<span class=\"ez-toc-section-end\"><\/span><\/h2>\n\n\n\n<p>As inscri\u00e7\u00f5es devem ser realizadas atrav\u00e9s do site <a rel=\"noreferrer noopener\" aria-label=\"Instituto Quadrix (abre em uma nova aba)\" href=\"http:\/\/www.quadrix.org.br\/todos-os-concursos\/inscricoes-abertas\/corepr.aspx\" target=\"_blank\">Instituto Quadrix<\/a>, at\u00e9 o dia <strong>09 de mar\u00e7o de 2020<\/strong>. Ser\u00e3o cobradas taxas de inscri\u00e7\u00e3o com valores referentes ao n\u00edvel do cargo desejado. <\/p>\n\n\n\n<ul><li>N\u00edvel M\u00e9dio: <strong>R$ 55,00<\/strong><\/li><li> N\u00edvel Superior: <strong>R$ 65,00<\/strong><\/li><\/ul>\n\n\n\n<p><\/p>\n\n\n\n<p>Haver\u00e1<strong> isen\u00e7\u00e3o parcial ou total do pagamento da taxa de inscri\u00e7\u00e3o<\/strong>, para os candidatos que atender um dos seguintes crit\u00e9rios:<\/p>\n\n\n\n<ul><li> estiver inscrito no Cadastro \u00danico para Programas Sociais do Governo Federal (Cad\u00danico), de que trata o Decreto n\u00ba 6.135\/2007 e for membro de fam\u00edlia de baixa renda, nos termos do Decreto n\u00ba 6.135\/2007; ou <\/li><li> for doador de medula \u00f3ssea em entidades reconhecidas pelo Minist\u00e9rio da Sa\u00fade, nos termos da Lei n\u00ba 13.656\/2018.<\/li><\/ul>\n\n\n\n<h2 class=\"wp-block-heading\"><span class=\"ez-toc-section\" id=\"Cargos_vagas_e_salarios_do_Concurso_CORE_PR\"><\/span>Cargos, vagas e sal\u00e1rios do Concurso CORE PR<span class=\"ez-toc-section-end\"><\/span><\/h2>\n\n\n\n<p>S\u00e3o ofertadas <strong>80 vagas para candidatos de n\u00edveis M\u00e9dio e Superior<\/strong>, sendo<strong> 06 de provimento imediato e 74 CR (Cadastro Reserva)<\/strong>, com sal\u00e1rios que v\u00e3o de <strong>R$ 1.383,77 a R$ R$ 3.500,00<\/strong> e jornadas de trabalho de 40 horas semanais. Abaixo est\u00e3o a quantidade de oportunidades imediatas e remunera\u00e7\u00f5es correspondentes a cada fun\u00e7\u00e3o. <\/p>\n\n\n\n<p><strong><a href=\"https:\/\/www.editorasolucao.com.br\/apostila-solucao\/impresso\/apostila-core-pr-comum-cargos-nivel-medio-superior\" target=\"_blank\" rel=\"noreferrer noopener\" aria-label=\"N\u00edvel M\u00e9dio (abre em uma nova aba)\">N\u00edvel M\u00e9dio<\/a><\/strong><\/p>\n\n\n\n<p> <a rel=\"noreferrer noopener\" aria-label=\"Assistente Administrativo J\u00fanior (abre em uma nova aba)\" href=\"https:\/\/www.editorasolucao.com.br\/apostila-solucao\/impresso\/apostila-core-pr-assistente-administrativo-junior\" target=\"_blank\">Assistente Administrativo J\u00fanior<\/a> (02 vagas):<strong> R$ R$ 1.383,77 + benef\u00edcios<\/strong><br> <a href=\"https:\/\/www.editorasolucao.com.br\/apostila-solucao\/impresso\/apostila-core-pr-fiscal-junior\" target=\"_blank\" rel=\"noreferrer noopener\" aria-label=\"Fiscal J\u00fanior (abre em uma nova aba)\">Fiscal J\u00fanior<\/a> (02 vagas): <strong>R$ 2.900,00 + benef\u00edcios<\/strong><\/p>\n\n\n\n<p><strong><a href=\"https:\/\/www.editorasolucao.com.br\/apostila-solucao\/impresso\/apostila-core-pr-comum-cargos-nivel-medio-superior\" target=\"_blank\" rel=\"noreferrer noopener\" aria-label=\"N\u00edvel Superior (abre em uma nova aba)\">N\u00edvel Superior<\/a><\/strong><\/p>\n\n\n\n<ul><li>Analista Cont\u00e1bil J\u00fanior (01 vaga): <strong>R$ 3.200,00 + benef\u00edcios<\/strong><\/li><li> Assessor Jur\u00eddico J\u00fanior (01 vaga): <strong>R$ 3.500,00 + benef\u00edcios<\/strong><\/li><li> Analista TI (CR): <strong>R$ 3.200,00 + benef\u00edcios<\/strong><\/li><\/ul>\n\n\n\n<p><\/p>\n\n\n\n<p>Os candidatos aprovados ir\u00e3o atuar em Curitiba\/PR.<\/p>\n\n\n\n<p>Os cargos ainda contar\u00e3o com os seguintes benef\u00edcios: <\/p>\n\n\n\n<ul><li>Vale Refei\u00e7\u00e3o, no valor de <strong>R$ 34,00<\/strong> (trinta e quatro reais) por dia trabalhado, com desconto mensal no valor de <strong>R$ 10,00<\/strong> (dez reais); <\/li><li> Aux\u00edlio Creche no valor de meio sal\u00e1rio m\u00ednimo, para filho(a) at\u00e9 completar <strong>6 anos<\/strong>; <\/li><li> Plano de Sa\u00fade com desconto do empregado benefici\u00e1rio no percentual de <strong>20%<\/strong> (vinte por cento) do valor mensal pago pela entidade e a coparticipa\u00e7\u00e3o de <strong>30%<\/strong> (trinta por cento) do valor dos procedimentos; <\/li><li> Vale transporte, conforme legisla\u00e7\u00e3o.<\/li><\/ul>\n\n\n\n<h2 class=\"wp-block-heading\"><span class=\"ez-toc-section\" id=\"Quais_sao_os_requisitos_basicos_para_a_investidura_nos_cargos_do_Concurso_CORE_%E2%80%93_PR\"><\/span>Quais s\u00e3o os requisitos b\u00e1sicos para a investidura nos cargos do Concurso CORE &#8211; PR?<span class=\"ez-toc-section-end\"><\/span><\/h2>\n\n\n\n<p>Saiba quais s\u00e3o as exig\u00eancias para que o candidato tome posse dos cargos ofertados:<\/p>\n\n\n\n<ul><li>Ter nacionalidade brasileira ou portuguesa e, em caso de nacionalidade portuguesa, estar amparado pelo estatuto de igualdade entre brasileiros e portugueses, com reconhecimento de gozo de direitos pol\u00edticos, nos termos do par\u00e1grafo 1\u00ba, artigo 12, da Constitui\u00e7\u00e3o da Rep\u00fablica Federativa do Brasil; <\/li><li> Ter idade m\u00ednima de 18 (dezoito) anos completos, na data da contrata\u00e7\u00e3o; <\/li><li>  Apresentar, quando da convoca\u00e7\u00e3o, os documentos comprobat\u00f3rios dos requisitos exigidos para o exerc\u00edcio do cargo, constante do Edital, bem como outros documentos que se fizerem necess\u00e1rios \u00e0 \u00e9poca da contrata\u00e7\u00e3o; <\/li><li> Estar em dia com as obriga\u00e7\u00f5es eleitorais e em pleno gozo dos direitos pol\u00edticos; <\/li><li> Apresentar certificado de reservista ou de dispensa de incorpora\u00e7\u00e3o, em caso de candidato do sexo masculino; <\/li><li> Apresentar declara\u00e7\u00e3o de que n\u00e3o acumula cargo ou fun\u00e7\u00e3o p\u00fablica, ou proventos de inatividade, ressalvadas as possibilidades de acumula\u00e7\u00e3o l\u00edcita previstas no inciso XVI do artigo 37 da Constitui\u00e7\u00e3o Federal; <\/li><li> Ter aptid\u00e3o f\u00edsica e mental para o exerc\u00edcio das atribui\u00e7\u00f5es correspondentes ao cargo; <\/li><li> N\u00e3o estar cumprindo san\u00e7\u00e3o por inidoneidade, aplicada por qualquer \u00f3rg\u00e3o p\u00fablico ou entidade das esferas federal, estadual, municipal ou do Distrito Federal.<\/li><\/ul>\n\n\n\n<p><\/p>\n\n\n\n<p style=\"text-align:center\"><strong><a href=\"https:\/\/www.editorasolucao.com.br\/concurso\/core-pr-conselho-regional-dos-representantes-comerciais-do-parana\" target=\"_blank\" rel=\"noreferrer noopener\">Estude com as Apostilas CORE-PR e parcele SEM JUROS<\/a><\/strong><\/p>\n\n\n\n<h2 class=\"wp-block-heading\"><span class=\"ez-toc-section\" id=\"Como_serao_as_provas_do_Concurso_CORE-PR\"><\/span>Como ser\u00e3o as provas do Concurso CORE-PR?<span class=\"ez-toc-section-end\"><\/span><\/h2>\n\n\n\n<p>O certame ser\u00e1 composto por <strong>duas etapas<\/strong>, sendo elas: <strong>Prova Objetiva <\/strong>(para todos os cargos) e <strong>Prova de T\u00edtulos<\/strong> (para os cargos de n\u00edvel Superior).<\/p>\n\n\n\n<h4 class=\"wp-block-heading\">Prova Objetiva<\/h4>\n\n\n\n<p> A <strong>Prova Objetiva<\/strong>, de car\u00e1ter eliminat\u00f3rio e classificat\u00f3rio, est\u00e1 prevista para ser realizada no dia <strong>05 de abril de 2020<\/strong>, \u00e0s <strong>14h<\/strong>, na cidade de Curitiba\/PR, e contar\u00e1 com <strong>120 quest\u00f5es de m\u00faltipla escolha<\/strong>. As disciplinas que versar\u00e3o as provas ser\u00e3o: <strong>Conhecimentos B\u00e1sicos com 40 quest\u00f5es, Conhecimentos Complementares com 30 e Conhecimentos Espec\u00edficos 50<\/strong>. <\/p>\n\n\n\n<p><strong>Conhecimentos B\u00e1sicos <\/strong><\/p>\n\n\n\n<ul><li>L\u00edngua Portuguesa;<\/li><li> No\u00e7\u00f5es de Inform\u00e1tica (exceto para o cargo Analista TI); <\/li><li> No\u00e7\u00f5es de L\u00edngua Inglesa (somente para o cargo Analista TI);<\/li><li> Atualidades.<\/li><\/ul>\n\n\n\n<p><strong>Conhecimentos Complementares<\/strong><\/p>\n\n\n\n<ul><li>Legisla\u00e7\u00e3o e \u00c9tica na Administra\u00e7\u00e3o P\u00fablica; e<\/li><li> No\u00e7\u00f5es de Direitos Constitucionais.<\/li><\/ul>\n\n\n\n<h4 class=\"wp-block-heading\">Prova de T\u00edtulos<\/h4>\n\n\n\n<p>A avalia\u00e7\u00e3o de <strong>T\u00edtulos<\/strong>, de car\u00e1ter unicamente classificat\u00f3rio, valer\u00e1 no m\u00e1ximo <strong>10,00 pontos<\/strong>, ainda que a soma dos valores dos t\u00edtulos e comprovantes seja superior a este valor.<\/p>\n\n\n\n<p>As atribui\u00e7\u00f5es de pontos se dar\u00e3o da seguinte forma: <\/p>\n\n\n\n<div class=\"wp-block-image\"><figure class=\"aligncenter\"><img loading=\"lazy\" decoding=\"async\" width=\"746\" height=\"214\" src=\"https:\/\/www.editorasolucao.com.br\/blog\/wp-content\/uploads\/2020\/01\/corepr1.png\" alt=\"\" class=\"wp-image-8409\"\/><\/figure><\/div>\n\n\n\n<p><\/p>\n\n\n\n<p>Conferiu todo o texto? Deseja fazer o certame? Ent\u00e3o comece a se preparar com as <strong>Apostilas Solu\u00e7\u00e3o<\/strong> e tenha um resultado positivo!<strong> Bons estudos e boa prova!!!<\/strong><\/p>\n\n\n\n<p style=\"text-align:center\"><strong><a href=\"https:\/\/www.editorasolucao.com.br\/concurso\/core-pr-conselho-regional-dos-representantes-comerciais-do-parana\" target=\"_blank\" rel=\"noreferrer noopener\">Estude com as Apostilas CORE-PR e parcele SEM JUROS<\/a><\/strong><\/p>\n","protected":false},"excerpt":{"rendered":"<p>Foi divulgado o Edital do Concurso CORE PR (Conselho Regional dos Representantes Comerciais do Paran\u00e1), que oferece 80 vagas para candidatos de n\u00edveis M\u00e9dio e Superior, com sal\u00e1rios de at\u00e9 R$ 3,5 mil. Confira os detalhes ao decorrer do texto. Estude com as Apostilas CORE-PR e parcele SEM JUROS Inscri\u00e7\u00f5es do Concurso CORE-PR As inscri\u00e7\u00f5es devem ser realizadas atrav\u00e9s do site Instituto Quadrix, at\u00e9 o dia 09 de mar\u00e7o de 2020. Ser\u00e3o cobradas taxas de inscri\u00e7\u00e3o com valores referentes ao n\u00edvel do cargo desejado. N\u00edvel M\u00e9dio: R$ 55,00 N\u00edvel Superior: R$ 65,00 Haver\u00e1 isen\u00e7\u00e3o parcial ou total do pagamento da&#8230;<\/p>\n","protected":false},"author":7,"featured_media":8410,"template":"","meta":{"_acf_changed":false,"rank_math_lock_modified_date":false},"categories":[],"tags":[],"acf":[],"_links":{"self":[{"href":"https:\/\/www.editorasolucao.com.br\/blog\/wp-json\/wp\/v2\/concurso\/8408"}],"collection":[{"href":"https:\/\/www.editorasolucao.com.br\/blog\/wp-json\/wp\/v2\/concurso"}],"about":[{"href":"https:\/\/www.editorasolucao.com.br\/blog\/wp-json\/wp\/v2\/types\/concurso"}],"author":[{"embeddable":true,"href":"https:\/\/www.editorasolucao.com.br\/blog\/wp-json\/wp\/v2\/users\/7"}],"wp:featuredmedia":[{"embeddable":true,"href":"https:\/\/www.editorasolucao.com.br\/blog\/wp-json\/wp\/v2\/media\/8410"}],"wp:attachment":[{"href":"https:\/\/www.editorasolucao.com.br\/blog\/wp-json\/wp\/v2\/media?parent=8408"}],"wp:term":[{"taxonomy":"category","embeddable":true,"href":"https:\/\/www.editorasolucao.com.br\/blog\/wp-json\/wp\/v2\/categories?post=8408"},{"taxonomy":"post_tag","embeddable":true,"href":"https:\/\/www.editorasolucao.com.br\/blog\/wp-json\/wp\/v2\/tags?post=8408"}],"curies":[{"name":"wp","href":"https:\/\/api.w.org\/{rel}","templated":true}]}}