{"id":8466,"date":"2024-10-14T12:05:50","date_gmt":"2024-10-14T15:05:50","guid":{"rendered":"https:\/\/www.editorasolucao.com.br\/blog\/?post_type=concurso&#038;p=8466"},"modified":"2024-10-29T09:23:29","modified_gmt":"2024-10-29T12:23:29","slug":"prefeitura-de-balneario-picarras-sc","status":"publish","type":"concurso","link":"https:\/\/www.editorasolucao.com.br\/blog\/concurso\/prefeitura-de-balneario-picarras-sc","title":{"rendered":"Concurso Prefeitura de Balne\u00e1rio Pi\u00e7arras: Edital publicado com 26 vagas!"},"content":{"rendered":"\n<p>Ol\u00e1, concurseiros! Foi divulgado o edital do concurso Prefeitura de Balne\u00e1rio Pi\u00e7arras, munic\u00edpio do estado de Santa Catarina, que est\u00e1 ofertando <strong>26 vagas imediatas<\/strong>, al\u00e9m da oportunidade de formar cadastro reserva, para cargos de n\u00edveis fundamental, m\u00e9dio e superior. As remunera\u00e7\u00f5es iniciais podem chegar at\u00e9 <strong>R$ 10 mil!<\/strong> Ficou interessado(a)? Venha saber mais!<\/p>\n\n\n\n<div id=\"ez-toc-container\" class=\"ez-toc-v2_0_69_1 counter-hierarchy ez-toc-counter ez-toc-grey ez-toc-container-direction\">\n<div class=\"ez-toc-title-container\">\n<p class=\"ez-toc-title \" >Menu de navega&ccedil;&atilde;o<\/p>\n<span class=\"ez-toc-title-toggle\"><a href=\"#\" class=\"ez-toc-pull-right ez-toc-btn ez-toc-btn-xs ez-toc-btn-default ez-toc-toggle\" aria-label=\"Toggle Table of Content\"><span class=\"ez-toc-js-icon-con\"><span class=\"\"><span class=\"eztoc-hide\" style=\"display:none;\">Toggle<\/span><span class=\"ez-toc-icon-toggle-span\"><svg style=\"fill: #999;color:#999\" xmlns=\"http:\/\/www.w3.org\/2000\/svg\" class=\"list-377408\" width=\"20px\" height=\"20px\" viewBox=\"0 0 24 24\" fill=\"none\"><path d=\"M6 6H4v2h2V6zm14 0H8v2h12V6zM4 11h2v2H4v-2zm16 0H8v2h12v-2zM4 16h2v2H4v-2zm16 0H8v2h12v-2z\" fill=\"currentColor\"><\/path><\/svg><svg style=\"fill: #999;color:#999\" class=\"arrow-unsorted-368013\" xmlns=\"http:\/\/www.w3.org\/2000\/svg\" width=\"10px\" height=\"10px\" viewBox=\"0 0 24 24\" version=\"1.2\" baseProfile=\"tiny\"><path d=\"M18.2 9.3l-6.2-6.3-6.2 6.3c-.2.2-.3.4-.3.7s.1.5.3.7c.2.2.4.3.7.3h11c.3 0 .5-.1.7-.3.2-.2.3-.5.3-.7s-.1-.5-.3-.7zM5.8 14.7l6.2 6.3 6.2-6.3c.2-.2.3-.5.3-.7s-.1-.5-.3-.7c-.2-.2-.4-.3-.7-.3h-11c-.3 0-.5.1-.7.3-.2.2-.3.5-.3.7s.1.5.3.7z\"\/><\/svg><\/span><\/span><\/span><\/a><\/span><\/div>\n<nav><ul class='ez-toc-list ez-toc-list-level-1 ' ><li class='ez-toc-page-1 ez-toc-heading-level-2'><a class=\"ez-toc-link ez-toc-heading-1\" href=\"https:\/\/www.editorasolucao.com.br\/blog\/concurso\/prefeitura-de-balneario-picarras-sc\/#Como_posso_me_inscrever_no_concurso_Prefeitura_de_Blaneario_Picarras\" title=\"Como posso me inscrever no concurso Prefeitura de Blane\u00e1rio Pi\u00e7arras?\">Como posso me inscrever no concurso Prefeitura de Blane\u00e1rio Pi\u00e7arras?<\/a><\/li><li class='ez-toc-page-1 ez-toc-heading-level-2'><a class=\"ez-toc-link ez-toc-heading-2\" href=\"https:\/\/www.editorasolucao.com.br\/blog\/concurso\/prefeitura-de-balneario-picarras-sc\/#Quais_cargos_vagas_e_salarios_estao_sendo_ofertados\" title=\"Quais cargos, vagas e sal\u00e1rios est\u00e3o sendo ofertados?\">Quais cargos, vagas e sal\u00e1rios est\u00e3o sendo ofertados?<\/a><\/li><li class='ez-toc-page-1 ez-toc-heading-level-2'><a class=\"ez-toc-link ez-toc-heading-3\" href=\"https:\/\/www.editorasolucao.com.br\/blog\/concurso\/prefeitura-de-balneario-picarras-sc\/#Requisitos_para_a_investidura_dos_cargos\" title=\"Requisitos para a investidura dos cargos\">Requisitos para a investidura dos cargos<\/a><\/li><li class='ez-toc-page-1 ez-toc-heading-level-2'><a class=\"ez-toc-link ez-toc-heading-4\" href=\"https:\/\/www.editorasolucao.com.br\/blog\/concurso\/prefeitura-de-balneario-picarras-sc\/#Como_os_candidatos_do_concurso_Prefeitura_de_Balneario_Picarras_serao_avaliados\" title=\"Como os candidatos do concurso Prefeitura de Balne\u00e1rio Pi\u00e7arras ser\u00e3o avaliados?\">Como os candidatos do concurso Prefeitura de Balne\u00e1rio Pi\u00e7arras ser\u00e3o avaliados?<\/a><\/li><li class='ez-toc-page-1 ez-toc-heading-level-2'><a class=\"ez-toc-link ez-toc-heading-5\" href=\"https:\/\/www.editorasolucao.com.br\/blog\/concurso\/prefeitura-de-balneario-picarras-sc\/#Ultimo_concurso_Prefeitura_de_Balneario_Picarras\" title=\"\u00daltimo concurso Prefeitura de Balne\u00e1rio Pi\u00e7arras\">\u00daltimo concurso Prefeitura de Balne\u00e1rio Pi\u00e7arras<\/a><\/li><\/ul><\/nav><\/div>\n<h2 class=\"wp-block-heading\"><span class=\"ez-toc-section\" id=\"Como_posso_me_inscrever_no_concurso_Prefeitura_de_Blaneario_Picarras\"><\/span>Como posso me inscrever no concurso Prefeitura de Blane\u00e1rio Pi\u00e7arras? <span class=\"ez-toc-section-end\"><\/span><\/h2>\n\n\n\n<p>Est\u00e3o abertas as inscri\u00e7\u00f5es para o concurso da Prefeitura de Balne\u00e1rio Pi\u00e7arras! Os candidatos t\u00eam at\u00e9 <strong>\u00e0s 18h do dia 4 de novembro de 2024 <\/strong>para se inscreverem, utilizando o site do <a href=\"https:\/\/www.ibam-concursos.org.br\/documento.asp?cod=278\" target=\"_blank\" rel=\"noreferrer noopener\">Ibam<\/a>, a institui\u00e7\u00e3o respons\u00e1vel pela organiza\u00e7\u00e3o do certame.<\/p>\n\n\n\n<p>Os valores das taxas de inscri\u00e7\u00f5es variam de acordo com o n\u00edvel de escolaridade do carg pretendido, sendo <strong>R$ 100,00<\/strong> para cargos de n\u00edvel fundamental, <strong>R$ 110,00<\/strong> para cargos de n\u00edvel m\u00e9dio e <strong>R$ 120,00 <\/strong>para cargos de n\u00edvel superior. <\/p>\n\n\n\n<p>O candidato deve fazer o pagamento das taxas de inscri\u00e7\u00e3o at\u00e9 <strong>4 de novembro<\/strong> para que sua inscri\u00e7\u00e3o seja homologada.<\/p>\n\n\n\n<p>O candidato doador de medula \u00f3ssea ou o candidato inscrito no Cad\u00danico, que perten\u00e7a a fam\u00edlia baixa renda, poder\u00e3o solicitar a isen\u00e7\u00e3o dessas taxas entre os dias <strong>16 e 17 de outubro. <\/strong><\/p>\n\n\n\n<h2 class=\"wp-block-heading\"><span class=\"ez-toc-section\" id=\"Quais_cargos_vagas_e_salarios_estao_sendo_ofertados\"><\/span>Quais cargos, vagas e sal\u00e1rios est\u00e3o sendo ofertados? <span class=\"ez-toc-section-end\"><\/span><\/h2>\n\n\n\n<p>O concurso <a href=\"https:\/\/www.editorasolucao.com.br\/blog\/concursos-abertos-sc\" target=\"_blank\" rel=\"noreferrer noopener\">Prefeitura de Balne\u00e1rio Pi\u00e7arras<\/a> est\u00e1 disponibilizando <strong>26 vagas <\/strong>em dois editais diferentes, abrangendo cargos de todos os n\u00edveis de escolaridade. Veja como essas oportunidades est\u00e3o sendo distribu\u00eddas e os respectivos sal\u00e1rios:<\/p>\n\n\n\n<h3 class=\"wp-block-heading\">Edital 03\/2024<\/h3>\n\n\n\n<p><strong>Fundamental <\/strong><\/p>\n\n\n\n<ul>\n<li>Auxiliar de Manuten\u00e7\u00e3o e Conserva\u00e7\u00e3o (5)\n<ul>\n<li>R$ 2.041,84<\/li>\n<\/ul>\n<\/li>\n<\/ul>\n\n\n\n<p><strong>M\u00e9dio e t\u00e9cnico<\/strong><\/p>\n\n\n\n<ul>\n<li>Almoxarife (CR)\n<ul>\n<li>R$ 2.257,70<\/li>\n<\/ul>\n<\/li>\n\n\n\n<li>Assistente de Inform\u00e1tica (3)\n<ul>\n<li>R$ 2.257,70<\/li>\n<\/ul>\n<\/li>\n\n\n\n<li><a href=\"https:\/\/www.editorasolucao.com.br\/apostila-solucao\/prefeitura-picarras-sc-auxiliar-administrativo\">Auxiliar Administrativo III<\/a> (3)\n<ul>\n<li>R$ 3.463,07<\/li>\n<\/ul>\n<\/li>\n\n\n\n<li>Auxiliar Bibliotec\u00e1rio (CR)\n<ul>\n<li>R$ 2.041,84<\/li>\n<\/ul>\n<\/li>\n\n\n\n<li>Auxiliar de Sa\u00fade Bucal (CR)\n<ul>\n<li>R$ 2.041,84<\/li>\n<\/ul>\n<\/li>\n\n\n\n<li>Educador\/Cuidador (CR)\n<ul>\n<li>R$ 2.227,47<\/li>\n<\/ul>\n<\/li>\n\n\n\n<li>Monitor de Educa\u00e7\u00e3o (CR)\n<ul>\n<li>20 horas: R$ 1.206,55<\/li>\n\n\n\n<li>30 horas: R$ 1.809,84<\/li>\n\n\n\n<li>40 horas: R$ 2.413,09<\/li>\n<\/ul>\n<\/li>\n\n\n\n<li>T\u00e9cnico em Enfermagem &#8211; Urg\u00eancia\/Emerg\u00eancia (CR)\n<ul>\n<li>R$ 2.739,63<\/li>\n<\/ul>\n<\/li>\n\n\n\n<li>T\u00e9cnico em Enfermagem &#8211; Aten\u00e7\u00e3o B\u00e1sica (CR)\n<ul>\n<li>R$ 3.652,84<\/li>\n<\/ul>\n<\/li>\n<\/ul>\n\n\n\n<p><strong>Superior<\/strong><\/p>\n\n\n\n<ul>\n<li>Analista de Tecnologia da Informa\u00e7\u00e3o (CR)\n<ul>\n<li>R$ 5.553,55<\/li>\n<\/ul>\n<\/li>\n\n\n\n<li>Analista Jur\u00eddico (CR)\n<ul>\n<li>R$ 5.553,55<\/li>\n<\/ul>\n<\/li>\n\n\n\n<li>Auditor de Controle Interno (CR)\n<ul>\n<li>R$ 5.242,66<\/li>\n<\/ul>\n<\/li>\n\n\n\n<li>Bioqu\u00edmico (CR)\n<ul>\n<li>R$ 6.326,18<\/li>\n<\/ul>\n<\/li>\n\n\n\n<li>Enfermeiro &#8211; urg\u00eancia e emerg\u00eancia (CR)\n<ul>\n<li>R$ 3.913,77<\/li>\n<\/ul>\n<\/li>\n\n\n\n<li>Enfermeiro &#8211; aten\u00e7\u00e3o b\u00e1sica (CR)\n<ul>\n<li>R$ 5.755,48<\/li>\n<\/ul>\n<\/li>\n\n\n\n<li>M\u00e9dico Cardiologista (1)\n<ul>\n<li>R$ 3.838,10 + R$ 2.060,53<\/li>\n<\/ul>\n<\/li>\n\n\n\n<li>M\u00e9dico Cirurgi\u00e3o Vascular (1)\n<ul>\n<li>R$ 3.838,10 + R$ 2.060,53<\/li>\n<\/ul>\n<\/li>\n\n\n\n<li>M\u00e9dico Generalista (1)\n<ul>\n<li>R$ 10.374,61<\/li>\n<\/ul>\n<\/li>\n\n\n\n<li>M\u00e9dico Dermatologista (1)\n<ul>\n<li>R$ 3.838,10 + R$ 2.060,53<\/li>\n<\/ul>\n<\/li>\n\n\n\n<li>M\u00e9dico Ginecologista (1)\n<ul>\n<li>R$ 3.838,10 + R$ 2.060,53<\/li>\n<\/ul>\n<\/li>\n\n\n\n<li>M\u00e9dico Mastologista (1)\n<ul>\n<li>R$ 3.838,10 + R$ 2.060,53<\/li>\n<\/ul>\n<\/li>\n\n\n\n<li>M\u00e9dico Neurologista (1)\n<ul>\n<li>R$ 3.838,10 + R$ 2.060,53<\/li>\n<\/ul>\n<\/li>\n\n\n\n<li>M\u00e9dico Neuropediatra (1)\n<ul>\n<li>R$ 3.838,10 + R$ 2.060,53<\/li>\n<\/ul>\n<\/li>\n\n\n\n<li>M\u00e9dico Oftalmologista (1)\n<ul>\n<li>R$ 3.838,10 + R$ 2.060,53<\/li>\n<\/ul>\n<\/li>\n\n\n\n<li>M\u00e9dico Pediatra (1)\n<ul>\n<li>R$ 3.838,10 + R$ 2.060,53<\/li>\n<\/ul>\n<\/li>\n\n\n\n<li>M\u00e9dico Psiquiatra (2)\n<ul>\n<li>R$ 10.374,61<\/li>\n<\/ul>\n<\/li>\n\n\n\n<li>M\u00e9dico Reumatologista (1)\n<ul>\n<li>R$ 3.838,10 + R$ 2.060,53<\/li>\n<\/ul>\n<\/li>\n\n\n\n<li>M\u00e9dico Urologista (1)\n<ul>\n<li>R$ 3.838,10 + R$ 2.060,53<\/li>\n<\/ul>\n<\/li>\n\n\n\n<li>Orientador Educacional (CR)\n<ul>\n<li>R$ 6.123,17<\/li>\n<\/ul>\n<\/li>\n\n\n\n<li>Orientador Pedag\u00f3gico (CR)\n<ul>\n<li>R$ 6.123,17<\/li>\n<\/ul>\n<\/li>\n\n\n\n<li>Orientador de Pol\u00edticas P\u00fablicas Educacionais (CR)\n<ul>\n<li>R$ 6.123,17<\/li>\n<\/ul>\n<\/li>\n\n\n\n<li>Procurador do Munic\u00edpio (CR)\n<ul>\n<li>R$ 9.097,42<\/li>\n<\/ul>\n<\/li>\n\n\n\n<li>Professor &#8211; diversas \u00e1reas (CR)\n<ul>\n<li>de R$ 2.636,12 at\u00e9 R$ 5.272,23<\/li>\n<\/ul>\n<\/li>\n\n\n\n<li>Psicopedagogo (CR)\n<ul>\n<li>R$ 6.123,17<\/li>\n<\/ul>\n<\/li>\n\n\n\n<li>Terapeuta Ocupacional (1)\n<ul>\n<li>R$ 4.744,63<\/li>\n<\/ul>\n<\/li>\n<\/ul>\n\n\n\n<h3 class=\"wp-block-heading\">Edital 03\/2024<\/h3>\n\n\n\n<p> <strong>M\u00e9dio <\/strong><\/p>\n\n\n\n<ul>\n<li>Agente Comunit\u00e1rio de Sa\u00fade (CR)\n<ul>\n<li>R$ 2.824,00<\/li>\n<\/ul>\n<\/li>\n<\/ul>\n\n\n\n<p><\/p>\n\n\n\n<p>Os hor\u00e1rios de trabalho para os candidatos aprovados e admitidos podem variar de 10 a 40 horas semanais, dependendo do cargo.<\/p>\n\n\n\n<h2 class=\"wp-block-heading\"><span class=\"ez-toc-section\" id=\"Requisitos_para_a_investidura_dos_cargos\"><\/span>Requisitos para a investidura dos cargos<span class=\"ez-toc-section-end\"><\/span><\/h2>\n\n\n\n<p>De acordo com o edital, esses s\u00e3o os requisitos b\u00e1sicos exigidos para a nomea\u00e7\u00e3o e posse dos cargos ofertados:<\/p>\n\n\n\n<ul>\n<li>Ter nacionalidade brasileira ou equivalente;<\/li>\n\n\n\n<li>Estar em pleno gozo dos direitos pol\u00edticos;<\/li>\n\n\n\n<li>Estar quites com as obriga\u00e7\u00f5es militares e eleitorais;<\/li>\n\n\n\n<li>N\u00edvel de escolaridade e capacita\u00e7\u00e3o t\u00e9cnica exigida para o exerc\u00edcio do cargo;<\/li>\n\n\n\n<li>Idade m\u00ednima de 18 (dezoito) anos;<\/li>\n\n\n\n<li>Ter aptid\u00e3o f\u00edsica e mental para o exerc\u00edcio das atribui\u00e7\u00f5es do cargo;<\/li>\n\n\n\n<li>Apresentar, quando se tratar de profiss\u00e3o regulamentada, no ato da posse, o competente registro de inscri\u00e7\u00e3o no respectivo \u00f3rg\u00e3o fiscalizador;<\/li>\n\n\n\n<li>Apresentar declara\u00e7\u00e3o de n\u00e3o possuir ac\u00famulo de cargo p\u00fablico, exceto aqueles previstos na Lei.<\/li>\n\n\n\n<li>Apresentar declara\u00e7\u00e3o firmada pelo interessado na qual conste n\u00e3o haver sofrido condena\u00e7\u00e3o definitiva por crime doloso ou contraven\u00e7\u00e3o, nem penalidade disciplinar de demiss\u00e3o a bem do servi\u00e7o p\u00fablico no exerc\u00edcio de fun\u00e7\u00e3o p\u00fablica qualquer.<\/li>\n<\/ul>\n\n\n\n<figure class=\"wp-block-image size-large\"><img loading=\"lazy\" decoding=\"async\" width=\"1170\" height=\"480\" src=\"https:\/\/www.editorasolucao.com.br\/blog\/wp-content\/uploads\/2024\/10\/Concurso-Prefeitura-de-Balneario-Picarras-1170x480.webp\" alt=\"Concurso Prefeitura de Balne\u00e1rio Pi\u00e7arras est\u00e1 ofertando 26 vagas!\" class=\"wp-image-44633\"\/><figcaption class=\"wp-element-caption\"><em>Concurso Prefeitura de Balne\u00e1rio Pi\u00e7arras est\u00e1 ofertando 26 vagas!<\/em><\/figcaption><\/figure>\n\n\n\n<h2 class=\"wp-block-heading\"><span class=\"ez-toc-section\" id=\"Como_os_candidatos_do_concurso_Prefeitura_de_Balneario_Picarras_serao_avaliados\"><\/span>Como os candidatos do concurso Prefeitura de Balne\u00e1rio Pi\u00e7arras ser\u00e3o avaliados? <span class=\"ez-toc-section-end\"><\/span><\/h2>\n\n\n\n<p>Os candidatos do concurso Prefeitura de Balne\u00e1rio Pi\u00e7arras ser\u00e3o avaliados por meio das seguintes etapas de sele\u00e7\u00e3o: <strong>prova objetiva<\/strong> (para todos os cargos), <strong>prova dissertativa<\/strong> (para os cargos de Procurador) e <strong>prova de t\u00edtulos<\/strong> (para os cargos de Professores). <\/p>\n\n\n\n<p>Vamos conferir com mais detalhes? <\/p>\n\n\n\n<h3 class=\"wp-block-heading\">Prova Objetiva<\/h3>\n\n\n\n<p>A aplica\u00e7\u00e3o da prova objetiva, que \u00e9 eliminat\u00f3ria e classificat\u00f3ria, ocorrer\u00e1 no dia<strong> 1\u00b0 de dezembro de 2024, <\/strong>nos per\u00edodos matutino ou vespertino, variando conforme o cargo.<\/p>\n\n\n\n<p>A avalia\u00e7\u00e3o ser\u00e1 versada sobre as seguintes disciplinas: <\/p>\n\n\n\n<ul>\n<li><strong>Fundamental<\/strong>\n<ul>\n<li>Conhecimento T\u00e9cnico Profissional: 10 quest\u00f5es<\/li>\n\n\n\n<li>Matem\u00e1tica: 10 quest\u00f5es<\/li>\n\n\n\n<li>Portugu\u00eas: 10 quest\u00f5es<\/li>\n<\/ul>\n<\/li>\n<\/ul>\n\n\n\n<ul>\n<li><strong>M\u00e9dio e superior<\/strong>\n<ul>\n<li>Conhecimento T\u00e9cnico Profissional: 20 quest\u00f5es<\/li>\n\n\n\n<li>Legisla\u00e7\u00e3o: 10 quest\u00f5es<\/li>\n\n\n\n<li>Portugu\u00eas: 10 quest\u00f5es<\/li>\n<\/ul>\n<\/li>\n<\/ul>\n\n\n\n<ul>\n<li><strong>Superior &#8211; procurador e analista jur\u00eddico <\/strong>\n<ul>\n<li>Conhecimento T\u00e9cnico Profissional: 25 quest\u00f5es<\/li>\n\n\n\n<li>Legisla\u00e7\u00e3o: 10 quest\u00f5es<\/li>\n\n\n\n<li>Portugu\u00eas: 5 quest\u00f5es<\/li>\n<\/ul>\n<\/li>\n<\/ul>\n\n\n\n<h3 class=\"wp-block-heading\">Prova de T\u00edtulos<\/h3>\n\n\n\n<p>A prova de t\u00edtulos, de car\u00e1ter classificat\u00f3rio, \u00e9 exclusiva para os cargos de Orientador Educacional, Orientador Pedag\u00f3gico, Orientador de Pol\u00edticas Educacionais Inclusivas, Professores e Psicopedagogo. <\/p>\n\n\n\n<p>Confira quais certificados ser\u00e3o avaliados: <\/p>\n\n\n\n<ul>\n<li>Especializa\u00e7\u00e3o lato sensu: 5,0 pontos<\/li>\n\n\n\n<li>Mestrado: 10,0 pontos<\/li>\n<\/ul>\n\n\n\n<h3 class=\"wp-block-heading\">Prova Dissertativa<\/h3>\n\n\n\n<p>A prova dissertativa, de car\u00e1ter eliminat\u00f3rio e classificat\u00f3rio, \u00e9 exclusiva para o cargo de Procurador. <\/p>\n\n\n\n<p>Essa etapa ser\u00e1 constitu\u00edda de <strong>duas quest\u00f5es dissertativas <\/strong>de conte\u00fado t\u00e9cnico, que versar\u00e1 sobre os conhecimentos espec\u00edficos do cargo, com no m\u00ednimo 25 linhas e no m\u00e1ximo 30 linhas.<\/p>\n\n\n\n<p>A prova ter\u00e1 valor total de 40 pontos, sendo aprovado o candidato que obtiver nota igual ou superior a 20 pontos.<\/p>\n\n\n\n<h2 class=\"wp-block-heading\"><span class=\"ez-toc-section\" id=\"Ultimo_concurso_Prefeitura_de_Balneario_Picarras\"><\/span>\u00daltimo concurso Prefeitura de Balne\u00e1rio Pi\u00e7arras<span class=\"ez-toc-section-end\"><\/span><\/h2>\n\n\n\n<p>O \u00faltimo concurso Prefeitura de Balne\u00e1rio Pi\u00e7arras ocorreu em 2021 e ofertou <strong>75 vagas<\/strong> para candidatos de n\u00edveis m\u00e9dio, t\u00e9cnico e superior, que contavam com sal\u00e1rios de at\u00e9 R$ 7,9 mil. Confira:&nbsp;<\/p>\n\n\n\n<ul>\n<li>Enfermeiro &#8211; Centro de Triagem Covid-19 (10)&nbsp;<\/li>\n\n\n\n<li>T\u00e9cnico em Enfermagem &#8211; Centro de Triagem Covid-19 (18).<\/li>\n\n\n\n<li>Enfermeiro Caps (CR)<\/li>\n\n\n\n<li>M\u00e9dico &#8211; Cirurgia Geral (1)<\/li>\n\n\n\n<li>M\u00e9dico &#8211; Cl\u00ednico Geral (CR)<\/li>\n\n\n\n<li>M\u00e9dico &#8211; Infectologista (1)<\/li>\n\n\n\n<li>M\u00e9dico &#8211; Ginecologia\/Obstetr\u00edcia (1)<\/li>\n\n\n\n<li>M\u00e9dico &#8211; Pediatra (1)<\/li>\n\n\n\n<li>M\u00e9dico &#8211; Psiquiatra (2)<\/li>\n\n\n\n<li>Odont\u00f3logo (CR)<\/li>\n\n\n\n<li>Pedagogo (1)<\/li>\n\n\n\n<li>Terapeuta Ocupacional (1)<\/li>\n\n\n\n<li>Agente de Combate \u00e0s Endemias (8)<\/li>\n\n\n\n<li>Agente Comunit\u00e1rio de Sa\u00fade (27)<\/li>\n\n\n\n<li>Artes\u00e3o (1)<\/li>\n\n\n\n<li>Auxiliar de Sa\u00fade Bucal (2)<\/li>\n\n\n\n<li>Auxiliar Administrativo Caps (CR)<\/li>\n\n\n\n<li>T\u00e9cnico em Enfermagem (1)<\/li>\n\n\n\n<li>T\u00e9cnico em Enfermagem Caps (CR).<\/li>\n<\/ul>\n\n\n\n<p>As remunera\u00e7\u00f5es iniciais variavam de R$ 1.557,27 a R$ 7.912,47.&nbsp;<\/p>\n\n\n\n<h3 class=\"wp-block-heading\">Como os candidatos foram avaliados?&nbsp;<\/h3>\n\n\n\n<p>O concurso foi composto de uma \u00fanica etapa de sele\u00e7\u00e3o, a prova objetiva.&nbsp;<\/p>\n\n\n\n<p>A prova objetiva contou com 30 quest\u00f5es de m\u00faltipla escolha que foram versadas sobre as seguintes disciplinas:&nbsp;<\/p>\n\n\n\n<ul>\n<li>Portugu\u00eas \u2013 10 quest\u00f5es;<\/li>\n\n\n\n<li>Legisla\u00e7\u00e3o SUS \u2013 10 quest\u00f5es;<\/li>\n\n\n\n<li>Conhecimentos T\u00e9cnico Profissional \u2013 10 quest\u00f5es.<\/li>\n<\/ul>\n\n\n\n<p><\/p>\n\n\n\n<p><strong>Boa prova e bons estudos!<\/strong><\/p>\n","protected":false},"excerpt":{"rendered":"<p>O concurso Prefeitura de Balne\u00e1rio Pi\u00e7arras est\u00e1 ofertando 26 vagas para cargos de n\u00edvel fundamental, m\u00e9dio e superior!<\/p>\n","protected":false},"author":21,"featured_media":44631,"template":"","meta":{"_acf_changed":true,"rank_math_lock_modified_date":false},"categories":[52],"tags":[4334],"acf":[],"_links":{"self":[{"href":"https:\/\/www.editorasolucao.com.br\/blog\/wp-json\/wp\/v2\/concurso\/8466"}],"collection":[{"href":"https:\/\/www.editorasolucao.com.br\/blog\/wp-json\/wp\/v2\/concurso"}],"about":[{"href":"https:\/\/www.editorasolucao.com.br\/blog\/wp-json\/wp\/v2\/types\/concurso"}],"author":[{"embeddable":true,"href":"https:\/\/www.editorasolucao.com.br\/blog\/wp-json\/wp\/v2\/users\/21"}],"wp:featuredmedia":[{"embeddable":true,"href":"https:\/\/www.editorasolucao.com.br\/blog\/wp-json\/wp\/v2\/media\/44631"}],"wp:attachment":[{"href":"https:\/\/www.editorasolucao.com.br\/blog\/wp-json\/wp\/v2\/media?parent=8466"}],"wp:term":[{"taxonomy":"category","embeddable":true,"href":"https:\/\/www.editorasolucao.com.br\/blog\/wp-json\/wp\/v2\/categories?post=8466"},{"taxonomy":"post_tag","embeddable":true,"href":"https:\/\/www.editorasolucao.com.br\/blog\/wp-json\/wp\/v2\/tags?post=8466"}],"curies":[{"name":"wp","href":"https:\/\/api.w.org\/{rel}","templated":true}]}}