{"id":8790,"date":"2020-02-12T15:13:22","date_gmt":"2020-02-12T18:13:22","guid":{"rendered":"https:\/\/www.editorasolucao.com.br\/blog\/?post_type=concurso&#038;p=8790"},"modified":"2020-02-12T15:13:23","modified_gmt":"2020-02-12T18:13:23","slug":"delitajai-sc","status":"publish","type":"concurso","link":"https:\/\/www.editorasolucao.com.br\/blog\/concurso\/delitajai-sc","title":{"rendered":"Processo Seletivo DelItaja\u00ed- SC 2020: Saiu o Edital com vagas para candidatos de n\u00edvel Fundamental!"},"content":{"rendered":"\n<p>Foi divulgado o <a rel=\"noreferrer noopener\" aria-label=\"Edital (abre em uma nova aba)\" href=\"https:\/\/www.editorasolucao.com.br\" target=\"_blank\">Edital<\/a> do <strong>Concurso DelItaja\u00ed<\/strong> (Delegacia da Capitania dos Portos em Itaja\u00ed, no estado de <a rel=\"noreferrer noopener\" aria-label=\"Santa Catarina (abre em uma nova aba)\" href=\"https:\/\/www.editorasolucao.com.br\/blog\/concursos-abertos-sc\" target=\"_blank\">Santa Catarina<\/a>), que oferece <strong>25 vagas para candidatos de ambos os sexos com o Ensino Fundamental completo<\/strong>. A remunera\u00e7\u00e3o \u00e9 de <strong>R$ 1,6 mil<\/strong>. Confira os detalhes ao decorrer do texto.<\/p>\n\n\n\n<p style=\"text-align:center\"><strong><a rel=\"noreferrer noopener\" aria-label=\"Estude com a Apostilas DelItaja\u00ed-SC e parcele SEM JUROS (abre em uma nova aba)\" href=\"https:\/\/www.editorasolucao.com.br\/apostila-solucao\/impresso\/apostila-delitajai-sc-curso-formacao-aquaviario-cfaq-pep-t1-2020\" target=\"_blank\">Estude com a Apostila DelItaja\u00ed-SC e parcele SEM JUROS<\/a><\/strong><\/p>\n\n\n\n<div id=\"ez-toc-container\" class=\"ez-toc-v2_0_69_1 counter-hierarchy ez-toc-counter ez-toc-grey ez-toc-container-direction\">\n<div class=\"ez-toc-title-container\">\n<p class=\"ez-toc-title \" >Menu de navega&ccedil;&atilde;o<\/p>\n<span class=\"ez-toc-title-toggle\"><a href=\"#\" class=\"ez-toc-pull-right ez-toc-btn ez-toc-btn-xs ez-toc-btn-default ez-toc-toggle\" aria-label=\"Toggle Table of Content\"><span class=\"ez-toc-js-icon-con\"><span class=\"\"><span class=\"eztoc-hide\" style=\"display:none;\">Toggle<\/span><span class=\"ez-toc-icon-toggle-span\"><svg style=\"fill: #999;color:#999\" xmlns=\"http:\/\/www.w3.org\/2000\/svg\" class=\"list-377408\" width=\"20px\" height=\"20px\" viewBox=\"0 0 24 24\" fill=\"none\"><path d=\"M6 6H4v2h2V6zm14 0H8v2h12V6zM4 11h2v2H4v-2zm16 0H8v2h12v-2zM4 16h2v2H4v-2zm16 0H8v2h12v-2z\" fill=\"currentColor\"><\/path><\/svg><svg style=\"fill: #999;color:#999\" class=\"arrow-unsorted-368013\" xmlns=\"http:\/\/www.w3.org\/2000\/svg\" width=\"10px\" height=\"10px\" viewBox=\"0 0 24 24\" version=\"1.2\" baseProfile=\"tiny\"><path d=\"M18.2 9.3l-6.2-6.3-6.2 6.3c-.2.2-.3.4-.3.7s.1.5.3.7c.2.2.4.3.7.3h11c.3 0 .5-.1.7-.3.2-.2.3-.5.3-.7s-.1-.5-.3-.7zM5.8 14.7l6.2 6.3 6.2-6.3c.2-.2.3-.5.3-.7s-.1-.5-.3-.7c-.2-.2-.4-.3-.7-.3h-11c-.3 0-.5.1-.7.3-.2.2-.3.5-.3.7s.1.5.3.7z\"\/><\/svg><\/span><\/span><\/span><\/a><\/span><\/div>\n<nav><ul class='ez-toc-list ez-toc-list-level-1 ' ><li class='ez-toc-page-1 ez-toc-heading-level-2'><a class=\"ez-toc-link ez-toc-heading-1\" href=\"https:\/\/www.editorasolucao.com.br\/blog\/concurso\/delitajai-sc\/#Inscricoes_do_Concurso_DelItajai_%E2%80%93_SC\" title=\"Inscri\u00e7\u00f5es do Concurso DelItaja\u00ed \u2013 SC\">Inscri\u00e7\u00f5es do Concurso DelItaja\u00ed \u2013 SC<\/a><\/li><li class='ez-toc-page-1 ez-toc-heading-level-2'><a class=\"ez-toc-link ez-toc-heading-2\" href=\"https:\/\/www.editorasolucao.com.br\/blog\/concurso\/delitajai-sc\/#Quem_pode_participar_do_Processo_Seletivo_DelItajai_%E2%80%93_SC\" title=\"Quem pode participar do Processo Seletivo DelItaja\u00ed \u2013 SC?\">Quem pode participar do Processo Seletivo DelItaja\u00ed \u2013 SC?<\/a><\/li><li class='ez-toc-page-1 ez-toc-heading-level-2'><a class=\"ez-toc-link ez-toc-heading-3\" href=\"https:\/\/www.editorasolucao.com.br\/blog\/concurso\/delitajai-sc\/#Quais_sao_os_requisitos_basicos_para_a_investidura_no_cargo_de_Pescador_Profissional_de_DelItajai_%E2%80%93_SC\" title=\"Quais s\u00e3o os requisitos b\u00e1sicos para a investidura no cargo de Pescador Profissional de DelItaja\u00ed \u2013 SC?\">Quais s\u00e3o os requisitos b\u00e1sicos para a investidura no cargo de Pescador Profissional de DelItaja\u00ed \u2013 SC?<\/a><\/li><li class='ez-toc-page-1 ez-toc-heading-level-2'><a class=\"ez-toc-link ez-toc-heading-4\" href=\"https:\/\/www.editorasolucao.com.br\/blog\/concurso\/delitajai-sc\/#Como_serao_as_provas_do_Processo_Seletivo_DelItajai_%E2%80%93_SC\" title=\"Como ser\u00e3o as provas do Processo Seletivo DelItaja\u00ed \u2013 SC?\">Como ser\u00e3o as provas do Processo Seletivo DelItaja\u00ed \u2013 SC?<\/a><\/li><li class='ez-toc-page-1 ez-toc-heading-level-2'><a class=\"ez-toc-link ez-toc-heading-5\" href=\"https:\/\/www.editorasolucao.com.br\/blog\/concurso\/delitajai-sc\/#O_que_faz_um_Pescador_Profissional_especializado\" title=\"O que faz um Pescador Profissional especializado?\">O que faz um Pescador Profissional especializado?<\/a><\/li><\/ul><\/nav><\/div>\n<h2 class=\"wp-block-heading\"><span class=\"ez-toc-section\" id=\"Inscricoes_do_Concurso_DelItajai_%E2%80%93_SC\"><\/span>Inscri\u00e7\u00f5es do Concurso DelItaja\u00ed \u2013 SC<span class=\"ez-toc-section-end\"><\/span><\/h2>\n\n\n\n<p>As inscri\u00e7\u00f5es devem ser realizadas at\u00e9 o dia <strong>03 de mar\u00e7o de 2020<\/strong>, presencialmente pela <strong>Delegacia da Capitania dos Portos, Divis\u00e3o de Ensino Profissional Mar\u00edtimos<\/strong>, Rua Prefeito Paulo Bauer, n\u00b0 1055, no centro de <strong>Itaja\u00ed \u2013 SC<\/strong>, sendo tamb\u00e9m poss\u00edvel realizar a inscri\u00e7\u00e3o por procura\u00e7\u00e3o ou pelos <strong>Correios<\/strong>, neste \u00faltimo caso, devendo fazer o envio da documenta\u00e7\u00e3o ao endere\u00e7o acima.<\/p>\n\n\n\n<p>Para efetuar a inscri\u00e7\u00e3o \u00e9 necess\u00e1rio para uma taxa no valor de <strong>R$ 8,00<\/strong>.<\/p>\n\n\n\n<h2 class=\"wp-block-heading\"><span class=\"ez-toc-section\" id=\"Quem_pode_participar_do_Processo_Seletivo_DelItajai_%E2%80%93_SC\"><\/span> Quem pode participar do Processo Seletivo DelItaja\u00ed \u2013 SC?<span class=\"ez-toc-section-end\"><\/span><\/h2>\n\n\n\n<p>S\u00e3o ofertadas <strong>25 vagas para candidatos de n\u00edvel Fundamental<\/strong>, destinadas ao cargo de <strong>Pescador Profissional Especializado<\/strong>, que ap\u00f3s o <strong>Curso de Forma\u00e7\u00e3o de Aquavi\u00e1rios<\/strong>, passa a contar com um vencimento inicial de <strong>R$ 1.663,16,\u00a0<\/strong>tendo\u00a0uma jornada de trabalho de 44 horas semanais. <\/p>\n\n\n\n<h2 class=\"wp-block-heading\"><span class=\"ez-toc-section\" id=\"Quais_sao_os_requisitos_basicos_para_a_investidura_no_cargo_de_Pescador_Profissional_de_DelItajai_%E2%80%93_SC\"><\/span>Quais s\u00e3o os requisitos b\u00e1sicos para a investidura no cargo de Pescador Profissional de DelItaja\u00ed \u2013 SC?<span class=\"ez-toc-section-end\"><\/span><\/h2>\n\n\n\n<p>Saiba quais s\u00e3o as exig\u00eancias para que o candidato tome posse dos cargos ofertados:<\/p>\n\n\n\n<ul><li>Ser brasileiro (ambos os sexos) nato ou naturalizado, com idade m\u00ednima de 18 (dezoito); <\/li><li> Estar em dia com as obriga\u00e7\u00f5es civis e militares (Art. 14, par\u00e1grafo 1\u00b0, inciso I da Constitui\u00e7\u00e3o Federal e Art. 20da Lei 4.375\/64 &#8211; Lei do Servi\u00e7o Militar), o \u00faltimo para candidatos do sexo masculino; <\/li><li> N\u00e3o ter sido licenciado ou exclu\u00eddo, a bem da disciplina, do servi\u00e7o ativo nas For\u00e7as Armadas ou For\u00e7as Auxiliares; <\/li><li> Possuir indica\u00e7\u00e3o de empresa de navega\u00e7\u00e3o (exceto para o Pescador Profissional (POP) e Motorista de Pesca (MOP), desde que possuam mais de um ano de embarque, comprovado por meio da apresenta\u00e7\u00e3o da Carteira de Inscri\u00e7\u00e3o e Registro &#8211; CIR). Caber\u00e1 \u00cat empresa de navega\u00e7\u00e3o o compromisso de garantir vagas para a realiza\u00e7\u00e3o do Programa de Instru\u00e7\u00e3o no Mar (PIM) a bordo de embarca\u00e7\u00f5es de pesca. 0 POP e o MOP est\u00e3o dispensados de realizar PIM; <\/li><li> N\u00e3o ser militar reformado por invalidez definitiva ou civil aposentado por invalidez permanente; <\/li><li> N\u00e3o ter sido reprovado em Curso de Forma\u00e7\u00e3o de Aquavi\u00e1rios (CFAQ), h\u00e1 menos de dois anos a contar da data de matr\u00edcula no Curso oferecido pelo Edital.<\/li><\/ul>\n\n\n\n<p><\/p>\n\n\n\n<p style=\"text-align:center\"><strong><a rel=\"noreferrer noopener\" href=\"https:\/\/www.editorasolucao.com.br\/apostila-solucao\/impresso\/apostila-delitajai-sc-curso-formacao-aquaviario-cfaq-pep-t1-2020\" target=\"_blank\">Estude com a Apostila DelItaja\u00ed-SC e parcele SEM JUROS<\/a><\/strong><\/p>\n\n\n\n<h2 class=\"wp-block-heading\"><span class=\"ez-toc-section\" id=\"Como_serao_as_provas_do_Processo_Seletivo_DelItajai_%E2%80%93_SC\"><\/span>Como ser\u00e3o as provas do Processo Seletivo DelItaja\u00ed \u2013 SC?<span class=\"ez-toc-section-end\"><\/span><\/h2>\n\n\n\n<p>O certame ser\u00e1 composto por duas etapas, sendo elas: <strong>Prova Objetiva<\/strong>, de car\u00e1ter eliminat\u00f3rio e classificat\u00f3rio e <strong>Teste de Sufici\u00eancia F\u00edsica<\/strong>, de car\u00e1ter eliminat\u00f3rio. Ap\u00f3s essas etapas, o candidato aprovado passar\u00e1 pelo <strong>Curso de Forma\u00e7\u00e3o de Aquavi\u00e1rios<\/strong>.<\/p>\n\n\n\n<h4 class=\"wp-block-heading\"> Prova Objetiva<\/h4>\n\n\n\n<p>A <strong>Prova Objetiva<\/strong> est\u00e1 prevista para ser realizada no dia <strong>21 de mar\u00e7o de 2020, <\/strong>e contar\u00e1 com <strong>20 quest\u00f5es de m\u00faltipla escolha<\/strong>, sendo compostas pelas disciplinas de Portugu\u00eas e Matem\u00e1tica.<\/p>\n\n\n\n<p> Ser\u00e3o convocados, os candidatos melhores classificados dentre os selecionados em n\u00famero igual a <strong>35<\/strong>, sendo os <strong>10 \u00faltimos como reservas<\/strong>, estando assim em condi\u00e7\u00f5es de participar da <strong>2\u00b0 etapa<\/strong> do Processo Seletivo, ou seja, do <strong>Teste de Sufici\u00eancia F\u00edsica<\/strong>.<\/p>\n\n\n\n<h4 class=\"wp-block-heading\">Teste de Sufici\u00eancia F\u00edsica<\/h4>\n\n\n\n<p>Para a realiza\u00e7\u00e3o do <strong>Teste de Sufici\u00eancia F\u00edsica<\/strong>, o(a) candidato(a) dever\u00e1 trazer roupa de nata\u00e7\u00e3o, obrigatoriamente, sunga para os homens ou mai\u00f4 inteiro para as mulheres.<\/p>\n\n\n\n<p> O candidato ser\u00e1 aprovado se conseguir:<\/p>\n\n\n\n<ul><li><strong>prova de nata\u00e7\u00e3o: <\/strong>nadar <strong>25 (vinte e cinco) metros<\/strong> sem limite de tempo; e <\/li><li> <strong>prova de perman\u00eancia dentro d&#8217;\u00e1gua:<\/strong> permanecer flutuando, sem qualquer auxilio, com dura\u00e7\u00e3o m\u00ednima de <strong>10 (dez) minutos<\/strong>.<\/li><\/ul>\n\n\n\n<h4 class=\"wp-block-heading\">Curso de Forma\u00e7\u00e3o de Aquavi\u00e1rios <\/h4>\n\n\n\n<p>O <strong>Curso de Forma\u00e7\u00e3o de Aquavi\u00e1rios de Pescador Profissional Especializado (PEP)<\/strong> ser\u00e1 matizado em dois per\u00edodos sendo um escolar em sala de aula e outro de est\u00e1gio embarcado, com dura\u00e7\u00e3o m\u00ednima de dois meses, a bordo de embarca\u00e7\u00f5es de pesca de qualquer arquea\u00e7\u00e3o bruta (AB).<\/p>\n\n\n\n<h2 class=\"wp-block-heading\"><span class=\"ez-toc-section\" id=\"O_que_faz_um_Pescador_Profissional_especializado\"><\/span>O que faz um Pescador Profissional especializado? <span class=\"ez-toc-section-end\"><\/span><\/h2>\n\n\n\n<p>O Pescador Profissional Especializado \u00e9 do 3\u00b0 Grupo \u2014 Pescadores, conforme definido no Regulamento da Lei de Seguran\u00e7a do Tr\u00e1fego Aquavi\u00e1rio &#8211; RLESTA.<\/p>\n\n\n\n<p> Os profissionais do 3\u00b0 Grupo \u2014 Pescadores, distribu\u00eddos em diversas categorias, exercem suas atividades, a bordo de embarca\u00e7\u00f5es pesqueiras, ocupando cargos de extrema responsabilidade. <\/p>\n\n\n\n<p>O Pescador Profissional Especializado pertence \u00e0 se\u00e7\u00e3o de Conv\u00e9s e executa, como tripulante de barco pesqueiro, diversas tarefas inerentes \u00e0 detec\u00e7\u00e3o e captura do pescado, utilizando redes, linhas e outros instrumentos apropriados, auxilia ainda na manuten\u00e7\u00e3o da limpeza e conserva\u00e7\u00e3o do barco. Ao longo da vida profissional, o Pescador Profissional Especializado, possui a oportunidade de realizar diversos cursos do Ensino Profissional Mar\u00edtimo, visando o seu aprimoramento e o acesso \u00e0s categorias superiores de suas respectivas se\u00e7\u00f5es.<\/p>\n\n\n\n<p>Conferiu todo o texto? Deseja fazer o certame? Ent\u00e3o comece a se preparar com as <strong>Apostilas Solu\u00e7\u00e3o<\/strong> e tenha um resultado positivo! <strong>Bons estudos e boa prova!!!<\/strong><\/p>\n","protected":false},"excerpt":{"rendered":"<p>Foi divulgado o Edital do Concurso DelItaja\u00ed (Delegacia da Capitania dos Portos em Itaja\u00ed, no estado de Santa Catarina), que oferece 25 vagas para candidatos de ambos os sexos com o Ensino Fundamental completo. A remunera\u00e7\u00e3o \u00e9 de R$ 1,6 mil. Confira os detalhes ao decorrer do texto. Estude com a Apostila DelItaja\u00ed-SC e parcele SEM JUROS Inscri\u00e7\u00f5es do Concurso DelItaja\u00ed \u2013 SC As inscri\u00e7\u00f5es devem ser realizadas at\u00e9 o dia 03 de mar\u00e7o de 2020, presencialmente pela Delegacia da Capitania dos Portos, Divis\u00e3o de Ensino Profissional Mar\u00edtimos, Rua Prefeito Paulo Bauer, n\u00b0 1055, no centro de Itaja\u00ed \u2013 SC,&#8230;<\/p>\n","protected":false},"author":7,"featured_media":8793,"template":"","meta":{"_acf_changed":false,"rank_math_lock_modified_date":false},"categories":[],"tags":[],"acf":[],"_links":{"self":[{"href":"https:\/\/www.editorasolucao.com.br\/blog\/wp-json\/wp\/v2\/concurso\/8790"}],"collection":[{"href":"https:\/\/www.editorasolucao.com.br\/blog\/wp-json\/wp\/v2\/concurso"}],"about":[{"href":"https:\/\/www.editorasolucao.com.br\/blog\/wp-json\/wp\/v2\/types\/concurso"}],"author":[{"embeddable":true,"href":"https:\/\/www.editorasolucao.com.br\/blog\/wp-json\/wp\/v2\/users\/7"}],"wp:featuredmedia":[{"embeddable":true,"href":"https:\/\/www.editorasolucao.com.br\/blog\/wp-json\/wp\/v2\/media\/8793"}],"wp:attachment":[{"href":"https:\/\/www.editorasolucao.com.br\/blog\/wp-json\/wp\/v2\/media?parent=8790"}],"wp:term":[{"taxonomy":"category","embeddable":true,"href":"https:\/\/www.editorasolucao.com.br\/blog\/wp-json\/wp\/v2\/categories?post=8790"},{"taxonomy":"post_tag","embeddable":true,"href":"https:\/\/www.editorasolucao.com.br\/blog\/wp-json\/wp\/v2\/tags?post=8790"}],"curies":[{"name":"wp","href":"https:\/\/api.w.org\/{rel}","templated":true}]}}